














{"id":5837,"date":"2021-10-09T14:21:56","date_gmt":"2021-10-09T12:21:56","guid":{"rendered":"https:\/\/ntppark.wpenginepowered.com\/news\/"},"modified":"2024-07-10T14:02:20","modified_gmt":"2024-07-10T12:02:20","slug":"news","status":"publish","type":"page","link":"https:\/\/ntpark.me\/en\/news\/","title":{"rendered":"News"},"content":{"rendered":"\t\t<div data-elementor-type=\"wp-page\" data-elementor-id=\"5837\" class=\"elementor elementor-5837 elementor-450\" data-elementor-post-type=\"page\">\n\t\t\t\t\n\n\n\n\n\n\n\t\t<section data-particle_enable=\"false\" data-particle-mobile-disabled=\"false\" class=\"elementor-section elementor-top-section elementor-element elementor-element-f3a36ab elementor-section-full_width elementor-section-height-default elementor-section-height-default\" data-id=\"f3a36ab\" data-element_type=\"section\">\n\t\t\t\t\t\t<div class=\"elementor-container elementor-column-gap-default\">\n\t\t\t\t\t<div class=\"elementor-column elementor-col-100 elementor-top-column elementor-element elementor-element-0769171\" data-id=\"0769171\" data-element_type=\"column\">\n\t\t\t<div class=\"elementor-widget-wrap elementor-element-populated\">\n\t\t\t\t\n\n\n\n\n\n\n\t\t<div class=\"elementor-element elementor-element-97ab85b elementor-widget elementor-widget-ag2_blog_grid\" data-id=\"97ab85b\" data-element_type=\"widget\" data-widget_type=\"ag2_blog_grid.default\">\n\t\t\t\t<div class=\"elementor-widget-container\">\n\t\t\t        <!-- News Section Ten -->\r\n        <section class=\"news-section-ten\">\r\n            <div class=\"auto-container\">\r\n                <!-- Sec Title -->\r\n                <div class=\"sec-title-nine centered\">\r\n                    <div class=\"title\">Latest news<\/div>\r\n                    <h2>Follow the updates of Science and Technology Park <span><\/span><\/h2>\r\n                <\/div>\r\n                <!-- End Sec Title -->\r\n\r\n                <!-- Row Clearfix -->\r\n                <div class=\"clearfix row\">\r\n                    \r\n                            <!-- News Block Ten -->\r\n                            <div class=\"news-block-ten col-lg-4 col-md-6 col-sm-12\">\r\n                                <div class=\"inner-box wow fadeInRight\" data-wow-delay=\"0ms\" data-wow-duration=\"1500ms\">\r\n                                    <div class=\"image\">\r\n                                        <a href=\"https:\/\/ntpark.me\/en\/news\/coffino-zajednica-u-fokusu-kroz-otvoren-dijalog-i-razmjenu-ideja\/\"><img fetchpriority=\"high\" decoding=\"async\" width=\"2560\" height=\"1920\" src=\"https:\/\/ntpark.me\/wp-content\/uploads\/2026\/04\/IMG_7741-scaled.jpg\" class=\"attachment-full size-full\" alt=\"\" srcset=\"https:\/\/ntpark.me\/wp-content\/uploads\/2026\/04\/IMG_7741-scaled.jpg 2560w, https:\/\/ntpark.me\/wp-content\/uploads\/2026\/04\/IMG_7741-300x225.jpg 300w, https:\/\/ntpark.me\/wp-content\/uploads\/2026\/04\/IMG_7741-1024x768.jpg 1024w, https:\/\/ntpark.me\/wp-content\/uploads\/2026\/04\/IMG_7741-768x576.jpg 768w, https:\/\/ntpark.me\/wp-content\/uploads\/2026\/04\/IMG_7741-1536x1152.jpg 1536w, https:\/\/ntpark.me\/wp-content\/uploads\/2026\/04\/IMG_7741-2048x1536.jpg 2048w\" sizes=\"(max-width: 2560px) 100vw, 2560px\" \/><\/a>\r\n                                    <\/div>\r\n                                    <div class=\"lower-content\">\r\n                                        <ul class=\"post-meta\">\r\n                                            <li><span class=\"icon fal fa-user-alt\"><\/span>editor<\/li>\r\n                                            <li><span class=\"icon fal fa-calendar-alt\"><\/span>Apr 15, 2026<\/li>\r\n                                        <\/ul>\r\n                                        <h5><a href=\"https:\/\/ntpark.me\/en\/news\/coffino-zajednica-u-fokusu-kroz-otvoren-dijalog-i-razmjenu-ideja\/\">CoffINO: Community in Focus Through Open Dialogue and Exchange of Ideas<\/a><\/h5>\r\n                                    <\/div>\r\n                                <\/div>\r\n                            <\/div>\r\n                        \r\n                            <!-- News Block Ten -->\r\n                            <div class=\"news-block-ten col-lg-4 col-md-6 col-sm-12\">\r\n                                <div class=\"inner-box wow fadeInRight\" data-wow-delay=\"0ms\" data-wow-duration=\"1500ms\">\r\n                                    <div class=\"image\">\r\n                                        <a href=\"https:\/\/ntpark.me\/en\/news\/transnacionalni-kamp-ci-hub-inovacije-i-odrziva-urbana-transformacija\/\"><img decoding=\"async\" width=\"2560\" height=\"1707\" src=\"https:\/\/ntpark.me\/wp-content\/uploads\/2026\/04\/ICT_CLUSTER-107-scaled.jpg\" class=\"attachment-full size-full\" alt=\"\" srcset=\"https:\/\/ntpark.me\/wp-content\/uploads\/2026\/04\/ICT_CLUSTER-107-scaled.jpg 2560w, https:\/\/ntpark.me\/wp-content\/uploads\/2026\/04\/ICT_CLUSTER-107-300x200.jpg 300w, https:\/\/ntpark.me\/wp-content\/uploads\/2026\/04\/ICT_CLUSTER-107-1024x683.jpg 1024w, https:\/\/ntpark.me\/wp-content\/uploads\/2026\/04\/ICT_CLUSTER-107-768x512.jpg 768w, https:\/\/ntpark.me\/wp-content\/uploads\/2026\/04\/ICT_CLUSTER-107-1536x1024.jpg 1536w, https:\/\/ntpark.me\/wp-content\/uploads\/2026\/04\/ICT_CLUSTER-107-2048x1365.jpg 2048w, https:\/\/ntpark.me\/wp-content\/uploads\/2026\/04\/ICT_CLUSTER-107-200x132.jpg 200w\" sizes=\"(max-width: 2560px) 100vw, 2560px\" \/><\/a>\r\n                                    <\/div>\r\n                                    <div class=\"lower-content\">\r\n                                        <ul class=\"post-meta\">\r\n                                            <li><span class=\"icon fal fa-user-alt\"><\/span>editor<\/li>\r\n                                            <li><span class=\"icon fal fa-calendar-alt\"><\/span>Apr 15, 2026<\/li>\r\n                                        <\/ul>\r\n                                        <h5><a href=\"https:\/\/ntpark.me\/en\/news\/transnacionalni-kamp-ci-hub-inovacije-i-odrziva-urbana-transformacija\/\">Transnational CI-HUB Camp: Innovation and Sustainable Urban Transformation<\/a><\/h5>\r\n                                    <\/div>\r\n                                <\/div>\r\n                            <\/div>\r\n                        \r\n                            <!-- News Block Ten -->\r\n                            <div class=\"news-block-ten col-lg-4 col-md-6 col-sm-12\">\r\n                                <div class=\"inner-box wow fadeInRight\" data-wow-delay=\"0ms\" data-wow-duration=\"1500ms\">\r\n                                    <div class=\"image\">\r\n                                        <a href=\"https:\/\/ntpark.me\/en\/news\/u-naucno-tehnoloskom-parku-crne-gore-otvoren-restoran-gastro-hub-novo-mjesto-za-druzenje-i-pauze\/\"><img decoding=\"async\" width=\"2560\" height=\"1885\" src=\"https:\/\/ntpark.me\/wp-content\/uploads\/2026\/04\/1775636010340288-scaled.jpg\" class=\"attachment-full size-full\" alt=\"\" srcset=\"https:\/\/ntpark.me\/wp-content\/uploads\/2026\/04\/1775636010340288-scaled.jpg 2560w, https:\/\/ntpark.me\/wp-content\/uploads\/2026\/04\/1775636010340288-300x221.jpg 300w, https:\/\/ntpark.me\/wp-content\/uploads\/2026\/04\/1775636010340288-1024x754.jpg 1024w, https:\/\/ntpark.me\/wp-content\/uploads\/2026\/04\/1775636010340288-768x566.jpg 768w, https:\/\/ntpark.me\/wp-content\/uploads\/2026\/04\/1775636010340288-1536x1131.jpg 1536w, https:\/\/ntpark.me\/wp-content\/uploads\/2026\/04\/1775636010340288-2048x1508.jpg 2048w\" sizes=\"(max-width: 2560px) 100vw, 2560px\" \/><\/a>\r\n                                    <\/div>\r\n                                    <div class=\"lower-content\">\r\n                                        <ul class=\"post-meta\">\r\n                                            <li><span class=\"icon fal fa-user-alt\"><\/span>editor<\/li>\r\n                                            <li><span class=\"icon fal fa-calendar-alt\"><\/span>Apr 08, 2026<\/li>\r\n                                        <\/ul>\r\n                                        <h5><a href=\"https:\/\/ntpark.me\/en\/news\/u-naucno-tehnoloskom-parku-crne-gore-otvoren-restoran-gastro-hub-novo-mjesto-za-druzenje-i-pauze\/\">A Gastro Hub restaurant has been opened at the Science and Technology Park of Montenegro \u2013 a new place for socializing and breaks<\/a><\/h5>\r\n                                    <\/div>\r\n                                <\/div>\r\n                            <\/div>\r\n                        \r\n                            <!-- News Block Ten -->\r\n                            <div class=\"news-block-ten col-lg-4 col-md-6 col-sm-12\">\r\n                                <div class=\"inner-box wow fadeInRight\" data-wow-delay=\"0ms\" data-wow-duration=\"1500ms\">\r\n                                    <div class=\"image\">\r\n                                        <a href=\"https:\/\/ntpark.me\/en\/news\/gdje-nauka-susrece-inovacije-pmf-i-ntp-cg-otvaraju-laboratoriju-za-buducnost\/\"><img loading=\"lazy\" decoding=\"async\" width=\"2560\" height=\"1808\" src=\"https:\/\/ntpark.me\/wp-content\/uploads\/2026\/04\/1775122935258593-scaled.jpg\" class=\"attachment-full size-full\" alt=\"\" srcset=\"https:\/\/ntpark.me\/wp-content\/uploads\/2026\/04\/1775122935258593-scaled.jpg 2560w, https:\/\/ntpark.me\/wp-content\/uploads\/2026\/04\/1775122935258593-300x212.jpg 300w, https:\/\/ntpark.me\/wp-content\/uploads\/2026\/04\/1775122935258593-1024x723.jpg 1024w, https:\/\/ntpark.me\/wp-content\/uploads\/2026\/04\/1775122935258593-768x542.jpg 768w, https:\/\/ntpark.me\/wp-content\/uploads\/2026\/04\/1775122935258593-1536x1085.jpg 1536w, https:\/\/ntpark.me\/wp-content\/uploads\/2026\/04\/1775122935258593-2048x1447.jpg 2048w\" sizes=\"(max-width: 2560px) 100vw, 2560px\" \/><\/a>\r\n                                    <\/div>\r\n                                    <div class=\"lower-content\">\r\n                                        <ul class=\"post-meta\">\r\n                                            <li><span class=\"icon fal fa-user-alt\"><\/span>editor<\/li>\r\n                                            <li><span class=\"icon fal fa-calendar-alt\"><\/span>Apr 03, 2026<\/li>\r\n                                        <\/ul>\r\n                                        <h5><a href=\"https:\/\/ntpark.me\/en\/news\/gdje-nauka-susrece-inovacije-pmf-i-ntp-cg-otvaraju-laboratoriju-za-buducnost\/\">Where Science Meets Innovation: FNSM and STP MNE Open a Laboratory for the Future<\/a><\/h5>\r\n                                    <\/div>\r\n                                <\/div>\r\n                            <\/div>\r\n                        \r\n                            <!-- News Block Ten -->\r\n                            <div class=\"news-block-ten col-lg-4 col-md-6 col-sm-12\">\r\n                                <div class=\"inner-box wow fadeInRight\" data-wow-delay=\"0ms\" data-wow-duration=\"1500ms\">\r\n                                    <div class=\"image\">\r\n                                        <a href=\"https:\/\/ntpark.me\/en\/news\/inovatorke-biznisa-buducnosti-dan-djevojcica-u-ict-u-i-stem-u-2026-i\/\"><img loading=\"lazy\" decoding=\"async\" width=\"1920\" height=\"1080\" src=\"https:\/\/ntpark.me\/wp-content\/uploads\/2026\/04\/Dan-djevojcica-vizual.png\" class=\"attachment-full size-full\" alt=\"\" srcset=\"https:\/\/ntpark.me\/wp-content\/uploads\/2026\/04\/Dan-djevojcica-vizual.png 1920w, https:\/\/ntpark.me\/wp-content\/uploads\/2026\/04\/Dan-djevojcica-vizual-300x169.png 300w, https:\/\/ntpark.me\/wp-content\/uploads\/2026\/04\/Dan-djevojcica-vizual-1024x576.png 1024w, https:\/\/ntpark.me\/wp-content\/uploads\/2026\/04\/Dan-djevojcica-vizual-768x432.png 768w, https:\/\/ntpark.me\/wp-content\/uploads\/2026\/04\/Dan-djevojcica-vizual-1536x864.png 1536w\" sizes=\"(max-width: 1920px) 100vw, 1920px\" \/><\/a>\r\n                                    <\/div>\r\n                                    <div class=\"lower-content\">\r\n                                        <ul class=\"post-meta\">\r\n                                            <li><span class=\"icon fal fa-user-alt\"><\/span>editor<\/li>\r\n                                            <li><span class=\"icon fal fa-calendar-alt\"><\/span>Apr 01, 2026<\/li>\r\n                                        <\/ul>\r\n                                        <h5><a href=\"https:\/\/ntpark.me\/en\/news\/inovatorke-biznisa-buducnosti-dan-djevojcica-u-ict-u-i-stem-u-2026-i\/\">Women Innovators of the Businesses of the Future \u2013 Girls\u2019 Day in ICT and STEM 2026 I<\/a><\/h5>\r\n                                    <\/div>\r\n                                <\/div>\r\n                            <\/div>\r\n                        \r\n                            <!-- News Block Ten -->\r\n                            <div class=\"news-block-ten col-lg-4 col-md-6 col-sm-12\">\r\n                                <div class=\"inner-box wow fadeInRight\" data-wow-delay=\"0ms\" data-wow-duration=\"1500ms\">\r\n                                    <div class=\"image\">\r\n                                        <a href=\"https:\/\/ntpark.me\/en\/news\/posjeta-delegacije-ujedinjenog-kraljevstva-naucno-tehnoloskom-parku-inovativne-kompanije-iz-crne-gore-predstavile-svoj-razvojni-put\/\"><img loading=\"lazy\" decoding=\"async\" width=\"2560\" height=\"1309\" src=\"https:\/\/ntpark.me\/wp-content\/uploads\/2026\/04\/111-scaled.jpg\" class=\"attachment-full size-full\" alt=\"\" srcset=\"https:\/\/ntpark.me\/wp-content\/uploads\/2026\/04\/111-scaled.jpg 2560w, https:\/\/ntpark.me\/wp-content\/uploads\/2026\/04\/111-300x153.jpg 300w, https:\/\/ntpark.me\/wp-content\/uploads\/2026\/04\/111-1024x523.jpg 1024w, https:\/\/ntpark.me\/wp-content\/uploads\/2026\/04\/111-768x393.jpg 768w, https:\/\/ntpark.me\/wp-content\/uploads\/2026\/04\/111-1536x785.jpg 1536w, https:\/\/ntpark.me\/wp-content\/uploads\/2026\/04\/111-2048x1047.jpg 2048w\" sizes=\"(max-width: 2560px) 100vw, 2560px\" \/><\/a>\r\n                                    <\/div>\r\n                                    <div class=\"lower-content\">\r\n                                        <ul class=\"post-meta\">\r\n                                            <li><span class=\"icon fal fa-user-alt\"><\/span>editor<\/li>\r\n                                            <li><span class=\"icon fal fa-calendar-alt\"><\/span>Apr 01, 2026<\/li>\r\n                                        <\/ul>\r\n                                        <h5><a href=\"https:\/\/ntpark.me\/en\/news\/posjeta-delegacije-ujedinjenog-kraljevstva-naucno-tehnoloskom-parku-inovativne-kompanije-iz-crne-gore-predstavile-svoj-razvojni-put\/\">Visit of the United Kingdom Delegation to the Science and Technology Park: Innovative Companies from Montenegro Presented Their Development Journey<\/a><\/h5>\r\n                                    <\/div>\r\n                                <\/div>\r\n                            <\/div>\r\n                        \r\n                            <!-- News Block Ten -->\r\n                            <div class=\"news-block-ten col-lg-4 col-md-6 col-sm-12\">\r\n                                <div class=\"inner-box wow fadeInRight\" data-wow-delay=\"0ms\" data-wow-duration=\"1500ms\">\r\n                                    <div class=\"image\">\r\n                                        <a href=\"https:\/\/ntpark.me\/en\/news\/sastanak-sa-svjetskom-bankom-korak-ka-otvaranju-novih-prilika-za-inovacioni-ekosistem-crne-gore\/\"><img loading=\"lazy\" decoding=\"async\" width=\"2560\" height=\"2022\" src=\"https:\/\/ntpark.me\/wp-content\/uploads\/2026\/03\/1774628031613286-scaled.jpg\" class=\"attachment-full size-full\" alt=\"\" srcset=\"https:\/\/ntpark.me\/wp-content\/uploads\/2026\/03\/1774628031613286-scaled.jpg 2560w, https:\/\/ntpark.me\/wp-content\/uploads\/2026\/03\/1774628031613286-300x237.jpg 300w, https:\/\/ntpark.me\/wp-content\/uploads\/2026\/03\/1774628031613286-1024x809.jpg 1024w, https:\/\/ntpark.me\/wp-content\/uploads\/2026\/03\/1774628031613286-768x607.jpg 768w, https:\/\/ntpark.me\/wp-content\/uploads\/2026\/03\/1774628031613286-1536x1213.jpg 1536w, https:\/\/ntpark.me\/wp-content\/uploads\/2026\/03\/1774628031613286-2048x1618.jpg 2048w\" sizes=\"(max-width: 2560px) 100vw, 2560px\" \/><\/a>\r\n                                    <\/div>\r\n                                    <div class=\"lower-content\">\r\n                                        <ul class=\"post-meta\">\r\n                                            <li><span class=\"icon fal fa-user-alt\"><\/span>editor<\/li>\r\n                                            <li><span class=\"icon fal fa-calendar-alt\"><\/span>Mar 30, 2026<\/li>\r\n                                        <\/ul>\r\n                                        <h5><a href=\"https:\/\/ntpark.me\/en\/news\/sastanak-sa-svjetskom-bankom-korak-ka-otvaranju-novih-prilika-za-inovacioni-ekosistem-crne-gore\/\">Meeting with the World Bank: A Step Toward Opening New Opportunities for Montenegro\u2019s Innovation Ecosystem<\/a><\/h5>\r\n                                    <\/div>\r\n                                <\/div>\r\n                            <\/div>\r\n                        \r\n                            <!-- News Block Ten -->\r\n                            <div class=\"news-block-ten col-lg-4 col-md-6 col-sm-12\">\r\n                                <div class=\"inner-box wow fadeInRight\" data-wow-delay=\"0ms\" data-wow-duration=\"1500ms\">\r\n                                    <div class=\"image\">\r\n                                        <a href=\"https:\/\/ntpark.me\/en\/news\/nove-pogodnosti-za-sve-stanare-ntp-cg-besplatan-pristup-audio-knjigama\/\"><img loading=\"lazy\" decoding=\"async\" width=\"2560\" height=\"2154\" src=\"https:\/\/ntpark.me\/wp-content\/uploads\/2026\/03\/1774445972948110-scaled.jpg\" class=\"attachment-full size-full\" alt=\"\" srcset=\"https:\/\/ntpark.me\/wp-content\/uploads\/2026\/03\/1774445972948110-scaled.jpg 2560w, https:\/\/ntpark.me\/wp-content\/uploads\/2026\/03\/1774445972948110-300x252.jpg 300w, https:\/\/ntpark.me\/wp-content\/uploads\/2026\/03\/1774445972948110-1024x862.jpg 1024w, https:\/\/ntpark.me\/wp-content\/uploads\/2026\/03\/1774445972948110-768x646.jpg 768w, https:\/\/ntpark.me\/wp-content\/uploads\/2026\/03\/1774445972948110-1536x1293.jpg 1536w, https:\/\/ntpark.me\/wp-content\/uploads\/2026\/03\/1774445972948110-2048x1723.jpg 2048w, https:\/\/ntpark.me\/wp-content\/uploads\/2026\/03\/1774445972948110-60x51.jpg 60w\" sizes=\"(max-width: 2560px) 100vw, 2560px\" \/><\/a>\r\n                                    <\/div>\r\n                                    <div class=\"lower-content\">\r\n                                        <ul class=\"post-meta\">\r\n                                            <li><span class=\"icon fal fa-user-alt\"><\/span>editor<\/li>\r\n                                            <li><span class=\"icon fal fa-calendar-alt\"><\/span>Mar 27, 2026<\/li>\r\n                                        <\/ul>\r\n                                        <h5><a href=\"https:\/\/ntpark.me\/en\/news\/nove-pogodnosti-za-sve-stanare-ntp-cg-besplatan-pristup-audio-knjigama\/\">New Benefits for All STP MNE Residents: Free Access to Audiobooks<\/a><\/h5>\r\n                                    <\/div>\r\n                                <\/div>\r\n                            <\/div>\r\n                        \r\n                            <!-- News Block Ten -->\r\n                            <div class=\"news-block-ten col-lg-4 col-md-6 col-sm-12\">\r\n                                <div class=\"inner-box wow fadeInRight\" data-wow-delay=\"0ms\" data-wow-duration=\"1500ms\">\r\n                                    <div class=\"image\">\r\n                                        <a href=\"https:\/\/ntpark.me\/en\/news\/ntp-cg-i-tto-ucestvovali-u-fact-finding-misije-u-okviru-projekta-eu4ip-wb6\/\"><img loading=\"lazy\" decoding=\"async\" width=\"2560\" height=\"2475\" src=\"https:\/\/ntpark.me\/wp-content\/uploads\/2026\/03\/1774608559821744-scaled.jpg\" class=\"attachment-full size-full\" alt=\"\" srcset=\"https:\/\/ntpark.me\/wp-content\/uploads\/2026\/03\/1774608559821744-scaled.jpg 2560w, https:\/\/ntpark.me\/wp-content\/uploads\/2026\/03\/1774608559821744-300x290.jpg 300w, https:\/\/ntpark.me\/wp-content\/uploads\/2026\/03\/1774608559821744-1024x990.jpg 1024w, https:\/\/ntpark.me\/wp-content\/uploads\/2026\/03\/1774608559821744-768x742.jpg 768w, https:\/\/ntpark.me\/wp-content\/uploads\/2026\/03\/1774608559821744-1536x1485.jpg 1536w, https:\/\/ntpark.me\/wp-content\/uploads\/2026\/03\/1774608559821744-2048x1980.jpg 2048w, https:\/\/ntpark.me\/wp-content\/uploads\/2026\/03\/1774608559821744-74x73.jpg 74w\" sizes=\"(max-width: 2560px) 100vw, 2560px\" \/><\/a>\r\n                                    <\/div>\r\n                                    <div class=\"lower-content\">\r\n                                        <ul class=\"post-meta\">\r\n                                            <li><span class=\"icon fal fa-user-alt\"><\/span>editor<\/li>\r\n                                            <li><span class=\"icon fal fa-calendar-alt\"><\/span>Mar 27, 2026<\/li>\r\n                                        <\/ul>\r\n                                        <h5><a href=\"https:\/\/ntpark.me\/en\/news\/ntp-cg-i-tto-ucestvovali-u-fact-finding-misije-u-okviru-projekta-eu4ip-wb6\/\">STP Montenegro and TTO Participate in Fact-Finding Mission within the EU4IP WB6 Project<\/a><\/h5>\r\n                                    <\/div>\r\n                                <\/div>\r\n                            <\/div>\r\n                        \r\n                            <!-- News Block Ten -->\r\n                            <div class=\"news-block-ten col-lg-4 col-md-6 col-sm-12\">\r\n                                <div class=\"inner-box wow fadeInRight\" data-wow-delay=\"0ms\" data-wow-duration=\"1500ms\">\r\n                                    <div class=\"image\">\r\n                                        <a href=\"https:\/\/ntpark.me\/en\/news\/jacanje-inovacija-u-plavoj-ekonomiji-jadransko-jonske-regije\/\"><img loading=\"lazy\" decoding=\"async\" width=\"2560\" height=\"1259\" src=\"https:\/\/ntpark.me\/wp-content\/uploads\/2026\/03\/ABBA_Newsletter-scaled.png\" class=\"attachment-full size-full\" alt=\"\" srcset=\"https:\/\/ntpark.me\/wp-content\/uploads\/2026\/03\/ABBA_Newsletter-scaled.png 2560w, https:\/\/ntpark.me\/wp-content\/uploads\/2026\/03\/ABBA_Newsletter-300x148.png 300w, https:\/\/ntpark.me\/wp-content\/uploads\/2026\/03\/ABBA_Newsletter-1024x504.png 1024w, https:\/\/ntpark.me\/wp-content\/uploads\/2026\/03\/ABBA_Newsletter-768x378.png 768w, https:\/\/ntpark.me\/wp-content\/uploads\/2026\/03\/ABBA_Newsletter-1536x756.png 1536w, https:\/\/ntpark.me\/wp-content\/uploads\/2026\/03\/ABBA_Newsletter-2048x1007.png 2048w\" sizes=\"(max-width: 2560px) 100vw, 2560px\" \/><\/a>\r\n                                    <\/div>\r\n                                    <div class=\"lower-content\">\r\n                                        <ul class=\"post-meta\">\r\n                                            <li><span class=\"icon fal fa-user-alt\"><\/span>editor<\/li>\r\n                                            <li><span class=\"icon fal fa-calendar-alt\"><\/span>Mar 26, 2026<\/li>\r\n                                        <\/ul>\r\n                                        <h5><a href=\"https:\/\/ntpark.me\/en\/news\/jacanje-inovacija-u-plavoj-ekonomiji-jadransko-jonske-regije\/\">Strengthening Innovation in the Blue Economy of the Adriatic-Ionian Region<\/a><\/h5>\r\n                                    <\/div>\r\n                                <\/div>\r\n                            <\/div>\r\n                        \r\n                            <!-- News Block Ten -->\r\n                            <div class=\"news-block-ten col-lg-4 col-md-6 col-sm-12\">\r\n                                <div class=\"inner-box wow fadeInRight\" data-wow-delay=\"0ms\" data-wow-duration=\"1500ms\">\r\n                                    <div class=\"image\">\r\n                                        <a href=\"https:\/\/ntpark.me\/en\/news\/inovacioni-ekosistem-naucno-tehnoloskog-parka-crne-gore-bogatiji-za-jos-jednog-stanara-peitho-postaje-dio-zajednice\/\"><img loading=\"lazy\" decoding=\"async\" width=\"2560\" height=\"2136\" src=\"https:\/\/ntpark.me\/wp-content\/uploads\/2026\/03\/2026-03-25_potpisivanje-ugovora_SentimentScope_Peitho-scaled.jpg\" class=\"attachment-full size-full\" alt=\"\" srcset=\"https:\/\/ntpark.me\/wp-content\/uploads\/2026\/03\/2026-03-25_potpisivanje-ugovora_SentimentScope_Peitho-scaled.jpg 2560w, https:\/\/ntpark.me\/wp-content\/uploads\/2026\/03\/2026-03-25_potpisivanje-ugovora_SentimentScope_Peitho-300x250.jpg 300w, https:\/\/ntpark.me\/wp-content\/uploads\/2026\/03\/2026-03-25_potpisivanje-ugovora_SentimentScope_Peitho-1024x855.jpg 1024w, https:\/\/ntpark.me\/wp-content\/uploads\/2026\/03\/2026-03-25_potpisivanje-ugovora_SentimentScope_Peitho-768x641.jpg 768w, https:\/\/ntpark.me\/wp-content\/uploads\/2026\/03\/2026-03-25_potpisivanje-ugovora_SentimentScope_Peitho-1536x1282.jpg 1536w, https:\/\/ntpark.me\/wp-content\/uploads\/2026\/03\/2026-03-25_potpisivanje-ugovora_SentimentScope_Peitho-2048x1709.jpg 2048w, https:\/\/ntpark.me\/wp-content\/uploads\/2026\/03\/2026-03-25_potpisivanje-ugovora_SentimentScope_Peitho-60x51.jpg 60w\" sizes=\"(max-width: 2560px) 100vw, 2560px\" \/><\/a>\r\n                                    <\/div>\r\n                                    <div class=\"lower-content\">\r\n                                        <ul class=\"post-meta\">\r\n                                            <li><span class=\"icon fal fa-user-alt\"><\/span>editor<\/li>\r\n                                            <li><span class=\"icon fal fa-calendar-alt\"><\/span>Mar 25, 2026<\/li>\r\n                                        <\/ul>\r\n                                        <h5><a href=\"https:\/\/ntpark.me\/en\/news\/inovacioni-ekosistem-naucno-tehnoloskog-parka-crne-gore-bogatiji-za-jos-jednog-stanara-peitho-postaje-dio-zajednice\/\">The Innovation Ecosystem of the Science and Technology Park of Montenegro Welcomes a New Tenant: Peitho Joins the Community<\/a><\/h5>\r\n                                    <\/div>\r\n                                <\/div>\r\n                            <\/div>\r\n                        \r\n                            <!-- News Block Ten -->\r\n                            <div class=\"news-block-ten col-lg-4 col-md-6 col-sm-12\">\r\n                                <div class=\"inner-box wow fadeInRight\" data-wow-delay=\"0ms\" data-wow-duration=\"1500ms\">\r\n                                    <div class=\"image\">\r\n                                        <a href=\"https:\/\/ntpark.me\/en\/news\/u-saradnji-sa-ntp-cg-odrzane-radionice-3d-modelovanja-i-3d-stampe-za-nastavnike-os-radojica-perovic\/\"><img loading=\"lazy\" decoding=\"async\" width=\"1481\" height=\"1021\" src=\"https:\/\/ntpark.me\/wp-content\/uploads\/2026\/03\/2026-03-24_dogadjaj_3D-radionica-1.jpg\" class=\"attachment-full size-full\" alt=\"\" srcset=\"https:\/\/ntpark.me\/wp-content\/uploads\/2026\/03\/2026-03-24_dogadjaj_3D-radionica-1.jpg 1481w, https:\/\/ntpark.me\/wp-content\/uploads\/2026\/03\/2026-03-24_dogadjaj_3D-radionica-1-300x207.jpg 300w, https:\/\/ntpark.me\/wp-content\/uploads\/2026\/03\/2026-03-24_dogadjaj_3D-radionica-1-1024x706.jpg 1024w, https:\/\/ntpark.me\/wp-content\/uploads\/2026\/03\/2026-03-24_dogadjaj_3D-radionica-1-768x529.jpg 768w, https:\/\/ntpark.me\/wp-content\/uploads\/2026\/03\/2026-03-24_dogadjaj_3D-radionica-1-365x252.jpg 365w\" sizes=\"(max-width: 1481px) 100vw, 1481px\" \/><\/a>\r\n                                    <\/div>\r\n                                    <div class=\"lower-content\">\r\n                                        <ul class=\"post-meta\">\r\n                                            <li><span class=\"icon fal fa-user-alt\"><\/span>editor<\/li>\r\n                                            <li><span class=\"icon fal fa-calendar-alt\"><\/span>Mar 25, 2026<\/li>\r\n                                        <\/ul>\r\n                                        <h5><a href=\"https:\/\/ntpark.me\/en\/news\/u-saradnji-sa-ntp-cg-odrzane-radionice-3d-modelovanja-i-3d-stampe-za-nastavnike-os-radojica-perovic\/\">In cooperation with STP MNE, workshops on 3D modeling and 3D printing were held for teachers of the elementary school \u201cRadojica Perovi\u0107\u201d<\/a><\/h5>\r\n                                    <\/div>\r\n                                <\/div>\r\n                            <\/div>\r\n                        \r\n                            <!-- News Block Ten -->\r\n                            <div class=\"news-block-ten col-lg-4 col-md-6 col-sm-12\">\r\n                                <div class=\"inner-box wow fadeInRight\" data-wow-delay=\"0ms\" data-wow-duration=\"1500ms\">\r\n                                    <div class=\"image\">\r\n                                        <a href=\"https:\/\/ntpark.me\/en\/news\/ntp-cg-u-tirani-predstavljeni-rezultati-uspjesno-realizovanog-projekta-policy-answers\/\"><img loading=\"lazy\" decoding=\"async\" width=\"2560\" height=\"2051\" src=\"https:\/\/ntpark.me\/wp-content\/uploads\/2026\/03\/sajtssssss-scaled.jpg\" class=\"attachment-full size-full\" alt=\"\" srcset=\"https:\/\/ntpark.me\/wp-content\/uploads\/2026\/03\/sajtssssss-scaled.jpg 2560w, https:\/\/ntpark.me\/wp-content\/uploads\/2026\/03\/sajtssssss-300x240.jpg 300w, https:\/\/ntpark.me\/wp-content\/uploads\/2026\/03\/sajtssssss-1024x820.jpg 1024w, https:\/\/ntpark.me\/wp-content\/uploads\/2026\/03\/sajtssssss-768x615.jpg 768w, https:\/\/ntpark.me\/wp-content\/uploads\/2026\/03\/sajtssssss-1536x1231.jpg 1536w, https:\/\/ntpark.me\/wp-content\/uploads\/2026\/03\/sajtssssss-2048x1641.jpg 2048w\" sizes=\"(max-width: 2560px) 100vw, 2560px\" \/><\/a>\r\n                                    <\/div>\r\n                                    <div class=\"lower-content\">\r\n                                        <ul class=\"post-meta\">\r\n                                            <li><span class=\"icon fal fa-user-alt\"><\/span>editor<\/li>\r\n                                            <li><span class=\"icon fal fa-calendar-alt\"><\/span>Mar 23, 2026<\/li>\r\n                                        <\/ul>\r\n                                        <h5><a href=\"https:\/\/ntpark.me\/en\/news\/ntp-cg-u-tirani-predstavljeni-rezultati-uspjesno-realizovanog-projekta-policy-answers\/\">STP Montenegro in Tirana: Presentation of Results from the Successfully Implemented POLICY ANSWERS Project<\/a><\/h5>\r\n                                    <\/div>\r\n                                <\/div>\r\n                            <\/div>\r\n                        \r\n                            <!-- News Block Ten -->\r\n                            <div class=\"news-block-ten col-lg-4 col-md-6 col-sm-12\">\r\n                                <div class=\"inner-box wow fadeInRight\" data-wow-delay=\"0ms\" data-wow-duration=\"1500ms\">\r\n                                    <div class=\"image\">\r\n                                        <a href=\"https:\/\/ntpark.me\/en\/news\/drugaciji-pogled-na-hr-i-biznis-disrupt-mindset-radionica-predstavljena-u-ntp-cg\/\"><img loading=\"lazy\" decoding=\"async\" width=\"2560\" height=\"1187\" src=\"https:\/\/ntpark.me\/wp-content\/uploads\/2026\/03\/1773841301384968-scaled.jpg\" class=\"attachment-full size-full\" alt=\"\" srcset=\"https:\/\/ntpark.me\/wp-content\/uploads\/2026\/03\/1773841301384968-scaled.jpg 2560w, https:\/\/ntpark.me\/wp-content\/uploads\/2026\/03\/1773841301384968-300x139.jpg 300w, https:\/\/ntpark.me\/wp-content\/uploads\/2026\/03\/1773841301384968-1024x475.jpg 1024w, https:\/\/ntpark.me\/wp-content\/uploads\/2026\/03\/1773841301384968-768x356.jpg 768w, https:\/\/ntpark.me\/wp-content\/uploads\/2026\/03\/1773841301384968-1536x712.jpg 1536w, https:\/\/ntpark.me\/wp-content\/uploads\/2026\/03\/1773841301384968-2048x950.jpg 2048w\" sizes=\"(max-width: 2560px) 100vw, 2560px\" \/><\/a>\r\n                                    <\/div>\r\n                                    <div class=\"lower-content\">\r\n                                        <ul class=\"post-meta\">\r\n                                            <li><span class=\"icon fal fa-user-alt\"><\/span>editor<\/li>\r\n                                            <li><span class=\"icon fal fa-calendar-alt\"><\/span>Mar 19, 2026<\/li>\r\n                                        <\/ul>\r\n                                        <h5><a href=\"https:\/\/ntpark.me\/en\/news\/drugaciji-pogled-na-hr-i-biznis-disrupt-mindset-radionica-predstavljena-u-ntp-cg\/\">A Different Perspective on HR and Business: \u201cDisrupt Mindset\u201d Workshop Presented at the Science and Technology Park of Montenegro<\/a><\/h5>\r\n                                    <\/div>\r\n                                <\/div>\r\n                            <\/div>\r\n                        \r\n                            <!-- News Block Ten -->\r\n                            <div class=\"news-block-ten col-lg-4 col-md-6 col-sm-12\">\r\n                                <div class=\"inner-box wow fadeInRight\" data-wow-delay=\"0ms\" data-wow-duration=\"1500ms\">\r\n                                    <div class=\"image\">\r\n                                        <a href=\"https:\/\/ntpark.me\/en\/news\/malisani-iz-jpu-vukosava-ivanovic-masanovic-u-posjeti-naucno-tehnoloskom-parku-crne-gore\/\"><img loading=\"lazy\" decoding=\"async\" width=\"1200\" height=\"1074\" src=\"https:\/\/ntpark.me\/wp-content\/uploads\/2026\/03\/2026-03-16_posjeta_vrtica_2-1.jpg\" class=\"attachment-full size-full\" alt=\"\" srcset=\"https:\/\/ntpark.me\/wp-content\/uploads\/2026\/03\/2026-03-16_posjeta_vrtica_2-1.jpg 1200w, https:\/\/ntpark.me\/wp-content\/uploads\/2026\/03\/2026-03-16_posjeta_vrtica_2-1-300x269.jpg 300w, https:\/\/ntpark.me\/wp-content\/uploads\/2026\/03\/2026-03-16_posjeta_vrtica_2-1-1024x916.jpg 1024w, https:\/\/ntpark.me\/wp-content\/uploads\/2026\/03\/2026-03-16_posjeta_vrtica_2-1-768x687.jpg 768w\" sizes=\"(max-width: 1200px) 100vw, 1200px\" \/><\/a>\r\n                                    <\/div>\r\n                                    <div class=\"lower-content\">\r\n                                        <ul class=\"post-meta\">\r\n                                            <li><span class=\"icon fal fa-user-alt\"><\/span>editor<\/li>\r\n                                            <li><span class=\"icon fal fa-calendar-alt\"><\/span>Mar 17, 2026<\/li>\r\n                                        <\/ul>\r\n                                        <h5><a href=\"https:\/\/ntpark.me\/en\/news\/malisani-iz-jpu-vukosava-ivanovic-masanovic-u-posjeti-naucno-tehnoloskom-parku-crne-gore\/\">Children from JPU \u201cVukosava Ivanovi\u0107-Ma\u0161anovi\u0107\u201d visit the Science and Technology Park of Montenegro<\/a><\/h5>\r\n                                    <\/div>\r\n                                <\/div>\r\n                            <\/div>\r\n                        \r\n                            <!-- News Block Ten -->\r\n                            <div class=\"news-block-ten col-lg-4 col-md-6 col-sm-12\">\r\n                                <div class=\"inner-box wow fadeInRight\" data-wow-delay=\"0ms\" data-wow-duration=\"1500ms\">\r\n                                    <div class=\"image\">\r\n                                        <a href=\"https:\/\/ntpark.me\/en\/news\/zavrseno-takmicenje-budi-internet-genijalac-osnovci-pokazali-digitalne-vjestine-i-izuzetno-znanje-o-sigurnosti-na-internetu\/\"><img loading=\"lazy\" decoding=\"async\" width=\"2560\" height=\"1363\" src=\"https:\/\/ntpark.me\/wp-content\/uploads\/2026\/03\/HF5A6723-1-scaled.jpg\" class=\"attachment-full size-full\" alt=\"\" srcset=\"https:\/\/ntpark.me\/wp-content\/uploads\/2026\/03\/HF5A6723-1-scaled.jpg 2560w, https:\/\/ntpark.me\/wp-content\/uploads\/2026\/03\/HF5A6723-1-300x160.jpg 300w, https:\/\/ntpark.me\/wp-content\/uploads\/2026\/03\/HF5A6723-1-1024x545.jpg 1024w, https:\/\/ntpark.me\/wp-content\/uploads\/2026\/03\/HF5A6723-1-768x409.jpg 768w, https:\/\/ntpark.me\/wp-content\/uploads\/2026\/03\/HF5A6723-1-1536x818.jpg 1536w, https:\/\/ntpark.me\/wp-content\/uploads\/2026\/03\/HF5A6723-1-2048x1090.jpg 2048w\" sizes=\"(max-width: 2560px) 100vw, 2560px\" \/><\/a>\r\n                                    <\/div>\r\n                                    <div class=\"lower-content\">\r\n                                        <ul class=\"post-meta\">\r\n                                            <li><span class=\"icon fal fa-user-alt\"><\/span>editor<\/li>\r\n                                            <li><span class=\"icon fal fa-calendar-alt\"><\/span>Mar 16, 2026<\/li>\r\n                                        <\/ul>\r\n                                        <h5><a href=\"https:\/\/ntpark.me\/en\/news\/zavrseno-takmicenje-budi-internet-genijalac-osnovci-pokazali-digitalne-vjestine-i-izuzetno-znanje-o-sigurnosti-na-internetu\/\">\u201cBe Internet Awesome\u201d Competition Concludes: Primary School Students Demonstrate Digital Skills and Exceptional Knowledge of Online Safety<\/a><\/h5>\r\n                                    <\/div>\r\n                                <\/div>\r\n                            <\/div>\r\n                        \r\n                            <!-- News Block Ten -->\r\n                            <div class=\"news-block-ten col-lg-4 col-md-6 col-sm-12\">\r\n                                <div class=\"inner-box wow fadeInRight\" data-wow-delay=\"0ms\" data-wow-duration=\"1500ms\">\r\n                                    <div class=\"image\">\r\n                                        <a href=\"https:\/\/ntpark.me\/en\/news\/delegacija-crne-gore-u-posjeti-plimutu-unapredenje-saradnje-u-oblasti-pomorstva-inovacija-kulture-i-kreativnih-industrija\/\"><img loading=\"lazy\" decoding=\"async\" width=\"1171\" height=\"898\" src=\"https:\/\/ntpark.me\/wp-content\/uploads\/2026\/03\/Plimut-posjeta.jpg\" class=\"attachment-full size-full\" alt=\"\" srcset=\"https:\/\/ntpark.me\/wp-content\/uploads\/2026\/03\/Plimut-posjeta.jpg 1171w, https:\/\/ntpark.me\/wp-content\/uploads\/2026\/03\/Plimut-posjeta-300x230.jpg 300w, https:\/\/ntpark.me\/wp-content\/uploads\/2026\/03\/Plimut-posjeta-1024x785.jpg 1024w, https:\/\/ntpark.me\/wp-content\/uploads\/2026\/03\/Plimut-posjeta-768x589.jpg 768w\" sizes=\"(max-width: 1171px) 100vw, 1171px\" \/><\/a>\r\n                                    <\/div>\r\n                                    <div class=\"lower-content\">\r\n                                        <ul class=\"post-meta\">\r\n                                            <li><span class=\"icon fal fa-user-alt\"><\/span>editor<\/li>\r\n                                            <li><span class=\"icon fal fa-calendar-alt\"><\/span>Mar 16, 2026<\/li>\r\n                                        <\/ul>\r\n                                        <h5><a href=\"https:\/\/ntpark.me\/en\/news\/delegacija-crne-gore-u-posjeti-plimutu-unapredenje-saradnje-u-oblasti-pomorstva-inovacija-kulture-i-kreativnih-industrija\/\">Montenegro delegation visits Plymouth: Strengthening cooperation in the fields of maritime affairs, innovation, culture, and creative industries<\/a><\/h5>\r\n                                    <\/div>\r\n                                <\/div>\r\n                            <\/div>\r\n                        \r\n                            <!-- News Block Ten -->\r\n                            <div class=\"news-block-ten col-lg-4 col-md-6 col-sm-12\">\r\n                                <div class=\"inner-box wow fadeInRight\" data-wow-delay=\"0ms\" data-wow-duration=\"1500ms\">\r\n                                    <div class=\"image\">\r\n                                        <a href=\"https:\/\/ntpark.me\/en\/news\/odrzana-radionica-the-art-of-asking-for-money-u-saradnji-ntp-cg-i-ytili\/\"><img loading=\"lazy\" decoding=\"async\" width=\"2560\" height=\"1547\" src=\"https:\/\/ntpark.me\/wp-content\/uploads\/2026\/03\/sajt-radionica--scaled.jpg\" class=\"attachment-full size-full\" alt=\"\" srcset=\"https:\/\/ntpark.me\/wp-content\/uploads\/2026\/03\/sajt-radionica--scaled.jpg 2560w, https:\/\/ntpark.me\/wp-content\/uploads\/2026\/03\/sajt-radionica--300x181.jpg 300w, https:\/\/ntpark.me\/wp-content\/uploads\/2026\/03\/sajt-radionica--1024x619.jpg 1024w, https:\/\/ntpark.me\/wp-content\/uploads\/2026\/03\/sajt-radionica--768x464.jpg 768w, https:\/\/ntpark.me\/wp-content\/uploads\/2026\/03\/sajt-radionica--1536x928.jpg 1536w, https:\/\/ntpark.me\/wp-content\/uploads\/2026\/03\/sajt-radionica--2048x1237.jpg 2048w\" sizes=\"(max-width: 2560px) 100vw, 2560px\" \/><\/a>\r\n                                    <\/div>\r\n                                    <div class=\"lower-content\">\r\n                                        <ul class=\"post-meta\">\r\n                                            <li><span class=\"icon fal fa-user-alt\"><\/span>editor<\/li>\r\n                                            <li><span class=\"icon fal fa-calendar-alt\"><\/span>Mar 13, 2026<\/li>\r\n                                        <\/ul>\r\n                                        <h5><a href=\"https:\/\/ntpark.me\/en\/news\/odrzana-radionica-the-art-of-asking-for-money-u-saradnji-ntp-cg-i-ytili\/\">Workshop \u201cHow to Ask for Funding \u2013 How to Seek Investment for a Startup\u201d Held in Cooperation Between STP Montenegro and YTILI<\/a><\/h5>\r\n                                    <\/div>\r\n                                <\/div>\r\n                            <\/div>\r\n                        \r\n                            <!-- News Block Ten -->\r\n                            <div class=\"news-block-ten col-lg-4 col-md-6 col-sm-12\">\r\n                                <div class=\"inner-box wow fadeInRight\" data-wow-delay=\"0ms\" data-wow-duration=\"1500ms\">\r\n                                    <div class=\"image\">\r\n                                        <a href=\"https:\/\/ntpark.me\/en\/news\/publika-postala-dio-umjetnosti-u-ntp-u-otvorena-izlozba-zvukom-mostova\/\"><img loading=\"lazy\" decoding=\"async\" width=\"2560\" height=\"1298\" src=\"https:\/\/ntpark.me\/wp-content\/uploads\/2026\/03\/6-scaled.jpg\" class=\"attachment-full size-full\" alt=\"\" srcset=\"https:\/\/ntpark.me\/wp-content\/uploads\/2026\/03\/6-scaled.jpg 2560w, https:\/\/ntpark.me\/wp-content\/uploads\/2026\/03\/6-300x152.jpg 300w, https:\/\/ntpark.me\/wp-content\/uploads\/2026\/03\/6-1024x519.jpg 1024w, https:\/\/ntpark.me\/wp-content\/uploads\/2026\/03\/6-768x389.jpg 768w, https:\/\/ntpark.me\/wp-content\/uploads\/2026\/03\/6-1536x779.jpg 1536w, https:\/\/ntpark.me\/wp-content\/uploads\/2026\/03\/6-2048x1039.jpg 2048w\" sizes=\"(max-width: 2560px) 100vw, 2560px\" \/><\/a>\r\n                                    <\/div>\r\n                                    <div class=\"lower-content\">\r\n                                        <ul class=\"post-meta\">\r\n                                            <li><span class=\"icon fal fa-user-alt\"><\/span>editor<\/li>\r\n                                            <li><span class=\"icon fal fa-calendar-alt\"><\/span>Mar 11, 2026<\/li>\r\n                                        <\/ul>\r\n                                        <h5><a href=\"https:\/\/ntpark.me\/en\/news\/publika-postala-dio-umjetnosti-u-ntp-u-otvorena-izlozba-zvukom-mostova\/\">The Audience Became Part of the Art: The Exhibition \u201cBridges Through Sound\u201d Opened at STP<\/a><\/h5>\r\n                                    <\/div>\r\n                                <\/div>\r\n                            <\/div>\r\n                        \r\n                            <!-- News Block Ten -->\r\n                            <div class=\"news-block-ten col-lg-4 col-md-6 col-sm-12\">\r\n                                <div class=\"inner-box wow fadeInRight\" data-wow-delay=\"0ms\" data-wow-duration=\"1500ms\">\r\n                                    <div class=\"image\">\r\n                                        <a href=\"https:\/\/ntpark.me\/en\/news\/drugo-coffino-druzenje-u-naucno-tehnoloskom-parku-crne-gore\/\"><img loading=\"lazy\" decoding=\"async\" width=\"2506\" height=\"2560\" src=\"https:\/\/ntpark.me\/wp-content\/uploads\/2026\/03\/2026-03-10_dogadjaj_Coffino2-14-scaled.jpg\" class=\"attachment-full size-full\" alt=\"\" srcset=\"https:\/\/ntpark.me\/wp-content\/uploads\/2026\/03\/2026-03-10_dogadjaj_Coffino2-14-scaled.jpg 2506w, https:\/\/ntpark.me\/wp-content\/uploads\/2026\/03\/2026-03-10_dogadjaj_Coffino2-14-294x300.jpg 294w, https:\/\/ntpark.me\/wp-content\/uploads\/2026\/03\/2026-03-10_dogadjaj_Coffino2-14-1002x1024.jpg 1002w, https:\/\/ntpark.me\/wp-content\/uploads\/2026\/03\/2026-03-10_dogadjaj_Coffino2-14-768x784.jpg 768w, https:\/\/ntpark.me\/wp-content\/uploads\/2026\/03\/2026-03-10_dogadjaj_Coffino2-14-1504x1536.jpg 1504w, https:\/\/ntpark.me\/wp-content\/uploads\/2026\/03\/2026-03-10_dogadjaj_Coffino2-14-2005x2048.jpg 2005w\" sizes=\"(max-width: 2506px) 100vw, 2506px\" \/><\/a>\r\n                                    <\/div>\r\n                                    <div class=\"lower-content\">\r\n                                        <ul class=\"post-meta\">\r\n                                            <li><span class=\"icon fal fa-user-alt\"><\/span>editor<\/li>\r\n                                            <li><span class=\"icon fal fa-calendar-alt\"><\/span>Mar 11, 2026<\/li>\r\n                                        <\/ul>\r\n                                        <h5><a href=\"https:\/\/ntpark.me\/en\/news\/drugo-coffino-druzenje-u-naucno-tehnoloskom-parku-crne-gore\/\">Second CoffiNO Gathering at the Science and Technology Park of Montenegro<\/a><\/h5>\r\n                                    <\/div>\r\n                                <\/div>\r\n                            <\/div>\r\n                        \r\n                            <!-- News Block Ten -->\r\n                            <div class=\"news-block-ten col-lg-4 col-md-6 col-sm-12\">\r\n                                <div class=\"inner-box wow fadeInRight\" data-wow-delay=\"0ms\" data-wow-duration=\"1500ms\">\r\n                                    <div class=\"image\">\r\n                                        <a href=\"https:\/\/ntpark.me\/en\/news\/arhitekte-buducnosti-sia-program-2026-predstavljen-u-ntp-cg\/\"><img loading=\"lazy\" decoding=\"async\" width=\"2560\" height=\"1532\" src=\"https:\/\/ntpark.me\/wp-content\/uploads\/2026\/03\/JA3A1568-scaled.jpg\" class=\"attachment-full size-full\" alt=\"\" srcset=\"https:\/\/ntpark.me\/wp-content\/uploads\/2026\/03\/JA3A1568-scaled.jpg 2560w, https:\/\/ntpark.me\/wp-content\/uploads\/2026\/03\/JA3A1568-300x180.jpg 300w, https:\/\/ntpark.me\/wp-content\/uploads\/2026\/03\/JA3A1568-1024x613.jpg 1024w, https:\/\/ntpark.me\/wp-content\/uploads\/2026\/03\/JA3A1568-768x460.jpg 768w, https:\/\/ntpark.me\/wp-content\/uploads\/2026\/03\/JA3A1568-1536x919.jpg 1536w, https:\/\/ntpark.me\/wp-content\/uploads\/2026\/03\/JA3A1568-2048x1226.jpg 2048w\" sizes=\"(max-width: 2560px) 100vw, 2560px\" \/><\/a>\r\n                                    <\/div>\r\n                                    <div class=\"lower-content\">\r\n                                        <ul class=\"post-meta\">\r\n                                            <li><span class=\"icon fal fa-user-alt\"><\/span>editor<\/li>\r\n                                            <li><span class=\"icon fal fa-calendar-alt\"><\/span>Mar 09, 2026<\/li>\r\n                                        <\/ul>\r\n                                        <h5><a href=\"https:\/\/ntpark.me\/en\/news\/arhitekte-buducnosti-sia-program-2026-predstavljen-u-ntp-cg\/\">Architects of the Future: SIA Program 2026 Presented at STP Montenegro<\/a><\/h5>\r\n                                    <\/div>\r\n                                <\/div>\r\n                            <\/div>\r\n                        \r\n                            <!-- News Block Ten -->\r\n                            <div class=\"news-block-ten col-lg-4 col-md-6 col-sm-12\">\r\n                                <div class=\"inner-box wow fadeInRight\" data-wow-delay=\"0ms\" data-wow-duration=\"1500ms\">\r\n                                    <div class=\"image\">\r\n                                        <a href=\"https:\/\/ntpark.me\/en\/news\/otvaranje-umjetnicke-izlozbe-zvukom-mostova-autora-marka-gosovica-10-mart-2026\/\"><img loading=\"lazy\" decoding=\"async\" width=\"1600\" height=\"800\" src=\"https:\/\/ntpark.me\/wp-content\/uploads\/2026\/03\/izlozba.jpg\" class=\"attachment-full size-full\" alt=\"\" srcset=\"https:\/\/ntpark.me\/wp-content\/uploads\/2026\/03\/izlozba.jpg 1600w, https:\/\/ntpark.me\/wp-content\/uploads\/2026\/03\/izlozba-300x150.jpg 300w, https:\/\/ntpark.me\/wp-content\/uploads\/2026\/03\/izlozba-1024x512.jpg 1024w, https:\/\/ntpark.me\/wp-content\/uploads\/2026\/03\/izlozba-768x384.jpg 768w, https:\/\/ntpark.me\/wp-content\/uploads\/2026\/03\/izlozba-1536x768.jpg 1536w\" sizes=\"(max-width: 1600px) 100vw, 1600px\" \/><\/a>\r\n                                    <\/div>\r\n                                    <div class=\"lower-content\">\r\n                                        <ul class=\"post-meta\">\r\n                                            <li><span class=\"icon fal fa-user-alt\"><\/span>editor<\/li>\r\n                                            <li><span class=\"icon fal fa-calendar-alt\"><\/span>Mar 05, 2026<\/li>\r\n                                        <\/ul>\r\n                                        <h5><a href=\"https:\/\/ntpark.me\/en\/news\/otvaranje-umjetnicke-izlozbe-zvukom-mostova-autora-marka-gosovica-10-mart-2026\/\">Opening of the Art Exhibition \u201cBridges Through Sound\u201d by Marko Go\u0161ovi\u0107 \u2013 March 10, 2026<\/a><\/h5>\r\n                                    <\/div>\r\n                                <\/div>\r\n                            <\/div>\r\n                        \r\n                            <!-- News Block Ten -->\r\n                            <div class=\"news-block-ten col-lg-4 col-md-6 col-sm-12\">\r\n                                <div class=\"inner-box wow fadeInRight\" data-wow-delay=\"0ms\" data-wow-duration=\"1500ms\">\r\n                                    <div class=\"image\">\r\n                                        <a href=\"https:\/\/ntpark.me\/en\/news\/u-ntp-u-odrzan-eit-info-dan-predstavljene-mogucnosti-u-okviru-eit-poziva-za-2026-godinu\/\"><img loading=\"lazy\" decoding=\"async\" width=\"2560\" height=\"2463\" src=\"https:\/\/ntpark.me\/wp-content\/uploads\/2026\/03\/eit-scaled.jpg\" class=\"attachment-full size-full\" alt=\"\" srcset=\"https:\/\/ntpark.me\/wp-content\/uploads\/2026\/03\/eit-scaled.jpg 2560w, https:\/\/ntpark.me\/wp-content\/uploads\/2026\/03\/eit-300x289.jpg 300w, https:\/\/ntpark.me\/wp-content\/uploads\/2026\/03\/eit-1024x985.jpg 1024w, https:\/\/ntpark.me\/wp-content\/uploads\/2026\/03\/eit-768x739.jpg 768w, https:\/\/ntpark.me\/wp-content\/uploads\/2026\/03\/eit-1536x1478.jpg 1536w, https:\/\/ntpark.me\/wp-content\/uploads\/2026\/03\/eit-2048x1971.jpg 2048w\" sizes=\"(max-width: 2560px) 100vw, 2560px\" \/><\/a>\r\n                                    <\/div>\r\n                                    <div class=\"lower-content\">\r\n                                        <ul class=\"post-meta\">\r\n                                            <li><span class=\"icon fal fa-user-alt\"><\/span>editor<\/li>\r\n                                            <li><span class=\"icon fal fa-calendar-alt\"><\/span>Mar 05, 2026<\/li>\r\n                                        <\/ul>\r\n                                        <h5><a href=\"https:\/\/ntpark.me\/en\/news\/u-ntp-u-odrzan-eit-info-dan-predstavljene-mogucnosti-u-okviru-eit-poziva-za-2026-godinu\/\">EIT Info Day Held at STP: Opportunities Within the 2026 EIT Calls Presented<\/a><\/h5>\r\n                                    <\/div>\r\n                                <\/div>\r\n                            <\/div>\r\n                        \r\n                            <!-- News Block Ten -->\r\n                            <div class=\"news-block-ten col-lg-4 col-md-6 col-sm-12\">\r\n                                <div class=\"inner-box wow fadeInRight\" data-wow-delay=\"0ms\" data-wow-duration=\"1500ms\">\r\n                                    <div class=\"image\">\r\n                                        <a href=\"https:\/\/ntpark.me\/en\/news\/naucno-tehnoloski-park-crne-gore-ugostio-predstavnike-svjetske-banke\/\"><img loading=\"lazy\" decoding=\"async\" width=\"2560\" height=\"1452\" src=\"https:\/\/ntpark.me\/wp-content\/uploads\/2026\/03\/banka-scaled.jpg\" class=\"attachment-full size-full\" alt=\"\" srcset=\"https:\/\/ntpark.me\/wp-content\/uploads\/2026\/03\/banka-scaled.jpg 2560w, https:\/\/ntpark.me\/wp-content\/uploads\/2026\/03\/banka-300x170.jpg 300w, https:\/\/ntpark.me\/wp-content\/uploads\/2026\/03\/banka-1024x581.jpg 1024w, https:\/\/ntpark.me\/wp-content\/uploads\/2026\/03\/banka-768x436.jpg 768w, https:\/\/ntpark.me\/wp-content\/uploads\/2026\/03\/banka-1536x871.jpg 1536w, https:\/\/ntpark.me\/wp-content\/uploads\/2026\/03\/banka-2048x1161.jpg 2048w\" sizes=\"(max-width: 2560px) 100vw, 2560px\" \/><\/a>\r\n                                    <\/div>\r\n                                    <div class=\"lower-content\">\r\n                                        <ul class=\"post-meta\">\r\n                                            <li><span class=\"icon fal fa-user-alt\"><\/span>editor<\/li>\r\n                                            <li><span class=\"icon fal fa-calendar-alt\"><\/span>Mar 05, 2026<\/li>\r\n                                        <\/ul>\r\n                                        <h5><a href=\"https:\/\/ntpark.me\/en\/news\/naucno-tehnoloski-park-crne-gore-ugostio-predstavnike-svjetske-banke\/\">The Science and Technology Park of Montenegro Hosted Representatives of the World Bank<\/a><\/h5>\r\n                                    <\/div>\r\n                                <\/div>\r\n                            <\/div>\r\n                        \r\n                            <!-- News Block Ten -->\r\n                            <div class=\"news-block-ten col-lg-4 col-md-6 col-sm-12\">\r\n                                <div class=\"inner-box wow fadeInRight\" data-wow-delay=\"0ms\" data-wow-duration=\"1500ms\">\r\n                                    <div class=\"image\">\r\n                                        <a href=\"https:\/\/ntpark.me\/en\/news\/umjetnoscu-mijenjamo-svijet-z-space-je-novi-stanar-naucno-tehnoloskog-parka\/\"><img loading=\"lazy\" decoding=\"async\" width=\"2560\" height=\"1726\" src=\"https:\/\/ntpark.me\/wp-content\/uploads\/2026\/02\/HF5A4976-scaled.jpg\" class=\"attachment-full size-full\" alt=\"\" srcset=\"https:\/\/ntpark.me\/wp-content\/uploads\/2026\/02\/HF5A4976-scaled.jpg 2560w, https:\/\/ntpark.me\/wp-content\/uploads\/2026\/02\/HF5A4976-300x202.jpg 300w, https:\/\/ntpark.me\/wp-content\/uploads\/2026\/02\/HF5A4976-1024x690.jpg 1024w, https:\/\/ntpark.me\/wp-content\/uploads\/2026\/02\/HF5A4976-768x518.jpg 768w, https:\/\/ntpark.me\/wp-content\/uploads\/2026\/02\/HF5A4976-1536x1035.jpg 1536w, https:\/\/ntpark.me\/wp-content\/uploads\/2026\/02\/HF5A4976-2048x1381.jpg 2048w\" sizes=\"(max-width: 2560px) 100vw, 2560px\" \/><\/a>\r\n                                    <\/div>\r\n                                    <div class=\"lower-content\">\r\n                                        <ul class=\"post-meta\">\r\n                                            <li><span class=\"icon fal fa-user-alt\"><\/span>editor<\/li>\r\n                                            <li><span class=\"icon fal fa-calendar-alt\"><\/span>Feb 27, 2026<\/li>\r\n                                        <\/ul>\r\n                                        <h5><a href=\"https:\/\/ntpark.me\/en\/news\/umjetnoscu-mijenjamo-svijet-z-space-je-novi-stanar-naucno-tehnoloskog-parka\/\">Changing the World Through Art: \u017d-Space is the New Tenant of the Science and Technology Park<\/a><\/h5>\r\n                                    <\/div>\r\n                                <\/div>\r\n                            <\/div>\r\n                        \r\n                            <!-- News Block Ten -->\r\n                            <div class=\"news-block-ten col-lg-4 col-md-6 col-sm-12\">\r\n                                <div class=\"inner-box wow fadeInRight\" data-wow-delay=\"0ms\" data-wow-duration=\"1500ms\">\r\n                                    <div class=\"image\">\r\n                                        <a href=\"https:\/\/ntpark.me\/en\/news\/ntp-cg-i-balance-to-business-uspjesno-realizovali-radionicu-pod-nazivom-rast-bez-haosa-struktura-fokus-i-liderstvo-koje-drzi-tempo\/\"><img loading=\"lazy\" decoding=\"async\" width=\"2560\" height=\"1922\" src=\"https:\/\/ntpark.me\/wp-content\/uploads\/2026\/02\/IMG_6050-scaled.jpg\" class=\"attachment-full size-full\" alt=\"\" srcset=\"https:\/\/ntpark.me\/wp-content\/uploads\/2026\/02\/IMG_6050-scaled.jpg 2560w, https:\/\/ntpark.me\/wp-content\/uploads\/2026\/02\/IMG_6050-300x225.jpg 300w, https:\/\/ntpark.me\/wp-content\/uploads\/2026\/02\/IMG_6050-1024x769.jpg 1024w, https:\/\/ntpark.me\/wp-content\/uploads\/2026\/02\/IMG_6050-768x577.jpg 768w, https:\/\/ntpark.me\/wp-content\/uploads\/2026\/02\/IMG_6050-1536x1153.jpg 1536w, https:\/\/ntpark.me\/wp-content\/uploads\/2026\/02\/IMG_6050-2048x1538.jpg 2048w\" sizes=\"(max-width: 2560px) 100vw, 2560px\" \/><\/a>\r\n                                    <\/div>\r\n                                    <div class=\"lower-content\">\r\n                                        <ul class=\"post-meta\">\r\n                                            <li><span class=\"icon fal fa-user-alt\"><\/span>editor<\/li>\r\n                                            <li><span class=\"icon fal fa-calendar-alt\"><\/span>Feb 27, 2026<\/li>\r\n                                        <\/ul>\r\n                                        <h5><a href=\"https:\/\/ntpark.me\/en\/news\/ntp-cg-i-balance-to-business-uspjesno-realizovali-radionicu-pod-nazivom-rast-bez-haosa-struktura-fokus-i-liderstvo-koje-drzi-tempo\/\">STP Montenegro and Balance to Business Successfully Delivered the Workshop \u201cGrowth Without Chaos: Structure, Focus, and Leadership That Sets the Pace\u201d<\/a><\/h5>\r\n                                    <\/div>\r\n                                <\/div>\r\n                            <\/div>\r\n                        \r\n                            <!-- News Block Ten -->\r\n                            <div class=\"news-block-ten col-lg-4 col-md-6 col-sm-12\">\r\n                                <div class=\"inner-box wow fadeInRight\" data-wow-delay=\"0ms\" data-wow-duration=\"1500ms\">\r\n                                    <div class=\"image\">\r\n                                        <a href=\"https:\/\/ntpark.me\/en\/news\/jacanje-medunarodne-saradnje-ntp-cg-ugostio-delegaciju-iz-tajvana\/\"><img loading=\"lazy\" decoding=\"async\" width=\"2560\" height=\"1463\" src=\"https:\/\/ntpark.me\/wp-content\/uploads\/2026\/02\/IMG_8603-scaled.jpeg\" class=\"attachment-full size-full\" alt=\"\" srcset=\"https:\/\/ntpark.me\/wp-content\/uploads\/2026\/02\/IMG_8603-scaled.jpeg 2560w, https:\/\/ntpark.me\/wp-content\/uploads\/2026\/02\/IMG_8603-300x171.jpeg 300w, https:\/\/ntpark.me\/wp-content\/uploads\/2026\/02\/IMG_8603-1024x585.jpeg 1024w, https:\/\/ntpark.me\/wp-content\/uploads\/2026\/02\/IMG_8603-768x439.jpeg 768w, https:\/\/ntpark.me\/wp-content\/uploads\/2026\/02\/IMG_8603-1536x878.jpeg 1536w, https:\/\/ntpark.me\/wp-content\/uploads\/2026\/02\/IMG_8603-2048x1171.jpeg 2048w\" sizes=\"(max-width: 2560px) 100vw, 2560px\" \/><\/a>\r\n                                    <\/div>\r\n                                    <div class=\"lower-content\">\r\n                                        <ul class=\"post-meta\">\r\n                                            <li><span class=\"icon fal fa-user-alt\"><\/span>editor<\/li>\r\n                                            <li><span class=\"icon fal fa-calendar-alt\"><\/span>Feb 26, 2026<\/li>\r\n                                        <\/ul>\r\n                                        <h5><a href=\"https:\/\/ntpark.me\/en\/news\/jacanje-medunarodne-saradnje-ntp-cg-ugostio-delegaciju-iz-tajvana\/\">A screening of the film titled \u201cA Chip of Odyssey\u201d was organized at the Science and Technology Park of Montenegro<\/a><\/h5>\r\n                                    <\/div>\r\n                                <\/div>\r\n                            <\/div>\r\n                        \r\n                            <!-- News Block Ten -->\r\n                            <div class=\"news-block-ten col-lg-4 col-md-6 col-sm-12\">\r\n                                <div class=\"inner-box wow fadeInRight\" data-wow-delay=\"0ms\" data-wow-duration=\"1500ms\">\r\n                                    <div class=\"image\">\r\n                                        <a href=\"https:\/\/ntpark.me\/en\/news\/oxiom-d-o-o-se-pridruzuje-naucno-tehnoloskom-parku-crne-gore-kao-virtuelni-stanar\/\"><img loading=\"lazy\" decoding=\"async\" width=\"2560\" height=\"1426\" src=\"https:\/\/ntpark.me\/wp-content\/uploads\/2026\/02\/HF5A4871-scaled.jpg\" class=\"attachment-full size-full\" alt=\"\" srcset=\"https:\/\/ntpark.me\/wp-content\/uploads\/2026\/02\/HF5A4871-scaled.jpg 2560w, https:\/\/ntpark.me\/wp-content\/uploads\/2026\/02\/HF5A4871-300x167.jpg 300w, https:\/\/ntpark.me\/wp-content\/uploads\/2026\/02\/HF5A4871-1024x571.jpg 1024w, https:\/\/ntpark.me\/wp-content\/uploads\/2026\/02\/HF5A4871-768x428.jpg 768w, https:\/\/ntpark.me\/wp-content\/uploads\/2026\/02\/HF5A4871-1536x856.jpg 1536w, https:\/\/ntpark.me\/wp-content\/uploads\/2026\/02\/HF5A4871-2048x1141.jpg 2048w\" sizes=\"(max-width: 2560px) 100vw, 2560px\" \/><\/a>\r\n                                    <\/div>\r\n                                    <div class=\"lower-content\">\r\n                                        <ul class=\"post-meta\">\r\n                                            <li><span class=\"icon fal fa-user-alt\"><\/span>editor<\/li>\r\n                                            <li><span class=\"icon fal fa-calendar-alt\"><\/span>Feb 25, 2026<\/li>\r\n                                        <\/ul>\r\n                                        <h5><a href=\"https:\/\/ntpark.me\/en\/news\/oxiom-d-o-o-se-pridruzuje-naucno-tehnoloskom-parku-crne-gore-kao-virtuelni-stanar\/\">OXIOM L.t.d. Joins the Science and Technology Park of Montenegro as a Virtual Tenant<\/a><\/h5>\r\n                                    <\/div>\r\n                                <\/div>\r\n                            <\/div>\r\n                        \r\n                            <!-- News Block Ten -->\r\n                            <div class=\"news-block-ten col-lg-4 col-md-6 col-sm-12\">\r\n                                <div class=\"inner-box wow fadeInRight\" data-wow-delay=\"0ms\" data-wow-duration=\"1500ms\">\r\n                                    <div class=\"image\">\r\n                                        <a href=\"https:\/\/ntpark.me\/en\/news\/zajednicki-korak-ka-digitalnoj-modernizaciji-ntp-cg-i-rtcg-potpisali-memorandum-o-strateskoj-saradnji\/\"><img loading=\"lazy\" decoding=\"async\" width=\"808\" height=\"525\" src=\"https:\/\/ntpark.me\/wp-content\/uploads\/2026\/02\/ssd_619x900-1.jpg\" class=\"attachment-full size-full\" alt=\"\" srcset=\"https:\/\/ntpark.me\/wp-content\/uploads\/2026\/02\/ssd_619x900-1.jpg 808w, https:\/\/ntpark.me\/wp-content\/uploads\/2026\/02\/ssd_619x900-1-300x195.jpg 300w, https:\/\/ntpark.me\/wp-content\/uploads\/2026\/02\/ssd_619x900-1-768x499.jpg 768w\" sizes=\"(max-width: 808px) 100vw, 808px\" \/><\/a>\r\n                                    <\/div>\r\n                                    <div class=\"lower-content\">\r\n                                        <ul class=\"post-meta\">\r\n                                            <li><span class=\"icon fal fa-user-alt\"><\/span>editor<\/li>\r\n                                            <li><span class=\"icon fal fa-calendar-alt\"><\/span>Feb 25, 2026<\/li>\r\n                                        <\/ul>\r\n                                        <h5><a href=\"https:\/\/ntpark.me\/en\/news\/zajednicki-korak-ka-digitalnoj-modernizaciji-ntp-cg-i-rtcg-potpisali-memorandum-o-strateskoj-saradnji\/\">A Joint Step Toward Digital Modernization: STP Montenegro and RTCG Sign a Memorandum of Strategic Cooperation<\/a><\/h5>\r\n                                    <\/div>\r\n                                <\/div>\r\n                            <\/div>\r\n                        \r\n                            <!-- News Block Ten -->\r\n                            <div class=\"news-block-ten col-lg-4 col-md-6 col-sm-12\">\r\n                                <div class=\"inner-box wow fadeInRight\" data-wow-delay=\"0ms\" data-wow-duration=\"1500ms\">\r\n                                    <div class=\"image\">\r\n                                        <a href=\"https:\/\/ntpark.me\/en\/news\/ntp-cg-i-game-changer-platforma-zapocinju-stratesko-partnerstvo\/\"><img loading=\"lazy\" decoding=\"async\" width=\"2560\" height=\"1576\" src=\"https:\/\/ntpark.me\/wp-content\/uploads\/2026\/02\/IMG_0600-scaled.jpeg\" class=\"attachment-full size-full\" alt=\"\" srcset=\"https:\/\/ntpark.me\/wp-content\/uploads\/2026\/02\/IMG_0600-scaled.jpeg 2560w, https:\/\/ntpark.me\/wp-content\/uploads\/2026\/02\/IMG_0600-300x185.jpeg 300w, https:\/\/ntpark.me\/wp-content\/uploads\/2026\/02\/IMG_0600-1024x631.jpeg 1024w, https:\/\/ntpark.me\/wp-content\/uploads\/2026\/02\/IMG_0600-768x473.jpeg 768w, https:\/\/ntpark.me\/wp-content\/uploads\/2026\/02\/IMG_0600-1536x946.jpeg 1536w, https:\/\/ntpark.me\/wp-content\/uploads\/2026\/02\/IMG_0600-2048x1261.jpeg 2048w\" sizes=\"(max-width: 2560px) 100vw, 2560px\" \/><\/a>\r\n                                    <\/div>\r\n                                    <div class=\"lower-content\">\r\n                                        <ul class=\"post-meta\">\r\n                                            <li><span class=\"icon fal fa-user-alt\"><\/span>editor<\/li>\r\n                                            <li><span class=\"icon fal fa-calendar-alt\"><\/span>Feb 24, 2026<\/li>\r\n                                        <\/ul>\r\n                                        <h5><a href=\"https:\/\/ntpark.me\/en\/news\/ntp-cg-i-game-changer-platforma-zapocinju-stratesko-partnerstvo\/\">STP Montenegro and Game Changer Platform Launch Strategic Partnership<\/a><\/h5>\r\n                                    <\/div>\r\n                                <\/div>\r\n                            <\/div>\r\n                        \r\n                            <!-- News Block Ten -->\r\n                            <div class=\"news-block-ten col-lg-4 col-md-6 col-sm-12\">\r\n                                <div class=\"inner-box wow fadeInRight\" data-wow-delay=\"0ms\" data-wow-duration=\"1500ms\">\r\n                                    <div class=\"image\">\r\n                                        <a href=\"https:\/\/ntpark.me\/en\/news\/eit-info-day-opportunities-for-innovation-and-funding\/\"><img loading=\"lazy\" decoding=\"async\" width=\"480\" height=\"600\" src=\"https:\/\/ntpark.me\/wp-content\/uploads\/2026\/02\/EIT-Info-dan-04.-mart-26.png\" class=\"attachment-full size-full\" alt=\"\" srcset=\"https:\/\/ntpark.me\/wp-content\/uploads\/2026\/02\/EIT-Info-dan-04.-mart-26.png 480w, https:\/\/ntpark.me\/wp-content\/uploads\/2026\/02\/EIT-Info-dan-04.-mart-26-240x300.png 240w\" sizes=\"(max-width: 480px) 100vw, 480px\" \/><\/a>\r\n                                    <\/div>\r\n                                    <div class=\"lower-content\">\r\n                                        <ul class=\"post-meta\">\r\n                                            <li><span class=\"icon fal fa-user-alt\"><\/span>editor<\/li>\r\n                                            <li><span class=\"icon fal fa-calendar-alt\"><\/span>Feb 24, 2026<\/li>\r\n                                        <\/ul>\r\n                                        <h5><a href=\"https:\/\/ntpark.me\/en\/news\/eit-info-day-opportunities-for-innovation-and-funding\/\">EIT Info Day: Opportunities for Innovation and Funding<\/a><\/h5>\r\n                                    <\/div>\r\n                                <\/div>\r\n                            <\/div>\r\n                        \r\n                            <!-- News Block Ten -->\r\n                            <div class=\"news-block-ten col-lg-4 col-md-6 col-sm-12\">\r\n                                <div class=\"inner-box wow fadeInRight\" data-wow-delay=\"0ms\" data-wow-duration=\"1500ms\">\r\n                                    <div class=\"image\">\r\n                                        <a href=\"https:\/\/ntpark.me\/en\/news\/airofly-aion-oktokopter-prototip-letjelice-u-ntp-u\/\"><img loading=\"lazy\" decoding=\"async\" width=\"1800\" height=\"988\" src=\"https:\/\/ntpark.me\/wp-content\/uploads\/2026\/02\/3-1.jpg\" class=\"attachment-full size-full\" alt=\"\" srcset=\"https:\/\/ntpark.me\/wp-content\/uploads\/2026\/02\/3-1.jpg 1800w, https:\/\/ntpark.me\/wp-content\/uploads\/2026\/02\/3-1-300x165.jpg 300w, https:\/\/ntpark.me\/wp-content\/uploads\/2026\/02\/3-1-1024x562.jpg 1024w, https:\/\/ntpark.me\/wp-content\/uploads\/2026\/02\/3-1-768x422.jpg 768w, https:\/\/ntpark.me\/wp-content\/uploads\/2026\/02\/3-1-1536x843.jpg 1536w\" sizes=\"(max-width: 1800px) 100vw, 1800px\" \/><\/a>\r\n                                    <\/div>\r\n                                    <div class=\"lower-content\">\r\n                                        <ul class=\"post-meta\">\r\n                                            <li><span class=\"icon fal fa-user-alt\"><\/span>editor<\/li>\r\n                                            <li><span class=\"icon fal fa-calendar-alt\"><\/span>Feb 23, 2026<\/li>\r\n                                        <\/ul>\r\n                                        <h5><a href=\"https:\/\/ntpark.me\/en\/news\/airofly-aion-oktokopter-prototip-letjelice-u-ntp-u\/\">AIROFLY AION Octocopter \u2013 Aircraft Prototype at STP<\/a><\/h5>\r\n                                    <\/div>\r\n                                <\/div>\r\n                            <\/div>\r\n                        \r\n                            <!-- News Block Ten -->\r\n                            <div class=\"news-block-ten col-lg-4 col-md-6 col-sm-12\">\r\n                                <div class=\"inner-box wow fadeInRight\" data-wow-delay=\"0ms\" data-wow-duration=\"1500ms\">\r\n                                    <div class=\"image\">\r\n                                        <a href=\"https:\/\/ntpark.me\/en\/news\/genai-x-aws-obuka-za-razvoj-produkcionih-ai-sistema\/\"><img loading=\"lazy\" decoding=\"async\" width=\"480\" height=\"586\" src=\"https:\/\/ntpark.me\/wp-content\/uploads\/2026\/02\/GenAI-x-AWS-1.png\" class=\"attachment-full size-full\" alt=\"\" srcset=\"https:\/\/ntpark.me\/wp-content\/uploads\/2026\/02\/GenAI-x-AWS-1.png 480w, https:\/\/ntpark.me\/wp-content\/uploads\/2026\/02\/GenAI-x-AWS-1-246x300.png 246w\" sizes=\"(max-width: 480px) 100vw, 480px\" \/><\/a>\r\n                                    <\/div>\r\n                                    <div class=\"lower-content\">\r\n                                        <ul class=\"post-meta\">\r\n                                            <li><span class=\"icon fal fa-user-alt\"><\/span>editor<\/li>\r\n                                            <li><span class=\"icon fal fa-calendar-alt\"><\/span>Feb 18, 2026<\/li>\r\n                                        <\/ul>\r\n                                        <h5><a href=\"https:\/\/ntpark.me\/en\/news\/genai-x-aws-obuka-za-razvoj-produkcionih-ai-sistema\/\">GenAI x AWS \u2013 Training for Developing Production AI Systems<\/a><\/h5>\r\n                                    <\/div>\r\n                                <\/div>\r\n                            <\/div>\r\n                        \r\n                            <!-- News Block Ten -->\r\n                            <div class=\"news-block-ten col-lg-4 col-md-6 col-sm-12\">\r\n                                <div class=\"inner-box wow fadeInRight\" data-wow-delay=\"0ms\" data-wow-duration=\"1500ms\">\r\n                                    <div class=\"image\">\r\n                                        <a href=\"https:\/\/ntpark.me\/en\/news\/uspjesno-odrzana-radionica-pod-nazivom-razvoj-odrzivog-skladistenja-energije-u-crnoj-gori-politike-trziste-i-investicije\/\"><img loading=\"lazy\" decoding=\"async\" width=\"2560\" height=\"1920\" src=\"https:\/\/ntpark.me\/wp-content\/uploads\/2026\/02\/Photo-1-scaled.jpg\" class=\"attachment-full size-full\" alt=\"\" srcset=\"https:\/\/ntpark.me\/wp-content\/uploads\/2026\/02\/Photo-1-scaled.jpg 2560w, https:\/\/ntpark.me\/wp-content\/uploads\/2026\/02\/Photo-1-300x225.jpg 300w, https:\/\/ntpark.me\/wp-content\/uploads\/2026\/02\/Photo-1-1024x768.jpg 1024w, https:\/\/ntpark.me\/wp-content\/uploads\/2026\/02\/Photo-1-768x576.jpg 768w, https:\/\/ntpark.me\/wp-content\/uploads\/2026\/02\/Photo-1-1536x1152.jpg 1536w, https:\/\/ntpark.me\/wp-content\/uploads\/2026\/02\/Photo-1-2048x1536.jpg 2048w\" sizes=\"(max-width: 2560px) 100vw, 2560px\" \/><\/a>\r\n                                    <\/div>\r\n                                    <div class=\"lower-content\">\r\n                                        <ul class=\"post-meta\">\r\n                                            <li><span class=\"icon fal fa-user-alt\"><\/span>editor<\/li>\r\n                                            <li><span class=\"icon fal fa-calendar-alt\"><\/span>Feb 13, 2026<\/li>\r\n                                        <\/ul>\r\n                                        <h5><a href=\"https:\/\/ntpark.me\/en\/news\/uspjesno-odrzana-radionica-pod-nazivom-razvoj-odrzivog-skladistenja-energije-u-crnoj-gori-politike-trziste-i-investicije\/\">Successfully held workshop titled \u201cDevelopment of Sustainable Energy Storage in Montenegro \u2013 Policies, Market and Investments.\u201d<\/a><\/h5>\r\n                                    <\/div>\r\n                                <\/div>\r\n                            <\/div>\r\n                        \r\n                            <!-- News Block Ten -->\r\n                            <div class=\"news-block-ten col-lg-4 col-md-6 col-sm-12\">\r\n                                <div class=\"inner-box wow fadeInRight\" data-wow-delay=\"0ms\" data-wow-duration=\"1500ms\">\r\n                                    <div class=\"image\">\r\n                                        <a href=\"https:\/\/ntpark.me\/en\/news\/javni-poziv-za-ucesce-u-young-entrepreneurs-western-balkans-projektu-za-mlade-preduzetnike\/\"><img loading=\"lazy\" decoding=\"async\" width=\"1920\" height=\"1080\" src=\"https:\/\/ntpark.me\/wp-content\/uploads\/2026\/02\/sajt-YEB.png\" class=\"attachment-full size-full\" alt=\"\" srcset=\"https:\/\/ntpark.me\/wp-content\/uploads\/2026\/02\/sajt-YEB.png 1920w, https:\/\/ntpark.me\/wp-content\/uploads\/2026\/02\/sajt-YEB-300x169.png 300w, https:\/\/ntpark.me\/wp-content\/uploads\/2026\/02\/sajt-YEB-1024x576.png 1024w, https:\/\/ntpark.me\/wp-content\/uploads\/2026\/02\/sajt-YEB-768x432.png 768w, https:\/\/ntpark.me\/wp-content\/uploads\/2026\/02\/sajt-YEB-1536x864.png 1536w\" sizes=\"(max-width: 1920px) 100vw, 1920px\" \/><\/a>\r\n                                    <\/div>\r\n                                    <div class=\"lower-content\">\r\n                                        <ul class=\"post-meta\">\r\n                                            <li><span class=\"icon fal fa-user-alt\"><\/span>editor<\/li>\r\n                                            <li><span class=\"icon fal fa-calendar-alt\"><\/span>Feb 09, 2026<\/li>\r\n                                        <\/ul>\r\n                                        <h5><a href=\"https:\/\/ntpark.me\/en\/news\/javni-poziv-za-ucesce-u-young-entrepreneurs-western-balkans-projektu-za-mlade-preduzetnike\/\">Public Call for Participation in the Young Entrepreneurs Western Balkans Project for Young Entrepreneurs<\/a><\/h5>\r\n                                    <\/div>\r\n                                <\/div>\r\n                            <\/div>\r\n                        \r\n                            <!-- News Block Ten -->\r\n                            <div class=\"news-block-ten col-lg-4 col-md-6 col-sm-12\">\r\n                                <div class=\"inner-box wow fadeInRight\" data-wow-delay=\"0ms\" data-wow-duration=\"1500ms\">\r\n                                    <div class=\"image\">\r\n                                        <a href=\"https:\/\/ntpark.me\/en\/news\/direktorica-ntp-a-medu-autorima-analize-za-pametnu-specijalizaciju-crne-gore\/\"><img loading=\"lazy\" decoding=\"async\" width=\"1240\" height=\"952\" src=\"https:\/\/ntpark.me\/wp-content\/uploads\/2026\/02\/JRC145542_cover.jpg\" class=\"attachment-full size-full\" alt=\"\" srcset=\"https:\/\/ntpark.me\/wp-content\/uploads\/2026\/02\/JRC145542_cover.jpg 1240w, https:\/\/ntpark.me\/wp-content\/uploads\/2026\/02\/JRC145542_cover-300x230.jpg 300w, https:\/\/ntpark.me\/wp-content\/uploads\/2026\/02\/JRC145542_cover-1024x786.jpg 1024w, https:\/\/ntpark.me\/wp-content\/uploads\/2026\/02\/JRC145542_cover-768x590.jpg 768w\" sizes=\"(max-width: 1240px) 100vw, 1240px\" \/><\/a>\r\n                                    <\/div>\r\n                                    <div class=\"lower-content\">\r\n                                        <ul class=\"post-meta\">\r\n                                            <li><span class=\"icon fal fa-user-alt\"><\/span>editor<\/li>\r\n                                            <li><span class=\"icon fal fa-calendar-alt\"><\/span>Feb 09, 2026<\/li>\r\n                                        <\/ul>\r\n                                        <h5><a href=\"https:\/\/ntpark.me\/en\/news\/direktorica-ntp-a-medu-autorima-analize-za-pametnu-specijalizaciju-crne-gore\/\">The Director of STP among the authors of the analysis for Montenegro\u2019s Smart Specialization<\/a><\/h5>\r\n                                    <\/div>\r\n                                <\/div>\r\n                            <\/div>\r\n                        \r\n                            <!-- News Block Ten -->\r\n                            <div class=\"news-block-ten col-lg-4 col-md-6 col-sm-12\">\r\n                                <div class=\"inner-box wow fadeInRight\" data-wow-delay=\"0ms\" data-wow-duration=\"1500ms\">\r\n                                    <div class=\"image\">\r\n                                        <a href=\"https:\/\/ntpark.me\/en\/news\/djevojcice-u-ict-iju-kreativnost-i-tehnologija-bez-granica\/\"><img loading=\"lazy\" decoding=\"async\" width=\"1364\" height=\"818\" src=\"https:\/\/ntpark.me\/wp-content\/uploads\/2026\/02\/objaavaavvavavavav.jpg\" class=\"attachment-full size-full\" alt=\"\" srcset=\"https:\/\/ntpark.me\/wp-content\/uploads\/2026\/02\/objaavaavvavavavav.jpg 1364w, https:\/\/ntpark.me\/wp-content\/uploads\/2026\/02\/objaavaavvavavavav-300x180.jpg 300w, https:\/\/ntpark.me\/wp-content\/uploads\/2026\/02\/objaavaavvavavavav-1024x614.jpg 1024w, https:\/\/ntpark.me\/wp-content\/uploads\/2026\/02\/objaavaavvavavavav-768x461.jpg 768w\" sizes=\"(max-width: 1364px) 100vw, 1364px\" \/><\/a>\r\n                                    <\/div>\r\n                                    <div class=\"lower-content\">\r\n                                        <ul class=\"post-meta\">\r\n                                            <li><span class=\"icon fal fa-user-alt\"><\/span>editor<\/li>\r\n                                            <li><span class=\"icon fal fa-calendar-alt\"><\/span>Feb 06, 2026<\/li>\r\n                                        <\/ul>\r\n                                        <h5><a href=\"https:\/\/ntpark.me\/en\/news\/djevojcice-u-ict-iju-kreativnost-i-tehnologija-bez-granica\/\">Girls in ICT: Creativity and Technology Without Borders<\/a><\/h5>\r\n                                    <\/div>\r\n                                <\/div>\r\n                            <\/div>\r\n                        \r\n                            <!-- News Block Ten -->\r\n                            <div class=\"news-block-ten col-lg-4 col-md-6 col-sm-12\">\r\n                                <div class=\"inner-box wow fadeInRight\" data-wow-delay=\"0ms\" data-wow-duration=\"1500ms\">\r\n                                    <div class=\"image\">\r\n                                        <a href=\"https:\/\/ntpark.me\/en\/news\/poziv-za-iskazivanje-interesovanja-aim-innovation-week\/\"><img loading=\"lazy\" decoding=\"async\" width=\"750\" height=\"500\" src=\"https:\/\/ntpark.me\/wp-content\/uploads\/2026\/02\/EU-MNE-flags_0.jpg\" class=\"attachment-full size-full\" alt=\"\" srcset=\"https:\/\/ntpark.me\/wp-content\/uploads\/2026\/02\/EU-MNE-flags_0.jpg 750w, https:\/\/ntpark.me\/wp-content\/uploads\/2026\/02\/EU-MNE-flags_0-300x200.jpg 300w, https:\/\/ntpark.me\/wp-content\/uploads\/2026\/02\/EU-MNE-flags_0-200x132.jpg 200w\" sizes=\"(max-width: 750px) 100vw, 750px\" \/><\/a>\r\n                                    <\/div>\r\n                                    <div class=\"lower-content\">\r\n                                        <ul class=\"post-meta\">\r\n                                            <li><span class=\"icon fal fa-user-alt\"><\/span>editor<\/li>\r\n                                            <li><span class=\"icon fal fa-calendar-alt\"><\/span>Feb 06, 2026<\/li>\r\n                                        <\/ul>\r\n                                        <h5><a href=\"https:\/\/ntpark.me\/en\/news\/poziv-za-iskazivanje-interesovanja-aim-innovation-week\/\">Call for Expression of Interest \u2013 AIM Innovation Week<\/a><\/h5>\r\n                                    <\/div>\r\n                                <\/div>\r\n                            <\/div>\r\n                        \r\n                            <!-- News Block Ten -->\r\n                            <div class=\"news-block-ten col-lg-4 col-md-6 col-sm-12\">\r\n                                <div class=\"inner-box wow fadeInRight\" data-wow-delay=\"0ms\" data-wow-duration=\"1500ms\">\r\n                                    <div class=\"image\">\r\n                                        <a href=\"https:\/\/ntpark.me\/en\/news\/ntp-cg-ugostio-ucenike-srednje-mjesovite-skole-25-maj-i-medrese-mehmed-fatih-iz-tuzi\/\"><img loading=\"lazy\" decoding=\"async\" width=\"1600\" height=\"900\" src=\"https:\/\/ntpark.me\/wp-content\/uploads\/2026\/02\/nov.jpg\" class=\"attachment-full size-full\" alt=\"\" srcset=\"https:\/\/ntpark.me\/wp-content\/uploads\/2026\/02\/nov.jpg 1600w, https:\/\/ntpark.me\/wp-content\/uploads\/2026\/02\/nov-300x169.jpg 300w, https:\/\/ntpark.me\/wp-content\/uploads\/2026\/02\/nov-1024x576.jpg 1024w, https:\/\/ntpark.me\/wp-content\/uploads\/2026\/02\/nov-768x432.jpg 768w, https:\/\/ntpark.me\/wp-content\/uploads\/2026\/02\/nov-1536x864.jpg 1536w\" sizes=\"(max-width: 1600px) 100vw, 1600px\" \/><\/a>\r\n                                    <\/div>\r\n                                    <div class=\"lower-content\">\r\n                                        <ul class=\"post-meta\">\r\n                                            <li><span class=\"icon fal fa-user-alt\"><\/span>editor<\/li>\r\n                                            <li><span class=\"icon fal fa-calendar-alt\"><\/span>Feb 05, 2026<\/li>\r\n                                        <\/ul>\r\n                                        <h5><a href=\"https:\/\/ntpark.me\/en\/news\/ntp-cg-ugostio-ucenike-srednje-mjesovite-skole-25-maj-i-medrese-mehmed-fatih-iz-tuzi\/\">STP Montenegro hosted students of the Secondary Mixed School \u201c25. maj\u201d and the \u201cMehmed Fatih\u201d Madrasa from Tuzi<\/a><\/h5>\r\n                                    <\/div>\r\n                                <\/div>\r\n                            <\/div>\r\n                        \r\n                            <!-- News Block Ten -->\r\n                            <div class=\"news-block-ten col-lg-4 col-md-6 col-sm-12\">\r\n                                <div class=\"inner-box wow fadeInRight\" data-wow-delay=\"0ms\" data-wow-duration=\"1500ms\">\r\n                                    <div class=\"image\">\r\n                                        <a href=\"https:\/\/ntpark.me\/en\/news\/ntp-cg-i-savjet-stranih-investitora-potpisali-memorandum-o-saradnji\/\"><img loading=\"lazy\" decoding=\"async\" width=\"2560\" height=\"1709\" src=\"https:\/\/ntpark.me\/wp-content\/uploads\/2026\/02\/HF5A3048-scaled.jpg\" class=\"attachment-full size-full\" alt=\"\" srcset=\"https:\/\/ntpark.me\/wp-content\/uploads\/2026\/02\/HF5A3048-scaled.jpg 2560w, https:\/\/ntpark.me\/wp-content\/uploads\/2026\/02\/HF5A3048-300x200.jpg 300w, https:\/\/ntpark.me\/wp-content\/uploads\/2026\/02\/HF5A3048-1024x683.jpg 1024w, https:\/\/ntpark.me\/wp-content\/uploads\/2026\/02\/HF5A3048-768x513.jpg 768w, https:\/\/ntpark.me\/wp-content\/uploads\/2026\/02\/HF5A3048-1536x1025.jpg 1536w, https:\/\/ntpark.me\/wp-content\/uploads\/2026\/02\/HF5A3048-2048x1367.jpg 2048w\" sizes=\"(max-width: 2560px) 100vw, 2560px\" \/><\/a>\r\n                                    <\/div>\r\n                                    <div class=\"lower-content\">\r\n                                        <ul class=\"post-meta\">\r\n                                            <li><span class=\"icon fal fa-user-alt\"><\/span>editor<\/li>\r\n                                            <li><span class=\"icon fal fa-calendar-alt\"><\/span>Feb 05, 2026<\/li>\r\n                                        <\/ul>\r\n                                        <h5><a href=\"https:\/\/ntpark.me\/en\/news\/ntp-cg-i-savjet-stranih-investitora-potpisali-memorandum-o-saradnji\/\">STP MNE and the Foreign Investors Council Sign a Memorandum of Understanding<\/a><\/h5>\r\n                                    <\/div>\r\n                                <\/div>\r\n                            <\/div>\r\n                        \r\n                            <!-- News Block Ten -->\r\n                            <div class=\"news-block-ten col-lg-4 col-md-6 col-sm-12\">\r\n                                <div class=\"inner-box wow fadeInRight\" data-wow-delay=\"0ms\" data-wow-duration=\"1500ms\">\r\n                                    <div class=\"image\">\r\n                                        <a href=\"https:\/\/ntpark.me\/en\/news\/inovacije-i-digitalna-transformacija-ntp-i-mtel-potpisali-memorandum-o-saradnji\/\"><img loading=\"lazy\" decoding=\"async\" width=\"2048\" height=\"1411\" src=\"https:\/\/ntpark.me\/wp-content\/uploads\/2026\/02\/lll.webp\" class=\"attachment-full size-full\" alt=\"\" srcset=\"https:\/\/ntpark.me\/wp-content\/uploads\/2026\/02\/lll.webp 2048w, https:\/\/ntpark.me\/wp-content\/uploads\/2026\/02\/lll-300x207.webp 300w, https:\/\/ntpark.me\/wp-content\/uploads\/2026\/02\/lll-1024x706.webp 1024w, https:\/\/ntpark.me\/wp-content\/uploads\/2026\/02\/lll-768x529.webp 768w, https:\/\/ntpark.me\/wp-content\/uploads\/2026\/02\/lll-1536x1058.webp 1536w, https:\/\/ntpark.me\/wp-content\/uploads\/2026\/02\/lll-365x252.webp 365w\" sizes=\"(max-width: 2048px) 100vw, 2048px\" \/><\/a>\r\n                                    <\/div>\r\n                                    <div class=\"lower-content\">\r\n                                        <ul class=\"post-meta\">\r\n                                            <li><span class=\"icon fal fa-user-alt\"><\/span>editor<\/li>\r\n                                            <li><span class=\"icon fal fa-calendar-alt\"><\/span>Feb 05, 2026<\/li>\r\n                                        <\/ul>\r\n                                        <h5><a href=\"https:\/\/ntpark.me\/en\/news\/inovacije-i-digitalna-transformacija-ntp-i-mtel-potpisali-memorandum-o-saradnji\/\">Innovation and Digital Transformation: STP and MTEL Sign a Memorandum of Understanding<\/a><\/h5>\r\n                                    <\/div>\r\n                                <\/div>\r\n                            <\/div>\r\n                        \r\n                            <!-- News Block Ten -->\r\n                            <div class=\"news-block-ten col-lg-4 col-md-6 col-sm-12\">\r\n                                <div class=\"inner-box wow fadeInRight\" data-wow-delay=\"0ms\" data-wow-duration=\"1500ms\">\r\n                                    <div class=\"image\">\r\n                                        <a href=\"https:\/\/ntpark.me\/en\/news\/odrzan-strucni-skup-o-primjeni-novog-zakona-o-privrednim-drustvima-i-zakona-o-registraciji-privrednih-subjekata-u-crnoj-gori\/\"><img loading=\"lazy\" decoding=\"async\" width=\"1800\" height=\"1350\" src=\"https:\/\/ntpark.me\/wp-content\/uploads\/2026\/01\/viber_image_2026-01-29_10-14-09-421.jpg\" class=\"attachment-full size-full\" alt=\"\" srcset=\"https:\/\/ntpark.me\/wp-content\/uploads\/2026\/01\/viber_image_2026-01-29_10-14-09-421.jpg 1800w, https:\/\/ntpark.me\/wp-content\/uploads\/2026\/01\/viber_image_2026-01-29_10-14-09-421-300x225.jpg 300w, https:\/\/ntpark.me\/wp-content\/uploads\/2026\/01\/viber_image_2026-01-29_10-14-09-421-1024x768.jpg 1024w, https:\/\/ntpark.me\/wp-content\/uploads\/2026\/01\/viber_image_2026-01-29_10-14-09-421-768x576.jpg 768w, https:\/\/ntpark.me\/wp-content\/uploads\/2026\/01\/viber_image_2026-01-29_10-14-09-421-1536x1152.jpg 1536w\" sizes=\"(max-width: 1800px) 100vw, 1800px\" \/><\/a>\r\n                                    <\/div>\r\n                                    <div class=\"lower-content\">\r\n                                        <ul class=\"post-meta\">\r\n                                            <li><span class=\"icon fal fa-user-alt\"><\/span>editor<\/li>\r\n                                            <li><span class=\"icon fal fa-calendar-alt\"><\/span>Jan 29, 2026<\/li>\r\n                                        <\/ul>\r\n                                        <h5><a href=\"https:\/\/ntpark.me\/en\/news\/odrzan-strucni-skup-o-primjeni-novog-zakona-o-privrednim-drustvima-i-zakona-o-registraciji-privrednih-subjekata-u-crnoj-gori\/\">A professional workshop was held on the application of the new Law on Business Companies and the Law on Registration of Business Entities in Montenegro<\/a><\/h5>\r\n                                    <\/div>\r\n                                <\/div>\r\n                            <\/div>\r\n                        \r\n                            <!-- News Block Ten -->\r\n                            <div class=\"news-block-ten col-lg-4 col-md-6 col-sm-12\">\r\n                                <div class=\"inner-box wow fadeInRight\" data-wow-delay=\"0ms\" data-wow-duration=\"1500ms\">\r\n                                    <div class=\"image\">\r\n                                        <a href=\"https:\/\/ntpark.me\/en\/news\/storemore-razvoj-odrzivog-skladistenja-energije-u-crnoj-gori-politike-trziste-i-investicije\/\"><img loading=\"lazy\" decoding=\"async\" width=\"846\" height=\"266\" src=\"https:\/\/ntpark.me\/wp-content\/uploads\/2026\/01\/StoreMore_Logo.png\" class=\"attachment-full size-full\" alt=\"\" srcset=\"https:\/\/ntpark.me\/wp-content\/uploads\/2026\/01\/StoreMore_Logo.png 846w, https:\/\/ntpark.me\/wp-content\/uploads\/2026\/01\/StoreMore_Logo-300x94.png 300w, https:\/\/ntpark.me\/wp-content\/uploads\/2026\/01\/StoreMore_Logo-768x241.png 768w\" sizes=\"(max-width: 846px) 100vw, 846px\" \/><\/a>\r\n                                    <\/div>\r\n                                    <div class=\"lower-content\">\r\n                                        <ul class=\"post-meta\">\r\n                                            <li><span class=\"icon fal fa-user-alt\"><\/span>editor<\/li>\r\n                                            <li><span class=\"icon fal fa-calendar-alt\"><\/span>Jan 29, 2026<\/li>\r\n                                        <\/ul>\r\n                                        <h5><a href=\"https:\/\/ntpark.me\/en\/news\/storemore-razvoj-odrzivog-skladistenja-energije-u-crnoj-gori-politike-trziste-i-investicije\/\">StoreMore: Development of Sustainable Energy Storage in Montenegro \u2013 Policies, Market, and Investments<\/a><\/h5>\r\n                                    <\/div>\r\n                                <\/div>\r\n                            <\/div>\r\n                        \r\n                            <!-- News Block Ten -->\r\n                            <div class=\"news-block-ten col-lg-4 col-md-6 col-sm-12\">\r\n                                <div class=\"inner-box wow fadeInRight\" data-wow-delay=\"0ms\" data-wow-duration=\"1500ms\">\r\n                                    <div class=\"image\">\r\n                                        <a href=\"https:\/\/ntpark.me\/en\/news\/best-innovation-startup-development-hub-2025-priznanje-za-ntp-crne-gore\/\"><img loading=\"lazy\" decoding=\"async\" width=\"929\" height=\"387\" src=\"https:\/\/ntpark.me\/wp-content\/uploads\/2026\/01\/nagrada_page-0001.jpg\" class=\"attachment-full size-full\" alt=\"\" srcset=\"https:\/\/ntpark.me\/wp-content\/uploads\/2026\/01\/nagrada_page-0001.jpg 929w, https:\/\/ntpark.me\/wp-content\/uploads\/2026\/01\/nagrada_page-0001-300x125.jpg 300w, https:\/\/ntpark.me\/wp-content\/uploads\/2026\/01\/nagrada_page-0001-768x320.jpg 768w, https:\/\/ntpark.me\/wp-content\/uploads\/2026\/01\/nagrada_page-0001-572x237.jpg 572w\" sizes=\"(max-width: 929px) 100vw, 929px\" \/><\/a>\r\n                                    <\/div>\r\n                                    <div class=\"lower-content\">\r\n                                        <ul class=\"post-meta\">\r\n                                            <li><span class=\"icon fal fa-user-alt\"><\/span>editor<\/li>\r\n                                            <li><span class=\"icon fal fa-calendar-alt\"><\/span>Jan 23, 2026<\/li>\r\n                                        <\/ul>\r\n                                        <h5><a href=\"https:\/\/ntpark.me\/en\/news\/best-innovation-startup-development-hub-2025-priznanje-za-ntp-crne-gore\/\">Best Innovation &#038; Startup Development Hub 2025 \u2013 Recognition for the Montenegro Science and Technology Park<\/a><\/h5>\r\n                                    <\/div>\r\n                                <\/div>\r\n                            <\/div>\r\n                        \r\n                            <!-- News Block Ten -->\r\n                            <div class=\"news-block-ten col-lg-4 col-md-6 col-sm-12\">\r\n                                <div class=\"inner-box wow fadeInRight\" data-wow-delay=\"0ms\" data-wow-duration=\"1500ms\">\r\n                                    <div class=\"image\">\r\n                                        <a href=\"https:\/\/ntpark.me\/en\/news\/otvorene-prijave-za-nagradni-konkurs-wipo-global-awards-2026\/\"><img loading=\"lazy\" decoding=\"async\" width=\"697\" height=\"371\" src=\"https:\/\/ntpark.me\/wp-content\/uploads\/2026\/01\/image014.png\" class=\"attachment-full size-full\" alt=\"\" srcset=\"https:\/\/ntpark.me\/wp-content\/uploads\/2026\/01\/image014.png 697w, https:\/\/ntpark.me\/wp-content\/uploads\/2026\/01\/image014-300x160.png 300w\" sizes=\"(max-width: 697px) 100vw, 697px\" \/><\/a>\r\n                                    <\/div>\r\n                                    <div class=\"lower-content\">\r\n                                        <ul class=\"post-meta\">\r\n                                            <li><span class=\"icon fal fa-user-alt\"><\/span>editor<\/li>\r\n                                            <li><span class=\"icon fal fa-calendar-alt\"><\/span>Jan 23, 2026<\/li>\r\n                                        <\/ul>\r\n                                        <h5><a href=\"https:\/\/ntpark.me\/en\/news\/otvorene-prijave-za-nagradni-konkurs-wipo-global-awards-2026\/\">Applications Open for the WIPO Global Awards 2026<\/a><\/h5>\r\n                                    <\/div>\r\n                                <\/div>\r\n                            <\/div>\r\n                        \r\n                            <!-- News Block Ten -->\r\n                            <div class=\"news-block-ten col-lg-4 col-md-6 col-sm-12\">\r\n                                <div class=\"inner-box wow fadeInRight\" data-wow-delay=\"0ms\" data-wow-duration=\"1500ms\">\r\n                                    <div class=\"image\">\r\n                                        <a href=\"https:\/\/ntpark.me\/en\/news\/ntp-cg-i-partneri-jacaju-institucionalnu-podrsku-zenama-preduzetnicamapotpisan-sporazum-o-saradnji-u-okviru-projekta-zig-zenski-biznis\/\"><img loading=\"lazy\" decoding=\"async\" width=\"2560\" height=\"1731\" src=\"https:\/\/ntpark.me\/wp-content\/uploads\/2026\/01\/HF5A2729-scaled.jpg\" class=\"attachment-full size-full\" alt=\"\" srcset=\"https:\/\/ntpark.me\/wp-content\/uploads\/2026\/01\/HF5A2729-scaled.jpg 2560w, https:\/\/ntpark.me\/wp-content\/uploads\/2026\/01\/HF5A2729-300x203.jpg 300w, https:\/\/ntpark.me\/wp-content\/uploads\/2026\/01\/HF5A2729-1024x692.jpg 1024w, https:\/\/ntpark.me\/wp-content\/uploads\/2026\/01\/HF5A2729-768x519.jpg 768w, https:\/\/ntpark.me\/wp-content\/uploads\/2026\/01\/HF5A2729-1536x1038.jpg 1536w, https:\/\/ntpark.me\/wp-content\/uploads\/2026\/01\/HF5A2729-2048x1384.jpg 2048w\" sizes=\"(max-width: 2560px) 100vw, 2560px\" \/><\/a>\r\n                                    <\/div>\r\n                                    <div class=\"lower-content\">\r\n                                        <ul class=\"post-meta\">\r\n                                            <li><span class=\"icon fal fa-user-alt\"><\/span>editor<\/li>\r\n                                            <li><span class=\"icon fal fa-calendar-alt\"><\/span>Jan 22, 2026<\/li>\r\n                                        <\/ul>\r\n                                        <h5><a href=\"https:\/\/ntpark.me\/en\/news\/ntp-cg-i-partneri-jacaju-institucionalnu-podrsku-zenama-preduzetnicamapotpisan-sporazum-o-saradnji-u-okviru-projekta-zig-zenski-biznis\/\">Montenegro Science and Technology Park and partners strengthen institutional support for women entrepreneurs within the \u017dIG project \u201cWomen\u2019s Business.\u201d<\/a><\/h5>\r\n                                    <\/div>\r\n                                <\/div>\r\n                            <\/div>\r\n                        \r\n                            <!-- News Block Ten -->\r\n                            <div class=\"news-block-ten col-lg-4 col-md-6 col-sm-12\">\r\n                                <div class=\"inner-box wow fadeInRight\" data-wow-delay=\"0ms\" data-wow-duration=\"1500ms\">\r\n                                    <div class=\"image\">\r\n                                        <a href=\"https:\/\/ntpark.me\/en\/news\/3d-design-workshop-od-ideje-do-stampe\/\"><img loading=\"lazy\" decoding=\"async\" width=\"1080\" height=\"720\" src=\"https:\/\/ntpark.me\/wp-content\/uploads\/2026\/01\/Workshop-1080-x-720-px.jpg\" class=\"attachment-full size-full\" alt=\"\" srcset=\"https:\/\/ntpark.me\/wp-content\/uploads\/2026\/01\/Workshop-1080-x-720-px.jpg 1080w, https:\/\/ntpark.me\/wp-content\/uploads\/2026\/01\/Workshop-1080-x-720-px-300x200.jpg 300w, https:\/\/ntpark.me\/wp-content\/uploads\/2026\/01\/Workshop-1080-x-720-px-1024x683.jpg 1024w, https:\/\/ntpark.me\/wp-content\/uploads\/2026\/01\/Workshop-1080-x-720-px-768x512.jpg 768w, https:\/\/ntpark.me\/wp-content\/uploads\/2026\/01\/Workshop-1080-x-720-px-200x132.jpg 200w\" sizes=\"(max-width: 1080px) 100vw, 1080px\" \/><\/a>\r\n                                    <\/div>\r\n                                    <div class=\"lower-content\">\r\n                                        <ul class=\"post-meta\">\r\n                                            <li><span class=\"icon fal fa-user-alt\"><\/span>editor<\/li>\r\n                                            <li><span class=\"icon fal fa-calendar-alt\"><\/span>Jan 20, 2026<\/li>\r\n                                        <\/ul>\r\n                                        <h5><a href=\"https:\/\/ntpark.me\/en\/news\/3d-design-workshop-od-ideje-do-stampe\/\">3D Design Workshop \u2013 From Idea to Print<\/a><\/h5>\r\n                                    <\/div>\r\n                                <\/div>\r\n                            <\/div>\r\n                        \r\n                            <!-- News Block Ten -->\r\n                            <div class=\"news-block-ten col-lg-4 col-md-6 col-sm-12\">\r\n                                <div class=\"inner-box wow fadeInRight\" data-wow-delay=\"0ms\" data-wow-duration=\"1500ms\">\r\n                                    <div class=\"image\">\r\n                                        <a href=\"https:\/\/ntpark.me\/en\/news\/naucno-tehnoloski-park-crne-gore-postao-sjediste-nacionalne-kancelarije-za-program-horizont-evropa\/\"><img loading=\"lazy\" decoding=\"async\" width=\"949\" height=\"649\" src=\"https:\/\/ntpark.me\/wp-content\/uploads\/2026\/01\/x.jpg\" class=\"attachment-full size-full\" alt=\"\" srcset=\"https:\/\/ntpark.me\/wp-content\/uploads\/2026\/01\/x.jpg 949w, https:\/\/ntpark.me\/wp-content\/uploads\/2026\/01\/x-300x205.jpg 300w, https:\/\/ntpark.me\/wp-content\/uploads\/2026\/01\/x-768x525.jpg 768w\" sizes=\"(max-width: 949px) 100vw, 949px\" \/><\/a>\r\n                                    <\/div>\r\n                                    <div class=\"lower-content\">\r\n                                        <ul class=\"post-meta\">\r\n                                            <li><span class=\"icon fal fa-user-alt\"><\/span>editor<\/li>\r\n                                            <li><span class=\"icon fal fa-calendar-alt\"><\/span>Jan 14, 2026<\/li>\r\n                                        <\/ul>\r\n                                        <h5><a href=\"https:\/\/ntpark.me\/en\/news\/naucno-tehnoloski-park-crne-gore-postao-sjediste-nacionalne-kancelarije-za-program-horizont-evropa\/\">Science and Technology Park of Montenegro has become the headquarters of the National Office for the Horizon Europe programme<\/a><\/h5>\r\n                                    <\/div>\r\n                                <\/div>\r\n                            <\/div>\r\n                        \r\n                            <!-- News Block Ten -->\r\n                            <div class=\"news-block-ten col-lg-4 col-md-6 col-sm-12\">\r\n                                <div class=\"inner-box wow fadeInRight\" data-wow-delay=\"0ms\" data-wow-duration=\"1500ms\">\r\n                                    <div class=\"image\">\r\n                                        <a href=\"https:\/\/ntpark.me\/en\/news\/naucno-tehnoloski-park-crne-gore-i-program-ujedinjenih-nacija-za-razvoj-potpisali-memorandum-o-razumijevanju\/\"><img loading=\"lazy\" decoding=\"async\" width=\"2560\" height=\"1558\" src=\"https:\/\/ntpark.me\/wp-content\/uploads\/2025\/12\/DSC_1443-scaled.jpg\" class=\"attachment-full size-full\" alt=\"\" srcset=\"https:\/\/ntpark.me\/wp-content\/uploads\/2025\/12\/DSC_1443-scaled.jpg 2560w, https:\/\/ntpark.me\/wp-content\/uploads\/2025\/12\/DSC_1443-300x183.jpg 300w, https:\/\/ntpark.me\/wp-content\/uploads\/2025\/12\/DSC_1443-1024x623.jpg 1024w, https:\/\/ntpark.me\/wp-content\/uploads\/2025\/12\/DSC_1443-768x467.jpg 768w, https:\/\/ntpark.me\/wp-content\/uploads\/2025\/12\/DSC_1443-1536x935.jpg 1536w, https:\/\/ntpark.me\/wp-content\/uploads\/2025\/12\/DSC_1443-2048x1247.jpg 2048w\" sizes=\"(max-width: 2560px) 100vw, 2560px\" \/><\/a>\r\n                                    <\/div>\r\n                                    <div class=\"lower-content\">\r\n                                        <ul class=\"post-meta\">\r\n                                            <li><span class=\"icon fal fa-user-alt\"><\/span>editor<\/li>\r\n                                            <li><span class=\"icon fal fa-calendar-alt\"><\/span>Dec 29, 2025<\/li>\r\n                                        <\/ul>\r\n                                        <h5><a href=\"https:\/\/ntpark.me\/en\/news\/naucno-tehnoloski-park-crne-gore-i-program-ujedinjenih-nacija-za-razvoj-potpisali-memorandum-o-razumijevanju\/\">The Science and Technology Park of Montenegro and the United Nations Development Programme signed a Memorandum of Understanding<\/a><\/h5>\r\n                                    <\/div>\r\n                                <\/div>\r\n                            <\/div>\r\n                        \r\n                            <!-- News Block Ten -->\r\n                            <div class=\"news-block-ten col-lg-4 col-md-6 col-sm-12\">\r\n                                <div class=\"inner-box wow fadeInRight\" data-wow-delay=\"0ms\" data-wow-duration=\"1500ms\">\r\n                                    <div class=\"image\">\r\n                                        <a href=\"https:\/\/ntpark.me\/en\/news\/novogodisnji-koktel-naucno-tehnoloskog-parka-crne-gore\/\"><img loading=\"lazy\" decoding=\"async\" width=\"2560\" height=\"2415\" src=\"https:\/\/ntpark.me\/wp-content\/uploads\/2025\/12\/IMG_4823-scaled.jpg\" class=\"attachment-full size-full\" alt=\"\" srcset=\"https:\/\/ntpark.me\/wp-content\/uploads\/2025\/12\/IMG_4823-scaled.jpg 2560w, https:\/\/ntpark.me\/wp-content\/uploads\/2025\/12\/IMG_4823-300x283.jpg 300w, https:\/\/ntpark.me\/wp-content\/uploads\/2025\/12\/IMG_4823-1024x966.jpg 1024w, https:\/\/ntpark.me\/wp-content\/uploads\/2025\/12\/IMG_4823-768x725.jpg 768w, https:\/\/ntpark.me\/wp-content\/uploads\/2025\/12\/IMG_4823-1536x1449.jpg 1536w, https:\/\/ntpark.me\/wp-content\/uploads\/2025\/12\/IMG_4823-2048x1932.jpg 2048w\" sizes=\"(max-width: 2560px) 100vw, 2560px\" \/><\/a>\r\n                                    <\/div>\r\n                                    <div class=\"lower-content\">\r\n                                        <ul class=\"post-meta\">\r\n                                            <li><span class=\"icon fal fa-user-alt\"><\/span>editor<\/li>\r\n                                            <li><span class=\"icon fal fa-calendar-alt\"><\/span>Dec 25, 2025<\/li>\r\n                                        <\/ul>\r\n                                        <h5><a href=\"https:\/\/ntpark.me\/en\/news\/novogodisnji-koktel-naucno-tehnoloskog-parka-crne-gore\/\">New Year\u2019s Cocktail of the Montenegro Science and Technology Park<\/a><\/h5>\r\n                                    <\/div>\r\n                                <\/div>\r\n                            <\/div>\r\n                        \r\n                            <!-- News Block Ten -->\r\n                            <div class=\"news-block-ten col-lg-4 col-md-6 col-sm-12\">\r\n                                <div class=\"inner-box wow fadeInRight\" data-wow-delay=\"0ms\" data-wow-duration=\"1500ms\">\r\n                                    <div class=\"image\">\r\n                                        <a href=\"https:\/\/ntpark.me\/en\/news\/sinergija-nauke-i-privrede-prvi-mikrocip-dizajniran-u-crnoj-gori-predstavljen-u-ntp-u\/\"><img loading=\"lazy\" decoding=\"async\" width=\"2560\" height=\"1879\" src=\"https:\/\/ntpark.me\/wp-content\/uploads\/2025\/12\/IMG_4637-scaled.jpg\" class=\"attachment-full size-full\" alt=\"\" srcset=\"https:\/\/ntpark.me\/wp-content\/uploads\/2025\/12\/IMG_4637-scaled.jpg 2560w, https:\/\/ntpark.me\/wp-content\/uploads\/2025\/12\/IMG_4637-300x220.jpg 300w, https:\/\/ntpark.me\/wp-content\/uploads\/2025\/12\/IMG_4637-1024x752.jpg 1024w, https:\/\/ntpark.me\/wp-content\/uploads\/2025\/12\/IMG_4637-768x564.jpg 768w, https:\/\/ntpark.me\/wp-content\/uploads\/2025\/12\/IMG_4637-1536x1128.jpg 1536w, https:\/\/ntpark.me\/wp-content\/uploads\/2025\/12\/IMG_4637-2048x1503.jpg 2048w\" sizes=\"(max-width: 2560px) 100vw, 2560px\" \/><\/a>\r\n                                    <\/div>\r\n                                    <div class=\"lower-content\">\r\n                                        <ul class=\"post-meta\">\r\n                                            <li><span class=\"icon fal fa-user-alt\"><\/span>editor<\/li>\r\n                                            <li><span class=\"icon fal fa-calendar-alt\"><\/span>Dec 25, 2025<\/li>\r\n                                        <\/ul>\r\n                                        <h5><a href=\"https:\/\/ntpark.me\/en\/news\/sinergija-nauke-i-privrede-prvi-mikrocip-dizajniran-u-crnoj-gori-predstavljen-u-ntp-u\/\">Synergy of Science and Industry: The First Microchip Designed in Montenegro Presented at the Science and Technology Park<\/a><\/h5>\r\n                                    <\/div>\r\n                                <\/div>\r\n                            <\/div>\r\n                        \r\n                            <!-- News Block Ten -->\r\n                            <div class=\"news-block-ten col-lg-4 col-md-6 col-sm-12\">\r\n                                <div class=\"inner-box wow fadeInRight\" data-wow-delay=\"0ms\" data-wow-duration=\"1500ms\">\r\n                                    <div class=\"image\">\r\n                                        <a href=\"https:\/\/ntpark.me\/en\/news\/uspjesno-zavrsen-safehack-hakaton-ucenici-kreirali-rjesenja-za-siguran-prostor-bez-nasilja\/\"><img loading=\"lazy\" decoding=\"async\" width=\"1359\" height=\"875\" src=\"https:\/\/ntpark.me\/wp-content\/uploads\/2025\/12\/konacna.jpg\" class=\"attachment-full size-full\" alt=\"\" srcset=\"https:\/\/ntpark.me\/wp-content\/uploads\/2025\/12\/konacna.jpg 1359w, https:\/\/ntpark.me\/wp-content\/uploads\/2025\/12\/konacna-300x193.jpg 300w, https:\/\/ntpark.me\/wp-content\/uploads\/2025\/12\/konacna-1024x659.jpg 1024w, https:\/\/ntpark.me\/wp-content\/uploads\/2025\/12\/konacna-768x494.jpg 768w\" sizes=\"(max-width: 1359px) 100vw, 1359px\" \/><\/a>\r\n                                    <\/div>\r\n                                    <div class=\"lower-content\">\r\n                                        <ul class=\"post-meta\">\r\n                                            <li><span class=\"icon fal fa-user-alt\"><\/span>editor<\/li>\r\n                                            <li><span class=\"icon fal fa-calendar-alt\"><\/span>Dec 19, 2025<\/li>\r\n                                        <\/ul>\r\n                                        <h5><a href=\"https:\/\/ntpark.me\/en\/news\/uspjesno-zavrsen-safehack-hakaton-ucenici-kreirali-rjesenja-za-siguran-prostor-bez-nasilja\/\">Successful Completion of the SafeHack Hackathon: Students Developed Solutions for a Safe, Violence-Free Space<\/a><\/h5>\r\n                                    <\/div>\r\n                                <\/div>\r\n                            <\/div>\r\n                        \r\n                            <!-- News Block Ten -->\r\n                            <div class=\"news-block-ten col-lg-4 col-md-6 col-sm-12\">\r\n                                <div class=\"inner-box wow fadeInRight\" data-wow-delay=\"0ms\" data-wow-duration=\"1500ms\">\r\n                                    <div class=\"image\">\r\n                                        <a href=\"https:\/\/ntpark.me\/en\/news\/inno-bootcamp-osvrt-na-program-rane-predakceleracije-i-iskustva-ucesnika\/\"><img loading=\"lazy\" decoding=\"async\" width=\"2560\" height=\"1707\" src=\"https:\/\/ntpark.me\/wp-content\/uploads\/2025\/12\/SL__3558-scaled.jpg\" class=\"attachment-full size-full\" alt=\"\" srcset=\"https:\/\/ntpark.me\/wp-content\/uploads\/2025\/12\/SL__3558-scaled.jpg 2560w, https:\/\/ntpark.me\/wp-content\/uploads\/2025\/12\/SL__3558-300x200.jpg 300w, https:\/\/ntpark.me\/wp-content\/uploads\/2025\/12\/SL__3558-1024x683.jpg 1024w, https:\/\/ntpark.me\/wp-content\/uploads\/2025\/12\/SL__3558-768x512.jpg 768w, https:\/\/ntpark.me\/wp-content\/uploads\/2025\/12\/SL__3558-1536x1024.jpg 1536w, https:\/\/ntpark.me\/wp-content\/uploads\/2025\/12\/SL__3558-2048x1365.jpg 2048w, https:\/\/ntpark.me\/wp-content\/uploads\/2025\/12\/SL__3558-200x132.jpg 200w\" sizes=\"(max-width: 2560px) 100vw, 2560px\" \/><\/a>\r\n                                    <\/div>\r\n                                    <div class=\"lower-content\">\r\n                                        <ul class=\"post-meta\">\r\n                                            <li><span class=\"icon fal fa-user-alt\"><\/span>milica.bozovic<\/li>\r\n                                            <li><span class=\"icon fal fa-calendar-alt\"><\/span>Dec 18, 2025<\/li>\r\n                                        <\/ul>\r\n                                        <h5><a href=\"https:\/\/ntpark.me\/en\/news\/inno-bootcamp-osvrt-na-program-rane-predakceleracije-i-iskustva-ucesnika\/\">Inno-BootCamp \u2013 an overview of the early pre-acceleration program and participants\u2019 experiences<\/a><\/h5>\r\n                                    <\/div>\r\n                                <\/div>\r\n                            <\/div>\r\n                        \r\n                            <!-- News Block Ten -->\r\n                            <div class=\"news-block-ten col-lg-4 col-md-6 col-sm-12\">\r\n                                <div class=\"inner-box wow fadeInRight\" data-wow-delay=\"0ms\" data-wow-duration=\"1500ms\">\r\n                                    <div class=\"image\">\r\n                                        <a href=\"https:\/\/ntpark.me\/en\/news\/finalni-dan-innofin-hakatona-2025-odrzan-10-decembra-u-naucno-tehnoloskom-parku-crne-gore\/\"><img loading=\"lazy\" decoding=\"async\" width=\"2560\" height=\"1303\" src=\"https:\/\/ntpark.me\/wp-content\/uploads\/2025\/12\/new-scaled.jpg\" class=\"attachment-full size-full\" alt=\"\" srcset=\"https:\/\/ntpark.me\/wp-content\/uploads\/2025\/12\/new-scaled.jpg 2560w, https:\/\/ntpark.me\/wp-content\/uploads\/2025\/12\/new-300x153.jpg 300w, https:\/\/ntpark.me\/wp-content\/uploads\/2025\/12\/new-1024x521.jpg 1024w, https:\/\/ntpark.me\/wp-content\/uploads\/2025\/12\/new-768x391.jpg 768w, https:\/\/ntpark.me\/wp-content\/uploads\/2025\/12\/new-1536x782.jpg 1536w, https:\/\/ntpark.me\/wp-content\/uploads\/2025\/12\/new-2048x1042.jpg 2048w\" sizes=\"(max-width: 2560px) 100vw, 2560px\" \/><\/a>\r\n                                    <\/div>\r\n                                    <div class=\"lower-content\">\r\n                                        <ul class=\"post-meta\">\r\n                                            <li><span class=\"icon fal fa-user-alt\"><\/span>editor<\/li>\r\n                                            <li><span class=\"icon fal fa-calendar-alt\"><\/span>Dec 15, 2025<\/li>\r\n                                        <\/ul>\r\n                                        <h5><a href=\"https:\/\/ntpark.me\/en\/news\/finalni-dan-innofin-hakatona-2025-odrzan-10-decembra-u-naucno-tehnoloskom-parku-crne-gore\/\">The final day of the InnoFin Hackathon 2025 was held on December 10 at the Science and Technology Park of Montenegro<\/a><\/h5>\r\n                                    <\/div>\r\n                                <\/div>\r\n                            <\/div>\r\n                        \r\n                            <!-- News Block Ten -->\r\n                            <div class=\"news-block-ten col-lg-4 col-md-6 col-sm-12\">\r\n                                <div class=\"inner-box wow fadeInRight\" data-wow-delay=\"0ms\" data-wow-duration=\"1500ms\">\r\n                                    <div class=\"image\">\r\n                                        <a href=\"https:\/\/ntpark.me\/en\/news\/odrzana-druga-nacionalna-ai-konferencija-u-naucno-tehnoloskom-parku-crne-gore\/\"><img loading=\"lazy\" decoding=\"async\" width=\"1620\" height=\"1080\" src=\"https:\/\/ntpark.me\/wp-content\/uploads\/2025\/12\/AAI.jpg\" class=\"attachment-full size-full\" alt=\"\" srcset=\"https:\/\/ntpark.me\/wp-content\/uploads\/2025\/12\/AAI.jpg 1620w, https:\/\/ntpark.me\/wp-content\/uploads\/2025\/12\/AAI-300x200.jpg 300w, https:\/\/ntpark.me\/wp-content\/uploads\/2025\/12\/AAI-1024x683.jpg 1024w, https:\/\/ntpark.me\/wp-content\/uploads\/2025\/12\/AAI-768x512.jpg 768w, https:\/\/ntpark.me\/wp-content\/uploads\/2025\/12\/AAI-1536x1024.jpg 1536w, https:\/\/ntpark.me\/wp-content\/uploads\/2025\/12\/AAI-200x132.jpg 200w\" sizes=\"(max-width: 1620px) 100vw, 1620px\" \/><\/a>\r\n                                    <\/div>\r\n                                    <div class=\"lower-content\">\r\n                                        <ul class=\"post-meta\">\r\n                                            <li><span class=\"icon fal fa-user-alt\"><\/span>editor<\/li>\r\n                                            <li><span class=\"icon fal fa-calendar-alt\"><\/span>Dec 04, 2025<\/li>\r\n                                        <\/ul>\r\n                                        <h5><a href=\"https:\/\/ntpark.me\/en\/news\/odrzana-druga-nacionalna-ai-konferencija-u-naucno-tehnoloskom-parku-crne-gore\/\">The Second National AI Conference was held at the Montenegro Science and Technology Park<\/a><\/h5>\r\n                                    <\/div>\r\n                                <\/div>\r\n                            <\/div>\r\n                        \r\n                            <!-- News Block Ten -->\r\n                            <div class=\"news-block-ten col-lg-4 col-md-6 col-sm-12\">\r\n                                <div class=\"inner-box wow fadeInRight\" data-wow-delay=\"0ms\" data-wow-duration=\"1500ms\">\r\n                                    <div class=\"image\">\r\n                                        <a href=\"https:\/\/ntpark.me\/en\/news\/otvoren-patlib-centar-ip4innovation-novi-temelj-razvoja-inovacija-u-crnoj-gori\/\"><img loading=\"lazy\" decoding=\"async\" width=\"2032\" height=\"1315\" src=\"https:\/\/ntpark.me\/wp-content\/uploads\/2025\/12\/54956910991_833b901f27_k.jpg\" class=\"attachment-full size-full\" alt=\"\" srcset=\"https:\/\/ntpark.me\/wp-content\/uploads\/2025\/12\/54956910991_833b901f27_k.jpg 2032w, https:\/\/ntpark.me\/wp-content\/uploads\/2025\/12\/54956910991_833b901f27_k-300x194.jpg 300w, https:\/\/ntpark.me\/wp-content\/uploads\/2025\/12\/54956910991_833b901f27_k-1024x663.jpg 1024w, https:\/\/ntpark.me\/wp-content\/uploads\/2025\/12\/54956910991_833b901f27_k-768x497.jpg 768w, https:\/\/ntpark.me\/wp-content\/uploads\/2025\/12\/54956910991_833b901f27_k-1536x994.jpg 1536w\" sizes=\"(max-width: 2032px) 100vw, 2032px\" \/><\/a>\r\n                                    <\/div>\r\n                                    <div class=\"lower-content\">\r\n                                        <ul class=\"post-meta\">\r\n                                            <li><span class=\"icon fal fa-user-alt\"><\/span>editor<\/li>\r\n                                            <li><span class=\"icon fal fa-calendar-alt\"><\/span>Dec 02, 2025<\/li>\r\n                                        <\/ul>\r\n                                        <h5><a href=\"https:\/\/ntpark.me\/en\/news\/otvoren-patlib-centar-ip4innovation-novi-temelj-razvoja-inovacija-u-crnoj-gori\/\">Opened PATLIB Center \u201cIP4Innovation\u201d \u2013 a New Foundation for Innovation Development in Montenegro<\/a><\/h5>\r\n                                    <\/div>\r\n                                <\/div>\r\n                            <\/div>\r\n                        \r\n                            <!-- News Block Ten -->\r\n                            <div class=\"news-block-ten col-lg-4 col-md-6 col-sm-12\">\r\n                                <div class=\"inner-box wow fadeInRight\" data-wow-delay=\"0ms\" data-wow-duration=\"1500ms\">\r\n                                    <div class=\"image\">\r\n                                        <a href=\"https:\/\/ntpark.me\/en\/news\/ntp-crne-gore-na-regionalnoj-undp-radionici-o-ai-sajber-prijetnjama-i-dezinformacijama-u-istanbulu\/\"><img loading=\"lazy\" decoding=\"async\" width=\"1080\" height=\"1007\" src=\"https:\/\/ntpark.me\/wp-content\/uploads\/2025\/11\/objava2.jpg\" class=\"attachment-full size-full\" alt=\"\" srcset=\"https:\/\/ntpark.me\/wp-content\/uploads\/2025\/11\/objava2.jpg 1080w, https:\/\/ntpark.me\/wp-content\/uploads\/2025\/11\/objava2-300x280.jpg 300w, https:\/\/ntpark.me\/wp-content\/uploads\/2025\/11\/objava2-1024x955.jpg 1024w, https:\/\/ntpark.me\/wp-content\/uploads\/2025\/11\/objava2-768x716.jpg 768w\" sizes=\"(max-width: 1080px) 100vw, 1080px\" \/><\/a>\r\n                                    <\/div>\r\n                                    <div class=\"lower-content\">\r\n                                        <ul class=\"post-meta\">\r\n                                            <li><span class=\"icon fal fa-user-alt\"><\/span>editor<\/li>\r\n                                            <li><span class=\"icon fal fa-calendar-alt\"><\/span>Nov 26, 2025<\/li>\r\n                                        <\/ul>\r\n                                        <h5><a href=\"https:\/\/ntpark.me\/en\/news\/ntp-crne-gore-na-regionalnoj-undp-radionici-o-ai-sajber-prijetnjama-i-dezinformacijama-u-istanbulu\/\">STP of Montenegro at the regional UNDP workshop on AI cyber threats and disinformation in Istanbul<\/a><\/h5>\r\n                                    <\/div>\r\n                                <\/div>\r\n                            <\/div>\r\n                        \r\n                            <!-- News Block Ten -->\r\n                            <div class=\"news-block-ten col-lg-4 col-md-6 col-sm-12\">\r\n                                <div class=\"inner-box wow fadeInRight\" data-wow-delay=\"0ms\" data-wow-duration=\"1500ms\">\r\n                                    <div class=\"image\">\r\n                                        <a href=\"https:\/\/ntpark.me\/en\/news\/naucno-tehnoloski-park-crne-gore-ugostio-studente-monteb-a-u-okviru-studijske-posjete\/\"><img loading=\"lazy\" decoding=\"async\" width=\"640\" height=\"480\" src=\"https:\/\/ntpark.me\/wp-content\/uploads\/2025\/11\/image3.jpeg\" class=\"attachment-full size-full\" alt=\"\" srcset=\"https:\/\/ntpark.me\/wp-content\/uploads\/2025\/11\/image3.jpeg 640w, https:\/\/ntpark.me\/wp-content\/uploads\/2025\/11\/image3-300x225.jpeg 300w\" sizes=\"(max-width: 640px) 100vw, 640px\" \/><\/a>\r\n                                    <\/div>\r\n                                    <div class=\"lower-content\">\r\n                                        <ul class=\"post-meta\">\r\n                                            <li><span class=\"icon fal fa-user-alt\"><\/span>editor<\/li>\r\n                                            <li><span class=\"icon fal fa-calendar-alt\"><\/span>Nov 24, 2025<\/li>\r\n                                        <\/ul>\r\n                                        <h5><a href=\"https:\/\/ntpark.me\/en\/news\/naucno-tehnoloski-park-crne-gore-ugostio-studente-monteb-a-u-okviru-studijske-posjete\/\">The Montenegro Science and Technology Park hosted MONTEB students as part of a study visit<\/a><\/h5>\r\n                                    <\/div>\r\n                                <\/div>\r\n                            <\/div>\r\n                        \r\n                            <!-- News Block Ten -->\r\n                            <div class=\"news-block-ten col-lg-4 col-md-6 col-sm-12\">\r\n                                <div class=\"inner-box wow fadeInRight\" data-wow-delay=\"0ms\" data-wow-duration=\"1500ms\">\r\n                                    <div class=\"image\">\r\n                                        <a href=\"https:\/\/ntpark.me\/en\/news\/svecano-otvaranje-patlib-centra-u-crnoj-gori-1-decembra-2025-godine\/\"><img loading=\"lazy\" decoding=\"async\" width=\"940\" height=\"788\" src=\"https:\/\/ntpark.me\/wp-content\/uploads\/2025\/11\/atz-2.png\" class=\"attachment-full size-full\" alt=\"\" srcset=\"https:\/\/ntpark.me\/wp-content\/uploads\/2025\/11\/atz-2.png 940w, https:\/\/ntpark.me\/wp-content\/uploads\/2025\/11\/atz-2-300x251.png 300w, https:\/\/ntpark.me\/wp-content\/uploads\/2025\/11\/atz-2-768x644.png 768w, https:\/\/ntpark.me\/wp-content\/uploads\/2025\/11\/atz-2-60x51.png 60w\" sizes=\"(max-width: 940px) 100vw, 940px\" \/><\/a>\r\n                                    <\/div>\r\n                                    <div class=\"lower-content\">\r\n                                        <ul class=\"post-meta\">\r\n                                            <li><span class=\"icon fal fa-user-alt\"><\/span>editor<\/li>\r\n                                            <li><span class=\"icon fal fa-calendar-alt\"><\/span>Nov 24, 2025<\/li>\r\n                                        <\/ul>\r\n                                        <h5><a href=\"https:\/\/ntpark.me\/en\/news\/svecano-otvaranje-patlib-centra-u-crnoj-gori-1-decembra-2025-godine\/\">Grand Opening of the PATLIB Center in Montenegro on December 1, 2025<\/a><\/h5>\r\n                                    <\/div>\r\n                                <\/div>\r\n                            <\/div>\r\n                        \r\n                            <!-- News Block Ten -->\r\n                            <div class=\"news-block-ten col-lg-4 col-md-6 col-sm-12\">\r\n                                <div class=\"inner-box wow fadeInRight\" data-wow-delay=\"0ms\" data-wow-duration=\"1500ms\">\r\n                                    <div class=\"image\">\r\n                                        <a href=\"https:\/\/ntpark.me\/en\/news\/druga-nacionalna-ai-konferencija-ai-direktno-crna-gora-u-vrijeme-ai-izazova\/\"><img loading=\"lazy\" decoding=\"async\" width=\"2560\" height=\"2375\" src=\"https:\/\/ntpark.me\/wp-content\/uploads\/2025\/11\/image1-scaled.jpeg\" class=\"attachment-full size-full\" alt=\"\" srcset=\"https:\/\/ntpark.me\/wp-content\/uploads\/2025\/11\/image1-scaled.jpeg 2560w, https:\/\/ntpark.me\/wp-content\/uploads\/2025\/11\/image1-300x278.jpeg 300w, https:\/\/ntpark.me\/wp-content\/uploads\/2025\/11\/image1-1024x950.jpeg 1024w, https:\/\/ntpark.me\/wp-content\/uploads\/2025\/11\/image1-768x713.jpeg 768w, https:\/\/ntpark.me\/wp-content\/uploads\/2025\/11\/image1-1536x1425.jpeg 1536w, https:\/\/ntpark.me\/wp-content\/uploads\/2025\/11\/image1-2048x1900.jpeg 2048w\" sizes=\"(max-width: 2560px) 100vw, 2560px\" \/><\/a>\r\n                                    <\/div>\r\n                                    <div class=\"lower-content\">\r\n                                        <ul class=\"post-meta\">\r\n                                            <li><span class=\"icon fal fa-user-alt\"><\/span>editor<\/li>\r\n                                            <li><span class=\"icon fal fa-calendar-alt\"><\/span>Nov 20, 2025<\/li>\r\n                                        <\/ul>\r\n                                        <h5><a href=\"https:\/\/ntpark.me\/en\/news\/druga-nacionalna-ai-konferencija-ai-direktno-crna-gora-u-vrijeme-ai-izazova\/\">Second National AI Conference \u2013 \u201cAI DIRECTLY: Montenegro in the Era of AI Challenges\u201d<\/a><\/h5>\r\n                                    <\/div>\r\n                                <\/div>\r\n                            <\/div>\r\n                        \r\n                            <!-- News Block Ten -->\r\n                            <div class=\"news-block-ten col-lg-4 col-md-6 col-sm-12\">\r\n                                <div class=\"inner-box wow fadeInRight\" data-wow-delay=\"0ms\" data-wow-duration=\"1500ms\">\r\n                                    <div class=\"image\">\r\n                                        <a href=\"https:\/\/ntpark.me\/en\/news\/odrzan-info-dan-za-innofin-hackathon-19-timova-zapocinje-mentorske-sesije\/\"><img loading=\"lazy\" decoding=\"async\" width=\"2560\" height=\"1920\" src=\"https:\/\/ntpark.me\/wp-content\/uploads\/2025\/11\/IMG_20251117_121016-scaled.jpg\" class=\"attachment-full size-full\" alt=\"\" srcset=\"https:\/\/ntpark.me\/wp-content\/uploads\/2025\/11\/IMG_20251117_121016-scaled.jpg 2560w, https:\/\/ntpark.me\/wp-content\/uploads\/2025\/11\/IMG_20251117_121016-300x225.jpg 300w, https:\/\/ntpark.me\/wp-content\/uploads\/2025\/11\/IMG_20251117_121016-1024x768.jpg 1024w, https:\/\/ntpark.me\/wp-content\/uploads\/2025\/11\/IMG_20251117_121016-768x576.jpg 768w, https:\/\/ntpark.me\/wp-content\/uploads\/2025\/11\/IMG_20251117_121016-1536x1152.jpg 1536w, https:\/\/ntpark.me\/wp-content\/uploads\/2025\/11\/IMG_20251117_121016-2048x1536.jpg 2048w\" sizes=\"(max-width: 2560px) 100vw, 2560px\" \/><\/a>\r\n                                    <\/div>\r\n                                    <div class=\"lower-content\">\r\n                                        <ul class=\"post-meta\">\r\n                                            <li><span class=\"icon fal fa-user-alt\"><\/span>editor<\/li>\r\n                                            <li><span class=\"icon fal fa-calendar-alt\"><\/span>Nov 18, 2025<\/li>\r\n                                        <\/ul>\r\n                                        <h5><a href=\"https:\/\/ntpark.me\/en\/news\/odrzan-info-dan-za-innofin-hackathon-19-timova-zapocinje-mentorske-sesije\/\">Info Day for InnoFin Hackathon Held \u2013 19 Teams Begin Mentorship Sessions<\/a><\/h5>\r\n                                    <\/div>\r\n                                <\/div>\r\n                            <\/div>\r\n                        \r\n                            <!-- News Block Ten -->\r\n                            <div class=\"news-block-ten col-lg-4 col-md-6 col-sm-12\">\r\n                                <div class=\"inner-box wow fadeInRight\" data-wow-delay=\"0ms\" data-wow-duration=\"1500ms\">\r\n                                    <div class=\"image\">\r\n                                        <a href=\"https:\/\/ntpark.me\/en\/news\/objavljen-javni-poziv-za-dodjelu-vaucera-za-patentnu-zastitu-i-razvoj-pronalaska\/\"><img loading=\"lazy\" decoding=\"async\" width=\"1067\" height=\"600\" src=\"https:\/\/ntpark.me\/wp-content\/uploads\/2025\/11\/poziv-vauceri.webp\" class=\"attachment-full size-full\" alt=\"\" srcset=\"https:\/\/ntpark.me\/wp-content\/uploads\/2025\/11\/poziv-vauceri.webp 1067w, https:\/\/ntpark.me\/wp-content\/uploads\/2025\/11\/poziv-vauceri-300x169.webp 300w, https:\/\/ntpark.me\/wp-content\/uploads\/2025\/11\/poziv-vauceri-1024x576.webp 1024w, https:\/\/ntpark.me\/wp-content\/uploads\/2025\/11\/poziv-vauceri-768x432.webp 768w\" sizes=\"(max-width: 1067px) 100vw, 1067px\" \/><\/a>\r\n                                    <\/div>\r\n                                    <div class=\"lower-content\">\r\n                                        <ul class=\"post-meta\">\r\n                                            <li><span class=\"icon fal fa-user-alt\"><\/span>editor<\/li>\r\n                                            <li><span class=\"icon fal fa-calendar-alt\"><\/span>Nov 18, 2025<\/li>\r\n                                        <\/ul>\r\n                                        <h5><a href=\"https:\/\/ntpark.me\/en\/news\/objavljen-javni-poziv-za-dodjelu-vaucera-za-patentnu-zastitu-i-razvoj-pronalaska\/\">Public Call Announced for the Award of Vouchers for Patent Protection and Invention Development<\/a><\/h5>\r\n                                    <\/div>\r\n                                <\/div>\r\n                            <\/div>\r\n                        \r\n                            <!-- News Block Ten -->\r\n                            <div class=\"news-block-ten col-lg-4 col-md-6 col-sm-12\">\r\n                                <div class=\"inner-box wow fadeInRight\" data-wow-delay=\"0ms\" data-wow-duration=\"1500ms\">\r\n                                    <div class=\"image\">\r\n                                        <a href=\"https:\/\/ntpark.me\/en\/news\/javni-poziv-za-prijavu-na-inno-bootcamp-program-rane-pred-akceleracije-transformacija-istrazivanja-u-trzisno-primjenjiva-rjesenja-i-razvoj-startapova\/\"><img loading=\"lazy\" decoding=\"async\" width=\"1080\" height=\"1080\" src=\"https:\/\/ntpark.me\/wp-content\/uploads\/2025\/11\/Visual-1-Inno-Bootcamp-1080x1080px.jpg\" class=\"attachment-full size-full\" alt=\"\" srcset=\"https:\/\/ntpark.me\/wp-content\/uploads\/2025\/11\/Visual-1-Inno-Bootcamp-1080x1080px.jpg 1080w, https:\/\/ntpark.me\/wp-content\/uploads\/2025\/11\/Visual-1-Inno-Bootcamp-1080x1080px-300x300.jpg 300w, https:\/\/ntpark.me\/wp-content\/uploads\/2025\/11\/Visual-1-Inno-Bootcamp-1080x1080px-1024x1024.jpg 1024w, https:\/\/ntpark.me\/wp-content\/uploads\/2025\/11\/Visual-1-Inno-Bootcamp-1080x1080px-150x150.jpg 150w, https:\/\/ntpark.me\/wp-content\/uploads\/2025\/11\/Visual-1-Inno-Bootcamp-1080x1080px-768x768.jpg 768w, https:\/\/ntpark.me\/wp-content\/uploads\/2025\/11\/Visual-1-Inno-Bootcamp-1080x1080px-74x73.jpg 74w, https:\/\/ntpark.me\/wp-content\/uploads\/2025\/11\/Visual-1-Inno-Bootcamp-1080x1080px-400x400.jpg 400w\" sizes=\"(max-width: 1080px) 100vw, 1080px\" \/><\/a>\r\n                                    <\/div>\r\n                                    <div class=\"lower-content\">\r\n                                        <ul class=\"post-meta\">\r\n                                            <li><span class=\"icon fal fa-user-alt\"><\/span>milica.bozovic<\/li>\r\n                                            <li><span class=\"icon fal fa-calendar-alt\"><\/span>Nov 17, 2025<\/li>\r\n                                        <\/ul>\r\n                                        <h5><a href=\"https:\/\/ntpark.me\/en\/news\/javni-poziv-za-prijavu-na-inno-bootcamp-program-rane-pred-akceleracije-transformacija-istrazivanja-u-trzisno-primjenjiva-rjesenja-i-razvoj-startapova\/\">Public Call for Applications for Inno-Bootcamp, an Early Pre-Acceleration Program, on the topic: \u201cTransforming Research into Marketable Solutions and Startup Development\u201d<\/a><\/h5>\r\n                                    <\/div>\r\n                                <\/div>\r\n                            <\/div>\r\n                        \r\n                            <!-- News Block Ten -->\r\n                            <div class=\"news-block-ten col-lg-4 col-md-6 col-sm-12\">\r\n                                <div class=\"inner-box wow fadeInRight\" data-wow-delay=\"0ms\" data-wow-duration=\"1500ms\">\r\n                                    <div class=\"image\">\r\n                                        <a href=\"https:\/\/ntpark.me\/en\/news\/dan-djevojcica-u-ict-u-ii-buducnost-inovacija-ima-zensko-lice\/\"><img loading=\"lazy\" decoding=\"async\" width=\"2560\" height=\"1636\" src=\"https:\/\/ntpark.me\/wp-content\/uploads\/2025\/11\/novooojj-scaled.jpg\" class=\"attachment-full size-full\" alt=\"\" srcset=\"https:\/\/ntpark.me\/wp-content\/uploads\/2025\/11\/novooojj-scaled.jpg 2560w, https:\/\/ntpark.me\/wp-content\/uploads\/2025\/11\/novooojj-300x192.jpg 300w, https:\/\/ntpark.me\/wp-content\/uploads\/2025\/11\/novooojj-1024x654.jpg 1024w, https:\/\/ntpark.me\/wp-content\/uploads\/2025\/11\/novooojj-768x491.jpg 768w, https:\/\/ntpark.me\/wp-content\/uploads\/2025\/11\/novooojj-1536x982.jpg 1536w, https:\/\/ntpark.me\/wp-content\/uploads\/2025\/11\/novooojj-2048x1309.jpg 2048w\" sizes=\"(max-width: 2560px) 100vw, 2560px\" \/><\/a>\r\n                                    <\/div>\r\n                                    <div class=\"lower-content\">\r\n                                        <ul class=\"post-meta\">\r\n                                            <li><span class=\"icon fal fa-user-alt\"><\/span>editor<\/li>\r\n                                            <li><span class=\"icon fal fa-calendar-alt\"><\/span>Nov 14, 2025<\/li>\r\n                                        <\/ul>\r\n                                        <h5><a href=\"https:\/\/ntpark.me\/en\/news\/dan-djevojcica-u-ict-u-ii-buducnost-inovacija-ima-zensko-lice\/\">Girls\u2019 Day in ICT II: The Future of Innovation Has a Female Face<\/a><\/h5>\r\n                                    <\/div>\r\n                                <\/div>\r\n                            <\/div>\r\n                        \r\n                            <!-- News Block Ten -->\r\n                            <div class=\"news-block-ten col-lg-4 col-md-6 col-sm-12\">\r\n                                <div class=\"inner-box wow fadeInRight\" data-wow-delay=\"0ms\" data-wow-duration=\"1500ms\">\r\n                                    <div class=\"image\">\r\n                                        <a href=\"https:\/\/ntpark.me\/en\/news\/ambasador-kraljevine-belgije-u-posjeti-naucno-tehnoloskom-parku-crne-gore\/\"><img loading=\"lazy\" decoding=\"async\" width=\"2560\" height=\"1383\" src=\"https:\/\/ntpark.me\/wp-content\/uploads\/2025\/11\/1762850826156827-scaled.jpg\" class=\"attachment-full size-full\" alt=\"\" srcset=\"https:\/\/ntpark.me\/wp-content\/uploads\/2025\/11\/1762850826156827-scaled.jpg 2560w, https:\/\/ntpark.me\/wp-content\/uploads\/2025\/11\/1762850826156827-300x162.jpg 300w, https:\/\/ntpark.me\/wp-content\/uploads\/2025\/11\/1762850826156827-1024x553.jpg 1024w, https:\/\/ntpark.me\/wp-content\/uploads\/2025\/11\/1762850826156827-768x415.jpg 768w, https:\/\/ntpark.me\/wp-content\/uploads\/2025\/11\/1762850826156827-1536x830.jpg 1536w, https:\/\/ntpark.me\/wp-content\/uploads\/2025\/11\/1762850826156827-2048x1107.jpg 2048w\" sizes=\"(max-width: 2560px) 100vw, 2560px\" \/><\/a>\r\n                                    <\/div>\r\n                                    <div class=\"lower-content\">\r\n                                        <ul class=\"post-meta\">\r\n                                            <li><span class=\"icon fal fa-user-alt\"><\/span>editor<\/li>\r\n                                            <li><span class=\"icon fal fa-calendar-alt\"><\/span>Nov 11, 2025<\/li>\r\n                                        <\/ul>\r\n                                        <h5><a href=\"https:\/\/ntpark.me\/en\/news\/ambasador-kraljevine-belgije-u-posjeti-naucno-tehnoloskom-parku-crne-gore\/\">Ambassador of the Kingdom of Belgium visits the Science and Technology Park of Montenegro<\/a><\/h5>\r\n                                    <\/div>\r\n                                <\/div>\r\n                            <\/div>\r\n                        \r\n                            <!-- News Block Ten -->\r\n                            <div class=\"news-block-ten col-lg-4 col-md-6 col-sm-12\">\r\n                                <div class=\"inner-box wow fadeInRight\" data-wow-delay=\"0ms\" data-wow-duration=\"1500ms\">\r\n                                    <div class=\"image\">\r\n                                        <a href=\"https:\/\/ntpark.me\/en\/news\/javni-poziv-za-ucesce-u-innofin-hakatonu-2025\/\"><img loading=\"lazy\" decoding=\"async\" width=\"940\" height=\"788\" src=\"https:\/\/ntpark.me\/wp-content\/uploads\/2025\/11\/Hakaton-InnoFin.png\" class=\"attachment-full size-full\" alt=\"\" srcset=\"https:\/\/ntpark.me\/wp-content\/uploads\/2025\/11\/Hakaton-InnoFin.png 940w, https:\/\/ntpark.me\/wp-content\/uploads\/2025\/11\/Hakaton-InnoFin-300x251.png 300w, https:\/\/ntpark.me\/wp-content\/uploads\/2025\/11\/Hakaton-InnoFin-768x644.png 768w, https:\/\/ntpark.me\/wp-content\/uploads\/2025\/11\/Hakaton-InnoFin-60x51.png 60w\" sizes=\"(max-width: 940px) 100vw, 940px\" \/><\/a>\r\n                                    <\/div>\r\n                                    <div class=\"lower-content\">\r\n                                        <ul class=\"post-meta\">\r\n                                            <li><span class=\"icon fal fa-user-alt\"><\/span>editor<\/li>\r\n                                            <li><span class=\"icon fal fa-calendar-alt\"><\/span>Nov 06, 2025<\/li>\r\n                                        <\/ul>\r\n                                        <h5><a href=\"https:\/\/ntpark.me\/en\/news\/javni-poziv-za-ucesce-u-innofin-hakatonu-2025\/\">Public Call for Participation in the InnoFin Hackathon 2025<\/a><\/h5>\r\n                                    <\/div>\r\n                                <\/div>\r\n                            <\/div>\r\n                        \r\n                            <!-- News Block Ten -->\r\n                            <div class=\"news-block-ten col-lg-4 col-md-6 col-sm-12\">\r\n                                <div class=\"inner-box wow fadeInRight\" data-wow-delay=\"0ms\" data-wow-duration=\"1500ms\">\r\n                                    <div class=\"image\">\r\n                                        <a href=\"https:\/\/ntpark.me\/en\/news\/delegacija-ujedinjenih-arapskih-emirata-u-posjeti-naucno-tehnoloskom-parku-crne-gore-fokus-na-inovacije-transfer-znanja-i-tehnologija\/\"><img loading=\"lazy\" decoding=\"async\" width=\"2560\" height=\"1544\" src=\"https:\/\/ntpark.me\/wp-content\/uploads\/2025\/11\/DSC_3336-scaled.jpg\" class=\"attachment-full size-full\" alt=\"\" srcset=\"https:\/\/ntpark.me\/wp-content\/uploads\/2025\/11\/DSC_3336-scaled.jpg 2560w, https:\/\/ntpark.me\/wp-content\/uploads\/2025\/11\/DSC_3336-300x181.jpg 300w, https:\/\/ntpark.me\/wp-content\/uploads\/2025\/11\/DSC_3336-1024x618.jpg 1024w, https:\/\/ntpark.me\/wp-content\/uploads\/2025\/11\/DSC_3336-768x463.jpg 768w, https:\/\/ntpark.me\/wp-content\/uploads\/2025\/11\/DSC_3336-1536x927.jpg 1536w, https:\/\/ntpark.me\/wp-content\/uploads\/2025\/11\/DSC_3336-2048x1235.jpg 2048w\" sizes=\"(max-width: 2560px) 100vw, 2560px\" \/><\/a>\r\n                                    <\/div>\r\n                                    <div class=\"lower-content\">\r\n                                        <ul class=\"post-meta\">\r\n                                            <li><span class=\"icon fal fa-user-alt\"><\/span>editor<\/li>\r\n                                            <li><span class=\"icon fal fa-calendar-alt\"><\/span>Nov 06, 2025<\/li>\r\n                                        <\/ul>\r\n                                        <h5><a href=\"https:\/\/ntpark.me\/en\/news\/delegacija-ujedinjenih-arapskih-emirata-u-posjeti-naucno-tehnoloskom-parku-crne-gore-fokus-na-inovacije-transfer-znanja-i-tehnologija\/\">The delegation of the United Arab Emirates visiting the Montenegro Science and Technology Park \u2013 focus on innovation, knowledge transfer, and technology<\/a><\/h5>\r\n                                    <\/div>\r\n                                <\/div>\r\n                            <\/div>\r\n                        \r\n                            <!-- News Block Ten -->\r\n                            <div class=\"news-block-ten col-lg-4 col-md-6 col-sm-12\">\r\n                                <div class=\"inner-box wow fadeInRight\" data-wow-delay=\"0ms\" data-wow-duration=\"1500ms\">\r\n                                    <div class=\"image\">\r\n                                        <a href=\"https:\/\/ntpark.me\/en\/news\/odrzana-svecana-dodjela-sertifikata-ucesnicima-obuke-za-pripremu-i-podnosenje-predloga-projekata-u-okviru-programa-horizont-evropa\/\"><img loading=\"lazy\" decoding=\"async\" width=\"2560\" height=\"1707\" src=\"https:\/\/ntpark.me\/wp-content\/uploads\/2025\/11\/SL__1519-scaled.jpg\" class=\"attachment-full size-full\" alt=\"\" srcset=\"https:\/\/ntpark.me\/wp-content\/uploads\/2025\/11\/SL__1519-scaled.jpg 2560w, https:\/\/ntpark.me\/wp-content\/uploads\/2025\/11\/SL__1519-300x200.jpg 300w, https:\/\/ntpark.me\/wp-content\/uploads\/2025\/11\/SL__1519-1024x683.jpg 1024w, https:\/\/ntpark.me\/wp-content\/uploads\/2025\/11\/SL__1519-768x512.jpg 768w, https:\/\/ntpark.me\/wp-content\/uploads\/2025\/11\/SL__1519-1536x1024.jpg 1536w, https:\/\/ntpark.me\/wp-content\/uploads\/2025\/11\/SL__1519-2048x1365.jpg 2048w, https:\/\/ntpark.me\/wp-content\/uploads\/2025\/11\/SL__1519-200x132.jpg 200w\" sizes=\"(max-width: 2560px) 100vw, 2560px\" \/><\/a>\r\n                                    <\/div>\r\n                                    <div class=\"lower-content\">\r\n                                        <ul class=\"post-meta\">\r\n                                            <li><span class=\"icon fal fa-user-alt\"><\/span>milica.bozovic<\/li>\r\n                                            <li><span class=\"icon fal fa-calendar-alt\"><\/span>Nov 04, 2025<\/li>\r\n                                        <\/ul>\r\n                                        <h5><a href=\"https:\/\/ntpark.me\/en\/news\/odrzana-svecana-dodjela-sertifikata-ucesnicima-obuke-za-pripremu-i-podnosenje-predloga-projekata-u-okviru-programa-horizont-evropa\/\">A ceremonial certificate award ceremony was held for participants of the &#8220;Training on Preparation and Submission of Project Proposals under the Horizon Europe Program&#8221;<\/a><\/h5>\r\n                                    <\/div>\r\n                                <\/div>\r\n                            <\/div>\r\n                        \r\n                            <!-- News Block Ten -->\r\n                            <div class=\"news-block-ten col-lg-4 col-md-6 col-sm-12\">\r\n                                <div class=\"inner-box wow fadeInRight\" data-wow-delay=\"0ms\" data-wow-duration=\"1500ms\">\r\n                                    <div class=\"image\">\r\n                                        <a href=\"https:\/\/ntpark.me\/en\/news\/buducnost-pocinje-idejom-dan-djevojcica-u-ict-u-ii\/\"><img loading=\"lazy\" decoding=\"async\" width=\"1920\" height=\"1080\" src=\"https:\/\/ntpark.me\/wp-content\/uploads\/2025\/11\/Dan-djevojcica-vizual.png\" class=\"attachment-full size-full\" alt=\"\" srcset=\"https:\/\/ntpark.me\/wp-content\/uploads\/2025\/11\/Dan-djevojcica-vizual.png 1920w, https:\/\/ntpark.me\/wp-content\/uploads\/2025\/11\/Dan-djevojcica-vizual-300x169.png 300w, https:\/\/ntpark.me\/wp-content\/uploads\/2025\/11\/Dan-djevojcica-vizual-1024x576.png 1024w, https:\/\/ntpark.me\/wp-content\/uploads\/2025\/11\/Dan-djevojcica-vizual-768x432.png 768w, https:\/\/ntpark.me\/wp-content\/uploads\/2025\/11\/Dan-djevojcica-vizual-1536x864.png 1536w\" sizes=\"(max-width: 1920px) 100vw, 1920px\" \/><\/a>\r\n                                    <\/div>\r\n                                    <div class=\"lower-content\">\r\n                                        <ul class=\"post-meta\">\r\n                                            <li><span class=\"icon fal fa-user-alt\"><\/span>editor<\/li>\r\n                                            <li><span class=\"icon fal fa-calendar-alt\"><\/span>Nov 04, 2025<\/li>\r\n                                        <\/ul>\r\n                                        <h5><a href=\"https:\/\/ntpark.me\/en\/news\/buducnost-pocinje-idejom-dan-djevojcica-u-ict-u-ii\/\">The future begins with an idea \u2013 Girls in ICT Day II<\/a><\/h5>\r\n                                    <\/div>\r\n                                <\/div>\r\n                            <\/div>\r\n                        \r\n                            <!-- News Block Ten -->\r\n                            <div class=\"news-block-ten col-lg-4 col-md-6 col-sm-12\">\r\n                                <div class=\"inner-box wow fadeInRight\" data-wow-delay=\"0ms\" data-wow-duration=\"1500ms\">\r\n                                    <div class=\"image\">\r\n                                        <a href=\"https:\/\/ntpark.me\/en\/news\/dobro-dosli-u-b2greenhub-vasu-kapiju-ka-zelenoj-i-digitalnoj-buducnosti\/\"><img loading=\"lazy\" decoding=\"async\" width=\"1080\" height=\"1080\" src=\"https:\/\/ntpark.me\/wp-content\/uploads\/2025\/11\/anja.jpg\" class=\"attachment-full size-full\" alt=\"\" srcset=\"https:\/\/ntpark.me\/wp-content\/uploads\/2025\/11\/anja.jpg 1080w, https:\/\/ntpark.me\/wp-content\/uploads\/2025\/11\/anja-300x300.jpg 300w, https:\/\/ntpark.me\/wp-content\/uploads\/2025\/11\/anja-1024x1024.jpg 1024w, https:\/\/ntpark.me\/wp-content\/uploads\/2025\/11\/anja-150x150.jpg 150w, https:\/\/ntpark.me\/wp-content\/uploads\/2025\/11\/anja-768x768.jpg 768w, https:\/\/ntpark.me\/wp-content\/uploads\/2025\/11\/anja-74x73.jpg 74w, https:\/\/ntpark.me\/wp-content\/uploads\/2025\/11\/anja-400x400.jpg 400w\" sizes=\"(max-width: 1080px) 100vw, 1080px\" \/><\/a>\r\n                                    <\/div>\r\n                                    <div class=\"lower-content\">\r\n                                        <ul class=\"post-meta\">\r\n                                            <li><span class=\"icon fal fa-user-alt\"><\/span>editor<\/li>\r\n                                            <li><span class=\"icon fal fa-calendar-alt\"><\/span>Nov 04, 2025<\/li>\r\n                                        <\/ul>\r\n                                        <h5><a href=\"https:\/\/ntpark.me\/en\/news\/dobro-dosli-u-b2greenhub-vasu-kapiju-ka-zelenoj-i-digitalnoj-buducnosti\/\">Official Launch: Welcome to B2GreenHub \u2013 Your Gateway to the Green &amp; Digital Future<\/a><\/h5>\r\n                                    <\/div>\r\n                                <\/div>\r\n                            <\/div>\r\n                        \r\n                            <!-- News Block Ten -->\r\n                            <div class=\"news-block-ten col-lg-4 col-md-6 col-sm-12\">\r\n                                <div class=\"inner-box wow fadeInRight\" data-wow-delay=\"0ms\" data-wow-duration=\"1500ms\">\r\n                                    <div class=\"image\">\r\n                                        <a href=\"https:\/\/ntpark.me\/en\/news\/novo-partnerstvo-za-tehnoloski-napredak-crne-gore-ntp-cg-i-elektrotehnicki-fakultet-ucg-potpisali-sporazum-o-saradnji-za-uspostavljanje-laboratorije-za-elektroniku-i-mjerenja\/\"><img loading=\"lazy\" decoding=\"async\" width=\"2560\" height=\"2147\" src=\"https:\/\/ntpark.me\/wp-content\/uploads\/2025\/11\/IMG_1661-scaled.jpg\" class=\"attachment-full size-full\" alt=\"\" srcset=\"https:\/\/ntpark.me\/wp-content\/uploads\/2025\/11\/IMG_1661-scaled.jpg 2560w, https:\/\/ntpark.me\/wp-content\/uploads\/2025\/11\/IMG_1661-300x252.jpg 300w, https:\/\/ntpark.me\/wp-content\/uploads\/2025\/11\/IMG_1661-1024x859.jpg 1024w, https:\/\/ntpark.me\/wp-content\/uploads\/2025\/11\/IMG_1661-768x644.jpg 768w, https:\/\/ntpark.me\/wp-content\/uploads\/2025\/11\/IMG_1661-1536x1288.jpg 1536w, https:\/\/ntpark.me\/wp-content\/uploads\/2025\/11\/IMG_1661-2048x1718.jpg 2048w, https:\/\/ntpark.me\/wp-content\/uploads\/2025\/11\/IMG_1661-60x51.jpg 60w\" sizes=\"(max-width: 2560px) 100vw, 2560px\" \/><\/a>\r\n                                    <\/div>\r\n                                    <div class=\"lower-content\">\r\n                                        <ul class=\"post-meta\">\r\n                                            <li><span class=\"icon fal fa-user-alt\"><\/span>editor<\/li>\r\n                                            <li><span class=\"icon fal fa-calendar-alt\"><\/span>Nov 03, 2025<\/li>\r\n                                        <\/ul>\r\n                                        <h5><a href=\"https:\/\/ntpark.me\/en\/news\/novo-partnerstvo-za-tehnoloski-napredak-crne-gore-ntp-cg-i-elektrotehnicki-fakultet-ucg-potpisali-sporazum-o-saradnji-za-uspostavljanje-laboratorije-za-elektroniku-i-mjerenja\/\">New Partnership for Technological Advancement in Montenegro \u2013 STP MNE and the Faculty of Electrical Engineering at University of Montenegro Sign Cooperation Agreement to Establish a Laboratory for Electronics and Measurements<\/a><\/h5>\r\n                                    <\/div>\r\n                                <\/div>\r\n                            <\/div>\r\n                        \r\n                            <!-- News Block Ten -->\r\n                            <div class=\"news-block-ten col-lg-4 col-md-6 col-sm-12\">\r\n                                <div class=\"inner-box wow fadeInRight\" data-wow-delay=\"0ms\" data-wow-duration=\"1500ms\">\r\n                                    <div class=\"image\">\r\n                                        <a href=\"https:\/\/ntpark.me\/en\/news\/ozvanicena-nova-strateska-saradnja-medicinski-fakultet-ucg-i-naucno-tehnoloski-park-crne-gore-potpisali-sporazum-o-uspostavljanju-laboratorije-za-molekularnu-medicine\/\"><img loading=\"lazy\" decoding=\"async\" width=\"2560\" height=\"2201\" src=\"https:\/\/ntpark.me\/wp-content\/uploads\/2025\/11\/IMG_1591-1-scaled.jpg\" class=\"attachment-full size-full\" alt=\"\" srcset=\"https:\/\/ntpark.me\/wp-content\/uploads\/2025\/11\/IMG_1591-1-scaled.jpg 2560w, https:\/\/ntpark.me\/wp-content\/uploads\/2025\/11\/IMG_1591-1-300x258.jpg 300w, https:\/\/ntpark.me\/wp-content\/uploads\/2025\/11\/IMG_1591-1-1024x881.jpg 1024w, https:\/\/ntpark.me\/wp-content\/uploads\/2025\/11\/IMG_1591-1-768x660.jpg 768w, https:\/\/ntpark.me\/wp-content\/uploads\/2025\/11\/IMG_1591-1-1536x1321.jpg 1536w, https:\/\/ntpark.me\/wp-content\/uploads\/2025\/11\/IMG_1591-1-2048x1761.jpg 2048w, https:\/\/ntpark.me\/wp-content\/uploads\/2025\/11\/IMG_1591-1-60x51.jpg 60w\" sizes=\"(max-width: 2560px) 100vw, 2560px\" \/><\/a>\r\n                                    <\/div>\r\n                                    <div class=\"lower-content\">\r\n                                        <ul class=\"post-meta\">\r\n                                            <li><span class=\"icon fal fa-user-alt\"><\/span>editor<\/li>\r\n                                            <li><span class=\"icon fal fa-calendar-alt\"><\/span>Nov 03, 2025<\/li>\r\n                                        <\/ul>\r\n                                        <h5><a href=\"https:\/\/ntpark.me\/en\/news\/ozvanicena-nova-strateska-saradnja-medicinski-fakultet-ucg-i-naucno-tehnoloski-park-crne-gore-potpisali-sporazum-o-uspostavljanju-laboratorije-za-molekularnu-medicine\/\">OFFICIAL NEW STRATEGIC PARTNERSHIP: University of Montenegro Faculty of Medicine and the Montenegro Science and Technology Park have signed an Agreement to establish a Laboratory for Molecular Medicine<\/a><\/h5>\r\n                                    <\/div>\r\n                                <\/div>\r\n                            <\/div>\r\n                        \r\n                            <!-- News Block Ten -->\r\n                            <div class=\"news-block-ten col-lg-4 col-md-6 col-sm-12\">\r\n                                <div class=\"inner-box wow fadeInRight\" data-wow-delay=\"0ms\" data-wow-duration=\"1500ms\">\r\n                                    <div class=\"image\">\r\n                                        <a href=\"https:\/\/ntpark.me\/en\/news\/javni-poziv-za-prijavu-na-hakaton-safehack-kod-za-prostor-bez-nasilja\/\"><img loading=\"lazy\" decoding=\"async\" width=\"940\" height=\"788\" src=\"https:\/\/ntpark.me\/wp-content\/uploads\/2025\/10\/SafeHack-1.png\" class=\"attachment-full size-full\" alt=\"\" srcset=\"https:\/\/ntpark.me\/wp-content\/uploads\/2025\/10\/SafeHack-1.png 940w, https:\/\/ntpark.me\/wp-content\/uploads\/2025\/10\/SafeHack-1-300x251.png 300w, https:\/\/ntpark.me\/wp-content\/uploads\/2025\/10\/SafeHack-1-768x644.png 768w, https:\/\/ntpark.me\/wp-content\/uploads\/2025\/10\/SafeHack-1-60x51.png 60w\" sizes=\"(max-width: 940px) 100vw, 940px\" \/><\/a>\r\n                                    <\/div>\r\n                                    <div class=\"lower-content\">\r\n                                        <ul class=\"post-meta\">\r\n                                            <li><span class=\"icon fal fa-user-alt\"><\/span>editor<\/li>\r\n                                            <li><span class=\"icon fal fa-calendar-alt\"><\/span>Oct 30, 2025<\/li>\r\n                                        <\/ul>\r\n                                        <h5><a href=\"https:\/\/ntpark.me\/en\/news\/javni-poziv-za-prijavu-na-hakaton-safehack-kod-za-prostor-bez-nasilja\/\">Public call for applications for the hackathon \u201cSafeHack: Code for a Violence-Free Space\u201d<\/a><\/h5>\r\n                                    <\/div>\r\n                                <\/div>\r\n                            <\/div>\r\n                        \r\n                            <!-- News Block Ten -->\r\n                            <div class=\"news-block-ten col-lg-4 col-md-6 col-sm-12\">\r\n                                <div class=\"inner-box wow fadeInRight\" data-wow-delay=\"0ms\" data-wow-duration=\"1500ms\">\r\n                                    <div class=\"image\">\r\n                                        <a href=\"https:\/\/ntpark.me\/en\/news\/ntp-na-konferenciji-western-balkans-human-capital-days-2025-u-tirani\/\"><img loading=\"lazy\" decoding=\"async\" width=\"1574\" height=\"821\" src=\"https:\/\/ntpark.me\/wp-content\/uploads\/2025\/10\/image0-3.jpeg\" class=\"attachment-full size-full\" alt=\"\" srcset=\"https:\/\/ntpark.me\/wp-content\/uploads\/2025\/10\/image0-3.jpeg 1574w, https:\/\/ntpark.me\/wp-content\/uploads\/2025\/10\/image0-3-300x156.jpeg 300w, https:\/\/ntpark.me\/wp-content\/uploads\/2025\/10\/image0-3-1024x534.jpeg 1024w, https:\/\/ntpark.me\/wp-content\/uploads\/2025\/10\/image0-3-768x401.jpeg 768w, https:\/\/ntpark.me\/wp-content\/uploads\/2025\/10\/image0-3-1536x801.jpeg 1536w\" sizes=\"(max-width: 1574px) 100vw, 1574px\" \/><\/a>\r\n                                    <\/div>\r\n                                    <div class=\"lower-content\">\r\n                                        <ul class=\"post-meta\">\r\n                                            <li><span class=\"icon fal fa-user-alt\"><\/span>editor<\/li>\r\n                                            <li><span class=\"icon fal fa-calendar-alt\"><\/span>Oct 30, 2025<\/li>\r\n                                        <\/ul>\r\n                                        <h5><a href=\"https:\/\/ntpark.me\/en\/news\/ntp-na-konferenciji-western-balkans-human-capital-days-2025-u-tirani\/\">STP at the conference \u201cWestern Balkans Human Capital Days 2025\u201d in Tirana<\/a><\/h5>\r\n                                    <\/div>\r\n                                <\/div>\r\n                            <\/div>\r\n                        \r\n                            <!-- News Block Ten -->\r\n                            <div class=\"news-block-ten col-lg-4 col-md-6 col-sm-12\">\r\n                                <div class=\"inner-box wow fadeInRight\" data-wow-delay=\"0ms\" data-wow-duration=\"1500ms\">\r\n                                    <div class=\"image\">\r\n                                        <a href=\"https:\/\/ntpark.me\/en\/news\/nobelova-nagrada-za-ekonomiju-2025-inovacije-kao-pokretac-ekonomskog-rasta\/\"><img loading=\"lazy\" decoding=\"async\" width=\"828\" height=\"445\" src=\"https:\/\/ntpark.me\/wp-content\/uploads\/2025\/10\/nobel-ekonomija1-reuters-1000x667-1.jpg\" class=\"attachment-full size-full\" alt=\"\" srcset=\"https:\/\/ntpark.me\/wp-content\/uploads\/2025\/10\/nobel-ekonomija1-reuters-1000x667-1.jpg 828w, https:\/\/ntpark.me\/wp-content\/uploads\/2025\/10\/nobel-ekonomija1-reuters-1000x667-1-300x161.jpg 300w, https:\/\/ntpark.me\/wp-content\/uploads\/2025\/10\/nobel-ekonomija1-reuters-1000x667-1-768x413.jpg 768w\" sizes=\"(max-width: 828px) 100vw, 828px\" \/><\/a>\r\n                                    <\/div>\r\n                                    <div class=\"lower-content\">\r\n                                        <ul class=\"post-meta\">\r\n                                            <li><span class=\"icon fal fa-user-alt\"><\/span>editor<\/li>\r\n                                            <li><span class=\"icon fal fa-calendar-alt\"><\/span>Oct 27, 2025<\/li>\r\n                                        <\/ul>\r\n                                        <h5><a href=\"https:\/\/ntpark.me\/en\/news\/nobelova-nagrada-za-ekonomiju-2025-inovacije-kao-pokretac-ekonomskog-rasta\/\">The 2025 Nobel Prize in Economics: Innovation as a Driver of Economic Growth<\/a><\/h5>\r\n                                    <\/div>\r\n                                <\/div>\r\n                            <\/div>\r\n                        \r\n                            <!-- News Block Ten -->\r\n                            <div class=\"news-block-ten col-lg-4 col-md-6 col-sm-12\">\r\n                                <div class=\"inner-box wow fadeInRight\" data-wow-delay=\"0ms\" data-wow-duration=\"1500ms\">\r\n                                    <div class=\"image\">\r\n                                        <a href=\"https:\/\/ntpark.me\/en\/news\/finale-skills-up-programa-inovacije-energija-i-sjajni-timovi\/\"><img loading=\"lazy\" decoding=\"async\" width=\"2560\" height=\"1234\" src=\"https:\/\/ntpark.me\/wp-content\/uploads\/2025\/10\/1761309765556000-1-scaled.jpg\" class=\"attachment-full size-full\" alt=\"\" srcset=\"https:\/\/ntpark.me\/wp-content\/uploads\/2025\/10\/1761309765556000-1-scaled.jpg 2560w, https:\/\/ntpark.me\/wp-content\/uploads\/2025\/10\/1761309765556000-1-300x145.jpg 300w, https:\/\/ntpark.me\/wp-content\/uploads\/2025\/10\/1761309765556000-1-1024x494.jpg 1024w, https:\/\/ntpark.me\/wp-content\/uploads\/2025\/10\/1761309765556000-1-768x370.jpg 768w, https:\/\/ntpark.me\/wp-content\/uploads\/2025\/10\/1761309765556000-1-1536x741.jpg 1536w, https:\/\/ntpark.me\/wp-content\/uploads\/2025\/10\/1761309765556000-1-2048x988.jpg 2048w\" sizes=\"(max-width: 2560px) 100vw, 2560px\" \/><\/a>\r\n                                    <\/div>\r\n                                    <div class=\"lower-content\">\r\n                                        <ul class=\"post-meta\">\r\n                                            <li><span class=\"icon fal fa-user-alt\"><\/span>editor<\/li>\r\n                                            <li><span class=\"icon fal fa-calendar-alt\"><\/span>Oct 27, 2025<\/li>\r\n                                        <\/ul>\r\n                                        <h5><a href=\"https:\/\/ntpark.me\/en\/news\/finale-skills-up-programa-inovacije-energija-i-sjajni-timovi\/\">Skills Up Program Finale: Innovation, Energy, and Outstanding Teams<\/a><\/h5>\r\n                                    <\/div>\r\n                                <\/div>\r\n                            <\/div>\r\n                        \r\n                            <!-- News Block Ten -->\r\n                            <div class=\"news-block-ten col-lg-4 col-md-6 col-sm-12\">\r\n                                <div class=\"inner-box wow fadeInRight\" data-wow-delay=\"0ms\" data-wow-duration=\"1500ms\">\r\n                                    <div class=\"image\">\r\n                                        <a href=\"https:\/\/ntpark.me\/en\/news\/poziv-na-info-dan-za-hakaton-safehack-kod-za-prostor-bez-nasilja\/\"><img loading=\"lazy\" decoding=\"async\" width=\"940\" height=\"788\" src=\"https:\/\/ntpark.me\/wp-content\/uploads\/2025\/10\/SafeHack.png\" class=\"attachment-full size-full\" alt=\"\" srcset=\"https:\/\/ntpark.me\/wp-content\/uploads\/2025\/10\/SafeHack.png 940w, https:\/\/ntpark.me\/wp-content\/uploads\/2025\/10\/SafeHack-300x251.png 300w, https:\/\/ntpark.me\/wp-content\/uploads\/2025\/10\/SafeHack-768x644.png 768w, https:\/\/ntpark.me\/wp-content\/uploads\/2025\/10\/SafeHack-60x51.png 60w\" sizes=\"(max-width: 940px) 100vw, 940px\" \/><\/a>\r\n                                    <\/div>\r\n                                    <div class=\"lower-content\">\r\n                                        <ul class=\"post-meta\">\r\n                                            <li><span class=\"icon fal fa-user-alt\"><\/span>editor<\/li>\r\n                                            <li><span class=\"icon fal fa-calendar-alt\"><\/span>Oct 24, 2025<\/li>\r\n                                        <\/ul>\r\n                                        <h5><a href=\"https:\/\/ntpark.me\/en\/news\/poziv-na-info-dan-za-hakaton-safehack-kod-za-prostor-bez-nasilja\/\">Invitation to the Info Day for the Hackathon \u201cSafeHack: Code for a Space Without Violence\u201d<\/a><\/h5>\r\n                                    <\/div>\r\n                                <\/div>\r\n                            <\/div>\r\n                        \r\n                            <!-- News Block Ten -->\r\n                            <div class=\"news-block-ten col-lg-4 col-md-6 col-sm-12\">\r\n                                <div class=\"inner-box wow fadeInRight\" data-wow-delay=\"0ms\" data-wow-duration=\"1500ms\">\r\n                                    <div class=\"image\">\r\n                                        <a href=\"https:\/\/ntpark.me\/en\/news\/ntp-crne-gore-potpisao-40-ugovor-sa-novim-stanarom-kompanijom-new-page-doo-podgorica\/\"><img loading=\"lazy\" decoding=\"async\" width=\"2560\" height=\"1529\" src=\"https:\/\/ntpark.me\/wp-content\/uploads\/2025\/10\/image1-scaled.jpeg\" class=\"attachment-full size-full\" alt=\"\" srcset=\"https:\/\/ntpark.me\/wp-content\/uploads\/2025\/10\/image1-scaled.jpeg 2560w, https:\/\/ntpark.me\/wp-content\/uploads\/2025\/10\/image1-300x179.jpeg 300w, https:\/\/ntpark.me\/wp-content\/uploads\/2025\/10\/image1-1024x611.jpeg 1024w, https:\/\/ntpark.me\/wp-content\/uploads\/2025\/10\/image1-768x459.jpeg 768w, https:\/\/ntpark.me\/wp-content\/uploads\/2025\/10\/image1-1536x917.jpeg 1536w, https:\/\/ntpark.me\/wp-content\/uploads\/2025\/10\/image1-2048x1223.jpeg 2048w\" sizes=\"(max-width: 2560px) 100vw, 2560px\" \/><\/a>\r\n                                    <\/div>\r\n                                    <div class=\"lower-content\">\r\n                                        <ul class=\"post-meta\">\r\n                                            <li><span class=\"icon fal fa-user-alt\"><\/span>editor<\/li>\r\n                                            <li><span class=\"icon fal fa-calendar-alt\"><\/span>Oct 24, 2025<\/li>\r\n                                        <\/ul>\r\n                                        <h5><a href=\"https:\/\/ntpark.me\/en\/news\/ntp-crne-gore-potpisao-40-ugovor-sa-novim-stanarom-kompanijom-new-page-doo-podgorica\/\">The Science and Technology Park of Montenegro has signed its 40th contract with a new tenant \u2013 the company New Page LLC Podgorica<\/a><\/h5>\r\n                                    <\/div>\r\n                                <\/div>\r\n                            <\/div>\r\n                        \r\n                            <!-- News Block Ten -->\r\n                            <div class=\"news-block-ten col-lg-4 col-md-6 col-sm-12\">\r\n                                <div class=\"inner-box wow fadeInRight\" data-wow-delay=\"0ms\" data-wow-duration=\"1500ms\">\r\n                                    <div class=\"image\">\r\n                                        <a href=\"https:\/\/ntpark.me\/en\/news\/novi-stanari-ntp-crne-gore-loyalty-wallet-doo-niksic\/\"><img loading=\"lazy\" decoding=\"async\" width=\"2560\" height=\"2116\" src=\"https:\/\/ntpark.me\/wp-content\/uploads\/2025\/10\/image0-2-scaled.jpeg\" class=\"attachment-full size-full\" alt=\"\" srcset=\"https:\/\/ntpark.me\/wp-content\/uploads\/2025\/10\/image0-2-scaled.jpeg 2560w, https:\/\/ntpark.me\/wp-content\/uploads\/2025\/10\/image0-2-300x248.jpeg 300w, https:\/\/ntpark.me\/wp-content\/uploads\/2025\/10\/image0-2-1024x846.jpeg 1024w, https:\/\/ntpark.me\/wp-content\/uploads\/2025\/10\/image0-2-768x635.jpeg 768w, https:\/\/ntpark.me\/wp-content\/uploads\/2025\/10\/image0-2-1536x1270.jpeg 1536w, https:\/\/ntpark.me\/wp-content\/uploads\/2025\/10\/image0-2-2048x1693.jpeg 2048w, https:\/\/ntpark.me\/wp-content\/uploads\/2025\/10\/image0-2-60x51.jpeg 60w\" sizes=\"(max-width: 2560px) 100vw, 2560px\" \/><\/a>\r\n                                    <\/div>\r\n                                    <div class=\"lower-content\">\r\n                                        <ul class=\"post-meta\">\r\n                                            <li><span class=\"icon fal fa-user-alt\"><\/span>editor<\/li>\r\n                                            <li><span class=\"icon fal fa-calendar-alt\"><\/span>Oct 21, 2025<\/li>\r\n                                        <\/ul>\r\n                                        <h5><a href=\"https:\/\/ntpark.me\/en\/news\/novi-stanari-ntp-crne-gore-loyalty-wallet-doo-niksic\/\">New Residents of STP Montenegro \u2013 Loyalty Wallet llc, Nik\u0161i\u0107<\/a><\/h5>\r\n                                    <\/div>\r\n                                <\/div>\r\n                            <\/div>\r\n                        \r\n                            <!-- News Block Ten -->\r\n                            <div class=\"news-block-ten col-lg-4 col-md-6 col-sm-12\">\r\n                                <div class=\"inner-box wow fadeInRight\" data-wow-delay=\"0ms\" data-wow-duration=\"1500ms\">\r\n                                    <div class=\"image\">\r\n                                        <a href=\"https:\/\/ntpark.me\/en\/news\/ntp-crne-gore-i-respa-potpisali-memorandum-o-razumijevanju-jacanje-saradnje-na-polju-inovacija-i-digitalne-transformacije-javnog-sektora\/\"><img loading=\"lazy\" decoding=\"async\" width=\"640\" height=\"376\" src=\"https:\/\/ntpark.me\/wp-content\/uploads\/2025\/10\/11.jpg\" class=\"attachment-full size-full\" alt=\"\" srcset=\"https:\/\/ntpark.me\/wp-content\/uploads\/2025\/10\/11.jpg 640w, https:\/\/ntpark.me\/wp-content\/uploads\/2025\/10\/11-300x176.jpg 300w\" sizes=\"(max-width: 640px) 100vw, 640px\" \/><\/a>\r\n                                    <\/div>\r\n                                    <div class=\"lower-content\">\r\n                                        <ul class=\"post-meta\">\r\n                                            <li><span class=\"icon fal fa-user-alt\"><\/span>editor<\/li>\r\n                                            <li><span class=\"icon fal fa-calendar-alt\"><\/span>Oct 21, 2025<\/li>\r\n                                        <\/ul>\r\n                                        <h5><a href=\"https:\/\/ntpark.me\/en\/news\/ntp-crne-gore-i-respa-potpisali-memorandum-o-razumijevanju-jacanje-saradnje-na-polju-inovacija-i-digitalne-transformacije-javnog-sektora\/\">The Montenegro Science and Technology Park and ReSPA have signed a Memorandum of Understanding to strengthen cooperation in the fields of innovation and digital transformation of the public sector<\/a><\/h5>\r\n                                    <\/div>\r\n                                <\/div>\r\n                            <\/div>\r\n                        \r\n                            <!-- News Block Ten -->\r\n                            <div class=\"news-block-ten col-lg-4 col-md-6 col-sm-12\">\r\n                                <div class=\"inner-box wow fadeInRight\" data-wow-delay=\"0ms\" data-wow-duration=\"1500ms\">\r\n                                    <div class=\"image\">\r\n                                        <a href=\"https:\/\/ntpark.me\/en\/news\/poceo-skillsup-vol-2-novi-ciklus-podrske-mladim-inovatorima\/\"><img loading=\"lazy\" decoding=\"async\" width=\"2560\" height=\"1679\" src=\"https:\/\/ntpark.me\/wp-content\/uploads\/2025\/10\/DSC_2901-scaled.jpg\" class=\"attachment-full size-full\" alt=\"\" srcset=\"https:\/\/ntpark.me\/wp-content\/uploads\/2025\/10\/DSC_2901-scaled.jpg 2560w, https:\/\/ntpark.me\/wp-content\/uploads\/2025\/10\/DSC_2901-300x197.jpg 300w, https:\/\/ntpark.me\/wp-content\/uploads\/2025\/10\/DSC_2901-1024x672.jpg 1024w, https:\/\/ntpark.me\/wp-content\/uploads\/2025\/10\/DSC_2901-768x504.jpg 768w, https:\/\/ntpark.me\/wp-content\/uploads\/2025\/10\/DSC_2901-1536x1007.jpg 1536w, https:\/\/ntpark.me\/wp-content\/uploads\/2025\/10\/DSC_2901-2048x1343.jpg 2048w, https:\/\/ntpark.me\/wp-content\/uploads\/2025\/10\/DSC_2901-200x132.jpg 200w\" sizes=\"(max-width: 2560px) 100vw, 2560px\" \/><\/a>\r\n                                    <\/div>\r\n                                    <div class=\"lower-content\">\r\n                                        <ul class=\"post-meta\">\r\n                                            <li><span class=\"icon fal fa-user-alt\"><\/span>editor<\/li>\r\n                                            <li><span class=\"icon fal fa-calendar-alt\"><\/span>Oct 20, 2025<\/li>\r\n                                        <\/ul>\r\n                                        <h5><a href=\"https:\/\/ntpark.me\/en\/news\/poceo-skillsup-vol-2-novi-ciklus-podrske-mladim-inovatorima\/\">SkillsUp vol. 2 has started \u2013 a new cycle of support for young innovators<\/a><\/h5>\r\n                                    <\/div>\r\n                                <\/div>\r\n                            <\/div>\r\n                        \r\n                            <!-- News Block Ten -->\r\n                            <div class=\"news-block-ten col-lg-4 col-md-6 col-sm-12\">\r\n                                <div class=\"inner-box wow fadeInRight\" data-wow-delay=\"0ms\" data-wow-duration=\"1500ms\">\r\n                                    <div class=\"image\">\r\n                                        <a href=\"https:\/\/ntpark.me\/en\/news\/uspjesno-realizovana-obuka-za-implementaciju-principa-cirkularne-ekonomije-u-crnoj-gori\/\"><img loading=\"lazy\" decoding=\"async\" width=\"2560\" height=\"1707\" src=\"https:\/\/ntpark.me\/wp-content\/uploads\/2025\/10\/Cirkularna-ekonomija-scaled.jpg\" class=\"attachment-full size-full\" alt=\"\" srcset=\"https:\/\/ntpark.me\/wp-content\/uploads\/2025\/10\/Cirkularna-ekonomija-scaled.jpg 2560w, https:\/\/ntpark.me\/wp-content\/uploads\/2025\/10\/Cirkularna-ekonomija-300x200.jpg 300w, https:\/\/ntpark.me\/wp-content\/uploads\/2025\/10\/Cirkularna-ekonomija-1024x683.jpg 1024w, https:\/\/ntpark.me\/wp-content\/uploads\/2025\/10\/Cirkularna-ekonomija-768x512.jpg 768w, https:\/\/ntpark.me\/wp-content\/uploads\/2025\/10\/Cirkularna-ekonomija-1536x1024.jpg 1536w, https:\/\/ntpark.me\/wp-content\/uploads\/2025\/10\/Cirkularna-ekonomija-2048x1365.jpg 2048w, https:\/\/ntpark.me\/wp-content\/uploads\/2025\/10\/Cirkularna-ekonomija-200x132.jpg 200w\" sizes=\"(max-width: 2560px) 100vw, 2560px\" \/><\/a>\r\n                                    <\/div>\r\n                                    <div class=\"lower-content\">\r\n                                        <ul class=\"post-meta\">\r\n                                            <li><span class=\"icon fal fa-user-alt\"><\/span>milica.bozovic<\/li>\r\n                                            <li><span class=\"icon fal fa-calendar-alt\"><\/span>Oct 17, 2025<\/li>\r\n                                        <\/ul>\r\n                                        <h5><a href=\"https:\/\/ntpark.me\/en\/news\/uspjesno-realizovana-obuka-za-implementaciju-principa-cirkularne-ekonomije-u-crnoj-gori\/\">Successfully conducted training for the implementation of circular economy principles in Montenegro<\/a><\/h5>\r\n                                    <\/div>\r\n                                <\/div>\r\n                            <\/div>\r\n                        \r\n                            <!-- News Block Ten -->\r\n                            <div class=\"news-block-ten col-lg-4 col-md-6 col-sm-12\">\r\n                                <div class=\"inner-box wow fadeInRight\" data-wow-delay=\"0ms\" data-wow-duration=\"1500ms\">\r\n                                    <div class=\"image\">\r\n                                        <a href=\"https:\/\/ntpark.me\/en\/news\/objavljen-javni-poziv-za-evaluatore-za-ocjenu-prijava-po-osnovu-javnog-poziva-za-dodjelu-vaucera-za-patentnu-zastitu-i-razvoj-pronalaska\/\"><img loading=\"lazy\" decoding=\"async\" width=\"1067\" height=\"600\" src=\"https:\/\/ntpark.me\/wp-content\/uploads\/2025\/10\/poziv-evaluatori.webp\" class=\"attachment-full size-full\" alt=\"\" srcset=\"https:\/\/ntpark.me\/wp-content\/uploads\/2025\/10\/poziv-evaluatori.webp 1067w, https:\/\/ntpark.me\/wp-content\/uploads\/2025\/10\/poziv-evaluatori-300x169.webp 300w, https:\/\/ntpark.me\/wp-content\/uploads\/2025\/10\/poziv-evaluatori-1024x576.webp 1024w, https:\/\/ntpark.me\/wp-content\/uploads\/2025\/10\/poziv-evaluatori-768x432.webp 768w\" sizes=\"(max-width: 1067px) 100vw, 1067px\" \/><\/a>\r\n                                    <\/div>\r\n                                    <div class=\"lower-content\">\r\n                                        <ul class=\"post-meta\">\r\n                                            <li><span class=\"icon fal fa-user-alt\"><\/span>editor<\/li>\r\n                                            <li><span class=\"icon fal fa-calendar-alt\"><\/span>Oct 17, 2025<\/li>\r\n                                        <\/ul>\r\n                                        <h5><a href=\"https:\/\/ntpark.me\/en\/news\/objavljen-javni-poziv-za-evaluatore-za-ocjenu-prijava-po-osnovu-javnog-poziva-za-dodjelu-vaucera-za-patentnu-zastitu-i-razvoj-pronalaska\/\">Public Call Published for Evaluators to Assess Applications under the Public Call for the Award of Vouchers for Patent Protection and Invention Development<\/a><\/h5>\r\n                                    <\/div>\r\n                                <\/div>\r\n                            <\/div>\r\n                        \r\n                            <!-- News Block Ten -->\r\n                            <div class=\"news-block-ten col-lg-4 col-md-6 col-sm-12\">\r\n                                <div class=\"inner-box wow fadeInRight\" data-wow-delay=\"0ms\" data-wow-duration=\"1500ms\">\r\n                                    <div class=\"image\">\r\n                                        <a href=\"https:\/\/ntpark.me\/en\/news\/ntp-crne-gore-na-finno-2025-panelu-o-inovacionim-ekosistemima\/\"><img loading=\"lazy\" decoding=\"async\" width=\"2560\" height=\"1479\" src=\"https:\/\/ntpark.me\/wp-content\/uploads\/2025\/10\/B_R_4866-scaled.jpg\" class=\"attachment-full size-full\" alt=\"\" srcset=\"https:\/\/ntpark.me\/wp-content\/uploads\/2025\/10\/B_R_4866-scaled.jpg 2560w, https:\/\/ntpark.me\/wp-content\/uploads\/2025\/10\/B_R_4866-300x173.jpg 300w, https:\/\/ntpark.me\/wp-content\/uploads\/2025\/10\/B_R_4866-1024x592.jpg 1024w, https:\/\/ntpark.me\/wp-content\/uploads\/2025\/10\/B_R_4866-768x444.jpg 768w, https:\/\/ntpark.me\/wp-content\/uploads\/2025\/10\/B_R_4866-1536x887.jpg 1536w, https:\/\/ntpark.me\/wp-content\/uploads\/2025\/10\/B_R_4866-2048x1183.jpg 2048w\" sizes=\"(max-width: 2560px) 100vw, 2560px\" \/><\/a>\r\n                                    <\/div>\r\n                                    <div class=\"lower-content\">\r\n                                        <ul class=\"post-meta\">\r\n                                            <li><span class=\"icon fal fa-user-alt\"><\/span>editor<\/li>\r\n                                            <li><span class=\"icon fal fa-calendar-alt\"><\/span>Oct 17, 2025<\/li>\r\n                                        <\/ul>\r\n                                        <h5><a href=\"https:\/\/ntpark.me\/en\/news\/ntp-crne-gore-na-finno-2025-panelu-o-inovacionim-ekosistemima\/\">STP of Montenegro at the FINNO 2025 panel on innovation ecosystems<\/a><\/h5>\r\n                                    <\/div>\r\n                                <\/div>\r\n                            <\/div>\r\n                        \r\n                            <!-- News Block Ten -->\r\n                            <div class=\"news-block-ten col-lg-4 col-md-6 col-sm-12\">\r\n                                <div class=\"inner-box wow fadeInRight\" data-wow-delay=\"0ms\" data-wow-duration=\"1500ms\">\r\n                                    <div class=\"image\">\r\n                                        <a href=\"https:\/\/ntpark.me\/en\/news\/naucno-tehnoloski-park-crne-gore-na-eu-montenegro-investment-conference-station-m-kao-vizija-regionalne-inovacione-buducnosti\/\"><img loading=\"lazy\" decoding=\"async\" width=\"1638\" height=\"1693\" src=\"https:\/\/ntpark.me\/wp-content\/uploads\/2025\/10\/vr-1.jpg\" class=\"attachment-full size-full\" alt=\"\" srcset=\"https:\/\/ntpark.me\/wp-content\/uploads\/2025\/10\/vr-1.jpg 1638w, https:\/\/ntpark.me\/wp-content\/uploads\/2025\/10\/vr-1-290x300.jpg 290w, https:\/\/ntpark.me\/wp-content\/uploads\/2025\/10\/vr-1-991x1024.jpg 991w, https:\/\/ntpark.me\/wp-content\/uploads\/2025\/10\/vr-1-768x794.jpg 768w, https:\/\/ntpark.me\/wp-content\/uploads\/2025\/10\/vr-1-1486x1536.jpg 1486w\" sizes=\"(max-width: 1638px) 100vw, 1638px\" \/><\/a>\r\n                                    <\/div>\r\n                                    <div class=\"lower-content\">\r\n                                        <ul class=\"post-meta\">\r\n                                            <li><span class=\"icon fal fa-user-alt\"><\/span>editor<\/li>\r\n                                            <li><span class=\"icon fal fa-calendar-alt\"><\/span>Oct 16, 2025<\/li>\r\n                                        <\/ul>\r\n                                        <h5><a href=\"https:\/\/ntpark.me\/en\/news\/naucno-tehnoloski-park-crne-gore-na-eu-montenegro-investment-conference-station-m-kao-vizija-regionalne-inovacione-buducnosti\/\">The Scientific and Technological Park of Montenegro at the EU\u2013Montenegro Investment Conference: Station M as a Vision of the Regional Innovation Future<\/a><\/h5>\r\n                                    <\/div>\r\n                                <\/div>\r\n                            <\/div>\r\n                        \r\n                            <!-- News Block Ten -->\r\n                            <div class=\"news-block-ten col-lg-4 col-md-6 col-sm-12\">\r\n                                <div class=\"inner-box wow fadeInRight\" data-wow-delay=\"0ms\" data-wow-duration=\"1500ms\">\r\n                                    <div class=\"image\">\r\n                                        <a href=\"https:\/\/ntpark.me\/en\/news\/naucno-tehnoloski-park-crne-gore-dobio-je-novog-virtuelnog-stanara-kompaniju-vicit-doo\/\"><img loading=\"lazy\" decoding=\"async\" width=\"2560\" height=\"1777\" src=\"https:\/\/ntpark.me\/wp-content\/uploads\/2025\/10\/image0-1-scaled.jpeg\" class=\"attachment-full size-full\" alt=\"\" srcset=\"https:\/\/ntpark.me\/wp-content\/uploads\/2025\/10\/image0-1-scaled.jpeg 2560w, https:\/\/ntpark.me\/wp-content\/uploads\/2025\/10\/image0-1-300x208.jpeg 300w, https:\/\/ntpark.me\/wp-content\/uploads\/2025\/10\/image0-1-1024x711.jpeg 1024w, https:\/\/ntpark.me\/wp-content\/uploads\/2025\/10\/image0-1-768x533.jpeg 768w, https:\/\/ntpark.me\/wp-content\/uploads\/2025\/10\/image0-1-1536x1066.jpeg 1536w, https:\/\/ntpark.me\/wp-content\/uploads\/2025\/10\/image0-1-2048x1421.jpeg 2048w, https:\/\/ntpark.me\/wp-content\/uploads\/2025\/10\/image0-1-365x252.jpeg 365w\" sizes=\"(max-width: 2560px) 100vw, 2560px\" \/><\/a>\r\n                                    <\/div>\r\n                                    <div class=\"lower-content\">\r\n                                        <ul class=\"post-meta\">\r\n                                            <li><span class=\"icon fal fa-user-alt\"><\/span>editor<\/li>\r\n                                            <li><span class=\"icon fal fa-calendar-alt\"><\/span>Oct 13, 2025<\/li>\r\n                                        <\/ul>\r\n                                        <h5><a href=\"https:\/\/ntpark.me\/en\/news\/naucno-tehnoloski-park-crne-gore-dobio-je-novog-virtuelnog-stanara-kompaniju-vicit-doo\/\">The Science and Technology Park of Montenegro has welcomed a new virtual resident \u2013 the company VICIT Ltd<\/a><\/h5>\r\n                                    <\/div>\r\n                                <\/div>\r\n                            <\/div>\r\n                        \r\n                            <!-- News Block Ten -->\r\n                            <div class=\"news-block-ten col-lg-4 col-md-6 col-sm-12\">\r\n                                <div class=\"inner-box wow fadeInRight\" data-wow-delay=\"0ms\" data-wow-duration=\"1500ms\">\r\n                                    <div class=\"image\">\r\n                                        <a href=\"https:\/\/ntpark.me\/en\/news\/odrzana-konferencija-odrzivi-grad-kao-usluga-fokus-na-transport-i-mobilnost-inspirisana-iskustvima-iz-finske\/\"><img loading=\"lazy\" decoding=\"async\" width=\"1866\" height=\"1150\" src=\"https:\/\/ntpark.me\/wp-content\/uploads\/2025\/10\/DP__2757.jpg\" class=\"attachment-full size-full\" alt=\"\" srcset=\"https:\/\/ntpark.me\/wp-content\/uploads\/2025\/10\/DP__2757.jpg 1866w, https:\/\/ntpark.me\/wp-content\/uploads\/2025\/10\/DP__2757-300x185.jpg 300w, https:\/\/ntpark.me\/wp-content\/uploads\/2025\/10\/DP__2757-1024x631.jpg 1024w, https:\/\/ntpark.me\/wp-content\/uploads\/2025\/10\/DP__2757-768x473.jpg 768w, https:\/\/ntpark.me\/wp-content\/uploads\/2025\/10\/DP__2757-1536x947.jpg 1536w\" sizes=\"(max-width: 1866px) 100vw, 1866px\" \/><\/a>\r\n                                    <\/div>\r\n                                    <div class=\"lower-content\">\r\n                                        <ul class=\"post-meta\">\r\n                                            <li><span class=\"icon fal fa-user-alt\"><\/span>editor<\/li>\r\n                                            <li><span class=\"icon fal fa-calendar-alt\"><\/span>Oct 10, 2025<\/li>\r\n                                        <\/ul>\r\n                                        <h5><a href=\"https:\/\/ntpark.me\/en\/news\/odrzana-konferencija-odrzivi-grad-kao-usluga-fokus-na-transport-i-mobilnost-inspirisana-iskustvima-iz-finske\/\">Conference \u201cSustainable City as a Service \u2013 Focus on Transport and Mobility\u201d Held, Inspired by Experiences from Finland<\/a><\/h5>\r\n                                    <\/div>\r\n                                <\/div>\r\n                            <\/div>\r\n                        \r\n                            <!-- News Block Ten -->\r\n                            <div class=\"news-block-ten col-lg-4 col-md-6 col-sm-12\">\r\n                                <div class=\"inner-box wow fadeInRight\" data-wow-delay=\"0ms\" data-wow-duration=\"1500ms\">\r\n                                    <div class=\"image\">\r\n                                        <a href=\"https:\/\/ntpark.me\/en\/news\/potpisan-memorandum-o-saradnji-u-oblasti-odrzivog-upravljanja-otpadom-i-ekoloskih-inicijativa\/\"><img loading=\"lazy\" decoding=\"async\" width=\"2560\" height=\"1509\" src=\"https:\/\/ntpark.me\/wp-content\/uploads\/2025\/10\/1760004154753466-scaled.jpg\" class=\"attachment-full size-full\" alt=\"\" srcset=\"https:\/\/ntpark.me\/wp-content\/uploads\/2025\/10\/1760004154753466-scaled.jpg 2560w, https:\/\/ntpark.me\/wp-content\/uploads\/2025\/10\/1760004154753466-300x177.jpg 300w, https:\/\/ntpark.me\/wp-content\/uploads\/2025\/10\/1760004154753466-1024x604.jpg 1024w, https:\/\/ntpark.me\/wp-content\/uploads\/2025\/10\/1760004154753466-768x453.jpg 768w, https:\/\/ntpark.me\/wp-content\/uploads\/2025\/10\/1760004154753466-1536x905.jpg 1536w, https:\/\/ntpark.me\/wp-content\/uploads\/2025\/10\/1760004154753466-2048x1207.jpg 2048w\" sizes=\"(max-width: 2560px) 100vw, 2560px\" \/><\/a>\r\n                                    <\/div>\r\n                                    <div class=\"lower-content\">\r\n                                        <ul class=\"post-meta\">\r\n                                            <li><span class=\"icon fal fa-user-alt\"><\/span>editor<\/li>\r\n                                            <li><span class=\"icon fal fa-calendar-alt\"><\/span>Oct 09, 2025<\/li>\r\n                                        <\/ul>\r\n                                        <h5><a href=\"https:\/\/ntpark.me\/en\/news\/potpisan-memorandum-o-saradnji-u-oblasti-odrzivog-upravljanja-otpadom-i-ekoloskih-inicijativa\/\">Memorandum of Cooperation Signed in the Field of Sustainable Waste Management and Environmental Initiatives<\/a><\/h5>\r\n                                    <\/div>\r\n                                <\/div>\r\n                            <\/div>\r\n                        \r\n                            <!-- News Block Ten -->\r\n                            <div class=\"news-block-ten col-lg-4 col-md-6 col-sm-12\">\r\n                                <div class=\"inner-box wow fadeInRight\" data-wow-delay=\"0ms\" data-wow-duration=\"1500ms\">\r\n                                    <div class=\"image\">\r\n                                        <a href=\"https:\/\/ntpark.me\/en\/news\/pametna-saradnja-ntp-cg-i-pmf-ucg-pokrecu-ai-laboratoriju\/\"><img loading=\"lazy\" decoding=\"async\" width=\"2560\" height=\"1794\" src=\"https:\/\/ntpark.me\/wp-content\/uploads\/2025\/10\/ntppmf-1-scaled.jpg\" class=\"attachment-full size-full\" alt=\"\" srcset=\"https:\/\/ntpark.me\/wp-content\/uploads\/2025\/10\/ntppmf-1-scaled.jpg 2560w, https:\/\/ntpark.me\/wp-content\/uploads\/2025\/10\/ntppmf-1-300x210.jpg 300w, https:\/\/ntpark.me\/wp-content\/uploads\/2025\/10\/ntppmf-1-1024x718.jpg 1024w, https:\/\/ntpark.me\/wp-content\/uploads\/2025\/10\/ntppmf-1-768x538.jpg 768w, https:\/\/ntpark.me\/wp-content\/uploads\/2025\/10\/ntppmf-1-1536x1076.jpg 1536w, https:\/\/ntpark.me\/wp-content\/uploads\/2025\/10\/ntppmf-1-2048x1435.jpg 2048w\" sizes=\"(max-width: 2560px) 100vw, 2560px\" \/><\/a>\r\n                                    <\/div>\r\n                                    <div class=\"lower-content\">\r\n                                        <ul class=\"post-meta\">\r\n                                            <li><span class=\"icon fal fa-user-alt\"><\/span>editor<\/li>\r\n                                            <li><span class=\"icon fal fa-calendar-alt\"><\/span>Oct 08, 2025<\/li>\r\n                                        <\/ul>\r\n                                        <h5><a href=\"https:\/\/ntpark.me\/en\/news\/pametna-saradnja-ntp-cg-i-pmf-ucg-pokrecu-ai-laboratoriju\/\">Smart Collaboration: STP Montenegro and Faculty of Natural Sciences and Mathematics of Montenegro Launch an AI Laboratory<\/a><\/h5>\r\n                                    <\/div>\r\n                                <\/div>\r\n                            <\/div>\r\n                        \r\n                            <!-- News Block Ten -->\r\n                            <div class=\"news-block-ten col-lg-4 col-md-6 col-sm-12\">\r\n                                <div class=\"inner-box wow fadeInRight\" data-wow-delay=\"0ms\" data-wow-duration=\"1500ms\">\r\n                                    <div class=\"image\">\r\n                                        <a href=\"https:\/\/ntpark.me\/en\/news\/dr-ntp-cg-valentina-radulovic-na-western-balkans-digital-summitu-2025\/\"><img loading=\"lazy\" decoding=\"async\" width=\"2560\" height=\"1725\" src=\"https:\/\/ntpark.me\/wp-content\/uploads\/2025\/10\/vr-scaled.jpg\" class=\"attachment-full size-full\" alt=\"\" srcset=\"https:\/\/ntpark.me\/wp-content\/uploads\/2025\/10\/vr-scaled.jpg 2560w, https:\/\/ntpark.me\/wp-content\/uploads\/2025\/10\/vr-300x202.jpg 300w, https:\/\/ntpark.me\/wp-content\/uploads\/2025\/10\/vr-1024x690.jpg 1024w, https:\/\/ntpark.me\/wp-content\/uploads\/2025\/10\/vr-768x518.jpg 768w, https:\/\/ntpark.me\/wp-content\/uploads\/2025\/10\/vr-1536x1035.jpg 1536w, https:\/\/ntpark.me\/wp-content\/uploads\/2025\/10\/vr-2048x1380.jpg 2048w\" sizes=\"(max-width: 2560px) 100vw, 2560px\" \/><\/a>\r\n                                    <\/div>\r\n                                    <div class=\"lower-content\">\r\n                                        <ul class=\"post-meta\">\r\n                                            <li><span class=\"icon fal fa-user-alt\"><\/span>editor<\/li>\r\n                                            <li><span class=\"icon fal fa-calendar-alt\"><\/span>Oct 01, 2025<\/li>\r\n                                        <\/ul>\r\n                                        <h5><a href=\"https:\/\/ntpark.me\/en\/news\/dr-ntp-cg-valentina-radulovic-na-western-balkans-digital-summitu-2025\/\">Dr. STP Montenegro Valentina Radulovi\u0107 at the Western Balkans Digital Summit 2025<\/a><\/h5>\r\n                                    <\/div>\r\n                                <\/div>\r\n                            <\/div>\r\n                        \r\n                            <!-- News Block Ten -->\r\n                            <div class=\"news-block-ten col-lg-4 col-md-6 col-sm-12\">\r\n                                <div class=\"inner-box wow fadeInRight\" data-wow-delay=\"0ms\" data-wow-duration=\"1500ms\">\r\n                                    <div class=\"image\">\r\n                                        <a href=\"https:\/\/ntpark.me\/en\/news\/ntp-na-infofestu-2025\/\"><img loading=\"lazy\" decoding=\"async\" width=\"488\" height=\"457\" src=\"https:\/\/ntpark.me\/wp-content\/uploads\/2025\/10\/IMG_0909BE37E595-1.jpeg\" class=\"attachment-full size-full\" alt=\"\" srcset=\"https:\/\/ntpark.me\/wp-content\/uploads\/2025\/10\/IMG_0909BE37E595-1.jpeg 488w, https:\/\/ntpark.me\/wp-content\/uploads\/2025\/10\/IMG_0909BE37E595-1-300x281.jpeg 300w\" sizes=\"(max-width: 488px) 100vw, 488px\" \/><\/a>\r\n                                    <\/div>\r\n                                    <div class=\"lower-content\">\r\n                                        <ul class=\"post-meta\">\r\n                                            <li><span class=\"icon fal fa-user-alt\"><\/span>editor<\/li>\r\n                                            <li><span class=\"icon fal fa-calendar-alt\"><\/span>Oct 01, 2025<\/li>\r\n                                        <\/ul>\r\n                                        <h5><a href=\"https:\/\/ntpark.me\/en\/news\/ntp-na-infofestu-2025\/\">STP at Infofest 2025<\/a><\/h5>\r\n                                    <\/div>\r\n                                <\/div>\r\n                            <\/div>\r\n                        \r\n                            <!-- News Block Ten -->\r\n                            <div class=\"news-block-ten col-lg-4 col-md-6 col-sm-12\">\r\n                                <div class=\"inner-box wow fadeInRight\" data-wow-delay=\"0ms\" data-wow-duration=\"1500ms\">\r\n                                    <div class=\"image\">\r\n                                        <a href=\"https:\/\/ntpark.me\/en\/news\/ntp-cg-na-wpl-summitu-2025\/\"><img loading=\"lazy\" decoding=\"async\" width=\"1919\" height=\"1049\" src=\"https:\/\/ntpark.me\/wp-content\/uploads\/2025\/09\/srna.jpg\" class=\"attachment-full size-full\" alt=\"\" srcset=\"https:\/\/ntpark.me\/wp-content\/uploads\/2025\/09\/srna.jpg 1919w, https:\/\/ntpark.me\/wp-content\/uploads\/2025\/09\/srna-300x164.jpg 300w, https:\/\/ntpark.me\/wp-content\/uploads\/2025\/09\/srna-1024x560.jpg 1024w, https:\/\/ntpark.me\/wp-content\/uploads\/2025\/09\/srna-768x420.jpg 768w, https:\/\/ntpark.me\/wp-content\/uploads\/2025\/09\/srna-1536x840.jpg 1536w\" sizes=\"(max-width: 1919px) 100vw, 1919px\" \/><\/a>\r\n                                    <\/div>\r\n                                    <div class=\"lower-content\">\r\n                                        <ul class=\"post-meta\">\r\n                                            <li><span class=\"icon fal fa-user-alt\"><\/span>editor<\/li>\r\n                                            <li><span class=\"icon fal fa-calendar-alt\"><\/span>Sep 30, 2025<\/li>\r\n                                        <\/ul>\r\n                                        <h5><a href=\"https:\/\/ntpark.me\/en\/news\/ntp-cg-na-wpl-summitu-2025\/\">STP MNE at the WPL Summit 2025<\/a><\/h5>\r\n                                    <\/div>\r\n                                <\/div>\r\n                            <\/div>\r\n                        \r\n                            <!-- News Block Ten -->\r\n                            <div class=\"news-block-ten col-lg-4 col-md-6 col-sm-12\">\r\n                                <div class=\"inner-box wow fadeInRight\" data-wow-delay=\"0ms\" data-wow-duration=\"1500ms\">\r\n                                    <div class=\"image\">\r\n                                        <a href=\"https:\/\/ntpark.me\/en\/news\/finale-programa-social-impact-award-2025-u-naucno-tehnoloskom-parku-crne-gore\/\"><img loading=\"lazy\" decoding=\"async\" width=\"2560\" height=\"1250\" src=\"https:\/\/ntpark.me\/wp-content\/uploads\/2025\/09\/image0-scaled.jpeg\" class=\"attachment-full size-full\" alt=\"\" srcset=\"https:\/\/ntpark.me\/wp-content\/uploads\/2025\/09\/image0-scaled.jpeg 2560w, https:\/\/ntpark.me\/wp-content\/uploads\/2025\/09\/image0-300x146.jpeg 300w, https:\/\/ntpark.me\/wp-content\/uploads\/2025\/09\/image0-1024x500.jpeg 1024w, https:\/\/ntpark.me\/wp-content\/uploads\/2025\/09\/image0-768x375.jpeg 768w, https:\/\/ntpark.me\/wp-content\/uploads\/2025\/09\/image0-1536x750.jpeg 1536w, https:\/\/ntpark.me\/wp-content\/uploads\/2025\/09\/image0-2048x1000.jpeg 2048w\" sizes=\"(max-width: 2560px) 100vw, 2560px\" \/><\/a>\r\n                                    <\/div>\r\n                                    <div class=\"lower-content\">\r\n                                        <ul class=\"post-meta\">\r\n                                            <li><span class=\"icon fal fa-user-alt\"><\/span>editor<\/li>\r\n                                            <li><span class=\"icon fal fa-calendar-alt\"><\/span>Sep 29, 2025<\/li>\r\n                                        <\/ul>\r\n                                        <h5><a href=\"https:\/\/ntpark.me\/en\/news\/finale-programa-social-impact-award-2025-u-naucno-tehnoloskom-parku-crne-gore\/\">Final of the Social Impact Award 2025 program at the Science and Technology Park of Montenegro<\/a><\/h5>\r\n                                    <\/div>\r\n                                <\/div>\r\n                            <\/div>\r\n                        \r\n                            <!-- News Block Ten -->\r\n                            <div class=\"news-block-ten col-lg-4 col-md-6 col-sm-12\">\r\n                                <div class=\"inner-box wow fadeInRight\" data-wow-delay=\"0ms\" data-wow-duration=\"1500ms\">\r\n                                    <div class=\"image\">\r\n                                        <a href=\"https:\/\/ntpark.me\/en\/news\/nova-laboratorija-za-istrazivanja-u-oblasti-robotike-u-naucno-tehnoloskom-parku-crne-gore\/\"><img loading=\"lazy\" decoding=\"async\" width=\"2560\" height=\"1607\" src=\"https:\/\/ntpark.me\/wp-content\/uploads\/2025\/09\/SL__8486-1-scaled.jpg\" class=\"attachment-full size-full\" alt=\"\" srcset=\"https:\/\/ntpark.me\/wp-content\/uploads\/2025\/09\/SL__8486-1-scaled.jpg 2560w, https:\/\/ntpark.me\/wp-content\/uploads\/2025\/09\/SL__8486-1-300x188.jpg 300w, https:\/\/ntpark.me\/wp-content\/uploads\/2025\/09\/SL__8486-1-1024x643.jpg 1024w, https:\/\/ntpark.me\/wp-content\/uploads\/2025\/09\/SL__8486-1-768x482.jpg 768w, https:\/\/ntpark.me\/wp-content\/uploads\/2025\/09\/SL__8486-1-1536x964.jpg 1536w, https:\/\/ntpark.me\/wp-content\/uploads\/2025\/09\/SL__8486-1-2048x1285.jpg 2048w\" sizes=\"(max-width: 2560px) 100vw, 2560px\" \/><\/a>\r\n                                    <\/div>\r\n                                    <div class=\"lower-content\">\r\n                                        <ul class=\"post-meta\">\r\n                                            <li><span class=\"icon fal fa-user-alt\"><\/span>editor<\/li>\r\n                                            <li><span class=\"icon fal fa-calendar-alt\"><\/span>Sep 29, 2025<\/li>\r\n                                        <\/ul>\r\n                                        <h5><a href=\"https:\/\/ntpark.me\/en\/news\/nova-laboratorija-za-istrazivanja-u-oblasti-robotike-u-naucno-tehnoloskom-parku-crne-gore\/\">New laboratory for research in the field of robotics at the Science and Technology Park of Montenegro<\/a><\/h5>\r\n                                    <\/div>\r\n                                <\/div>\r\n                            <\/div>\r\n                        \r\n                            <!-- News Block Ten -->\r\n                            <div class=\"news-block-ten col-lg-4 col-md-6 col-sm-12\">\r\n                                <div class=\"inner-box wow fadeInRight\" data-wow-delay=\"0ms\" data-wow-duration=\"1500ms\">\r\n                                    <div class=\"image\">\r\n                                        <a href=\"https:\/\/ntpark.me\/en\/news\/panel-diskusija-ekosistem-znanja-i-inovacija-povodom-dana-nauke-i-sestog-rodendana-ntpcg\/\"><img loading=\"lazy\" decoding=\"async\" width=\"2560\" height=\"1578\" src=\"https:\/\/ntpark.me\/wp-content\/uploads\/2025\/09\/Panel-scaled.jpg\" class=\"attachment-full size-full\" alt=\"\" srcset=\"https:\/\/ntpark.me\/wp-content\/uploads\/2025\/09\/Panel-scaled.jpg 2560w, https:\/\/ntpark.me\/wp-content\/uploads\/2025\/09\/Panel-300x185.jpg 300w, https:\/\/ntpark.me\/wp-content\/uploads\/2025\/09\/Panel-1024x631.jpg 1024w, https:\/\/ntpark.me\/wp-content\/uploads\/2025\/09\/Panel-768x473.jpg 768w, https:\/\/ntpark.me\/wp-content\/uploads\/2025\/09\/Panel-1536x947.jpg 1536w, https:\/\/ntpark.me\/wp-content\/uploads\/2025\/09\/Panel-2048x1262.jpg 2048w\" sizes=\"(max-width: 2560px) 100vw, 2560px\" \/><\/a>\r\n                                    <\/div>\r\n                                    <div class=\"lower-content\">\r\n                                        <ul class=\"post-meta\">\r\n                                            <li><span class=\"icon fal fa-user-alt\"><\/span>editor<\/li>\r\n                                            <li><span class=\"icon fal fa-calendar-alt\"><\/span>Sep 25, 2025<\/li>\r\n                                        <\/ul>\r\n                                        <h5><a href=\"https:\/\/ntpark.me\/en\/news\/panel-diskusija-ekosistem-znanja-i-inovacija-povodom-dana-nauke-i-sestog-rodendana-ntpcg\/\">Panel Discussion \u201cKnowledge and Innovation Ecosystem\u201d on the occasion of Science Day and the 6th Anniversary of STP MNE<\/a><\/h5>\r\n                                    <\/div>\r\n                                <\/div>\r\n                            <\/div>\r\n                        \r\n                            <!-- News Block Ten -->\r\n                            <div class=\"news-block-ten col-lg-4 col-md-6 col-sm-12\">\r\n                                <div class=\"inner-box wow fadeInRight\" data-wow-delay=\"0ms\" data-wow-duration=\"1500ms\">\r\n                                    <div class=\"image\">\r\n                                        <a href=\"https:\/\/ntpark.me\/en\/news\/ntp-domacin-otvaranja-procesa-preduzetnickog-otkrivanja-edp-za-novu-strategiju-pametne-specijalizacije-crne-gore-s3-2025-2030\/\"><img loading=\"lazy\" decoding=\"async\" width=\"1000\" height=\"666\" src=\"https:\/\/ntpark.me\/wp-content\/uploads\/2025\/09\/5673534_3_ls.jpg\" class=\"attachment-full size-full\" alt=\"\" srcset=\"https:\/\/ntpark.me\/wp-content\/uploads\/2025\/09\/5673534_3_ls.jpg 1000w, https:\/\/ntpark.me\/wp-content\/uploads\/2025\/09\/5673534_3_ls-300x200.jpg 300w, https:\/\/ntpark.me\/wp-content\/uploads\/2025\/09\/5673534_3_ls-768x511.jpg 768w, https:\/\/ntpark.me\/wp-content\/uploads\/2025\/09\/5673534_3_ls-200x132.jpg 200w\" sizes=\"(max-width: 1000px) 100vw, 1000px\" \/><\/a>\r\n                                    <\/div>\r\n                                    <div class=\"lower-content\">\r\n                                        <ul class=\"post-meta\">\r\n                                            <li><span class=\"icon fal fa-user-alt\"><\/span>editor<\/li>\r\n                                            <li><span class=\"icon fal fa-calendar-alt\"><\/span>Sep 24, 2025<\/li>\r\n                                        <\/ul>\r\n                                        <h5><a href=\"https:\/\/ntpark.me\/en\/news\/ntp-domacin-otvaranja-procesa-preduzetnickog-otkrivanja-edp-za-novu-strategiju-pametne-specijalizacije-crne-gore-s3-2025-2030\/\">STP hosted the launch of the Entrepreneurial Discovery Process (EDP) for Montenegro\u2019s new Smart Specialisation Strategy (S3 2025\u20132030)<\/a><\/h5>\r\n                                    <\/div>\r\n                                <\/div>\r\n                            <\/div>\r\n                        \r\n                            <!-- News Block Ten -->\r\n                            <div class=\"news-block-ten col-lg-4 col-md-6 col-sm-12\">\r\n                                <div class=\"inner-box wow fadeInRight\" data-wow-delay=\"0ms\" data-wow-duration=\"1500ms\">\r\n                                    <div class=\"image\">\r\n                                        <a href=\"https:\/\/ntpark.me\/en\/news\/direktorica-ntp-crne-gore-na-bijelo-polje-business-forumu-2025\/\"><img loading=\"lazy\" decoding=\"async\" width=\"1460\" height=\"723\" src=\"https:\/\/ntpark.me\/wp-content\/uploads\/2025\/09\/viber_slika_2025-09-22_08-42-01-791.jpg\" class=\"attachment-full size-full\" alt=\"\" srcset=\"https:\/\/ntpark.me\/wp-content\/uploads\/2025\/09\/viber_slika_2025-09-22_08-42-01-791.jpg 1460w, https:\/\/ntpark.me\/wp-content\/uploads\/2025\/09\/viber_slika_2025-09-22_08-42-01-791-300x149.jpg 300w, https:\/\/ntpark.me\/wp-content\/uploads\/2025\/09\/viber_slika_2025-09-22_08-42-01-791-1024x507.jpg 1024w, https:\/\/ntpark.me\/wp-content\/uploads\/2025\/09\/viber_slika_2025-09-22_08-42-01-791-768x380.jpg 768w\" sizes=\"(max-width: 1460px) 100vw, 1460px\" \/><\/a>\r\n                                    <\/div>\r\n                                    <div class=\"lower-content\">\r\n                                        <ul class=\"post-meta\">\r\n                                            <li><span class=\"icon fal fa-user-alt\"><\/span>editor<\/li>\r\n                                            <li><span class=\"icon fal fa-calendar-alt\"><\/span>Sep 22, 2025<\/li>\r\n                                        <\/ul>\r\n                                        <h5><a href=\"https:\/\/ntpark.me\/en\/news\/direktorica-ntp-crne-gore-na-bijelo-polje-business-forumu-2025\/\">Director of the Scientific and Technological Park of Montenegro at the Bijelo Polje Business Forum 2025<\/a><\/h5>\r\n                                    <\/div>\r\n                                <\/div>\r\n                            <\/div>\r\n                        \r\n                            <!-- News Block Ten -->\r\n                            <div class=\"news-block-ten col-lg-4 col-md-6 col-sm-12\">\r\n                                <div class=\"inner-box wow fadeInRight\" data-wow-delay=\"0ms\" data-wow-duration=\"1500ms\">\r\n                                    <div class=\"image\">\r\n                                        <a href=\"https:\/\/ntpark.me\/en\/news\/uspjesno-zavrsen-hakaton-open-data-challenge-mladi-inovatori-pokazali-snagu-otvorenih-podataka\/\"><img loading=\"lazy\" decoding=\"async\" width=\"2560\" height=\"1460\" src=\"https:\/\/ntpark.me\/wp-content\/uploads\/2025\/09\/open-data-challenge-scaled.jpg\" class=\"attachment-full size-full\" alt=\"\" srcset=\"https:\/\/ntpark.me\/wp-content\/uploads\/2025\/09\/open-data-challenge-scaled.jpg 2560w, https:\/\/ntpark.me\/wp-content\/uploads\/2025\/09\/open-data-challenge-300x171.jpg 300w, https:\/\/ntpark.me\/wp-content\/uploads\/2025\/09\/open-data-challenge-1024x584.jpg 1024w, https:\/\/ntpark.me\/wp-content\/uploads\/2025\/09\/open-data-challenge-768x438.jpg 768w, https:\/\/ntpark.me\/wp-content\/uploads\/2025\/09\/open-data-challenge-1536x876.jpg 1536w, https:\/\/ntpark.me\/wp-content\/uploads\/2025\/09\/open-data-challenge-2048x1168.jpg 2048w\" sizes=\"(max-width: 2560px) 100vw, 2560px\" \/><\/a>\r\n                                    <\/div>\r\n                                    <div class=\"lower-content\">\r\n                                        <ul class=\"post-meta\">\r\n                                            <li><span class=\"icon fal fa-user-alt\"><\/span>editor<\/li>\r\n                                            <li><span class=\"icon fal fa-calendar-alt\"><\/span>Sep 19, 2025<\/li>\r\n                                        <\/ul>\r\n                                        <h5><a href=\"https:\/\/ntpark.me\/en\/news\/uspjesno-zavrsen-hakaton-open-data-challenge-mladi-inovatori-pokazali-snagu-otvorenih-podataka\/\">Successfully completed Open Data Challenge hackathon \u2013 young innovators demonstrated the power of open data<\/a><\/h5>\r\n                                    <\/div>\r\n                                <\/div>\r\n                            <\/div>\r\n                        \r\n                            <!-- News Block Ten -->\r\n                            <div class=\"news-block-ten col-lg-4 col-md-6 col-sm-12\">\r\n                                <div class=\"inner-box wow fadeInRight\" data-wow-delay=\"0ms\" data-wow-duration=\"1500ms\">\r\n                                    <div class=\"image\">\r\n                                        <a href=\"https:\/\/ntpark.me\/en\/news\/open-data-challenge-budite-dio-dogadaja-koji-predstavlja-inovativne-ideje-u-naucno-tehnoloskom-parku-crne-gore\/\"><img loading=\"lazy\" decoding=\"async\" width=\"1920\" height=\"1080\" src=\"https:\/\/ntpark.me\/wp-content\/uploads\/2025\/09\/Hakaton-novo-1.png\" class=\"attachment-full size-full\" alt=\"\" srcset=\"https:\/\/ntpark.me\/wp-content\/uploads\/2025\/09\/Hakaton-novo-1.png 1920w, https:\/\/ntpark.me\/wp-content\/uploads\/2025\/09\/Hakaton-novo-1-300x169.png 300w\" sizes=\"(max-width: 1920px) 100vw, 1920px\" \/><\/a>\r\n                                    <\/div>\r\n                                    <div class=\"lower-content\">\r\n                                        <ul class=\"post-meta\">\r\n                                            <li><span class=\"icon fal fa-user-alt\"><\/span>editor<\/li>\r\n                                            <li><span class=\"icon fal fa-calendar-alt\"><\/span>Sep 18, 2025<\/li>\r\n                                        <\/ul>\r\n                                        <h5><a href=\"https:\/\/ntpark.me\/en\/news\/open-data-challenge-budite-dio-dogadaja-koji-predstavlja-inovativne-ideje-u-naucno-tehnoloskom-parku-crne-gore\/\">Hackathon Open Data Challenge \u2013 be part of an event showcasing innovative ideas at the Science and Technology Park of Montenegro<\/a><\/h5>\r\n                                    <\/div>\r\n                                <\/div>\r\n                            <\/div>\r\n                        \r\n                            <!-- News Block Ten -->\r\n                            <div class=\"news-block-ten col-lg-4 col-md-6 col-sm-12\">\r\n                                <div class=\"inner-box wow fadeInRight\" data-wow-delay=\"0ms\" data-wow-duration=\"1500ms\">\r\n                                    <div class=\"image\">\r\n                                        <a href=\"https:\/\/ntpark.me\/en\/news\/otvoren-je-poziv-za-studentski-startap-program-skillsup-gen-2\/\"><img loading=\"lazy\" decoding=\"async\" width=\"940\" height=\"788\" src=\"https:\/\/ntpark.me\/wp-content\/uploads\/2025\/09\/SkillsUP-Facebook-Post.png\" class=\"attachment-full size-full\" alt=\"\" srcset=\"https:\/\/ntpark.me\/wp-content\/uploads\/2025\/09\/SkillsUP-Facebook-Post.png 940w, https:\/\/ntpark.me\/wp-content\/uploads\/2025\/09\/SkillsUP-Facebook-Post-300x251.png 300w, https:\/\/ntpark.me\/wp-content\/uploads\/2025\/09\/SkillsUP-Facebook-Post-768x644.png 768w, https:\/\/ntpark.me\/wp-content\/uploads\/2025\/09\/SkillsUP-Facebook-Post-60x51.png 60w\" sizes=\"(max-width: 940px) 100vw, 940px\" \/><\/a>\r\n                                    <\/div>\r\n                                    <div class=\"lower-content\">\r\n                                        <ul class=\"post-meta\">\r\n                                            <li><span class=\"icon fal fa-user-alt\"><\/span>editor<\/li>\r\n                                            <li><span class=\"icon fal fa-calendar-alt\"><\/span>Sep 17, 2025<\/li>\r\n                                        <\/ul>\r\n                                        <h5><a href=\"https:\/\/ntpark.me\/en\/news\/otvoren-je-poziv-za-studentski-startap-program-skillsup-gen-2\/\">The call for applications for the student startup program SkillsUP Gen 2 is now open<\/a><\/h5>\r\n                                    <\/div>\r\n                                <\/div>\r\n                            <\/div>\r\n                        \r\n                            <!-- News Block Ten -->\r\n                            <div class=\"news-block-ten col-lg-4 col-md-6 col-sm-12\">\r\n                                <div class=\"inner-box wow fadeInRight\" data-wow-delay=\"0ms\" data-wow-duration=\"1500ms\">\r\n                                    <div class=\"image\">\r\n                                        <a href=\"https:\/\/ntpark.me\/en\/news\/prvi-kompakt-u-naucno-tehnoloskom-parku-crne-gore-most-izmedu-privrede-i-inovacija\/\"><img loading=\"lazy\" decoding=\"async\" width=\"2560\" height=\"1707\" src=\"https:\/\/ntpark.me\/wp-content\/uploads\/2025\/09\/prava-slika-scaled.jpg\" class=\"attachment-full size-full\" alt=\"\" srcset=\"https:\/\/ntpark.me\/wp-content\/uploads\/2025\/09\/prava-slika-scaled.jpg 2560w, https:\/\/ntpark.me\/wp-content\/uploads\/2025\/09\/prava-slika-300x200.jpg 300w, https:\/\/ntpark.me\/wp-content\/uploads\/2025\/09\/prava-slika-1024x683.jpg 1024w, https:\/\/ntpark.me\/wp-content\/uploads\/2025\/09\/prava-slika-768x512.jpg 768w, https:\/\/ntpark.me\/wp-content\/uploads\/2025\/09\/prava-slika-1536x1024.jpg 1536w, https:\/\/ntpark.me\/wp-content\/uploads\/2025\/09\/prava-slika-2048x1365.jpg 2048w, https:\/\/ntpark.me\/wp-content\/uploads\/2025\/09\/prava-slika-200x132.jpg 200w\" sizes=\"(max-width: 2560px) 100vw, 2560px\" \/><\/a>\r\n                                    <\/div>\r\n                                    <div class=\"lower-content\">\r\n                                        <ul class=\"post-meta\">\r\n                                            <li><span class=\"icon fal fa-user-alt\"><\/span>editor<\/li>\r\n                                            <li><span class=\"icon fal fa-calendar-alt\"><\/span>Sep 11, 2025<\/li>\r\n                                        <\/ul>\r\n                                        <h5><a href=\"https:\/\/ntpark.me\/en\/news\/prvi-kompakt-u-naucno-tehnoloskom-parku-crne-gore-most-izmedu-privrede-i-inovacija\/\">The first Compact at the Montenegro Science and Technology Park: A bridge between industry and innovation<\/a><\/h5>\r\n                                    <\/div>\r\n                                <\/div>\r\n                            <\/div>\r\n                        \r\n                            <!-- News Block Ten -->\r\n                            <div class=\"news-block-ten col-lg-4 col-md-6 col-sm-12\">\r\n                                <div class=\"inner-box wow fadeInRight\" data-wow-delay=\"0ms\" data-wow-duration=\"1500ms\">\r\n                                    <div class=\"image\">\r\n                                        <a href=\"https:\/\/ntpark.me\/en\/news\/delegacija-ministarstva-za-regionalnu-saradnju-izraela-posjetila-naucno-tehnoloski-park-crne-gore\/\"><img loading=\"lazy\" decoding=\"async\" width=\"2000\" height=\"1600\" src=\"https:\/\/ntpark.me\/wp-content\/uploads\/2025\/09\/Beige-Minimalist-Mood-Photo-Collage.png\" class=\"attachment-full size-full\" alt=\"\" srcset=\"https:\/\/ntpark.me\/wp-content\/uploads\/2025\/09\/Beige-Minimalist-Mood-Photo-Collage.png 2000w, https:\/\/ntpark.me\/wp-content\/uploads\/2025\/09\/Beige-Minimalist-Mood-Photo-Collage-300x240.png 300w, https:\/\/ntpark.me\/wp-content\/uploads\/2025\/09\/Beige-Minimalist-Mood-Photo-Collage-1024x819.png 1024w, https:\/\/ntpark.me\/wp-content\/uploads\/2025\/09\/Beige-Minimalist-Mood-Photo-Collage-768x614.png 768w, https:\/\/ntpark.me\/wp-content\/uploads\/2025\/09\/Beige-Minimalist-Mood-Photo-Collage-1536x1229.png 1536w\" sizes=\"(max-width: 2000px) 100vw, 2000px\" \/><\/a>\r\n                                    <\/div>\r\n                                    <div class=\"lower-content\">\r\n                                        <ul class=\"post-meta\">\r\n                                            <li><span class=\"icon fal fa-user-alt\"><\/span>editor<\/li>\r\n                                            <li><span class=\"icon fal fa-calendar-alt\"><\/span>Sep 11, 2025<\/li>\r\n                                        <\/ul>\r\n                                        <h5><a href=\"https:\/\/ntpark.me\/en\/news\/delegacija-ministarstva-za-regionalnu-saradnju-izraela-posjetila-naucno-tehnoloski-park-crne-gore\/\">The delegation of the Ministry for Regional cooperation of Israel visited the Science and Technology Park of Montenegro<\/a><\/h5>\r\n                                    <\/div>\r\n                                <\/div>\r\n                            <\/div>\r\n                        \r\n                            <!-- News Block Ten -->\r\n                            <div class=\"news-block-ten col-lg-4 col-md-6 col-sm-12\">\r\n                                <div class=\"inner-box wow fadeInRight\" data-wow-delay=\"0ms\" data-wow-duration=\"1500ms\">\r\n                                    <div class=\"image\">\r\n                                        <a href=\"https:\/\/ntpark.me\/en\/news\/u-ntp-u-crne-gore-odrzano-predavanje-alesa-versica-i-otvoren-hakaton-open-data-challenge\/\"><img loading=\"lazy\" decoding=\"async\" width=\"1280\" height=\"960\" src=\"https:\/\/ntpark.me\/wp-content\/uploads\/2025\/09\/ales-versic-sajt.jpg\" class=\"attachment-full size-full\" alt=\"\" srcset=\"https:\/\/ntpark.me\/wp-content\/uploads\/2025\/09\/ales-versic-sajt.jpg 1280w, https:\/\/ntpark.me\/wp-content\/uploads\/2025\/09\/ales-versic-sajt-300x225.jpg 300w, https:\/\/ntpark.me\/wp-content\/uploads\/2025\/09\/ales-versic-sajt-1024x768.jpg 1024w, https:\/\/ntpark.me\/wp-content\/uploads\/2025\/09\/ales-versic-sajt-768x576.jpg 768w\" sizes=\"(max-width: 1280px) 100vw, 1280px\" \/><\/a>\r\n                                    <\/div>\r\n                                    <div class=\"lower-content\">\r\n                                        <ul class=\"post-meta\">\r\n                                            <li><span class=\"icon fal fa-user-alt\"><\/span>editor<\/li>\r\n                                            <li><span class=\"icon fal fa-calendar-alt\"><\/span>Sep 05, 2025<\/li>\r\n                                        <\/ul>\r\n                                        <h5><a href=\"https:\/\/ntpark.me\/en\/news\/u-ntp-u-crne-gore-odrzano-predavanje-alesa-versica-i-otvoren-hakaton-open-data-challenge\/\">In the STP of Montenegro, a lecture by Ale\u0161 Ver\u0161i\u010d was held, and the Open Data Challenge Hackathon was launched<\/a><\/h5>\r\n                                    <\/div>\r\n                                <\/div>\r\n                            <\/div>\r\n                        \r\n                            <!-- News Block Ten -->\r\n                            <div class=\"news-block-ten col-lg-4 col-md-6 col-sm-12\">\r\n                                <div class=\"inner-box wow fadeInRight\" data-wow-delay=\"0ms\" data-wow-duration=\"1500ms\">\r\n                                    <div class=\"image\">\r\n                                        <a href=\"https:\/\/ntpark.me\/en\/news\/ntp-crne-gore-i-fondacija-cini-dobro-potpisali-memorandum-o-saradnji\/\"><img loading=\"lazy\" decoding=\"async\" width=\"2560\" height=\"1457\" src=\"https:\/\/ntpark.me\/wp-content\/uploads\/2025\/09\/1-scaled.jpg\" class=\"attachment-full size-full\" alt=\"\" srcset=\"https:\/\/ntpark.me\/wp-content\/uploads\/2025\/09\/1-scaled.jpg 2560w, https:\/\/ntpark.me\/wp-content\/uploads\/2025\/09\/1-300x171.jpg 300w, https:\/\/ntpark.me\/wp-content\/uploads\/2025\/09\/1-1024x583.jpg 1024w, https:\/\/ntpark.me\/wp-content\/uploads\/2025\/09\/1-768x437.jpg 768w, https:\/\/ntpark.me\/wp-content\/uploads\/2025\/09\/1-1536x874.jpg 1536w, https:\/\/ntpark.me\/wp-content\/uploads\/2025\/09\/1-2048x1166.jpg 2048w\" sizes=\"(max-width: 2560px) 100vw, 2560px\" \/><\/a>\r\n                                    <\/div>\r\n                                    <div class=\"lower-content\">\r\n                                        <ul class=\"post-meta\">\r\n                                            <li><span class=\"icon fal fa-user-alt\"><\/span>editor<\/li>\r\n                                            <li><span class=\"icon fal fa-calendar-alt\"><\/span>Sep 03, 2025<\/li>\r\n                                        <\/ul>\r\n                                        <h5><a href=\"https:\/\/ntpark.me\/en\/news\/ntp-crne-gore-i-fondacija-cini-dobro-potpisali-memorandum-o-saradnji\/\">STP Montenegro and the Do Good Foundation signed a Memorandum of cooperation<\/a><\/h5>\r\n                                    <\/div>\r\n                                <\/div>\r\n                            <\/div>\r\n                        \r\n                            <!-- News Block Ten -->\r\n                            <div class=\"news-block-ten col-lg-4 col-md-6 col-sm-12\">\r\n                                <div class=\"inner-box wow fadeInRight\" data-wow-delay=\"0ms\" data-wow-duration=\"1500ms\">\r\n                                    <div class=\"image\">\r\n                                        <a href=\"https:\/\/ntpark.me\/en\/news\/ntp-crne-gore-i-montenegro-space-research-potpisali-memorandum-o-razumijevanju\/\"><img loading=\"lazy\" decoding=\"async\" width=\"2560\" height=\"1687\" src=\"https:\/\/ntpark.me\/wp-content\/uploads\/2025\/09\/J86A1254-scaled.jpg\" class=\"attachment-full size-full\" alt=\"\" srcset=\"https:\/\/ntpark.me\/wp-content\/uploads\/2025\/09\/J86A1254-scaled.jpg 2560w, https:\/\/ntpark.me\/wp-content\/uploads\/2025\/09\/J86A1254-300x198.jpg 300w, https:\/\/ntpark.me\/wp-content\/uploads\/2025\/09\/J86A1254-1024x675.jpg 1024w, https:\/\/ntpark.me\/wp-content\/uploads\/2025\/09\/J86A1254-768x506.jpg 768w, https:\/\/ntpark.me\/wp-content\/uploads\/2025\/09\/J86A1254-1536x1012.jpg 1536w, https:\/\/ntpark.me\/wp-content\/uploads\/2025\/09\/J86A1254-2048x1350.jpg 2048w, https:\/\/ntpark.me\/wp-content\/uploads\/2025\/09\/J86A1254-200x132.jpg 200w\" sizes=\"(max-width: 2560px) 100vw, 2560px\" \/><\/a>\r\n                                    <\/div>\r\n                                    <div class=\"lower-content\">\r\n                                        <ul class=\"post-meta\">\r\n                                            <li><span class=\"icon fal fa-user-alt\"><\/span>editor<\/li>\r\n                                            <li><span class=\"icon fal fa-calendar-alt\"><\/span>Sep 01, 2025<\/li>\r\n                                        <\/ul>\r\n                                        <h5><a href=\"https:\/\/ntpark.me\/en\/news\/ntp-crne-gore-i-montenegro-space-research-potpisali-memorandum-o-razumijevanju\/\">STP Montenegro and Montenegro Space Research signed a Memorandum of understanding<\/a><\/h5>\r\n                                    <\/div>\r\n                                <\/div>\r\n                            <\/div>\r\n                        \r\n                            <!-- News Block Ten -->\r\n                            <div class=\"news-block-ten col-lg-4 col-md-6 col-sm-12\">\r\n                                <div class=\"inner-box wow fadeInRight\" data-wow-delay=\"0ms\" data-wow-duration=\"1500ms\">\r\n                                    <div class=\"image\">\r\n                                        <a href=\"https:\/\/ntpark.me\/en\/news\/zuno-games-novi-clan-nase-zajednice\/\"><img loading=\"lazy\" decoding=\"async\" width=\"2560\" height=\"1694\" src=\"https:\/\/ntpark.me\/wp-content\/uploads\/2025\/09\/NTP-potpisivanje-ugovora-2908-2025-DM-13-scaled.jpg\" class=\"attachment-full size-full\" alt=\"\" srcset=\"https:\/\/ntpark.me\/wp-content\/uploads\/2025\/09\/NTP-potpisivanje-ugovora-2908-2025-DM-13-scaled.jpg 2560w, https:\/\/ntpark.me\/wp-content\/uploads\/2025\/09\/NTP-potpisivanje-ugovora-2908-2025-DM-13-300x199.jpg 300w, https:\/\/ntpark.me\/wp-content\/uploads\/2025\/09\/NTP-potpisivanje-ugovora-2908-2025-DM-13-1024x678.jpg 1024w, https:\/\/ntpark.me\/wp-content\/uploads\/2025\/09\/NTP-potpisivanje-ugovora-2908-2025-DM-13-768x508.jpg 768w, https:\/\/ntpark.me\/wp-content\/uploads\/2025\/09\/NTP-potpisivanje-ugovora-2908-2025-DM-13-1536x1017.jpg 1536w, https:\/\/ntpark.me\/wp-content\/uploads\/2025\/09\/NTP-potpisivanje-ugovora-2908-2025-DM-13-2048x1356.jpg 2048w, https:\/\/ntpark.me\/wp-content\/uploads\/2025\/09\/NTP-potpisivanje-ugovora-2908-2025-DM-13-200x132.jpg 200w\" sizes=\"(max-width: 2560px) 100vw, 2560px\" \/><\/a>\r\n                                    <\/div>\r\n                                    <div class=\"lower-content\">\r\n                                        <ul class=\"post-meta\">\r\n                                            <li><span class=\"icon fal fa-user-alt\"><\/span>editor<\/li>\r\n                                            <li><span class=\"icon fal fa-calendar-alt\"><\/span>Sep 01, 2025<\/li>\r\n                                        <\/ul>\r\n                                        <h5><a href=\"https:\/\/ntpark.me\/en\/news\/zuno-games-novi-clan-nase-zajednice\/\">ZUNO Games is the new member of our community<\/a><\/h5>\r\n                                    <\/div>\r\n                                <\/div>\r\n                            <\/div>\r\n                        \r\n                            <!-- News Block Ten -->\r\n                            <div class=\"news-block-ten col-lg-4 col-md-6 col-sm-12\">\r\n                                <div class=\"inner-box wow fadeInRight\" data-wow-delay=\"0ms\" data-wow-duration=\"1500ms\">\r\n                                    <div class=\"image\">\r\n                                        <a href=\"https:\/\/ntpark.me\/en\/news\/deepmark-novi-stanar-ntp-a-i-most-izmedu-nauke-i-biznisa\/\"><img loading=\"lazy\" decoding=\"async\" width=\"1415\" height=\"889\" src=\"https:\/\/ntpark.me\/wp-content\/uploads\/2025\/08\/DSC_7609.jpg\" class=\"attachment-full size-full\" alt=\"\" srcset=\"https:\/\/ntpark.me\/wp-content\/uploads\/2025\/08\/DSC_7609.jpg 1415w, https:\/\/ntpark.me\/wp-content\/uploads\/2025\/08\/DSC_7609-300x188.jpg 300w, https:\/\/ntpark.me\/wp-content\/uploads\/2025\/08\/DSC_7609-1024x643.jpg 1024w, https:\/\/ntpark.me\/wp-content\/uploads\/2025\/08\/DSC_7609-768x483.jpg 768w\" sizes=\"(max-width: 1415px) 100vw, 1415px\" \/><\/a>\r\n                                    <\/div>\r\n                                    <div class=\"lower-content\">\r\n                                        <ul class=\"post-meta\">\r\n                                            <li><span class=\"icon fal fa-user-alt\"><\/span>editor<\/li>\r\n                                            <li><span class=\"icon fal fa-calendar-alt\"><\/span>Aug 25, 2025<\/li>\r\n                                        <\/ul>\r\n                                        <h5><a href=\"https:\/\/ntpark.me\/en\/news\/deepmark-novi-stanar-ntp-a-i-most-izmedu-nauke-i-biznisa\/\">DeepMark \u2013 the new tenant of STP and a bridge between science and business<\/a><\/h5>\r\n                                    <\/div>\r\n                                <\/div>\r\n                            <\/div>\r\n                        \r\n                            <!-- News Block Ten -->\r\n                            <div class=\"news-block-ten col-lg-4 col-md-6 col-sm-12\">\r\n                                <div class=\"inner-box wow fadeInRight\" data-wow-delay=\"0ms\" data-wow-duration=\"1500ms\">\r\n                                    <div class=\"image\">\r\n                                        <a href=\"https:\/\/ntpark.me\/en\/news\/javni-poziv-za-prijavu-na-obuku-za-implementaciju-principa-cirkularne-ekonomije-u-crnoj-gori-2\/\"><img loading=\"lazy\" decoding=\"async\" width=\"1080\" height=\"1350\" src=\"https:\/\/ntpark.me\/wp-content\/uploads\/2025\/08\/Cirkularna-ekonomija.jpg\" class=\"attachment-full size-full\" alt=\"\" srcset=\"https:\/\/ntpark.me\/wp-content\/uploads\/2025\/08\/Cirkularna-ekonomija.jpg 1080w, https:\/\/ntpark.me\/wp-content\/uploads\/2025\/08\/Cirkularna-ekonomija-240x300.jpg 240w, https:\/\/ntpark.me\/wp-content\/uploads\/2025\/08\/Cirkularna-ekonomija-819x1024.jpg 819w, https:\/\/ntpark.me\/wp-content\/uploads\/2025\/08\/Cirkularna-ekonomija-768x960.jpg 768w\" sizes=\"(max-width: 1080px) 100vw, 1080px\" \/><\/a>\r\n                                    <\/div>\r\n                                    <div class=\"lower-content\">\r\n                                        <ul class=\"post-meta\">\r\n                                            <li><span class=\"icon fal fa-user-alt\"><\/span>milica.bozovic<\/li>\r\n                                            <li><span class=\"icon fal fa-calendar-alt\"><\/span>Aug 20, 2025<\/li>\r\n                                        <\/ul>\r\n                                        <h5><a href=\"https:\/\/ntpark.me\/en\/news\/javni-poziv-za-prijavu-na-obuku-za-implementaciju-principa-cirkularne-ekonomije-u-crnoj-gori-2\/\">Public Call for Applications for Training on the Implementation of Circular Economy Principles in Montenegro<\/a><\/h5>\r\n                                    <\/div>\r\n                                <\/div>\r\n                            <\/div>\r\n                        \r\n                            <!-- News Block Ten -->\r\n                            <div class=\"news-block-ten col-lg-4 col-md-6 col-sm-12\">\r\n                                <div class=\"inner-box wow fadeInRight\" data-wow-delay=\"0ms\" data-wow-duration=\"1500ms\">\r\n                                    <div class=\"image\">\r\n                                        <a href=\"https:\/\/ntpark.me\/en\/news\/prijavi-se-na-hakaton-open-data-challenge-otkljucaj-podatke-crne-gore\/\"><img loading=\"lazy\" decoding=\"async\" width=\"480\" height=\"600\" src=\"https:\/\/ntpark.me\/wp-content\/uploads\/2025\/08\/ntp-hakaton.jpeg\" class=\"attachment-full size-full\" alt=\"\" srcset=\"https:\/\/ntpark.me\/wp-content\/uploads\/2025\/08\/ntp-hakaton.jpeg 480w, https:\/\/ntpark.me\/wp-content\/uploads\/2025\/08\/ntp-hakaton-240x300.jpeg 240w\" sizes=\"(max-width: 480px) 100vw, 480px\" \/><\/a>\r\n                                    <\/div>\r\n                                    <div class=\"lower-content\">\r\n                                        <ul class=\"post-meta\">\r\n                                            <li><span class=\"icon fal fa-user-alt\"><\/span>editor<\/li>\r\n                                            <li><span class=\"icon fal fa-calendar-alt\"><\/span>Aug 04, 2025<\/li>\r\n                                        <\/ul>\r\n                                        <h5><a href=\"https:\/\/ntpark.me\/en\/news\/prijavi-se-na-hakaton-open-data-challenge-otkljucaj-podatke-crne-gore\/\">Sign up for the Hackathon: Open Data Challenge \u2013 Unlock Montenegro\u2019s Data!<\/a><\/h5>\r\n                                    <\/div>\r\n                                <\/div>\r\n                            <\/div>\r\n                        \r\n                            <!-- News Block Ten -->\r\n                            <div class=\"news-block-ten col-lg-4 col-md-6 col-sm-12\">\r\n                                <div class=\"inner-box wow fadeInRight\" data-wow-delay=\"0ms\" data-wow-duration=\"1500ms\">\r\n                                    <div class=\"image\">\r\n                                        <a href=\"https:\/\/ntpark.me\/en\/news\/potpisan-memorandum-o-razumijevanju-izmedu-ntp-crne-gore-i-apaccceec-a\/\"><img loading=\"lazy\" decoding=\"async\" width=\"768\" height=\"553\" src=\"https:\/\/ntpark.me\/wp-content\/uploads\/2025\/07\/Memorandum-of-Understanding-Montenegro-222-768x644-1.png\" class=\"attachment-full size-full\" alt=\"\" srcset=\"https:\/\/ntpark.me\/wp-content\/uploads\/2025\/07\/Memorandum-of-Understanding-Montenegro-222-768x644-1.png 768w, https:\/\/ntpark.me\/wp-content\/uploads\/2025\/07\/Memorandum-of-Understanding-Montenegro-222-768x644-1-300x216.png 300w\" sizes=\"(max-width: 768px) 100vw, 768px\" \/><\/a>\r\n                                    <\/div>\r\n                                    <div class=\"lower-content\">\r\n                                        <ul class=\"post-meta\">\r\n                                            <li><span class=\"icon fal fa-user-alt\"><\/span>editor<\/li>\r\n                                            <li><span class=\"icon fal fa-calendar-alt\"><\/span>Jul 31, 2025<\/li>\r\n                                        <\/ul>\r\n                                        <h5><a href=\"https:\/\/ntpark.me\/en\/news\/potpisan-memorandum-o-razumijevanju-izmedu-ntp-crne-gore-i-apaccceec-a\/\">Signed Memorandum of Understanding between STP of Montenegro and APACCCEEC<\/a><\/h5>\r\n                                    <\/div>\r\n                                <\/div>\r\n                            <\/div>\r\n                        \r\n                            <!-- News Block Ten -->\r\n                            <div class=\"news-block-ten col-lg-4 col-md-6 col-sm-12\">\r\n                                <div class=\"inner-box wow fadeInRight\" data-wow-delay=\"0ms\" data-wow-duration=\"1500ms\">\r\n                                    <div class=\"image\">\r\n                                        <a href=\"https:\/\/ntpark.me\/en\/news\/ntpcg-postao-clan-ebn-mreze-novi-horizonti-za-inovacije-u-crnoj-gori\/\"><img loading=\"lazy\" decoding=\"async\" width=\"925\" height=\"1090\" src=\"https:\/\/ntpark.me\/wp-content\/uploads\/2025\/07\/Veliki-korak.jpg\" class=\"attachment-full size-full\" alt=\"\" srcset=\"https:\/\/ntpark.me\/wp-content\/uploads\/2025\/07\/Veliki-korak.jpg 925w, https:\/\/ntpark.me\/wp-content\/uploads\/2025\/07\/Veliki-korak-255x300.jpg 255w, https:\/\/ntpark.me\/wp-content\/uploads\/2025\/07\/Veliki-korak-869x1024.jpg 869w, https:\/\/ntpark.me\/wp-content\/uploads\/2025\/07\/Veliki-korak-768x905.jpg 768w, https:\/\/ntpark.me\/wp-content\/uploads\/2025\/07\/Veliki-korak-58x68.jpg 58w\" sizes=\"(max-width: 925px) 100vw, 925px\" \/><\/a>\r\n                                    <\/div>\r\n                                    <div class=\"lower-content\">\r\n                                        <ul class=\"post-meta\">\r\n                                            <li><span class=\"icon fal fa-user-alt\"><\/span>editor<\/li>\r\n                                            <li><span class=\"icon fal fa-calendar-alt\"><\/span>Jul 29, 2025<\/li>\r\n                                        <\/ul>\r\n                                        <h5><a href=\"https:\/\/ntpark.me\/en\/news\/ntpcg-postao-clan-ebn-mreze-novi-horizonti-za-inovacije-u-crnoj-gori\/\">STP of MNE becomes a Member of the EBN Network \u2013 New Horizons for Innovation in Montenegro<\/a><\/h5>\r\n                                    <\/div>\r\n                                <\/div>\r\n                            <\/div>\r\n                        \r\n                            <!-- News Block Ten -->\r\n                            <div class=\"news-block-ten col-lg-4 col-md-6 col-sm-12\">\r\n                                <div class=\"inner-box wow fadeInRight\" data-wow-delay=\"0ms\" data-wow-duration=\"1500ms\">\r\n                                    <div class=\"image\">\r\n                                        <a href=\"https:\/\/ntpark.me\/en\/news\/potpisan-sporazum-o-saradnji-izmedu-naucno-tehnoloskog-parka-crne-gore-i-asocijacije-menadzera-crne-gore\/\"><img loading=\"lazy\" decoding=\"async\" width=\"2560\" height=\"1550\" src=\"https:\/\/ntpark.me\/wp-content\/uploads\/2025\/07\/image0-2-scaled.jpeg\" class=\"attachment-full size-full\" alt=\"\" srcset=\"https:\/\/ntpark.me\/wp-content\/uploads\/2025\/07\/image0-2-scaled.jpeg 2560w, https:\/\/ntpark.me\/wp-content\/uploads\/2025\/07\/image0-2-300x182.jpeg 300w, https:\/\/ntpark.me\/wp-content\/uploads\/2025\/07\/image0-2-1024x620.jpeg 1024w, https:\/\/ntpark.me\/wp-content\/uploads\/2025\/07\/image0-2-768x465.jpeg 768w, https:\/\/ntpark.me\/wp-content\/uploads\/2025\/07\/image0-2-1536x930.jpeg 1536w, https:\/\/ntpark.me\/wp-content\/uploads\/2025\/07\/image0-2-2048x1240.jpeg 2048w\" sizes=\"(max-width: 2560px) 100vw, 2560px\" \/><\/a>\r\n                                    <\/div>\r\n                                    <div class=\"lower-content\">\r\n                                        <ul class=\"post-meta\">\r\n                                            <li><span class=\"icon fal fa-user-alt\"><\/span>editor<\/li>\r\n                                            <li><span class=\"icon fal fa-calendar-alt\"><\/span>Jul 10, 2025<\/li>\r\n                                        <\/ul>\r\n                                        <h5><a href=\"https:\/\/ntpark.me\/en\/news\/potpisan-sporazum-o-saradnji-izmedu-naucno-tehnoloskog-parka-crne-gore-i-asocijacije-menadzera-crne-gore\/\">Cooperation Agreement signed between the Science and technology park of Montenegro and the Association of managers of Montenegro<\/a><\/h5>\r\n                                    <\/div>\r\n                                <\/div>\r\n                            <\/div>\r\n                        \r\n                            <!-- News Block Ten -->\r\n                            <div class=\"news-block-ten col-lg-4 col-md-6 col-sm-12\">\r\n                                <div class=\"inner-box wow fadeInRight\" data-wow-delay=\"0ms\" data-wow-duration=\"1500ms\">\r\n                                    <div class=\"image\">\r\n                                        <a href=\"https:\/\/ntpark.me\/en\/news\/jacanje-veza-izmedu-inovacionih-ekosistema-crne-gore-i-sad\/\"><img loading=\"lazy\" decoding=\"async\" width=\"2560\" height=\"1524\" src=\"https:\/\/ntpark.me\/wp-content\/uploads\/2025\/07\/image0-1-scaled.jpeg\" class=\"attachment-full size-full\" alt=\"\" srcset=\"https:\/\/ntpark.me\/wp-content\/uploads\/2025\/07\/image0-1-scaled.jpeg 2560w, https:\/\/ntpark.me\/wp-content\/uploads\/2025\/07\/image0-1-300x179.jpeg 300w, https:\/\/ntpark.me\/wp-content\/uploads\/2025\/07\/image0-1-1024x610.jpeg 1024w, https:\/\/ntpark.me\/wp-content\/uploads\/2025\/07\/image0-1-768x457.jpeg 768w, https:\/\/ntpark.me\/wp-content\/uploads\/2025\/07\/image0-1-1536x915.jpeg 1536w, https:\/\/ntpark.me\/wp-content\/uploads\/2025\/07\/image0-1-2048x1219.jpeg 2048w\" sizes=\"(max-width: 2560px) 100vw, 2560px\" \/><\/a>\r\n                                    <\/div>\r\n                                    <div class=\"lower-content\">\r\n                                        <ul class=\"post-meta\">\r\n                                            <li><span class=\"icon fal fa-user-alt\"><\/span>editor<\/li>\r\n                                            <li><span class=\"icon fal fa-calendar-alt\"><\/span>Jul 08, 2025<\/li>\r\n                                        <\/ul>\r\n                                        <h5><a href=\"https:\/\/ntpark.me\/en\/news\/jacanje-veza-izmedu-inovacionih-ekosistema-crne-gore-i-sad\/\">Strengthening ties between the innovation ecosystems of Montenegro and the USA<\/a><\/h5>\r\n                                    <\/div>\r\n                                <\/div>\r\n                            <\/div>\r\n                        \r\n                            <!-- News Block Ten -->\r\n                            <div class=\"news-block-ten col-lg-4 col-md-6 col-sm-12\">\r\n                                <div class=\"inner-box wow fadeInRight\" data-wow-delay=\"0ms\" data-wow-duration=\"1500ms\">\r\n                                    <div class=\"image\">\r\n                                        <a href=\"https:\/\/ntpark.me\/en\/news\/izvrsna-direktorica-ntp-a-dobitnica-nagrade-woman-equality-award-na-ceremoniji-game-changer-montenegro-awards-2025\/\"><img loading=\"lazy\" decoding=\"async\" width=\"2560\" height=\"1833\" src=\"https:\/\/ntpark.me\/wp-content\/uploads\/2025\/07\/image0-scaled.jpeg\" class=\"attachment-full size-full\" alt=\"\" srcset=\"https:\/\/ntpark.me\/wp-content\/uploads\/2025\/07\/image0-scaled.jpeg 2560w, https:\/\/ntpark.me\/wp-content\/uploads\/2025\/07\/image0-300x215.jpeg 300w, https:\/\/ntpark.me\/wp-content\/uploads\/2025\/07\/image0-1024x733.jpeg 1024w, https:\/\/ntpark.me\/wp-content\/uploads\/2025\/07\/image0-768x550.jpeg 768w, https:\/\/ntpark.me\/wp-content\/uploads\/2025\/07\/image0-1536x1100.jpeg 1536w, https:\/\/ntpark.me\/wp-content\/uploads\/2025\/07\/image0-2048x1467.jpeg 2048w\" sizes=\"(max-width: 2560px) 100vw, 2560px\" \/><\/a>\r\n                                    <\/div>\r\n                                    <div class=\"lower-content\">\r\n                                        <ul class=\"post-meta\">\r\n                                            <li><span class=\"icon fal fa-user-alt\"><\/span>editor<\/li>\r\n                                            <li><span class=\"icon fal fa-calendar-alt\"><\/span>Jul 08, 2025<\/li>\r\n                                        <\/ul>\r\n                                        <h5><a href=\"https:\/\/ntpark.me\/en\/news\/izvrsna-direktorica-ntp-a-dobitnica-nagrade-woman-equality-award-na-ceremoniji-game-changer-montenegro-awards-2025\/\">The Executive Director of STP Montenegro Receives the WOMAN EQUALITY AWARD at the Game Changer Montenegro Awards 2025 Ceremony<\/a><\/h5>\r\n                                    <\/div>\r\n                                <\/div>\r\n                            <\/div>\r\n                        \r\n                            <!-- News Block Ten -->\r\n                            <div class=\"news-block-ten col-lg-4 col-md-6 col-sm-12\">\r\n                                <div class=\"inner-box wow fadeInRight\" data-wow-delay=\"0ms\" data-wow-duration=\"1500ms\">\r\n                                    <div class=\"image\">\r\n                                        <a href=\"https:\/\/ntpark.me\/en\/news\/ntp-crne-gore-na-medunarodnoj-konferenciji-povodom-10-godina-apaccceec\/\"><img loading=\"lazy\" decoding=\"async\" width=\"966\" height=\"476\" src=\"https:\/\/ntpark.me\/wp-content\/uploads\/2025\/07\/apaccceec.jpg\" class=\"attachment-full size-full\" alt=\"\" srcset=\"https:\/\/ntpark.me\/wp-content\/uploads\/2025\/07\/apaccceec.jpg 966w, https:\/\/ntpark.me\/wp-content\/uploads\/2025\/07\/apaccceec-300x148.jpg 300w, https:\/\/ntpark.me\/wp-content\/uploads\/2025\/07\/apaccceec-768x378.jpg 768w\" sizes=\"(max-width: 966px) 100vw, 966px\" \/><\/a>\r\n                                    <\/div>\r\n                                    <div class=\"lower-content\">\r\n                                        <ul class=\"post-meta\">\r\n                                            <li><span class=\"icon fal fa-user-alt\"><\/span>editor<\/li>\r\n                                            <li><span class=\"icon fal fa-calendar-alt\"><\/span>Jul 07, 2025<\/li>\r\n                                        <\/ul>\r\n                                        <h5><a href=\"https:\/\/ntpark.me\/en\/news\/ntp-crne-gore-na-medunarodnoj-konferenciji-povodom-10-godina-apaccceec\/\">Science and Technology Park of Montenegro at the international conference marking the 10th anniversary of APACCCEEC<\/a><\/h5>\r\n                                    <\/div>\r\n                                <\/div>\r\n                            <\/div>\r\n                        \r\n                            <!-- News Block Ten -->\r\n                            <div class=\"news-block-ten col-lg-4 col-md-6 col-sm-12\">\r\n                                <div class=\"inner-box wow fadeInRight\" data-wow-delay=\"0ms\" data-wow-duration=\"1500ms\">\r\n                                    <div class=\"image\">\r\n                                        <a href=\"https:\/\/ntpark.me\/en\/news\/prvi-coffino-dorucak-koji-spaja-zajednicu\/\"><img loading=\"lazy\" decoding=\"async\" width=\"480\" height=\"575\" src=\"https:\/\/ntpark.me\/wp-content\/uploads\/2025\/07\/IMG_2591.jpeg\" class=\"attachment-full size-full\" alt=\"\" srcset=\"https:\/\/ntpark.me\/wp-content\/uploads\/2025\/07\/IMG_2591.jpeg 480w, https:\/\/ntpark.me\/wp-content\/uploads\/2025\/07\/IMG_2591-250x300.jpeg 250w, https:\/\/ntpark.me\/wp-content\/uploads\/2025\/07\/IMG_2591-58x68.jpeg 58w\" sizes=\"(max-width: 480px) 100vw, 480px\" \/><\/a>\r\n                                    <\/div>\r\n                                    <div class=\"lower-content\">\r\n                                        <ul class=\"post-meta\">\r\n                                            <li><span class=\"icon fal fa-user-alt\"><\/span>editor<\/li>\r\n                                            <li><span class=\"icon fal fa-calendar-alt\"><\/span>Jul 04, 2025<\/li>\r\n                                        <\/ul>\r\n                                        <h5><a href=\"https:\/\/ntpark.me\/en\/news\/prvi-coffino-dorucak-koji-spaja-zajednicu\/\">First CoffINO: A Breakfast that Connects the Community!<\/a><\/h5>\r\n                                    <\/div>\r\n                                <\/div>\r\n                            <\/div>\r\n                        \r\n                            <!-- News Block Ten -->\r\n                            <div class=\"news-block-ten col-lg-4 col-md-6 col-sm-12\">\r\n                                <div class=\"inner-box wow fadeInRight\" data-wow-delay=\"0ms\" data-wow-duration=\"1500ms\">\r\n                                    <div class=\"image\">\r\n                                        <a href=\"https:\/\/ntpark.me\/en\/news\/mobilizing-the-eit-and-eic-to-support-europes-next-generation-of-innovators-entrepreneurs\/\"><img loading=\"lazy\" decoding=\"async\" width=\"2048\" height=\"2560\" src=\"https:\/\/ntpark.me\/wp-content\/uploads\/2025\/06\/POSTER-04-JULY-EVENT-1-scaled.png\" class=\"attachment-full size-full\" alt=\"\" srcset=\"https:\/\/ntpark.me\/wp-content\/uploads\/2025\/06\/POSTER-04-JULY-EVENT-1-scaled.png 2048w, https:\/\/ntpark.me\/wp-content\/uploads\/2025\/06\/POSTER-04-JULY-EVENT-1-240x300.png 240w, https:\/\/ntpark.me\/wp-content\/uploads\/2025\/06\/POSTER-04-JULY-EVENT-1-819x1024.png 819w, https:\/\/ntpark.me\/wp-content\/uploads\/2025\/06\/POSTER-04-JULY-EVENT-1-768x960.png 768w, https:\/\/ntpark.me\/wp-content\/uploads\/2025\/06\/POSTER-04-JULY-EVENT-1-1229x1536.png 1229w, https:\/\/ntpark.me\/wp-content\/uploads\/2025\/06\/POSTER-04-JULY-EVENT-1-1638x2048.png 1638w\" sizes=\"(max-width: 2048px) 100vw, 2048px\" \/><\/a>\r\n                                    <\/div>\r\n                                    <div class=\"lower-content\">\r\n                                        <ul class=\"post-meta\">\r\n                                            <li><span class=\"icon fal fa-user-alt\"><\/span>editor<\/li>\r\n                                            <li><span class=\"icon fal fa-calendar-alt\"><\/span>Jun 27, 2025<\/li>\r\n                                        <\/ul>\r\n                                        <h5><a href=\"https:\/\/ntpark.me\/en\/news\/mobilizing-the-eit-and-eic-to-support-europes-next-generation-of-innovators-entrepreneurs\/\">Mobilizing the EIT and EIC to support Europe\u2019s next generation of innovators \/ entrepreneurs<\/a><\/h5>\r\n                                    <\/div>\r\n                                <\/div>\r\n                            <\/div>\r\n                        \r\n                            <!-- News Block Ten -->\r\n                            <div class=\"news-block-ten col-lg-4 col-md-6 col-sm-12\">\r\n                                <div class=\"inner-box wow fadeInRight\" data-wow-delay=\"0ms\" data-wow-duration=\"1500ms\">\r\n                                    <div class=\"image\">\r\n                                        <a href=\"https:\/\/ntpark.me\/en\/news\/poziv-na-info-dan-kako-eit-i-eic-pomazu-inovatore-nova-eu-strategija-za-startapove\/\"><img loading=\"lazy\" decoding=\"async\" width=\"2048\" height=\"2560\" src=\"https:\/\/ntpark.me\/wp-content\/uploads\/2025\/06\/POSTER-04-JULY-EVENT-scaled.png\" class=\"attachment-full size-full\" alt=\"\" srcset=\"https:\/\/ntpark.me\/wp-content\/uploads\/2025\/06\/POSTER-04-JULY-EVENT-scaled.png 2048w, https:\/\/ntpark.me\/wp-content\/uploads\/2025\/06\/POSTER-04-JULY-EVENT-240x300.png 240w, https:\/\/ntpark.me\/wp-content\/uploads\/2025\/06\/POSTER-04-JULY-EVENT-819x1024.png 819w, https:\/\/ntpark.me\/wp-content\/uploads\/2025\/06\/POSTER-04-JULY-EVENT-768x960.png 768w, https:\/\/ntpark.me\/wp-content\/uploads\/2025\/06\/POSTER-04-JULY-EVENT-1229x1536.png 1229w, https:\/\/ntpark.me\/wp-content\/uploads\/2025\/06\/POSTER-04-JULY-EVENT-1638x2048.png 1638w\" sizes=\"(max-width: 2048px) 100vw, 2048px\" \/><\/a>\r\n                                    <\/div>\r\n                                    <div class=\"lower-content\">\r\n                                        <ul class=\"post-meta\">\r\n                                            <li><span class=\"icon fal fa-user-alt\"><\/span>milica.bozovic<\/li>\r\n                                            <li><span class=\"icon fal fa-calendar-alt\"><\/span>Jun 27, 2025<\/li>\r\n                                        <\/ul>\r\n                                        <h5><a href=\"https:\/\/ntpark.me\/en\/news\/poziv-na-info-dan-kako-eit-i-eic-pomazu-inovatore-nova-eu-strategija-za-startapove\/\">Info dan o novoj evropskoj strategiji za startapove i glavnim instrumentima EU podr\u0161ke<\/a><\/h5>\r\n                                    <\/div>\r\n                                <\/div>\r\n                            <\/div>\r\n                        \r\n                            <!-- News Block Ten -->\r\n                            <div class=\"news-block-ten col-lg-4 col-md-6 col-sm-12\">\r\n                                <div class=\"inner-box wow fadeInRight\" data-wow-delay=\"0ms\" data-wow-duration=\"1500ms\">\r\n                                    <div class=\"image\">\r\n                                        <a href=\"https:\/\/ntpark.me\/en\/news\/objavljen-rad-o-razvoju-inovacija-i-preduzetnistva-u-naucno-tehnoloskom-parku-crne-gore\/\"><img loading=\"lazy\" decoding=\"async\" width=\"1080\" height=\"1073\" src=\"https:\/\/ntpark.me\/wp-content\/uploads\/2025\/06\/Casopis-NTPCG-2-1.jpg\" class=\"attachment-full size-full\" alt=\"\" srcset=\"https:\/\/ntpark.me\/wp-content\/uploads\/2025\/06\/Casopis-NTPCG-2-1.jpg 1080w, https:\/\/ntpark.me\/wp-content\/uploads\/2025\/06\/Casopis-NTPCG-2-1-300x298.jpg 300w, https:\/\/ntpark.me\/wp-content\/uploads\/2025\/06\/Casopis-NTPCG-2-1-1024x1017.jpg 1024w, https:\/\/ntpark.me\/wp-content\/uploads\/2025\/06\/Casopis-NTPCG-2-1-150x150.jpg 150w, https:\/\/ntpark.me\/wp-content\/uploads\/2025\/06\/Casopis-NTPCG-2-1-768x763.jpg 768w, https:\/\/ntpark.me\/wp-content\/uploads\/2025\/06\/Casopis-NTPCG-2-1-74x73.jpg 74w\" sizes=\"(max-width: 1080px) 100vw, 1080px\" \/><\/a>\r\n                                    <\/div>\r\n                                    <div class=\"lower-content\">\r\n                                        <ul class=\"post-meta\">\r\n                                            <li><span class=\"icon fal fa-user-alt\"><\/span>editor<\/li>\r\n                                            <li><span class=\"icon fal fa-calendar-alt\"><\/span>Jun 26, 2025<\/li>\r\n                                        <\/ul>\r\n                                        <h5><a href=\"https:\/\/ntpark.me\/en\/news\/objavljen-rad-o-razvoju-inovacija-i-preduzetnistva-u-naucno-tehnoloskom-parku-crne-gore\/\">A paper on the development of innovation and entrepreneurship at the Science and Technology Park of Montenegro has been publishedre\u00a0\u00a0<\/a><\/h5>\r\n                                    <\/div>\r\n                                <\/div>\r\n                            <\/div>\r\n                        \r\n                            <!-- News Block Ten -->\r\n                            <div class=\"news-block-ten col-lg-4 col-md-6 col-sm-12\">\r\n                                <div class=\"inner-box wow fadeInRight\" data-wow-delay=\"0ms\" data-wow-duration=\"1500ms\">\r\n                                    <div class=\"image\">\r\n                                        <a href=\"https:\/\/ntpark.me\/en\/news\/superracunari-za-pametnije-biznise\/\"><img loading=\"lazy\" decoding=\"async\" width=\"2560\" height=\"1437\" src=\"https:\/\/ntpark.me\/wp-content\/uploads\/2025\/06\/RR-1-scaled.jpg\" class=\"attachment-full size-full\" alt=\"\" srcset=\"https:\/\/ntpark.me\/wp-content\/uploads\/2025\/06\/RR-1-scaled.jpg 2560w, https:\/\/ntpark.me\/wp-content\/uploads\/2025\/06\/RR-1-300x168.jpg 300w, https:\/\/ntpark.me\/wp-content\/uploads\/2025\/06\/RR-1-1024x575.jpg 1024w, https:\/\/ntpark.me\/wp-content\/uploads\/2025\/06\/RR-1-768x431.jpg 768w, https:\/\/ntpark.me\/wp-content\/uploads\/2025\/06\/RR-1-1536x862.jpg 1536w, https:\/\/ntpark.me\/wp-content\/uploads\/2025\/06\/RR-1-2048x1150.jpg 2048w\" sizes=\"(max-width: 2560px) 100vw, 2560px\" \/><\/a>\r\n                                    <\/div>\r\n                                    <div class=\"lower-content\">\r\n                                        <ul class=\"post-meta\">\r\n                                            <li><span class=\"icon fal fa-user-alt\"><\/span>editor<\/li>\r\n                                            <li><span class=\"icon fal fa-calendar-alt\"><\/span>Jun 26, 2025<\/li>\r\n                                        <\/ul>\r\n                                        <h5><a href=\"https:\/\/ntpark.me\/en\/news\/superracunari-za-pametnije-biznise\/\">Supercomputers for Smarter Businesses<\/a><\/h5>\r\n                                    <\/div>\r\n                                <\/div>\r\n                            <\/div>\r\n                        \r\n                            <!-- News Block Ten -->\r\n                            <div class=\"news-block-ten col-lg-4 col-md-6 col-sm-12\">\r\n                                <div class=\"inner-box wow fadeInRight\" data-wow-delay=\"0ms\" data-wow-duration=\"1500ms\">\r\n                                    <div class=\"image\">\r\n                                        <a href=\"https:\/\/ntpark.me\/en\/news\/start-up-vece-finale-konkursa-za-najbolju-studentsku-ideju\/\"><img loading=\"lazy\" decoding=\"async\" width=\"2560\" height=\"1243\" src=\"https:\/\/ntpark.me\/wp-content\/uploads\/2025\/06\/J86A9298-scaled.jpg\" class=\"attachment-full size-full\" alt=\"\" srcset=\"https:\/\/ntpark.me\/wp-content\/uploads\/2025\/06\/J86A9298-scaled.jpg 2560w, https:\/\/ntpark.me\/wp-content\/uploads\/2025\/06\/J86A9298-300x146.jpg 300w, https:\/\/ntpark.me\/wp-content\/uploads\/2025\/06\/J86A9298-1024x497.jpg 1024w, https:\/\/ntpark.me\/wp-content\/uploads\/2025\/06\/J86A9298-768x373.jpg 768w, https:\/\/ntpark.me\/wp-content\/uploads\/2025\/06\/J86A9298-1536x746.jpg 1536w, https:\/\/ntpark.me\/wp-content\/uploads\/2025\/06\/J86A9298-2048x994.jpg 2048w\" sizes=\"(max-width: 2560px) 100vw, 2560px\" \/><\/a>\r\n                                    <\/div>\r\n                                    <div class=\"lower-content\">\r\n                                        <ul class=\"post-meta\">\r\n                                            <li><span class=\"icon fal fa-user-alt\"><\/span>editor<\/li>\r\n                                            <li><span class=\"icon fal fa-calendar-alt\"><\/span>Jun 25, 2025<\/li>\r\n                                        <\/ul>\r\n                                        <h5><a href=\"https:\/\/ntpark.me\/en\/news\/start-up-vece-finale-konkursa-za-najbolju-studentsku-ideju\/\">Start-up Evening \u2013 Finals of the competition for the best student idea<\/a><\/h5>\r\n                                    <\/div>\r\n                                <\/div>\r\n                            <\/div>\r\n                        \r\n                            <!-- News Block Ten -->\r\n                            <div class=\"news-block-ten col-lg-4 col-md-6 col-sm-12\">\r\n                                <div class=\"inner-box wow fadeInRight\" data-wow-delay=\"0ms\" data-wow-duration=\"1500ms\">\r\n                                    <div class=\"image\">\r\n                                        <a href=\"https:\/\/ntpark.me\/en\/news\/javni-poziv-u-okviru-projekta-abba\/\"><img loading=\"lazy\" decoding=\"async\" width=\"2042\" height=\"2048\" src=\"https:\/\/ntpark.me\/wp-content\/uploads\/2025\/06\/ABBA-Vizual-za-objavu.jpg\" class=\"attachment-full size-full\" alt=\"\" srcset=\"https:\/\/ntpark.me\/wp-content\/uploads\/2025\/06\/ABBA-Vizual-za-objavu.jpg 2042w, https:\/\/ntpark.me\/wp-content\/uploads\/2025\/06\/ABBA-Vizual-za-objavu-300x300.jpg 300w, https:\/\/ntpark.me\/wp-content\/uploads\/2025\/06\/ABBA-Vizual-za-objavu-1021x1024.jpg 1021w, https:\/\/ntpark.me\/wp-content\/uploads\/2025\/06\/ABBA-Vizual-za-objavu-150x150.jpg 150w, https:\/\/ntpark.me\/wp-content\/uploads\/2025\/06\/ABBA-Vizual-za-objavu-768x770.jpg 768w, https:\/\/ntpark.me\/wp-content\/uploads\/2025\/06\/ABBA-Vizual-za-objavu-1532x1536.jpg 1532w, https:\/\/ntpark.me\/wp-content\/uploads\/2025\/06\/ABBA-Vizual-za-objavu-74x73.jpg 74w, https:\/\/ntpark.me\/wp-content\/uploads\/2025\/06\/ABBA-Vizual-za-objavu-400x400.jpg 400w\" sizes=\"(max-width: 2042px) 100vw, 2042px\" \/><\/a>\r\n                                    <\/div>\r\n                                    <div class=\"lower-content\">\r\n                                        <ul class=\"post-meta\">\r\n                                            <li><span class=\"icon fal fa-user-alt\"><\/span>editor<\/li>\r\n                                            <li><span class=\"icon fal fa-calendar-alt\"><\/span>Jun 23, 2025<\/li>\r\n                                        <\/ul>\r\n                                        <h5><a href=\"https:\/\/ntpark.me\/en\/news\/javni-poziv-u-okviru-projekta-abba\/\">Public Call within the ABBA Project<\/a><\/h5>\r\n                                    <\/div>\r\n                                <\/div>\r\n                            <\/div>\r\n                        \r\n                            <!-- News Block Ten -->\r\n                            <div class=\"news-block-ten col-lg-4 col-md-6 col-sm-12\">\r\n                                <div class=\"inner-box wow fadeInRight\" data-wow-delay=\"0ms\" data-wow-duration=\"1500ms\">\r\n                                    <div class=\"image\">\r\n                                        <a href=\"https:\/\/ntpark.me\/en\/news\/british-council-crna-gora-aktuelni-pozivi-u-oblasti-sajber-bezbjednosti-2\/\"><img loading=\"lazy\" decoding=\"async\" width=\"1920\" height=\"1080\" src=\"https:\/\/ntpark.me\/wp-content\/uploads\/2025\/06\/BRITISH-COUNCIL_CybHER-1920x1080px.png\" class=\"attachment-full size-full\" alt=\"\" srcset=\"https:\/\/ntpark.me\/wp-content\/uploads\/2025\/06\/BRITISH-COUNCIL_CybHER-1920x1080px.png 1920w, https:\/\/ntpark.me\/wp-content\/uploads\/2025\/06\/BRITISH-COUNCIL_CybHER-1920x1080px-300x169.png 300w, https:\/\/ntpark.me\/wp-content\/uploads\/2025\/06\/BRITISH-COUNCIL_CybHER-1920x1080px-1024x576.png 1024w, https:\/\/ntpark.me\/wp-content\/uploads\/2025\/06\/BRITISH-COUNCIL_CybHER-1920x1080px-768x432.png 768w, https:\/\/ntpark.me\/wp-content\/uploads\/2025\/06\/BRITISH-COUNCIL_CybHER-1920x1080px-1536x864.png 1536w\" sizes=\"(max-width: 1920px) 100vw, 1920px\" \/><\/a>\r\n                                    <\/div>\r\n                                    <div class=\"lower-content\">\r\n                                        <ul class=\"post-meta\">\r\n                                            <li><span class=\"icon fal fa-user-alt\"><\/span>editor<\/li>\r\n                                            <li><span class=\"icon fal fa-calendar-alt\"><\/span>Jun 20, 2025<\/li>\r\n                                        <\/ul>\r\n                                        <h5><a href=\"https:\/\/ntpark.me\/en\/news\/british-council-crna-gora-aktuelni-pozivi-u-oblasti-sajber-bezbjednosti-2\/\">British Council Montenegro \u2013 current calls in the field of cybersecurity<\/a><\/h5>\r\n                                    <\/div>\r\n                                <\/div>\r\n                            <\/div>\r\n                        \r\n                            <!-- News Block Ten -->\r\n                            <div class=\"news-block-ten col-lg-4 col-md-6 col-sm-12\">\r\n                                <div class=\"inner-box wow fadeInRight\" data-wow-delay=\"0ms\" data-wow-duration=\"1500ms\">\r\n                                    <div class=\"image\">\r\n                                        <a href=\"https:\/\/ntpark.me\/en\/news\/predavanje-o-hpc-ai-tehnologijama-u-ntp-u-pokreni-svoje-ideje-uz-superracunare\/\"><img loading=\"lazy\" decoding=\"async\" width=\"940\" height=\"788\" src=\"https:\/\/ntpark.me\/wp-content\/uploads\/2025\/06\/Pokreni-svoje-ideje-uz-superracunare.png\" class=\"attachment-full size-full\" alt=\"\" srcset=\"https:\/\/ntpark.me\/wp-content\/uploads\/2025\/06\/Pokreni-svoje-ideje-uz-superracunare.png 940w, https:\/\/ntpark.me\/wp-content\/uploads\/2025\/06\/Pokreni-svoje-ideje-uz-superracunare-300x251.png 300w, https:\/\/ntpark.me\/wp-content\/uploads\/2025\/06\/Pokreni-svoje-ideje-uz-superracunare-768x644.png 768w, https:\/\/ntpark.me\/wp-content\/uploads\/2025\/06\/Pokreni-svoje-ideje-uz-superracunare-60x51.png 60w\" sizes=\"(max-width: 940px) 100vw, 940px\" \/><\/a>\r\n                                    <\/div>\r\n                                    <div class=\"lower-content\">\r\n                                        <ul class=\"post-meta\">\r\n                                            <li><span class=\"icon fal fa-user-alt\"><\/span>editor<\/li>\r\n                                            <li><span class=\"icon fal fa-calendar-alt\"><\/span>Jun 19, 2025<\/li>\r\n                                        <\/ul>\r\n                                        <h5><a href=\"https:\/\/ntpark.me\/en\/news\/predavanje-o-hpc-ai-tehnologijama-u-ntp-u-pokreni-svoje-ideje-uz-superracunare\/\">Lecture on HPC\/AI Technologies at the Science and technology park: &#8220;Power Your Ideas with supercomputers&#8221;<\/a><\/h5>\r\n                                    <\/div>\r\n                                <\/div>\r\n                            <\/div>\r\n                        \r\n                            <!-- News Block Ten -->\r\n                            <div class=\"news-block-ten col-lg-4 col-md-6 col-sm-12\">\r\n                                <div class=\"inner-box wow fadeInRight\" data-wow-delay=\"0ms\" data-wow-duration=\"1500ms\">\r\n                                    <div class=\"image\">\r\n                                        <a href=\"https:\/\/ntpark.me\/en\/news\/ntp-crne-gore-na-ci-hub-akademiji-u-cacku-zajedno-ka-ubrzanoj-cirkularnoj-tranziciji\/\"><img loading=\"lazy\" decoding=\"async\" width=\"2560\" height=\"1709\" src=\"https:\/\/ntpark.me\/wp-content\/uploads\/2025\/06\/anjaaa-scaled.jpg\" class=\"attachment-full size-full\" alt=\"\" srcset=\"https:\/\/ntpark.me\/wp-content\/uploads\/2025\/06\/anjaaa-scaled.jpg 2560w, https:\/\/ntpark.me\/wp-content\/uploads\/2025\/06\/anjaaa-300x200.jpg 300w, https:\/\/ntpark.me\/wp-content\/uploads\/2025\/06\/anjaaa-1024x684.jpg 1024w, https:\/\/ntpark.me\/wp-content\/uploads\/2025\/06\/anjaaa-768x513.jpg 768w, https:\/\/ntpark.me\/wp-content\/uploads\/2025\/06\/anjaaa-1536x1025.jpg 1536w, https:\/\/ntpark.me\/wp-content\/uploads\/2025\/06\/anjaaa-2048x1367.jpg 2048w\" sizes=\"(max-width: 2560px) 100vw, 2560px\" \/><\/a>\r\n                                    <\/div>\r\n                                    <div class=\"lower-content\">\r\n                                        <ul class=\"post-meta\">\r\n                                            <li><span class=\"icon fal fa-user-alt\"><\/span>editor<\/li>\r\n                                            <li><span class=\"icon fal fa-calendar-alt\"><\/span>Jun 18, 2025<\/li>\r\n                                        <\/ul>\r\n                                        <h5><a href=\"https:\/\/ntpark.me\/en\/news\/ntp-crne-gore-na-ci-hub-akademiji-u-cacku-zajedno-ka-ubrzanoj-cirkularnoj-tranziciji\/\">Montenegro Science and Technology Park at the CI-HUB Academy in \u010ca\u010dak: United for an Accelerated Circular Transition<\/a><\/h5>\r\n                                    <\/div>\r\n                                <\/div>\r\n                            <\/div>\r\n                        \r\n                            <!-- News Block Ten -->\r\n                            <div class=\"news-block-ten col-lg-4 col-md-6 col-sm-12\">\r\n                                <div class=\"inner-box wow fadeInRight\" data-wow-delay=\"0ms\" data-wow-duration=\"1500ms\">\r\n                                    <div class=\"image\">\r\n                                        <a href=\"https:\/\/ntpark.me\/en\/news\/posjeta-arhitektonskog-fakulteta-ucg-naucno-tehnoloskom-parku-crne-gore\/\"><img loading=\"lazy\" decoding=\"async\" width=\"1080\" height=\"685\" src=\"https:\/\/ntpark.me\/wp-content\/uploads\/2025\/06\/aaa.jpg\" class=\"attachment-full size-full\" alt=\"\" srcset=\"https:\/\/ntpark.me\/wp-content\/uploads\/2025\/06\/aaa.jpg 1080w, https:\/\/ntpark.me\/wp-content\/uploads\/2025\/06\/aaa-300x190.jpg 300w, https:\/\/ntpark.me\/wp-content\/uploads\/2025\/06\/aaa-1024x649.jpg 1024w, https:\/\/ntpark.me\/wp-content\/uploads\/2025\/06\/aaa-768x487.jpg 768w\" sizes=\"(max-width: 1080px) 100vw, 1080px\" \/><\/a>\r\n                                    <\/div>\r\n                                    <div class=\"lower-content\">\r\n                                        <ul class=\"post-meta\">\r\n                                            <li><span class=\"icon fal fa-user-alt\"><\/span>editor<\/li>\r\n                                            <li><span class=\"icon fal fa-calendar-alt\"><\/span>Jun 18, 2025<\/li>\r\n                                        <\/ul>\r\n                                        <h5><a href=\"https:\/\/ntpark.me\/en\/news\/posjeta-arhitektonskog-fakulteta-ucg-naucno-tehnoloskom-parku-crne-gore\/\">Visit of the UCG Faculty of Architecture to the Science and Technology Park of Montenegro<\/a><\/h5>\r\n                                    <\/div>\r\n                                <\/div>\r\n                            <\/div>\r\n                        \r\n                            <!-- News Block Ten -->\r\n                            <div class=\"news-block-ten col-lg-4 col-md-6 col-sm-12\">\r\n                                <div class=\"inner-box wow fadeInRight\" data-wow-delay=\"0ms\" data-wow-duration=\"1500ms\">\r\n                                    <div class=\"image\">\r\n                                        <a href=\"https:\/\/ntpark.me\/en\/news\/ucesce-predstavnika-ntp-crna-gora-na-regionalnom-okupljanju-o-digitalnim-inovacijama-u-nisu\/\"><img loading=\"lazy\" decoding=\"async\" width=\"1270\" height=\"616\" src=\"https:\/\/ntpark.me\/wp-content\/uploads\/2025\/06\/8d671a30-1a56-49a4-afa2-cd8632b88827.jpeg\" class=\"attachment-full size-full\" alt=\"\" srcset=\"https:\/\/ntpark.me\/wp-content\/uploads\/2025\/06\/8d671a30-1a56-49a4-afa2-cd8632b88827.jpeg 1270w, https:\/\/ntpark.me\/wp-content\/uploads\/2025\/06\/8d671a30-1a56-49a4-afa2-cd8632b88827-300x146.jpeg 300w, https:\/\/ntpark.me\/wp-content\/uploads\/2025\/06\/8d671a30-1a56-49a4-afa2-cd8632b88827-1024x497.jpeg 1024w, https:\/\/ntpark.me\/wp-content\/uploads\/2025\/06\/8d671a30-1a56-49a4-afa2-cd8632b88827-768x373.jpeg 768w\" sizes=\"(max-width: 1270px) 100vw, 1270px\" \/><\/a>\r\n                                    <\/div>\r\n                                    <div class=\"lower-content\">\r\n                                        <ul class=\"post-meta\">\r\n                                            <li><span class=\"icon fal fa-user-alt\"><\/span>editor<\/li>\r\n                                            <li><span class=\"icon fal fa-calendar-alt\"><\/span>Jun 16, 2025<\/li>\r\n                                        <\/ul>\r\n                                        <h5><a href=\"https:\/\/ntpark.me\/en\/news\/ucesce-predstavnika-ntp-crna-gora-na-regionalnom-okupljanju-o-digitalnim-inovacijama-u-nisu\/\">Participation of representatives of the Science and technology park of Montenegro at the regional gathering on digital innovation in Ni\u0161<\/a><\/h5>\r\n                                    <\/div>\r\n                                <\/div>\r\n                            <\/div>\r\n                        \r\n                            <!-- News Block Ten -->\r\n                            <div class=\"news-block-ten col-lg-4 col-md-6 col-sm-12\">\r\n                                <div class=\"inner-box wow fadeInRight\" data-wow-delay=\"0ms\" data-wow-duration=\"1500ms\">\r\n                                    <div class=\"image\">\r\n                                        <a href=\"https:\/\/ntpark.me\/en\/news\/ekskluzivne-uc-berkli-radionice-odrzane-u-naucno-tehnoloskom-parku-crne-gore\/\"><img loading=\"lazy\" decoding=\"async\" width=\"2560\" height=\"1441\" src=\"https:\/\/ntpark.me\/wp-content\/uploads\/2025\/06\/slikaa-scaled.jpg\" class=\"attachment-full size-full\" alt=\"\" srcset=\"https:\/\/ntpark.me\/wp-content\/uploads\/2025\/06\/slikaa-scaled.jpg 2560w, https:\/\/ntpark.me\/wp-content\/uploads\/2025\/06\/slikaa-300x169.jpg 300w, https:\/\/ntpark.me\/wp-content\/uploads\/2025\/06\/slikaa-1024x576.jpg 1024w, https:\/\/ntpark.me\/wp-content\/uploads\/2025\/06\/slikaa-768x432.jpg 768w, https:\/\/ntpark.me\/wp-content\/uploads\/2025\/06\/slikaa-1536x864.jpg 1536w, https:\/\/ntpark.me\/wp-content\/uploads\/2025\/06\/slikaa-2048x1153.jpg 2048w\" sizes=\"(max-width: 2560px) 100vw, 2560px\" \/><\/a>\r\n                                    <\/div>\r\n                                    <div class=\"lower-content\">\r\n                                        <ul class=\"post-meta\">\r\n                                            <li><span class=\"icon fal fa-user-alt\"><\/span>editor<\/li>\r\n                                            <li><span class=\"icon fal fa-calendar-alt\"><\/span>Jun 12, 2025<\/li>\r\n                                        <\/ul>\r\n                                        <h5><a href=\"https:\/\/ntpark.me\/en\/news\/ekskluzivne-uc-berkli-radionice-odrzane-u-naucno-tehnoloskom-parku-crne-gore\/\">Exclusive UC Berkeley workshops held at the Science and technology park of Montenegro<\/a><\/h5>\r\n                                    <\/div>\r\n                                <\/div>\r\n                            <\/div>\r\n                        \r\n                            <!-- News Block Ten -->\r\n                            <div class=\"news-block-ten col-lg-4 col-md-6 col-sm-12\">\r\n                                <div class=\"inner-box wow fadeInRight\" data-wow-delay=\"0ms\" data-wow-duration=\"1500ms\">\r\n                                    <div class=\"image\">\r\n                                        <a href=\"https:\/\/ntpark.me\/en\/news\/blueprint-rtl-doo-se-pridruzio-zajednici-naucno-tehnoloskog-parka-crne-gore\/\"><img loading=\"lazy\" decoding=\"async\" width=\"2560\" height=\"1655\" src=\"https:\/\/ntpark.me\/wp-content\/uploads\/2025\/06\/blp-2-scaled.jpeg\" class=\"attachment-full size-full\" alt=\"\" srcset=\"https:\/\/ntpark.me\/wp-content\/uploads\/2025\/06\/blp-2-scaled.jpeg 2560w, https:\/\/ntpark.me\/wp-content\/uploads\/2025\/06\/blp-2-300x194.jpeg 300w, https:\/\/ntpark.me\/wp-content\/uploads\/2025\/06\/blp-2-1024x662.jpeg 1024w, https:\/\/ntpark.me\/wp-content\/uploads\/2025\/06\/blp-2-768x496.jpeg 768w, https:\/\/ntpark.me\/wp-content\/uploads\/2025\/06\/blp-2-1536x993.jpeg 1536w, https:\/\/ntpark.me\/wp-content\/uploads\/2025\/06\/blp-2-2048x1324.jpeg 2048w\" sizes=\"(max-width: 2560px) 100vw, 2560px\" \/><\/a>\r\n                                    <\/div>\r\n                                    <div class=\"lower-content\">\r\n                                        <ul class=\"post-meta\">\r\n                                            <li><span class=\"icon fal fa-user-alt\"><\/span>editor<\/li>\r\n                                            <li><span class=\"icon fal fa-calendar-alt\"><\/span>Jun 11, 2025<\/li>\r\n                                        <\/ul>\r\n                                        <h5><a href=\"https:\/\/ntpark.me\/en\/news\/blueprint-rtl-doo-se-pridruzio-zajednici-naucno-tehnoloskog-parka-crne-gore\/\">Blueprint RTL LLC has joined the community of the Science and technology park of Montenegro<\/a><\/h5>\r\n                                    <\/div>\r\n                                <\/div>\r\n                            <\/div>\r\n                        \r\n                            <!-- News Block Ten -->\r\n                            <div class=\"news-block-ten col-lg-4 col-md-6 col-sm-12\">\r\n                                <div class=\"inner-box wow fadeInRight\" data-wow-delay=\"0ms\" data-wow-duration=\"1500ms\">\r\n                                    <div class=\"image\">\r\n                                        <a href=\"https:\/\/ntpark.me\/en\/news\/otvaranje-vrata-globalne-inovacione-elite-uc-berkeley-i-ucg-razgovaraju-o-strateskoj-saradnji\/\"><img loading=\"lazy\" decoding=\"async\" width=\"1500\" height=\"1000\" src=\"https:\/\/ntpark.me\/wp-content\/uploads\/2025\/06\/10.06.25.jpeg\" class=\"attachment-full size-full\" alt=\"\" srcset=\"https:\/\/ntpark.me\/wp-content\/uploads\/2025\/06\/10.06.25.jpeg 1500w, https:\/\/ntpark.me\/wp-content\/uploads\/2025\/06\/10.06.25-300x200.jpeg 300w, https:\/\/ntpark.me\/wp-content\/uploads\/2025\/06\/10.06.25-1024x683.jpeg 1024w, https:\/\/ntpark.me\/wp-content\/uploads\/2025\/06\/10.06.25-768x512.jpeg 768w, https:\/\/ntpark.me\/wp-content\/uploads\/2025\/06\/10.06.25-200x132.jpeg 200w\" sizes=\"(max-width: 1500px) 100vw, 1500px\" \/><\/a>\r\n                                    <\/div>\r\n                                    <div class=\"lower-content\">\r\n                                        <ul class=\"post-meta\">\r\n                                            <li><span class=\"icon fal fa-user-alt\"><\/span>editor<\/li>\r\n                                            <li><span class=\"icon fal fa-calendar-alt\"><\/span>Jun 10, 2025<\/li>\r\n                                        <\/ul>\r\n                                        <h5><a href=\"https:\/\/ntpark.me\/en\/news\/otvaranje-vrata-globalne-inovacione-elite-uc-berkeley-i-ucg-razgovaraju-o-strateskoj-saradnji\/\">Opening the doors to the Global innovation elite: UC Berkeley and UCG discuss strategic cooperation<\/a><\/h5>\r\n                                    <\/div>\r\n                                <\/div>\r\n                            <\/div>\r\n                        \r\n                            <!-- News Block Ten -->\r\n                            <div class=\"news-block-ten col-lg-4 col-md-6 col-sm-12\">\r\n                                <div class=\"inner-box wow fadeInRight\" data-wow-delay=\"0ms\" data-wow-duration=\"1500ms\">\r\n                                    <div class=\"image\">\r\n                                        <a href=\"https:\/\/ntpark.me\/en\/news\/dobrodosli-madialab-doo-novi-stanar-naucno-tehnoloskog-parka-crne-gore\/\"><img loading=\"lazy\" decoding=\"async\" width=\"2560\" height=\"1546\" src=\"https:\/\/ntpark.me\/wp-content\/uploads\/2025\/06\/10.6-scaled.jpeg\" class=\"attachment-full size-full\" alt=\"\" srcset=\"https:\/\/ntpark.me\/wp-content\/uploads\/2025\/06\/10.6-scaled.jpeg 2560w, https:\/\/ntpark.me\/wp-content\/uploads\/2025\/06\/10.6-300x181.jpeg 300w, https:\/\/ntpark.me\/wp-content\/uploads\/2025\/06\/10.6-1024x618.jpeg 1024w, https:\/\/ntpark.me\/wp-content\/uploads\/2025\/06\/10.6-768x464.jpeg 768w, https:\/\/ntpark.me\/wp-content\/uploads\/2025\/06\/10.6-1536x928.jpeg 1536w, https:\/\/ntpark.me\/wp-content\/uploads\/2025\/06\/10.6-2048x1237.jpeg 2048w\" sizes=\"(max-width: 2560px) 100vw, 2560px\" \/><\/a>\r\n                                    <\/div>\r\n                                    <div class=\"lower-content\">\r\n                                        <ul class=\"post-meta\">\r\n                                            <li><span class=\"icon fal fa-user-alt\"><\/span>editor<\/li>\r\n                                            <li><span class=\"icon fal fa-calendar-alt\"><\/span>Jun 10, 2025<\/li>\r\n                                        <\/ul>\r\n                                        <h5><a href=\"https:\/\/ntpark.me\/en\/news\/dobrodosli-madialab-doo-novi-stanar-naucno-tehnoloskog-parka-crne-gore\/\">Welcome, Medialab LLC \u2013 the newest resident of the Science and technology park of Montenegro<\/a><\/h5>\r\n                                    <\/div>\r\n                                <\/div>\r\n                            <\/div>\r\n                        \r\n                            <!-- News Block Ten -->\r\n                            <div class=\"news-block-ten col-lg-4 col-md-6 col-sm-12\">\r\n                                <div class=\"inner-box wow fadeInRight\" data-wow-delay=\"0ms\" data-wow-duration=\"1500ms\">\r\n                                    <div class=\"image\">\r\n                                        <a href=\"https:\/\/ntpark.me\/en\/news\/jacanje-inovacionog-ekosistema-delegacija-eu-i-ministarstva-prosvjete-nauke-i-inovacija-u-posjeti-ntp-u-crne-gore\/\"><img loading=\"lazy\" decoding=\"async\" width=\"2144\" height=\"1348\" src=\"https:\/\/ntpark.me\/wp-content\/uploads\/2025\/06\/99999-2.jpeg\" class=\"attachment-full size-full\" alt=\"\" srcset=\"https:\/\/ntpark.me\/wp-content\/uploads\/2025\/06\/99999-2.jpeg 2144w, https:\/\/ntpark.me\/wp-content\/uploads\/2025\/06\/99999-2-300x189.jpeg 300w, https:\/\/ntpark.me\/wp-content\/uploads\/2025\/06\/99999-2-1024x644.jpeg 1024w, https:\/\/ntpark.me\/wp-content\/uploads\/2025\/06\/99999-2-768x483.jpeg 768w, https:\/\/ntpark.me\/wp-content\/uploads\/2025\/06\/99999-2-1536x966.jpeg 1536w, https:\/\/ntpark.me\/wp-content\/uploads\/2025\/06\/99999-2-2048x1288.jpeg 2048w\" sizes=\"(max-width: 2144px) 100vw, 2144px\" \/><\/a>\r\n                                    <\/div>\r\n                                    <div class=\"lower-content\">\r\n                                        <ul class=\"post-meta\">\r\n                                            <li><span class=\"icon fal fa-user-alt\"><\/span>editor<\/li>\r\n                                            <li><span class=\"icon fal fa-calendar-alt\"><\/span>Jun 09, 2025<\/li>\r\n                                        <\/ul>\r\n                                        <h5><a href=\"https:\/\/ntpark.me\/en\/news\/jacanje-inovacionog-ekosistema-delegacija-eu-i-ministarstva-prosvjete-nauke-i-inovacija-u-posjeti-ntp-u-crne-gore\/\">Strengthening the innovation ecosystem: EU delegation and ministry of education, Science, and innovation visit the Science and technology park of Montenegro<\/a><\/h5>\r\n                                    <\/div>\r\n                                <\/div>\r\n                            <\/div>\r\n                        \r\n                            <!-- News Block Ten -->\r\n                            <div class=\"news-block-ten col-lg-4 col-md-6 col-sm-12\">\r\n                                <div class=\"inner-box wow fadeInRight\" data-wow-delay=\"0ms\" data-wow-duration=\"1500ms\">\r\n                                    <div class=\"image\">\r\n                                        <a href=\"https:\/\/ntpark.me\/en\/news\/godinu-dana-zajedno-naucno-tehnoloski-park-crne-gore-mjesto-gdje-inovacije-rastu\/\"><img loading=\"lazy\" decoding=\"async\" width=\"481\" height=\"418\" src=\"https:\/\/ntpark.me\/wp-content\/uploads\/2025\/06\/9999-1.jpeg\" class=\"attachment-full size-full\" alt=\"\" srcset=\"https:\/\/ntpark.me\/wp-content\/uploads\/2025\/06\/9999-1.jpeg 481w, https:\/\/ntpark.me\/wp-content\/uploads\/2025\/06\/9999-1-300x261.jpeg 300w, https:\/\/ntpark.me\/wp-content\/uploads\/2025\/06\/9999-1-60x51.jpeg 60w\" sizes=\"(max-width: 481px) 100vw, 481px\" \/><\/a>\r\n                                    <\/div>\r\n                                    <div class=\"lower-content\">\r\n                                        <ul class=\"post-meta\">\r\n                                            <li><span class=\"icon fal fa-user-alt\"><\/span>editor<\/li>\r\n                                            <li><span class=\"icon fal fa-calendar-alt\"><\/span>Jun 09, 2025<\/li>\r\n                                        <\/ul>\r\n                                        <h5><a href=\"https:\/\/ntpark.me\/en\/news\/godinu-dana-zajedno-naucno-tehnoloski-park-crne-gore-mjesto-gdje-inovacije-rastu\/\">One year together: Science and technology park of Montenegro \u2013 a place where innovation grows<\/a><\/h5>\r\n                                    <\/div>\r\n                                <\/div>\r\n                            <\/div>\r\n                        \r\n                            <!-- News Block Ten -->\r\n                            <div class=\"news-block-ten col-lg-4 col-md-6 col-sm-12\">\r\n                                <div class=\"inner-box wow fadeInRight\" data-wow-delay=\"0ms\" data-wow-duration=\"1500ms\">\r\n                                    <div class=\"image\">\r\n                                        <a href=\"https:\/\/ntpark.me\/en\/news\/founder-d-o-o-dio-zajednice-ntp-a-umjetnost-kao-pokretac-inovacija\/\"><img loading=\"lazy\" decoding=\"async\" width=\"2560\" height=\"2177\" src=\"https:\/\/ntpark.me\/wp-content\/uploads\/2025\/06\/999-scaled.jpeg\" class=\"attachment-full size-full\" alt=\"\" srcset=\"https:\/\/ntpark.me\/wp-content\/uploads\/2025\/06\/999-scaled.jpeg 2560w, https:\/\/ntpark.me\/wp-content\/uploads\/2025\/06\/999-300x255.jpeg 300w, https:\/\/ntpark.me\/wp-content\/uploads\/2025\/06\/999-1024x871.jpeg 1024w, https:\/\/ntpark.me\/wp-content\/uploads\/2025\/06\/999-768x653.jpeg 768w, https:\/\/ntpark.me\/wp-content\/uploads\/2025\/06\/999-1536x1306.jpeg 1536w, https:\/\/ntpark.me\/wp-content\/uploads\/2025\/06\/999-2048x1741.jpeg 2048w, https:\/\/ntpark.me\/wp-content\/uploads\/2025\/06\/999-60x51.jpeg 60w\" sizes=\"(max-width: 2560px) 100vw, 2560px\" \/><\/a>\r\n                                    <\/div>\r\n                                    <div class=\"lower-content\">\r\n                                        <ul class=\"post-meta\">\r\n                                            <li><span class=\"icon fal fa-user-alt\"><\/span>editor<\/li>\r\n                                            <li><span class=\"icon fal fa-calendar-alt\"><\/span>Jun 09, 2025<\/li>\r\n                                        <\/ul>\r\n                                        <h5><a href=\"https:\/\/ntpark.me\/en\/news\/founder-d-o-o-dio-zajednice-ntp-a-umjetnost-kao-pokretac-inovacija\/\">Founder  LLC as part of the STP community \u2013 Art as a driver of innovation<\/a><\/h5>\r\n                                    <\/div>\r\n                                <\/div>\r\n                            <\/div>\r\n                        \r\n                            <!-- News Block Ten -->\r\n                            <div class=\"news-block-ten col-lg-4 col-md-6 col-sm-12\">\r\n                                <div class=\"inner-box wow fadeInRight\" data-wow-delay=\"0ms\" data-wow-duration=\"1500ms\">\r\n                                    <div class=\"image\">\r\n                                        <a href=\"https:\/\/ntpark.me\/en\/news\/inovacije-u-fokusu-kancelarija-za-transfer-tehnologija-kao-novi-pokretac-razvoja-crne-gore\/\"><img loading=\"lazy\" decoding=\"async\" width=\"1191\" height=\"764\" src=\"https:\/\/ntpark.me\/wp-content\/uploads\/2025\/06\/06.06.webp\" class=\"attachment-full size-full\" alt=\"\" srcset=\"https:\/\/ntpark.me\/wp-content\/uploads\/2025\/06\/06.06.webp 1191w, https:\/\/ntpark.me\/wp-content\/uploads\/2025\/06\/06.06-300x192.webp 300w, https:\/\/ntpark.me\/wp-content\/uploads\/2025\/06\/06.06-1024x657.webp 1024w, https:\/\/ntpark.me\/wp-content\/uploads\/2025\/06\/06.06-768x493.webp 768w\" sizes=\"(max-width: 1191px) 100vw, 1191px\" \/><\/a>\r\n                                    <\/div>\r\n                                    <div class=\"lower-content\">\r\n                                        <ul class=\"post-meta\">\r\n                                            <li><span class=\"icon fal fa-user-alt\"><\/span>editor<\/li>\r\n                                            <li><span class=\"icon fal fa-calendar-alt\"><\/span>Jun 06, 2025<\/li>\r\n                                        <\/ul>\r\n                                        <h5><a href=\"https:\/\/ntpark.me\/en\/news\/inovacije-u-fokusu-kancelarija-za-transfer-tehnologija-kao-novi-pokretac-razvoja-crne-gore\/\">Innovation in focus: The technology transfer office as a new driver of Montenegro\u2019s development<\/a><\/h5>\r\n                                    <\/div>\r\n                                <\/div>\r\n                            <\/div>\r\n                        \r\n                            <!-- News Block Ten -->\r\n                            <div class=\"news-block-ten col-lg-4 col-md-6 col-sm-12\">\r\n                                <div class=\"inner-box wow fadeInRight\" data-wow-delay=\"0ms\" data-wow-duration=\"1500ms\">\r\n                                    <div class=\"image\">\r\n                                        <a href=\"https:\/\/ntpark.me\/en\/news\/izraelska-ambasadorka-u-posjeti-ntp-u-crne-gore-inspiracija-i-podrska-zenama-u-inovacijama\/\"><img loading=\"lazy\" decoding=\"async\" width=\"2560\" height=\"1517\" src=\"https:\/\/ntpark.me\/wp-content\/uploads\/2025\/06\/izrael-AM-1-scaled.jpg\" class=\"attachment-full size-full\" alt=\"\" srcset=\"https:\/\/ntpark.me\/wp-content\/uploads\/2025\/06\/izrael-AM-1-scaled.jpg 2560w, https:\/\/ntpark.me\/wp-content\/uploads\/2025\/06\/izrael-AM-1-300x178.jpg 300w, https:\/\/ntpark.me\/wp-content\/uploads\/2025\/06\/izrael-AM-1-1024x607.jpg 1024w, https:\/\/ntpark.me\/wp-content\/uploads\/2025\/06\/izrael-AM-1-768x455.jpg 768w, https:\/\/ntpark.me\/wp-content\/uploads\/2025\/06\/izrael-AM-1-1536x910.jpg 1536w, https:\/\/ntpark.me\/wp-content\/uploads\/2025\/06\/izrael-AM-1-2048x1213.jpg 2048w\" sizes=\"(max-width: 2560px) 100vw, 2560px\" \/><\/a>\r\n                                    <\/div>\r\n                                    <div class=\"lower-content\">\r\n                                        <ul class=\"post-meta\">\r\n                                            <li><span class=\"icon fal fa-user-alt\"><\/span>editor<\/li>\r\n                                            <li><span class=\"icon fal fa-calendar-alt\"><\/span>Jun 04, 2025<\/li>\r\n                                        <\/ul>\r\n                                        <h5><a href=\"https:\/\/ntpark.me\/en\/news\/izraelska-ambasadorka-u-posjeti-ntp-u-crne-gore-inspiracija-i-podrska-zenama-u-inovacijama\/\">Israeli ambassador visits the Science and technology Park of Montenegro: Inspiration and support for women in Innovation<\/a><\/h5>\r\n                                    <\/div>\r\n                                <\/div>\r\n                            <\/div>\r\n                        \r\n                            <!-- News Block Ten -->\r\n                            <div class=\"news-block-ten col-lg-4 col-md-6 col-sm-12\">\r\n                                <div class=\"inner-box wow fadeInRight\" data-wow-delay=\"0ms\" data-wow-duration=\"1500ms\">\r\n                                    <div class=\"image\">\r\n                                        <a href=\"https:\/\/ntpark.me\/en\/news\/hashimotto-doo-se-pridruzio-ntp-zajednici-inovatora\/\"><img loading=\"lazy\" decoding=\"async\" width=\"2560\" height=\"1864\" src=\"https:\/\/ntpark.me\/wp-content\/uploads\/2025\/06\/image0-1-scaled.jpeg\" class=\"attachment-full size-full\" alt=\"\" srcset=\"https:\/\/ntpark.me\/wp-content\/uploads\/2025\/06\/image0-1-scaled.jpeg 2560w, https:\/\/ntpark.me\/wp-content\/uploads\/2025\/06\/image0-1-300x218.jpeg 300w, https:\/\/ntpark.me\/wp-content\/uploads\/2025\/06\/image0-1-1024x746.jpeg 1024w, https:\/\/ntpark.me\/wp-content\/uploads\/2025\/06\/image0-1-768x559.jpeg 768w, https:\/\/ntpark.me\/wp-content\/uploads\/2025\/06\/image0-1-1536x1119.jpeg 1536w, https:\/\/ntpark.me\/wp-content\/uploads\/2025\/06\/image0-1-2048x1491.jpeg 2048w\" sizes=\"(max-width: 2560px) 100vw, 2560px\" \/><\/a>\r\n                                    <\/div>\r\n                                    <div class=\"lower-content\">\r\n                                        <ul class=\"post-meta\">\r\n                                            <li><span class=\"icon fal fa-user-alt\"><\/span>editor<\/li>\r\n                                            <li><span class=\"icon fal fa-calendar-alt\"><\/span>Jun 03, 2025<\/li>\r\n                                        <\/ul>\r\n                                        <h5><a href=\"https:\/\/ntpark.me\/en\/news\/hashimotto-doo-se-pridruzio-ntp-zajednici-inovatora\/\">Hashimotto LLC has joined the STP community of innovators<\/a><\/h5>\r\n                                    <\/div>\r\n                                <\/div>\r\n                            <\/div>\r\n                        \r\n                            <!-- News Block Ten -->\r\n                            <div class=\"news-block-ten col-lg-4 col-md-6 col-sm-12\">\r\n                                <div class=\"inner-box wow fadeInRight\" data-wow-delay=\"0ms\" data-wow-duration=\"1500ms\">\r\n                                    <div class=\"image\">\r\n                                        <a href=\"https:\/\/ntpark.me\/en\/news\/ubrzaj-znanje-skaliraj-uspjeh-next-level-innovation-radionica-za-lidere-promjena-sa-strucnjakom-sa-uc-berkeley\/\"><img loading=\"lazy\" decoding=\"async\" width=\"940\" height=\"788\" src=\"https:\/\/ntpark.me\/wp-content\/uploads\/2025\/06\/Najava-predavaca-Facebook-Post-1.png\" class=\"attachment-full size-full\" alt=\"\" srcset=\"https:\/\/ntpark.me\/wp-content\/uploads\/2025\/06\/Najava-predavaca-Facebook-Post-1.png 940w, https:\/\/ntpark.me\/wp-content\/uploads\/2025\/06\/Najava-predavaca-Facebook-Post-1-300x251.png 300w, https:\/\/ntpark.me\/wp-content\/uploads\/2025\/06\/Najava-predavaca-Facebook-Post-1-768x644.png 768w, https:\/\/ntpark.me\/wp-content\/uploads\/2025\/06\/Najava-predavaca-Facebook-Post-1-60x51.png 60w\" sizes=\"(max-width: 940px) 100vw, 940px\" \/><\/a>\r\n                                    <\/div>\r\n                                    <div class=\"lower-content\">\r\n                                        <ul class=\"post-meta\">\r\n                                            <li><span class=\"icon fal fa-user-alt\"><\/span>editor<\/li>\r\n                                            <li><span class=\"icon fal fa-calendar-alt\"><\/span>Jun 02, 2025<\/li>\r\n                                        <\/ul>\r\n                                        <h5><a href=\"https:\/\/ntpark.me\/en\/news\/ubrzaj-znanje-skaliraj-uspjeh-next-level-innovation-radionica-za-lidere-promjena-sa-strucnjakom-sa-uc-berkeley\/\">Accelerate knowledge, Scale success \u2013 Next level Innovation workshop for change leaders with an expert from UC Berkeley<\/a><\/h5>\r\n                                    <\/div>\r\n                                <\/div>\r\n                            <\/div>\r\n                        \r\n                            <!-- News Block Ten -->\r\n                            <div class=\"news-block-ten col-lg-4 col-md-6 col-sm-12\">\r\n                                <div class=\"inner-box wow fadeInRight\" data-wow-delay=\"0ms\" data-wow-duration=\"1500ms\">\r\n                                    <div class=\"image\">\r\n                                        <a href=\"https:\/\/ntpark.me\/en\/news\/odrzana-prva-besplatna-radionica-visa-shes-next-projekta-u-ntp-u\/\"><img loading=\"lazy\" decoding=\"async\" width=\"1600\" height=\"1200\" src=\"https:\/\/ntpark.me\/wp-content\/uploads\/2025\/06\/rajoo-1.jpg\" class=\"attachment-full size-full\" alt=\"\" srcset=\"https:\/\/ntpark.me\/wp-content\/uploads\/2025\/06\/rajoo-1.jpg 1600w, https:\/\/ntpark.me\/wp-content\/uploads\/2025\/06\/rajoo-1-300x225.jpg 300w, https:\/\/ntpark.me\/wp-content\/uploads\/2025\/06\/rajoo-1-1024x768.jpg 1024w, https:\/\/ntpark.me\/wp-content\/uploads\/2025\/06\/rajoo-1-768x576.jpg 768w, https:\/\/ntpark.me\/wp-content\/uploads\/2025\/06\/rajoo-1-1536x1152.jpg 1536w\" sizes=\"(max-width: 1600px) 100vw, 1600px\" \/><\/a>\r\n                                    <\/div>\r\n                                    <div class=\"lower-content\">\r\n                                        <ul class=\"post-meta\">\r\n                                            <li><span class=\"icon fal fa-user-alt\"><\/span>editor<\/li>\r\n                                            <li><span class=\"icon fal fa-calendar-alt\"><\/span>Jun 02, 2025<\/li>\r\n                                        <\/ul>\r\n                                        <h5><a href=\"https:\/\/ntpark.me\/en\/news\/odrzana-prva-besplatna-radionica-visa-shes-next-projekta-u-ntp-u\/\">The first free workshop of the Visa She\u2019s Next project was held at the Science and technology park<\/a><\/h5>\r\n                                    <\/div>\r\n                                <\/div>\r\n                            <\/div>\r\n                        \r\n                            <!-- News Block Ten -->\r\n                            <div class=\"news-block-ten col-lg-4 col-md-6 col-sm-12\">\r\n                                <div class=\"inner-box wow fadeInRight\" data-wow-delay=\"0ms\" data-wow-duration=\"1500ms\">\r\n                                    <div class=\"image\">\r\n                                        <a href=\"https:\/\/ntpark.me\/en\/news\/novi-kreativni-glas-u-ntp-u-crne-gore\/\"><img loading=\"lazy\" decoding=\"async\" width=\"703\" height=\"542\" src=\"https:\/\/ntpark.me\/wp-content\/uploads\/2025\/05\/muzicari-1-2.webp\" class=\"attachment-full size-full\" alt=\"\" srcset=\"https:\/\/ntpark.me\/wp-content\/uploads\/2025\/05\/muzicari-1-2.webp 703w, https:\/\/ntpark.me\/wp-content\/uploads\/2025\/05\/muzicari-1-2-300x231.webp 300w\" sizes=\"(max-width: 703px) 100vw, 703px\" \/><\/a>\r\n                                    <\/div>\r\n                                    <div class=\"lower-content\">\r\n                                        <ul class=\"post-meta\">\r\n                                            <li><span class=\"icon fal fa-user-alt\"><\/span>editor<\/li>\r\n                                            <li><span class=\"icon fal fa-calendar-alt\"><\/span>May 29, 2025<\/li>\r\n                                        <\/ul>\r\n                                        <h5><a href=\"https:\/\/ntpark.me\/en\/news\/novi-kreativni-glas-u-ntp-u-crne-gore\/\">New creative voice at the Science and technology park of Montenegro<\/a><\/h5>\r\n                                    <\/div>\r\n                                <\/div>\r\n                            <\/div>\r\n                        \r\n                            <!-- News Block Ten -->\r\n                            <div class=\"news-block-ten col-lg-4 col-md-6 col-sm-12\">\r\n                                <div class=\"inner-box wow fadeInRight\" data-wow-delay=\"0ms\" data-wow-duration=\"1500ms\">\r\n                                    <div class=\"image\">\r\n                                        <a href=\"https:\/\/ntpark.me\/en\/news\/investitori-startapovi-i-inovatori-iz-tri-kontinenta-u-naucno-tehnoloskom-parku-crne-gore\/\"><img loading=\"lazy\" decoding=\"async\" width=\"577\" height=\"284\" src=\"https:\/\/ntpark.me\/wp-content\/uploads\/2025\/05\/keiretsu-4.jpeg\" class=\"attachment-full size-full\" alt=\"\" srcset=\"https:\/\/ntpark.me\/wp-content\/uploads\/2025\/05\/keiretsu-4.jpeg 577w, https:\/\/ntpark.me\/wp-content\/uploads\/2025\/05\/keiretsu-4-300x148.jpeg 300w\" sizes=\"(max-width: 577px) 100vw, 577px\" \/><\/a>\r\n                                    <\/div>\r\n                                    <div class=\"lower-content\">\r\n                                        <ul class=\"post-meta\">\r\n                                            <li><span class=\"icon fal fa-user-alt\"><\/span>editor<\/li>\r\n                                            <li><span class=\"icon fal fa-calendar-alt\"><\/span>May 29, 2025<\/li>\r\n                                        <\/ul>\r\n                                        <h5><a href=\"https:\/\/ntpark.me\/en\/news\/investitori-startapovi-i-inovatori-iz-tri-kontinenta-u-naucno-tehnoloskom-parku-crne-gore\/\">Investors, startups, and innovators from three continents at the Science and technology park of Montenegro<\/a><\/h5>\r\n                                    <\/div>\r\n                                <\/div>\r\n                            <\/div>\r\n                        \r\n                            <!-- News Block Ten -->\r\n                            <div class=\"news-block-ten col-lg-4 col-md-6 col-sm-12\">\r\n                                <div class=\"inner-box wow fadeInRight\" data-wow-delay=\"0ms\" data-wow-duration=\"1500ms\">\r\n                                    <div class=\"image\">\r\n                                        <a href=\"https:\/\/ntpark.me\/en\/news\/startap-zivotni-ciklus-kroz-globalnu-perspektivu-radionica-sa-uc-berkeley-strucnjakom\/\"><img loading=\"lazy\" decoding=\"async\" width=\"940\" height=\"788\" src=\"https:\/\/ntpark.me\/wp-content\/uploads\/2025\/05\/Najava-predavaca-Facebook-Post-1.png\" class=\"attachment-full size-full\" alt=\"\" srcset=\"https:\/\/ntpark.me\/wp-content\/uploads\/2025\/05\/Najava-predavaca-Facebook-Post-1.png 940w, https:\/\/ntpark.me\/wp-content\/uploads\/2025\/05\/Najava-predavaca-Facebook-Post-1-300x251.png 300w, https:\/\/ntpark.me\/wp-content\/uploads\/2025\/05\/Najava-predavaca-Facebook-Post-1-768x644.png 768w, https:\/\/ntpark.me\/wp-content\/uploads\/2025\/05\/Najava-predavaca-Facebook-Post-1-60x51.png 60w\" sizes=\"(max-width: 940px) 100vw, 940px\" \/><\/a>\r\n                                    <\/div>\r\n                                    <div class=\"lower-content\">\r\n                                        <ul class=\"post-meta\">\r\n                                            <li><span class=\"icon fal fa-user-alt\"><\/span>editor<\/li>\r\n                                            <li><span class=\"icon fal fa-calendar-alt\"><\/span>May 26, 2025<\/li>\r\n                                        <\/ul>\r\n                                        <h5><a href=\"https:\/\/ntpark.me\/en\/news\/startap-zivotni-ciklus-kroz-globalnu-perspektivu-radionica-sa-uc-berkeley-strucnjakom\/\">Startup life cycle from a global perspective \u2013 Workshop with UC Berkeley Expert<\/a><\/h5>\r\n                                    <\/div>\r\n                                <\/div>\r\n                            <\/div>\r\n                        \r\n                            <!-- News Block Ten -->\r\n                            <div class=\"news-block-ten col-lg-4 col-md-6 col-sm-12\">\r\n                                <div class=\"inner-box wow fadeInRight\" data-wow-delay=\"0ms\" data-wow-duration=\"1500ms\">\r\n                                    <div class=\"image\">\r\n                                        <a href=\"https:\/\/ntpark.me\/en\/news\/regionalno-partnerstvo-za-buducnost-inovacija\/\"><img loading=\"lazy\" decoding=\"async\" width=\"1600\" height=\"900\" src=\"https:\/\/ntpark.me\/wp-content\/uploads\/2025\/05\/Image_20250526_144538_095.jpeg\" class=\"attachment-full size-full\" alt=\"\" srcset=\"https:\/\/ntpark.me\/wp-content\/uploads\/2025\/05\/Image_20250526_144538_095.jpeg 1600w, https:\/\/ntpark.me\/wp-content\/uploads\/2025\/05\/Image_20250526_144538_095-300x169.jpeg 300w, https:\/\/ntpark.me\/wp-content\/uploads\/2025\/05\/Image_20250526_144538_095-1024x576.jpeg 1024w, https:\/\/ntpark.me\/wp-content\/uploads\/2025\/05\/Image_20250526_144538_095-768x432.jpeg 768w, https:\/\/ntpark.me\/wp-content\/uploads\/2025\/05\/Image_20250526_144538_095-1536x864.jpeg 1536w\" sizes=\"(max-width: 1600px) 100vw, 1600px\" \/><\/a>\r\n                                    <\/div>\r\n                                    <div class=\"lower-content\">\r\n                                        <ul class=\"post-meta\">\r\n                                            <li><span class=\"icon fal fa-user-alt\"><\/span>editor<\/li>\r\n                                            <li><span class=\"icon fal fa-calendar-alt\"><\/span>May 26, 2025<\/li>\r\n                                        <\/ul>\r\n                                        <h5><a href=\"https:\/\/ntpark.me\/en\/news\/regionalno-partnerstvo-za-buducnost-inovacija\/\">Regional partnership for the future of innovation<\/a><\/h5>\r\n                                    <\/div>\r\n                                <\/div>\r\n                            <\/div>\r\n                        \r\n                            <!-- News Block Ten -->\r\n                            <div class=\"news-block-ten col-lg-4 col-md-6 col-sm-12\">\r\n                                <div class=\"inner-box wow fadeInRight\" data-wow-delay=\"0ms\" data-wow-duration=\"1500ms\">\r\n                                    <div class=\"image\">\r\n                                        <a href=\"https:\/\/ntpark.me\/en\/news\/policy-answers-workshop-on-technology-oriented-research-infrastructures-opportunities-for-the-western-balkans\/\"><img loading=\"lazy\" decoding=\"async\" width=\"2560\" height=\"1436\" src=\"https:\/\/ntpark.me\/wp-content\/uploads\/2025\/05\/Photo-0P3A3453-scaled.jpg\" class=\"attachment-full size-full\" alt=\"\" srcset=\"https:\/\/ntpark.me\/wp-content\/uploads\/2025\/05\/Photo-0P3A3453-scaled.jpg 2560w, https:\/\/ntpark.me\/wp-content\/uploads\/2025\/05\/Photo-0P3A3453-300x168.jpg 300w, https:\/\/ntpark.me\/wp-content\/uploads\/2025\/05\/Photo-0P3A3453-1024x574.jpg 1024w, https:\/\/ntpark.me\/wp-content\/uploads\/2025\/05\/Photo-0P3A3453-768x431.jpg 768w, https:\/\/ntpark.me\/wp-content\/uploads\/2025\/05\/Photo-0P3A3453-1536x862.jpg 1536w, https:\/\/ntpark.me\/wp-content\/uploads\/2025\/05\/Photo-0P3A3453-2048x1149.jpg 2048w\" sizes=\"(max-width: 2560px) 100vw, 2560px\" \/><\/a>\r\n                                    <\/div>\r\n                                    <div class=\"lower-content\">\r\n                                        <ul class=\"post-meta\">\r\n                                            <li><span class=\"icon fal fa-user-alt\"><\/span>milica.bozovic<\/li>\r\n                                            <li><span class=\"icon fal fa-calendar-alt\"><\/span>May 20, 2025<\/li>\r\n                                        <\/ul>\r\n                                        <h5><a href=\"https:\/\/ntpark.me\/en\/news\/policy-answers-workshop-on-technology-oriented-research-infrastructures-opportunities-for-the-western-balkans\/\">POLICY ANSWERS Workshop on Technology-Oriented Research Infrastructures: Opportunities for the Western Balkans<\/a><\/h5>\r\n                                    <\/div>\r\n                                <\/div>\r\n                            <\/div>\r\n                        \r\n                            <!-- News Block Ten -->\r\n                            <div class=\"news-block-ten col-lg-4 col-md-6 col-sm-12\">\r\n                                <div class=\"inner-box wow fadeInRight\" data-wow-delay=\"0ms\" data-wow-duration=\"1500ms\">\r\n                                    <div class=\"image\">\r\n                                        <a href=\"https:\/\/ntpark.me\/en\/news\/it-advanced-services-postaje-30-clan-naucno-tehnoloskog-parka-crne-gore\/\"><img loading=\"lazy\" decoding=\"async\" width=\"2560\" height=\"1877\" src=\"https:\/\/ntpark.me\/wp-content\/uploads\/2025\/05\/it-advance-scaled.jpeg\" class=\"attachment-full size-full\" alt=\"\" srcset=\"https:\/\/ntpark.me\/wp-content\/uploads\/2025\/05\/it-advance-scaled.jpeg 2560w, https:\/\/ntpark.me\/wp-content\/uploads\/2025\/05\/it-advance-300x220.jpeg 300w, https:\/\/ntpark.me\/wp-content\/uploads\/2025\/05\/it-advance-1024x751.jpeg 1024w, https:\/\/ntpark.me\/wp-content\/uploads\/2025\/05\/it-advance-768x563.jpeg 768w, https:\/\/ntpark.me\/wp-content\/uploads\/2025\/05\/it-advance-1536x1126.jpeg 1536w, https:\/\/ntpark.me\/wp-content\/uploads\/2025\/05\/it-advance-2048x1502.jpeg 2048w\" sizes=\"(max-width: 2560px) 100vw, 2560px\" \/><\/a>\r\n                                    <\/div>\r\n                                    <div class=\"lower-content\">\r\n                                        <ul class=\"post-meta\">\r\n                                            <li><span class=\"icon fal fa-user-alt\"><\/span>editor<\/li>\r\n                                            <li><span class=\"icon fal fa-calendar-alt\"><\/span>May 19, 2025<\/li>\r\n                                        <\/ul>\r\n                                        <h5><a href=\"https:\/\/ntpark.me\/en\/news\/it-advanced-services-postaje-30-clan-naucno-tehnoloskog-parka-crne-gore\/\">IT ADVANCED SERVICES becomes the 30th member of the Science and technology park of Montenegro<\/a><\/h5>\r\n                                    <\/div>\r\n                                <\/div>\r\n                            <\/div>\r\n                        \r\n                            <!-- News Block Ten -->\r\n                            <div class=\"news-block-ten col-lg-4 col-md-6 col-sm-12\">\r\n                                <div class=\"inner-box wow fadeInRight\" data-wow-delay=\"0ms\" data-wow-duration=\"1500ms\">\r\n                                    <div class=\"image\">\r\n                                        <a href=\"https:\/\/ntpark.me\/en\/news\/endcode-doo-novi-stanar-naucno-tehnoloskog-parka-crne-gore\/\"><img loading=\"lazy\" decoding=\"async\" width=\"2560\" height=\"2003\" src=\"https:\/\/ntpark.me\/wp-content\/uploads\/2025\/05\/encode-scaled.jpeg\" class=\"attachment-full size-full\" alt=\"\" srcset=\"https:\/\/ntpark.me\/wp-content\/uploads\/2025\/05\/encode-scaled.jpeg 2560w, https:\/\/ntpark.me\/wp-content\/uploads\/2025\/05\/encode-300x235.jpeg 300w, https:\/\/ntpark.me\/wp-content\/uploads\/2025\/05\/encode-1024x801.jpeg 1024w, https:\/\/ntpark.me\/wp-content\/uploads\/2025\/05\/encode-768x601.jpeg 768w, https:\/\/ntpark.me\/wp-content\/uploads\/2025\/05\/encode-1536x1202.jpeg 1536w, https:\/\/ntpark.me\/wp-content\/uploads\/2025\/05\/encode-2048x1602.jpeg 2048w\" sizes=\"(max-width: 2560px) 100vw, 2560px\" \/><\/a>\r\n                                    <\/div>\r\n                                    <div class=\"lower-content\">\r\n                                        <ul class=\"post-meta\">\r\n                                            <li><span class=\"icon fal fa-user-alt\"><\/span>editor<\/li>\r\n                                            <li><span class=\"icon fal fa-calendar-alt\"><\/span>May 19, 2025<\/li>\r\n                                        <\/ul>\r\n                                        <h5><a href=\"https:\/\/ntpark.me\/en\/news\/endcode-doo-novi-stanar-naucno-tehnoloskog-parka-crne-gore\/\">ENDCODE DOO becomes a new resident of the Science and technology park of Montenegro.<\/a><\/h5>\r\n                                    <\/div>\r\n                                <\/div>\r\n                            <\/div>\r\n                        \r\n                            <!-- News Block Ten -->\r\n                            <div class=\"news-block-ten col-lg-4 col-md-6 col-sm-12\">\r\n                                <div class=\"inner-box wow fadeInRight\" data-wow-delay=\"0ms\" data-wow-duration=\"1500ms\">\r\n                                    <div class=\"image\">\r\n                                        <a href=\"https:\/\/ntpark.me\/en\/news\/befi-labs-novi-virtuelni-stanar-naucno-tehnoloskog-parka-crne-gore\/\"><img loading=\"lazy\" decoding=\"async\" width=\"2560\" height=\"1736\" src=\"https:\/\/ntpark.me\/wp-content\/uploads\/2025\/05\/image0-2-scaled.jpeg\" class=\"attachment-full size-full\" alt=\"\" srcset=\"https:\/\/ntpark.me\/wp-content\/uploads\/2025\/05\/image0-2-scaled.jpeg 2560w, https:\/\/ntpark.me\/wp-content\/uploads\/2025\/05\/image0-2-300x203.jpeg 300w, https:\/\/ntpark.me\/wp-content\/uploads\/2025\/05\/image0-2-1024x694.jpeg 1024w, https:\/\/ntpark.me\/wp-content\/uploads\/2025\/05\/image0-2-768x521.jpeg 768w, https:\/\/ntpark.me\/wp-content\/uploads\/2025\/05\/image0-2-1536x1042.jpeg 1536w, https:\/\/ntpark.me\/wp-content\/uploads\/2025\/05\/image0-2-2048x1389.jpeg 2048w\" sizes=\"(max-width: 2560px) 100vw, 2560px\" \/><\/a>\r\n                                    <\/div>\r\n                                    <div class=\"lower-content\">\r\n                                        <ul class=\"post-meta\">\r\n                                            <li><span class=\"icon fal fa-user-alt\"><\/span>editor<\/li>\r\n                                            <li><span class=\"icon fal fa-calendar-alt\"><\/span>May 16, 2025<\/li>\r\n                                        <\/ul>\r\n                                        <h5><a href=\"https:\/\/ntpark.me\/en\/news\/befi-labs-novi-virtuelni-stanar-naucno-tehnoloskog-parka-crne-gore\/\">BeFi Labs becomes the new virtual resident of the Science and technology park of Montenegro<\/a><\/h5>\r\n                                    <\/div>\r\n                                <\/div>\r\n                            <\/div>\r\n                        \r\n                            <!-- News Block Ten -->\r\n                            <div class=\"news-block-ten col-lg-4 col-md-6 col-sm-12\">\r\n                                <div class=\"inner-box wow fadeInRight\" data-wow-delay=\"0ms\" data-wow-duration=\"1500ms\">\r\n                                    <div class=\"image\">\r\n                                        <a href=\"https:\/\/ntpark.me\/en\/news\/odrzan-business-intelligence-day-fokus-na-vjestacku-inteligenciju-i-inovacije\/\"><img loading=\"lazy\" decoding=\"async\" width=\"595\" height=\"326\" src=\"https:\/\/ntpark.me\/wp-content\/uploads\/2025\/05\/DSC_0100-min.jpeg\" class=\"attachment-full size-full\" alt=\"\" srcset=\"https:\/\/ntpark.me\/wp-content\/uploads\/2025\/05\/DSC_0100-min.jpeg 595w, https:\/\/ntpark.me\/wp-content\/uploads\/2025\/05\/DSC_0100-min-300x164.jpeg 300w\" sizes=\"(max-width: 595px) 100vw, 595px\" \/><\/a>\r\n                                    <\/div>\r\n                                    <div class=\"lower-content\">\r\n                                        <ul class=\"post-meta\">\r\n                                            <li><span class=\"icon fal fa-user-alt\"><\/span>editor<\/li>\r\n                                            <li><span class=\"icon fal fa-calendar-alt\"><\/span>May 16, 2025<\/li>\r\n                                        <\/ul>\r\n                                        <h5><a href=\"https:\/\/ntpark.me\/en\/news\/odrzan-business-intelligence-day-fokus-na-vjestacku-inteligenciju-i-inovacije\/\">Business Intelligence Day held: Focus on artificial intelligence and Innovation<\/a><\/h5>\r\n                                    <\/div>\r\n                                <\/div>\r\n                            <\/div>\r\n                        \r\n                            <!-- News Block Ten -->\r\n                            <div class=\"news-block-ten col-lg-4 col-md-6 col-sm-12\">\r\n                                <div class=\"inner-box wow fadeInRight\" data-wow-delay=\"0ms\" data-wow-duration=\"1500ms\">\r\n                                    <div class=\"image\">\r\n                                        <a href=\"https:\/\/ntpark.me\/en\/news\/ntp-cg-na-eusair-youth-popri-2025-takmicenju-u-okviru-10-eusair-foruma-u-grckoj\/\"><img loading=\"lazy\" decoding=\"async\" width=\"1536\" height=\"1164\" src=\"https:\/\/ntpark.me\/wp-content\/uploads\/2025\/05\/viber_slika_2025-05-15_15-10-00-918-1.jpg\" class=\"attachment-full size-full\" alt=\"\" srcset=\"https:\/\/ntpark.me\/wp-content\/uploads\/2025\/05\/viber_slika_2025-05-15_15-10-00-918-1.jpg 1536w, https:\/\/ntpark.me\/wp-content\/uploads\/2025\/05\/viber_slika_2025-05-15_15-10-00-918-1-300x227.jpg 300w, https:\/\/ntpark.me\/wp-content\/uploads\/2025\/05\/viber_slika_2025-05-15_15-10-00-918-1-1024x776.jpg 1024w, https:\/\/ntpark.me\/wp-content\/uploads\/2025\/05\/viber_slika_2025-05-15_15-10-00-918-1-768x582.jpg 768w\" sizes=\"(max-width: 1536px) 100vw, 1536px\" \/><\/a>\r\n                                    <\/div>\r\n                                    <div class=\"lower-content\">\r\n                                        <ul class=\"post-meta\">\r\n                                            <li><span class=\"icon fal fa-user-alt\"><\/span>editor<\/li>\r\n                                            <li><span class=\"icon fal fa-calendar-alt\"><\/span>May 15, 2025<\/li>\r\n                                        <\/ul>\r\n                                        <h5><a href=\"https:\/\/ntpark.me\/en\/news\/ntp-cg-na-eusair-youth-popri-2025-takmicenju-u-okviru-10-eusair-foruma-u-grckoj\/\">STP Montenegro at the Eusair Youth POPRI 2025 competition within the 10th EUSAIR Forum in Greece<\/a><\/h5>\r\n                                    <\/div>\r\n                                <\/div>\r\n                            <\/div>\r\n                        \r\n                            <!-- News Block Ten -->\r\n                            <div class=\"news-block-ten col-lg-4 col-md-6 col-sm-12\">\r\n                                <div class=\"inner-box wow fadeInRight\" data-wow-delay=\"0ms\" data-wow-duration=\"1500ms\">\r\n                                    <div class=\"image\">\r\n                                        <a href=\"https:\/\/ntpark.me\/en\/news\/predstavljen-prvi-izvjestaj-o-stanju-vjestacke-inteligencije-u-crnoj-gori-ntp-cg-kao-domacin-i-aktivni-akter-u-buducem-razvoju\/\"><img loading=\"lazy\" decoding=\"async\" width=\"2000\" height=\"1331\" src=\"https:\/\/ntpark.me\/wp-content\/uploads\/2025\/05\/13.5.jpg\" class=\"attachment-full size-full\" alt=\"\" srcset=\"https:\/\/ntpark.me\/wp-content\/uploads\/2025\/05\/13.5.jpg 2000w, https:\/\/ntpark.me\/wp-content\/uploads\/2025\/05\/13.5-300x200.jpg 300w, https:\/\/ntpark.me\/wp-content\/uploads\/2025\/05\/13.5-1024x681.jpg 1024w, https:\/\/ntpark.me\/wp-content\/uploads\/2025\/05\/13.5-768x511.jpg 768w, https:\/\/ntpark.me\/wp-content\/uploads\/2025\/05\/13.5-1536x1022.jpg 1536w, https:\/\/ntpark.me\/wp-content\/uploads\/2025\/05\/13.5-200x132.jpg 200w\" sizes=\"(max-width: 2000px) 100vw, 2000px\" \/><\/a>\r\n                                    <\/div>\r\n                                    <div class=\"lower-content\">\r\n                                        <ul class=\"post-meta\">\r\n                                            <li><span class=\"icon fal fa-user-alt\"><\/span>editor<\/li>\r\n                                            <li><span class=\"icon fal fa-calendar-alt\"><\/span>May 13, 2025<\/li>\r\n                                        <\/ul>\r\n                                        <h5><a href=\"https:\/\/ntpark.me\/en\/news\/predstavljen-prvi-izvjestaj-o-stanju-vjestacke-inteligencije-u-crnoj-gori-ntp-cg-kao-domacin-i-aktivni-akter-u-buducem-razvoju\/\">The first report on the State of artificial Intelligence in Montenegro \u2013 STP Montenegro as host and active player in future development<\/a><\/h5>\r\n                                    <\/div>\r\n                                <\/div>\r\n                            <\/div>\r\n                        \r\n                            <!-- News Block Ten -->\r\n                            <div class=\"news-block-ten col-lg-4 col-md-6 col-sm-12\">\r\n                                <div class=\"inner-box wow fadeInRight\" data-wow-delay=\"0ms\" data-wow-duration=\"1500ms\">\r\n                                    <div class=\"image\">\r\n                                        <a href=\"https:\/\/ntpark.me\/en\/news\/lorasi-novi-stanar-naucno-tehnoloskog-parka-crne-gore\/\"><img loading=\"lazy\" decoding=\"async\" width=\"2560\" height=\"2310\" src=\"https:\/\/ntpark.me\/wp-content\/uploads\/2025\/05\/lorasi-scaled.jpeg\" class=\"attachment-full size-full\" alt=\"\" srcset=\"https:\/\/ntpark.me\/wp-content\/uploads\/2025\/05\/lorasi-scaled.jpeg 2560w, https:\/\/ntpark.me\/wp-content\/uploads\/2025\/05\/lorasi-300x271.jpeg 300w, https:\/\/ntpark.me\/wp-content\/uploads\/2025\/05\/lorasi-1024x924.jpeg 1024w, https:\/\/ntpark.me\/wp-content\/uploads\/2025\/05\/lorasi-768x693.jpeg 768w, https:\/\/ntpark.me\/wp-content\/uploads\/2025\/05\/lorasi-1536x1386.jpeg 1536w, https:\/\/ntpark.me\/wp-content\/uploads\/2025\/05\/lorasi-2048x1848.jpeg 2048w\" sizes=\"(max-width: 2560px) 100vw, 2560px\" \/><\/a>\r\n                                    <\/div>\r\n                                    <div class=\"lower-content\">\r\n                                        <ul class=\"post-meta\">\r\n                                            <li><span class=\"icon fal fa-user-alt\"><\/span>editor<\/li>\r\n                                            <li><span class=\"icon fal fa-calendar-alt\"><\/span>May 09, 2025<\/li>\r\n                                        <\/ul>\r\n                                        <h5><a href=\"https:\/\/ntpark.me\/en\/news\/lorasi-novi-stanar-naucno-tehnoloskog-parka-crne-gore\/\">Lorasi \u2013 The new tenant of the Science and technology park of Montenegro<\/a><\/h5>\r\n                                    <\/div>\r\n                                <\/div>\r\n                            <\/div>\r\n                        \r\n                            <!-- News Block Ten -->\r\n                            <div class=\"news-block-ten col-lg-4 col-md-6 col-sm-12\">\r\n                                <div class=\"inner-box wow fadeInRight\" data-wow-delay=\"0ms\" data-wow-duration=\"1500ms\">\r\n                                    <div class=\"image\">\r\n                                        <a href=\"https:\/\/ntpark.me\/en\/news\/ntp-crne-gore-i-ambasada-slovenije-obiljezili-svjetski-dan-pcela\/\"><img loading=\"lazy\" decoding=\"async\" width=\"900\" height=\"712\" src=\"https:\/\/ntpark.me\/wp-content\/uploads\/2025\/05\/89.5.jpg\" class=\"attachment-full size-full\" alt=\"\" srcset=\"https:\/\/ntpark.me\/wp-content\/uploads\/2025\/05\/89.5.jpg 900w, https:\/\/ntpark.me\/wp-content\/uploads\/2025\/05\/89.5-300x237.jpg 300w, https:\/\/ntpark.me\/wp-content\/uploads\/2025\/05\/89.5-768x608.jpg 768w\" sizes=\"(max-width: 900px) 100vw, 900px\" \/><\/a>\r\n                                    <\/div>\r\n                                    <div class=\"lower-content\">\r\n                                        <ul class=\"post-meta\">\r\n                                            <li><span class=\"icon fal fa-user-alt\"><\/span>editor<\/li>\r\n                                            <li><span class=\"icon fal fa-calendar-alt\"><\/span>May 09, 2025<\/li>\r\n                                        <\/ul>\r\n                                        <h5><a href=\"https:\/\/ntpark.me\/en\/news\/ntp-crne-gore-i-ambasada-slovenije-obiljezili-svjetski-dan-pcela\/\">The Science and technology park of Montenegro and the Embassy of Slovenia marked World Bee day<\/a><\/h5>\r\n                                    <\/div>\r\n                                <\/div>\r\n                            <\/div>\r\n                        \r\n                            <!-- News Block Ten -->\r\n                            <div class=\"news-block-ten col-lg-4 col-md-6 col-sm-12\">\r\n                                <div class=\"inner-box wow fadeInRight\" data-wow-delay=\"0ms\" data-wow-duration=\"1500ms\">\r\n                                    <div class=\"image\">\r\n                                        <a href=\"https:\/\/ntpark.me\/en\/news\/ntp-crne-gore-i-five-grupa-partnerstvo-za-buducnost-tehnologije\/\"><img loading=\"lazy\" decoding=\"async\" width=\"2268\" height=\"2437\" src=\"https:\/\/ntpark.me\/wp-content\/uploads\/2025\/05\/five-gggg-vanja.jpg\" class=\"attachment-full size-full\" alt=\"\" srcset=\"https:\/\/ntpark.me\/wp-content\/uploads\/2025\/05\/five-gggg-vanja.jpg 2268w, https:\/\/ntpark.me\/wp-content\/uploads\/2025\/05\/five-gggg-vanja-279x300.jpg 279w, https:\/\/ntpark.me\/wp-content\/uploads\/2025\/05\/five-gggg-vanja-953x1024.jpg 953w, https:\/\/ntpark.me\/wp-content\/uploads\/2025\/05\/five-gggg-vanja-768x825.jpg 768w, https:\/\/ntpark.me\/wp-content\/uploads\/2025\/05\/five-gggg-vanja-1429x1536.jpg 1429w, https:\/\/ntpark.me\/wp-content\/uploads\/2025\/05\/five-gggg-vanja-1906x2048.jpg 1906w\" sizes=\"(max-width: 2268px) 100vw, 2268px\" \/><\/a>\r\n                                    <\/div>\r\n                                    <div class=\"lower-content\">\r\n                                        <ul class=\"post-meta\">\r\n                                            <li><span class=\"icon fal fa-user-alt\"><\/span>editor<\/li>\r\n                                            <li><span class=\"icon fal fa-calendar-alt\"><\/span>May 09, 2025<\/li>\r\n                                        <\/ul>\r\n                                        <h5><a href=\"https:\/\/ntpark.me\/en\/news\/ntp-crne-gore-i-five-grupa-partnerstvo-za-buducnost-tehnologije\/\">Montenegro Science and technology park and FIVE Group: A partnership for the future of technology<\/a><\/h5>\r\n                                    <\/div>\r\n                                <\/div>\r\n                            <\/div>\r\n                        \r\n                            <!-- News Block Ten -->\r\n                            <div class=\"news-block-ten col-lg-4 col-md-6 col-sm-12\">\r\n                                <div class=\"inner-box wow fadeInRight\" data-wow-delay=\"0ms\" data-wow-duration=\"1500ms\">\r\n                                    <div class=\"image\">\r\n                                        <a href=\"https:\/\/ntpark.me\/en\/news\/first-line-software-novi-stanar-naucno-tehnoloskog-parka-crne-gore\/\"><img loading=\"lazy\" decoding=\"async\" width=\"2560\" height=\"2409\" src=\"https:\/\/ntpark.me\/wp-content\/uploads\/2025\/05\/8.5-scaled.jpeg\" class=\"attachment-full size-full\" alt=\"\" srcset=\"https:\/\/ntpark.me\/wp-content\/uploads\/2025\/05\/8.5-scaled.jpeg 2560w, https:\/\/ntpark.me\/wp-content\/uploads\/2025\/05\/8.5-300x282.jpeg 300w, https:\/\/ntpark.me\/wp-content\/uploads\/2025\/05\/8.5-1024x964.jpeg 1024w, https:\/\/ntpark.me\/wp-content\/uploads\/2025\/05\/8.5-768x723.jpeg 768w, https:\/\/ntpark.me\/wp-content\/uploads\/2025\/05\/8.5-1536x1446.jpeg 1536w, https:\/\/ntpark.me\/wp-content\/uploads\/2025\/05\/8.5-2048x1928.jpeg 2048w\" sizes=\"(max-width: 2560px) 100vw, 2560px\" \/><\/a>\r\n                                    <\/div>\r\n                                    <div class=\"lower-content\">\r\n                                        <ul class=\"post-meta\">\r\n                                            <li><span class=\"icon fal fa-user-alt\"><\/span>editor<\/li>\r\n                                            <li><span class=\"icon fal fa-calendar-alt\"><\/span>May 08, 2025<\/li>\r\n                                        <\/ul>\r\n                                        <h5><a href=\"https:\/\/ntpark.me\/en\/news\/first-line-software-novi-stanar-naucno-tehnoloskog-parka-crne-gore\/\">First Line Software \u2013 The Newest Resident of the Science and technology park of Montenegro<\/a><\/h5>\r\n                                    <\/div>\r\n                                <\/div>\r\n                            <\/div>\r\n                        \r\n                            <!-- News Block Ten -->\r\n                            <div class=\"news-block-ten col-lg-4 col-md-6 col-sm-12\">\r\n                                <div class=\"inner-box wow fadeInRight\" data-wow-delay=\"0ms\" data-wow-duration=\"1500ms\">\r\n                                    <div class=\"image\">\r\n                                        <a href=\"https:\/\/ntpark.me\/en\/news\/ntp-cg-na-business-ai-forumu-oebs-a\/\"><img loading=\"lazy\" decoding=\"async\" width=\"1024\" height=\"683\" src=\"https:\/\/ntpark.me\/wp-content\/uploads\/2025\/05\/7.5.jpg\" class=\"attachment-full size-full\" alt=\"\" srcset=\"https:\/\/ntpark.me\/wp-content\/uploads\/2025\/05\/7.5.jpg 1024w, https:\/\/ntpark.me\/wp-content\/uploads\/2025\/05\/7.5-300x200.jpg 300w, https:\/\/ntpark.me\/wp-content\/uploads\/2025\/05\/7.5-768x512.jpg 768w, https:\/\/ntpark.me\/wp-content\/uploads\/2025\/05\/7.5-200x132.jpg 200w\" sizes=\"(max-width: 1024px) 100vw, 1024px\" \/><\/a>\r\n                                    <\/div>\r\n                                    <div class=\"lower-content\">\r\n                                        <ul class=\"post-meta\">\r\n                                            <li><span class=\"icon fal fa-user-alt\"><\/span>editor<\/li>\r\n                                            <li><span class=\"icon fal fa-calendar-alt\"><\/span>May 07, 2025<\/li>\r\n                                        <\/ul>\r\n                                        <h5><a href=\"https:\/\/ntpark.me\/en\/news\/ntp-cg-na-business-ai-forumu-oebs-a\/\">STP Montenegro at the OSCE Business &#038; AI Forum<\/a><\/h5>\r\n                                    <\/div>\r\n                                <\/div>\r\n                            <\/div>\r\n                        \r\n                            <!-- News Block Ten -->\r\n                            <div class=\"news-block-ten col-lg-4 col-md-6 col-sm-12\">\r\n                                <div class=\"inner-box wow fadeInRight\" data-wow-delay=\"0ms\" data-wow-duration=\"1500ms\">\r\n                                    <div class=\"image\">\r\n                                        <a href=\"https:\/\/ntpark.me\/en\/news\/3d-kranjska-pcela-u-ntp-u-spoj-nauke-tradicije-i-inovacije\/\"><img loading=\"lazy\" decoding=\"async\" width=\"1070\" height=\"1216\" src=\"https:\/\/ntpark.me\/wp-content\/uploads\/2025\/05\/pcela.jpg\" class=\"attachment-full size-full\" alt=\"\" srcset=\"https:\/\/ntpark.me\/wp-content\/uploads\/2025\/05\/pcela.jpg 1070w, https:\/\/ntpark.me\/wp-content\/uploads\/2025\/05\/pcela-264x300.jpg 264w, https:\/\/ntpark.me\/wp-content\/uploads\/2025\/05\/pcela-901x1024.jpg 901w, https:\/\/ntpark.me\/wp-content\/uploads\/2025\/05\/pcela-768x873.jpg 768w\" sizes=\"(max-width: 1070px) 100vw, 1070px\" \/><\/a>\r\n                                    <\/div>\r\n                                    <div class=\"lower-content\">\r\n                                        <ul class=\"post-meta\">\r\n                                            <li><span class=\"icon fal fa-user-alt\"><\/span>editor<\/li>\r\n                                            <li><span class=\"icon fal fa-calendar-alt\"><\/span>May 06, 2025<\/li>\r\n                                        <\/ul>\r\n                                        <h5><a href=\"https:\/\/ntpark.me\/en\/news\/3d-kranjska-pcela-u-ntp-u-spoj-nauke-tradicije-i-inovacije\/\">3D Carniolan bee at the Science and technology Park: A fusion of Science, tradition, and innovation<\/a><\/h5>\r\n                                    <\/div>\r\n                                <\/div>\r\n                            <\/div>\r\n                        \r\n                            <!-- News Block Ten -->\r\n                            <div class=\"news-block-ten col-lg-4 col-md-6 col-sm-12\">\r\n                                <div class=\"inner-box wow fadeInRight\" data-wow-delay=\"0ms\" data-wow-duration=\"1500ms\">\r\n                                    <div class=\"image\">\r\n                                        <a href=\"https:\/\/ntpark.me\/en\/news\/javni-poziv-za-ucesce-na-obuci-za-pripremu-i-podnosenje-predloga-projekata-u-okviru-programa-horizont-evropa\/\"><img loading=\"lazy\" decoding=\"async\" width=\"940\" height=\"788\" src=\"https:\/\/ntpark.me\/wp-content\/uploads\/2025\/05\/Vizual-Obuka-za-pripremu-i-podnosenje-predloga-projekata-u-okviru-programa-Horizont-Evropa.jpg\" class=\"attachment-full size-full\" alt=\"\" srcset=\"https:\/\/ntpark.me\/wp-content\/uploads\/2025\/05\/Vizual-Obuka-za-pripremu-i-podnosenje-predloga-projekata-u-okviru-programa-Horizont-Evropa.jpg 940w, https:\/\/ntpark.me\/wp-content\/uploads\/2025\/05\/Vizual-Obuka-za-pripremu-i-podnosenje-predloga-projekata-u-okviru-programa-Horizont-Evropa-300x251.jpg 300w, https:\/\/ntpark.me\/wp-content\/uploads\/2025\/05\/Vizual-Obuka-za-pripremu-i-podnosenje-predloga-projekata-u-okviru-programa-Horizont-Evropa-768x644.jpg 768w, https:\/\/ntpark.me\/wp-content\/uploads\/2025\/05\/Vizual-Obuka-za-pripremu-i-podnosenje-predloga-projekata-u-okviru-programa-Horizont-Evropa-60x51.jpg 60w\" sizes=\"(max-width: 940px) 100vw, 940px\" \/><\/a>\r\n                                    <\/div>\r\n                                    <div class=\"lower-content\">\r\n                                        <ul class=\"post-meta\">\r\n                                            <li><span class=\"icon fal fa-user-alt\"><\/span>milica.bozovic<\/li>\r\n                                            <li><span class=\"icon fal fa-calendar-alt\"><\/span>May 05, 2025<\/li>\r\n                                        <\/ul>\r\n                                        <h5><a href=\"https:\/\/ntpark.me\/en\/news\/javni-poziv-za-ucesce-na-obuci-za-pripremu-i-podnosenje-predloga-projekata-u-okviru-programa-horizont-evropa\/\">PUBLIC CALL for participation in the training on preparation and submission of project proposals under the Horizon Europe programme<\/a><\/h5>\r\n                                    <\/div>\r\n                                <\/div>\r\n                            <\/div>\r\n                        \r\n                            <!-- News Block Ten -->\r\n                            <div class=\"news-block-ten col-lg-4 col-md-6 col-sm-12\">\r\n                                <div class=\"inner-box wow fadeInRight\" data-wow-delay=\"0ms\" data-wow-duration=\"1500ms\">\r\n                                    <div class=\"image\">\r\n                                        <a href=\"https:\/\/ntpark.me\/en\/news\/ntp-crne-gore-i-telekom-predstavili-najbrze-mrezne-tehnologije-u-drzavi\/\"><img loading=\"lazy\" decoding=\"async\" width=\"2560\" height=\"1441\" src=\"https:\/\/ntpark.me\/wp-content\/uploads\/2025\/04\/telekom-scaled.jpg\" class=\"attachment-full size-full\" alt=\"\" srcset=\"https:\/\/ntpark.me\/wp-content\/uploads\/2025\/04\/telekom-scaled.jpg 2560w, https:\/\/ntpark.me\/wp-content\/uploads\/2025\/04\/telekom-300x169.jpg 300w, https:\/\/ntpark.me\/wp-content\/uploads\/2025\/04\/telekom-1024x576.jpg 1024w, https:\/\/ntpark.me\/wp-content\/uploads\/2025\/04\/telekom-768x432.jpg 768w, https:\/\/ntpark.me\/wp-content\/uploads\/2025\/04\/telekom-1536x864.jpg 1536w, https:\/\/ntpark.me\/wp-content\/uploads\/2025\/04\/telekom-2048x1153.jpg 2048w\" sizes=\"(max-width: 2560px) 100vw, 2560px\" \/><\/a>\r\n                                    <\/div>\r\n                                    <div class=\"lower-content\">\r\n                                        <ul class=\"post-meta\">\r\n                                            <li><span class=\"icon fal fa-user-alt\"><\/span>editor<\/li>\r\n                                            <li><span class=\"icon fal fa-calendar-alt\"><\/span>Apr 28, 2025<\/li>\r\n                                        <\/ul>\r\n                                        <h5><a href=\"https:\/\/ntpark.me\/en\/news\/ntp-crne-gore-i-telekom-predstavili-najbrze-mrezne-tehnologije-u-drzavi\/\">STP Montenegro and Telekom presented the fastest network technologies in the country<\/a><\/h5>\r\n                                    <\/div>\r\n                                <\/div>\r\n                            <\/div>\r\n                        \r\n                            <!-- News Block Ten -->\r\n                            <div class=\"news-block-ten col-lg-4 col-md-6 col-sm-12\">\r\n                                <div class=\"inner-box wow fadeInRight\" data-wow-delay=\"0ms\" data-wow-duration=\"1500ms\">\r\n                                    <div class=\"image\">\r\n                                        <a href=\"https:\/\/ntpark.me\/en\/news\/naucno-tehnoloski-park-crne-gore-i-privredna-komora-crne-gore-potpisali-sporazum-o-saradnji\/\"><img loading=\"lazy\" decoding=\"async\" width=\"945\" height=\"631\" src=\"https:\/\/ntpark.me\/wp-content\/uploads\/2025\/04\/pkcg.jpg\" class=\"attachment-full size-full\" alt=\"\" srcset=\"https:\/\/ntpark.me\/wp-content\/uploads\/2025\/04\/pkcg.jpg 945w, https:\/\/ntpark.me\/wp-content\/uploads\/2025\/04\/pkcg-300x200.jpg 300w, https:\/\/ntpark.me\/wp-content\/uploads\/2025\/04\/pkcg-768x513.jpg 768w\" sizes=\"(max-width: 945px) 100vw, 945px\" \/><\/a>\r\n                                    <\/div>\r\n                                    <div class=\"lower-content\">\r\n                                        <ul class=\"post-meta\">\r\n                                            <li><span class=\"icon fal fa-user-alt\"><\/span>editor<\/li>\r\n                                            <li><span class=\"icon fal fa-calendar-alt\"><\/span>Apr 28, 2025<\/li>\r\n                                        <\/ul>\r\n                                        <h5><a href=\"https:\/\/ntpark.me\/en\/news\/naucno-tehnoloski-park-crne-gore-i-privredna-komora-crne-gore-potpisali-sporazum-o-saradnji\/\">The Science and Technology Park of Montenegro and the Chamber of Economy of Montenegro sign a Cooperation Agreement<\/a><\/h5>\r\n                                    <\/div>\r\n                                <\/div>\r\n                            <\/div>\r\n                        \r\n                            <!-- News Block Ten -->\r\n                            <div class=\"news-block-ten col-lg-4 col-md-6 col-sm-12\">\r\n                                <div class=\"inner-box wow fadeInRight\" data-wow-delay=\"0ms\" data-wow-duration=\"1500ms\">\r\n                                    <div class=\"image\">\r\n                                        <a href=\"https:\/\/ntpark.me\/en\/news\/od-ideje-do-zastite-inovacije-kao-sinergija-znanja-saradnje-i-podrske\/\"><img loading=\"lazy\" decoding=\"async\" width=\"2560\" height=\"1064\" src=\"https:\/\/ntpark.me\/wp-content\/uploads\/2025\/04\/25.04-scaled.jpg\" class=\"attachment-full size-full\" alt=\"\" srcset=\"https:\/\/ntpark.me\/wp-content\/uploads\/2025\/04\/25.04-scaled.jpg 2560w, https:\/\/ntpark.me\/wp-content\/uploads\/2025\/04\/25.04-300x125.jpg 300w, https:\/\/ntpark.me\/wp-content\/uploads\/2025\/04\/25.04-1024x426.jpg 1024w, https:\/\/ntpark.me\/wp-content\/uploads\/2025\/04\/25.04-768x319.jpg 768w, https:\/\/ntpark.me\/wp-content\/uploads\/2025\/04\/25.04-1536x638.jpg 1536w, https:\/\/ntpark.me\/wp-content\/uploads\/2025\/04\/25.04-2048x851.jpg 2048w, https:\/\/ntpark.me\/wp-content\/uploads\/2025\/04\/25.04-572x237.jpg 572w\" sizes=\"(max-width: 2560px) 100vw, 2560px\" \/><\/a>\r\n                                    <\/div>\r\n                                    <div class=\"lower-content\">\r\n                                        <ul class=\"post-meta\">\r\n                                            <li><span class=\"icon fal fa-user-alt\"><\/span>editor<\/li>\r\n                                            <li><span class=\"icon fal fa-calendar-alt\"><\/span>Apr 25, 2025<\/li>\r\n                                        <\/ul>\r\n                                        <h5><a href=\"https:\/\/ntpark.me\/en\/news\/od-ideje-do-zastite-inovacije-kao-sinergija-znanja-saradnje-i-podrske\/\">&#8220;From Idea to protection \u2013 Innovations as a synergy of knowledge, collaboration, and support&#8221;<\/a><\/h5>\r\n                                    <\/div>\r\n                                <\/div>\r\n                            <\/div>\r\n                        \r\n                            <!-- News Block Ten -->\r\n                            <div class=\"news-block-ten col-lg-4 col-md-6 col-sm-12\">\r\n                                <div class=\"inner-box wow fadeInRight\" data-wow-delay=\"0ms\" data-wow-duration=\"1500ms\">\r\n                                    <div class=\"image\">\r\n                                        <a href=\"https:\/\/ntpark.me\/en\/news\/snaga-znanja-i-maste-djevojcice-u-ict-u-u-ntp-crne-gore\/\"><img loading=\"lazy\" decoding=\"async\" width=\"2560\" height=\"1429\" src=\"https:\/\/ntpark.me\/wp-content\/uploads\/2025\/04\/24.4-scaled.jpg\" class=\"attachment-full size-full\" alt=\"\" srcset=\"https:\/\/ntpark.me\/wp-content\/uploads\/2025\/04\/24.4-scaled.jpg 2560w, https:\/\/ntpark.me\/wp-content\/uploads\/2025\/04\/24.4-300x167.jpg 300w, https:\/\/ntpark.me\/wp-content\/uploads\/2025\/04\/24.4-1024x572.jpg 1024w, https:\/\/ntpark.me\/wp-content\/uploads\/2025\/04\/24.4-768x429.jpg 768w, https:\/\/ntpark.me\/wp-content\/uploads\/2025\/04\/24.4-1536x858.jpg 1536w, https:\/\/ntpark.me\/wp-content\/uploads\/2025\/04\/24.4-2048x1143.jpg 2048w\" sizes=\"(max-width: 2560px) 100vw, 2560px\" \/><\/a>\r\n                                    <\/div>\r\n                                    <div class=\"lower-content\">\r\n                                        <ul class=\"post-meta\">\r\n                                            <li><span class=\"icon fal fa-user-alt\"><\/span>editor<\/li>\r\n                                            <li><span class=\"icon fal fa-calendar-alt\"><\/span>Apr 25, 2025<\/li>\r\n                                        <\/ul>\r\n                                        <h5><a href=\"https:\/\/ntpark.me\/en\/news\/snaga-znanja-i-maste-djevojcice-u-ict-u-u-ntp-crne-gore\/\">The Power of knowledge and imagination: Girls in ICT at the Science and technology park of Montenegro<\/a><\/h5>\r\n                                    <\/div>\r\n                                <\/div>\r\n                            <\/div>\r\n                        \r\n                            <!-- News Block Ten -->\r\n                            <div class=\"news-block-ten col-lg-4 col-md-6 col-sm-12\">\r\n                                <div class=\"inner-box wow fadeInRight\" data-wow-delay=\"0ms\" data-wow-duration=\"1500ms\">\r\n                                    <div class=\"image\">\r\n                                        <a href=\"https:\/\/ntpark.me\/en\/news\/medunarodni-dan-intelektualne-svojine\/\"><img loading=\"lazy\" decoding=\"async\" width=\"1280\" height=\"1600\" src=\"https:\/\/ntpark.me\/wp-content\/uploads\/2025\/04\/sajtt.jpg\" class=\"attachment-full size-full\" alt=\"\" srcset=\"https:\/\/ntpark.me\/wp-content\/uploads\/2025\/04\/sajtt.jpg 1280w, https:\/\/ntpark.me\/wp-content\/uploads\/2025\/04\/sajtt-240x300.jpg 240w, https:\/\/ntpark.me\/wp-content\/uploads\/2025\/04\/sajtt-819x1024.jpg 819w, https:\/\/ntpark.me\/wp-content\/uploads\/2025\/04\/sajtt-768x960.jpg 768w, https:\/\/ntpark.me\/wp-content\/uploads\/2025\/04\/sajtt-1229x1536.jpg 1229w\" sizes=\"(max-width: 1280px) 100vw, 1280px\" \/><\/a>\r\n                                    <\/div>\r\n                                    <div class=\"lower-content\">\r\n                                        <ul class=\"post-meta\">\r\n                                            <li><span class=\"icon fal fa-user-alt\"><\/span>editor<\/li>\r\n                                            <li><span class=\"icon fal fa-calendar-alt\"><\/span>Apr 17, 2025<\/li>\r\n                                        <\/ul>\r\n                                        <h5><a href=\"https:\/\/ntpark.me\/en\/news\/medunarodni-dan-intelektualne-svojine\/\">International intellectual property day<\/a><\/h5>\r\n                                    <\/div>\r\n                                <\/div>\r\n                            <\/div>\r\n                        \r\n                            <!-- News Block Ten -->\r\n                            <div class=\"news-block-ten col-lg-4 col-md-6 col-sm-12\">\r\n                                <div class=\"inner-box wow fadeInRight\" data-wow-delay=\"0ms\" data-wow-duration=\"1500ms\">\r\n                                    <div class=\"image\">\r\n                                        <a href=\"https:\/\/ntpark.me\/en\/news\/uspjesno-realizovana-obuka-za-razvoj-odrzive-poljoprivrede-i-prehrambenog-lanca-vrijednosti-u-crnoj-gori\/\"><img loading=\"lazy\" decoding=\"async\" width=\"2000\" height=\"1333\" src=\"https:\/\/ntpark.me\/wp-content\/uploads\/2025\/04\/SL__0527-2.jpg\" class=\"attachment-full size-full\" alt=\"\" srcset=\"https:\/\/ntpark.me\/wp-content\/uploads\/2025\/04\/SL__0527-2.jpg 2000w, https:\/\/ntpark.me\/wp-content\/uploads\/2025\/04\/SL__0527-2-300x200.jpg 300w, https:\/\/ntpark.me\/wp-content\/uploads\/2025\/04\/SL__0527-2-1024x682.jpg 1024w, https:\/\/ntpark.me\/wp-content\/uploads\/2025\/04\/SL__0527-2-768x512.jpg 768w, https:\/\/ntpark.me\/wp-content\/uploads\/2025\/04\/SL__0527-2-1536x1024.jpg 1536w, https:\/\/ntpark.me\/wp-content\/uploads\/2025\/04\/SL__0527-2-200x132.jpg 200w\" sizes=\"(max-width: 2000px) 100vw, 2000px\" \/><\/a>\r\n                                    <\/div>\r\n                                    <div class=\"lower-content\">\r\n                                        <ul class=\"post-meta\">\r\n                                            <li><span class=\"icon fal fa-user-alt\"><\/span>milica.bozovic<\/li>\r\n                                            <li><span class=\"icon fal fa-calendar-alt\"><\/span>Apr 15, 2025<\/li>\r\n                                        <\/ul>\r\n                                        <h5><a href=\"https:\/\/ntpark.me\/en\/news\/uspjesno-realizovana-obuka-za-razvoj-odrzive-poljoprivrede-i-prehrambenog-lanca-vrijednosti-u-crnoj-gori\/\">Successfully conducted trainings to support the development of sustainable agriculture and the food value chain in Montenegro<\/a><\/h5>\r\n                                    <\/div>\r\n                                <\/div>\r\n                            <\/div>\r\n                        \r\n                            <!-- News Block Ten -->\r\n                            <div class=\"news-block-ten col-lg-4 col-md-6 col-sm-12\">\r\n                                <div class=\"inner-box wow fadeInRight\" data-wow-delay=\"0ms\" data-wow-duration=\"1500ms\">\r\n                                    <div class=\"image\">\r\n                                        <a href=\"https:\/\/ntpark.me\/en\/news\/kgc-inovacije-koje-pokrecu-poslovanje-sada-u-ntp-u-crne-gore\/\"><img loading=\"lazy\" decoding=\"async\" width=\"2402\" height=\"2560\" src=\"https:\/\/ntpark.me\/wp-content\/uploads\/2025\/04\/9.4-scaled.jpeg\" class=\"attachment-full size-full\" alt=\"\" srcset=\"https:\/\/ntpark.me\/wp-content\/uploads\/2025\/04\/9.4-scaled.jpeg 2402w, https:\/\/ntpark.me\/wp-content\/uploads\/2025\/04\/9.4-281x300.jpeg 281w, https:\/\/ntpark.me\/wp-content\/uploads\/2025\/04\/9.4-961x1024.jpeg 961w, https:\/\/ntpark.me\/wp-content\/uploads\/2025\/04\/9.4-768x819.jpeg 768w, https:\/\/ntpark.me\/wp-content\/uploads\/2025\/04\/9.4-1441x1536.jpeg 1441w, https:\/\/ntpark.me\/wp-content\/uploads\/2025\/04\/9.4-1922x2048.jpeg 1922w\" sizes=\"(max-width: 2402px) 100vw, 2402px\" \/><\/a>\r\n                                    <\/div>\r\n                                    <div class=\"lower-content\">\r\n                                        <ul class=\"post-meta\">\r\n                                            <li><span class=\"icon fal fa-user-alt\"><\/span>editor<\/li>\r\n                                            <li><span class=\"icon fal fa-calendar-alt\"><\/span>Apr 09, 2025<\/li>\r\n                                        <\/ul>\r\n                                        <h5><a href=\"https:\/\/ntpark.me\/en\/news\/kgc-inovacije-koje-pokrecu-poslovanje-sada-u-ntp-u-crne-gore\/\">KGC \u2013 Innovations that drive business, now at the Science and technology park of Montenegro<\/a><\/h5>\r\n                                    <\/div>\r\n                                <\/div>\r\n                            <\/div>\r\n                        \r\n                            <!-- News Block Ten -->\r\n                            <div class=\"news-block-ten col-lg-4 col-md-6 col-sm-12\">\r\n                                <div class=\"inner-box wow fadeInRight\" data-wow-delay=\"0ms\" data-wow-duration=\"1500ms\">\r\n                                    <div class=\"image\">\r\n                                        <a href=\"https:\/\/ntpark.me\/en\/news\/montenegro-pitching-competition-2025-inovacije-koje-oblikuju-buducnost\/\"><img loading=\"lazy\" decoding=\"async\" width=\"2560\" height=\"1441\" src=\"https:\/\/ntpark.me\/wp-content\/uploads\/2025\/04\/7.04-scaled.jpg\" class=\"attachment-full size-full\" alt=\"\" srcset=\"https:\/\/ntpark.me\/wp-content\/uploads\/2025\/04\/7.04-scaled.jpg 2560w, https:\/\/ntpark.me\/wp-content\/uploads\/2025\/04\/7.04-300x169.jpg 300w, https:\/\/ntpark.me\/wp-content\/uploads\/2025\/04\/7.04-1024x576.jpg 1024w, https:\/\/ntpark.me\/wp-content\/uploads\/2025\/04\/7.04-768x432.jpg 768w, https:\/\/ntpark.me\/wp-content\/uploads\/2025\/04\/7.04-1536x864.jpg 1536w, https:\/\/ntpark.me\/wp-content\/uploads\/2025\/04\/7.04-2048x1153.jpg 2048w\" sizes=\"(max-width: 2560px) 100vw, 2560px\" \/><\/a>\r\n                                    <\/div>\r\n                                    <div class=\"lower-content\">\r\n                                        <ul class=\"post-meta\">\r\n                                            <li><span class=\"icon fal fa-user-alt\"><\/span>editor<\/li>\r\n                                            <li><span class=\"icon fal fa-calendar-alt\"><\/span>Apr 07, 2025<\/li>\r\n                                        <\/ul>\r\n                                        <h5><a href=\"https:\/\/ntpark.me\/en\/news\/montenegro-pitching-competition-2025-inovacije-koje-oblikuju-buducnost\/\">Montenegro Pitching Competition 2025: Innovations shaping the future<\/a><\/h5>\r\n                                    <\/div>\r\n                                <\/div>\r\n                            <\/div>\r\n                        \r\n                            <!-- News Block Ten -->\r\n                            <div class=\"news-block-ten col-lg-4 col-md-6 col-sm-12\">\r\n                                <div class=\"inner-box wow fadeInRight\" data-wow-delay=\"0ms\" data-wow-duration=\"1500ms\">\r\n                                    <div class=\"image\">\r\n                                        <a href=\"https:\/\/ntpark.me\/en\/news\/policy-answers-radionica-o-tehnoloski-orijentisanim-istrazivackim-infrastrukturama-mogucnosti-za-zapadni-balkan\/\"><img loading=\"lazy\" decoding=\"async\" width=\"898\" height=\"470\" src=\"https:\/\/ntpark.me\/wp-content\/uploads\/2025\/04\/Workshop_13may_v4.jpg\" class=\"attachment-full size-full\" alt=\"\" srcset=\"https:\/\/ntpark.me\/wp-content\/uploads\/2025\/04\/Workshop_13may_v4.jpg 898w, https:\/\/ntpark.me\/wp-content\/uploads\/2025\/04\/Workshop_13may_v4-300x157.jpg 300w, https:\/\/ntpark.me\/wp-content\/uploads\/2025\/04\/Workshop_13may_v4-768x402.jpg 768w\" sizes=\"(max-width: 898px) 100vw, 898px\" \/><\/a>\r\n                                    <\/div>\r\n                                    <div class=\"lower-content\">\r\n                                        <ul class=\"post-meta\">\r\n                                            <li><span class=\"icon fal fa-user-alt\"><\/span>milica.bozovic<\/li>\r\n                                            <li><span class=\"icon fal fa-calendar-alt\"><\/span>Apr 04, 2025<\/li>\r\n                                        <\/ul>\r\n                                        <h5><a href=\"https:\/\/ntpark.me\/en\/news\/policy-answers-radionica-o-tehnoloski-orijentisanim-istrazivackim-infrastrukturama-mogucnosti-za-zapadni-balkan\/\">POLICY ANSWERS workshop on technology-oriented research infrastructures: Opportunities for the Western Balkans<\/a><\/h5>\r\n                                    <\/div>\r\n                                <\/div>\r\n                            <\/div>\r\n                        \r\n                            <!-- News Block Ten -->\r\n                            <div class=\"news-block-ten col-lg-4 col-md-6 col-sm-12\">\r\n                                <div class=\"inner-box wow fadeInRight\" data-wow-delay=\"0ms\" data-wow-duration=\"1500ms\">\r\n                                    <div class=\"image\">\r\n                                        <a href=\"https:\/\/ntpark.me\/en\/news\/novi-stanar-u-ntp-zajednici-nu-energy-gradi-buducnost-zelene-energije-iz-srca-crne-gore\/\"><img loading=\"lazy\" decoding=\"async\" width=\"1354\" height=\"959\" src=\"https:\/\/ntpark.me\/wp-content\/uploads\/2025\/04\/4.3.jpeg\" class=\"attachment-full size-full\" alt=\"\" srcset=\"https:\/\/ntpark.me\/wp-content\/uploads\/2025\/04\/4.3.jpeg 1354w, https:\/\/ntpark.me\/wp-content\/uploads\/2025\/04\/4.3-300x212.jpeg 300w, https:\/\/ntpark.me\/wp-content\/uploads\/2025\/04\/4.3-1024x725.jpeg 1024w, https:\/\/ntpark.me\/wp-content\/uploads\/2025\/04\/4.3-768x544.jpeg 768w\" sizes=\"(max-width: 1354px) 100vw, 1354px\" \/><\/a>\r\n                                    <\/div>\r\n                                    <div class=\"lower-content\">\r\n                                        <ul class=\"post-meta\">\r\n                                            <li><span class=\"icon fal fa-user-alt\"><\/span>editor<\/li>\r\n                                            <li><span class=\"icon fal fa-calendar-alt\"><\/span>Apr 04, 2025<\/li>\r\n                                        <\/ul>\r\n                                        <h5><a href=\"https:\/\/ntpark.me\/en\/news\/novi-stanar-u-ntp-zajednici-nu-energy-gradi-buducnost-zelene-energije-iz-srca-crne-gore\/\">New resident in the STP Community: Nu Energy is building the future of green energy from the heart of Montenegro<\/a><\/h5>\r\n                                    <\/div>\r\n                                <\/div>\r\n                            <\/div>\r\n                        \r\n                            <!-- News Block Ten -->\r\n                            <div class=\"news-block-ten col-lg-4 col-md-6 col-sm-12\">\r\n                                <div class=\"inner-box wow fadeInRight\" data-wow-delay=\"0ms\" data-wow-duration=\"1500ms\">\r\n                                    <div class=\"image\">\r\n                                        <a href=\"https:\/\/ntpark.me\/en\/news\/dan-otvorenih-vrata-ntp-a-gradimo-zajednicu-inovatora\/\"><img loading=\"lazy\" decoding=\"async\" width=\"1600\" height=\"900\" src=\"https:\/\/ntpark.me\/wp-content\/uploads\/2025\/04\/vvv.jpeg\" class=\"attachment-full size-full\" alt=\"\" srcset=\"https:\/\/ntpark.me\/wp-content\/uploads\/2025\/04\/vvv.jpeg 1600w, https:\/\/ntpark.me\/wp-content\/uploads\/2025\/04\/vvv-300x169.jpeg 300w, https:\/\/ntpark.me\/wp-content\/uploads\/2025\/04\/vvv-1024x576.jpeg 1024w, https:\/\/ntpark.me\/wp-content\/uploads\/2025\/04\/vvv-768x432.jpeg 768w, https:\/\/ntpark.me\/wp-content\/uploads\/2025\/04\/vvv-1536x864.jpeg 1536w\" sizes=\"(max-width: 1600px) 100vw, 1600px\" \/><\/a>\r\n                                    <\/div>\r\n                                    <div class=\"lower-content\">\r\n                                        <ul class=\"post-meta\">\r\n                                            <li><span class=\"icon fal fa-user-alt\"><\/span>editor<\/li>\r\n                                            <li><span class=\"icon fal fa-calendar-alt\"><\/span>Apr 04, 2025<\/li>\r\n                                        <\/ul>\r\n                                        <h5><a href=\"https:\/\/ntpark.me\/en\/news\/dan-otvorenih-vrata-ntp-a-gradimo-zajednicu-inovatora\/\">Open day at STP \u2013 Building an Innovators&#8217; community<\/a><\/h5>\r\n                                    <\/div>\r\n                                <\/div>\r\n                            <\/div>\r\n                        \r\n                            <!-- News Block Ten -->\r\n                            <div class=\"news-block-ten col-lg-4 col-md-6 col-sm-12\">\r\n                                <div class=\"inner-box wow fadeInRight\" data-wow-delay=\"0ms\" data-wow-duration=\"1500ms\">\r\n                                    <div class=\"image\">\r\n                                        <a href=\"https:\/\/ntpark.me\/en\/news\/presjek-stanja-dvije-uspjesno-zavrsene-obuke-za-odrzivu-poljoprivredu-u-crnoj-gori\/\"><img loading=\"lazy\" decoding=\"async\" width=\"2000\" height=\"1333\" src=\"https:\/\/ntpark.me\/wp-content\/uploads\/2025\/04\/Niksic-Obuka.jpg\" class=\"attachment-full size-full\" alt=\"\" srcset=\"https:\/\/ntpark.me\/wp-content\/uploads\/2025\/04\/Niksic-Obuka.jpg 2000w, https:\/\/ntpark.me\/wp-content\/uploads\/2025\/04\/Niksic-Obuka-300x200.jpg 300w, https:\/\/ntpark.me\/wp-content\/uploads\/2025\/04\/Niksic-Obuka-1024x682.jpg 1024w, https:\/\/ntpark.me\/wp-content\/uploads\/2025\/04\/Niksic-Obuka-768x512.jpg 768w, https:\/\/ntpark.me\/wp-content\/uploads\/2025\/04\/Niksic-Obuka-1536x1024.jpg 1536w, https:\/\/ntpark.me\/wp-content\/uploads\/2025\/04\/Niksic-Obuka-200x132.jpg 200w\" sizes=\"(max-width: 2000px) 100vw, 2000px\" \/><\/a>\r\n                                    <\/div>\r\n                                    <div class=\"lower-content\">\r\n                                        <ul class=\"post-meta\">\r\n                                            <li><span class=\"icon fal fa-user-alt\"><\/span>milica.bozovic<\/li>\r\n                                            <li><span class=\"icon fal fa-calendar-alt\"><\/span>Apr 02, 2025<\/li>\r\n                                        <\/ul>\r\n                                        <h5><a href=\"https:\/\/ntpark.me\/en\/news\/presjek-stanja-dvije-uspjesno-zavrsene-obuke-za-odrzivu-poljoprivredu-u-crnoj-gori\/\">Status update: Two successfully completed training sessions on sustainable agriculture in Montenegro<\/a><\/h5>\r\n                                    <\/div>\r\n                                <\/div>\r\n                            <\/div>\r\n                        \r\n                            <!-- News Block Ten -->\r\n                            <div class=\"news-block-ten col-lg-4 col-md-6 col-sm-12\">\r\n                                <div class=\"inner-box wow fadeInRight\" data-wow-delay=\"0ms\" data-wow-duration=\"1500ms\">\r\n                                    <div class=\"image\">\r\n                                        <a href=\"https:\/\/ntpark.me\/en\/news\/prijava-za-meetup-innoshe-snaga-zena-u-inovacijama\/\"><img loading=\"lazy\" decoding=\"async\" width=\"1080\" height=\"1080\" src=\"https:\/\/ntpark.me\/wp-content\/uploads\/2025\/03\/tematske-radionice-1.png\" class=\"attachment-full size-full\" alt=\"\" srcset=\"https:\/\/ntpark.me\/wp-content\/uploads\/2025\/03\/tematske-radionice-1.png 1080w, https:\/\/ntpark.me\/wp-content\/uploads\/2025\/03\/tematske-radionice-1-300x300.png 300w, https:\/\/ntpark.me\/wp-content\/uploads\/2025\/03\/tematske-radionice-1-1024x1024.png 1024w, https:\/\/ntpark.me\/wp-content\/uploads\/2025\/03\/tematske-radionice-1-150x150.png 150w, https:\/\/ntpark.me\/wp-content\/uploads\/2025\/03\/tematske-radionice-1-768x768.png 768w, https:\/\/ntpark.me\/wp-content\/uploads\/2025\/03\/tematske-radionice-1-74x73.png 74w, https:\/\/ntpark.me\/wp-content\/uploads\/2025\/03\/tematske-radionice-1-400x400.png 400w\" sizes=\"(max-width: 1080px) 100vw, 1080px\" \/><\/a>\r\n                                    <\/div>\r\n                                    <div class=\"lower-content\">\r\n                                        <ul class=\"post-meta\">\r\n                                            <li><span class=\"icon fal fa-user-alt\"><\/span>editor<\/li>\r\n                                            <li><span class=\"icon fal fa-calendar-alt\"><\/span>Mar 28, 2025<\/li>\r\n                                        <\/ul>\r\n                                        <h5><a href=\"https:\/\/ntpark.me\/en\/news\/prijava-za-meetup-innoshe-snaga-zena-u-inovacijama\/\">Registration for MeetUp: InnoShe \u2013 The power of women in nnovation<\/a><\/h5>\r\n                                    <\/div>\r\n                                <\/div>\r\n                            <\/div>\r\n                        \r\n                            <!-- News Block Ten -->\r\n                            <div class=\"news-block-ten col-lg-4 col-md-6 col-sm-12\">\r\n                                <div class=\"inner-box wow fadeInRight\" data-wow-delay=\"0ms\" data-wow-duration=\"1500ms\">\r\n                                    <div class=\"image\">\r\n                                        <a href=\"https:\/\/ntpark.me\/en\/news\/ntp-crne-gore-na-sastanku-ci-hub-projekta-razvoj-alata-za-cirkularnu-ekonomiju\/\"><img loading=\"lazy\" decoding=\"async\" width=\"1500\" height=\"1469\" src=\"https:\/\/ntpark.me\/wp-content\/uploads\/2025\/03\/CIHub1.jpg\" class=\"attachment-full size-full\" alt=\"\" srcset=\"https:\/\/ntpark.me\/wp-content\/uploads\/2025\/03\/CIHub1.jpg 1500w, https:\/\/ntpark.me\/wp-content\/uploads\/2025\/03\/CIHub1-300x294.jpg 300w, https:\/\/ntpark.me\/wp-content\/uploads\/2025\/03\/CIHub1-1024x1003.jpg 1024w, https:\/\/ntpark.me\/wp-content\/uploads\/2025\/03\/CIHub1-768x752.jpg 768w, https:\/\/ntpark.me\/wp-content\/uploads\/2025\/03\/CIHub1-74x73.jpg 74w\" sizes=\"(max-width: 1500px) 100vw, 1500px\" \/><\/a>\r\n                                    <\/div>\r\n                                    <div class=\"lower-content\">\r\n                                        <ul class=\"post-meta\">\r\n                                            <li><span class=\"icon fal fa-user-alt\"><\/span>editor<\/li>\r\n                                            <li><span class=\"icon fal fa-calendar-alt\"><\/span>Mar 28, 2025<\/li>\r\n                                        <\/ul>\r\n                                        <h5><a href=\"https:\/\/ntpark.me\/en\/news\/ntp-crne-gore-na-sastanku-ci-hub-projekta-razvoj-alata-za-cirkularnu-ekonomiju\/\">Montenegro Science and technology park at the CI-HUB project meeting: Development of circular economy tools<\/a><\/h5>\r\n                                    <\/div>\r\n                                <\/div>\r\n                            <\/div>\r\n                        \r\n                            <!-- News Block Ten -->\r\n                            <div class=\"news-block-ten col-lg-4 col-md-6 col-sm-12\">\r\n                                <div class=\"inner-box wow fadeInRight\" data-wow-delay=\"0ms\" data-wow-duration=\"1500ms\">\r\n                                    <div class=\"image\">\r\n                                        <a href=\"https:\/\/ntpark.me\/en\/news\/dan-otvorenih-vrata-naucno-tehnoloskog-parka-crne-gore\/\"><img loading=\"lazy\" decoding=\"async\" width=\"1080\" height=\"1080\" src=\"https:\/\/ntpark.me\/wp-content\/uploads\/2025\/03\/Dan-otvorenih-dana.png\" class=\"attachment-full size-full\" alt=\"\" srcset=\"https:\/\/ntpark.me\/wp-content\/uploads\/2025\/03\/Dan-otvorenih-dana.png 1080w, https:\/\/ntpark.me\/wp-content\/uploads\/2025\/03\/Dan-otvorenih-dana-300x300.png 300w, https:\/\/ntpark.me\/wp-content\/uploads\/2025\/03\/Dan-otvorenih-dana-1024x1024.png 1024w, https:\/\/ntpark.me\/wp-content\/uploads\/2025\/03\/Dan-otvorenih-dana-150x150.png 150w, https:\/\/ntpark.me\/wp-content\/uploads\/2025\/03\/Dan-otvorenih-dana-768x768.png 768w, https:\/\/ntpark.me\/wp-content\/uploads\/2025\/03\/Dan-otvorenih-dana-74x73.png 74w, https:\/\/ntpark.me\/wp-content\/uploads\/2025\/03\/Dan-otvorenih-dana-400x400.png 400w\" sizes=\"(max-width: 1080px) 100vw, 1080px\" \/><\/a>\r\n                                    <\/div>\r\n                                    <div class=\"lower-content\">\r\n                                        <ul class=\"post-meta\">\r\n                                            <li><span class=\"icon fal fa-user-alt\"><\/span>editor<\/li>\r\n                                            <li><span class=\"icon fal fa-calendar-alt\"><\/span>Mar 27, 2025<\/li>\r\n                                        <\/ul>\r\n                                        <h5><a href=\"https:\/\/ntpark.me\/en\/news\/dan-otvorenih-vrata-naucno-tehnoloskog-parka-crne-gore\/\">Open day of the Science and technology park of Montenegro<\/a><\/h5>\r\n                                    <\/div>\r\n                                <\/div>\r\n                            <\/div>\r\n                        \r\n                            <!-- News Block Ten -->\r\n                            <div class=\"news-block-ten col-lg-4 col-md-6 col-sm-12\">\r\n                                <div class=\"inner-box wow fadeInRight\" data-wow-delay=\"0ms\" data-wow-duration=\"1500ms\">\r\n                                    <div class=\"image\">\r\n                                        <a href=\"https:\/\/ntpark.me\/en\/news\/eit-otvoreni-dan-otkrijte-mogucnosti-inovacija-kroz-eit-infrabooster-u-ntp-crne-gore\/\"><img loading=\"lazy\" decoding=\"async\" width=\"2560\" height=\"1441\" src=\"https:\/\/ntpark.me\/wp-content\/uploads\/2025\/03\/eit-scaled.jpg\" class=\"attachment-full size-full\" alt=\"\" srcset=\"https:\/\/ntpark.me\/wp-content\/uploads\/2025\/03\/eit-scaled.jpg 2560w, https:\/\/ntpark.me\/wp-content\/uploads\/2025\/03\/eit-300x169.jpg 300w, https:\/\/ntpark.me\/wp-content\/uploads\/2025\/03\/eit-1024x576.jpg 1024w, https:\/\/ntpark.me\/wp-content\/uploads\/2025\/03\/eit-768x432.jpg 768w, https:\/\/ntpark.me\/wp-content\/uploads\/2025\/03\/eit-1536x864.jpg 1536w, https:\/\/ntpark.me\/wp-content\/uploads\/2025\/03\/eit-2048x1153.jpg 2048w\" sizes=\"(max-width: 2560px) 100vw, 2560px\" \/><\/a>\r\n                                    <\/div>\r\n                                    <div class=\"lower-content\">\r\n                                        <ul class=\"post-meta\">\r\n                                            <li><span class=\"icon fal fa-user-alt\"><\/span>editor<\/li>\r\n                                            <li><span class=\"icon fal fa-calendar-alt\"><\/span>Mar 27, 2025<\/li>\r\n                                        <\/ul>\r\n                                        <h5><a href=\"https:\/\/ntpark.me\/en\/news\/eit-otvoreni-dan-otkrijte-mogucnosti-inovacija-kroz-eit-infrabooster-u-ntp-crne-gore\/\">EIT Open day: Discover innovation opportunities through EIT Infrabooster at the Science and technology park of Montenegro<\/a><\/h5>\r\n                                    <\/div>\r\n                                <\/div>\r\n                            <\/div>\r\n                        \r\n                            <!-- News Block Ten -->\r\n                            <div class=\"news-block-ten col-lg-4 col-md-6 col-sm-12\">\r\n                                <div class=\"inner-box wow fadeInRight\" data-wow-delay=\"0ms\" data-wow-duration=\"1500ms\">\r\n                                    <div class=\"image\">\r\n                                        <a href=\"https:\/\/ntpark.me\/en\/news\/ntp-cg-ucestvovao-na-partnerskom-sastanku-abba-projekta\/\"><img loading=\"lazy\" decoding=\"async\" width=\"2560\" height=\"1920\" src=\"https:\/\/ntpark.me\/wp-content\/uploads\/2025\/03\/abba-scaled.jpg\" class=\"attachment-full size-full\" alt=\"\" srcset=\"https:\/\/ntpark.me\/wp-content\/uploads\/2025\/03\/abba-scaled.jpg 2560w, https:\/\/ntpark.me\/wp-content\/uploads\/2025\/03\/abba-300x225.jpg 300w, https:\/\/ntpark.me\/wp-content\/uploads\/2025\/03\/abba-1024x768.jpg 1024w, https:\/\/ntpark.me\/wp-content\/uploads\/2025\/03\/abba-768x576.jpg 768w, https:\/\/ntpark.me\/wp-content\/uploads\/2025\/03\/abba-1536x1152.jpg 1536w, https:\/\/ntpark.me\/wp-content\/uploads\/2025\/03\/abba-2048x1536.jpg 2048w\" sizes=\"(max-width: 2560px) 100vw, 2560px\" \/><\/a>\r\n                                    <\/div>\r\n                                    <div class=\"lower-content\">\r\n                                        <ul class=\"post-meta\">\r\n                                            <li><span class=\"icon fal fa-user-alt\"><\/span>editor<\/li>\r\n                                            <li><span class=\"icon fal fa-calendar-alt\"><\/span>Mar 27, 2025<\/li>\r\n                                        <\/ul>\r\n                                        <h5><a href=\"https:\/\/ntpark.me\/en\/news\/ntp-cg-ucestvovao-na-partnerskom-sastanku-abba-projekta\/\">\u00a0STP Montenegro participated in the partner meeting of the ABBA project<\/a><\/h5>\r\n                                    <\/div>\r\n                                <\/div>\r\n                            <\/div>\r\n                        \r\n                            <!-- News Block Ten -->\r\n                            <div class=\"news-block-ten col-lg-4 col-md-6 col-sm-12\">\r\n                                <div class=\"inner-box wow fadeInRight\" data-wow-delay=\"0ms\" data-wow-duration=\"1500ms\">\r\n                                    <div class=\"image\">\r\n                                        <a href=\"https:\/\/ntpark.me\/en\/news\/inovacije-pokrecu-buducnost-zajedno-sa-ebrd-om-gradimo-snazniji-inovativni-ekosistem-crne-gore\/\"><img loading=\"lazy\" decoding=\"async\" width=\"1000\" height=\"972\" src=\"https:\/\/ntpark.me\/wp-content\/uploads\/2025\/03\/ebrg-prava.webp\" class=\"attachment-full size-full\" alt=\"\" srcset=\"https:\/\/ntpark.me\/wp-content\/uploads\/2025\/03\/ebrg-prava.webp 1000w, https:\/\/ntpark.me\/wp-content\/uploads\/2025\/03\/ebrg-prava-300x292.webp 300w, https:\/\/ntpark.me\/wp-content\/uploads\/2025\/03\/ebrg-prava-768x746.webp 768w, https:\/\/ntpark.me\/wp-content\/uploads\/2025\/03\/ebrg-prava-74x73.webp 74w\" sizes=\"(max-width: 1000px) 100vw, 1000px\" \/><\/a>\r\n                                    <\/div>\r\n                                    <div class=\"lower-content\">\r\n                                        <ul class=\"post-meta\">\r\n                                            <li><span class=\"icon fal fa-user-alt\"><\/span>editor<\/li>\r\n                                            <li><span class=\"icon fal fa-calendar-alt\"><\/span>Mar 27, 2025<\/li>\r\n                                        <\/ul>\r\n                                        <h5><a href=\"https:\/\/ntpark.me\/en\/news\/inovacije-pokrecu-buducnost-zajedno-sa-ebrd-om-gradimo-snazniji-inovativni-ekosistem-crne-gore\/\">Innovation drives the future \u2013 together with the EBRD, we are building a stronger and more vibrant innovation ecosystem in Montenegro<\/a><\/h5>\r\n                                    <\/div>\r\n                                <\/div>\r\n                            <\/div>\r\n                        \r\n                            <!-- News Block Ten -->\r\n                            <div class=\"news-block-ten col-lg-4 col-md-6 col-sm-12\">\r\n                                <div class=\"inner-box wow fadeInRight\" data-wow-delay=\"0ms\" data-wow-duration=\"1500ms\">\r\n                                    <div class=\"image\">\r\n                                        <a href=\"https:\/\/ntpark.me\/en\/news\/poziv-za-ucesce-nagrade-za-istrazivanje-i-inovacije-usmjerene-na-mlade-zapadnog-balkana\/\"><img loading=\"lazy\" decoding=\"async\" width=\"1080\" height=\"1350\" src=\"https:\/\/ntpark.me\/wp-content\/uploads\/2025\/03\/26.3.png\" class=\"attachment-full size-full\" alt=\"\" srcset=\"https:\/\/ntpark.me\/wp-content\/uploads\/2025\/03\/26.3.png 1080w, https:\/\/ntpark.me\/wp-content\/uploads\/2025\/03\/26.3-240x300.png 240w, https:\/\/ntpark.me\/wp-content\/uploads\/2025\/03\/26.3-819x1024.png 819w, https:\/\/ntpark.me\/wp-content\/uploads\/2025\/03\/26.3-768x960.png 768w\" sizes=\"(max-width: 1080px) 100vw, 1080px\" \/><\/a>\r\n                                    <\/div>\r\n                                    <div class=\"lower-content\">\r\n                                        <ul class=\"post-meta\">\r\n                                            <li><span class=\"icon fal fa-user-alt\"><\/span>editor<\/li>\r\n                                            <li><span class=\"icon fal fa-calendar-alt\"><\/span>Mar 26, 2025<\/li>\r\n                                        <\/ul>\r\n                                        <h5><a href=\"https:\/\/ntpark.me\/en\/news\/poziv-za-ucesce-nagrade-za-istrazivanje-i-inovacije-usmjerene-na-mlade-zapadnog-balkana\/\">Call for participation: Awards for youth-oriented research and innovation in the Western Balkans<\/a><\/h5>\r\n                                    <\/div>\r\n                                <\/div>\r\n                            <\/div>\r\n                        \r\n                            <!-- News Block Ten -->\r\n                            <div class=\"news-block-ten col-lg-4 col-md-6 col-sm-12\">\r\n                                <div class=\"inner-box wow fadeInRight\" data-wow-delay=\"0ms\" data-wow-duration=\"1500ms\">\r\n                                    <div class=\"image\">\r\n                                        <a href=\"https:\/\/ntpark.me\/en\/news\/eit-open-day-27-03-2025-u-naucno-tehnoloskom-parku\/\"><img loading=\"lazy\" decoding=\"async\" width=\"1279\" height=\"717\" src=\"https:\/\/ntpark.me\/wp-content\/uploads\/2025\/03\/25.3.png\" class=\"attachment-full size-full\" alt=\"\" srcset=\"https:\/\/ntpark.me\/wp-content\/uploads\/2025\/03\/25.3.png 1279w, https:\/\/ntpark.me\/wp-content\/uploads\/2025\/03\/25.3-300x168.png 300w, https:\/\/ntpark.me\/wp-content\/uploads\/2025\/03\/25.3-1024x574.png 1024w, https:\/\/ntpark.me\/wp-content\/uploads\/2025\/03\/25.3-768x431.png 768w\" sizes=\"(max-width: 1279px) 100vw, 1279px\" \/><\/a>\r\n                                    <\/div>\r\n                                    <div class=\"lower-content\">\r\n                                        <ul class=\"post-meta\">\r\n                                            <li><span class=\"icon fal fa-user-alt\"><\/span>editor<\/li>\r\n                                            <li><span class=\"icon fal fa-calendar-alt\"><\/span>Mar 25, 2025<\/li>\r\n                                        <\/ul>\r\n                                        <h5><a href=\"https:\/\/ntpark.me\/en\/news\/eit-open-day-27-03-2025-u-naucno-tehnoloskom-parku\/\">EIT Open day, March 27, 2025, at the Science and technology park<\/a><\/h5>\r\n                                    <\/div>\r\n                                <\/div>\r\n                            <\/div>\r\n                        \r\n                            <!-- News Block Ten -->\r\n                            <div class=\"news-block-ten col-lg-4 col-md-6 col-sm-12\">\r\n                                <div class=\"inner-box wow fadeInRight\" data-wow-delay=\"0ms\" data-wow-duration=\"1500ms\">\r\n                                    <div class=\"image\">\r\n                                        <a href=\"https:\/\/ntpark.me\/en\/news\/forum-odrzivih-finansija-2025-u-ntp-crne-gore-buducnost-finansija-je-odrziva\/\"><img loading=\"lazy\" decoding=\"async\" width=\"2560\" height=\"1023\" src=\"https:\/\/ntpark.me\/wp-content\/uploads\/2025\/03\/21.03.2025-scaled.jpg\" class=\"attachment-full size-full\" alt=\"\" srcset=\"https:\/\/ntpark.me\/wp-content\/uploads\/2025\/03\/21.03.2025-scaled.jpg 2560w, https:\/\/ntpark.me\/wp-content\/uploads\/2025\/03\/21.03.2025-300x120.jpg 300w, https:\/\/ntpark.me\/wp-content\/uploads\/2025\/03\/21.03.2025-1024x409.jpg 1024w, https:\/\/ntpark.me\/wp-content\/uploads\/2025\/03\/21.03.2025-768x307.jpg 768w, https:\/\/ntpark.me\/wp-content\/uploads\/2025\/03\/21.03.2025-1536x614.jpg 1536w, https:\/\/ntpark.me\/wp-content\/uploads\/2025\/03\/21.03.2025-2048x819.jpg 2048w, https:\/\/ntpark.me\/wp-content\/uploads\/2025\/03\/21.03.2025-570x228.jpg 570w\" sizes=\"(max-width: 2560px) 100vw, 2560px\" \/><\/a>\r\n                                    <\/div>\r\n                                    <div class=\"lower-content\">\r\n                                        <ul class=\"post-meta\">\r\n                                            <li><span class=\"icon fal fa-user-alt\"><\/span>editor<\/li>\r\n                                            <li><span class=\"icon fal fa-calendar-alt\"><\/span>Mar 21, 2025<\/li>\r\n                                        <\/ul>\r\n                                        <h5><a href=\"https:\/\/ntpark.me\/en\/news\/forum-odrzivih-finansija-2025-u-ntp-crne-gore-buducnost-finansija-je-odrziva\/\">Sustainable finance forum 2025 at STP Montenegro \u2013 The Future of finance is sustainable<\/a><\/h5>\r\n                                    <\/div>\r\n                                <\/div>\r\n                            <\/div>\r\n                        \r\n                            <!-- News Block Ten -->\r\n                            <div class=\"news-block-ten col-lg-4 col-md-6 col-sm-12\">\r\n                                <div class=\"inner-box wow fadeInRight\" data-wow-delay=\"0ms\" data-wow-duration=\"1500ms\">\r\n                                    <div class=\"image\">\r\n                                        <a href=\"https:\/\/ntpark.me\/en\/news\/ntp-crne-gore-na-konferenciji-more-znanja\/\"><img loading=\"lazy\" decoding=\"async\" width=\"1600\" height=\"900\" src=\"https:\/\/ntpark.me\/wp-content\/uploads\/2025\/03\/petrovac.jpg\" class=\"attachment-full size-full\" alt=\"\" srcset=\"https:\/\/ntpark.me\/wp-content\/uploads\/2025\/03\/petrovac.jpg 1600w, https:\/\/ntpark.me\/wp-content\/uploads\/2025\/03\/petrovac-300x169.jpg 300w, https:\/\/ntpark.me\/wp-content\/uploads\/2025\/03\/petrovac-1024x576.jpg 1024w, https:\/\/ntpark.me\/wp-content\/uploads\/2025\/03\/petrovac-768x432.jpg 768w, https:\/\/ntpark.me\/wp-content\/uploads\/2025\/03\/petrovac-1536x864.jpg 1536w\" sizes=\"(max-width: 1600px) 100vw, 1600px\" \/><\/a>\r\n                                    <\/div>\r\n                                    <div class=\"lower-content\">\r\n                                        <ul class=\"post-meta\">\r\n                                            <li><span class=\"icon fal fa-user-alt\"><\/span>editor<\/li>\r\n                                            <li><span class=\"icon fal fa-calendar-alt\"><\/span>Mar 21, 2025<\/li>\r\n                                        <\/ul>\r\n                                        <h5><a href=\"https:\/\/ntpark.me\/en\/news\/ntp-crne-gore-na-konferenciji-more-znanja\/\">STP Montenegro at the \u201cSea of Knowledge\u201d conference<\/a><\/h5>\r\n                                    <\/div>\r\n                                <\/div>\r\n                            <\/div>\r\n                        \r\n                            <!-- News Block Ten -->\r\n                            <div class=\"news-block-ten col-lg-4 col-md-6 col-sm-12\">\r\n                                <div class=\"inner-box wow fadeInRight\" data-wow-delay=\"0ms\" data-wow-duration=\"1500ms\">\r\n                                    <div class=\"image\">\r\n                                        <a href=\"https:\/\/ntpark.me\/en\/news\/jacanje-inovacija-kroz-saradnju-posjeta-predstavnika-ambasade-sjedinjenih-americkih-drzava\/\"><img loading=\"lazy\" decoding=\"async\" width=\"2560\" height=\"1902\" src=\"https:\/\/ntpark.me\/wp-content\/uploads\/2025\/03\/20.m-scaled.jpeg\" class=\"attachment-full size-full\" alt=\"\" srcset=\"https:\/\/ntpark.me\/wp-content\/uploads\/2025\/03\/20.m-scaled.jpeg 2560w, https:\/\/ntpark.me\/wp-content\/uploads\/2025\/03\/20.m-300x223.jpeg 300w, https:\/\/ntpark.me\/wp-content\/uploads\/2025\/03\/20.m-1024x761.jpeg 1024w, https:\/\/ntpark.me\/wp-content\/uploads\/2025\/03\/20.m-768x570.jpeg 768w, https:\/\/ntpark.me\/wp-content\/uploads\/2025\/03\/20.m-1536x1141.jpeg 1536w, https:\/\/ntpark.me\/wp-content\/uploads\/2025\/03\/20.m-2048x1521.jpeg 2048w\" sizes=\"(max-width: 2560px) 100vw, 2560px\" \/><\/a>\r\n                                    <\/div>\r\n                                    <div class=\"lower-content\">\r\n                                        <ul class=\"post-meta\">\r\n                                            <li><span class=\"icon fal fa-user-alt\"><\/span>editor<\/li>\r\n                                            <li><span class=\"icon fal fa-calendar-alt\"><\/span>Mar 20, 2025<\/li>\r\n                                        <\/ul>\r\n                                        <h5><a href=\"https:\/\/ntpark.me\/en\/news\/jacanje-inovacija-kroz-saradnju-posjeta-predstavnika-ambasade-sjedinjenih-americkih-drzava\/\">Strengthening innovation through cooperation: Visit of representatives from the U.S. Embassy<\/a><\/h5>\r\n                                    <\/div>\r\n                                <\/div>\r\n                            <\/div>\r\n                        \r\n                            <!-- News Block Ten -->\r\n                            <div class=\"news-block-ten col-lg-4 col-md-6 col-sm-12\">\r\n                                <div class=\"inner-box wow fadeInRight\" data-wow-delay=\"0ms\" data-wow-duration=\"1500ms\">\r\n                                    <div class=\"image\">\r\n                                        <a href=\"https:\/\/ntpark.me\/en\/news\/nastavljamo-sa-jacanjem-inovativne-zajednice-montezuma-novi-virtuelni-stanar-ntp-a\/\"><img loading=\"lazy\" decoding=\"async\" width=\"2560\" height=\"2229\" src=\"https:\/\/ntpark.me\/wp-content\/uploads\/2025\/03\/17.3-scaled.jpeg\" class=\"attachment-full size-full\" alt=\"\" srcset=\"https:\/\/ntpark.me\/wp-content\/uploads\/2025\/03\/17.3-scaled.jpeg 2560w, https:\/\/ntpark.me\/wp-content\/uploads\/2025\/03\/17.3-300x261.jpeg 300w, https:\/\/ntpark.me\/wp-content\/uploads\/2025\/03\/17.3-1024x892.jpeg 1024w, https:\/\/ntpark.me\/wp-content\/uploads\/2025\/03\/17.3-768x669.jpeg 768w, https:\/\/ntpark.me\/wp-content\/uploads\/2025\/03\/17.3-1536x1337.jpeg 1536w, https:\/\/ntpark.me\/wp-content\/uploads\/2025\/03\/17.3-2048x1783.jpeg 2048w, https:\/\/ntpark.me\/wp-content\/uploads\/2025\/03\/17.3-60x51.jpeg 60w\" sizes=\"(max-width: 2560px) 100vw, 2560px\" \/><\/a>\r\n                                    <\/div>\r\n                                    <div class=\"lower-content\">\r\n                                        <ul class=\"post-meta\">\r\n                                            <li><span class=\"icon fal fa-user-alt\"><\/span>editor<\/li>\r\n                                            <li><span class=\"icon fal fa-calendar-alt\"><\/span>Mar 17, 2025<\/li>\r\n                                        <\/ul>\r\n                                        <h5><a href=\"https:\/\/ntpark.me\/en\/news\/nastavljamo-sa-jacanjem-inovativne-zajednice-montezuma-novi-virtuelni-stanar-ntp-a\/\">We continue strengthening the innovative community \u2013 MONTEZUMA, the new virtual resident of STP<\/a><\/h5>\r\n                                    <\/div>\r\n                                <\/div>\r\n                            <\/div>\r\n                        \r\n                            <!-- News Block Ten -->\r\n                            <div class=\"news-block-ten col-lg-4 col-md-6 col-sm-12\">\r\n                                <div class=\"inner-box wow fadeInRight\" data-wow-delay=\"0ms\" data-wow-duration=\"1500ms\">\r\n                                    <div class=\"image\">\r\n                                        <a href=\"https:\/\/ntpark.me\/en\/news\/nvo-centar-za-omladinsku-edukaciju-i-ntp-crne-gore-zajedno-pokrecu-social-impact-award\/\"><img loading=\"lazy\" decoding=\"async\" width=\"2560\" height=\"1946\" src=\"https:\/\/ntpark.me\/wp-content\/uploads\/2025\/03\/14.03-scaled.jpg\" class=\"attachment-full size-full\" alt=\"\" srcset=\"https:\/\/ntpark.me\/wp-content\/uploads\/2025\/03\/14.03-scaled.jpg 2560w, https:\/\/ntpark.me\/wp-content\/uploads\/2025\/03\/14.03-300x228.jpg 300w, https:\/\/ntpark.me\/wp-content\/uploads\/2025\/03\/14.03-1024x779.jpg 1024w, https:\/\/ntpark.me\/wp-content\/uploads\/2025\/03\/14.03-768x584.jpg 768w, https:\/\/ntpark.me\/wp-content\/uploads\/2025\/03\/14.03-1536x1168.jpg 1536w, https:\/\/ntpark.me\/wp-content\/uploads\/2025\/03\/14.03-2048x1557.jpg 2048w\" sizes=\"(max-width: 2560px) 100vw, 2560px\" \/><\/a>\r\n                                    <\/div>\r\n                                    <div class=\"lower-content\">\r\n                                        <ul class=\"post-meta\">\r\n                                            <li><span class=\"icon fal fa-user-alt\"><\/span>editor<\/li>\r\n                                            <li><span class=\"icon fal fa-calendar-alt\"><\/span>Mar 14, 2025<\/li>\r\n                                        <\/ul>\r\n                                        <h5><a href=\"https:\/\/ntpark.me\/en\/news\/nvo-centar-za-omladinsku-edukaciju-i-ntp-crne-gore-zajedno-pokrecu-social-impact-award\/\">The NGO Center for youth education and STP Montenegro are jointly launching the Social Impact Award<\/a><\/h5>\r\n                                    <\/div>\r\n                                <\/div>\r\n                            <\/div>\r\n                        \r\n                            <!-- News Block Ten -->\r\n                            <div class=\"news-block-ten col-lg-4 col-md-6 col-sm-12\">\r\n                                <div class=\"inner-box wow fadeInRight\" data-wow-delay=\"0ms\" data-wow-duration=\"1500ms\">\r\n                                    <div class=\"image\">\r\n                                        <a href=\"https:\/\/ntpark.me\/en\/news\/jacanje-inovacija-i-transfera-tehnologije-ntp-cg-i-ambasada-slovenije\/\"><img loading=\"lazy\" decoding=\"async\" width=\"2560\" height=\"1637\" src=\"https:\/\/ntpark.me\/wp-content\/uploads\/2025\/03\/12.3-scaled.jpeg\" class=\"attachment-full size-full\" alt=\"\" srcset=\"https:\/\/ntpark.me\/wp-content\/uploads\/2025\/03\/12.3-scaled.jpeg 2560w, https:\/\/ntpark.me\/wp-content\/uploads\/2025\/03\/12.3-300x192.jpeg 300w, https:\/\/ntpark.me\/wp-content\/uploads\/2025\/03\/12.3-1024x655.jpeg 1024w, https:\/\/ntpark.me\/wp-content\/uploads\/2025\/03\/12.3-768x491.jpeg 768w, https:\/\/ntpark.me\/wp-content\/uploads\/2025\/03\/12.3-1536x982.jpeg 1536w, https:\/\/ntpark.me\/wp-content\/uploads\/2025\/03\/12.3-2048x1309.jpeg 2048w\" sizes=\"(max-width: 2560px) 100vw, 2560px\" \/><\/a>\r\n                                    <\/div>\r\n                                    <div class=\"lower-content\">\r\n                                        <ul class=\"post-meta\">\r\n                                            <li><span class=\"icon fal fa-user-alt\"><\/span>editor<\/li>\r\n                                            <li><span class=\"icon fal fa-calendar-alt\"><\/span>Mar 12, 2025<\/li>\r\n                                        <\/ul>\r\n                                        <h5><a href=\"https:\/\/ntpark.me\/en\/news\/jacanje-inovacija-i-transfera-tehnologije-ntp-cg-i-ambasada-slovenije\/\">Strengthening Innovation and Technology transfer: STP of Montenegro and the Embassy of Slovenia<\/a><\/h5>\r\n                                    <\/div>\r\n                                <\/div>\r\n                            <\/div>\r\n                        \r\n                            <!-- News Block Ten -->\r\n                            <div class=\"news-block-ten col-lg-4 col-md-6 col-sm-12\">\r\n                                <div class=\"inner-box wow fadeInRight\" data-wow-delay=\"0ms\" data-wow-duration=\"1500ms\">\r\n                                    <div class=\"image\">\r\n                                        <a href=\"https:\/\/ntpark.me\/en\/news\/evropski-program-za-ranu-fazu-razvoja-inovacija-eit-jumpstarter-2025-otvoren-je-za-prijave\/\"><img loading=\"lazy\" decoding=\"async\" width=\"1200\" height=\"627\" src=\"https:\/\/ntpark.me\/wp-content\/uploads\/2025\/03\/Spc-nagrada-Balkan-JS.png\" class=\"attachment-full size-full\" alt=\"\" srcset=\"https:\/\/ntpark.me\/wp-content\/uploads\/2025\/03\/Spc-nagrada-Balkan-JS.png 1200w, https:\/\/ntpark.me\/wp-content\/uploads\/2025\/03\/Spc-nagrada-Balkan-JS-300x157.png 300w, https:\/\/ntpark.me\/wp-content\/uploads\/2025\/03\/Spc-nagrada-Balkan-JS-1024x535.png 1024w, https:\/\/ntpark.me\/wp-content\/uploads\/2025\/03\/Spc-nagrada-Balkan-JS-768x401.png 768w\" sizes=\"(max-width: 1200px) 100vw, 1200px\" \/><\/a>\r\n                                    <\/div>\r\n                                    <div class=\"lower-content\">\r\n                                        <ul class=\"post-meta\">\r\n                                            <li><span class=\"icon fal fa-user-alt\"><\/span>editor<\/li>\r\n                                            <li><span class=\"icon fal fa-calendar-alt\"><\/span>Mar 11, 2025<\/li>\r\n                                        <\/ul>\r\n                                        <h5><a href=\"https:\/\/ntpark.me\/en\/news\/evropski-program-za-ranu-fazu-razvoja-inovacija-eit-jumpstarter-2025-otvoren-je-za-prijave\/\">The European program for early-stage innovation development \u2013 EIT Jumpstarter 2025 is now open for applications<\/a><\/h5>\r\n                                    <\/div>\r\n                                <\/div>\r\n                            <\/div>\r\n                        \r\n                            <!-- News Block Ten -->\r\n                            <div class=\"news-block-ten col-lg-4 col-md-6 col-sm-12\">\r\n                                <div class=\"inner-box wow fadeInRight\" data-wow-delay=\"0ms\" data-wow-duration=\"1500ms\">\r\n                                    <div class=\"image\">\r\n                                        <a href=\"https:\/\/ntpark.me\/en\/news\/naucno-tehnoloski-park-crne-gore-i-balance-to-business-potpisali-memorandum-o-saradnji\/\"><img loading=\"lazy\" decoding=\"async\" width=\"2560\" height=\"2450\" src=\"https:\/\/ntpark.me\/wp-content\/uploads\/2025\/03\/slika-11.03-scaled.jpeg\" class=\"attachment-full size-full\" alt=\"\" srcset=\"https:\/\/ntpark.me\/wp-content\/uploads\/2025\/03\/slika-11.03-scaled.jpeg 2560w, https:\/\/ntpark.me\/wp-content\/uploads\/2025\/03\/slika-11.03-300x287.jpeg 300w, https:\/\/ntpark.me\/wp-content\/uploads\/2025\/03\/slika-11.03-1024x980.jpeg 1024w, https:\/\/ntpark.me\/wp-content\/uploads\/2025\/03\/slika-11.03-768x735.jpeg 768w, https:\/\/ntpark.me\/wp-content\/uploads\/2025\/03\/slika-11.03-1536x1470.jpeg 1536w, https:\/\/ntpark.me\/wp-content\/uploads\/2025\/03\/slika-11.03-2048x1960.jpeg 2048w\" sizes=\"(max-width: 2560px) 100vw, 2560px\" \/><\/a>\r\n                                    <\/div>\r\n                                    <div class=\"lower-content\">\r\n                                        <ul class=\"post-meta\">\r\n                                            <li><span class=\"icon fal fa-user-alt\"><\/span>editor<\/li>\r\n                                            <li><span class=\"icon fal fa-calendar-alt\"><\/span>Mar 11, 2025<\/li>\r\n                                        <\/ul>\r\n                                        <h5><a href=\"https:\/\/ntpark.me\/en\/news\/naucno-tehnoloski-park-crne-gore-i-balance-to-business-potpisali-memorandum-o-saradnji\/\">The Science and technology park of Montenegro and Balance to Business have signed a Memorandum of cooperation<\/a><\/h5>\r\n                                    <\/div>\r\n                                <\/div>\r\n                            <\/div>\r\n                        \r\n                            <!-- News Block Ten -->\r\n                            <div class=\"news-block-ten col-lg-4 col-md-6 col-sm-12\">\r\n                                <div class=\"inner-box wow fadeInRight\" data-wow-delay=\"0ms\" data-wow-duration=\"1500ms\">\r\n                                    <div class=\"image\">\r\n                                        <a href=\"https:\/\/ntpark.me\/en\/news\/abba-projekat-launching-event-i-info-dan\/\"><img loading=\"lazy\" decoding=\"async\" width=\"2560\" height=\"1920\" src=\"https:\/\/ntpark.me\/wp-content\/uploads\/2025\/02\/20250228_104122-scaled.jpg\" class=\"attachment-full size-full\" alt=\"\" srcset=\"https:\/\/ntpark.me\/wp-content\/uploads\/2025\/02\/20250228_104122-scaled.jpg 2560w, https:\/\/ntpark.me\/wp-content\/uploads\/2025\/02\/20250228_104122-300x225.jpg 300w, https:\/\/ntpark.me\/wp-content\/uploads\/2025\/02\/20250228_104122-1024x768.jpg 1024w, https:\/\/ntpark.me\/wp-content\/uploads\/2025\/02\/20250228_104122-768x576.jpg 768w, https:\/\/ntpark.me\/wp-content\/uploads\/2025\/02\/20250228_104122-1536x1152.jpg 1536w, https:\/\/ntpark.me\/wp-content\/uploads\/2025\/02\/20250228_104122-2048x1536.jpg 2048w\" sizes=\"(max-width: 2560px) 100vw, 2560px\" \/><\/a>\r\n                                    <\/div>\r\n                                    <div class=\"lower-content\">\r\n                                        <ul class=\"post-meta\">\r\n                                            <li><span class=\"icon fal fa-user-alt\"><\/span>editor<\/li>\r\n                                            <li><span class=\"icon fal fa-calendar-alt\"><\/span>Feb 28, 2025<\/li>\r\n                                        <\/ul>\r\n                                        <h5><a href=\"https:\/\/ntpark.me\/en\/news\/abba-projekat-launching-event-i-info-dan\/\">ABBA Project &#8211; Launching Event and Info Day<\/a><\/h5>\r\n                                    <\/div>\r\n                                <\/div>\r\n                            <\/div>\r\n                        \r\n                            <!-- News Block Ten -->\r\n                            <div class=\"news-block-ten col-lg-4 col-md-6 col-sm-12\">\r\n                                <div class=\"inner-box wow fadeInRight\" data-wow-delay=\"0ms\" data-wow-duration=\"1500ms\">\r\n                                    <div class=\"image\">\r\n                                        <a href=\"https:\/\/ntpark.me\/en\/news\/uspostavljanje-saradnje-izmedu-naucno-tehnoloskog-parka-crne-gore-i-instituta-za-interdisciplinarne-i-multidisciplinarne-studije-ucg\/\"><img loading=\"lazy\" decoding=\"async\" width=\"2184\" height=\"2560\" src=\"https:\/\/ntpark.me\/wp-content\/uploads\/2025\/02\/26.2-scaled.jpeg\" class=\"attachment-full size-full\" alt=\"\" srcset=\"https:\/\/ntpark.me\/wp-content\/uploads\/2025\/02\/26.2-scaled.jpeg 2184w, https:\/\/ntpark.me\/wp-content\/uploads\/2025\/02\/26.2-256x300.jpeg 256w, https:\/\/ntpark.me\/wp-content\/uploads\/2025\/02\/26.2-874x1024.jpeg 874w, https:\/\/ntpark.me\/wp-content\/uploads\/2025\/02\/26.2-768x900.jpeg 768w, https:\/\/ntpark.me\/wp-content\/uploads\/2025\/02\/26.2-1310x1536.jpeg 1310w, https:\/\/ntpark.me\/wp-content\/uploads\/2025\/02\/26.2-1747x2048.jpeg 1747w, https:\/\/ntpark.me\/wp-content\/uploads\/2025\/02\/26.2-58x68.jpeg 58w\" sizes=\"(max-width: 2184px) 100vw, 2184px\" \/><\/a>\r\n                                    <\/div>\r\n                                    <div class=\"lower-content\">\r\n                                        <ul class=\"post-meta\">\r\n                                            <li><span class=\"icon fal fa-user-alt\"><\/span>editor<\/li>\r\n                                            <li><span class=\"icon fal fa-calendar-alt\"><\/span>Feb 26, 2025<\/li>\r\n                                        <\/ul>\r\n                                        <h5><a href=\"https:\/\/ntpark.me\/en\/news\/uspostavljanje-saradnje-izmedu-naucno-tehnoloskog-parka-crne-gore-i-instituta-za-interdisciplinarne-i-multidisciplinarne-studije-ucg\/\">Establishing cooperation between the Science and technology park of Montenegro and the Institute for interdisciplinary and multidisciplinary studies of the University of Montenegro<\/a><\/h5>\r\n                                    <\/div>\r\n                                <\/div>\r\n                            <\/div>\r\n                        \r\n                            <!-- News Block Ten -->\r\n                            <div class=\"news-block-ten col-lg-4 col-md-6 col-sm-12\">\r\n                                <div class=\"inner-box wow fadeInRight\" data-wow-delay=\"0ms\" data-wow-duration=\"1500ms\">\r\n                                    <div class=\"image\">\r\n                                        <a href=\"https:\/\/ntpark.me\/en\/news\/evropska-komisija-zeli-da-cuje-vase-misljenje\/\"><img loading=\"lazy\" decoding=\"async\" width=\"1700\" height=\"589\" src=\"https:\/\/ntpark.me\/wp-content\/uploads\/2025\/02\/EN-European-Commission.png\" class=\"attachment-full size-full\" alt=\"\" srcset=\"https:\/\/ntpark.me\/wp-content\/uploads\/2025\/02\/EN-European-Commission.png 1700w, https:\/\/ntpark.me\/wp-content\/uploads\/2025\/02\/EN-European-Commission-300x104.png 300w, https:\/\/ntpark.me\/wp-content\/uploads\/2025\/02\/EN-European-Commission-1024x355.png 1024w, https:\/\/ntpark.me\/wp-content\/uploads\/2025\/02\/EN-European-Commission-768x266.png 768w, https:\/\/ntpark.me\/wp-content\/uploads\/2025\/02\/EN-European-Commission-1536x532.png 1536w\" sizes=\"(max-width: 1700px) 100vw, 1700px\" \/><\/a>\r\n                                    <\/div>\r\n                                    <div class=\"lower-content\">\r\n                                        <ul class=\"post-meta\">\r\n                                            <li><span class=\"icon fal fa-user-alt\"><\/span>editor<\/li>\r\n                                            <li><span class=\"icon fal fa-calendar-alt\"><\/span>Feb 26, 2025<\/li>\r\n                                        <\/ul>\r\n                                        <h5><a href=\"https:\/\/ntpark.me\/en\/news\/evropska-komisija-zeli-da-cuje-vase-misljenje\/\">The European Commission wants to hear your opinion<\/a><\/h5>\r\n                                    <\/div>\r\n                                <\/div>\r\n                            <\/div>\r\n                        \r\n                            <!-- News Block Ten -->\r\n                            <div class=\"news-block-ten col-lg-4 col-md-6 col-sm-12\">\r\n                                <div class=\"inner-box wow fadeInRight\" data-wow-delay=\"0ms\" data-wow-duration=\"1500ms\">\r\n                                    <div class=\"image\">\r\n                                        <a href=\"https:\/\/ntpark.me\/en\/news\/pocinje-odrzavanje-eit-otvorenih-dana\/\"><img loading=\"lazy\" decoding=\"async\" width=\"2560\" height=\"1338\" src=\"https:\/\/ntpark.me\/wp-content\/uploads\/2025\/02\/Info-EIT-Open-Day3-1-scaled.jpg\" class=\"attachment-full size-full\" alt=\"\" srcset=\"https:\/\/ntpark.me\/wp-content\/uploads\/2025\/02\/Info-EIT-Open-Day3-1-scaled.jpg 2560w, https:\/\/ntpark.me\/wp-content\/uploads\/2025\/02\/Info-EIT-Open-Day3-1-300x157.jpg 300w, https:\/\/ntpark.me\/wp-content\/uploads\/2025\/02\/Info-EIT-Open-Day3-1-1024x535.jpg 1024w, https:\/\/ntpark.me\/wp-content\/uploads\/2025\/02\/Info-EIT-Open-Day3-1-768x401.jpg 768w, https:\/\/ntpark.me\/wp-content\/uploads\/2025\/02\/Info-EIT-Open-Day3-1-1536x803.jpg 1536w, https:\/\/ntpark.me\/wp-content\/uploads\/2025\/02\/Info-EIT-Open-Day3-1-2048x1070.jpg 2048w\" sizes=\"(max-width: 2560px) 100vw, 2560px\" \/><\/a>\r\n                                    <\/div>\r\n                                    <div class=\"lower-content\">\r\n                                        <ul class=\"post-meta\">\r\n                                            <li><span class=\"icon fal fa-user-alt\"><\/span>editor<\/li>\r\n                                            <li><span class=\"icon fal fa-calendar-alt\"><\/span>Feb 25, 2025<\/li>\r\n                                        <\/ul>\r\n                                        <h5><a href=\"https:\/\/ntpark.me\/en\/news\/pocinje-odrzavanje-eit-otvorenih-dana\/\">The EIT open days are starting<\/a><\/h5>\r\n                                    <\/div>\r\n                                <\/div>\r\n                            <\/div>\r\n                        \r\n                            <!-- News Block Ten -->\r\n                            <div class=\"news-block-ten col-lg-4 col-md-6 col-sm-12\">\r\n                                <div class=\"inner-box wow fadeInRight\" data-wow-delay=\"0ms\" data-wow-duration=\"1500ms\">\r\n                                    <div class=\"image\">\r\n                                        <a href=\"https:\/\/ntpark.me\/en\/news\/jacanje-saradnje-izmedu-naucno-tehnoloskog-parka-crne-gore-i-ekonomskog-fakulteta-univerziteta-crne-gore\/\"><img loading=\"lazy\" decoding=\"async\" width=\"2370\" height=\"2560\" src=\"https:\/\/ntpark.me\/wp-content\/uploads\/2025\/02\/20.2-scaled.jpeg\" class=\"attachment-full size-full\" alt=\"\" srcset=\"https:\/\/ntpark.me\/wp-content\/uploads\/2025\/02\/20.2-scaled.jpeg 2370w, https:\/\/ntpark.me\/wp-content\/uploads\/2025\/02\/20.2-278x300.jpeg 278w, https:\/\/ntpark.me\/wp-content\/uploads\/2025\/02\/20.2-948x1024.jpeg 948w, https:\/\/ntpark.me\/wp-content\/uploads\/2025\/02\/20.2-768x829.jpeg 768w, https:\/\/ntpark.me\/wp-content\/uploads\/2025\/02\/20.2-1422x1536.jpeg 1422w, https:\/\/ntpark.me\/wp-content\/uploads\/2025\/02\/20.2-1896x2048.jpeg 1896w\" sizes=\"(max-width: 2370px) 100vw, 2370px\" \/><\/a>\r\n                                    <\/div>\r\n                                    <div class=\"lower-content\">\r\n                                        <ul class=\"post-meta\">\r\n                                            <li><span class=\"icon fal fa-user-alt\"><\/span>editor<\/li>\r\n                                            <li><span class=\"icon fal fa-calendar-alt\"><\/span>Feb 20, 2025<\/li>\r\n                                        <\/ul>\r\n                                        <h5><a href=\"https:\/\/ntpark.me\/en\/news\/jacanje-saradnje-izmedu-naucno-tehnoloskog-parka-crne-gore-i-ekonomskog-fakulteta-univerziteta-crne-gore\/\">Strengthening cooperation between the Science and technology park of Montenegro and the Faculty of Economics of the University of Montenegro<\/a><\/h5>\r\n                                    <\/div>\r\n                                <\/div>\r\n                            <\/div>\r\n                        \r\n                            <!-- News Block Ten -->\r\n                            <div class=\"news-block-ten col-lg-4 col-md-6 col-sm-12\">\r\n                                <div class=\"inner-box wow fadeInRight\" data-wow-delay=\"0ms\" data-wow-duration=\"1500ms\">\r\n                                    <div class=\"image\">\r\n                                        <a href=\"https:\/\/ntpark.me\/en\/news\/naucno-tehnoloski-park-crne-gore-na-innovent-forumu-2025-jacanje-inovacija-kroz-strateska-partnerstva-i-udruzivanje\/\"><img loading=\"lazy\" decoding=\"async\" width=\"960\" height=\"795\" src=\"https:\/\/ntpark.me\/wp-content\/uploads\/2025\/02\/srna.jpeg\" class=\"attachment-full size-full\" alt=\"\" srcset=\"https:\/\/ntpark.me\/wp-content\/uploads\/2025\/02\/srna.jpeg 960w, https:\/\/ntpark.me\/wp-content\/uploads\/2025\/02\/srna-300x248.jpeg 300w, https:\/\/ntpark.me\/wp-content\/uploads\/2025\/02\/srna-768x636.jpeg 768w, https:\/\/ntpark.me\/wp-content\/uploads\/2025\/02\/srna-60x51.jpeg 60w\" sizes=\"(max-width: 960px) 100vw, 960px\" \/><\/a>\r\n                                    <\/div>\r\n                                    <div class=\"lower-content\">\r\n                                        <ul class=\"post-meta\">\r\n                                            <li><span class=\"icon fal fa-user-alt\"><\/span>editor<\/li>\r\n                                            <li><span class=\"icon fal fa-calendar-alt\"><\/span>Feb 17, 2025<\/li>\r\n                                        <\/ul>\r\n                                        <h5><a href=\"https:\/\/ntpark.me\/en\/news\/naucno-tehnoloski-park-crne-gore-na-innovent-forumu-2025-jacanje-inovacija-kroz-strateska-partnerstva-i-udruzivanje\/\">Montenegrin Science and technology park at Innovent Forum 2025: Strengthening Innovation through strategic partnerships and collaboration<\/a><\/h5>\r\n                                    <\/div>\r\n                                <\/div>\r\n                            <\/div>\r\n                        \r\n                            <!-- News Block Ten -->\r\n                            <div class=\"news-block-ten col-lg-4 col-md-6 col-sm-12\">\r\n                                <div class=\"inner-box wow fadeInRight\" data-wow-delay=\"0ms\" data-wow-duration=\"1500ms\">\r\n                                    <div class=\"image\">\r\n                                        <a href=\"https:\/\/ntpark.me\/en\/news\/osmi-poziv-za-prijave-u-okviru-ebrd-star-venture-programa\/\"><img loading=\"lazy\" decoding=\"async\" width=\"2400\" height=\"1399\" src=\"https:\/\/ntpark.me\/wp-content\/uploads\/2025\/02\/Slide4.png\" class=\"attachment-full size-full\" alt=\"\" srcset=\"https:\/\/ntpark.me\/wp-content\/uploads\/2025\/02\/Slide4.png 2400w, https:\/\/ntpark.me\/wp-content\/uploads\/2025\/02\/Slide4-300x175.png 300w, https:\/\/ntpark.me\/wp-content\/uploads\/2025\/02\/Slide4-1024x597.png 1024w, https:\/\/ntpark.me\/wp-content\/uploads\/2025\/02\/Slide4-768x448.png 768w, https:\/\/ntpark.me\/wp-content\/uploads\/2025\/02\/Slide4-1536x895.png 1536w, https:\/\/ntpark.me\/wp-content\/uploads\/2025\/02\/Slide4-2048x1194.png 2048w\" sizes=\"(max-width: 2400px) 100vw, 2400px\" \/><\/a>\r\n                                    <\/div>\r\n                                    <div class=\"lower-content\">\r\n                                        <ul class=\"post-meta\">\r\n                                            <li><span class=\"icon fal fa-user-alt\"><\/span>editor<\/li>\r\n                                            <li><span class=\"icon fal fa-calendar-alt\"><\/span>Feb 14, 2025<\/li>\r\n                                        <\/ul>\r\n                                        <h5><a href=\"https:\/\/ntpark.me\/en\/news\/osmi-poziv-za-prijave-u-okviru-ebrd-star-venture-programa\/\">Eighth call for applications within the EBRD Star Venture program<\/a><\/h5>\r\n                                    <\/div>\r\n                                <\/div>\r\n                            <\/div>\r\n                        \r\n                            <!-- News Block Ten -->\r\n                            <div class=\"news-block-ten col-lg-4 col-md-6 col-sm-12\">\r\n                                <div class=\"inner-box wow fadeInRight\" data-wow-delay=\"0ms\" data-wow-duration=\"1500ms\">\r\n                                    <div class=\"image\">\r\n                                        <a href=\"https:\/\/ntpark.me\/en\/news\/nauka-i-inovacije-za-plavu-ekonomiju-ntp-cg-i-institut-za-biologiju-mora-jacaju-saradnju\/\"><img loading=\"lazy\" decoding=\"async\" width=\"2560\" height=\"1920\" src=\"https:\/\/ntpark.me\/wp-content\/uploads\/2025\/02\/14.2-scaled.jpeg\" class=\"attachment-full size-full\" alt=\"\" srcset=\"https:\/\/ntpark.me\/wp-content\/uploads\/2025\/02\/14.2-scaled.jpeg 2560w, https:\/\/ntpark.me\/wp-content\/uploads\/2025\/02\/14.2-300x225.jpeg 300w, https:\/\/ntpark.me\/wp-content\/uploads\/2025\/02\/14.2-1024x768.jpeg 1024w, https:\/\/ntpark.me\/wp-content\/uploads\/2025\/02\/14.2-768x576.jpeg 768w, https:\/\/ntpark.me\/wp-content\/uploads\/2025\/02\/14.2-1536x1152.jpeg 1536w, https:\/\/ntpark.me\/wp-content\/uploads\/2025\/02\/14.2-2048x1536.jpeg 2048w\" sizes=\"(max-width: 2560px) 100vw, 2560px\" \/><\/a>\r\n                                    <\/div>\r\n                                    <div class=\"lower-content\">\r\n                                        <ul class=\"post-meta\">\r\n                                            <li><span class=\"icon fal fa-user-alt\"><\/span>editor<\/li>\r\n                                            <li><span class=\"icon fal fa-calendar-alt\"><\/span>Feb 14, 2025<\/li>\r\n                                        <\/ul>\r\n                                        <h5><a href=\"https:\/\/ntpark.me\/en\/news\/nauka-i-inovacije-za-plavu-ekonomiju-ntp-cg-i-institut-za-biologiju-mora-jacaju-saradnju\/\">Science and innovation for the blue economy: STP Montegro and the Institute of marine biology strengthen cooperation<\/a><\/h5>\r\n                                    <\/div>\r\n                                <\/div>\r\n                            <\/div>\r\n                        \r\n                            <!-- News Block Ten -->\r\n                            <div class=\"news-block-ten col-lg-4 col-md-6 col-sm-12\">\r\n                                <div class=\"inner-box wow fadeInRight\" data-wow-delay=\"0ms\" data-wow-duration=\"1500ms\">\r\n                                    <div class=\"image\">\r\n                                        <a href=\"https:\/\/ntpark.me\/en\/news\/tematske-sesije-smart-solution-meet-up-moc-prodaje\/\"><img loading=\"lazy\" decoding=\"async\" width=\"1080\" height=\"1080\" src=\"https:\/\/ntpark.me\/wp-content\/uploads\/2025\/02\/tematske-radionice.png\" class=\"attachment-full size-full\" alt=\"\" srcset=\"https:\/\/ntpark.me\/wp-content\/uploads\/2025\/02\/tematske-radionice.png 1080w, https:\/\/ntpark.me\/wp-content\/uploads\/2025\/02\/tematske-radionice-300x300.png 300w, https:\/\/ntpark.me\/wp-content\/uploads\/2025\/02\/tematske-radionice-1024x1024.png 1024w, https:\/\/ntpark.me\/wp-content\/uploads\/2025\/02\/tematske-radionice-150x150.png 150w, https:\/\/ntpark.me\/wp-content\/uploads\/2025\/02\/tematske-radionice-768x768.png 768w, https:\/\/ntpark.me\/wp-content\/uploads\/2025\/02\/tematske-radionice-74x73.png 74w, https:\/\/ntpark.me\/wp-content\/uploads\/2025\/02\/tematske-radionice-400x400.png 400w\" sizes=\"(max-width: 1080px) 100vw, 1080px\" \/><\/a>\r\n                                    <\/div>\r\n                                    <div class=\"lower-content\">\r\n                                        <ul class=\"post-meta\">\r\n                                            <li><span class=\"icon fal fa-user-alt\"><\/span>editor<\/li>\r\n                                            <li><span class=\"icon fal fa-calendar-alt\"><\/span>Feb 13, 2025<\/li>\r\n                                        <\/ul>\r\n                                        <h5><a href=\"https:\/\/ntpark.me\/en\/news\/tematske-sesije-smart-solution-meet-up-moc-prodaje\/\">Thematic sessions: Smart solution meet up &#8211; The power of sales<\/a><\/h5>\r\n                                    <\/div>\r\n                                <\/div>\r\n                            <\/div>\r\n                        \r\n                            <!-- News Block Ten -->\r\n                            <div class=\"news-block-ten col-lg-4 col-md-6 col-sm-12\">\r\n                                <div class=\"inner-box wow fadeInRight\" data-wow-delay=\"0ms\" data-wow-duration=\"1500ms\">\r\n                                    <div class=\"image\">\r\n                                        <a href=\"https:\/\/ntpark.me\/en\/news\/jacanje-saradnje-u-oblasti-blue-i-cirkularne-ekonomije-ntp-crne-gore-i-pomorski-fakultet-ucg\/\"><img loading=\"lazy\" decoding=\"async\" width=\"636\" height=\"480\" src=\"https:\/\/ntpark.me\/wp-content\/uploads\/2025\/02\/13.2.jpeg\" class=\"attachment-full size-full\" alt=\"\" srcset=\"https:\/\/ntpark.me\/wp-content\/uploads\/2025\/02\/13.2.jpeg 636w, https:\/\/ntpark.me\/wp-content\/uploads\/2025\/02\/13.2-300x226.jpeg 300w\" sizes=\"(max-width: 636px) 100vw, 636px\" \/><\/a>\r\n                                    <\/div>\r\n                                    <div class=\"lower-content\">\r\n                                        <ul class=\"post-meta\">\r\n                                            <li><span class=\"icon fal fa-user-alt\"><\/span>editor<\/li>\r\n                                            <li><span class=\"icon fal fa-calendar-alt\"><\/span>Feb 13, 2025<\/li>\r\n                                        <\/ul>\r\n                                        <h5><a href=\"https:\/\/ntpark.me\/en\/news\/jacanje-saradnje-u-oblasti-blue-i-cirkularne-ekonomije-ntp-crne-gore-i-pomorski-fakultet-ucg\/\">Strengthening cooperation in the field of blue and circular economy \u2013 STP Montenegro and the Maritime faculty of University of Montenegro<\/a><\/h5>\r\n                                    <\/div>\r\n                                <\/div>\r\n                            <\/div>\r\n                        \r\n                            <!-- News Block Ten -->\r\n                            <div class=\"news-block-ten col-lg-4 col-md-6 col-sm-12\">\r\n                                <div class=\"inner-box wow fadeInRight\" data-wow-delay=\"0ms\" data-wow-duration=\"1500ms\">\r\n                                    <div class=\"image\">\r\n                                        <a href=\"https:\/\/ntpark.me\/en\/news\/partnerstvo-za-odrzivu-buducnost-ntp-i-gradevinski-fakultet-ucg\/\"><img loading=\"lazy\" decoding=\"async\" width=\"2560\" height=\"1395\" src=\"https:\/\/ntpark.me\/wp-content\/uploads\/2025\/02\/12.2-scaled.jpeg\" class=\"attachment-full size-full\" alt=\"\" srcset=\"https:\/\/ntpark.me\/wp-content\/uploads\/2025\/02\/12.2-scaled.jpeg 2560w, https:\/\/ntpark.me\/wp-content\/uploads\/2025\/02\/12.2-300x163.jpeg 300w, https:\/\/ntpark.me\/wp-content\/uploads\/2025\/02\/12.2-1024x558.jpeg 1024w, https:\/\/ntpark.me\/wp-content\/uploads\/2025\/02\/12.2-768x418.jpeg 768w, https:\/\/ntpark.me\/wp-content\/uploads\/2025\/02\/12.2-1536x837.jpeg 1536w, https:\/\/ntpark.me\/wp-content\/uploads\/2025\/02\/12.2-2048x1116.jpeg 2048w\" sizes=\"(max-width: 2560px) 100vw, 2560px\" \/><\/a>\r\n                                    <\/div>\r\n                                    <div class=\"lower-content\">\r\n                                        <ul class=\"post-meta\">\r\n                                            <li><span class=\"icon fal fa-user-alt\"><\/span>editor<\/li>\r\n                                            <li><span class=\"icon fal fa-calendar-alt\"><\/span>Feb 12, 2025<\/li>\r\n                                        <\/ul>\r\n                                        <h5><a href=\"https:\/\/ntpark.me\/en\/news\/partnerstvo-za-odrzivu-buducnost-ntp-i-gradevinski-fakultet-ucg\/\">Partnership for a sustainable future: STP and faculty of Civil engineering University of Montenegro<\/a><\/h5>\r\n                                    <\/div>\r\n                                <\/div>\r\n                            <\/div>\r\n                        \r\n                            <!-- News Block Ten -->\r\n                            <div class=\"news-block-ten col-lg-4 col-md-6 col-sm-12\">\r\n                                <div class=\"inner-box wow fadeInRight\" data-wow-delay=\"0ms\" data-wow-duration=\"1500ms\">\r\n                                    <div class=\"image\">\r\n                                        <a href=\"https:\/\/ntpark.me\/en\/news\/obuka-za-podrsku-razvoja-odrzive-poljoprivrede-i-lanca-vrijednosti-hrane-u-crnoj-gori\/\"><img loading=\"lazy\" decoding=\"async\" width=\"1080\" height=\"1080\" src=\"https:\/\/ntpark.me\/wp-content\/uploads\/2025\/02\/Instagram-post-Obuka-za-poljoprivredu.png\" class=\"attachment-full size-full\" alt=\"\" srcset=\"https:\/\/ntpark.me\/wp-content\/uploads\/2025\/02\/Instagram-post-Obuka-za-poljoprivredu.png 1080w, https:\/\/ntpark.me\/wp-content\/uploads\/2025\/02\/Instagram-post-Obuka-za-poljoprivredu-300x300.png 300w, https:\/\/ntpark.me\/wp-content\/uploads\/2025\/02\/Instagram-post-Obuka-za-poljoprivredu-1024x1024.png 1024w, https:\/\/ntpark.me\/wp-content\/uploads\/2025\/02\/Instagram-post-Obuka-za-poljoprivredu-150x150.png 150w, https:\/\/ntpark.me\/wp-content\/uploads\/2025\/02\/Instagram-post-Obuka-za-poljoprivredu-768x768.png 768w, https:\/\/ntpark.me\/wp-content\/uploads\/2025\/02\/Instagram-post-Obuka-za-poljoprivredu-74x73.png 74w, https:\/\/ntpark.me\/wp-content\/uploads\/2025\/02\/Instagram-post-Obuka-za-poljoprivredu-400x400.png 400w\" sizes=\"(max-width: 1080px) 100vw, 1080px\" \/><\/a>\r\n                                    <\/div>\r\n                                    <div class=\"lower-content\">\r\n                                        <ul class=\"post-meta\">\r\n                                            <li><span class=\"icon fal fa-user-alt\"><\/span>milica.bozovic<\/li>\r\n                                            <li><span class=\"icon fal fa-calendar-alt\"><\/span>Feb 11, 2025<\/li>\r\n                                        <\/ul>\r\n                                        <h5><a href=\"https:\/\/ntpark.me\/en\/news\/obuka-za-podrsku-razvoja-odrzive-poljoprivrede-i-lanca-vrijednosti-hrane-u-crnoj-gori\/\">Training for supporting the development of sustainable agriculture and the food value chain in Montenegro<\/a><\/h5>\r\n                                    <\/div>\r\n                                <\/div>\r\n                            <\/div>\r\n                        \r\n                            <!-- News Block Ten -->\r\n                            <div class=\"news-block-ten col-lg-4 col-md-6 col-sm-12\">\r\n                                <div class=\"inner-box wow fadeInRight\" data-wow-delay=\"0ms\" data-wow-duration=\"1500ms\">\r\n                                    <div class=\"image\">\r\n                                        <a href=\"https:\/\/ntpark.me\/en\/news\/podstaci-inovacije-u-poljoprivredi-i-ruralnom-razvoju-ntp-i-biotehnicki-fakultet-razvijaju-saradnju\/\"><img loading=\"lazy\" decoding=\"async\" width=\"2560\" height=\"2017\" src=\"https:\/\/ntpark.me\/wp-content\/uploads\/2025\/02\/11.2-scaled.jpeg\" class=\"attachment-full size-full\" alt=\"\" srcset=\"https:\/\/ntpark.me\/wp-content\/uploads\/2025\/02\/11.2-scaled.jpeg 2560w, https:\/\/ntpark.me\/wp-content\/uploads\/2025\/02\/11.2-300x236.jpeg 300w, https:\/\/ntpark.me\/wp-content\/uploads\/2025\/02\/11.2-1024x807.jpeg 1024w, https:\/\/ntpark.me\/wp-content\/uploads\/2025\/02\/11.2-768x605.jpeg 768w, https:\/\/ntpark.me\/wp-content\/uploads\/2025\/02\/11.2-1536x1210.jpeg 1536w, https:\/\/ntpark.me\/wp-content\/uploads\/2025\/02\/11.2-2048x1614.jpeg 2048w\" sizes=\"(max-width: 2560px) 100vw, 2560px\" \/><\/a>\r\n                                    <\/div>\r\n                                    <div class=\"lower-content\">\r\n                                        <ul class=\"post-meta\">\r\n                                            <li><span class=\"icon fal fa-user-alt\"><\/span>editor<\/li>\r\n                                            <li><span class=\"icon fal fa-calendar-alt\"><\/span>Feb 11, 2025<\/li>\r\n                                        <\/ul>\r\n                                        <h5><a href=\"https:\/\/ntpark.me\/en\/news\/podstaci-inovacije-u-poljoprivredi-i-ruralnom-razvoju-ntp-i-biotehnicki-fakultet-razvijaju-saradnju\/\">Encouraging innovation in agriculture and rural development: STP and the Biotechnical faculty strengthen collaboration<\/a><\/h5>\r\n                                    <\/div>\r\n                                <\/div>\r\n                            <\/div>\r\n                        \r\n                            <!-- News Block Ten -->\r\n                            <div class=\"news-block-ten col-lg-4 col-md-6 col-sm-12\">\r\n                                <div class=\"inner-box wow fadeInRight\" data-wow-delay=\"0ms\" data-wow-duration=\"1500ms\">\r\n                                    <div class=\"image\">\r\n                                        <a href=\"https:\/\/ntpark.me\/en\/news\/ntp-cg-i-arhitektonski-fakultet-ucg-osnazivanje-sinergije-inovacija-i-kreativnih-industrija\/\"><img loading=\"lazy\" decoding=\"async\" width=\"2560\" height=\"1660\" src=\"https:\/\/ntpark.me\/wp-content\/uploads\/2025\/02\/vanja-danas-scaled.jpeg\" class=\"attachment-full size-full\" alt=\"\" srcset=\"https:\/\/ntpark.me\/wp-content\/uploads\/2025\/02\/vanja-danas-scaled.jpeg 2560w, https:\/\/ntpark.me\/wp-content\/uploads\/2025\/02\/vanja-danas-300x195.jpeg 300w, https:\/\/ntpark.me\/wp-content\/uploads\/2025\/02\/vanja-danas-1024x664.jpeg 1024w, https:\/\/ntpark.me\/wp-content\/uploads\/2025\/02\/vanja-danas-768x498.jpeg 768w, https:\/\/ntpark.me\/wp-content\/uploads\/2025\/02\/vanja-danas-1536x996.jpeg 1536w, https:\/\/ntpark.me\/wp-content\/uploads\/2025\/02\/vanja-danas-2048x1328.jpeg 2048w\" sizes=\"(max-width: 2560px) 100vw, 2560px\" \/><\/a>\r\n                                    <\/div>\r\n                                    <div class=\"lower-content\">\r\n                                        <ul class=\"post-meta\">\r\n                                            <li><span class=\"icon fal fa-user-alt\"><\/span>editor<\/li>\r\n                                            <li><span class=\"icon fal fa-calendar-alt\"><\/span>Feb 11, 2025<\/li>\r\n                                        <\/ul>\r\n                                        <h5><a href=\"https:\/\/ntpark.me\/en\/news\/ntp-cg-i-arhitektonski-fakultet-ucg-osnazivanje-sinergije-inovacija-i-kreativnih-industrija\/\">STP Montenegro and the faculty of Architecture University of Montenegro: Strengthening the synergy of innovation and creative industries<\/a><\/h5>\r\n                                    <\/div>\r\n                                <\/div>\r\n                            <\/div>\r\n                        \r\n                            <!-- News Block Ten -->\r\n                            <div class=\"news-block-ten col-lg-4 col-md-6 col-sm-12\">\r\n                                <div class=\"inner-box wow fadeInRight\" data-wow-delay=\"0ms\" data-wow-duration=\"1500ms\">\r\n                                    <div class=\"image\">\r\n                                        <a href=\"https:\/\/ntpark.me\/en\/news\/predsjednica-drakic-u-posjeti-naucno-tehnoloskom-parku-crne-gore\/\"><img loading=\"lazy\" decoding=\"async\" width=\"2560\" height=\"2038\" src=\"https:\/\/ntpark.me\/wp-content\/uploads\/2025\/02\/10.2-scaled.jpeg\" class=\"attachment-full size-full\" alt=\"\" srcset=\"https:\/\/ntpark.me\/wp-content\/uploads\/2025\/02\/10.2-scaled.jpeg 2560w, https:\/\/ntpark.me\/wp-content\/uploads\/2025\/02\/10.2-300x239.jpeg 300w, https:\/\/ntpark.me\/wp-content\/uploads\/2025\/02\/10.2-1024x815.jpeg 1024w, https:\/\/ntpark.me\/wp-content\/uploads\/2025\/02\/10.2-768x611.jpeg 768w, https:\/\/ntpark.me\/wp-content\/uploads\/2025\/02\/10.2-1536x1223.jpeg 1536w, https:\/\/ntpark.me\/wp-content\/uploads\/2025\/02\/10.2-2048x1630.jpeg 2048w\" sizes=\"(max-width: 2560px) 100vw, 2560px\" \/><\/a>\r\n                                    <\/div>\r\n                                    <div class=\"lower-content\">\r\n                                        <ul class=\"post-meta\">\r\n                                            <li><span class=\"icon fal fa-user-alt\"><\/span>editor<\/li>\r\n                                            <li><span class=\"icon fal fa-calendar-alt\"><\/span>Feb 10, 2025<\/li>\r\n                                        <\/ul>\r\n                                        <h5><a href=\"https:\/\/ntpark.me\/en\/news\/predsjednica-drakic-u-posjeti-naucno-tehnoloskom-parku-crne-gore\/\">President Draki\u0107 on a visit to the Scientific and technological park of Montenegro<\/a><\/h5>\r\n                                    <\/div>\r\n                                <\/div>\r\n                            <\/div>\r\n                        \r\n                            <!-- News Block Ten -->\r\n                            <div class=\"news-block-ten col-lg-4 col-md-6 col-sm-12\">\r\n                                <div class=\"inner-box wow fadeInRight\" data-wow-delay=\"0ms\" data-wow-duration=\"1500ms\">\r\n                                    <div class=\"image\">\r\n                                        <a href=\"https:\/\/ntpark.me\/en\/news\/javni-poziv-za-nove-stanare-u-naucno-tehnoloskom-parku-crne-gore-je-ponovo-otvoren\/\"><img loading=\"lazy\" decoding=\"async\" width=\"2560\" height=\"2560\" src=\"https:\/\/ntpark.me\/wp-content\/uploads\/2025\/02\/ntp-scaled.jpg\" class=\"attachment-full size-full\" alt=\"\" srcset=\"https:\/\/ntpark.me\/wp-content\/uploads\/2025\/02\/ntp-scaled.jpg 2560w, https:\/\/ntpark.me\/wp-content\/uploads\/2025\/02\/ntp-300x300.jpg 300w, https:\/\/ntpark.me\/wp-content\/uploads\/2025\/02\/ntp-1024x1024.jpg 1024w, https:\/\/ntpark.me\/wp-content\/uploads\/2025\/02\/ntp-150x150.jpg 150w, https:\/\/ntpark.me\/wp-content\/uploads\/2025\/02\/ntp-768x768.jpg 768w, https:\/\/ntpark.me\/wp-content\/uploads\/2025\/02\/ntp-1536x1536.jpg 1536w, https:\/\/ntpark.me\/wp-content\/uploads\/2025\/02\/ntp-2048x2048.jpg 2048w, https:\/\/ntpark.me\/wp-content\/uploads\/2025\/02\/ntp-74x73.jpg 74w, https:\/\/ntpark.me\/wp-content\/uploads\/2025\/02\/ntp-400x400.jpg 400w\" sizes=\"(max-width: 2560px) 100vw, 2560px\" \/><\/a>\r\n                                    <\/div>\r\n                                    <div class=\"lower-content\">\r\n                                        <ul class=\"post-meta\">\r\n                                            <li><span class=\"icon fal fa-user-alt\"><\/span>editor<\/li>\r\n                                            <li><span class=\"icon fal fa-calendar-alt\"><\/span>Feb 10, 2025<\/li>\r\n                                        <\/ul>\r\n                                        <h5><a href=\"https:\/\/ntpark.me\/en\/news\/javni-poziv-za-nove-stanare-u-naucno-tehnoloskom-parku-crne-gore-je-ponovo-otvoren\/\">The public call for new tenants at the Science and technology park of Montenegro is now open again<\/a><\/h5>\r\n                                    <\/div>\r\n                                <\/div>\r\n                            <\/div>\r\n                        \r\n                            <!-- News Block Ten -->\r\n                            <div class=\"news-block-ten col-lg-4 col-md-6 col-sm-12\">\r\n                                <div class=\"inner-box wow fadeInRight\" data-wow-delay=\"0ms\" data-wow-duration=\"1500ms\">\r\n                                    <div class=\"image\">\r\n                                        <a href=\"https:\/\/ntpark.me\/en\/news\/jacanje-saradnje-izmedu-naucno-tehnoloskog-parka-crne-gore-i-medicinskog-fakulteta-ucg-sinergija-nauke-inovacija-i-zdravstva\/\"><img loading=\"lazy\" decoding=\"async\" width=\"1920\" height=\"2560\" src=\"https:\/\/ntpark.me\/wp-content\/uploads\/2025\/02\/6.2-scaled-e1738843117344.jpeg\" class=\"attachment-full size-full\" alt=\"\" \/><\/a>\r\n                                    <\/div>\r\n                                    <div class=\"lower-content\">\r\n                                        <ul class=\"post-meta\">\r\n                                            <li><span class=\"icon fal fa-user-alt\"><\/span>editor<\/li>\r\n                                            <li><span class=\"icon fal fa-calendar-alt\"><\/span>Feb 06, 2025<\/li>\r\n                                        <\/ul>\r\n                                        <h5><a href=\"https:\/\/ntpark.me\/en\/news\/jacanje-saradnje-izmedu-naucno-tehnoloskog-parka-crne-gore-i-medicinskog-fakulteta-ucg-sinergija-nauke-inovacija-i-zdravstva\/\">Strengthening collaboration between the Science and technology park of Montenegro and the faculty of Medicine of University of Montenegro: Synergy of science, innovation, and healthcare<\/a><\/h5>\r\n                                    <\/div>\r\n                                <\/div>\r\n                            <\/div>\r\n                        \r\n                            <!-- News Block Ten -->\r\n                            <div class=\"news-block-ten col-lg-4 col-md-6 col-sm-12\">\r\n                                <div class=\"inner-box wow fadeInRight\" data-wow-delay=\"0ms\" data-wow-duration=\"1500ms\">\r\n                                    <div class=\"image\">\r\n                                        <a href=\"https:\/\/ntpark.me\/en\/news\/valentina-radulovic-za-prosvjetni-rad-ntp-kao-pokretac-inovacija-i-razvoja\/\"><img loading=\"lazy\" decoding=\"async\" width=\"1989\" height=\"2129\" src=\"https:\/\/ntpark.me\/wp-content\/uploads\/2025\/02\/vanja.jpeg\" class=\"attachment-full size-full\" alt=\"\" srcset=\"https:\/\/ntpark.me\/wp-content\/uploads\/2025\/02\/vanja.jpeg 1989w, https:\/\/ntpark.me\/wp-content\/uploads\/2025\/02\/vanja-280x300.jpeg 280w, https:\/\/ntpark.me\/wp-content\/uploads\/2025\/02\/vanja-957x1024.jpeg 957w, https:\/\/ntpark.me\/wp-content\/uploads\/2025\/02\/vanja-768x822.jpeg 768w, https:\/\/ntpark.me\/wp-content\/uploads\/2025\/02\/vanja-1435x1536.jpeg 1435w, https:\/\/ntpark.me\/wp-content\/uploads\/2025\/02\/vanja-1913x2048.jpeg 1913w\" sizes=\"(max-width: 1989px) 100vw, 1989px\" \/><\/a>\r\n                                    <\/div>\r\n                                    <div class=\"lower-content\">\r\n                                        <ul class=\"post-meta\">\r\n                                            <li><span class=\"icon fal fa-user-alt\"><\/span>editor<\/li>\r\n                                            <li><span class=\"icon fal fa-calendar-alt\"><\/span>Feb 05, 2025<\/li>\r\n                                        <\/ul>\r\n                                        <h5><a href=\"https:\/\/ntpark.me\/en\/news\/valentina-radulovic-za-prosvjetni-rad-ntp-kao-pokretac-inovacija-i-razvoja\/\">Valentina Radulovi\u0107 for &#8220;Educational work&#8221;: STP as a driver of innovation and development<\/a><\/h5>\r\n                                    <\/div>\r\n                                <\/div>\r\n                            <\/div>\r\n                        \r\n                            <!-- News Block Ten -->\r\n                            <div class=\"news-block-ten col-lg-4 col-md-6 col-sm-12\">\r\n                                <div class=\"inner-box wow fadeInRight\" data-wow-delay=\"0ms\" data-wow-duration=\"1500ms\">\r\n                                    <div class=\"image\">\r\n                                        <a href=\"https:\/\/ntpark.me\/en\/news\/ambasadorka-ujedinjenog-kraljevstva-posjetila-naucno-tehnoloski-park-crne-gore-novi-koraci-u-jacanju-saradnje\/\"><img loading=\"lazy\" decoding=\"async\" width=\"1920\" height=\"1886\" src=\"https:\/\/ntpark.me\/wp-content\/uploads\/2025\/02\/ambasadorka-scaled-1.jpg\" class=\"attachment-full size-full\" alt=\"\" srcset=\"https:\/\/ntpark.me\/wp-content\/uploads\/2025\/02\/ambasadorka-scaled-1.jpg 1920w, https:\/\/ntpark.me\/wp-content\/uploads\/2025\/02\/ambasadorka-scaled-1-300x295.jpg 300w, https:\/\/ntpark.me\/wp-content\/uploads\/2025\/02\/ambasadorka-scaled-1-1024x1006.jpg 1024w, https:\/\/ntpark.me\/wp-content\/uploads\/2025\/02\/ambasadorka-scaled-1-768x754.jpg 768w, https:\/\/ntpark.me\/wp-content\/uploads\/2025\/02\/ambasadorka-scaled-1-1536x1509.jpg 1536w, https:\/\/ntpark.me\/wp-content\/uploads\/2025\/02\/ambasadorka-scaled-1-74x73.jpg 74w\" sizes=\"(max-width: 1920px) 100vw, 1920px\" \/><\/a>\r\n                                    <\/div>\r\n                                    <div class=\"lower-content\">\r\n                                        <ul class=\"post-meta\">\r\n                                            <li><span class=\"icon fal fa-user-alt\"><\/span>editor<\/li>\r\n                                            <li><span class=\"icon fal fa-calendar-alt\"><\/span>Feb 05, 2025<\/li>\r\n                                        <\/ul>\r\n                                        <h5><a href=\"https:\/\/ntpark.me\/en\/news\/ambasadorka-ujedinjenog-kraljevstva-posjetila-naucno-tehnoloski-park-crne-gore-novi-koraci-u-jacanju-saradnje\/\">The Ambassador of the United Kingdom visited the Science and technology park of Montenegro: New steps in strengthening cooperation<\/a><\/h5>\r\n                                    <\/div>\r\n                                <\/div>\r\n                            <\/div>\r\n                        \r\n                            <!-- News Block Ten -->\r\n                            <div class=\"news-block-ten col-lg-4 col-md-6 col-sm-12\">\r\n                                <div class=\"inner-box wow fadeInRight\" data-wow-delay=\"0ms\" data-wow-duration=\"1500ms\">\r\n                                    <div class=\"image\">\r\n                                        <a href=\"https:\/\/ntpark.me\/en\/news\/promocija-programa-it-vjestine-za-buducnost\/\"><img loading=\"lazy\" decoding=\"async\" width=\"2296\" height=\"1870\" src=\"https:\/\/ntpark.me\/wp-content\/uploads\/2025\/02\/prezentacija.jpg\" class=\"attachment-full size-full\" alt=\"\" srcset=\"https:\/\/ntpark.me\/wp-content\/uploads\/2025\/02\/prezentacija.jpg 2296w, https:\/\/ntpark.me\/wp-content\/uploads\/2025\/02\/prezentacija-300x244.jpg 300w, https:\/\/ntpark.me\/wp-content\/uploads\/2025\/02\/prezentacija-1024x834.jpg 1024w, https:\/\/ntpark.me\/wp-content\/uploads\/2025\/02\/prezentacija-768x626.jpg 768w, https:\/\/ntpark.me\/wp-content\/uploads\/2025\/02\/prezentacija-1536x1251.jpg 1536w, https:\/\/ntpark.me\/wp-content\/uploads\/2025\/02\/prezentacija-2048x1668.jpg 2048w\" sizes=\"(max-width: 2296px) 100vw, 2296px\" \/><\/a>\r\n                                    <\/div>\r\n                                    <div class=\"lower-content\">\r\n                                        <ul class=\"post-meta\">\r\n                                            <li><span class=\"icon fal fa-user-alt\"><\/span>editor<\/li>\r\n                                            <li><span class=\"icon fal fa-calendar-alt\"><\/span>Feb 05, 2025<\/li>\r\n                                        <\/ul>\r\n                                        <h5><a href=\"https:\/\/ntpark.me\/en\/news\/promocija-programa-it-vjestine-za-buducnost\/\">Promotion of the &#8220;IT Skills for the Future&#8221; program<\/a><\/h5>\r\n                                    <\/div>\r\n                                <\/div>\r\n                            <\/div>\r\n                        \r\n                            <!-- News Block Ten -->\r\n                            <div class=\"news-block-ten col-lg-4 col-md-6 col-sm-12\">\r\n                                <div class=\"inner-box wow fadeInRight\" data-wow-delay=\"0ms\" data-wow-duration=\"1500ms\">\r\n                                    <div class=\"image\">\r\n                                        <a href=\"https:\/\/ntpark.me\/en\/news\/valentina-radulovic-za-mensa-bilten-inovacije-znanje-i-zajednistvo-kao-pokretaci-razvoja\/\"><img loading=\"lazy\" decoding=\"async\" width=\"1608\" height=\"1418\" src=\"https:\/\/ntpark.me\/wp-content\/uploads\/2025\/02\/vanja_mensa.png\" class=\"attachment-full size-full\" alt=\"\" srcset=\"https:\/\/ntpark.me\/wp-content\/uploads\/2025\/02\/vanja_mensa.png 1608w, https:\/\/ntpark.me\/wp-content\/uploads\/2025\/02\/vanja_mensa-300x265.png 300w, https:\/\/ntpark.me\/wp-content\/uploads\/2025\/02\/vanja_mensa-1024x903.png 1024w, https:\/\/ntpark.me\/wp-content\/uploads\/2025\/02\/vanja_mensa-768x677.png 768w, https:\/\/ntpark.me\/wp-content\/uploads\/2025\/02\/vanja_mensa-1536x1355.png 1536w\" sizes=\"(max-width: 1608px) 100vw, 1608px\" \/><\/a>\r\n                                    <\/div>\r\n                                    <div class=\"lower-content\">\r\n                                        <ul class=\"post-meta\">\r\n                                            <li><span class=\"icon fal fa-user-alt\"><\/span>editor<\/li>\r\n                                            <li><span class=\"icon fal fa-calendar-alt\"><\/span>Feb 04, 2025<\/li>\r\n                                        <\/ul>\r\n                                        <h5><a href=\"https:\/\/ntpark.me\/en\/news\/valentina-radulovic-za-mensa-bilten-inovacije-znanje-i-zajednistvo-kao-pokretaci-razvoja\/\">Valentina Radulovi\u0107 for Mensa Bulletin: Innovation, knowledge, and unity as drivers of development<\/a><\/h5>\r\n                                    <\/div>\r\n                                <\/div>\r\n                            <\/div>\r\n                        \r\n                            <!-- News Block Ten -->\r\n                            <div class=\"news-block-ten col-lg-4 col-md-6 col-sm-12\">\r\n                                <div class=\"inner-box wow fadeInRight\" data-wow-delay=\"0ms\" data-wow-duration=\"1500ms\">\r\n                                    <div class=\"image\">\r\n                                        <a href=\"https:\/\/ntpark.me\/en\/news\/uspostavljanje-globalnih-mostova-ntp-a-crne-gore-i-svjetske-inovativne-mreze\/\"><img loading=\"lazy\" decoding=\"async\" width=\"1600\" height=\"1200\" src=\"https:\/\/ntpark.me\/wp-content\/uploads\/2025\/02\/s.d.jpeg\" class=\"attachment-full size-full\" alt=\"\" srcset=\"https:\/\/ntpark.me\/wp-content\/uploads\/2025\/02\/s.d.jpeg 1600w, https:\/\/ntpark.me\/wp-content\/uploads\/2025\/02\/s.d-300x225.jpeg 300w, https:\/\/ntpark.me\/wp-content\/uploads\/2025\/02\/s.d-1024x768.jpeg 1024w, https:\/\/ntpark.me\/wp-content\/uploads\/2025\/02\/s.d-768x576.jpeg 768w, https:\/\/ntpark.me\/wp-content\/uploads\/2025\/02\/s.d-1536x1152.jpeg 1536w\" sizes=\"(max-width: 1600px) 100vw, 1600px\" \/><\/a>\r\n                                    <\/div>\r\n                                    <div class=\"lower-content\">\r\n                                        <ul class=\"post-meta\">\r\n                                            <li><span class=\"icon fal fa-user-alt\"><\/span>editor<\/li>\r\n                                            <li><span class=\"icon fal fa-calendar-alt\"><\/span>Feb 03, 2025<\/li>\r\n                                        <\/ul>\r\n                                        <h5><a href=\"https:\/\/ntpark.me\/en\/news\/uspostavljanje-globalnih-mostova-ntp-a-crne-gore-i-svjetske-inovativne-mreze\/\">Establishing global bridges: The STP Montenegro and the global innovation network<\/a><\/h5>\r\n                                    <\/div>\r\n                                <\/div>\r\n                            <\/div>\r\n                        \r\n                            <!-- News Block Ten -->\r\n                            <div class=\"news-block-ten col-lg-4 col-md-6 col-sm-12\">\r\n                                <div class=\"inner-box wow fadeInRight\" data-wow-delay=\"0ms\" data-wow-duration=\"1500ms\">\r\n                                    <div class=\"image\">\r\n                                        <a href=\"https:\/\/ntpark.me\/en\/news\/potpisan-memorandum-o-saradnji-izmedu-ntp-a-i-unije-poslodavaca-crne-gore\/\"><img loading=\"lazy\" decoding=\"async\" width=\"1920\" height=\"2173\" src=\"https:\/\/ntpark.me\/wp-content\/uploads\/2025\/01\/upcg-scaled-1.jpeg\" class=\"attachment-full size-full\" alt=\"\" srcset=\"https:\/\/ntpark.me\/wp-content\/uploads\/2025\/01\/upcg-scaled-1.jpeg 1920w, https:\/\/ntpark.me\/wp-content\/uploads\/2025\/01\/upcg-scaled-1-265x300.jpeg 265w, https:\/\/ntpark.me\/wp-content\/uploads\/2025\/01\/upcg-scaled-1-905x1024.jpeg 905w, https:\/\/ntpark.me\/wp-content\/uploads\/2025\/01\/upcg-scaled-1-768x869.jpeg 768w, https:\/\/ntpark.me\/wp-content\/uploads\/2025\/01\/upcg-scaled-1-1357x1536.jpeg 1357w, https:\/\/ntpark.me\/wp-content\/uploads\/2025\/01\/upcg-scaled-1-1810x2048.jpeg 1810w\" sizes=\"(max-width: 1920px) 100vw, 1920px\" \/><\/a>\r\n                                    <\/div>\r\n                                    <div class=\"lower-content\">\r\n                                        <ul class=\"post-meta\">\r\n                                            <li><span class=\"icon fal fa-user-alt\"><\/span>editor<\/li>\r\n                                            <li><span class=\"icon fal fa-calendar-alt\"><\/span>Jan 29, 2025<\/li>\r\n                                        <\/ul>\r\n                                        <h5><a href=\"https:\/\/ntpark.me\/en\/news\/potpisan-memorandum-o-saradnji-izmedu-ntp-a-i-unije-poslodavaca-crne-gore\/\">A Memorandum of cooperation was signed between STP and the Employers&#8217; union of Montenegro<\/a><\/h5>\r\n                                    <\/div>\r\n                                <\/div>\r\n                            <\/div>\r\n                        \r\n                            <!-- News Block Ten -->\r\n                            <div class=\"news-block-ten col-lg-4 col-md-6 col-sm-12\">\r\n                                <div class=\"inner-box wow fadeInRight\" data-wow-delay=\"0ms\" data-wow-duration=\"1500ms\">\r\n                                    <div class=\"image\">\r\n                                        <a href=\"https:\/\/ntpark.me\/en\/news\/specto-solutions-pojacanje-inovativne-zajednice-u-ntp-u\/\"><img loading=\"lazy\" decoding=\"async\" width=\"1802\" height=\"1867\" src=\"https:\/\/ntpark.me\/wp-content\/uploads\/2025\/01\/spectro-s-scaledkkk.jpg\" class=\"attachment-full size-full\" alt=\"\" srcset=\"https:\/\/ntpark.me\/wp-content\/uploads\/2025\/01\/spectro-s-scaledkkk.jpg 1802w, https:\/\/ntpark.me\/wp-content\/uploads\/2025\/01\/spectro-s-scaledkkk-290x300.jpg 290w, https:\/\/ntpark.me\/wp-content\/uploads\/2025\/01\/spectro-s-scaledkkk-988x1024.jpg 988w, https:\/\/ntpark.me\/wp-content\/uploads\/2025\/01\/spectro-s-scaledkkk-768x796.jpg 768w, https:\/\/ntpark.me\/wp-content\/uploads\/2025\/01\/spectro-s-scaledkkk-1483x1536.jpg 1483w\" sizes=\"(max-width: 1802px) 100vw, 1802px\" \/><\/a>\r\n                                    <\/div>\r\n                                    <div class=\"lower-content\">\r\n                                        <ul class=\"post-meta\">\r\n                                            <li><span class=\"icon fal fa-user-alt\"><\/span>editor<\/li>\r\n                                            <li><span class=\"icon fal fa-calendar-alt\"><\/span>Jan 21, 2025<\/li>\r\n                                        <\/ul>\r\n                                        <h5><a href=\"https:\/\/ntpark.me\/en\/news\/specto-solutions-pojacanje-inovativne-zajednice-u-ntp-u\/\">Specto Solutions: Strengthening the innovative community at STP<\/a><\/h5>\r\n                                    <\/div>\r\n                                <\/div>\r\n                            <\/div>\r\n                        \r\n                            <!-- News Block Ten -->\r\n                            <div class=\"news-block-ten col-lg-4 col-md-6 col-sm-12\">\r\n                                <div class=\"inner-box wow fadeInRight\" data-wow-delay=\"0ms\" data-wow-duration=\"1500ms\">\r\n                                    <div class=\"image\">\r\n                                        <a href=\"https:\/\/ntpark.me\/en\/news\/meditera-virtuelni-stanar-koji-spaja-prirodu-i-inovacije-u-ntp-u\/\"><img loading=\"lazy\" decoding=\"async\" width=\"1782\" height=\"1657\" src=\"https:\/\/ntpark.me\/wp-content\/uploads\/2025\/01\/meditera-scaledlili-1.jpg\" class=\"attachment-full size-full\" alt=\"\" srcset=\"https:\/\/ntpark.me\/wp-content\/uploads\/2025\/01\/meditera-scaledlili-1.jpg 1782w, https:\/\/ntpark.me\/wp-content\/uploads\/2025\/01\/meditera-scaledlili-1-300x279.jpg 300w, https:\/\/ntpark.me\/wp-content\/uploads\/2025\/01\/meditera-scaledlili-1-1024x952.jpg 1024w, https:\/\/ntpark.me\/wp-content\/uploads\/2025\/01\/meditera-scaledlili-1-768x714.jpg 768w, https:\/\/ntpark.me\/wp-content\/uploads\/2025\/01\/meditera-scaledlili-1-1536x1428.jpg 1536w\" sizes=\"(max-width: 1782px) 100vw, 1782px\" \/><\/a>\r\n                                    <\/div>\r\n                                    <div class=\"lower-content\">\r\n                                        <ul class=\"post-meta\">\r\n                                            <li><span class=\"icon fal fa-user-alt\"><\/span>editor<\/li>\r\n                                            <li><span class=\"icon fal fa-calendar-alt\"><\/span>Jan 21, 2025<\/li>\r\n                                        <\/ul>\r\n                                        <h5><a href=\"https:\/\/ntpark.me\/en\/news\/meditera-virtuelni-stanar-koji-spaja-prirodu-i-inovacije-u-ntp-u\/\">Meditera: A virtual tenant connecting nature and Innovation at STP<\/a><\/h5>\r\n                                    <\/div>\r\n                                <\/div>\r\n                            <\/div>\r\n                        \r\n                            <!-- News Block Ten -->\r\n                            <div class=\"news-block-ten col-lg-4 col-md-6 col-sm-12\">\r\n                                <div class=\"inner-box wow fadeInRight\" data-wow-delay=\"0ms\" data-wow-duration=\"1500ms\">\r\n                                    <div class=\"image\">\r\n                                        <a href=\"https:\/\/ntpark.me\/en\/news\/posjeta-metalursko-tehnoloskog-fakulteta-naucno-tehnoloskom-parku-crne-gore-jacanje-saradnje-za-odrzivu-inovacionu-buducnost-crne-gore-i-komercijalizaciju-istrazivanja\/\"><img loading=\"lazy\" decoding=\"async\" width=\"1200\" height=\"1030\" src=\"https:\/\/ntpark.me\/wp-content\/uploads\/2025\/01\/ntpppppp.jpg\" class=\"attachment-full size-full\" alt=\"\" srcset=\"https:\/\/ntpark.me\/wp-content\/uploads\/2025\/01\/ntpppppp.jpg 1200w, https:\/\/ntpark.me\/wp-content\/uploads\/2025\/01\/ntpppppp-300x258.jpg 300w, https:\/\/ntpark.me\/wp-content\/uploads\/2025\/01\/ntpppppp-1024x879.jpg 1024w, https:\/\/ntpark.me\/wp-content\/uploads\/2025\/01\/ntpppppp-768x659.jpg 768w, https:\/\/ntpark.me\/wp-content\/uploads\/2025\/01\/ntpppppp-60x51.jpg 60w\" sizes=\"(max-width: 1200px) 100vw, 1200px\" \/><\/a>\r\n                                    <\/div>\r\n                                    <div class=\"lower-content\">\r\n                                        <ul class=\"post-meta\">\r\n                                            <li><span class=\"icon fal fa-user-alt\"><\/span>editor<\/li>\r\n                                            <li><span class=\"icon fal fa-calendar-alt\"><\/span>Jan 20, 2025<\/li>\r\n                                        <\/ul>\r\n                                        <h5><a href=\"https:\/\/ntpark.me\/en\/news\/posjeta-metalursko-tehnoloskog-fakulteta-naucno-tehnoloskom-parku-crne-gore-jacanje-saradnje-za-odrzivu-inovacionu-buducnost-crne-gore-i-komercijalizaciju-istrazivanja\/\">Visit of the faculty of Metallurgy and technology to the Scientific-technological park of Montenegro: Strengthening cooperation for a sustainable Innovative future of Montenegro and the commercialization of research<\/a><\/h5>\r\n                                    <\/div>\r\n                                <\/div>\r\n                            <\/div>\r\n                        \r\n                            <!-- News Block Ten -->\r\n                            <div class=\"news-block-ten col-lg-4 col-md-6 col-sm-12\">\r\n                                <div class=\"inner-box wow fadeInRight\" data-wow-delay=\"0ms\" data-wow-duration=\"1500ms\">\r\n                                    <div class=\"image\">\r\n                                        <a href=\"https:\/\/ntpark.me\/en\/news\/sjever-me-inovativna-snaga-sjevera-u-ntp-u-crne-gore\/\"><img loading=\"lazy\" decoding=\"async\" width=\"1920\" height=\"1771\" src=\"https:\/\/ntpark.me\/wp-content\/uploads\/2025\/01\/SJEVERaca.jpg\" class=\"attachment-full size-full\" alt=\"\" srcset=\"https:\/\/ntpark.me\/wp-content\/uploads\/2025\/01\/SJEVERaca.jpg 1920w, https:\/\/ntpark.me\/wp-content\/uploads\/2025\/01\/SJEVERaca-300x277.jpg 300w, https:\/\/ntpark.me\/wp-content\/uploads\/2025\/01\/SJEVERaca-1024x945.jpg 1024w, https:\/\/ntpark.me\/wp-content\/uploads\/2025\/01\/SJEVERaca-768x708.jpg 768w, https:\/\/ntpark.me\/wp-content\/uploads\/2025\/01\/SJEVERaca-1536x1417.jpg 1536w\" sizes=\"(max-width: 1920px) 100vw, 1920px\" \/><\/a>\r\n                                    <\/div>\r\n                                    <div class=\"lower-content\">\r\n                                        <ul class=\"post-meta\">\r\n                                            <li><span class=\"icon fal fa-user-alt\"><\/span>editor<\/li>\r\n                                            <li><span class=\"icon fal fa-calendar-alt\"><\/span>Jan 20, 2025<\/li>\r\n                                        <\/ul>\r\n                                        <h5><a href=\"https:\/\/ntpark.me\/en\/news\/sjever-me-inovativna-snaga-sjevera-u-ntp-u-crne-gore\/\">SJEVER.ME: The innovative power of the north at STP Montenegro<\/a><\/h5>\r\n                                    <\/div>\r\n                                <\/div>\r\n                            <\/div>\r\n                        \r\n                            <!-- News Block Ten -->\r\n                            <div class=\"news-block-ten col-lg-4 col-md-6 col-sm-12\">\r\n                                <div class=\"inner-box wow fadeInRight\" data-wow-delay=\"0ms\" data-wow-duration=\"1500ms\">\r\n                                    <div class=\"image\">\r\n                                        <a href=\"https:\/\/ntpark.me\/en\/news\/oneai-u-ntp-sinergija-inovacija-za-buducnost-crne-gore\/\"><img loading=\"lazy\" decoding=\"async\" width=\"1920\" height=\"1741\" src=\"https:\/\/ntpark.me\/wp-content\/uploads\/2025\/01\/ONEAI-scaled-1.jpg\" class=\"attachment-full size-full\" alt=\"\" srcset=\"https:\/\/ntpark.me\/wp-content\/uploads\/2025\/01\/ONEAI-scaled-1.jpg 1920w, https:\/\/ntpark.me\/wp-content\/uploads\/2025\/01\/ONEAI-scaled-1-300x272.jpg 300w, https:\/\/ntpark.me\/wp-content\/uploads\/2025\/01\/ONEAI-scaled-1-1024x929.jpg 1024w, https:\/\/ntpark.me\/wp-content\/uploads\/2025\/01\/ONEAI-scaled-1-768x696.jpg 768w, https:\/\/ntpark.me\/wp-content\/uploads\/2025\/01\/ONEAI-scaled-1-1536x1393.jpg 1536w\" sizes=\"(max-width: 1920px) 100vw, 1920px\" \/><\/a>\r\n                                    <\/div>\r\n                                    <div class=\"lower-content\">\r\n                                        <ul class=\"post-meta\">\r\n                                            <li><span class=\"icon fal fa-user-alt\"><\/span>editor<\/li>\r\n                                            <li><span class=\"icon fal fa-calendar-alt\"><\/span>Jan 20, 2025<\/li>\r\n                                        <\/ul>\r\n                                        <h5><a href=\"https:\/\/ntpark.me\/en\/news\/oneai-u-ntp-sinergija-inovacija-za-buducnost-crne-gore\/\">OneAI at STP: Synergy of innovations for the future of Montenegro<\/a><\/h5>\r\n                                    <\/div>\r\n                                <\/div>\r\n                            <\/div>\r\n                        \r\n                            <!-- News Block Ten -->\r\n                            <div class=\"news-block-ten col-lg-4 col-md-6 col-sm-12\">\r\n                                <div class=\"inner-box wow fadeInRight\" data-wow-delay=\"0ms\" data-wow-duration=\"1500ms\">\r\n                                    <div class=\"image\">\r\n                                        <a href=\"https:\/\/ntpark.me\/en\/news\/centar-za-omladinsku-edukaciju-ulazi-u-inovacionu-zajednicu-ntp-a\/\"><img loading=\"lazy\" decoding=\"async\" width=\"896\" height=\"795\" src=\"https:\/\/ntpark.me\/wp-content\/uploads\/2025\/01\/jugo.jpg\" class=\"attachment-full size-full\" alt=\"\" srcset=\"https:\/\/ntpark.me\/wp-content\/uploads\/2025\/01\/jugo.jpg 896w, https:\/\/ntpark.me\/wp-content\/uploads\/2025\/01\/jugo-300x266.jpg 300w, https:\/\/ntpark.me\/wp-content\/uploads\/2025\/01\/jugo-768x681.jpg 768w\" sizes=\"(max-width: 896px) 100vw, 896px\" \/><\/a>\r\n                                    <\/div>\r\n                                    <div class=\"lower-content\">\r\n                                        <ul class=\"post-meta\">\r\n                                            <li><span class=\"icon fal fa-user-alt\"><\/span>editor<\/li>\r\n                                            <li><span class=\"icon fal fa-calendar-alt\"><\/span>Jan 17, 2025<\/li>\r\n                                        <\/ul>\r\n                                        <h5><a href=\"https:\/\/ntpark.me\/en\/news\/centar-za-omladinsku-edukaciju-ulazi-u-inovacionu-zajednicu-ntp-a\/\">The Center for youth education joins the innovation community of STP<\/a><\/h5>\r\n                                    <\/div>\r\n                                <\/div>\r\n                            <\/div>\r\n                        \r\n                            <!-- News Block Ten -->\r\n                            <div class=\"news-block-ten col-lg-4 col-md-6 col-sm-12\">\r\n                                <div class=\"inner-box wow fadeInRight\" data-wow-delay=\"0ms\" data-wow-duration=\"1500ms\">\r\n                                    <div class=\"image\">\r\n                                        <a href=\"https:\/\/ntpark.me\/en\/news\/ninamedia-kliping-novi-stanar-ntp-a-crne-gore\/\"><img loading=\"lazy\" decoding=\"async\" width=\"896\" height=\"774\" src=\"https:\/\/ntpark.me\/wp-content\/uploads\/2025\/01\/Ninamedia.jpg\" class=\"attachment-full size-full\" alt=\"\" srcset=\"https:\/\/ntpark.me\/wp-content\/uploads\/2025\/01\/Ninamedia.jpg 896w, https:\/\/ntpark.me\/wp-content\/uploads\/2025\/01\/Ninamedia-300x259.jpg 300w, https:\/\/ntpark.me\/wp-content\/uploads\/2025\/01\/Ninamedia-768x663.jpg 768w, https:\/\/ntpark.me\/wp-content\/uploads\/2025\/01\/Ninamedia-60x51.jpg 60w\" sizes=\"(max-width: 896px) 100vw, 896px\" \/><\/a>\r\n                                    <\/div>\r\n                                    <div class=\"lower-content\">\r\n                                        <ul class=\"post-meta\">\r\n                                            <li><span class=\"icon fal fa-user-alt\"><\/span>editor<\/li>\r\n                                            <li><span class=\"icon fal fa-calendar-alt\"><\/span>Jan 17, 2025<\/li>\r\n                                        <\/ul>\r\n                                        <h5><a href=\"https:\/\/ntpark.me\/en\/news\/ninamedia-kliping-novi-stanar-ntp-a-crne-gore\/\">NINAMEDIA CLIPPING: New tenant of the STP of Montenegro<\/a><\/h5>\r\n                                    <\/div>\r\n                                <\/div>\r\n                            <\/div>\r\n                        \r\n                            <!-- News Block Ten -->\r\n                            <div class=\"news-block-ten col-lg-4 col-md-6 col-sm-12\">\r\n                                <div class=\"inner-box wow fadeInRight\" data-wow-delay=\"0ms\" data-wow-duration=\"1500ms\">\r\n                                    <div class=\"image\">\r\n                                        <a href=\"https:\/\/ntpark.me\/en\/news\/naucno-tehnoloski-park-crne-gore-partner-na-projektu-montedih\/\"><img loading=\"lazy\" decoding=\"async\" width=\"1024\" height=\"768\" src=\"https:\/\/ntpark.me\/wp-content\/uploads\/2025\/01\/ntp_crne_gore_271219_tw1024-1.jpg\" class=\"attachment-full size-full\" alt=\"\" srcset=\"https:\/\/ntpark.me\/wp-content\/uploads\/2025\/01\/ntp_crne_gore_271219_tw1024-1.jpg 1024w, https:\/\/ntpark.me\/wp-content\/uploads\/2025\/01\/ntp_crne_gore_271219_tw1024-1-300x225.jpg 300w, https:\/\/ntpark.me\/wp-content\/uploads\/2025\/01\/ntp_crne_gore_271219_tw1024-1-768x576.jpg 768w\" sizes=\"(max-width: 1024px) 100vw, 1024px\" \/><\/a>\r\n                                    <\/div>\r\n                                    <div class=\"lower-content\">\r\n                                        <ul class=\"post-meta\">\r\n                                            <li><span class=\"icon fal fa-user-alt\"><\/span>editor<\/li>\r\n                                            <li><span class=\"icon fal fa-calendar-alt\"><\/span>Jan 10, 2025<\/li>\r\n                                        <\/ul>\r\n                                        <h5><a href=\"https:\/\/ntpark.me\/en\/news\/naucno-tehnoloski-park-crne-gore-partner-na-projektu-montedih\/\">Scientific-technological park of Montenegro partner on the project MontEDIH<\/a><\/h5>\r\n                                    <\/div>\r\n                                <\/div>\r\n                            <\/div>\r\n                        \r\n                            <!-- News Block Ten -->\r\n                            <div class=\"news-block-ten col-lg-4 col-md-6 col-sm-12\">\r\n                                <div class=\"inner-box wow fadeInRight\" data-wow-delay=\"0ms\" data-wow-duration=\"1500ms\">\r\n                                    <div class=\"image\">\r\n                                        <a href=\"https:\/\/ntpark.me\/en\/news\/azoteq-montenegro-novi-stanar-ntp-a-donosi-napredne-tehnologije-u-crnu-goru\/\"><img loading=\"lazy\" decoding=\"async\" width=\"2560\" height=\"2544\" src=\"https:\/\/ntpark.me\/wp-content\/uploads\/2024\/12\/AZOTEQQQ-scaled.jpg\" class=\"attachment-full size-full\" alt=\"\" srcset=\"https:\/\/ntpark.me\/wp-content\/uploads\/2024\/12\/AZOTEQQQ-scaled.jpg 2560w, https:\/\/ntpark.me\/wp-content\/uploads\/2024\/12\/AZOTEQQQ-300x298.jpg 300w, https:\/\/ntpark.me\/wp-content\/uploads\/2024\/12\/AZOTEQQQ-1024x1018.jpg 1024w, https:\/\/ntpark.me\/wp-content\/uploads\/2024\/12\/AZOTEQQQ-150x150.jpg 150w, https:\/\/ntpark.me\/wp-content\/uploads\/2024\/12\/AZOTEQQQ-768x763.jpg 768w, https:\/\/ntpark.me\/wp-content\/uploads\/2024\/12\/AZOTEQQQ-1536x1526.jpg 1536w, https:\/\/ntpark.me\/wp-content\/uploads\/2024\/12\/AZOTEQQQ-2048x2035.jpg 2048w, https:\/\/ntpark.me\/wp-content\/uploads\/2024\/12\/AZOTEQQQ-74x73.jpg 74w\" sizes=\"(max-width: 2560px) 100vw, 2560px\" \/><\/a>\r\n                                    <\/div>\r\n                                    <div class=\"lower-content\">\r\n                                        <ul class=\"post-meta\">\r\n                                            <li><span class=\"icon fal fa-user-alt\"><\/span>editor<\/li>\r\n                                            <li><span class=\"icon fal fa-calendar-alt\"><\/span>Dec 30, 2024<\/li>\r\n                                        <\/ul>\r\n                                        <h5><a href=\"https:\/\/ntpark.me\/en\/news\/azoteq-montenegro-novi-stanar-ntp-a-donosi-napredne-tehnologije-u-crnu-goru\/\">Azoteq Montenegro &#8211; A new tenant at STP brings advanced technologies to Montenegro<\/a><\/h5>\r\n                                    <\/div>\r\n                                <\/div>\r\n                            <\/div>\r\n                        \r\n                            <!-- News Block Ten -->\r\n                            <div class=\"news-block-ten col-lg-4 col-md-6 col-sm-12\">\r\n                                <div class=\"inner-box wow fadeInRight\" data-wow-delay=\"0ms\" data-wow-duration=\"1500ms\">\r\n                                    <div class=\"image\">\r\n                                        <a href=\"https:\/\/ntpark.me\/en\/news\/uhura-solutions-novi-stanar-ntp-a-donosi-ai-inovacije-u-finansijske-usluge\/\"><img loading=\"lazy\" decoding=\"async\" width=\"2560\" height=\"2417\" src=\"https:\/\/ntpark.me\/wp-content\/uploads\/2024\/12\/UHURAAAA-scaled.jpg\" class=\"attachment-full size-full\" alt=\"\" srcset=\"https:\/\/ntpark.me\/wp-content\/uploads\/2024\/12\/UHURAAAA-scaled.jpg 2560w, https:\/\/ntpark.me\/wp-content\/uploads\/2024\/12\/UHURAAAA-300x283.jpg 300w, https:\/\/ntpark.me\/wp-content\/uploads\/2024\/12\/UHURAAAA-1024x967.jpg 1024w, https:\/\/ntpark.me\/wp-content\/uploads\/2024\/12\/UHURAAAA-768x725.jpg 768w, https:\/\/ntpark.me\/wp-content\/uploads\/2024\/12\/UHURAAAA-1536x1450.jpg 1536w, https:\/\/ntpark.me\/wp-content\/uploads\/2024\/12\/UHURAAAA-2048x1934.jpg 2048w\" sizes=\"(max-width: 2560px) 100vw, 2560px\" \/><\/a>\r\n                                    <\/div>\r\n                                    <div class=\"lower-content\">\r\n                                        <ul class=\"post-meta\">\r\n                                            <li><span class=\"icon fal fa-user-alt\"><\/span>editor<\/li>\r\n                                            <li><span class=\"icon fal fa-calendar-alt\"><\/span>Dec 30, 2024<\/li>\r\n                                        <\/ul>\r\n                                        <h5><a href=\"https:\/\/ntpark.me\/en\/news\/uhura-solutions-novi-stanar-ntp-a-donosi-ai-inovacije-u-finansijske-usluge\/\">Uhura Solutions &#8211; A new STP tenant brings AI Innovations to financial services<\/a><\/h5>\r\n                                    <\/div>\r\n                                <\/div>\r\n                            <\/div>\r\n                        \r\n                            <!-- News Block Ten -->\r\n                            <div class=\"news-block-ten col-lg-4 col-md-6 col-sm-12\">\r\n                                <div class=\"inner-box wow fadeInRight\" data-wow-delay=\"0ms\" data-wow-duration=\"1500ms\">\r\n                                    <div class=\"image\">\r\n                                        <a href=\"https:\/\/ntpark.me\/en\/news\/nova-snaga-u-ntp-u-g-consulting-donosi-podrsku-i-inovacije\/\"><img loading=\"lazy\" decoding=\"async\" width=\"2560\" height=\"2290\" src=\"https:\/\/ntpark.me\/wp-content\/uploads\/2024\/12\/GGGGGG-scaled.jpg\" class=\"attachment-full size-full\" alt=\"\" srcset=\"https:\/\/ntpark.me\/wp-content\/uploads\/2024\/12\/GGGGGG-scaled.jpg 2560w, https:\/\/ntpark.me\/wp-content\/uploads\/2024\/12\/GGGGGG-300x268.jpg 300w, https:\/\/ntpark.me\/wp-content\/uploads\/2024\/12\/GGGGGG-1024x916.jpg 1024w, https:\/\/ntpark.me\/wp-content\/uploads\/2024\/12\/GGGGGG-768x687.jpg 768w, https:\/\/ntpark.me\/wp-content\/uploads\/2024\/12\/GGGGGG-1536x1374.jpg 1536w, https:\/\/ntpark.me\/wp-content\/uploads\/2024\/12\/GGGGGG-2048x1832.jpg 2048w\" sizes=\"(max-width: 2560px) 100vw, 2560px\" \/><\/a>\r\n                                    <\/div>\r\n                                    <div class=\"lower-content\">\r\n                                        <ul class=\"post-meta\">\r\n                                            <li><span class=\"icon fal fa-user-alt\"><\/span>editor<\/li>\r\n                                            <li><span class=\"icon fal fa-calendar-alt\"><\/span>Dec 30, 2024<\/li>\r\n                                        <\/ul>\r\n                                        <h5><a href=\"https:\/\/ntpark.me\/en\/news\/nova-snaga-u-ntp-u-g-consulting-donosi-podrsku-i-inovacije\/\">New strength in STP: G Consulting brings support and innovations<\/a><\/h5>\r\n                                    <\/div>\r\n                                <\/div>\r\n                            <\/div>\r\n                        \r\n                            <!-- News Block Ten -->\r\n                            <div class=\"news-block-ten col-lg-4 col-md-6 col-sm-12\">\r\n                                <div class=\"inner-box wow fadeInRight\" data-wow-delay=\"0ms\" data-wow-duration=\"1500ms\">\r\n                                    <div class=\"image\">\r\n                                        <a href=\"https:\/\/ntpark.me\/en\/news\/center-for-finance-novi-stanar-ntp-a-koji-pokrece-inovacije-u-ekonomiji\/\"><img loading=\"lazy\" decoding=\"async\" width=\"2560\" height=\"2292\" src=\"https:\/\/ntpark.me\/wp-content\/uploads\/2024\/12\/CE-scaled.jpg\" class=\"attachment-full size-full\" alt=\"\" srcset=\"https:\/\/ntpark.me\/wp-content\/uploads\/2024\/12\/CE-scaled.jpg 2560w, https:\/\/ntpark.me\/wp-content\/uploads\/2024\/12\/CE-300x269.jpg 300w, https:\/\/ntpark.me\/wp-content\/uploads\/2024\/12\/CE-1024x917.jpg 1024w, https:\/\/ntpark.me\/wp-content\/uploads\/2024\/12\/CE-768x688.jpg 768w, https:\/\/ntpark.me\/wp-content\/uploads\/2024\/12\/CE-1536x1375.jpg 1536w, https:\/\/ntpark.me\/wp-content\/uploads\/2024\/12\/CE-2048x1834.jpg 2048w\" sizes=\"(max-width: 2560px) 100vw, 2560px\" \/><\/a>\r\n                                    <\/div>\r\n                                    <div class=\"lower-content\">\r\n                                        <ul class=\"post-meta\">\r\n                                            <li><span class=\"icon fal fa-user-alt\"><\/span>editor<\/li>\r\n                                            <li><span class=\"icon fal fa-calendar-alt\"><\/span>Dec 30, 2024<\/li>\r\n                                        <\/ul>\r\n                                        <h5><a href=\"https:\/\/ntpark.me\/en\/news\/center-for-finance-novi-stanar-ntp-a-koji-pokrece-inovacije-u-ekonomiji\/\">Center for Finance: New tenant of STP driving innovations in the economy<\/a><\/h5>\r\n                                    <\/div>\r\n                                <\/div>\r\n                            <\/div>\r\n                        \r\n                            <!-- News Block Ten -->\r\n                            <div class=\"news-block-ten col-lg-4 col-md-6 col-sm-12\">\r\n                                <div class=\"inner-box wow fadeInRight\" data-wow-delay=\"0ms\" data-wow-duration=\"1500ms\">\r\n                                    <div class=\"image\">\r\n                                        <a href=\"https:\/\/ntpark.me\/en\/news\/bixbit-inovativni-partner-ntp-a-koji-oblikuje-buducnost-poslovanja\/\"><img loading=\"lazy\" decoding=\"async\" width=\"1920\" height=\"1403\" src=\"https:\/\/ntpark.me\/wp-content\/uploads\/2024\/12\/bixbit-.jpg\" class=\"attachment-full size-full\" alt=\"\" srcset=\"https:\/\/ntpark.me\/wp-content\/uploads\/2024\/12\/bixbit-.jpg 1920w, https:\/\/ntpark.me\/wp-content\/uploads\/2024\/12\/bixbit--300x219.jpg 300w, https:\/\/ntpark.me\/wp-content\/uploads\/2024\/12\/bixbit--1024x748.jpg 1024w, https:\/\/ntpark.me\/wp-content\/uploads\/2024\/12\/bixbit--768x561.jpg 768w, https:\/\/ntpark.me\/wp-content\/uploads\/2024\/12\/bixbit--1536x1122.jpg 1536w\" sizes=\"(max-width: 1920px) 100vw, 1920px\" \/><\/a>\r\n                                    <\/div>\r\n                                    <div class=\"lower-content\">\r\n                                        <ul class=\"post-meta\">\r\n                                            <li><span class=\"icon fal fa-user-alt\"><\/span>editor<\/li>\r\n                                            <li><span class=\"icon fal fa-calendar-alt\"><\/span>Dec 26, 2024<\/li>\r\n                                        <\/ul>\r\n                                        <h5><a href=\"https:\/\/ntpark.me\/en\/news\/bixbit-inovativni-partner-ntp-a-koji-oblikuje-buducnost-poslovanja\/\">Bixbit: An innovative STP partner shaping the future of business<\/a><\/h5>\r\n                                    <\/div>\r\n                                <\/div>\r\n                            <\/div>\r\n                        \r\n                            <!-- News Block Ten -->\r\n                            <div class=\"news-block-ten col-lg-4 col-md-6 col-sm-12\">\r\n                                <div class=\"inner-box wow fadeInRight\" data-wow-delay=\"0ms\" data-wow-duration=\"1500ms\">\r\n                                    <div class=\"image\">\r\n                                        <a href=\"https:\/\/ntpark.me\/en\/news\/paid-mne-novi-clan-ntp-zajednice\/\"><img loading=\"lazy\" decoding=\"async\" width=\"1920\" height=\"1915\" src=\"https:\/\/ntpark.me\/wp-content\/uploads\/2024\/12\/paid-mne-scaledggggg.jpg\" class=\"attachment-full size-full\" alt=\"\" srcset=\"https:\/\/ntpark.me\/wp-content\/uploads\/2024\/12\/paid-mne-scaledggggg.jpg 1920w, https:\/\/ntpark.me\/wp-content\/uploads\/2024\/12\/paid-mne-scaledggggg-300x300.jpg 300w, https:\/\/ntpark.me\/wp-content\/uploads\/2024\/12\/paid-mne-scaledggggg-1024x1021.jpg 1024w, https:\/\/ntpark.me\/wp-content\/uploads\/2024\/12\/paid-mne-scaledggggg-150x150.jpg 150w, https:\/\/ntpark.me\/wp-content\/uploads\/2024\/12\/paid-mne-scaledggggg-768x766.jpg 768w, https:\/\/ntpark.me\/wp-content\/uploads\/2024\/12\/paid-mne-scaledggggg-1536x1532.jpg 1536w, https:\/\/ntpark.me\/wp-content\/uploads\/2024\/12\/paid-mne-scaledggggg-74x73.jpg 74w, https:\/\/ntpark.me\/wp-content\/uploads\/2024\/12\/paid-mne-scaledggggg-400x400.jpg 400w\" sizes=\"(max-width: 1920px) 100vw, 1920px\" \/><\/a>\r\n                                    <\/div>\r\n                                    <div class=\"lower-content\">\r\n                                        <ul class=\"post-meta\">\r\n                                            <li><span class=\"icon fal fa-user-alt\"><\/span>editor<\/li>\r\n                                            <li><span class=\"icon fal fa-calendar-alt\"><\/span>Dec 25, 2024<\/li>\r\n                                        <\/ul>\r\n                                        <h5><a href=\"https:\/\/ntpark.me\/en\/news\/paid-mne-novi-clan-ntp-zajednice\/\">PAID MNE: New member of the STP Community<\/a><\/h5>\r\n                                    <\/div>\r\n                                <\/div>\r\n                            <\/div>\r\n                        \r\n                            <!-- News Block Ten -->\r\n                            <div class=\"news-block-ten col-lg-4 col-md-6 col-sm-12\">\r\n                                <div class=\"inner-box wow fadeInRight\" data-wow-delay=\"0ms\" data-wow-duration=\"1500ms\">\r\n                                    <div class=\"image\">\r\n                                        <a href=\"https:\/\/ntpark.me\/en\/news\/predstavljamo-novog-clana-ntp-a-institut-savremenih-tehnologija-crne-gore\/\"><img loading=\"lazy\" decoding=\"async\" width=\"1024\" height=\"814\" src=\"https:\/\/ntpark.me\/wp-content\/uploads\/2024\/12\/NISTIN-1024x1024-1.jpg\" class=\"attachment-full size-full\" alt=\"\" srcset=\"https:\/\/ntpark.me\/wp-content\/uploads\/2024\/12\/NISTIN-1024x1024-1.jpg 1024w, https:\/\/ntpark.me\/wp-content\/uploads\/2024\/12\/NISTIN-1024x1024-1-300x238.jpg 300w, https:\/\/ntpark.me\/wp-content\/uploads\/2024\/12\/NISTIN-1024x1024-1-768x611.jpg 768w\" sizes=\"(max-width: 1024px) 100vw, 1024px\" \/><\/a>\r\n                                    <\/div>\r\n                                    <div class=\"lower-content\">\r\n                                        <ul class=\"post-meta\">\r\n                                            <li><span class=\"icon fal fa-user-alt\"><\/span>editor<\/li>\r\n                                            <li><span class=\"icon fal fa-calendar-alt\"><\/span>Dec 24, 2024<\/li>\r\n                                        <\/ul>\r\n                                        <h5><a href=\"https:\/\/ntpark.me\/en\/news\/predstavljamo-novog-clana-ntp-a-institut-savremenih-tehnologija-crne-gore\/\">We are proud to introduce the newest member of the STP community: the Institute of modern technologies of Montenegro<\/a><\/h5>\r\n                                    <\/div>\r\n                                <\/div>\r\n                            <\/div>\r\n                        \r\n                            <!-- News Block Ten -->\r\n                            <div class=\"news-block-ten col-lg-4 col-md-6 col-sm-12\">\r\n                                <div class=\"inner-box wow fadeInRight\" data-wow-delay=\"0ms\" data-wow-duration=\"1500ms\">\r\n                                    <div class=\"image\">\r\n                                        <a href=\"https:\/\/ntpark.me\/en\/news\/web-falcon-uselio-u-naucno-tehnoloski-park-crne-gore-gradimo-digitalnu-buducnost-zajedno\/\"><img loading=\"lazy\" decoding=\"async\" width=\"768\" height=\"675\" src=\"https:\/\/ntpark.me\/wp-content\/uploads\/2024\/12\/falkon-1-768x1024-1.jpg\" class=\"attachment-full size-full\" alt=\"\" srcset=\"https:\/\/ntpark.me\/wp-content\/uploads\/2024\/12\/falkon-1-768x1024-1.jpg 768w, https:\/\/ntpark.me\/wp-content\/uploads\/2024\/12\/falkon-1-768x1024-1-300x264.jpg 300w\" sizes=\"(max-width: 768px) 100vw, 768px\" \/><\/a>\r\n                                    <\/div>\r\n                                    <div class=\"lower-content\">\r\n                                        <ul class=\"post-meta\">\r\n                                            <li><span class=\"icon fal fa-user-alt\"><\/span>editor<\/li>\r\n                                            <li><span class=\"icon fal fa-calendar-alt\"><\/span>Dec 23, 2024<\/li>\r\n                                        <\/ul>\r\n                                        <h5><a href=\"https:\/\/ntpark.me\/en\/news\/web-falcon-uselio-u-naucno-tehnoloski-park-crne-gore-gradimo-digitalnu-buducnost-zajedno\/\">Web Falcon moves into the Montenegrin science and technology park: Building the digital future together<\/a><\/h5>\r\n                                    <\/div>\r\n                                <\/div>\r\n                            <\/div>\r\n                        \r\n                            <!-- News Block Ten -->\r\n                            <div class=\"news-block-ten col-lg-4 col-md-6 col-sm-12\">\r\n                                <div class=\"inner-box wow fadeInRight\" data-wow-delay=\"0ms\" data-wow-duration=\"1500ms\">\r\n                                    <div class=\"image\">\r\n                                        <a href=\"https:\/\/ntpark.me\/en\/news\/ntp-tim-prvi-novogodisnji-koktel-kao-kruna-uspjeha-2024\/\"><img loading=\"lazy\" decoding=\"async\" width=\"2560\" height=\"1920\" src=\"https:\/\/ntpark.me\/wp-content\/uploads\/2024\/12\/zaaaajednoo-scaled.jpeg\" class=\"attachment-full size-full\" alt=\"\" srcset=\"https:\/\/ntpark.me\/wp-content\/uploads\/2024\/12\/zaaaajednoo-scaled.jpeg 2560w, https:\/\/ntpark.me\/wp-content\/uploads\/2024\/12\/zaaaajednoo-300x225.jpeg 300w, https:\/\/ntpark.me\/wp-content\/uploads\/2024\/12\/zaaaajednoo-1024x768.jpeg 1024w, https:\/\/ntpark.me\/wp-content\/uploads\/2024\/12\/zaaaajednoo-768x576.jpeg 768w, https:\/\/ntpark.me\/wp-content\/uploads\/2024\/12\/zaaaajednoo-1536x1152.jpeg 1536w, https:\/\/ntpark.me\/wp-content\/uploads\/2024\/12\/zaaaajednoo-2048x1536.jpeg 2048w\" sizes=\"(max-width: 2560px) 100vw, 2560px\" \/><\/a>\r\n                                    <\/div>\r\n                                    <div class=\"lower-content\">\r\n                                        <ul class=\"post-meta\">\r\n                                            <li><span class=\"icon fal fa-user-alt\"><\/span>editor<\/li>\r\n                                            <li><span class=\"icon fal fa-calendar-alt\"><\/span>Dec 20, 2024<\/li>\r\n                                        <\/ul>\r\n                                        <h5><a href=\"https:\/\/ntpark.me\/en\/news\/ntp-tim-prvi-novogodisnji-koktel-kao-kruna-uspjeha-2024\/\">STP TEAM: New Year&#8217;s cocktail as the crowning achievement of 2024<\/a><\/h5>\r\n                                    <\/div>\r\n                                <\/div>\r\n                            <\/div>\r\n                        \r\n                            <!-- News Block Ten -->\r\n                            <div class=\"news-block-ten col-lg-4 col-md-6 col-sm-12\">\r\n                                <div class=\"inner-box wow fadeInRight\" data-wow-delay=\"0ms\" data-wow-duration=\"1500ms\">\r\n                                    <div class=\"image\">\r\n                                        <a href=\"https:\/\/ntpark.me\/en\/news\/logik-montenegro-jedan-od-kljucnih-pokretaca-inovacija-ntp-u-crne-gore\/\"><img loading=\"lazy\" decoding=\"async\" width=\"768\" height=\"721\" src=\"https:\/\/ntpark.me\/wp-content\/uploads\/2024\/12\/logik-768x1024-1.jpg\" class=\"attachment-full size-full\" alt=\"\" srcset=\"https:\/\/ntpark.me\/wp-content\/uploads\/2024\/12\/logik-768x1024-1.jpg 768w, https:\/\/ntpark.me\/wp-content\/uploads\/2024\/12\/logik-768x1024-1-300x282.jpg 300w\" sizes=\"(max-width: 768px) 100vw, 768px\" \/><\/a>\r\n                                    <\/div>\r\n                                    <div class=\"lower-content\">\r\n                                        <ul class=\"post-meta\">\r\n                                            <li><span class=\"icon fal fa-user-alt\"><\/span>editor<\/li>\r\n                                            <li><span class=\"icon fal fa-calendar-alt\"><\/span>Dec 19, 2024<\/li>\r\n                                        <\/ul>\r\n                                        <h5><a href=\"https:\/\/ntpark.me\/en\/news\/logik-montenegro-jedan-od-kljucnih-pokretaca-inovacija-ntp-u-crne-gore\/\">Logik Montenegro: An innovative contribution to the development of Montenegro&#8217;s business ecosystem<\/a><\/h5>\r\n                                    <\/div>\r\n                                <\/div>\r\n                            <\/div>\r\n                        \r\n                            <!-- News Block Ten -->\r\n                            <div class=\"news-block-ten col-lg-4 col-md-6 col-sm-12\">\r\n                                <div class=\"inner-box wow fadeInRight\" data-wow-delay=\"0ms\" data-wow-duration=\"1500ms\">\r\n                                    <div class=\"image\">\r\n                                        <a href=\"https:\/\/ntpark.me\/en\/news\/artificial-intelligence-software-solutions-otvara-novu-eru-tehnologije-u-ntp-u\/\"><img loading=\"lazy\" decoding=\"async\" width=\"705\" height=\"652\" src=\"https:\/\/ntpark.me\/wp-content\/uploads\/2024\/12\/artif-768x1024-1.jpg\" class=\"attachment-full size-full\" alt=\"\" srcset=\"https:\/\/ntpark.me\/wp-content\/uploads\/2024\/12\/artif-768x1024-1.jpg 705w, https:\/\/ntpark.me\/wp-content\/uploads\/2024\/12\/artif-768x1024-1-300x277.jpg 300w\" sizes=\"(max-width: 705px) 100vw, 705px\" \/><\/a>\r\n                                    <\/div>\r\n                                    <div class=\"lower-content\">\r\n                                        <ul class=\"post-meta\">\r\n                                            <li><span class=\"icon fal fa-user-alt\"><\/span>editor<\/li>\r\n                                            <li><span class=\"icon fal fa-calendar-alt\"><\/span>Dec 18, 2024<\/li>\r\n                                        <\/ul>\r\n                                        <h5><a href=\"https:\/\/ntpark.me\/en\/news\/artificial-intelligence-software-solutions-otvara-novu-eru-tehnologije-u-ntp-u\/\">Artificial Intelligence Software Solutions opens a new era of technology at STP<\/a><\/h5>\r\n                                    <\/div>\r\n                                <\/div>\r\n                            <\/div>\r\n                        \r\n                            <!-- News Block Ten -->\r\n                            <div class=\"news-block-ten col-lg-4 col-md-6 col-sm-12\">\r\n                                <div class=\"inner-box wow fadeInRight\" data-wow-delay=\"0ms\" data-wow-duration=\"1500ms\">\r\n                                    <div class=\"image\">\r\n                                        <a href=\"https:\/\/ntpark.me\/en\/news\/otvorene-prijave-za-eu-startups-summit-2025\/\"><img loading=\"lazy\" decoding=\"async\" width=\"768\" height=\"432\" src=\"https:\/\/ntpark.me\/wp-content\/uploads\/2024\/12\/tanjaa.png\" class=\"attachment-full size-full\" alt=\"\" srcset=\"https:\/\/ntpark.me\/wp-content\/uploads\/2024\/12\/tanjaa.png 768w, https:\/\/ntpark.me\/wp-content\/uploads\/2024\/12\/tanjaa-300x169.png 300w\" sizes=\"(max-width: 768px) 100vw, 768px\" \/><\/a>\r\n                                    <\/div>\r\n                                    <div class=\"lower-content\">\r\n                                        <ul class=\"post-meta\">\r\n                                            <li><span class=\"icon fal fa-user-alt\"><\/span>editor<\/li>\r\n                                            <li><span class=\"icon fal fa-calendar-alt\"><\/span>Dec 18, 2024<\/li>\r\n                                        <\/ul>\r\n                                        <h5><a href=\"https:\/\/ntpark.me\/en\/news\/otvorene-prijave-za-eu-startups-summit-2025\/\">Applications are now open for the EU-Startups Summit 2025<\/a><\/h5>\r\n                                    <\/div>\r\n                                <\/div>\r\n                            <\/div>\r\n                        \r\n                            <!-- News Block Ten -->\r\n                            <div class=\"news-block-ten col-lg-4 col-md-6 col-sm-12\">\r\n                                <div class=\"inner-box wow fadeInRight\" data-wow-delay=\"0ms\" data-wow-duration=\"1500ms\">\r\n                                    <div class=\"image\">\r\n                                        <a href=\"https:\/\/ntpark.me\/en\/news\/bebeep-u-ntp-u-inovacije-u-mobilnosti-koje-donose-promjene\/\"><img loading=\"lazy\" decoding=\"async\" width=\"1024\" height=\"744\" src=\"https:\/\/ntpark.me\/wp-content\/uploads\/2024\/12\/beeb-slika-1024x1024-2.jpg\" class=\"attachment-full size-full\" alt=\"\" srcset=\"https:\/\/ntpark.me\/wp-content\/uploads\/2024\/12\/beeb-slika-1024x1024-2.jpg 1024w, https:\/\/ntpark.me\/wp-content\/uploads\/2024\/12\/beeb-slika-1024x1024-2-300x218.jpg 300w, https:\/\/ntpark.me\/wp-content\/uploads\/2024\/12\/beeb-slika-1024x1024-2-768x558.jpg 768w\" sizes=\"(max-width: 1024px) 100vw, 1024px\" \/><\/a>\r\n                                    <\/div>\r\n                                    <div class=\"lower-content\">\r\n                                        <ul class=\"post-meta\">\r\n                                            <li><span class=\"icon fal fa-user-alt\"><\/span>editor<\/li>\r\n                                            <li><span class=\"icon fal fa-calendar-alt\"><\/span>Dec 17, 2024<\/li>\r\n                                        <\/ul>\r\n                                        <h5><a href=\"https:\/\/ntpark.me\/en\/news\/bebeep-u-ntp-u-inovacije-u-mobilnosti-koje-donose-promjene\/\">BEBEEP at STP: Innovations in mobility that bring change<\/a><\/h5>\r\n                                    <\/div>\r\n                                <\/div>\r\n                            <\/div>\r\n                        \r\n                            <!-- News Block Ten -->\r\n                            <div class=\"news-block-ten col-lg-4 col-md-6 col-sm-12\">\r\n                                <div class=\"inner-box wow fadeInRight\" data-wow-delay=\"0ms\" data-wow-duration=\"1500ms\">\r\n                                    <div class=\"image\">\r\n                                        <a href=\"https:\/\/ntpark.me\/en\/news\/modrone-prvi-stanar-naucno-tehnoloskog-parka-crne-gore\/\"><img loading=\"lazy\" decoding=\"async\" width=\"1016\" height=\"821\" src=\"https:\/\/ntpark.me\/wp-content\/uploads\/2024\/12\/modronsl-1024x1024-1.jpg\" class=\"attachment-full size-full\" alt=\"\" srcset=\"https:\/\/ntpark.me\/wp-content\/uploads\/2024\/12\/modronsl-1024x1024-1.jpg 1016w, https:\/\/ntpark.me\/wp-content\/uploads\/2024\/12\/modronsl-1024x1024-1-300x242.jpg 300w, https:\/\/ntpark.me\/wp-content\/uploads\/2024\/12\/modronsl-1024x1024-1-768x621.jpg 768w\" sizes=\"(max-width: 1016px) 100vw, 1016px\" \/><\/a>\r\n                                    <\/div>\r\n                                    <div class=\"lower-content\">\r\n                                        <ul class=\"post-meta\">\r\n                                            <li><span class=\"icon fal fa-user-alt\"><\/span>editor<\/li>\r\n                                            <li><span class=\"icon fal fa-calendar-alt\"><\/span>Dec 16, 2024<\/li>\r\n                                        <\/ul>\r\n                                        <h5><a href=\"https:\/\/ntpark.me\/en\/news\/modrone-prvi-stanar-naucno-tehnoloskog-parka-crne-gore\/\">MODRONE \u2013 The first tenant of the Science and technology park of Montenegro<\/a><\/h5>\r\n                                    <\/div>\r\n                                <\/div>\r\n                            <\/div>\r\n                        \r\n                            <!-- News Block Ten -->\r\n                            <div class=\"news-block-ten col-lg-4 col-md-6 col-sm-12\">\r\n                                <div class=\"inner-box wow fadeInRight\" data-wow-delay=\"0ms\" data-wow-duration=\"1500ms\">\r\n                                    <div class=\"image\">\r\n                                        <a href=\"https:\/\/ntpark.me\/en\/news\/uspjesno-zavrsena-obuka-za-implementaciju-principa-cirkularne-ekonomije-u-crnoj-gori\/\"><img loading=\"lazy\" decoding=\"async\" width=\"2560\" height=\"1707\" src=\"https:\/\/ntpark.me\/wp-content\/uploads\/2024\/12\/SL__9931-scaled.jpg\" class=\"attachment-full size-full\" alt=\"\" srcset=\"https:\/\/ntpark.me\/wp-content\/uploads\/2024\/12\/SL__9931-scaled.jpg 2560w, https:\/\/ntpark.me\/wp-content\/uploads\/2024\/12\/SL__9931-300x200.jpg 300w, https:\/\/ntpark.me\/wp-content\/uploads\/2024\/12\/SL__9931-1024x683.jpg 1024w, https:\/\/ntpark.me\/wp-content\/uploads\/2024\/12\/SL__9931-768x512.jpg 768w, https:\/\/ntpark.me\/wp-content\/uploads\/2024\/12\/SL__9931-1536x1024.jpg 1536w, https:\/\/ntpark.me\/wp-content\/uploads\/2024\/12\/SL__9931-2048x1365.jpg 2048w, https:\/\/ntpark.me\/wp-content\/uploads\/2024\/12\/SL__9931-200x132.jpg 200w\" sizes=\"(max-width: 2560px) 100vw, 2560px\" \/><\/a>\r\n                                    <\/div>\r\n                                    <div class=\"lower-content\">\r\n                                        <ul class=\"post-meta\">\r\n                                            <li><span class=\"icon fal fa-user-alt\"><\/span>editor<\/li>\r\n                                            <li><span class=\"icon fal fa-calendar-alt\"><\/span>Dec 16, 2024<\/li>\r\n                                        <\/ul>\r\n                                        <h5><a href=\"https:\/\/ntpark.me\/en\/news\/uspjesno-zavrsena-obuka-za-implementaciju-principa-cirkularne-ekonomije-u-crnoj-gori\/\">Successful completion of training for the implementation of circular economy principles in Montenegro<\/a><\/h5>\r\n                                    <\/div>\r\n                                <\/div>\r\n                            <\/div>\r\n                        \r\n                            <!-- News Block Ten -->\r\n                            <div class=\"news-block-ten col-lg-4 col-md-6 col-sm-12\">\r\n                                <div class=\"inner-box wow fadeInRight\" data-wow-delay=\"0ms\" data-wow-duration=\"1500ms\">\r\n                                    <div class=\"image\">\r\n                                        <a href=\"https:\/\/ntpark.me\/en\/news\/potpisan-memorandum-o-saradnji-u-cilju-povecanja-prisutnosti-eit-a-u-crnogorskoj-inovacionoj-zajednici\/\"><img loading=\"lazy\" decoding=\"async\" width=\"751\" height=\"694\" src=\"https:\/\/ntpark.me\/wp-content\/uploads\/2024\/12\/E-I-T-768x1024-1.jpeg\" class=\"attachment-full size-full\" alt=\"\" srcset=\"https:\/\/ntpark.me\/wp-content\/uploads\/2024\/12\/E-I-T-768x1024-1.jpeg 751w, https:\/\/ntpark.me\/wp-content\/uploads\/2024\/12\/E-I-T-768x1024-1-300x277.jpeg 300w\" sizes=\"(max-width: 751px) 100vw, 751px\" \/><\/a>\r\n                                    <\/div>\r\n                                    <div class=\"lower-content\">\r\n                                        <ul class=\"post-meta\">\r\n                                            <li><span class=\"icon fal fa-user-alt\"><\/span>editor<\/li>\r\n                                            <li><span class=\"icon fal fa-calendar-alt\"><\/span>Dec 16, 2024<\/li>\r\n                                        <\/ul>\r\n                                        <h5><a href=\"https:\/\/ntpark.me\/en\/news\/potpisan-memorandum-o-saradnji-u-cilju-povecanja-prisutnosti-eit-a-u-crnogorskoj-inovacionoj-zajednici\/\">Signed memorandum of cooperation with the aim of increasing the presence of EIT in the Montenegrin innovation community<\/a><\/h5>\r\n                                    <\/div>\r\n                                <\/div>\r\n                            <\/div>\r\n                        \r\n                            <!-- News Block Ten -->\r\n                            <div class=\"news-block-ten col-lg-4 col-md-6 col-sm-12\">\r\n                                <div class=\"inner-box wow fadeInRight\" data-wow-delay=\"0ms\" data-wow-duration=\"1500ms\">\r\n                                    <div class=\"image\">\r\n                                        <a href=\"https:\/\/ntpark.me\/en\/news\/odrzan-hakaton-equal-hackkod-za-jednakost-u-naucno-tehnoloskom-parku-crne-gore\/\"><img loading=\"lazy\" decoding=\"async\" width=\"2560\" height=\"1707\" src=\"https:\/\/ntpark.me\/wp-content\/uploads\/2024\/12\/slika-za-Hakaton-1-scaled.jpg\" class=\"attachment-full size-full\" alt=\"\" srcset=\"https:\/\/ntpark.me\/wp-content\/uploads\/2024\/12\/slika-za-Hakaton-1-scaled.jpg 2560w, https:\/\/ntpark.me\/wp-content\/uploads\/2024\/12\/slika-za-Hakaton-1-300x200.jpg 300w, https:\/\/ntpark.me\/wp-content\/uploads\/2024\/12\/slika-za-Hakaton-1-1024x683.jpg 1024w, https:\/\/ntpark.me\/wp-content\/uploads\/2024\/12\/slika-za-Hakaton-1-768x512.jpg 768w, https:\/\/ntpark.me\/wp-content\/uploads\/2024\/12\/slika-za-Hakaton-1-1536x1024.jpg 1536w, https:\/\/ntpark.me\/wp-content\/uploads\/2024\/12\/slika-za-Hakaton-1-2048x1365.jpg 2048w, https:\/\/ntpark.me\/wp-content\/uploads\/2024\/12\/slika-za-Hakaton-1-200x132.jpg 200w\" sizes=\"(max-width: 2560px) 100vw, 2560px\" \/><\/a>\r\n                                    <\/div>\r\n                                    <div class=\"lower-content\">\r\n                                        <ul class=\"post-meta\">\r\n                                            <li><span class=\"icon fal fa-user-alt\"><\/span>editor<\/li>\r\n                                            <li><span class=\"icon fal fa-calendar-alt\"><\/span>Dec 12, 2024<\/li>\r\n                                        <\/ul>\r\n                                        <h5><a href=\"https:\/\/ntpark.me\/en\/news\/odrzan-hakaton-equal-hackkod-za-jednakost-u-naucno-tehnoloskom-parku-crne-gore\/\">Hackathon &#8220;Equal Hack: Code for equality&#8221; held at the Science and technology park of Montenegro<\/a><\/h5>\r\n                                    <\/div>\r\n                                <\/div>\r\n                            <\/div>\r\n                        \r\n                            <!-- News Block Ten -->\r\n                            <div class=\"news-block-ten col-lg-4 col-md-6 col-sm-12\">\r\n                                <div class=\"inner-box wow fadeInRight\" data-wow-delay=\"0ms\" data-wow-duration=\"1500ms\">\r\n                                    <div class=\"image\">\r\n                                        <a href=\"https:\/\/ntpark.me\/en\/news\/zavrsnica-prve-generacije-skillsup-programa-inovacije-koje-oblikuju-buducnost\/\"><img loading=\"lazy\" decoding=\"async\" width=\"2560\" height=\"1707\" src=\"https:\/\/ntpark.me\/wp-content\/uploads\/2024\/12\/finale-SUP-scaled.jpg\" class=\"attachment-full size-full\" alt=\"\" srcset=\"https:\/\/ntpark.me\/wp-content\/uploads\/2024\/12\/finale-SUP-scaled.jpg 2560w, https:\/\/ntpark.me\/wp-content\/uploads\/2024\/12\/finale-SUP-300x200.jpg 300w, https:\/\/ntpark.me\/wp-content\/uploads\/2024\/12\/finale-SUP-1024x683.jpg 1024w, https:\/\/ntpark.me\/wp-content\/uploads\/2024\/12\/finale-SUP-768x512.jpg 768w, https:\/\/ntpark.me\/wp-content\/uploads\/2024\/12\/finale-SUP-1536x1024.jpg 1536w, https:\/\/ntpark.me\/wp-content\/uploads\/2024\/12\/finale-SUP-2048x1365.jpg 2048w, https:\/\/ntpark.me\/wp-content\/uploads\/2024\/12\/finale-SUP-200x132.jpg 200w\" sizes=\"(max-width: 2560px) 100vw, 2560px\" \/><\/a>\r\n                                    <\/div>\r\n                                    <div class=\"lower-content\">\r\n                                        <ul class=\"post-meta\">\r\n                                            <li><span class=\"icon fal fa-user-alt\"><\/span>editor<\/li>\r\n                                            <li><span class=\"icon fal fa-calendar-alt\"><\/span>Dec 03, 2024<\/li>\r\n                                        <\/ul>\r\n                                        <h5><a href=\"https:\/\/ntpark.me\/en\/news\/zavrsnica-prve-generacije-skillsup-programa-inovacije-koje-oblikuju-buducnost\/\">Final of the first generation SkillsUp program: Innovations that shape the future<\/a><\/h5>\r\n                                    <\/div>\r\n                                <\/div>\r\n                            <\/div>\r\n                        \r\n                            <!-- News Block Ten -->\r\n                            <div class=\"news-block-ten col-lg-4 col-md-6 col-sm-12\">\r\n                                <div class=\"inner-box wow fadeInRight\" data-wow-delay=\"0ms\" data-wow-duration=\"1500ms\">\r\n                                    <div class=\"image\">\r\n                                        <a href=\"https:\/\/ntpark.me\/en\/news\/povezivanje-istrazivanja-i-preduzetnistva-nova-era-saradnje-etf-a-i-ntp-a\/\"><img loading=\"lazy\" decoding=\"async\" width=\"2560\" height=\"1441\" src=\"https:\/\/ntpark.me\/wp-content\/uploads\/2024\/12\/ETF-scaled.jpg\" class=\"attachment-full size-full\" alt=\"\" srcset=\"https:\/\/ntpark.me\/wp-content\/uploads\/2024\/12\/ETF-scaled.jpg 2560w, https:\/\/ntpark.me\/wp-content\/uploads\/2024\/12\/ETF-300x169.jpg 300w, https:\/\/ntpark.me\/wp-content\/uploads\/2024\/12\/ETF-1024x576.jpg 1024w, https:\/\/ntpark.me\/wp-content\/uploads\/2024\/12\/ETF-768x432.jpg 768w, https:\/\/ntpark.me\/wp-content\/uploads\/2024\/12\/ETF-1536x864.jpg 1536w, https:\/\/ntpark.me\/wp-content\/uploads\/2024\/12\/ETF-2048x1153.jpg 2048w\" sizes=\"(max-width: 2560px) 100vw, 2560px\" \/><\/a>\r\n                                    <\/div>\r\n                                    <div class=\"lower-content\">\r\n                                        <ul class=\"post-meta\">\r\n                                            <li><span class=\"icon fal fa-user-alt\"><\/span>editor<\/li>\r\n                                            <li><span class=\"icon fal fa-calendar-alt\"><\/span>Dec 02, 2024<\/li>\r\n                                        <\/ul>\r\n                                        <h5><a href=\"https:\/\/ntpark.me\/en\/news\/povezivanje-istrazivanja-i-preduzetnistva-nova-era-saradnje-etf-a-i-ntp-a\/\">Connecting research and entrepreneurship: A new era of collaboration between the Faculty of Electrical engineering (ETF) and the Science and technology park of Montenegro<\/a><\/h5>\r\n                                    <\/div>\r\n                                <\/div>\r\n                            <\/div>\r\n                        \r\n                            <!-- News Block Ten -->\r\n                            <div class=\"news-block-ten col-lg-4 col-md-6 col-sm-12\">\r\n                                <div class=\"inner-box wow fadeInRight\" data-wow-delay=\"0ms\" data-wow-duration=\"1500ms\">\r\n                                    <div class=\"image\">\r\n                                        <a href=\"https:\/\/ntpark.me\/en\/news\/fundamentalne-nauke-kao-kljuc-za-jacanje-analitickog-duha-i-rjesavanje-problema-osnov-za-saradnju-pmf-a-i-naucno-tehnoloskog-parka-crne-gore\/\"><img loading=\"lazy\" decoding=\"async\" width=\"2560\" height=\"1441\" src=\"https:\/\/ntpark.me\/wp-content\/uploads\/2024\/12\/PMF-scaled.jpg\" class=\"attachment-full size-full\" alt=\"\" srcset=\"https:\/\/ntpark.me\/wp-content\/uploads\/2024\/12\/PMF-scaled.jpg 2560w, https:\/\/ntpark.me\/wp-content\/uploads\/2024\/12\/PMF-300x169.jpg 300w, https:\/\/ntpark.me\/wp-content\/uploads\/2024\/12\/PMF-1024x576.jpg 1024w, https:\/\/ntpark.me\/wp-content\/uploads\/2024\/12\/PMF-768x432.jpg 768w, https:\/\/ntpark.me\/wp-content\/uploads\/2024\/12\/PMF-1536x864.jpg 1536w, https:\/\/ntpark.me\/wp-content\/uploads\/2024\/12\/PMF-2048x1153.jpg 2048w\" sizes=\"(max-width: 2560px) 100vw, 2560px\" \/><\/a>\r\n                                    <\/div>\r\n                                    <div class=\"lower-content\">\r\n                                        <ul class=\"post-meta\">\r\n                                            <li><span class=\"icon fal fa-user-alt\"><\/span>editor<\/li>\r\n                                            <li><span class=\"icon fal fa-calendar-alt\"><\/span>Dec 02, 2024<\/li>\r\n                                        <\/ul>\r\n                                        <h5><a href=\"https:\/\/ntpark.me\/en\/news\/fundamentalne-nauke-kao-kljuc-za-jacanje-analitickog-duha-i-rjesavanje-problema-osnov-za-saradnju-pmf-a-i-naucno-tehnoloskog-parka-crne-gore\/\">Fundamental sciences as the key to strengthening analytical thinking and problem-solving form the basis for collaboration between the faculty of Mathematics and Natural sciences (PMF) and the Science and technology park of Montenegro<\/a><\/h5>\r\n                                    <\/div>\r\n                                <\/div>\r\n                            <\/div>\r\n                        \r\n                            <!-- News Block Ten -->\r\n                            <div class=\"news-block-ten col-lg-4 col-md-6 col-sm-12\">\r\n                                <div class=\"inner-box wow fadeInRight\" data-wow-delay=\"0ms\" data-wow-duration=\"1500ms\">\r\n                                    <div class=\"image\">\r\n                                        <a href=\"https:\/\/ntpark.me\/en\/news\/studijska-posjeta-ucesnika-boost-urban-future-finance-programa-u-naucno-tehnoloskom-parku-crne-gore\/\"><img loading=\"lazy\" decoding=\"async\" width=\"2560\" height=\"1441\" src=\"https:\/\/ntpark.me\/wp-content\/uploads\/2024\/11\/UNDP-SLIKA-scaled.jpg\" class=\"attachment-full size-full\" alt=\"\" srcset=\"https:\/\/ntpark.me\/wp-content\/uploads\/2024\/11\/UNDP-SLIKA-scaled.jpg 2560w, https:\/\/ntpark.me\/wp-content\/uploads\/2024\/11\/UNDP-SLIKA-300x169.jpg 300w, https:\/\/ntpark.me\/wp-content\/uploads\/2024\/11\/UNDP-SLIKA-1024x576.jpg 1024w, https:\/\/ntpark.me\/wp-content\/uploads\/2024\/11\/UNDP-SLIKA-768x432.jpg 768w, https:\/\/ntpark.me\/wp-content\/uploads\/2024\/11\/UNDP-SLIKA-1536x864.jpg 1536w, https:\/\/ntpark.me\/wp-content\/uploads\/2024\/11\/UNDP-SLIKA-2048x1153.jpg 2048w\" sizes=\"(max-width: 2560px) 100vw, 2560px\" \/><\/a>\r\n                                    <\/div>\r\n                                    <div class=\"lower-content\">\r\n                                        <ul class=\"post-meta\">\r\n                                            <li><span class=\"icon fal fa-user-alt\"><\/span>editor<\/li>\r\n                                            <li><span class=\"icon fal fa-calendar-alt\"><\/span>Nov 28, 2024<\/li>\r\n                                        <\/ul>\r\n                                        <h5><a href=\"https:\/\/ntpark.me\/en\/news\/studijska-posjeta-ucesnika-boost-urban-future-finance-programa-u-naucno-tehnoloskom-parku-crne-gore\/\">Study visit of the participants of the BOOST: Urban Future Finance program to the Science and technology park of Montenegro<\/a><\/h5>\r\n                                    <\/div>\r\n                                <\/div>\r\n                            <\/div>\r\n                        \r\n                            <!-- News Block Ten -->\r\n                            <div class=\"news-block-ten col-lg-4 col-md-6 col-sm-12\">\r\n                                <div class=\"inner-box wow fadeInRight\" data-wow-delay=\"0ms\" data-wow-duration=\"1500ms\">\r\n                                    <div class=\"image\">\r\n                                        <a href=\"https:\/\/ntpark.me\/en\/news\/delegacija-masinskog-fakulteta-univerziteta-crne-gore-posjetila-naucno-tehnoloski-park-crne-gore-zajedno-za-moderno-obrazovanje-i-inovacije\/\"><img loading=\"lazy\" decoding=\"async\" width=\"2560\" height=\"1441\" src=\"https:\/\/ntpark.me\/wp-content\/uploads\/2024\/11\/DEKAN-scaled.jpg\" class=\"attachment-full size-full\" alt=\"\" srcset=\"https:\/\/ntpark.me\/wp-content\/uploads\/2024\/11\/DEKAN-scaled.jpg 2560w, https:\/\/ntpark.me\/wp-content\/uploads\/2024\/11\/DEKAN-300x169.jpg 300w, https:\/\/ntpark.me\/wp-content\/uploads\/2024\/11\/DEKAN-1024x576.jpg 1024w, https:\/\/ntpark.me\/wp-content\/uploads\/2024\/11\/DEKAN-768x432.jpg 768w, https:\/\/ntpark.me\/wp-content\/uploads\/2024\/11\/DEKAN-1536x864.jpg 1536w, https:\/\/ntpark.me\/wp-content\/uploads\/2024\/11\/DEKAN-2048x1153.jpg 2048w\" sizes=\"(max-width: 2560px) 100vw, 2560px\" \/><\/a>\r\n                                    <\/div>\r\n                                    <div class=\"lower-content\">\r\n                                        <ul class=\"post-meta\">\r\n                                            <li><span class=\"icon fal fa-user-alt\"><\/span>editor<\/li>\r\n                                            <li><span class=\"icon fal fa-calendar-alt\"><\/span>Nov 26, 2024<\/li>\r\n                                        <\/ul>\r\n                                        <h5><a href=\"https:\/\/ntpark.me\/en\/news\/delegacija-masinskog-fakulteta-univerziteta-crne-gore-posjetila-naucno-tehnoloski-park-crne-gore-zajedno-za-moderno-obrazovanje-i-inovacije\/\">\u00a0The delegation of the faculty of Mechanical engineering of the University of Montenegro visited the Science and technology park of Montenegro: Together for modern education and innovation<\/a><\/h5>\r\n                                    <\/div>\r\n                                <\/div>\r\n                            <\/div>\r\n                        \r\n                            <!-- News Block Ten -->\r\n                            <div class=\"news-block-ten col-lg-4 col-md-6 col-sm-12\">\r\n                                <div class=\"inner-box wow fadeInRight\" data-wow-delay=\"0ms\" data-wow-duration=\"1500ms\">\r\n                                    <div class=\"image\">\r\n                                        <a href=\"https:\/\/ntpark.me\/en\/news\/odrzana-nacionalna-konferencija-ai-u-funkciji-inovacija-i-servisa\/\"><img loading=\"lazy\" decoding=\"async\" width=\"806\" height=\"734\" src=\"https:\/\/ntpark.me\/wp-content\/uploads\/2024\/11\/AMS-837x1024-1.jpg\" class=\"attachment-full size-full\" alt=\"\" srcset=\"https:\/\/ntpark.me\/wp-content\/uploads\/2024\/11\/AMS-837x1024-1.jpg 806w, https:\/\/ntpark.me\/wp-content\/uploads\/2024\/11\/AMS-837x1024-1-300x273.jpg 300w, https:\/\/ntpark.me\/wp-content\/uploads\/2024\/11\/AMS-837x1024-1-768x699.jpg 768w\" sizes=\"(max-width: 806px) 100vw, 806px\" \/><\/a>\r\n                                    <\/div>\r\n                                    <div class=\"lower-content\">\r\n                                        <ul class=\"post-meta\">\r\n                                            <li><span class=\"icon fal fa-user-alt\"><\/span>editor<\/li>\r\n                                            <li><span class=\"icon fal fa-calendar-alt\"><\/span>Nov 22, 2024<\/li>\r\n                                        <\/ul>\r\n                                        <h5><a href=\"https:\/\/ntpark.me\/en\/news\/odrzana-nacionalna-konferencija-ai-u-funkciji-inovacija-i-servisa\/\">The National conference &#8220;AI in the function of innovation and services&#8221; was held<\/a><\/h5>\r\n                                    <\/div>\r\n                                <\/div>\r\n                            <\/div>\r\n                        \r\n                            <!-- News Block Ten -->\r\n                            <div class=\"news-block-ten col-lg-4 col-md-6 col-sm-12\">\r\n                                <div class=\"inner-box wow fadeInRight\" data-wow-delay=\"0ms\" data-wow-duration=\"1500ms\">\r\n                                    <div class=\"image\">\r\n                                        <a href=\"https:\/\/ntpark.me\/en\/news\/naucno-tehnoloski-park-crne-gore-ugostio-ucenike-sms-mladost-iz-tivta\/\"><img loading=\"lazy\" decoding=\"async\" width=\"2560\" height=\"1441\" src=\"https:\/\/ntpark.me\/wp-content\/uploads\/2024\/11\/studenti-scaled.jpg\" class=\"attachment-full size-full\" alt=\"\" srcset=\"https:\/\/ntpark.me\/wp-content\/uploads\/2024\/11\/studenti-scaled.jpg 2560w, https:\/\/ntpark.me\/wp-content\/uploads\/2024\/11\/studenti-300x169.jpg 300w, https:\/\/ntpark.me\/wp-content\/uploads\/2024\/11\/studenti-1024x576.jpg 1024w, https:\/\/ntpark.me\/wp-content\/uploads\/2024\/11\/studenti-768x432.jpg 768w, https:\/\/ntpark.me\/wp-content\/uploads\/2024\/11\/studenti-1536x864.jpg 1536w, https:\/\/ntpark.me\/wp-content\/uploads\/2024\/11\/studenti-2048x1153.jpg 2048w\" sizes=\"(max-width: 2560px) 100vw, 2560px\" \/><\/a>\r\n                                    <\/div>\r\n                                    <div class=\"lower-content\">\r\n                                        <ul class=\"post-meta\">\r\n                                            <li><span class=\"icon fal fa-user-alt\"><\/span>editor<\/li>\r\n                                            <li><span class=\"icon fal fa-calendar-alt\"><\/span>Nov 22, 2024<\/li>\r\n                                        <\/ul>\r\n                                        <h5><a href=\"https:\/\/ntpark.me\/en\/news\/naucno-tehnoloski-park-crne-gore-ugostio-ucenike-sms-mladost-iz-tivta\/\">The Science and technology park of Montenegro hosted students from the Secondary School &#8220;Mladost&#8221; in Tivat<\/a><\/h5>\r\n                                    <\/div>\r\n                                <\/div>\r\n                            <\/div>\r\n                        \r\n                            <!-- News Block Ten -->\r\n                            <div class=\"news-block-ten col-lg-4 col-md-6 col-sm-12\">\r\n                                <div class=\"inner-box wow fadeInRight\" data-wow-delay=\"0ms\" data-wow-duration=\"1500ms\">\r\n                                    <div class=\"image\">\r\n                                        <a href=\"https:\/\/ntpark.me\/en\/news\/studenti-prve-godine-monteb-a-posjetili-naucno-tehnoloski-park-crne-gore\/\"><img loading=\"lazy\" decoding=\"async\" width=\"1600\" height=\"1200\" src=\"https:\/\/ntpark.me\/wp-content\/uploads\/2024\/11\/lijepa-slika.jpg\" class=\"attachment-full size-full\" alt=\"\" srcset=\"https:\/\/ntpark.me\/wp-content\/uploads\/2024\/11\/lijepa-slika.jpg 1600w, https:\/\/ntpark.me\/wp-content\/uploads\/2024\/11\/lijepa-slika-300x225.jpg 300w, https:\/\/ntpark.me\/wp-content\/uploads\/2024\/11\/lijepa-slika-1024x768.jpg 1024w, https:\/\/ntpark.me\/wp-content\/uploads\/2024\/11\/lijepa-slika-768x576.jpg 768w, https:\/\/ntpark.me\/wp-content\/uploads\/2024\/11\/lijepa-slika-1536x1152.jpg 1536w\" sizes=\"(max-width: 1600px) 100vw, 1600px\" \/><\/a>\r\n                                    <\/div>\r\n                                    <div class=\"lower-content\">\r\n                                        <ul class=\"post-meta\">\r\n                                            <li><span class=\"icon fal fa-user-alt\"><\/span>editor<\/li>\r\n                                            <li><span class=\"icon fal fa-calendar-alt\"><\/span>Nov 20, 2024<\/li>\r\n                                        <\/ul>\r\n                                        <h5><a href=\"https:\/\/ntpark.me\/en\/news\/studenti-prve-godine-monteb-a-posjetili-naucno-tehnoloski-park-crne-gore\/\">First-year students of MONTEB visited the Science and technology park of Montenegro<\/a><\/h5>\r\n                                    <\/div>\r\n                                <\/div>\r\n                            <\/div>\r\n                        \r\n                            <!-- News Block Ten -->\r\n                            <div class=\"news-block-ten col-lg-4 col-md-6 col-sm-12\">\r\n                                <div class=\"inner-box wow fadeInRight\" data-wow-delay=\"0ms\" data-wow-duration=\"1500ms\">\r\n                                    <div class=\"image\">\r\n                                        <a href=\"https:\/\/ntpark.me\/en\/news\/naucno-tehnoloski-park-crne-gore-na-petoj-regionalnoj-konferenciji-o-sajber-bezbjednosti\/\"><img loading=\"lazy\" decoding=\"async\" width=\"1320\" height=\"1303\" src=\"https:\/\/ntpark.me\/wp-content\/uploads\/2024\/11\/IMG_025671EBB49C-1.jpeg\" class=\"attachment-full size-full\" alt=\"\" srcset=\"https:\/\/ntpark.me\/wp-content\/uploads\/2024\/11\/IMG_025671EBB49C-1.jpeg 1320w, https:\/\/ntpark.me\/wp-content\/uploads\/2024\/11\/IMG_025671EBB49C-1-300x296.jpeg 300w, https:\/\/ntpark.me\/wp-content\/uploads\/2024\/11\/IMG_025671EBB49C-1-1024x1011.jpeg 1024w, https:\/\/ntpark.me\/wp-content\/uploads\/2024\/11\/IMG_025671EBB49C-1-768x758.jpeg 768w, https:\/\/ntpark.me\/wp-content\/uploads\/2024\/11\/IMG_025671EBB49C-1-74x73.jpeg 74w\" sizes=\"(max-width: 1320px) 100vw, 1320px\" \/><\/a>\r\n                                    <\/div>\r\n                                    <div class=\"lower-content\">\r\n                                        <ul class=\"post-meta\">\r\n                                            <li><span class=\"icon fal fa-user-alt\"><\/span>editor<\/li>\r\n                                            <li><span class=\"icon fal fa-calendar-alt\"><\/span>Nov 07, 2024<\/li>\r\n                                        <\/ul>\r\n                                        <h5><a href=\"https:\/\/ntpark.me\/en\/news\/naucno-tehnoloski-park-crne-gore-na-petoj-regionalnoj-konferenciji-o-sajber-bezbjednosti\/\">The Science and technology park of Montenegro at the fifth regional cybersecurity conference<\/a><\/h5>\r\n                                    <\/div>\r\n                                <\/div>\r\n                            <\/div>\r\n                        \r\n                            <!-- News Block Ten -->\r\n                            <div class=\"news-block-ten col-lg-4 col-md-6 col-sm-12\">\r\n                                <div class=\"inner-box wow fadeInRight\" data-wow-delay=\"0ms\" data-wow-duration=\"1500ms\">\r\n                                    <div class=\"image\">\r\n                                        <a href=\"https:\/\/ntpark.me\/en\/news\/potvrden-nastavak-strateskog-partnerstva-izmedu-naucno-tehnoloskog-parka-crne-gore-i-crnogorskog-telekoma\/\"><img loading=\"lazy\" decoding=\"async\" width=\"2560\" height=\"1623\" src=\"https:\/\/ntpark.me\/wp-content\/uploads\/2024\/11\/20241106_133126-scaled.jpg\" class=\"attachment-full size-full\" alt=\"\" srcset=\"https:\/\/ntpark.me\/wp-content\/uploads\/2024\/11\/20241106_133126-scaled.jpg 2560w, https:\/\/ntpark.me\/wp-content\/uploads\/2024\/11\/20241106_133126-300x190.jpg 300w, https:\/\/ntpark.me\/wp-content\/uploads\/2024\/11\/20241106_133126-1024x649.jpg 1024w, https:\/\/ntpark.me\/wp-content\/uploads\/2024\/11\/20241106_133126-768x487.jpg 768w, https:\/\/ntpark.me\/wp-content\/uploads\/2024\/11\/20241106_133126-1536x974.jpg 1536w, https:\/\/ntpark.me\/wp-content\/uploads\/2024\/11\/20241106_133126-2048x1298.jpg 2048w\" sizes=\"(max-width: 2560px) 100vw, 2560px\" \/><\/a>\r\n                                    <\/div>\r\n                                    <div class=\"lower-content\">\r\n                                        <ul class=\"post-meta\">\r\n                                            <li><span class=\"icon fal fa-user-alt\"><\/span>editor<\/li>\r\n                                            <li><span class=\"icon fal fa-calendar-alt\"><\/span>Nov 06, 2024<\/li>\r\n                                        <\/ul>\r\n                                        <h5><a href=\"https:\/\/ntpark.me\/en\/news\/potvrden-nastavak-strateskog-partnerstva-izmedu-naucno-tehnoloskog-parka-crne-gore-i-crnogorskog-telekoma\/\">Confirmed continuation of strategic partnership between the Science and technology park of Montenegro and Montenegrin Telecom<\/a><\/h5>\r\n                                    <\/div>\r\n                                <\/div>\r\n                            <\/div>\r\n                        \r\n                            <!-- News Block Ten -->\r\n                            <div class=\"news-block-ten col-lg-4 col-md-6 col-sm-12\">\r\n                                <div class=\"inner-box wow fadeInRight\" data-wow-delay=\"0ms\" data-wow-duration=\"1500ms\">\r\n                                    <div class=\"image\">\r\n                                        <a href=\"https:\/\/ntpark.me\/en\/news\/otvoren-je-poziv-za-studentski-startap-program-skillsup\/\"><img loading=\"lazy\" decoding=\"async\" width=\"1920\" height=\"1080\" src=\"https:\/\/ntpark.me\/wp-content\/uploads\/2024\/10\/SkillsUP-1.-dan-prezentacija.png\" class=\"attachment-full size-full\" alt=\"\" srcset=\"https:\/\/ntpark.me\/wp-content\/uploads\/2024\/10\/SkillsUP-1.-dan-prezentacija.png 1920w, https:\/\/ntpark.me\/wp-content\/uploads\/2024\/10\/SkillsUP-1.-dan-prezentacija-300x169.png 300w, https:\/\/ntpark.me\/wp-content\/uploads\/2024\/10\/SkillsUP-1.-dan-prezentacija-1024x576.png 1024w, https:\/\/ntpark.me\/wp-content\/uploads\/2024\/10\/SkillsUP-1.-dan-prezentacija-768x432.png 768w, https:\/\/ntpark.me\/wp-content\/uploads\/2024\/10\/SkillsUP-1.-dan-prezentacija-1536x864.png 1536w\" sizes=\"(max-width: 1920px) 100vw, 1920px\" \/><\/a>\r\n                                    <\/div>\r\n                                    <div class=\"lower-content\">\r\n                                        <ul class=\"post-meta\">\r\n                                            <li><span class=\"icon fal fa-user-alt\"><\/span>editor<\/li>\r\n                                            <li><span class=\"icon fal fa-calendar-alt\"><\/span>Oct 29, 2024<\/li>\r\n                                        <\/ul>\r\n                                        <h5><a href=\"https:\/\/ntpark.me\/en\/news\/otvoren-je-poziv-za-studentski-startap-program-skillsup\/\">The call for the student startup program SkillsUP is open<\/a><\/h5>\r\n                                    <\/div>\r\n                                <\/div>\r\n                            <\/div>\r\n                        \r\n                            <!-- News Block Ten -->\r\n                            <div class=\"news-block-ten col-lg-4 col-md-6 col-sm-12\">\r\n                                <div class=\"inner-box wow fadeInRight\" data-wow-delay=\"0ms\" data-wow-duration=\"1500ms\">\r\n                                    <div class=\"image\">\r\n                                        <a href=\"https:\/\/ntpark.me\/en\/news\/naucno-tehnoloski-park-crne-gore-je-osnivacka-clanica-alijanse-naucno-tehnoloskih-parkova-i-inovativnih-ekosistema-jugoistocne-evrope\/\"><img loading=\"lazy\" decoding=\"async\" width=\"2560\" height=\"1920\" src=\"https:\/\/ntpark.me\/wp-content\/uploads\/2024\/10\/unnamed-scaled.jpg\" class=\"attachment-full size-full\" alt=\"\" srcset=\"https:\/\/ntpark.me\/wp-content\/uploads\/2024\/10\/unnamed-scaled.jpg 2560w, https:\/\/ntpark.me\/wp-content\/uploads\/2024\/10\/unnamed-300x225.jpg 300w, https:\/\/ntpark.me\/wp-content\/uploads\/2024\/10\/unnamed-1024x768.jpg 1024w, https:\/\/ntpark.me\/wp-content\/uploads\/2024\/10\/unnamed-768x576.jpg 768w, https:\/\/ntpark.me\/wp-content\/uploads\/2024\/10\/unnamed-1536x1152.jpg 1536w, https:\/\/ntpark.me\/wp-content\/uploads\/2024\/10\/unnamed-2048x1536.jpg 2048w\" sizes=\"(max-width: 2560px) 100vw, 2560px\" \/><\/a>\r\n                                    <\/div>\r\n                                    <div class=\"lower-content\">\r\n                                        <ul class=\"post-meta\">\r\n                                            <li><span class=\"icon fal fa-user-alt\"><\/span>editor<\/li>\r\n                                            <li><span class=\"icon fal fa-calendar-alt\"><\/span>Oct 29, 2024<\/li>\r\n                                        <\/ul>\r\n                                        <h5><a href=\"https:\/\/ntpark.me\/en\/news\/naucno-tehnoloski-park-crne-gore-je-osnivacka-clanica-alijanse-naucno-tehnoloskih-parkova-i-inovativnih-ekosistema-jugoistocne-evrope\/\">The science and technology park of Montenegro is a founding member of the Alliance of science and technology parks and Innovative ecosystems of Southeast Europe<\/a><\/h5>\r\n                                    <\/div>\r\n                                <\/div>\r\n                            <\/div>\r\n                        \r\n                            <!-- News Block Ten -->\r\n                            <div class=\"news-block-ten col-lg-4 col-md-6 col-sm-12\">\r\n                                <div class=\"inner-box wow fadeInRight\" data-wow-delay=\"0ms\" data-wow-duration=\"1500ms\">\r\n                                    <div class=\"image\">\r\n                                        <a href=\"https:\/\/ntpark.me\/en\/uncategorized\/javni-poziv-za-prijavu-na-hakaton-equal-hack-kod-za-jednakost\/\"><img loading=\"lazy\" decoding=\"async\" width=\"1080\" height=\"1079\" src=\"https:\/\/ntpark.me\/wp-content\/uploads\/2024\/10\/equalhack2.jpg\" class=\"attachment-full size-full\" alt=\"\" srcset=\"https:\/\/ntpark.me\/wp-content\/uploads\/2024\/10\/equalhack2.jpg 1080w, https:\/\/ntpark.me\/wp-content\/uploads\/2024\/10\/equalhack2-300x300.jpg 300w, https:\/\/ntpark.me\/wp-content\/uploads\/2024\/10\/equalhack2-1024x1024.jpg 1024w, https:\/\/ntpark.me\/wp-content\/uploads\/2024\/10\/equalhack2-150x150.jpg 150w, https:\/\/ntpark.me\/wp-content\/uploads\/2024\/10\/equalhack2-768x767.jpg 768w, https:\/\/ntpark.me\/wp-content\/uploads\/2024\/10\/equalhack2-74x73.jpg 74w, https:\/\/ntpark.me\/wp-content\/uploads\/2024\/10\/equalhack2-400x400.jpg 400w\" sizes=\"(max-width: 1080px) 100vw, 1080px\" \/><\/a>\r\n                                    <\/div>\r\n                                    <div class=\"lower-content\">\r\n                                        <ul class=\"post-meta\">\r\n                                            <li><span class=\"icon fal fa-user-alt\"><\/span>milica.bozovic<\/li>\r\n                                            <li><span class=\"icon fal fa-calendar-alt\"><\/span>Oct 28, 2024<\/li>\r\n                                        <\/ul>\r\n                                        <h5><a href=\"https:\/\/ntpark.me\/en\/uncategorized\/javni-poziv-za-prijavu-na-hakaton-equal-hack-kod-za-jednakost\/\">Public call for applications for the hackathon &#8220;Equal Hack: Code for equality&#8221;<\/a><\/h5>\r\n                                    <\/div>\r\n                                <\/div>\r\n                            <\/div>\r\n                        \r\n                            <!-- News Block Ten -->\r\n                            <div class=\"news-block-ten col-lg-4 col-md-6 col-sm-12\">\r\n                                <div class=\"inner-box wow fadeInRight\" data-wow-delay=\"0ms\" data-wow-duration=\"1500ms\">\r\n                                    <div class=\"image\">\r\n                                        <a href=\"https:\/\/ntpark.me\/en\/news\/javni-poziv-za-prijavu-na-obuku-za-implementaciju-principa-cirkularne-ekonomije-u-crnoj-gori\/\"><img loading=\"lazy\" decoding=\"async\" width=\"940\" height=\"788\" src=\"https:\/\/ntpark.me\/wp-content\/uploads\/2024\/10\/Obuka-za-implementaciju-principa-cirkularne-ekonomije-u-Crnoj-Gori.png\" class=\"attachment-full size-full\" alt=\"\" srcset=\"https:\/\/ntpark.me\/wp-content\/uploads\/2024\/10\/Obuka-za-implementaciju-principa-cirkularne-ekonomije-u-Crnoj-Gori.png 940w, https:\/\/ntpark.me\/wp-content\/uploads\/2024\/10\/Obuka-za-implementaciju-principa-cirkularne-ekonomije-u-Crnoj-Gori-300x251.png 300w, https:\/\/ntpark.me\/wp-content\/uploads\/2024\/10\/Obuka-za-implementaciju-principa-cirkularne-ekonomije-u-Crnoj-Gori-768x644.png 768w, https:\/\/ntpark.me\/wp-content\/uploads\/2024\/10\/Obuka-za-implementaciju-principa-cirkularne-ekonomije-u-Crnoj-Gori-60x51.png 60w\" sizes=\"(max-width: 940px) 100vw, 940px\" \/><\/a>\r\n                                    <\/div>\r\n                                    <div class=\"lower-content\">\r\n                                        <ul class=\"post-meta\">\r\n                                            <li><span class=\"icon fal fa-user-alt\"><\/span>milica.bozovic<\/li>\r\n                                            <li><span class=\"icon fal fa-calendar-alt\"><\/span>Oct 24, 2024<\/li>\r\n                                        <\/ul>\r\n                                        <h5><a href=\"https:\/\/ntpark.me\/en\/news\/javni-poziv-za-prijavu-na-obuku-za-implementaciju-principa-cirkularne-ekonomije-u-crnoj-gori\/\">Public call for applications for training on the implementation of circular economy principles in Montenegro<\/a><\/h5>\r\n                                    <\/div>\r\n                                <\/div>\r\n                            <\/div>\r\n                        \r\n                            <!-- News Block Ten -->\r\n                            <div class=\"news-block-ten col-lg-4 col-md-6 col-sm-12\">\r\n                                <div class=\"inner-box wow fadeInRight\" data-wow-delay=\"0ms\" data-wow-duration=\"1500ms\">\r\n                                    <div class=\"image\">\r\n                                        <a href=\"https:\/\/ntpark.me\/en\/news\/the-rubio-project-has-begun-boosting-innovation-and-competitiveness-of-entrepreneurs\/\"><img loading=\"lazy\" decoding=\"async\" width=\"1448\" height=\"657\" src=\"https:\/\/ntpark.me\/wp-content\/uploads\/2024\/10\/Rubio-najnovije.jpg\" class=\"attachment-full size-full\" alt=\"\" srcset=\"https:\/\/ntpark.me\/wp-content\/uploads\/2024\/10\/Rubio-najnovije.jpg 1448w, https:\/\/ntpark.me\/wp-content\/uploads\/2024\/10\/Rubio-najnovije-300x136.jpg 300w, https:\/\/ntpark.me\/wp-content\/uploads\/2024\/10\/Rubio-najnovije-1024x465.jpg 1024w, https:\/\/ntpark.me\/wp-content\/uploads\/2024\/10\/Rubio-najnovije-768x348.jpg 768w\" sizes=\"(max-width: 1448px) 100vw, 1448px\" \/><\/a>\r\n                                    <\/div>\r\n                                    <div class=\"lower-content\">\r\n                                        <ul class=\"post-meta\">\r\n                                            <li><span class=\"icon fal fa-user-alt\"><\/span>editor<\/li>\r\n                                            <li><span class=\"icon fal fa-calendar-alt\"><\/span>Oct 24, 2024<\/li>\r\n                                        <\/ul>\r\n                                        <h5><a href=\"https:\/\/ntpark.me\/en\/news\/the-rubio-project-has-begun-boosting-innovation-and-competitiveness-of-entrepreneurs\/\">The RuBIO Project Has Begun: Boosting Innovation and Competitiveness of Entrepreneurs<\/a><\/h5>\r\n                                    <\/div>\r\n                                <\/div>\r\n                            <\/div>\r\n                        \r\n                            <!-- News Block Ten -->\r\n                            <div class=\"news-block-ten col-lg-4 col-md-6 col-sm-12\">\r\n                                <div class=\"inner-box wow fadeInRight\" data-wow-delay=\"0ms\" data-wow-duration=\"1500ms\">\r\n                                    <div class=\"image\">\r\n                                        <a href=\"https:\/\/ntpark.me\/en\/uncategorized\/abba-project-started-with-implementation\/\"><img loading=\"lazy\" decoding=\"async\" width=\"1636\" height=\"856\" src=\"https:\/\/ntpark.me\/wp-content\/uploads\/2024\/10\/20241004_115048_1.jpg\" class=\"attachment-full size-full\" alt=\"\" srcset=\"https:\/\/ntpark.me\/wp-content\/uploads\/2024\/10\/20241004_115048_1.jpg 1636w, https:\/\/ntpark.me\/wp-content\/uploads\/2024\/10\/20241004_115048_1-300x157.jpg 300w, https:\/\/ntpark.me\/wp-content\/uploads\/2024\/10\/20241004_115048_1-1024x536.jpg 1024w, https:\/\/ntpark.me\/wp-content\/uploads\/2024\/10\/20241004_115048_1-768x402.jpg 768w, https:\/\/ntpark.me\/wp-content\/uploads\/2024\/10\/20241004_115048_1-1536x804.jpg 1536w\" sizes=\"(max-width: 1636px) 100vw, 1636px\" \/><\/a>\r\n                                    <\/div>\r\n                                    <div class=\"lower-content\">\r\n                                        <ul class=\"post-meta\">\r\n                                            <li><span class=\"icon fal fa-user-alt\"><\/span>editor<\/li>\r\n                                            <li><span class=\"icon fal fa-calendar-alt\"><\/span>Oct 21, 2024<\/li>\r\n                                        <\/ul>\r\n                                        <h5><a href=\"https:\/\/ntpark.me\/en\/uncategorized\/abba-project-started-with-implementation\/\">ABBA project started with implementation<\/a><\/h5>\r\n                                    <\/div>\r\n                                <\/div>\r\n                            <\/div>\r\n                        \r\n                            <!-- News Block Ten -->\r\n                            <div class=\"news-block-ten col-lg-4 col-md-6 col-sm-12\">\r\n                                <div class=\"inner-box wow fadeInRight\" data-wow-delay=\"0ms\" data-wow-duration=\"1500ms\">\r\n                                    <div class=\"image\">\r\n                                        <a href=\"https:\/\/ntpark.me\/en\/news\/uspjesno-realizovan-info-dan-za-hakaton-equal-hack-kod-za-jednakost\/\"><img loading=\"lazy\" decoding=\"async\" width=\"2560\" height=\"1707\" src=\"https:\/\/ntpark.me\/wp-content\/uploads\/2024\/10\/Info-website-1-scaled.jpg\" class=\"attachment-full size-full\" alt=\"\" srcset=\"https:\/\/ntpark.me\/wp-content\/uploads\/2024\/10\/Info-website-1-scaled.jpg 2560w, https:\/\/ntpark.me\/wp-content\/uploads\/2024\/10\/Info-website-1-300x200.jpg 300w, https:\/\/ntpark.me\/wp-content\/uploads\/2024\/10\/Info-website-1-1024x683.jpg 1024w, https:\/\/ntpark.me\/wp-content\/uploads\/2024\/10\/Info-website-1-768x512.jpg 768w, https:\/\/ntpark.me\/wp-content\/uploads\/2024\/10\/Info-website-1-1536x1024.jpg 1536w, https:\/\/ntpark.me\/wp-content\/uploads\/2024\/10\/Info-website-1-2048x1365.jpg 2048w, https:\/\/ntpark.me\/wp-content\/uploads\/2024\/10\/Info-website-1-200x132.jpg 200w\" sizes=\"(max-width: 2560px) 100vw, 2560px\" \/><\/a>\r\n                                    <\/div>\r\n                                    <div class=\"lower-content\">\r\n                                        <ul class=\"post-meta\">\r\n                                            <li><span class=\"icon fal fa-user-alt\"><\/span>editor<\/li>\r\n                                            <li><span class=\"icon fal fa-calendar-alt\"><\/span>Oct 11, 2024<\/li>\r\n                                        <\/ul>\r\n                                        <h5><a href=\"https:\/\/ntpark.me\/en\/news\/uspjesno-realizovan-info-dan-za-hakaton-equal-hack-kod-za-jednakost\/\">Successfully held Info day for the &#8220;Equal Hack: Code for equality&#8221; hackathon<\/a><\/h5>\r\n                                    <\/div>\r\n                                <\/div>\r\n                            <\/div>\r\n                        \r\n                            <!-- News Block Ten -->\r\n                            <div class=\"news-block-ten col-lg-4 col-md-6 col-sm-12\">\r\n                                <div class=\"inner-box wow fadeInRight\" data-wow-delay=\"0ms\" data-wow-duration=\"1500ms\">\r\n                                    <div class=\"image\">\r\n                                        <a href=\"https:\/\/ntpark.me\/en\/news\/pogledajte-novi-video-o-ci-hub-projektu\/\"><img loading=\"lazy\" decoding=\"async\" width=\"1522\" height=\"785\" src=\"https:\/\/ntpark.me\/wp-content\/uploads\/2024\/10\/viber_konacno.jpg\" class=\"attachment-full size-full\" alt=\"\" srcset=\"https:\/\/ntpark.me\/wp-content\/uploads\/2024\/10\/viber_konacno.jpg 1522w, https:\/\/ntpark.me\/wp-content\/uploads\/2024\/10\/viber_konacno-300x155.jpg 300w, https:\/\/ntpark.me\/wp-content\/uploads\/2024\/10\/viber_konacno-1024x528.jpg 1024w, https:\/\/ntpark.me\/wp-content\/uploads\/2024\/10\/viber_konacno-768x396.jpg 768w\" sizes=\"(max-width: 1522px) 100vw, 1522px\" \/><\/a>\r\n                                    <\/div>\r\n                                    <div class=\"lower-content\">\r\n                                        <ul class=\"post-meta\">\r\n                                            <li><span class=\"icon fal fa-user-alt\"><\/span>editor<\/li>\r\n                                            <li><span class=\"icon fal fa-calendar-alt\"><\/span>Oct 09, 2024<\/li>\r\n                                        <\/ul>\r\n                                        <h5><a href=\"https:\/\/ntpark.me\/en\/news\/pogledajte-novi-video-o-ci-hub-projektu\/\">Check out the new video about the CI-Hub project.<\/a><\/h5>\r\n                                    <\/div>\r\n                                <\/div>\r\n                            <\/div>\r\n                        \r\n                            <!-- News Block Ten -->\r\n                            <div class=\"news-block-ten col-lg-4 col-md-6 col-sm-12\">\r\n                                <div class=\"inner-box wow fadeInRight\" data-wow-delay=\"0ms\" data-wow-duration=\"1500ms\">\r\n                                    <div class=\"image\">\r\n                                        <a href=\"https:\/\/ntpark.me\/en\/news\/zavrsen-proces-evaluacije-za-prve-stanare-naucno-tehnoloskog-parka-crne-gore\/\"><img loading=\"lazy\" decoding=\"async\" width=\"1600\" height=\"1600\" src=\"https:\/\/ntpark.me\/wp-content\/uploads\/2024\/10\/Vizual-za-odluke.jpg\" class=\"attachment-full size-full\" alt=\"\" srcset=\"https:\/\/ntpark.me\/wp-content\/uploads\/2024\/10\/Vizual-za-odluke.jpg 1600w, https:\/\/ntpark.me\/wp-content\/uploads\/2024\/10\/Vizual-za-odluke-300x300.jpg 300w, https:\/\/ntpark.me\/wp-content\/uploads\/2024\/10\/Vizual-za-odluke-1024x1024.jpg 1024w, https:\/\/ntpark.me\/wp-content\/uploads\/2024\/10\/Vizual-za-odluke-150x150.jpg 150w, https:\/\/ntpark.me\/wp-content\/uploads\/2024\/10\/Vizual-za-odluke-768x768.jpg 768w, https:\/\/ntpark.me\/wp-content\/uploads\/2024\/10\/Vizual-za-odluke-1536x1536.jpg 1536w, https:\/\/ntpark.me\/wp-content\/uploads\/2024\/10\/Vizual-za-odluke-74x73.jpg 74w, https:\/\/ntpark.me\/wp-content\/uploads\/2024\/10\/Vizual-za-odluke-400x400.jpg 400w\" sizes=\"(max-width: 1600px) 100vw, 1600px\" \/><\/a>\r\n                                    <\/div>\r\n                                    <div class=\"lower-content\">\r\n                                        <ul class=\"post-meta\">\r\n                                            <li><span class=\"icon fal fa-user-alt\"><\/span>milica.bozovic<\/li>\r\n                                            <li><span class=\"icon fal fa-calendar-alt\"><\/span>Oct 08, 2024<\/li>\r\n                                        <\/ul>\r\n                                        <h5><a href=\"https:\/\/ntpark.me\/en\/news\/zavrsen-proces-evaluacije-za-prve-stanare-naucno-tehnoloskog-parka-crne-gore\/\">The evaluation process for the first tenants of the Science and technology park of Montenegro has been completed<\/a><\/h5>\r\n                                    <\/div>\r\n                                <\/div>\r\n                            <\/div>\r\n                        \r\n                            <!-- News Block Ten -->\r\n                            <div class=\"news-block-ten col-lg-4 col-md-6 col-sm-12\">\r\n                                <div class=\"inner-box wow fadeInRight\" data-wow-delay=\"0ms\" data-wow-duration=\"1500ms\">\r\n                                    <div class=\"image\">\r\n                                        <a href=\"https:\/\/ntpark.me\/en\/news\/ambasadorka-sjedinjenih-americkih-drzava-posjetila-naucno-tehnoloski-park-crne-gore\/\"><img loading=\"lazy\" decoding=\"async\" width=\"1280\" height=\"960\" src=\"https:\/\/ntpark.me\/wp-content\/uploads\/2024\/10\/ambasadorka.jpg\" class=\"attachment-full size-full\" alt=\"\" srcset=\"https:\/\/ntpark.me\/wp-content\/uploads\/2024\/10\/ambasadorka.jpg 1280w, https:\/\/ntpark.me\/wp-content\/uploads\/2024\/10\/ambasadorka-300x225.jpg 300w, https:\/\/ntpark.me\/wp-content\/uploads\/2024\/10\/ambasadorka-1024x768.jpg 1024w, https:\/\/ntpark.me\/wp-content\/uploads\/2024\/10\/ambasadorka-768x576.jpg 768w\" sizes=\"(max-width: 1280px) 100vw, 1280px\" \/><\/a>\r\n                                    <\/div>\r\n                                    <div class=\"lower-content\">\r\n                                        <ul class=\"post-meta\">\r\n                                            <li><span class=\"icon fal fa-user-alt\"><\/span>editor<\/li>\r\n                                            <li><span class=\"icon fal fa-calendar-alt\"><\/span>Oct 02, 2024<\/li>\r\n                                        <\/ul>\r\n                                        <h5><a href=\"https:\/\/ntpark.me\/en\/news\/ambasadorka-sjedinjenih-americkih-drzava-posjetila-naucno-tehnoloski-park-crne-gore\/\">Ambassador of the United States of America visited the Science and technology park of Montenegro<\/a><\/h5>\r\n                                    <\/div>\r\n                                <\/div>\r\n                            <\/div>\r\n                        \r\n                            <!-- News Block Ten -->\r\n                            <div class=\"news-block-ten col-lg-4 col-md-6 col-sm-12\">\r\n                                <div class=\"inner-box wow fadeInRight\" data-wow-delay=\"0ms\" data-wow-duration=\"1500ms\">\r\n                                    <div class=\"image\">\r\n                                        <a href=\"https:\/\/ntpark.me\/en\/news\/poziv-na-info-dan-za-hakaton-equal-hack-kod-za-jednakost\/\"><img loading=\"lazy\" decoding=\"async\" width=\"1600\" height=\"1600\" src=\"https:\/\/ntpark.me\/wp-content\/uploads\/2024\/10\/viber_image_2024-10-02_15-51-22-938.jpg\" class=\"attachment-full size-full\" alt=\"\" srcset=\"https:\/\/ntpark.me\/wp-content\/uploads\/2024\/10\/viber_image_2024-10-02_15-51-22-938.jpg 1600w, https:\/\/ntpark.me\/wp-content\/uploads\/2024\/10\/viber_image_2024-10-02_15-51-22-938-300x300.jpg 300w, https:\/\/ntpark.me\/wp-content\/uploads\/2024\/10\/viber_image_2024-10-02_15-51-22-938-1024x1024.jpg 1024w, https:\/\/ntpark.me\/wp-content\/uploads\/2024\/10\/viber_image_2024-10-02_15-51-22-938-150x150.jpg 150w, https:\/\/ntpark.me\/wp-content\/uploads\/2024\/10\/viber_image_2024-10-02_15-51-22-938-768x768.jpg 768w, https:\/\/ntpark.me\/wp-content\/uploads\/2024\/10\/viber_image_2024-10-02_15-51-22-938-1536x1536.jpg 1536w, https:\/\/ntpark.me\/wp-content\/uploads\/2024\/10\/viber_image_2024-10-02_15-51-22-938-74x73.jpg 74w, https:\/\/ntpark.me\/wp-content\/uploads\/2024\/10\/viber_image_2024-10-02_15-51-22-938-400x400.jpg 400w\" sizes=\"(max-width: 1600px) 100vw, 1600px\" \/><\/a>\r\n                                    <\/div>\r\n                                    <div class=\"lower-content\">\r\n                                        <ul class=\"post-meta\">\r\n                                            <li><span class=\"icon fal fa-user-alt\"><\/span>editor<\/li>\r\n                                            <li><span class=\"icon fal fa-calendar-alt\"><\/span>Oct 01, 2024<\/li>\r\n                                        <\/ul>\r\n                                        <h5><a href=\"https:\/\/ntpark.me\/en\/news\/poziv-na-info-dan-za-hakaton-equal-hack-kod-za-jednakost\/\">Call for Info day for the Hackathon &#8220;Equal Hack: Code for Equality&#8221;<\/a><\/h5>\r\n                                    <\/div>\r\n                                <\/div>\r\n                            <\/div>\r\n                        \r\n                            <!-- News Block Ten -->\r\n                            <div class=\"news-block-ten col-lg-4 col-md-6 col-sm-12\">\r\n                                <div class=\"inner-box wow fadeInRight\" data-wow-delay=\"0ms\" data-wow-duration=\"1500ms\">\r\n                                    <div class=\"image\">\r\n                                        <a href=\"https:\/\/ntpark.me\/en\/news\/ntp-cg-i-mensa-potpisali-memorandum-o-saradnji\/\"><img loading=\"lazy\" decoding=\"async\" width=\"1600\" height=\"1200\" src=\"https:\/\/ntpark.me\/wp-content\/uploads\/2024\/09\/viber_slika_2024-09-30_11-17-50-282.jpg\" class=\"attachment-full size-full\" alt=\"\" srcset=\"https:\/\/ntpark.me\/wp-content\/uploads\/2024\/09\/viber_slika_2024-09-30_11-17-50-282.jpg 1600w, https:\/\/ntpark.me\/wp-content\/uploads\/2024\/09\/viber_slika_2024-09-30_11-17-50-282-300x225.jpg 300w, https:\/\/ntpark.me\/wp-content\/uploads\/2024\/09\/viber_slika_2024-09-30_11-17-50-282-1024x768.jpg 1024w, https:\/\/ntpark.me\/wp-content\/uploads\/2024\/09\/viber_slika_2024-09-30_11-17-50-282-768x576.jpg 768w, https:\/\/ntpark.me\/wp-content\/uploads\/2024\/09\/viber_slika_2024-09-30_11-17-50-282-1536x1152.jpg 1536w\" sizes=\"(max-width: 1600px) 100vw, 1600px\" \/><\/a>\r\n                                    <\/div>\r\n                                    <div class=\"lower-content\">\r\n                                        <ul class=\"post-meta\">\r\n                                            <li><span class=\"icon fal fa-user-alt\"><\/span>bildwpntpark<\/li>\r\n                                            <li><span class=\"icon fal fa-calendar-alt\"><\/span>Oct 01, 2024<\/li>\r\n                                        <\/ul>\r\n                                        <h5><a href=\"https:\/\/ntpark.me\/en\/news\/ntp-cg-i-mensa-potpisali-memorandum-o-saradnji\/\">STP Montengro and Mensa signed a Memorandum of cooperation<\/a><\/h5>\r\n                                    <\/div>\r\n                                <\/div>\r\n                            <\/div>\r\n                        \r\n                            <!-- News Block Ten -->\r\n                            <div class=\"news-block-ten col-lg-4 col-md-6 col-sm-12\">\r\n                                <div class=\"inner-box wow fadeInRight\" data-wow-delay=\"0ms\" data-wow-duration=\"1500ms\">\r\n                                    <div class=\"image\">\r\n                                        <a href=\"https:\/\/ntpark.me\/en\/news\/valentina-radulovic-u-mom-timu-su-ljudi-u-koje-vjerujem-i-koji-vjeruju-meni\/\"><img loading=\"lazy\" decoding=\"async\" width=\"2560\" height=\"2316\" src=\"https:\/\/ntpark.me\/wp-content\/uploads\/2021\/08\/IMG_3967-scaled.jpg\" class=\"attachment-full size-full\" alt=\"\" srcset=\"https:\/\/ntpark.me\/wp-content\/uploads\/2021\/08\/IMG_3967-scaled.jpg 2560w, https:\/\/ntpark.me\/wp-content\/uploads\/2021\/08\/IMG_3967-300x271.jpg 300w, https:\/\/ntpark.me\/wp-content\/uploads\/2021\/08\/IMG_3967-1024x926.jpg 1024w, https:\/\/ntpark.me\/wp-content\/uploads\/2021\/08\/IMG_3967-768x695.jpg 768w, https:\/\/ntpark.me\/wp-content\/uploads\/2021\/08\/IMG_3967-1536x1390.jpg 1536w, https:\/\/ntpark.me\/wp-content\/uploads\/2021\/08\/IMG_3967-2048x1853.jpg 2048w\" sizes=\"(max-width: 2560px) 100vw, 2560px\" \/><\/a>\r\n                                    <\/div>\r\n                                    <div class=\"lower-content\">\r\n                                        <ul class=\"post-meta\">\r\n                                            <li><span class=\"icon fal fa-user-alt\"><\/span>editor<\/li>\r\n                                            <li><span class=\"icon fal fa-calendar-alt\"><\/span>Sep 23, 2024<\/li>\r\n                                        <\/ul>\r\n                                        <h5><a href=\"https:\/\/ntpark.me\/en\/news\/valentina-radulovic-u-mom-timu-su-ljudi-u-koje-vjerujem-i-koji-vjeruju-meni\/\">Valentina Radulovi\u0107: In my team, there are people I trust and who trust me<\/a><\/h5>\r\n                                    <\/div>\r\n                                <\/div>\r\n                            <\/div>\r\n                        \r\n                            <!-- News Block Ten -->\r\n                            <div class=\"news-block-ten col-lg-4 col-md-6 col-sm-12\">\r\n                                <div class=\"inner-box wow fadeInRight\" data-wow-delay=\"0ms\" data-wow-duration=\"1500ms\">\r\n                                    <div class=\"image\">\r\n                                        <a href=\"https:\/\/ntpark.me\/en\/uncategorized\/info-dan-posvecen-evropskim-programima\/\"><img loading=\"lazy\" decoding=\"async\" width=\"1080\" height=\"848\" src=\"https:\/\/ntpark.me\/wp-content\/uploads\/2024\/09\/8ftit138.png\" class=\"attachment-full size-full\" alt=\"\" srcset=\"https:\/\/ntpark.me\/wp-content\/uploads\/2024\/09\/8ftit138.png 1080w, https:\/\/ntpark.me\/wp-content\/uploads\/2024\/09\/8ftit138-300x236.png 300w, https:\/\/ntpark.me\/wp-content\/uploads\/2024\/09\/8ftit138-1024x804.png 1024w, https:\/\/ntpark.me\/wp-content\/uploads\/2024\/09\/8ftit138-768x603.png 768w\" sizes=\"(max-width: 1080px) 100vw, 1080px\" \/><\/a>\r\n                                    <\/div>\r\n                                    <div class=\"lower-content\">\r\n                                        <ul class=\"post-meta\">\r\n                                            <li><span class=\"icon fal fa-user-alt\"><\/span>editor<\/li>\r\n                                            <li><span class=\"icon fal fa-calendar-alt\"><\/span>Sep 20, 2024<\/li>\r\n                                        <\/ul>\r\n                                        <h5><a href=\"https:\/\/ntpark.me\/en\/uncategorized\/info-dan-posvecen-evropskim-programima\/\">Info day dedicated to European programs<\/a><\/h5>\r\n                                    <\/div>\r\n                                <\/div>\r\n                            <\/div>\r\n                        \r\n                            <!-- News Block Ten -->\r\n                            <div class=\"news-block-ten col-lg-4 col-md-6 col-sm-12\">\r\n                                <div class=\"inner-box wow fadeInRight\" data-wow-delay=\"0ms\" data-wow-duration=\"1500ms\">\r\n                                    <div class=\"image\">\r\n                                        <a href=\"https:\/\/ntpark.me\/en\/news\/premijer-spajic-i-ministarka-jaksic-stojanovic-posjetili-naucno-tehnoloski-park\/\"><img loading=\"lazy\" decoding=\"async\" width=\"747\" height=\"498\" src=\"https:\/\/ntpark.me\/wp-content\/uploads\/2024\/09\/1725957638v5a77ssetrkorfzm-i_747x498.jpg\" class=\"attachment-full size-full\" alt=\"\" srcset=\"https:\/\/ntpark.me\/wp-content\/uploads\/2024\/09\/1725957638v5a77ssetrkorfzm-i_747x498.jpg 747w, https:\/\/ntpark.me\/wp-content\/uploads\/2024\/09\/1725957638v5a77ssetrkorfzm-i_747x498-300x200.jpg 300w, https:\/\/ntpark.me\/wp-content\/uploads\/2024\/09\/1725957638v5a77ssetrkorfzm-i_747x498-200x132.jpg 200w\" sizes=\"(max-width: 747px) 100vw, 747px\" \/><\/a>\r\n                                    <\/div>\r\n                                    <div class=\"lower-content\">\r\n                                        <ul class=\"post-meta\">\r\n                                            <li><span class=\"icon fal fa-user-alt\"><\/span>editor<\/li>\r\n                                            <li><span class=\"icon fal fa-calendar-alt\"><\/span>Sep 10, 2024<\/li>\r\n                                        <\/ul>\r\n                                        <h5><a href=\"https:\/\/ntpark.me\/en\/news\/premijer-spajic-i-ministarka-jaksic-stojanovic-posjetili-naucno-tehnoloski-park\/\">Prime Minister Spaji\u0107 and minister Jak\u0161i\u0107-Stojanovi\u0107 visited the Science and technology park<\/a><\/h5>\r\n                                    <\/div>\r\n                                <\/div>\r\n                            <\/div>\r\n                        \r\n                            <!-- News Block Ten -->\r\n                            <div class=\"news-block-ten col-lg-4 col-md-6 col-sm-12\">\r\n                                <div class=\"inner-box wow fadeInRight\" data-wow-delay=\"0ms\" data-wow-duration=\"1500ms\">\r\n                                    <div class=\"image\">\r\n                                        <a href=\"https:\/\/ntpark.me\/en\/news\/potpisan-memorandum-o-razumijevanju-izmedu-vlade-ucg-i-naucno-tehnoloskog-parka-crne-gore\/\"><img loading=\"lazy\" decoding=\"async\" width=\"1920\" height=\"1280\" src=\"https:\/\/ntpark.me\/wp-content\/uploads\/2024\/09\/1725366342b4rkifalbzvvwwqu-i_1920x1280.jpg\" class=\"attachment-full size-full\" alt=\"\" srcset=\"https:\/\/ntpark.me\/wp-content\/uploads\/2024\/09\/1725366342b4rkifalbzvvwwqu-i_1920x1280.jpg 1920w, https:\/\/ntpark.me\/wp-content\/uploads\/2024\/09\/1725366342b4rkifalbzvvwwqu-i_1920x1280-300x200.jpg 300w, https:\/\/ntpark.me\/wp-content\/uploads\/2024\/09\/1725366342b4rkifalbzvvwwqu-i_1920x1280-1024x683.jpg 1024w, https:\/\/ntpark.me\/wp-content\/uploads\/2024\/09\/1725366342b4rkifalbzvvwwqu-i_1920x1280-768x512.jpg 768w, https:\/\/ntpark.me\/wp-content\/uploads\/2024\/09\/1725366342b4rkifalbzvvwwqu-i_1920x1280-1536x1024.jpg 1536w, https:\/\/ntpark.me\/wp-content\/uploads\/2024\/09\/1725366342b4rkifalbzvvwwqu-i_1920x1280-200x132.jpg 200w\" sizes=\"(max-width: 1920px) 100vw, 1920px\" \/><\/a>\r\n                                    <\/div>\r\n                                    <div class=\"lower-content\">\r\n                                        <ul class=\"post-meta\">\r\n                                            <li><span class=\"icon fal fa-user-alt\"><\/span>editor<\/li>\r\n                                            <li><span class=\"icon fal fa-calendar-alt\"><\/span>Sep 03, 2024<\/li>\r\n                                        <\/ul>\r\n                                        <h5><a href=\"https:\/\/ntpark.me\/en\/news\/potpisan-memorandum-o-razumijevanju-izmedu-vlade-ucg-i-naucno-tehnoloskog-parka-crne-gore\/\">A Memorandum of understanding was signed between the Government, the University of Montenegro, and the Science and technology park of Montenegro<\/a><\/h5>\r\n                                    <\/div>\r\n                                <\/div>\r\n                            <\/div>\r\n                        \r\n                            <!-- News Block Ten -->\r\n                            <div class=\"news-block-ten col-lg-4 col-md-6 col-sm-12\">\r\n                                <div class=\"inner-box wow fadeInRight\" data-wow-delay=\"0ms\" data-wow-duration=\"1500ms\">\r\n                                    <div class=\"image\">\r\n                                        <a href=\"https:\/\/ntpark.me\/en\/news\/novi-rok-za-prijavu-na-javni-poziv-za-prve-stanare-8-septembar\/\"><img loading=\"lazy\" decoding=\"async\" width=\"1080\" height=\"1080\" src=\"https:\/\/ntpark.me\/wp-content\/uploads\/2024\/08\/457093332_496242576456541_4713437189206102757_n.jpg\" class=\"attachment-full size-full\" alt=\"\" srcset=\"https:\/\/ntpark.me\/wp-content\/uploads\/2024\/08\/457093332_496242576456541_4713437189206102757_n.jpg 1080w, https:\/\/ntpark.me\/wp-content\/uploads\/2024\/08\/457093332_496242576456541_4713437189206102757_n-300x300.jpg 300w, https:\/\/ntpark.me\/wp-content\/uploads\/2024\/08\/457093332_496242576456541_4713437189206102757_n-1024x1024.jpg 1024w, https:\/\/ntpark.me\/wp-content\/uploads\/2024\/08\/457093332_496242576456541_4713437189206102757_n-150x150.jpg 150w, https:\/\/ntpark.me\/wp-content\/uploads\/2024\/08\/457093332_496242576456541_4713437189206102757_n-768x768.jpg 768w, https:\/\/ntpark.me\/wp-content\/uploads\/2024\/08\/457093332_496242576456541_4713437189206102757_n-74x73.jpg 74w, https:\/\/ntpark.me\/wp-content\/uploads\/2024\/08\/457093332_496242576456541_4713437189206102757_n-400x400.jpg 400w\" sizes=\"(max-width: 1080px) 100vw, 1080px\" \/><\/a>\r\n                                    <\/div>\r\n                                    <div class=\"lower-content\">\r\n                                        <ul class=\"post-meta\">\r\n                                            <li><span class=\"icon fal fa-user-alt\"><\/span>editor<\/li>\r\n                                            <li><span class=\"icon fal fa-calendar-alt\"><\/span>Aug 30, 2024<\/li>\r\n                                        <\/ul>\r\n                                        <h5><a href=\"https:\/\/ntpark.me\/en\/news\/novi-rok-za-prijavu-na-javni-poziv-za-prve-stanare-8-septembar\/\">New deadline for applications: September 8th!<\/a><\/h5>\r\n                                    <\/div>\r\n                                <\/div>\r\n                            <\/div>\r\n                        \r\n                            <!-- News Block Ten -->\r\n                            <div class=\"news-block-ten col-lg-4 col-md-6 col-sm-12\">\r\n                                <div class=\"inner-box wow fadeInRight\" data-wow-delay=\"0ms\" data-wow-duration=\"1500ms\">\r\n                                    <div class=\"image\">\r\n                                        <a href=\"https:\/\/ntpark.me\/en\/news\/prijava-za-promotivno-koriscenje-coworking-prostora\/\"><img loading=\"lazy\" decoding=\"async\" width=\"1080\" height=\"1350\" src=\"https:\/\/ntpark.me\/wp-content\/uploads\/2024\/08\/3390217863693388760.jpg.png\" class=\"attachment-full size-full\" alt=\"\" srcset=\"https:\/\/ntpark.me\/wp-content\/uploads\/2024\/08\/3390217863693388760.jpg.png 1080w, https:\/\/ntpark.me\/wp-content\/uploads\/2024\/08\/3390217863693388760.jpg-240x300.png 240w, https:\/\/ntpark.me\/wp-content\/uploads\/2024\/08\/3390217863693388760.jpg-819x1024.png 819w, https:\/\/ntpark.me\/wp-content\/uploads\/2024\/08\/3390217863693388760.jpg-768x960.png 768w\" sizes=\"(max-width: 1080px) 100vw, 1080px\" \/><\/a>\r\n                                    <\/div>\r\n                                    <div class=\"lower-content\">\r\n                                        <ul class=\"post-meta\">\r\n                                            <li><span class=\"icon fal fa-user-alt\"><\/span>editor<\/li>\r\n                                            <li><span class=\"icon fal fa-calendar-alt\"><\/span>Aug 28, 2024<\/li>\r\n                                        <\/ul>\r\n                                        <h5><a href=\"https:\/\/ntpark.me\/en\/news\/prijava-za-promotivno-koriscenje-coworking-prostora\/\">Registration for promotional use of the coworking space<\/a><\/h5>\r\n                                    <\/div>\r\n                                <\/div>\r\n                            <\/div>\r\n                        \r\n                            <!-- News Block Ten -->\r\n                            <div class=\"news-block-ten col-lg-4 col-md-6 col-sm-12\">\r\n                                <div class=\"inner-box wow fadeInRight\" data-wow-delay=\"0ms\" data-wow-duration=\"1500ms\">\r\n                                    <div class=\"image\">\r\n                                        <a href=\"https:\/\/ntpark.me\/en\/news\/odrzan-info-dan-u-naucno-tehnoloskom-parku-crne-gore\/\"><img loading=\"lazy\" decoding=\"async\" width=\"1600\" height=\"1200\" src=\"https:\/\/ntpark.me\/wp-content\/uploads\/2024\/08\/viber_slika_2024-08-28_14-27-16-405.jpg\" class=\"attachment-full size-full\" alt=\"\" srcset=\"https:\/\/ntpark.me\/wp-content\/uploads\/2024\/08\/viber_slika_2024-08-28_14-27-16-405.jpg 1600w, https:\/\/ntpark.me\/wp-content\/uploads\/2024\/08\/viber_slika_2024-08-28_14-27-16-405-300x225.jpg 300w, https:\/\/ntpark.me\/wp-content\/uploads\/2024\/08\/viber_slika_2024-08-28_14-27-16-405-1024x768.jpg 1024w, https:\/\/ntpark.me\/wp-content\/uploads\/2024\/08\/viber_slika_2024-08-28_14-27-16-405-768x576.jpg 768w, https:\/\/ntpark.me\/wp-content\/uploads\/2024\/08\/viber_slika_2024-08-28_14-27-16-405-1536x1152.jpg 1536w\" sizes=\"(max-width: 1600px) 100vw, 1600px\" \/><\/a>\r\n                                    <\/div>\r\n                                    <div class=\"lower-content\">\r\n                                        <ul class=\"post-meta\">\r\n                                            <li><span class=\"icon fal fa-user-alt\"><\/span>editor<\/li>\r\n                                            <li><span class=\"icon fal fa-calendar-alt\"><\/span>Aug 28, 2024<\/li>\r\n                                        <\/ul>\r\n                                        <h5><a href=\"https:\/\/ntpark.me\/en\/news\/odrzan-info-dan-u-naucno-tehnoloskom-parku-crne-gore\/\">An Info day was held at the Science and technology park of Montenegro<\/a><\/h5>\r\n                                    <\/div>\r\n                                <\/div>\r\n                            <\/div>\r\n                        \r\n                            <!-- News Block Ten -->\r\n                            <div class=\"news-block-ten col-lg-4 col-md-6 col-sm-12\">\r\n                                <div class=\"inner-box wow fadeInRight\" data-wow-delay=\"0ms\" data-wow-duration=\"1500ms\">\r\n                                    <div class=\"image\">\r\n                                        <a href=\"https:\/\/ntpark.me\/en\/news\/info-dan-povodom-lansiranja-javnih-poziva\/\"><img loading=\"lazy\" decoding=\"async\" width=\"1080\" height=\"1080\" src=\"https:\/\/ntpark.me\/wp-content\/uploads\/2024\/07\/1720635943853481.png\" class=\"attachment-full size-full\" alt=\"\" srcset=\"https:\/\/ntpark.me\/wp-content\/uploads\/2024\/07\/1720635943853481.png 1080w, https:\/\/ntpark.me\/wp-content\/uploads\/2024\/07\/1720635943853481-300x300.png 300w, https:\/\/ntpark.me\/wp-content\/uploads\/2024\/07\/1720635943853481-1024x1024.png 1024w, https:\/\/ntpark.me\/wp-content\/uploads\/2024\/07\/1720635943853481-150x150.png 150w, https:\/\/ntpark.me\/wp-content\/uploads\/2024\/07\/1720635943853481-768x768.png 768w, https:\/\/ntpark.me\/wp-content\/uploads\/2024\/07\/1720635943853481-600x600.png 600w, https:\/\/ntpark.me\/wp-content\/uploads\/2024\/07\/1720635943853481-74x73.png 74w, https:\/\/ntpark.me\/wp-content\/uploads\/2024\/07\/1720635943853481-400x400.png 400w\" sizes=\"(max-width: 1080px) 100vw, 1080px\" \/><\/a>\r\n                                    <\/div>\r\n                                    <div class=\"lower-content\">\r\n                                        <ul class=\"post-meta\">\r\n                                            <li><span class=\"icon fal fa-user-alt\"><\/span>editor<\/li>\r\n                                            <li><span class=\"icon fal fa-calendar-alt\"><\/span>Jul 11, 2024<\/li>\r\n                                        <\/ul>\r\n                                        <h5><a href=\"https:\/\/ntpark.me\/en\/news\/info-dan-povodom-lansiranja-javnih-poziva\/\">Info day on the launch of public calls<\/a><\/h5>\r\n                                    <\/div>\r\n                                <\/div>\r\n                            <\/div>\r\n                        \r\n                            <!-- News Block Ten -->\r\n                            <div class=\"news-block-ten col-lg-4 col-md-6 col-sm-12\">\r\n                                <div class=\"inner-box wow fadeInRight\" data-wow-delay=\"0ms\" data-wow-duration=\"1500ms\">\r\n                                    <div class=\"image\">\r\n                                        <a href=\"https:\/\/ntpark.me\/en\/news\/uskoro-javni-poziv-za-prve-stanare\/\"><img loading=\"lazy\" decoding=\"async\" width=\"1080\" height=\"661\" src=\"https:\/\/ntpark.me\/wp-content\/uploads\/2024\/07\/1719496263525892-2.webp\" class=\"attachment-full size-full\" alt=\"\" srcset=\"https:\/\/ntpark.me\/wp-content\/uploads\/2024\/07\/1719496263525892-2.webp 1080w, https:\/\/ntpark.me\/wp-content\/uploads\/2024\/07\/1719496263525892-2-300x184.webp 300w, https:\/\/ntpark.me\/wp-content\/uploads\/2024\/07\/1719496263525892-2-1024x627.webp 1024w, https:\/\/ntpark.me\/wp-content\/uploads\/2024\/07\/1719496263525892-2-768x470.webp 768w\" sizes=\"(max-width: 1080px) 100vw, 1080px\" \/><\/a>\r\n                                    <\/div>\r\n                                    <div class=\"lower-content\">\r\n                                        <ul class=\"post-meta\">\r\n                                            <li><span class=\"icon fal fa-user-alt\"><\/span>bildwpntpark<\/li>\r\n                                            <li><span class=\"icon fal fa-calendar-alt\"><\/span>Jun 27, 2024<\/li>\r\n                                        <\/ul>\r\n                                        <h5><a href=\"https:\/\/ntpark.me\/en\/news\/uskoro-javni-poziv-za-prve-stanare\/\">Public call for first tenants coming soon<\/a><\/h5>\r\n                                    <\/div>\r\n                                <\/div>\r\n                            <\/div>\r\n                        \r\n                            <!-- News Block Ten -->\r\n                            <div class=\"news-block-ten col-lg-4 col-md-6 col-sm-12\">\r\n                                <div class=\"inner-box wow fadeInRight\" data-wow-delay=\"0ms\" data-wow-duration=\"1500ms\">\r\n                                    <div class=\"image\">\r\n                                        <a href=\"https:\/\/ntpark.me\/en\/news\/grand-opening-of-the-science-and-technology-park-of-montenegro\/\"><img loading=\"lazy\" decoding=\"async\" width=\"1350\" height=\"1080\" src=\"https:\/\/ntpark.me\/wp-content\/uploads\/2024\/06\/NTP-Otvaranje-01.png\" class=\"attachment-full size-full\" alt=\"\" srcset=\"https:\/\/ntpark.me\/wp-content\/uploads\/2024\/06\/NTP-Otvaranje-01.png 1350w, https:\/\/ntpark.me\/wp-content\/uploads\/2024\/06\/NTP-Otvaranje-01-300x240.png 300w, https:\/\/ntpark.me\/wp-content\/uploads\/2024\/06\/NTP-Otvaranje-01-1024x819.png 1024w, https:\/\/ntpark.me\/wp-content\/uploads\/2024\/06\/NTP-Otvaranje-01-768x614.png 768w\" sizes=\"(max-width: 1350px) 100vw, 1350px\" \/><\/a>\r\n                                    <\/div>\r\n                                    <div class=\"lower-content\">\r\n                                        <ul class=\"post-meta\">\r\n                                            <li><span class=\"icon fal fa-user-alt\"><\/span>editor<\/li>\r\n                                            <li><span class=\"icon fal fa-calendar-alt\"><\/span>Jun 11, 2024<\/li>\r\n                                        <\/ul>\r\n                                        <h5><a href=\"https:\/\/ntpark.me\/en\/news\/grand-opening-of-the-science-and-technology-park-of-montenegro\/\">Grand Opening of the Science and Technology Park of Montenegro<\/a><\/h5>\r\n                                    <\/div>\r\n                                <\/div>\r\n                            <\/div>\r\n                        \r\n                            <!-- News Block Ten -->\r\n                            <div class=\"news-block-ten col-lg-4 col-md-6 col-sm-12\">\r\n                                <div class=\"inner-box wow fadeInRight\" data-wow-delay=\"0ms\" data-wow-duration=\"1500ms\">\r\n                                    <div class=\"image\">\r\n                                        <a href=\"https:\/\/ntpark.me\/en\/news\/embrace-the-green-revolution-join-our-b2greenhub-ecosystem\/\"><img loading=\"lazy\" decoding=\"async\" width=\"1081\" height=\"827\" src=\"https:\/\/ntpark.me\/wp-content\/uploads\/2024\/06\/B2GreenHub_Novo.png\" class=\"attachment-full size-full\" alt=\"\" srcset=\"https:\/\/ntpark.me\/wp-content\/uploads\/2024\/06\/B2GreenHub_Novo.png 1081w, https:\/\/ntpark.me\/wp-content\/uploads\/2024\/06\/B2GreenHub_Novo-300x230.png 300w, https:\/\/ntpark.me\/wp-content\/uploads\/2024\/06\/B2GreenHub_Novo-1024x783.png 1024w, https:\/\/ntpark.me\/wp-content\/uploads\/2024\/06\/B2GreenHub_Novo-768x588.png 768w\" sizes=\"(max-width: 1081px) 100vw, 1081px\" \/><\/a>\r\n                                    <\/div>\r\n                                    <div class=\"lower-content\">\r\n                                        <ul class=\"post-meta\">\r\n                                            <li><span class=\"icon fal fa-user-alt\"><\/span>editor<\/li>\r\n                                            <li><span class=\"icon fal fa-calendar-alt\"><\/span>Jun 04, 2024<\/li>\r\n                                        <\/ul>\r\n                                        <h5><a href=\"https:\/\/ntpark.me\/en\/news\/embrace-the-green-revolution-join-our-b2greenhub-ecosystem\/\">Embrace the Green Revolution: Join Our B2GreenHub Ecosystem<\/a><\/h5>\r\n                                    <\/div>\r\n                                <\/div>\r\n                            <\/div>\r\n                        \r\n                            <!-- News Block Ten -->\r\n                            <div class=\"news-block-ten col-lg-4 col-md-6 col-sm-12\">\r\n                                <div class=\"inner-box wow fadeInRight\" data-wow-delay=\"0ms\" data-wow-duration=\"1500ms\">\r\n                                    <div class=\"image\">\r\n                                        <a href=\"https:\/\/ntpark.me\/en\/news\/pokrenut-je-pilot-program-inovacionih-vaucera-zapadnog-balkana\/\"><img loading=\"lazy\" decoding=\"async\" width=\"480\" height=\"252\" src=\"https:\/\/ntpark.me\/wp-content\/uploads\/2024\/05\/Banner_website.jpg\" class=\"attachment-full size-full\" alt=\"\" srcset=\"https:\/\/ntpark.me\/wp-content\/uploads\/2024\/05\/Banner_website.jpg 480w, https:\/\/ntpark.me\/wp-content\/uploads\/2024\/05\/Banner_website-300x158.jpg 300w\" sizes=\"(max-width: 480px) 100vw, 480px\" \/><\/a>\r\n                                    <\/div>\r\n                                    <div class=\"lower-content\">\r\n                                        <ul class=\"post-meta\">\r\n                                            <li><span class=\"icon fal fa-user-alt\"><\/span>editor<\/li>\r\n                                            <li><span class=\"icon fal fa-calendar-alt\"><\/span>May 09, 2024<\/li>\r\n                                        <\/ul>\r\n                                        <h5><a href=\"https:\/\/ntpark.me\/en\/news\/pokrenut-je-pilot-program-inovacionih-vaucera-zapadnog-balkana\/\">The pilot program for innovation vouchers in the Western Balkans has been launched<\/a><\/h5>\r\n                                    <\/div>\r\n                                <\/div>\r\n                            <\/div>\r\n                        \r\n                            <!-- News Block Ten -->\r\n                            <div class=\"news-block-ten col-lg-4 col-md-6 col-sm-12\">\r\n                                <div class=\"inner-box wow fadeInRight\" data-wow-delay=\"0ms\" data-wow-duration=\"1500ms\">\r\n                                    <div class=\"image\">\r\n                                        <a href=\"https:\/\/ntpark.me\/en\/news\/cirkularni-inovacioni-centar-ci-hub\/\"><img loading=\"lazy\" decoding=\"async\" width=\"3848\" height=\"1259\" src=\"https:\/\/ntpark.me\/wp-content\/uploads\/2024\/05\/CI-Hub-RGB.png\" class=\"attachment-full size-full\" alt=\"\" srcset=\"https:\/\/ntpark.me\/wp-content\/uploads\/2024\/05\/CI-Hub-RGB.png 3848w, https:\/\/ntpark.me\/wp-content\/uploads\/2024\/05\/CI-Hub-RGB-300x98.png 300w, https:\/\/ntpark.me\/wp-content\/uploads\/2024\/05\/CI-Hub-RGB-1024x335.png 1024w, https:\/\/ntpark.me\/wp-content\/uploads\/2024\/05\/CI-Hub-RGB-768x251.png 768w, https:\/\/ntpark.me\/wp-content\/uploads\/2024\/05\/CI-Hub-RGB-1536x503.png 1536w, https:\/\/ntpark.me\/wp-content\/uploads\/2024\/05\/CI-Hub-RGB-2048x670.png 2048w\" sizes=\"(max-width: 3848px) 100vw, 3848px\" \/><\/a>\r\n                                    <\/div>\r\n                                    <div class=\"lower-content\">\r\n                                        <ul class=\"post-meta\">\r\n                                            <li><span class=\"icon fal fa-user-alt\"><\/span>editor<\/li>\r\n                                            <li><span class=\"icon fal fa-calendar-alt\"><\/span>May 09, 2024<\/li>\r\n                                        <\/ul>\r\n                                        <h5><a href=\"https:\/\/ntpark.me\/en\/news\/cirkularni-inovacioni-centar-ci-hub\/\">The Circular Innovation Center &#8220;CI HUB&#8221; project<\/a><\/h5>\r\n                                    <\/div>\r\n                                <\/div>\r\n                            <\/div>\r\n                        \r\n                            <!-- News Block Ten -->\r\n                            <div class=\"news-block-ten col-lg-4 col-md-6 col-sm-12\">\r\n                                <div class=\"inner-box wow fadeInRight\" data-wow-delay=\"0ms\" data-wow-duration=\"1500ms\">\r\n                                    <div class=\"image\">\r\n                                        <a href=\"https:\/\/ntpark.me\/en\/news\/sinergija-kljucnih-institucija-za-odrzivi-razvoj-inovacija-u-crnoj-gori\/\"><img loading=\"lazy\" decoding=\"async\" width=\"727\" height=\"485\" src=\"https:\/\/ntpark.me\/wp-content\/uploads\/2024\/04\/Fotografija-prisutnih.jpg\" class=\"attachment-full size-full\" alt=\"\" srcset=\"https:\/\/ntpark.me\/wp-content\/uploads\/2024\/04\/Fotografija-prisutnih.jpg 727w, https:\/\/ntpark.me\/wp-content\/uploads\/2024\/04\/Fotografija-prisutnih-300x200.jpg 300w, https:\/\/ntpark.me\/wp-content\/uploads\/2024\/04\/Fotografija-prisutnih-600x400.jpg 600w, https:\/\/ntpark.me\/wp-content\/uploads\/2024\/04\/Fotografija-prisutnih-200x132.jpg 200w\" sizes=\"(max-width: 727px) 100vw, 727px\" \/><\/a>\r\n                                    <\/div>\r\n                                    <div class=\"lower-content\">\r\n                                        <ul class=\"post-meta\">\r\n                                            <li><span class=\"icon fal fa-user-alt\"><\/span>editor<\/li>\r\n                                            <li><span class=\"icon fal fa-calendar-alt\"><\/span>Apr 01, 2024<\/li>\r\n                                        <\/ul>\r\n                                        <h5><a href=\"https:\/\/ntpark.me\/en\/news\/sinergija-kljucnih-institucija-za-odrzivi-razvoj-inovacija-u-crnoj-gori\/\">Synergy of key institutions for sustainable innovation development in Montenegro<\/a><\/h5>\r\n                                    <\/div>\r\n                                <\/div>\r\n                            <\/div>\r\n                        \r\n                            <!-- News Block Ten -->\r\n                            <div class=\"news-block-ten col-lg-4 col-md-6 col-sm-12\">\r\n                                <div class=\"inner-box wow fadeInRight\" data-wow-delay=\"0ms\" data-wow-duration=\"1500ms\">\r\n                                    <div class=\"image\">\r\n                                        <a href=\"https:\/\/ntpark.me\/en\/uncategorized\/zvanicno-otvoren-novi-ciklus-social-impact-award-sia-programa-u-crnoj-gori-za-2024-godinu\/\"><img loading=\"lazy\" decoding=\"async\" width=\"2048\" height=\"1365\" src=\"https:\/\/ntpark.me\/wp-content\/uploads\/2024\/03\/432162174_733392195621808_2879846910584583175_n.jpg\" class=\"attachment-full size-full\" alt=\"\" srcset=\"https:\/\/ntpark.me\/wp-content\/uploads\/2024\/03\/432162174_733392195621808_2879846910584583175_n.jpg 2048w, https:\/\/ntpark.me\/wp-content\/uploads\/2024\/03\/432162174_733392195621808_2879846910584583175_n-300x200.jpg 300w, https:\/\/ntpark.me\/wp-content\/uploads\/2024\/03\/432162174_733392195621808_2879846910584583175_n-1024x683.jpg 1024w, https:\/\/ntpark.me\/wp-content\/uploads\/2024\/03\/432162174_733392195621808_2879846910584583175_n-768x512.jpg 768w, https:\/\/ntpark.me\/wp-content\/uploads\/2024\/03\/432162174_733392195621808_2879846910584583175_n-1536x1024.jpg 1536w, https:\/\/ntpark.me\/wp-content\/uploads\/2024\/03\/432162174_733392195621808_2879846910584583175_n-600x400.jpg 600w, https:\/\/ntpark.me\/wp-content\/uploads\/2024\/03\/432162174_733392195621808_2879846910584583175_n-200x132.jpg 200w\" sizes=\"(max-width: 2048px) 100vw, 2048px\" \/><\/a>\r\n                                    <\/div>\r\n                                    <div class=\"lower-content\">\r\n                                        <ul class=\"post-meta\">\r\n                                            <li><span class=\"icon fal fa-user-alt\"><\/span>editor<\/li>\r\n                                            <li><span class=\"icon fal fa-calendar-alt\"><\/span>Mar 29, 2024<\/li>\r\n                                        <\/ul>\r\n                                        <h5><a href=\"https:\/\/ntpark.me\/en\/uncategorized\/zvanicno-otvoren-novi-ciklus-social-impact-award-sia-programa-u-crnoj-gori-za-2024-godinu\/\">The new cycle of the Social Impact Award (SIA) program for 2024 has been officially opened in Montenegro<\/a><\/h5>\r\n                                    <\/div>\r\n                                <\/div>\r\n                            <\/div>\r\n                        \r\n                            <!-- News Block Ten -->\r\n                            <div class=\"news-block-ten col-lg-4 col-md-6 col-sm-12\">\r\n                                <div class=\"inner-box wow fadeInRight\" data-wow-delay=\"0ms\" data-wow-duration=\"1500ms\">\r\n                                    <div class=\"image\">\r\n                                        <a href=\"https:\/\/ntpark.me\/en\/news\/the-abcd-project-is-launching-the-founders-abcd-deep-tech-start-up-support-program\/\"><img loading=\"lazy\" decoding=\"async\" width=\"968\" height=\"645\" src=\"https:\/\/ntpark.me\/wp-content\/uploads\/2024\/03\/tumber.jpeg\" class=\"attachment-full size-full\" alt=\"\" srcset=\"https:\/\/ntpark.me\/wp-content\/uploads\/2024\/03\/tumber.jpeg 968w, https:\/\/ntpark.me\/wp-content\/uploads\/2024\/03\/tumber-300x200.jpeg 300w, https:\/\/ntpark.me\/wp-content\/uploads\/2024\/03\/tumber-768x512.jpeg 768w, https:\/\/ntpark.me\/wp-content\/uploads\/2024\/03\/tumber-600x400.jpeg 600w, https:\/\/ntpark.me\/wp-content\/uploads\/2024\/03\/tumber-200x132.jpeg 200w\" sizes=\"(max-width: 968px) 100vw, 968px\" \/><\/a>\r\n                                    <\/div>\r\n                                    <div class=\"lower-content\">\r\n                                        <ul class=\"post-meta\">\r\n                                            <li><span class=\"icon fal fa-user-alt\"><\/span>editor<\/li>\r\n                                            <li><span class=\"icon fal fa-calendar-alt\"><\/span>Mar 29, 2024<\/li>\r\n                                        <\/ul>\r\n                                        <h5><a href=\"https:\/\/ntpark.me\/en\/news\/the-abcd-project-is-launching-the-founders-abcd-deep-tech-start-up-support-program\/\">The ABCD project is launching the Founders ABCD Deep Tech Start-up Support Program<\/a><\/h5>\r\n                                    <\/div>\r\n                                <\/div>\r\n                            <\/div>\r\n                        \r\n                            <!-- News Block Ten -->\r\n                            <div class=\"news-block-ten col-lg-4 col-md-6 col-sm-12\">\r\n                                <div class=\"inner-box wow fadeInRight\" data-wow-delay=\"0ms\" data-wow-duration=\"1500ms\">\r\n                                    <div class=\"image\">\r\n                                        <a href=\"https:\/\/ntpark.me\/en\/news\/the-policy-answers-western-balkans-mobility-scheme-for-early-career-researchers-has-been-launched\/\"><img loading=\"lazy\" decoding=\"async\" width=\"526\" height=\"526\" src=\"https:\/\/ntpark.me\/wp-content\/uploads\/2024\/03\/417512437_936255595068422_7950472012543920876_n.jpg\" class=\"attachment-full size-full\" alt=\"\" srcset=\"https:\/\/ntpark.me\/wp-content\/uploads\/2024\/03\/417512437_936255595068422_7950472012543920876_n.jpg 526w, https:\/\/ntpark.me\/wp-content\/uploads\/2024\/03\/417512437_936255595068422_7950472012543920876_n-300x300.jpg 300w, https:\/\/ntpark.me\/wp-content\/uploads\/2024\/03\/417512437_936255595068422_7950472012543920876_n-150x150.jpg 150w, https:\/\/ntpark.me\/wp-content\/uploads\/2024\/03\/417512437_936255595068422_7950472012543920876_n-74x73.jpg 74w, https:\/\/ntpark.me\/wp-content\/uploads\/2024\/03\/417512437_936255595068422_7950472012543920876_n-400x400.jpg 400w\" sizes=\"(max-width: 526px) 100vw, 526px\" \/><\/a>\r\n                                    <\/div>\r\n                                    <div class=\"lower-content\">\r\n                                        <ul class=\"post-meta\">\r\n                                            <li><span class=\"icon fal fa-user-alt\"><\/span>editor<\/li>\r\n                                            <li><span class=\"icon fal fa-calendar-alt\"><\/span>Mar 29, 2024<\/li>\r\n                                        <\/ul>\r\n                                        <h5><a href=\"https:\/\/ntpark.me\/en\/news\/the-policy-answers-western-balkans-mobility-scheme-for-early-career-researchers-has-been-launched\/\">The POLICY ANSWERS Western Balkans Mobility Scheme for Early-Career Researchers has been launched<\/a><\/h5>\r\n                                    <\/div>\r\n                                <\/div>\r\n                            <\/div>\r\n                        \r\n                            <!-- News Block Ten -->\r\n                            <div class=\"news-block-ten col-lg-4 col-md-6 col-sm-12\">\r\n                                <div class=\"inner-box wow fadeInRight\" data-wow-delay=\"0ms\" data-wow-duration=\"1500ms\">\r\n                                    <div class=\"image\">\r\n                                        <a href=\"https:\/\/ntpark.me\/en\/news\/ministri-javne-uprave-prosvjete-nauke-i-inovacija-vanjskih-i-evropskih-poslova-obisli-radove-u-naucno-tehnoloskom-parku\/\"><img loading=\"lazy\" decoding=\"async\" width=\"2048\" height=\"1360\" src=\"https:\/\/ntpark.me\/wp-content\/uploads\/2024\/03\/434071085_827718569399588_1475200492288139260_n.jpg\" class=\"attachment-full size-full\" alt=\"\" srcset=\"https:\/\/ntpark.me\/wp-content\/uploads\/2024\/03\/434071085_827718569399588_1475200492288139260_n.jpg 2048w, https:\/\/ntpark.me\/wp-content\/uploads\/2024\/03\/434071085_827718569399588_1475200492288139260_n-300x199.jpg 300w, https:\/\/ntpark.me\/wp-content\/uploads\/2024\/03\/434071085_827718569399588_1475200492288139260_n-1024x680.jpg 1024w, https:\/\/ntpark.me\/wp-content\/uploads\/2024\/03\/434071085_827718569399588_1475200492288139260_n-768x510.jpg 768w, https:\/\/ntpark.me\/wp-content\/uploads\/2024\/03\/434071085_827718569399588_1475200492288139260_n-1536x1020.jpg 1536w, https:\/\/ntpark.me\/wp-content\/uploads\/2024\/03\/434071085_827718569399588_1475200492288139260_n-200x132.jpg 200w\" sizes=\"(max-width: 2048px) 100vw, 2048px\" \/><\/a>\r\n                                    <\/div>\r\n                                    <div class=\"lower-content\">\r\n                                        <ul class=\"post-meta\">\r\n                                            <li><span class=\"icon fal fa-user-alt\"><\/span>editor<\/li>\r\n                                            <li><span class=\"icon fal fa-calendar-alt\"><\/span>Mar 22, 2024<\/li>\r\n                                        <\/ul>\r\n                                        <h5><a href=\"https:\/\/ntpark.me\/en\/news\/ministri-javne-uprave-prosvjete-nauke-i-inovacija-vanjskih-i-evropskih-poslova-obisli-radove-u-naucno-tehnoloskom-parku\/\">Ministers of public administration, education, Ssience and innovation, and Foreign affairs and european integration visited the ongoing works at the Science and technology park<\/a><\/h5>\r\n                                    <\/div>\r\n                                <\/div>\r\n                            <\/div>\r\n                        \r\n                            <!-- News Block Ten -->\r\n                            <div class=\"news-block-ten col-lg-4 col-md-6 col-sm-12\">\r\n                                <div class=\"inner-box wow fadeInRight\" data-wow-delay=\"0ms\" data-wow-duration=\"1500ms\">\r\n                                    <div class=\"image\">\r\n                                        <a href=\"https:\/\/ntpark.me\/en\/news\/valentina-radulovic-nova-direktorka-naucno-tehnoloskog-parka-crne-gore\/\"><img loading=\"lazy\" decoding=\"async\" width=\"1080\" height=\"1080\" src=\"https:\/\/ntpark.me\/wp-content\/uploads\/2024\/03\/433009255_719159016999755_5297425462778374344_n.jpg\" class=\"attachment-full size-full\" alt=\"\" srcset=\"https:\/\/ntpark.me\/wp-content\/uploads\/2024\/03\/433009255_719159016999755_5297425462778374344_n.jpg 1080w, https:\/\/ntpark.me\/wp-content\/uploads\/2024\/03\/433009255_719159016999755_5297425462778374344_n-300x300.jpg 300w, https:\/\/ntpark.me\/wp-content\/uploads\/2024\/03\/433009255_719159016999755_5297425462778374344_n-1024x1024.jpg 1024w, https:\/\/ntpark.me\/wp-content\/uploads\/2024\/03\/433009255_719159016999755_5297425462778374344_n-150x150.jpg 150w, https:\/\/ntpark.me\/wp-content\/uploads\/2024\/03\/433009255_719159016999755_5297425462778374344_n-768x768.jpg 768w, https:\/\/ntpark.me\/wp-content\/uploads\/2024\/03\/433009255_719159016999755_5297425462778374344_n-600x600.jpg 600w, https:\/\/ntpark.me\/wp-content\/uploads\/2024\/03\/433009255_719159016999755_5297425462778374344_n-74x73.jpg 74w, https:\/\/ntpark.me\/wp-content\/uploads\/2024\/03\/433009255_719159016999755_5297425462778374344_n-400x400.jpg 400w\" sizes=\"(max-width: 1080px) 100vw, 1080px\" \/><\/a>\r\n                                    <\/div>\r\n                                    <div class=\"lower-content\">\r\n                                        <ul class=\"post-meta\">\r\n                                            <li><span class=\"icon fal fa-user-alt\"><\/span>editor<\/li>\r\n                                            <li><span class=\"icon fal fa-calendar-alt\"><\/span>Mar 22, 2024<\/li>\r\n                                        <\/ul>\r\n                                        <h5><a href=\"https:\/\/ntpark.me\/en\/news\/valentina-radulovic-nova-direktorka-naucno-tehnoloskog-parka-crne-gore\/\">Valentina Radulovi\u0107, the new director of the Science and technology park of Montenegro<\/a><\/h5>\r\n                                    <\/div>\r\n                                <\/div>\r\n                            <\/div>\r\n                        \r\n                            <!-- News Block Ten -->\r\n                            <div class=\"news-block-ten col-lg-4 col-md-6 col-sm-12\">\r\n                                <div class=\"inner-box wow fadeInRight\" data-wow-delay=\"0ms\" data-wow-duration=\"1500ms\">\r\n                                    <div class=\"image\">\r\n                                        <a href=\"https:\/\/ntpark.me\/en\/news\/vrijedna-donacija-ntp-a-crnogorskom-astronomskom-drustvu-podgorica\/\"><img loading=\"lazy\" decoding=\"async\" width=\"1440\" height=\"1109\" src=\"https:\/\/ntpark.me\/wp-content\/uploads\/2023\/12\/412751740_344502851630515_8545882605742801844_n-1.jpg\" class=\"attachment-full size-full\" alt=\"\" srcset=\"https:\/\/ntpark.me\/wp-content\/uploads\/2023\/12\/412751740_344502851630515_8545882605742801844_n-1.jpg 1440w, https:\/\/ntpark.me\/wp-content\/uploads\/2023\/12\/412751740_344502851630515_8545882605742801844_n-1-300x231.jpg 300w, https:\/\/ntpark.me\/wp-content\/uploads\/2023\/12\/412751740_344502851630515_8545882605742801844_n-1-1024x789.jpg 1024w, https:\/\/ntpark.me\/wp-content\/uploads\/2023\/12\/412751740_344502851630515_8545882605742801844_n-1-768x591.jpg 768w\" sizes=\"(max-width: 1440px) 100vw, 1440px\" \/><\/a>\r\n                                    <\/div>\r\n                                    <div class=\"lower-content\">\r\n                                        <ul class=\"post-meta\">\r\n                                            <li><span class=\"icon fal fa-user-alt\"><\/span>editor<\/li>\r\n                                            <li><span class=\"icon fal fa-calendar-alt\"><\/span>Dec 22, 2023<\/li>\r\n                                        <\/ul>\r\n                                        <h5><a href=\"https:\/\/ntpark.me\/en\/news\/vrijedna-donacija-ntp-a-crnogorskom-astronomskom-drustvu-podgorica\/\">A valuable donation from STP to the Montenegrin astronomical society &#8220;Podgorica&#8221;<\/a><\/h5>\r\n                                    <\/div>\r\n                                <\/div>\r\n                            <\/div>\r\n                        \r\n                            <!-- News Block Ten -->\r\n                            <div class=\"news-block-ten col-lg-4 col-md-6 col-sm-12\">\r\n                                <div class=\"inner-box wow fadeInRight\" data-wow-delay=\"0ms\" data-wow-duration=\"1500ms\">\r\n                                    <div class=\"image\">\r\n                                        <a href=\"https:\/\/ntpark.me\/en\/news\/konkurs-za-izbor-izvrsnog-direktora-2\/\"><img loading=\"lazy\" decoding=\"async\" width=\"2560\" height=\"1639\" src=\"https:\/\/ntpark.me\/wp-content\/uploads\/2023\/12\/baner-background-hands-1-scaled-1.jpg\" class=\"attachment-full size-full\" alt=\"\" srcset=\"https:\/\/ntpark.me\/wp-content\/uploads\/2023\/12\/baner-background-hands-1-scaled-1.jpg 2560w, https:\/\/ntpark.me\/wp-content\/uploads\/2023\/12\/baner-background-hands-1-scaled-1-300x192.jpg 300w, https:\/\/ntpark.me\/wp-content\/uploads\/2023\/12\/baner-background-hands-1-scaled-1-1024x656.jpg 1024w, https:\/\/ntpark.me\/wp-content\/uploads\/2023\/12\/baner-background-hands-1-scaled-1-768x492.jpg 768w, https:\/\/ntpark.me\/wp-content\/uploads\/2023\/12\/baner-background-hands-1-scaled-1-1536x983.jpg 1536w, https:\/\/ntpark.me\/wp-content\/uploads\/2023\/12\/baner-background-hands-1-scaled-1-2048x1311.jpg 2048w\" sizes=\"(max-width: 2560px) 100vw, 2560px\" \/><\/a>\r\n                                    <\/div>\r\n                                    <div class=\"lower-content\">\r\n                                        <ul class=\"post-meta\">\r\n                                            <li><span class=\"icon fal fa-user-alt\"><\/span>editor<\/li>\r\n                                            <li><span class=\"icon fal fa-calendar-alt\"><\/span>Dec 21, 2023<\/li>\r\n                                        <\/ul>\r\n                                        <h5><a href=\"https:\/\/ntpark.me\/en\/news\/konkurs-za-izbor-izvrsnog-direktora-2\/\">Competition for the selection of the executive director<\/a><\/h5>\r\n                                    <\/div>\r\n                                <\/div>\r\n                            <\/div>\r\n                        \r\n                            <!-- News Block Ten -->\r\n                            <div class=\"news-block-ten col-lg-4 col-md-6 col-sm-12\">\r\n                                <div class=\"inner-box wow fadeInRight\" data-wow-delay=\"0ms\" data-wow-duration=\"1500ms\">\r\n                                    <div class=\"image\">\r\n                                        <a href=\"https:\/\/ntpark.me\/en\/news\/memorandum-of-partnership-for-strengthening-deeptech-ecosystem-in-montenegro-was-signed-between-the-university-of-montenegro-and-the-science-and-technology-park-of-montenegro\/\"><img loading=\"lazy\" decoding=\"async\" width=\"1432\" height=\"1000\" src=\"https:\/\/ntpark.me\/wp-content\/uploads\/2023\/12\/407444678_333808792699921_2542317224876191021_n-1.jpg\" class=\"attachment-full size-full\" alt=\"\" srcset=\"https:\/\/ntpark.me\/wp-content\/uploads\/2023\/12\/407444678_333808792699921_2542317224876191021_n-1.jpg 1432w, https:\/\/ntpark.me\/wp-content\/uploads\/2023\/12\/407444678_333808792699921_2542317224876191021_n-1-300x209.jpg 300w, https:\/\/ntpark.me\/wp-content\/uploads\/2023\/12\/407444678_333808792699921_2542317224876191021_n-1-1024x715.jpg 1024w, https:\/\/ntpark.me\/wp-content\/uploads\/2023\/12\/407444678_333808792699921_2542317224876191021_n-1-768x536.jpg 768w\" sizes=\"(max-width: 1432px) 100vw, 1432px\" \/><\/a>\r\n                                    <\/div>\r\n                                    <div class=\"lower-content\">\r\n                                        <ul class=\"post-meta\">\r\n                                            <li><span class=\"icon fal fa-user-alt\"><\/span>editor<\/li>\r\n                                            <li><span class=\"icon fal fa-calendar-alt\"><\/span>Dec 04, 2023<\/li>\r\n                                        <\/ul>\r\n                                        <h5><a href=\"https:\/\/ntpark.me\/en\/news\/memorandum-of-partnership-for-strengthening-deeptech-ecosystem-in-montenegro-was-signed-between-the-university-of-montenegro-and-the-science-and-technology-park-of-montenegro\/\">Memorandum of Partnership for strengthening DeepTech ecosystem in Montenegro was signed between the University of Montenegro and the Science and Technology Park of Montenegro<\/a><\/h5>\r\n                                    <\/div>\r\n                                <\/div>\r\n                            <\/div>\r\n                        \r\n                            <!-- News Block Ten -->\r\n                            <div class=\"news-block-ten col-lg-4 col-md-6 col-sm-12\">\r\n                                <div class=\"inner-box wow fadeInRight\" data-wow-delay=\"0ms\" data-wow-duration=\"1500ms\">\r\n                                    <div class=\"image\">\r\n                                        <a href=\"https:\/\/ntpark.me\/en\/news\/uspjesno-zavrsen-dogadaj-pod-nazivom-upravljanje-i-javni-angazman-za-ulcinjsku-solanu\/\"><img loading=\"lazy\" decoding=\"async\" width=\"1440\" height=\"986\" src=\"https:\/\/ntpark.me\/wp-content\/uploads\/2023\/12\/406563234_331587812922019_2742718592273300018_n.jpg\" class=\"attachment-full size-full\" alt=\"\" srcset=\"https:\/\/ntpark.me\/wp-content\/uploads\/2023\/12\/406563234_331587812922019_2742718592273300018_n.jpg 1440w, https:\/\/ntpark.me\/wp-content\/uploads\/2023\/12\/406563234_331587812922019_2742718592273300018_n-300x205.jpg 300w, https:\/\/ntpark.me\/wp-content\/uploads\/2023\/12\/406563234_331587812922019_2742718592273300018_n-1024x701.jpg 1024w, https:\/\/ntpark.me\/wp-content\/uploads\/2023\/12\/406563234_331587812922019_2742718592273300018_n-768x526.jpg 768w\" sizes=\"(max-width: 1440px) 100vw, 1440px\" \/><\/a>\r\n                                    <\/div>\r\n                                    <div class=\"lower-content\">\r\n                                        <ul class=\"post-meta\">\r\n                                            <li><span class=\"icon fal fa-user-alt\"><\/span>editor<\/li>\r\n                                            <li><span class=\"icon fal fa-calendar-alt\"><\/span>Dec 01, 2023<\/li>\r\n                                        <\/ul>\r\n                                        <h5><a href=\"https:\/\/ntpark.me\/en\/news\/uspjesno-zavrsen-dogadaj-pod-nazivom-upravljanje-i-javni-angazman-za-ulcinjsku-solanu\/\">Successfully completed workshop on saltworks management in protected areas: &#8220;Learning from the Best Regional practices to shape the Future of saltworks management in Ulcinj&#8221;<\/a><\/h5>\r\n                                    <\/div>\r\n                                <\/div>\r\n                            <\/div>\r\n                        \r\n                            <!-- News Block Ten -->\r\n                            <div class=\"news-block-ten col-lg-4 col-md-6 col-sm-12\">\r\n                                <div class=\"inner-box wow fadeInRight\" data-wow-delay=\"0ms\" data-wow-duration=\"1500ms\">\r\n                                    <div class=\"image\">\r\n                                        <a href=\"https:\/\/ntpark.me\/en\/news\/uspjesno-zavrsena-ponovljena-obuka-za-pripremu-aplikacija-za-projekte-horizont-evropa\/\"><img loading=\"lazy\" decoding=\"async\" width=\"1600\" height=\"775\" src=\"https:\/\/ntpark.me\/wp-content\/uploads\/2023\/10\/untitled-77.jpg\" class=\"attachment-full size-full\" alt=\"\" srcset=\"https:\/\/ntpark.me\/wp-content\/uploads\/2023\/10\/untitled-77.jpg 1600w, https:\/\/ntpark.me\/wp-content\/uploads\/2023\/10\/untitled-77-300x145.jpg 300w, https:\/\/ntpark.me\/wp-content\/uploads\/2023\/10\/untitled-77-1024x496.jpg 1024w, https:\/\/ntpark.me\/wp-content\/uploads\/2023\/10\/untitled-77-768x372.jpg 768w, https:\/\/ntpark.me\/wp-content\/uploads\/2023\/10\/untitled-77-1536x744.jpg 1536w\" sizes=\"(max-width: 1600px) 100vw, 1600px\" \/><\/a>\r\n                                    <\/div>\r\n                                    <div class=\"lower-content\">\r\n                                        <ul class=\"post-meta\">\r\n                                            <li><span class=\"icon fal fa-user-alt\"><\/span>editor<\/li>\r\n                                            <li><span class=\"icon fal fa-calendar-alt\"><\/span>Oct 16, 2023<\/li>\r\n                                        <\/ul>\r\n                                        <h5><a href=\"https:\/\/ntpark.me\/en\/news\/uspjesno-zavrsena-ponovljena-obuka-za-pripremu-aplikacija-za-projekte-horizont-evropa\/\">Successfully completed repeat training for preparing applications for Horizon Europe projects<\/a><\/h5>\r\n                                    <\/div>\r\n                                <\/div>\r\n                            <\/div>\r\n                        \r\n                            <!-- News Block Ten -->\r\n                            <div class=\"news-block-ten col-lg-4 col-md-6 col-sm-12\">\r\n                                <div class=\"inner-box wow fadeInRight\" data-wow-delay=\"0ms\" data-wow-duration=\"1500ms\">\r\n                                    <div class=\"image\">\r\n                                        <a href=\"https:\/\/ntpark.me\/en\/news\/u-sklopu-dvodnevne-konferencije-o-ekonomiji-odrzan-panel-na-temu-inovacije-preduzmi-ideju\/\"><img loading=\"lazy\" decoding=\"async\" width=\"1320\" height=\"733\" src=\"https:\/\/ntpark.me\/wp-content\/uploads\/2023\/10\/5711895-1320x733-1.jpg\" class=\"attachment-full size-full\" alt=\"\" srcset=\"https:\/\/ntpark.me\/wp-content\/uploads\/2023\/10\/5711895-1320x733-1.jpg 1320w, https:\/\/ntpark.me\/wp-content\/uploads\/2023\/10\/5711895-1320x733-1-300x167.jpg 300w, https:\/\/ntpark.me\/wp-content\/uploads\/2023\/10\/5711895-1320x733-1-1024x569.jpg 1024w, https:\/\/ntpark.me\/wp-content\/uploads\/2023\/10\/5711895-1320x733-1-768x426.jpg 768w\" sizes=\"(max-width: 1320px) 100vw, 1320px\" \/><\/a>\r\n                                    <\/div>\r\n                                    <div class=\"lower-content\">\r\n                                        <ul class=\"post-meta\">\r\n                                            <li><span class=\"icon fal fa-user-alt\"><\/span>editor<\/li>\r\n                                            <li><span class=\"icon fal fa-calendar-alt\"><\/span>Oct 16, 2023<\/li>\r\n                                        <\/ul>\r\n                                        <h5><a href=\"https:\/\/ntpark.me\/en\/news\/u-sklopu-dvodnevne-konferencije-o-ekonomiji-odrzan-panel-na-temu-inovacije-preduzmi-ideju\/\">As part of the two-day economic conference, a panel discussion was held on the topic \u201cInnovations: Take on the Idea\u201d<\/a><\/h5>\r\n                                    <\/div>\r\n                                <\/div>\r\n                            <\/div>\r\n                        \r\n                            <!-- News Block Ten -->\r\n                            <div class=\"news-block-ten col-lg-4 col-md-6 col-sm-12\">\r\n                                <div class=\"inner-box wow fadeInRight\" data-wow-delay=\"0ms\" data-wow-duration=\"1500ms\">\r\n                                    <div class=\"image\">\r\n                                        <a href=\"https:\/\/ntpark.me\/en\/news\/velibor-boskovic-ucesnik-digitalnog-samita-zapadnog-balkana-u-sarajevu\/\"><img loading=\"lazy\" decoding=\"async\" width=\"1080\" height=\"810\" src=\"https:\/\/ntpark.me\/wp-content\/uploads\/2023\/10\/386714700_302511405829660_4657013373646015558_n.jpg\" class=\"attachment-full size-full\" alt=\"\" srcset=\"https:\/\/ntpark.me\/wp-content\/uploads\/2023\/10\/386714700_302511405829660_4657013373646015558_n.jpg 1080w, https:\/\/ntpark.me\/wp-content\/uploads\/2023\/10\/386714700_302511405829660_4657013373646015558_n-300x225.jpg 300w, https:\/\/ntpark.me\/wp-content\/uploads\/2023\/10\/386714700_302511405829660_4657013373646015558_n-1024x768.jpg 1024w, https:\/\/ntpark.me\/wp-content\/uploads\/2023\/10\/386714700_302511405829660_4657013373646015558_n-768x576.jpg 768w\" sizes=\"(max-width: 1080px) 100vw, 1080px\" \/><\/a>\r\n                                    <\/div>\r\n                                    <div class=\"lower-content\">\r\n                                        <ul class=\"post-meta\">\r\n                                            <li><span class=\"icon fal fa-user-alt\"><\/span>editor<\/li>\r\n                                            <li><span class=\"icon fal fa-calendar-alt\"><\/span>Oct 16, 2023<\/li>\r\n                                        <\/ul>\r\n                                        <h5><a href=\"https:\/\/ntpark.me\/en\/news\/velibor-boskovic-ucesnik-digitalnog-samita-zapadnog-balkana-u-sarajevu\/\">Velibor Bo\u0161kovi\u0107 is a participant in the Western Balkans digital summit in Sarajevo<\/a><\/h5>\r\n                                    <\/div>\r\n                                <\/div>\r\n                            <\/div>\r\n                        \r\n                            <!-- News Block Ten -->\r\n                            <div class=\"news-block-ten col-lg-4 col-md-6 col-sm-12\">\r\n                                <div class=\"inner-box wow fadeInRight\" data-wow-delay=\"0ms\" data-wow-duration=\"1500ms\">\r\n                                    <div class=\"image\">\r\n                                        <a href=\"https:\/\/ntpark.me\/en\/news\/odrzana-panel-diskusija-znacaj-i-uloga-tto-kancelarija-za-transfer-tehnologija-u-razvoju-inovaciono-preduzetnickog-ekosistema-u-crnoj-gori\/\"><img loading=\"lazy\" decoding=\"async\" width=\"1440\" height=\"960\" src=\"https:\/\/ntpark.me\/wp-content\/uploads\/2023\/10\/384098324_299392792808188_1840170254016177597_n.jpg\" class=\"attachment-full size-full\" alt=\"\" srcset=\"https:\/\/ntpark.me\/wp-content\/uploads\/2023\/10\/384098324_299392792808188_1840170254016177597_n.jpg 1440w, https:\/\/ntpark.me\/wp-content\/uploads\/2023\/10\/384098324_299392792808188_1840170254016177597_n-300x200.jpg 300w, https:\/\/ntpark.me\/wp-content\/uploads\/2023\/10\/384098324_299392792808188_1840170254016177597_n-1024x683.jpg 1024w, https:\/\/ntpark.me\/wp-content\/uploads\/2023\/10\/384098324_299392792808188_1840170254016177597_n-768x512.jpg 768w, https:\/\/ntpark.me\/wp-content\/uploads\/2023\/10\/384098324_299392792808188_1840170254016177597_n-600x400.jpg 600w, https:\/\/ntpark.me\/wp-content\/uploads\/2023\/10\/384098324_299392792808188_1840170254016177597_n-200x132.jpg 200w\" sizes=\"(max-width: 1440px) 100vw, 1440px\" \/><\/a>\r\n                                    <\/div>\r\n                                    <div class=\"lower-content\">\r\n                                        <ul class=\"post-meta\">\r\n                                            <li><span class=\"icon fal fa-user-alt\"><\/span>editor<\/li>\r\n                                            <li><span class=\"icon fal fa-calendar-alt\"><\/span>Oct 02, 2023<\/li>\r\n                                        <\/ul>\r\n                                        <h5><a href=\"https:\/\/ntpark.me\/en\/news\/odrzana-panel-diskusija-znacaj-i-uloga-tto-kancelarija-za-transfer-tehnologija-u-razvoju-inovaciono-preduzetnickog-ekosistema-u-crnoj-gori\/\">Panel discussion held: The Importance and role of TTO (technology transfer offices) in the development of the innovation and entrepreneurial ecosystem in Montenegro<\/a><\/h5>\r\n                                    <\/div>\r\n                                <\/div>\r\n                            <\/div>\r\n                        \r\n                            <!-- News Block Ten -->\r\n                            <div class=\"news-block-ten col-lg-4 col-md-6 col-sm-12\">\r\n                                <div class=\"inner-box wow fadeInRight\" data-wow-delay=\"0ms\" data-wow-duration=\"1500ms\">\r\n                                    <div class=\"image\">\r\n                                        <a href=\"https:\/\/ntpark.me\/en\/news\/odrzana-konferencija-cyber-security-u-sluzbi-unapredenja-biznisa-optimizacijom-rizika-do-konkurentske-prednosti\/\"><img loading=\"lazy\" decoding=\"async\" width=\"2560\" height=\"1707\" src=\"https:\/\/ntpark.me\/wp-content\/uploads\/2023\/10\/0P3A7095-scaled.jpg\" class=\"attachment-full size-full\" alt=\"\" srcset=\"https:\/\/ntpark.me\/wp-content\/uploads\/2023\/10\/0P3A7095-scaled.jpg 2560w, https:\/\/ntpark.me\/wp-content\/uploads\/2023\/10\/0P3A7095-300x200.jpg 300w, https:\/\/ntpark.me\/wp-content\/uploads\/2023\/10\/0P3A7095-1024x683.jpg 1024w, https:\/\/ntpark.me\/wp-content\/uploads\/2023\/10\/0P3A7095-768x512.jpg 768w, https:\/\/ntpark.me\/wp-content\/uploads\/2023\/10\/0P3A7095-1536x1024.jpg 1536w, https:\/\/ntpark.me\/wp-content\/uploads\/2023\/10\/0P3A7095-2048x1365.jpg 2048w, https:\/\/ntpark.me\/wp-content\/uploads\/2023\/10\/0P3A7095-600x400.jpg 600w, https:\/\/ntpark.me\/wp-content\/uploads\/2023\/10\/0P3A7095-200x132.jpg 200w\" sizes=\"(max-width: 2560px) 100vw, 2560px\" \/><\/a>\r\n                                    <\/div>\r\n                                    <div class=\"lower-content\">\r\n                                        <ul class=\"post-meta\">\r\n                                            <li><span class=\"icon fal fa-user-alt\"><\/span>editor<\/li>\r\n                                            <li><span class=\"icon fal fa-calendar-alt\"><\/span>Oct 02, 2023<\/li>\r\n                                        <\/ul>\r\n                                        <h5><a href=\"https:\/\/ntpark.me\/en\/news\/odrzana-konferencija-cyber-security-u-sluzbi-unapredenja-biznisa-optimizacijom-rizika-do-konkurentske-prednosti\/\">Conference held: Cyber Security in the service of business improvement \u2013 gaining a competitive advantage through risk optimization<\/a><\/h5>\r\n                                    <\/div>\r\n                                <\/div>\r\n                            <\/div>\r\n                        \r\n                            <!-- News Block Ten -->\r\n                            <div class=\"news-block-ten col-lg-4 col-md-6 col-sm-12\">\r\n                                <div class=\"inner-box wow fadeInRight\" data-wow-delay=\"0ms\" data-wow-duration=\"1500ms\">\r\n                                    <div class=\"image\">\r\n                                        <a href=\"https:\/\/ntpark.me\/en\/news\/uspjesno-realizovana-konferencija-o-uskladivanju-prioriteta-na-zapadnom-balkanu\/\"><img loading=\"lazy\" decoding=\"async\" width=\"1600\" height=\"1200\" src=\"https:\/\/ntpark.me\/wp-content\/uploads\/2023\/09\/Family_picture_PA.jpg\" class=\"attachment-full size-full\" alt=\"\" srcset=\"https:\/\/ntpark.me\/wp-content\/uploads\/2023\/09\/Family_picture_PA.jpg 1600w, https:\/\/ntpark.me\/wp-content\/uploads\/2023\/09\/Family_picture_PA-300x225.jpg 300w, https:\/\/ntpark.me\/wp-content\/uploads\/2023\/09\/Family_picture_PA-1024x768.jpg 1024w, https:\/\/ntpark.me\/wp-content\/uploads\/2023\/09\/Family_picture_PA-768x576.jpg 768w, https:\/\/ntpark.me\/wp-content\/uploads\/2023\/09\/Family_picture_PA-1536x1152.jpg 1536w\" sizes=\"(max-width: 1600px) 100vw, 1600px\" \/><\/a>\r\n                                    <\/div>\r\n                                    <div class=\"lower-content\">\r\n                                        <ul class=\"post-meta\">\r\n                                            <li><span class=\"icon fal fa-user-alt\"><\/span>editor<\/li>\r\n                                            <li><span class=\"icon fal fa-calendar-alt\"><\/span>Sep 22, 2023<\/li>\r\n                                        <\/ul>\r\n                                        <h5><a href=\"https:\/\/ntpark.me\/en\/news\/uspjesno-realizovana-konferencija-o-uskladivanju-prioriteta-na-zapadnom-balkanu\/\">Successfully held conference on aligning priorities in the Western Balkans<\/a><\/h5>\r\n                                    <\/div>\r\n                                <\/div>\r\n                            <\/div>\r\n                        \r\n                            <!-- News Block Ten -->\r\n                            <div class=\"news-block-ten col-lg-4 col-md-6 col-sm-12\">\r\n                                <div class=\"inner-box wow fadeInRight\" data-wow-delay=\"0ms\" data-wow-duration=\"1500ms\">\r\n                                    <div class=\"image\">\r\n                                        <a href=\"https:\/\/ntpark.me\/en\/news\/policy-answers-major-events-conference-on-aligning-priorities-in-the-western-balkans-and-two-workshops-successfully-organised\/\"><img loading=\"lazy\" decoding=\"async\" width=\"1600\" height=\"1200\" src=\"https:\/\/ntpark.me\/wp-content\/uploads\/2023\/09\/Family_picture_PA.jpg\" class=\"attachment-full size-full\" alt=\"\" srcset=\"https:\/\/ntpark.me\/wp-content\/uploads\/2023\/09\/Family_picture_PA.jpg 1600w, https:\/\/ntpark.me\/wp-content\/uploads\/2023\/09\/Family_picture_PA-300x225.jpg 300w, https:\/\/ntpark.me\/wp-content\/uploads\/2023\/09\/Family_picture_PA-1024x768.jpg 1024w, https:\/\/ntpark.me\/wp-content\/uploads\/2023\/09\/Family_picture_PA-768x576.jpg 768w, https:\/\/ntpark.me\/wp-content\/uploads\/2023\/09\/Family_picture_PA-1536x1152.jpg 1536w\" sizes=\"(max-width: 1600px) 100vw, 1600px\" \/><\/a>\r\n                                    <\/div>\r\n                                    <div class=\"lower-content\">\r\n                                        <ul class=\"post-meta\">\r\n                                            <li><span class=\"icon fal fa-user-alt\"><\/span>editor<\/li>\r\n                                            <li><span class=\"icon fal fa-calendar-alt\"><\/span>Sep 22, 2023<\/li>\r\n                                        <\/ul>\r\n                                        <h5><a href=\"https:\/\/ntpark.me\/en\/news\/policy-answers-major-events-conference-on-aligning-priorities-in-the-western-balkans-and-two-workshops-successfully-organised\/\">POLICY ANSWERS major events: Conference on aligning priorities in the Western Balkans and two workshops successfully organised<\/a><\/h5>\r\n                                    <\/div>\r\n                                <\/div>\r\n                            <\/div>\r\n                        \r\n                            <!-- News Block Ten -->\r\n                            <div class=\"news-block-ten col-lg-4 col-md-6 col-sm-12\">\r\n                                <div class=\"inner-box wow fadeInRight\" data-wow-delay=\"0ms\" data-wow-duration=\"1500ms\">\r\n                                    <div class=\"image\">\r\n                                        <a href=\"https:\/\/ntpark.me\/en\/news\/javni-poziv-za-prijavu-na-ponovljenu-obuku-za-pripremu-aplikacija-horizont-evropa\/\"><img loading=\"lazy\" decoding=\"async\" width=\"1080\" height=\"1080\" src=\"https:\/\/ntpark.me\/wp-content\/uploads\/2023\/09\/OBUKA-ZA-PRIPREMU-APLIKACIJA-ZA-PROJEKTE-HORIZONT-EVROPA-Facebook-Post-Landscape-Instagram-Post-Square-5.png\" class=\"attachment-full size-full\" alt=\"\" srcset=\"https:\/\/ntpark.me\/wp-content\/uploads\/2023\/09\/OBUKA-ZA-PRIPREMU-APLIKACIJA-ZA-PROJEKTE-HORIZONT-EVROPA-Facebook-Post-Landscape-Instagram-Post-Square-5.png 1080w, https:\/\/ntpark.me\/wp-content\/uploads\/2023\/09\/OBUKA-ZA-PRIPREMU-APLIKACIJA-ZA-PROJEKTE-HORIZONT-EVROPA-Facebook-Post-Landscape-Instagram-Post-Square-5-300x300.png 300w, https:\/\/ntpark.me\/wp-content\/uploads\/2023\/09\/OBUKA-ZA-PRIPREMU-APLIKACIJA-ZA-PROJEKTE-HORIZONT-EVROPA-Facebook-Post-Landscape-Instagram-Post-Square-5-1024x1024.png 1024w, https:\/\/ntpark.me\/wp-content\/uploads\/2023\/09\/OBUKA-ZA-PRIPREMU-APLIKACIJA-ZA-PROJEKTE-HORIZONT-EVROPA-Facebook-Post-Landscape-Instagram-Post-Square-5-150x150.png 150w, https:\/\/ntpark.me\/wp-content\/uploads\/2023\/09\/OBUKA-ZA-PRIPREMU-APLIKACIJA-ZA-PROJEKTE-HORIZONT-EVROPA-Facebook-Post-Landscape-Instagram-Post-Square-5-768x768.png 768w, https:\/\/ntpark.me\/wp-content\/uploads\/2023\/09\/OBUKA-ZA-PRIPREMU-APLIKACIJA-ZA-PROJEKTE-HORIZONT-EVROPA-Facebook-Post-Landscape-Instagram-Post-Square-5-600x600.png 600w, https:\/\/ntpark.me\/wp-content\/uploads\/2023\/09\/OBUKA-ZA-PRIPREMU-APLIKACIJA-ZA-PROJEKTE-HORIZONT-EVROPA-Facebook-Post-Landscape-Instagram-Post-Square-5-74x73.png 74w, https:\/\/ntpark.me\/wp-content\/uploads\/2023\/09\/OBUKA-ZA-PRIPREMU-APLIKACIJA-ZA-PROJEKTE-HORIZONT-EVROPA-Facebook-Post-Landscape-Instagram-Post-Square-5-400x400.png 400w\" sizes=\"(max-width: 1080px) 100vw, 1080px\" \/><\/a>\r\n                                    <\/div>\r\n                                    <div class=\"lower-content\">\r\n                                        <ul class=\"post-meta\">\r\n                                            <li><span class=\"icon fal fa-user-alt\"><\/span>editor<\/li>\r\n                                            <li><span class=\"icon fal fa-calendar-alt\"><\/span>Sep 08, 2023<\/li>\r\n                                        <\/ul>\r\n                                        <h5><a href=\"https:\/\/ntpark.me\/en\/news\/javni-poziv-za-prijavu-na-ponovljenu-obuku-za-pripremu-aplikacija-horizont-evropa\/\">Public call for registration for the repeated training on preparing applications for Horizon Europe<\/a><\/h5>\r\n                                    <\/div>\r\n                                <\/div>\r\n                            <\/div>\r\n                        \r\n                            <!-- News Block Ten -->\r\n                            <div class=\"news-block-ten col-lg-4 col-md-6 col-sm-12\">\r\n                                <div class=\"inner-box wow fadeInRight\" data-wow-delay=\"0ms\" data-wow-duration=\"1500ms\">\r\n                                    <div class=\"image\">\r\n                                        <a href=\"https:\/\/ntpark.me\/en\/news\/prijave-za-boostmeup-predakceleracijski-program-otvorene-do-15-septembra\/\"><img loading=\"lazy\" decoding=\"async\" width=\"1680\" height=\"639\" src=\"https:\/\/ntpark.me\/wp-content\/uploads\/2023\/08\/369674428_118325858025041_3771283298350776601_n.jpg\" class=\"attachment-full size-full\" alt=\"\" srcset=\"https:\/\/ntpark.me\/wp-content\/uploads\/2023\/08\/369674428_118325858025041_3771283298350776601_n.jpg 1680w, https:\/\/ntpark.me\/wp-content\/uploads\/2023\/08\/369674428_118325858025041_3771283298350776601_n-300x114.jpg 300w, https:\/\/ntpark.me\/wp-content\/uploads\/2023\/08\/369674428_118325858025041_3771283298350776601_n-1024x389.jpg 1024w, https:\/\/ntpark.me\/wp-content\/uploads\/2023\/08\/369674428_118325858025041_3771283298350776601_n-768x292.jpg 768w, https:\/\/ntpark.me\/wp-content\/uploads\/2023\/08\/369674428_118325858025041_3771283298350776601_n-1536x584.jpg 1536w\" sizes=\"(max-width: 1680px) 100vw, 1680px\" \/><\/a>\r\n                                    <\/div>\r\n                                    <div class=\"lower-content\">\r\n                                        <ul class=\"post-meta\">\r\n                                            <li><span class=\"icon fal fa-user-alt\"><\/span>editor<\/li>\r\n                                            <li><span class=\"icon fal fa-calendar-alt\"><\/span>Aug 25, 2023<\/li>\r\n                                        <\/ul>\r\n                                        <h5><a href=\"https:\/\/ntpark.me\/en\/news\/prijave-za-boostmeup-predakceleracijski-program-otvorene-do-15-septembra\/\">Applications for the &#8220;BoostMeUp&#8221; pre-acceleration program are open until September 15<\/a><\/h5>\r\n                                    <\/div>\r\n                                <\/div>\r\n                            <\/div>\r\n                        \r\n                            <!-- News Block Ten -->\r\n                            <div class=\"news-block-ten col-lg-4 col-md-6 col-sm-12\">\r\n                                <div class=\"inner-box wow fadeInRight\" data-wow-delay=\"0ms\" data-wow-duration=\"1500ms\">\r\n                                    <div class=\"image\">\r\n                                        <a href=\"https:\/\/ntpark.me\/en\/news\/policy-answers-konferencija-dijalog-o-uskladivanju-prioriteta-na-zapadnom-balkanu\/\"><img loading=\"lazy\" decoding=\"async\" width=\"1200\" height=\"630\" src=\"https:\/\/ntpark.me\/wp-content\/uploads\/2023\/07\/0_20230630_Sarajevo-September_B2B_banner_newsletter_.png\" class=\"attachment-full size-full\" alt=\"\" srcset=\"https:\/\/ntpark.me\/wp-content\/uploads\/2023\/07\/0_20230630_Sarajevo-September_B2B_banner_newsletter_.png 1200w, https:\/\/ntpark.me\/wp-content\/uploads\/2023\/07\/0_20230630_Sarajevo-September_B2B_banner_newsletter_-300x158.png 300w, https:\/\/ntpark.me\/wp-content\/uploads\/2023\/07\/0_20230630_Sarajevo-September_B2B_banner_newsletter_-1024x538.png 1024w, https:\/\/ntpark.me\/wp-content\/uploads\/2023\/07\/0_20230630_Sarajevo-September_B2B_banner_newsletter_-768x403.png 768w\" sizes=\"(max-width: 1200px) 100vw, 1200px\" \/><\/a>\r\n                                    <\/div>\r\n                                    <div class=\"lower-content\">\r\n                                        <ul class=\"post-meta\">\r\n                                            <li><span class=\"icon fal fa-user-alt\"><\/span>editor<\/li>\r\n                                            <li><span class=\"icon fal fa-calendar-alt\"><\/span>Jul 20, 2023<\/li>\r\n                                        <\/ul>\r\n                                        <h5><a href=\"https:\/\/ntpark.me\/en\/news\/policy-answers-konferencija-dijalog-o-uskladivanju-prioriteta-na-zapadnom-balkanu\/\">POLICY ANSWERS conference: Dialogue on Aligning Priorities in the Western Balkans<\/a><\/h5>\r\n                                    <\/div>\r\n                                <\/div>\r\n                            <\/div>\r\n                        \r\n                            <!-- News Block Ten -->\r\n                            <div class=\"news-block-ten col-lg-4 col-md-6 col-sm-12\">\r\n                                <div class=\"inner-box wow fadeInRight\" data-wow-delay=\"0ms\" data-wow-duration=\"1500ms\">\r\n                                    <div class=\"image\">\r\n                                        <a href=\"https:\/\/ntpark.me\/en\/news\/policy-answers-conference-policy-dialogue-on-aligning-priorities-in-the-western-balkans\/\"><img loading=\"lazy\" decoding=\"async\" width=\"1200\" height=\"630\" src=\"https:\/\/ntpark.me\/wp-content\/uploads\/2023\/07\/0_20230630_Sarajevo-September_B2B_banner_newsletter_.png\" class=\"attachment-full size-full\" alt=\"\" srcset=\"https:\/\/ntpark.me\/wp-content\/uploads\/2023\/07\/0_20230630_Sarajevo-September_B2B_banner_newsletter_.png 1200w, https:\/\/ntpark.me\/wp-content\/uploads\/2023\/07\/0_20230630_Sarajevo-September_B2B_banner_newsletter_-300x158.png 300w, https:\/\/ntpark.me\/wp-content\/uploads\/2023\/07\/0_20230630_Sarajevo-September_B2B_banner_newsletter_-1024x538.png 1024w, https:\/\/ntpark.me\/wp-content\/uploads\/2023\/07\/0_20230630_Sarajevo-September_B2B_banner_newsletter_-768x403.png 768w\" sizes=\"(max-width: 1200px) 100vw, 1200px\" \/><\/a>\r\n                                    <\/div>\r\n                                    <div class=\"lower-content\">\r\n                                        <ul class=\"post-meta\">\r\n                                            <li><span class=\"icon fal fa-user-alt\"><\/span>editor<\/li>\r\n                                            <li><span class=\"icon fal fa-calendar-alt\"><\/span>Jul 19, 2023<\/li>\r\n                                        <\/ul>\r\n                                        <h5><a href=\"https:\/\/ntpark.me\/en\/news\/policy-answers-conference-policy-dialogue-on-aligning-priorities-in-the-western-balkans\/\">POLICY ANSWERS conference: Policy dialogue on aligning priorities in the Western Balkans<\/a><\/h5>\r\n                                    <\/div>\r\n                                <\/div>\r\n                            <\/div>\r\n                        \r\n                            <!-- News Block Ten -->\r\n                            <div class=\"news-block-ten col-lg-4 col-md-6 col-sm-12\">\r\n                                <div class=\"inner-box wow fadeInRight\" data-wow-delay=\"0ms\" data-wow-duration=\"1500ms\">\r\n                                    <div class=\"image\">\r\n                                        <a href=\"https:\/\/ntpark.me\/en\/news\/crna-gora-potpisala-sporazum-o-pristupanju-programu-unije-digitalna-evropa-crna-gora-postala-clanica-programa-evropske-unije-digitalna-evropa\/\"><img loading=\"lazy\" decoding=\"async\" width=\"747\" height=\"498\" src=\"https:\/\/ntpark.me\/wp-content\/uploads\/2023\/06\/1688120450pg10p1x3evpe5x6d-i_747x498.jpeg\" class=\"attachment-full size-full\" alt=\"\" srcset=\"https:\/\/ntpark.me\/wp-content\/uploads\/2023\/06\/1688120450pg10p1x3evpe5x6d-i_747x498.jpeg 747w, https:\/\/ntpark.me\/wp-content\/uploads\/2023\/06\/1688120450pg10p1x3evpe5x6d-i_747x498-300x200.jpeg 300w, https:\/\/ntpark.me\/wp-content\/uploads\/2023\/06\/1688120450pg10p1x3evpe5x6d-i_747x498-600x400.jpeg 600w, https:\/\/ntpark.me\/wp-content\/uploads\/2023\/06\/1688120450pg10p1x3evpe5x6d-i_747x498-200x132.jpeg 200w\" sizes=\"(max-width: 747px) 100vw, 747px\" \/><\/a>\r\n                                    <\/div>\r\n                                    <div class=\"lower-content\">\r\n                                        <ul class=\"post-meta\">\r\n                                            <li><span class=\"icon fal fa-user-alt\"><\/span>editor<\/li>\r\n                                            <li><span class=\"icon fal fa-calendar-alt\"><\/span>Jun 30, 2023<\/li>\r\n                                        <\/ul>\r\n                                        <h5><a href=\"https:\/\/ntpark.me\/en\/news\/crna-gora-potpisala-sporazum-o-pristupanju-programu-unije-digitalna-evropa-crna-gora-postala-clanica-programa-evropske-unije-digitalna-evropa\/\">Montenegro has signed the Agreement on joining the European Union&#8217;s &#8220;Digital Europe&#8221; program<\/a><\/h5>\r\n                                    <\/div>\r\n                                <\/div>\r\n                            <\/div>\r\n                        \r\n                            <!-- News Block Ten -->\r\n                            <div class=\"news-block-ten col-lg-4 col-md-6 col-sm-12\">\r\n                                <div class=\"inner-box wow fadeInRight\" data-wow-delay=\"0ms\" data-wow-duration=\"1500ms\">\r\n                                    <div class=\"image\">\r\n                                        <a href=\"https:\/\/ntpark.me\/en\/news\/ministarka-nauke-i-tehnoloskog-razvoja-biljana-scepanovic-zadovoljna-radom-ntp-a\/\"><img loading=\"lazy\" decoding=\"async\" width=\"1000\" height=\"666\" src=\"https:\/\/ntpark.me\/wp-content\/uploads\/2023\/05\/5491218_capture_ls.jpg\" class=\"attachment-full size-full\" alt=\"\" srcset=\"https:\/\/ntpark.me\/wp-content\/uploads\/2023\/05\/5491218_capture_ls.jpg 1000w, https:\/\/ntpark.me\/wp-content\/uploads\/2023\/05\/5491218_capture_ls-300x200.jpg 300w, https:\/\/ntpark.me\/wp-content\/uploads\/2023\/05\/5491218_capture_ls-768x511.jpg 768w, https:\/\/ntpark.me\/wp-content\/uploads\/2023\/05\/5491218_capture_ls-600x400.jpg 600w, https:\/\/ntpark.me\/wp-content\/uploads\/2023\/05\/5491218_capture_ls-200x132.jpg 200w\" sizes=\"(max-width: 1000px) 100vw, 1000px\" \/><\/a>\r\n                                    <\/div>\r\n                                    <div class=\"lower-content\">\r\n                                        <ul class=\"post-meta\">\r\n                                            <li><span class=\"icon fal fa-user-alt\"><\/span>editor<\/li>\r\n                                            <li><span class=\"icon fal fa-calendar-alt\"><\/span>May 26, 2023<\/li>\r\n                                        <\/ul>\r\n                                        <h5><a href=\"https:\/\/ntpark.me\/en\/news\/ministarka-nauke-i-tehnoloskog-razvoja-biljana-scepanovic-zadovoljna-radom-ntp-a\/\">Minister of Science and technological development Biljana \u0160\u0107epanovi\u0107 is satisfied with the work of STP<\/a><\/h5>\r\n                                    <\/div>\r\n                                <\/div>\r\n                            <\/div>\r\n                        \r\n                            <!-- News Block Ten -->\r\n                            <div class=\"news-block-ten col-lg-4 col-md-6 col-sm-12\">\r\n                                <div class=\"inner-box wow fadeInRight\" data-wow-delay=\"0ms\" data-wow-duration=\"1500ms\">\r\n                                    <div class=\"image\">\r\n                                        <a href=\"https:\/\/ntpark.me\/en\/news\/public-call-for-applications-to-training-for-implementing-horizon-europe-projects\/\"><img loading=\"lazy\" decoding=\"async\" width=\"1080\" height=\"1080\" src=\"https:\/\/ntpark.me\/wp-content\/uploads\/2023\/05\/OBUKA-ZA-PRIPREMU-APLIKACIJA-ZA-PROJEKTE-HORIZONT-EVROPA-Facebook-Post-Landscape-Instagram-Post-Square.png\" class=\"attachment-full size-full\" alt=\"\" srcset=\"https:\/\/ntpark.me\/wp-content\/uploads\/2023\/05\/OBUKA-ZA-PRIPREMU-APLIKACIJA-ZA-PROJEKTE-HORIZONT-EVROPA-Facebook-Post-Landscape-Instagram-Post-Square.png 1080w, https:\/\/ntpark.me\/wp-content\/uploads\/2023\/05\/OBUKA-ZA-PRIPREMU-APLIKACIJA-ZA-PROJEKTE-HORIZONT-EVROPA-Facebook-Post-Landscape-Instagram-Post-Square-300x300.png 300w, https:\/\/ntpark.me\/wp-content\/uploads\/2023\/05\/OBUKA-ZA-PRIPREMU-APLIKACIJA-ZA-PROJEKTE-HORIZONT-EVROPA-Facebook-Post-Landscape-Instagram-Post-Square-1024x1024.png 1024w, https:\/\/ntpark.me\/wp-content\/uploads\/2023\/05\/OBUKA-ZA-PRIPREMU-APLIKACIJA-ZA-PROJEKTE-HORIZONT-EVROPA-Facebook-Post-Landscape-Instagram-Post-Square-150x150.png 150w, https:\/\/ntpark.me\/wp-content\/uploads\/2023\/05\/OBUKA-ZA-PRIPREMU-APLIKACIJA-ZA-PROJEKTE-HORIZONT-EVROPA-Facebook-Post-Landscape-Instagram-Post-Square-768x768.png 768w, https:\/\/ntpark.me\/wp-content\/uploads\/2023\/05\/OBUKA-ZA-PRIPREMU-APLIKACIJA-ZA-PROJEKTE-HORIZONT-EVROPA-Facebook-Post-Landscape-Instagram-Post-Square-600x600.png 600w, https:\/\/ntpark.me\/wp-content\/uploads\/2023\/05\/OBUKA-ZA-PRIPREMU-APLIKACIJA-ZA-PROJEKTE-HORIZONT-EVROPA-Facebook-Post-Landscape-Instagram-Post-Square-74x73.png 74w, https:\/\/ntpark.me\/wp-content\/uploads\/2023\/05\/OBUKA-ZA-PRIPREMU-APLIKACIJA-ZA-PROJEKTE-HORIZONT-EVROPA-Facebook-Post-Landscape-Instagram-Post-Square-400x400.png 400w\" sizes=\"(max-width: 1080px) 100vw, 1080px\" \/><\/a>\r\n                                    <\/div>\r\n                                    <div class=\"lower-content\">\r\n                                        <ul class=\"post-meta\">\r\n                                            <li><span class=\"icon fal fa-user-alt\"><\/span>editor<\/li>\r\n                                            <li><span class=\"icon fal fa-calendar-alt\"><\/span>May 26, 2023<\/li>\r\n                                        <\/ul>\r\n                                        <h5><a href=\"https:\/\/ntpark.me\/en\/news\/public-call-for-applications-to-training-for-implementing-horizon-europe-projects\/\">Public call for applications to training for implementing Horizon Europe projects<\/a><\/h5>\r\n                                    <\/div>\r\n                                <\/div>\r\n                            <\/div>\r\n                        \r\n                            <!-- News Block Ten -->\r\n                            <div class=\"news-block-ten col-lg-4 col-md-6 col-sm-12\">\r\n                                <div class=\"inner-box wow fadeInRight\" data-wow-delay=\"0ms\" data-wow-duration=\"1500ms\">\r\n                                    <div class=\"image\">\r\n                                        <a href=\"https:\/\/ntpark.me\/en\/news\/javni-poziv-za-prijavu-na-obuku-za-implementaciju-horizont-evropa-projekata\/\"><img loading=\"lazy\" decoding=\"async\" width=\"1080\" height=\"1080\" src=\"https:\/\/ntpark.me\/wp-content\/uploads\/2023\/05\/OBUKA-ZA-PRIPREMU-APLIKACIJA-ZA-PROJEKTE-HORIZONT-EVROPA-Facebook-Post-Landscape-Instagram-Post-Square.png\" class=\"attachment-full size-full\" alt=\"\" srcset=\"https:\/\/ntpark.me\/wp-content\/uploads\/2023\/05\/OBUKA-ZA-PRIPREMU-APLIKACIJA-ZA-PROJEKTE-HORIZONT-EVROPA-Facebook-Post-Landscape-Instagram-Post-Square.png 1080w, https:\/\/ntpark.me\/wp-content\/uploads\/2023\/05\/OBUKA-ZA-PRIPREMU-APLIKACIJA-ZA-PROJEKTE-HORIZONT-EVROPA-Facebook-Post-Landscape-Instagram-Post-Square-300x300.png 300w, https:\/\/ntpark.me\/wp-content\/uploads\/2023\/05\/OBUKA-ZA-PRIPREMU-APLIKACIJA-ZA-PROJEKTE-HORIZONT-EVROPA-Facebook-Post-Landscape-Instagram-Post-Square-1024x1024.png 1024w, https:\/\/ntpark.me\/wp-content\/uploads\/2023\/05\/OBUKA-ZA-PRIPREMU-APLIKACIJA-ZA-PROJEKTE-HORIZONT-EVROPA-Facebook-Post-Landscape-Instagram-Post-Square-150x150.png 150w, https:\/\/ntpark.me\/wp-content\/uploads\/2023\/05\/OBUKA-ZA-PRIPREMU-APLIKACIJA-ZA-PROJEKTE-HORIZONT-EVROPA-Facebook-Post-Landscape-Instagram-Post-Square-768x768.png 768w, https:\/\/ntpark.me\/wp-content\/uploads\/2023\/05\/OBUKA-ZA-PRIPREMU-APLIKACIJA-ZA-PROJEKTE-HORIZONT-EVROPA-Facebook-Post-Landscape-Instagram-Post-Square-600x600.png 600w, https:\/\/ntpark.me\/wp-content\/uploads\/2023\/05\/OBUKA-ZA-PRIPREMU-APLIKACIJA-ZA-PROJEKTE-HORIZONT-EVROPA-Facebook-Post-Landscape-Instagram-Post-Square-74x73.png 74w, https:\/\/ntpark.me\/wp-content\/uploads\/2023\/05\/OBUKA-ZA-PRIPREMU-APLIKACIJA-ZA-PROJEKTE-HORIZONT-EVROPA-Facebook-Post-Landscape-Instagram-Post-Square-400x400.png 400w\" sizes=\"(max-width: 1080px) 100vw, 1080px\" \/><\/a>\r\n                                    <\/div>\r\n                                    <div class=\"lower-content\">\r\n                                        <ul class=\"post-meta\">\r\n                                            <li><span class=\"icon fal fa-user-alt\"><\/span>editor<\/li>\r\n                                            <li><span class=\"icon fal fa-calendar-alt\"><\/span>May 25, 2023<\/li>\r\n                                        <\/ul>\r\n                                        <h5><a href=\"https:\/\/ntpark.me\/en\/news\/javni-poziv-za-prijavu-na-obuku-za-implementaciju-horizont-evropa-projekata\/\">Public call for applications for training on the implementation of Horizon Europe projects<\/a><\/h5>\r\n                                    <\/div>\r\n                                <\/div>\r\n                            <\/div>\r\n                        \r\n                            <!-- News Block Ten -->\r\n                            <div class=\"news-block-ten col-lg-4 col-md-6 col-sm-12\">\r\n                                <div class=\"inner-box wow fadeInRight\" data-wow-delay=\"0ms\" data-wow-duration=\"1500ms\">\r\n                                    <div class=\"image\">\r\n                                        <a href=\"https:\/\/ntpark.me\/en\/news\/open-dialogue-and-mutual-learning-meeting\/\"><img loading=\"lazy\" decoding=\"async\" width=\"1800\" height=\"1350\" src=\"https:\/\/ntpark.me\/wp-content\/uploads\/2023\/05\/348584012_180275438314555_1754924590446331878_n.jpg\" class=\"attachment-full size-full\" alt=\"\" srcset=\"https:\/\/ntpark.me\/wp-content\/uploads\/2023\/05\/348584012_180275438314555_1754924590446331878_n.jpg 1800w, https:\/\/ntpark.me\/wp-content\/uploads\/2023\/05\/348584012_180275438314555_1754924590446331878_n-300x225.jpg 300w, https:\/\/ntpark.me\/wp-content\/uploads\/2023\/05\/348584012_180275438314555_1754924590446331878_n-1024x768.jpg 1024w, https:\/\/ntpark.me\/wp-content\/uploads\/2023\/05\/348584012_180275438314555_1754924590446331878_n-768x576.jpg 768w, https:\/\/ntpark.me\/wp-content\/uploads\/2023\/05\/348584012_180275438314555_1754924590446331878_n-1536x1152.jpg 1536w\" sizes=\"(max-width: 1800px) 100vw, 1800px\" \/><\/a>\r\n                                    <\/div>\r\n                                    <div class=\"lower-content\">\r\n                                        <ul class=\"post-meta\">\r\n                                            <li><span class=\"icon fal fa-user-alt\"><\/span>editor<\/li>\r\n                                            <li><span class=\"icon fal fa-calendar-alt\"><\/span>May 24, 2023<\/li>\r\n                                        <\/ul>\r\n                                        <h5><a href=\"https:\/\/ntpark.me\/en\/news\/open-dialogue-and-mutual-learning-meeting\/\">Open dialogue and mutual learning meeting<\/a><\/h5>\r\n                                    <\/div>\r\n                                <\/div>\r\n                            <\/div>\r\n                        \r\n                            <!-- News Block Ten -->\r\n                            <div class=\"news-block-ten col-lg-4 col-md-6 col-sm-12\">\r\n                                <div class=\"inner-box wow fadeInRight\" data-wow-delay=\"0ms\" data-wow-duration=\"1500ms\">\r\n                                    <div class=\"image\">\r\n                                        <a href=\"https:\/\/ntpark.me\/en\/news\/sastanak-otvorenog-dijaloga-i-zajednickog-ucenja-u-sklopu-projekta-wbc-rri-net\/\"><img loading=\"lazy\" decoding=\"async\" width=\"1800\" height=\"1350\" src=\"https:\/\/ntpark.me\/wp-content\/uploads\/2023\/05\/348584012_180275438314555_1754924590446331878_n.jpg\" class=\"attachment-full size-full\" alt=\"\" srcset=\"https:\/\/ntpark.me\/wp-content\/uploads\/2023\/05\/348584012_180275438314555_1754924590446331878_n.jpg 1800w, https:\/\/ntpark.me\/wp-content\/uploads\/2023\/05\/348584012_180275438314555_1754924590446331878_n-300x225.jpg 300w, https:\/\/ntpark.me\/wp-content\/uploads\/2023\/05\/348584012_180275438314555_1754924590446331878_n-1024x768.jpg 1024w, https:\/\/ntpark.me\/wp-content\/uploads\/2023\/05\/348584012_180275438314555_1754924590446331878_n-768x576.jpg 768w, https:\/\/ntpark.me\/wp-content\/uploads\/2023\/05\/348584012_180275438314555_1754924590446331878_n-1536x1152.jpg 1536w\" sizes=\"(max-width: 1800px) 100vw, 1800px\" \/><\/a>\r\n                                    <\/div>\r\n                                    <div class=\"lower-content\">\r\n                                        <ul class=\"post-meta\">\r\n                                            <li><span class=\"icon fal fa-user-alt\"><\/span>editor<\/li>\r\n                                            <li><span class=\"icon fal fa-calendar-alt\"><\/span>May 24, 2023<\/li>\r\n                                        <\/ul>\r\n                                        <h5><a href=\"https:\/\/ntpark.me\/en\/news\/sastanak-otvorenog-dijaloga-i-zajednickog-ucenja-u-sklopu-projekta-wbc-rri-net\/\">Open dialogue and joint Learning meeting within the WBC-RRI.NET project<\/a><\/h5>\r\n                                    <\/div>\r\n                                <\/div>\r\n                            <\/div>\r\n                        \r\n                            <!-- News Block Ten -->\r\n                            <div class=\"news-block-ten col-lg-4 col-md-6 col-sm-12\">\r\n                                <div class=\"inner-box wow fadeInRight\" data-wow-delay=\"0ms\" data-wow-duration=\"1500ms\">\r\n                                    <div class=\"image\">\r\n                                        <a href=\"https:\/\/ntpark.me\/en\/news\/uspjesno-zavrsena-obuka-za-pripremu-aplikacija-za-projekte-horizont-evropa\/\"><img loading=\"lazy\" decoding=\"async\" width=\"1600\" height=\"871\" src=\"https:\/\/ntpark.me\/wp-content\/uploads\/2023\/05\/35.jpg\" class=\"attachment-full size-full\" alt=\"\" srcset=\"https:\/\/ntpark.me\/wp-content\/uploads\/2023\/05\/35.jpg 1600w, https:\/\/ntpark.me\/wp-content\/uploads\/2023\/05\/35-300x163.jpg 300w, https:\/\/ntpark.me\/wp-content\/uploads\/2023\/05\/35-1024x557.jpg 1024w, https:\/\/ntpark.me\/wp-content\/uploads\/2023\/05\/35-768x418.jpg 768w, https:\/\/ntpark.me\/wp-content\/uploads\/2023\/05\/35-1536x836.jpg 1536w\" sizes=\"(max-width: 1600px) 100vw, 1600px\" \/><\/a>\r\n                                    <\/div>\r\n                                    <div class=\"lower-content\">\r\n                                        <ul class=\"post-meta\">\r\n                                            <li><span class=\"icon fal fa-user-alt\"><\/span>editor<\/li>\r\n                                            <li><span class=\"icon fal fa-calendar-alt\"><\/span>May 15, 2023<\/li>\r\n                                        <\/ul>\r\n                                        <h5><a href=\"https:\/\/ntpark.me\/en\/news\/uspjesno-zavrsena-obuka-za-pripremu-aplikacija-za-projekte-horizont-evropa\/\">The training for preparing applications for Horizon Europe projects has been successfully completed<\/a><\/h5>\r\n                                    <\/div>\r\n                                <\/div>\r\n                            <\/div>\r\n                        \r\n                            <!-- News Block Ten -->\r\n                            <div class=\"news-block-ten col-lg-4 col-md-6 col-sm-12\">\r\n                                <div class=\"inner-box wow fadeInRight\" data-wow-delay=\"0ms\" data-wow-duration=\"1500ms\">\r\n                                    <div class=\"image\">\r\n                                        <a href=\"https:\/\/ntpark.me\/en\/news\/odrzano-finale-hakatona-za-srednjoskolce\/\"><img loading=\"lazy\" decoding=\"async\" width=\"1200\" height=\"900\" src=\"https:\/\/ntpark.me\/wp-content\/uploads\/2023\/05\/344012932_2769714019834113_4036907447402897067_n.jpg\" class=\"attachment-full size-full\" alt=\"\" srcset=\"https:\/\/ntpark.me\/wp-content\/uploads\/2023\/05\/344012932_2769714019834113_4036907447402897067_n.jpg 1200w, https:\/\/ntpark.me\/wp-content\/uploads\/2023\/05\/344012932_2769714019834113_4036907447402897067_n-300x225.jpg 300w, https:\/\/ntpark.me\/wp-content\/uploads\/2023\/05\/344012932_2769714019834113_4036907447402897067_n-1024x768.jpg 1024w, https:\/\/ntpark.me\/wp-content\/uploads\/2023\/05\/344012932_2769714019834113_4036907447402897067_n-768x576.jpg 768w\" sizes=\"(max-width: 1200px) 100vw, 1200px\" \/><\/a>\r\n                                    <\/div>\r\n                                    <div class=\"lower-content\">\r\n                                        <ul class=\"post-meta\">\r\n                                            <li><span class=\"icon fal fa-user-alt\"><\/span>editor<\/li>\r\n                                            <li><span class=\"icon fal fa-calendar-alt\"><\/span>May 15, 2023<\/li>\r\n                                        <\/ul>\r\n                                        <h5><a href=\"https:\/\/ntpark.me\/en\/news\/odrzano-finale-hakatona-za-srednjoskolce\/\">The final of the hackathon for high school students was held<\/a><\/h5>\r\n                                    <\/div>\r\n                                <\/div>\r\n                            <\/div>\r\n                        \r\n                            <!-- News Block Ten -->\r\n                            <div class=\"news-block-ten col-lg-4 col-md-6 col-sm-12\">\r\n                                <div class=\"inner-box wow fadeInRight\" data-wow-delay=\"0ms\" data-wow-duration=\"1500ms\">\r\n                                    <div class=\"image\">\r\n                                        <a href=\"https:\/\/ntpark.me\/en\/news\/new-opportunity-for-sports-tech-startups-colosseum-sport-demo-days-are-back\/\"><img loading=\"lazy\" decoding=\"async\" width=\"1080\" height=\"1080\" src=\"https:\/\/ntpark.me\/wp-content\/uploads\/2023\/04\/Artboard-1.jpg\" class=\"attachment-full size-full\" alt=\"\" srcset=\"https:\/\/ntpark.me\/wp-content\/uploads\/2023\/04\/Artboard-1.jpg 1080w, https:\/\/ntpark.me\/wp-content\/uploads\/2023\/04\/Artboard-1-300x300.jpg 300w, https:\/\/ntpark.me\/wp-content\/uploads\/2023\/04\/Artboard-1-1024x1024.jpg 1024w, https:\/\/ntpark.me\/wp-content\/uploads\/2023\/04\/Artboard-1-150x150.jpg 150w, https:\/\/ntpark.me\/wp-content\/uploads\/2023\/04\/Artboard-1-768x768.jpg 768w, https:\/\/ntpark.me\/wp-content\/uploads\/2023\/04\/Artboard-1-600x600.jpg 600w, https:\/\/ntpark.me\/wp-content\/uploads\/2023\/04\/Artboard-1-74x73.jpg 74w, https:\/\/ntpark.me\/wp-content\/uploads\/2023\/04\/Artboard-1-400x400.jpg 400w\" sizes=\"(max-width: 1080px) 100vw, 1080px\" \/><\/a>\r\n                                    <\/div>\r\n                                    <div class=\"lower-content\">\r\n                                        <ul class=\"post-meta\">\r\n                                            <li><span class=\"icon fal fa-user-alt\"><\/span>editor<\/li>\r\n                                            <li><span class=\"icon fal fa-calendar-alt\"><\/span>Apr 18, 2023<\/li>\r\n                                        <\/ul>\r\n                                        <h5><a href=\"https:\/\/ntpark.me\/en\/news\/new-opportunity-for-sports-tech-startups-colosseum-sport-demo-days-are-back\/\">New opportunity for sports-tech startups: Colosseum Sport Demo Days are back<\/a><\/h5>\r\n                                    <\/div>\r\n                                <\/div>\r\n                            <\/div>\r\n                        \r\n                            <!-- News Block Ten -->\r\n                            <div class=\"news-block-ten col-lg-4 col-md-6 col-sm-12\">\r\n                                <div class=\"inner-box wow fadeInRight\" data-wow-delay=\"0ms\" data-wow-duration=\"1500ms\">\r\n                                    <div class=\"image\">\r\n                                        <a href=\"https:\/\/ntpark.me\/en\/news\/prijavi-se-na-colosseum-sports-demo-days\/\"><img loading=\"lazy\" decoding=\"async\" width=\"1080\" height=\"1080\" src=\"https:\/\/ntpark.me\/wp-content\/uploads\/2023\/04\/Artboard-1.jpg\" class=\"attachment-full size-full\" alt=\"\" srcset=\"https:\/\/ntpark.me\/wp-content\/uploads\/2023\/04\/Artboard-1.jpg 1080w, https:\/\/ntpark.me\/wp-content\/uploads\/2023\/04\/Artboard-1-300x300.jpg 300w, https:\/\/ntpark.me\/wp-content\/uploads\/2023\/04\/Artboard-1-1024x1024.jpg 1024w, https:\/\/ntpark.me\/wp-content\/uploads\/2023\/04\/Artboard-1-150x150.jpg 150w, https:\/\/ntpark.me\/wp-content\/uploads\/2023\/04\/Artboard-1-768x768.jpg 768w, https:\/\/ntpark.me\/wp-content\/uploads\/2023\/04\/Artboard-1-600x600.jpg 600w, https:\/\/ntpark.me\/wp-content\/uploads\/2023\/04\/Artboard-1-74x73.jpg 74w, https:\/\/ntpark.me\/wp-content\/uploads\/2023\/04\/Artboard-1-400x400.jpg 400w\" sizes=\"(max-width: 1080px) 100vw, 1080px\" \/><\/a>\r\n                                    <\/div>\r\n                                    <div class=\"lower-content\">\r\n                                        <ul class=\"post-meta\">\r\n                                            <li><span class=\"icon fal fa-user-alt\"><\/span>editor<\/li>\r\n                                            <li><span class=\"icon fal fa-calendar-alt\"><\/span>Apr 18, 2023<\/li>\r\n                                        <\/ul>\r\n                                        <h5><a href=\"https:\/\/ntpark.me\/en\/news\/prijavi-se-na-colosseum-sports-demo-days\/\">Sign up for Colosseum Sports Demo Days<\/a><\/h5>\r\n                                    <\/div>\r\n                                <\/div>\r\n                            <\/div>\r\n                        \r\n                            <!-- News Block Ten -->\r\n                            <div class=\"news-block-ten col-lg-4 col-md-6 col-sm-12\">\r\n                                <div class=\"inner-box wow fadeInRight\" data-wow-delay=\"0ms\" data-wow-duration=\"1500ms\">\r\n                                    <div class=\"image\">\r\n                                        <a href=\"https:\/\/ntpark.me\/en\/news\/otvorene-prijave-za-prvi-online-hakaton-za-srednjoskolce-ucinimo-skolu-boljom\/\"><img loading=\"lazy\" decoding=\"async\" width=\"1200\" height=\"900\" src=\"https:\/\/ntpark.me\/wp-content\/uploads\/2023\/04\/2-ucinimo-skolu-boljom-FB.jpg\" class=\"attachment-full size-full\" alt=\"\" srcset=\"https:\/\/ntpark.me\/wp-content\/uploads\/2023\/04\/2-ucinimo-skolu-boljom-FB.jpg 1200w, https:\/\/ntpark.me\/wp-content\/uploads\/2023\/04\/2-ucinimo-skolu-boljom-FB-300x225.jpg 300w, https:\/\/ntpark.me\/wp-content\/uploads\/2023\/04\/2-ucinimo-skolu-boljom-FB-1024x768.jpg 1024w, https:\/\/ntpark.me\/wp-content\/uploads\/2023\/04\/2-ucinimo-skolu-boljom-FB-768x576.jpg 768w\" sizes=\"(max-width: 1200px) 100vw, 1200px\" \/><\/a>\r\n                                    <\/div>\r\n                                    <div class=\"lower-content\">\r\n                                        <ul class=\"post-meta\">\r\n                                            <li><span class=\"icon fal fa-user-alt\"><\/span>editor<\/li>\r\n                                            <li><span class=\"icon fal fa-calendar-alt\"><\/span>Apr 05, 2023<\/li>\r\n                                        <\/ul>\r\n                                        <h5><a href=\"https:\/\/ntpark.me\/en\/news\/otvorene-prijave-za-prvi-online-hakaton-za-srednjoskolce-ucinimo-skolu-boljom\/\">Registrations are now open for the first online hackathon for high school students,&#8221;MAKE SCHOOL BETTER&#8221;<\/a><\/h5>\r\n                                    <\/div>\r\n                                <\/div>\r\n                            <\/div>\r\n                        \r\n                            <!-- News Block Ten -->\r\n                            <div class=\"news-block-ten col-lg-4 col-md-6 col-sm-12\">\r\n                                <div class=\"inner-box wow fadeInRight\" data-wow-delay=\"0ms\" data-wow-duration=\"1500ms\">\r\n                                    <div class=\"image\">\r\n                                        <a href=\"https:\/\/ntpark.me\/en\/news\/akceleratorski-program-za-start-upove-u-oblasti-poljoprivrede-izmedu-kine-i-zemalja-centralne-i-istocne-evrope\/\"><img loading=\"lazy\" decoding=\"async\" width=\"1199\" height=\"1144\" src=\"https:\/\/ntpark.me\/wp-content\/uploads\/2023\/04\/APAC-1111-2-e1680528519367.jpg\" class=\"attachment-full size-full\" alt=\"\" \/><\/a>\r\n                                    <\/div>\r\n                                    <div class=\"lower-content\">\r\n                                        <ul class=\"post-meta\">\r\n                                            <li><span class=\"icon fal fa-user-alt\"><\/span>editor<\/li>\r\n                                            <li><span class=\"icon fal fa-calendar-alt\"><\/span>Apr 03, 2023<\/li>\r\n                                        <\/ul>\r\n                                        <h5><a href=\"https:\/\/ntpark.me\/en\/news\/akceleratorski-program-za-start-upove-u-oblasti-poljoprivrede-izmedu-kine-i-zemalja-centralne-i-istocne-evrope\/\">Accelerator program for startups in the field of agriculture between China and Central and Eastern European countries<\/a><\/h5>\r\n                                    <\/div>\r\n                                <\/div>\r\n                            <\/div>\r\n                        \r\n                            <!-- News Block Ten -->\r\n                            <div class=\"news-block-ten col-lg-4 col-md-6 col-sm-12\">\r\n                                <div class=\"inner-box wow fadeInRight\" data-wow-delay=\"0ms\" data-wow-duration=\"1500ms\">\r\n                                    <div class=\"image\">\r\n                                        <a href=\"https:\/\/ntpark.me\/en\/news\/pocele-prijave-za-ucesce-u-social-impact-award-sia-2023\/\"><img loading=\"lazy\" decoding=\"async\" width=\"1597\" height=\"1600\" src=\"https:\/\/ntpark.me\/wp-content\/uploads\/2023\/03\/viber_slika_2023-03-21_12-37-24-785.jpg\" class=\"attachment-full size-full\" alt=\"\" srcset=\"https:\/\/ntpark.me\/wp-content\/uploads\/2023\/03\/viber_slika_2023-03-21_12-37-24-785.jpg 1597w, https:\/\/ntpark.me\/wp-content\/uploads\/2023\/03\/viber_slika_2023-03-21_12-37-24-785-300x300.jpg 300w, https:\/\/ntpark.me\/wp-content\/uploads\/2023\/03\/viber_slika_2023-03-21_12-37-24-785-1022x1024.jpg 1022w, https:\/\/ntpark.me\/wp-content\/uploads\/2023\/03\/viber_slika_2023-03-21_12-37-24-785-150x150.jpg 150w, https:\/\/ntpark.me\/wp-content\/uploads\/2023\/03\/viber_slika_2023-03-21_12-37-24-785-768x769.jpg 768w, https:\/\/ntpark.me\/wp-content\/uploads\/2023\/03\/viber_slika_2023-03-21_12-37-24-785-1533x1536.jpg 1533w, https:\/\/ntpark.me\/wp-content\/uploads\/2023\/03\/viber_slika_2023-03-21_12-37-24-785-600x600.jpg 600w, https:\/\/ntpark.me\/wp-content\/uploads\/2023\/03\/viber_slika_2023-03-21_12-37-24-785-74x73.jpg 74w, https:\/\/ntpark.me\/wp-content\/uploads\/2023\/03\/viber_slika_2023-03-21_12-37-24-785-400x400.jpg 400w\" sizes=\"(max-width: 1597px) 100vw, 1597px\" \/><\/a>\r\n                                    <\/div>\r\n                                    <div class=\"lower-content\">\r\n                                        <ul class=\"post-meta\">\r\n                                            <li><span class=\"icon fal fa-user-alt\"><\/span>editor<\/li>\r\n                                            <li><span class=\"icon fal fa-calendar-alt\"><\/span>Mar 21, 2023<\/li>\r\n                                        <\/ul>\r\n                                        <h5><a href=\"https:\/\/ntpark.me\/en\/news\/pocele-prijave-za-ucesce-u-social-impact-award-sia-2023\/\">Applications have started for participation in the Social Impact Award (SIA) 2023<\/a><\/h5>\r\n                                    <\/div>\r\n                                <\/div>\r\n                            <\/div>\r\n                        \r\n                            <!-- News Block Ten -->\r\n                            <div class=\"news-block-ten col-lg-4 col-md-6 col-sm-12\">\r\n                                <div class=\"inner-box wow fadeInRight\" data-wow-delay=\"0ms\" data-wow-duration=\"1500ms\">\r\n                                    <div class=\"image\">\r\n                                        <a href=\"https:\/\/ntpark.me\/en\/news\/anticipatory-science-advice-in-the-western-balkans\/\"><img loading=\"lazy\" decoding=\"async\" width=\"1600\" height=\"1067\" src=\"https:\/\/ntpark.me\/wp-content\/uploads\/2023\/03\/untitled-32-1.jpg\" class=\"attachment-full size-full\" alt=\"\" srcset=\"https:\/\/ntpark.me\/wp-content\/uploads\/2023\/03\/untitled-32-1.jpg 1600w, https:\/\/ntpark.me\/wp-content\/uploads\/2023\/03\/untitled-32-1-300x200.jpg 300w, https:\/\/ntpark.me\/wp-content\/uploads\/2023\/03\/untitled-32-1-1024x683.jpg 1024w, https:\/\/ntpark.me\/wp-content\/uploads\/2023\/03\/untitled-32-1-768x512.jpg 768w, https:\/\/ntpark.me\/wp-content\/uploads\/2023\/03\/untitled-32-1-1536x1024.jpg 1536w, https:\/\/ntpark.me\/wp-content\/uploads\/2023\/03\/untitled-32-1-600x400.jpg 600w, https:\/\/ntpark.me\/wp-content\/uploads\/2023\/03\/untitled-32-1-200x132.jpg 200w\" sizes=\"(max-width: 1600px) 100vw, 1600px\" \/><\/a>\r\n                                    <\/div>\r\n                                    <div class=\"lower-content\">\r\n                                        <ul class=\"post-meta\">\r\n                                            <li><span class=\"icon fal fa-user-alt\"><\/span>editor<\/li>\r\n                                            <li><span class=\"icon fal fa-calendar-alt\"><\/span>Mar 13, 2023<\/li>\r\n                                        <\/ul>\r\n                                        <h5><a href=\"https:\/\/ntpark.me\/en\/news\/anticipatory-science-advice-in-the-western-balkans\/\">Anticipatory science advice in the Western Balkans<\/a><\/h5>\r\n                                    <\/div>\r\n                                <\/div>\r\n                            <\/div>\r\n                        \r\n                            <!-- News Block Ten -->\r\n                            <div class=\"news-block-ten col-lg-4 col-md-6 col-sm-12\">\r\n                                <div class=\"inner-box wow fadeInRight\" data-wow-delay=\"0ms\" data-wow-duration=\"1500ms\">\r\n                                    <div class=\"image\">\r\n                                        <a href=\"https:\/\/ntpark.me\/en\/news\/odrzana-konferencija-pod-nazivom-anticipatory-science-advice-in-the-western-balkans\/\"><img loading=\"lazy\" decoding=\"async\" width=\"1600\" height=\"1067\" src=\"https:\/\/ntpark.me\/wp-content\/uploads\/2023\/03\/untitled-32.jpg\" class=\"attachment-full size-full\" alt=\"\" srcset=\"https:\/\/ntpark.me\/wp-content\/uploads\/2023\/03\/untitled-32.jpg 1600w, https:\/\/ntpark.me\/wp-content\/uploads\/2023\/03\/untitled-32-300x200.jpg 300w, https:\/\/ntpark.me\/wp-content\/uploads\/2023\/03\/untitled-32-1024x683.jpg 1024w, https:\/\/ntpark.me\/wp-content\/uploads\/2023\/03\/untitled-32-768x512.jpg 768w, https:\/\/ntpark.me\/wp-content\/uploads\/2023\/03\/untitled-32-1536x1024.jpg 1536w, https:\/\/ntpark.me\/wp-content\/uploads\/2023\/03\/untitled-32-600x400.jpg 600w, https:\/\/ntpark.me\/wp-content\/uploads\/2023\/03\/untitled-32-200x132.jpg 200w\" sizes=\"(max-width: 1600px) 100vw, 1600px\" \/><\/a>\r\n                                    <\/div>\r\n                                    <div class=\"lower-content\">\r\n                                        <ul class=\"post-meta\">\r\n                                            <li><span class=\"icon fal fa-user-alt\"><\/span>editor<\/li>\r\n                                            <li><span class=\"icon fal fa-calendar-alt\"><\/span>Mar 13, 2023<\/li>\r\n                                        <\/ul>\r\n                                        <h5><a href=\"https:\/\/ntpark.me\/en\/news\/odrzana-konferencija-pod-nazivom-anticipatory-science-advice-in-the-western-balkans\/\">A conference titled &#8220;Anticipatory science advice in the Western Balkans&#8221; was held<\/a><\/h5>\r\n                                    <\/div>\r\n                                <\/div>\r\n                            <\/div>\r\n                        \r\n                            <!-- News Block Ten -->\r\n                            <div class=\"news-block-ten col-lg-4 col-md-6 col-sm-12\">\r\n                                <div class=\"inner-box wow fadeInRight\" data-wow-delay=\"0ms\" data-wow-duration=\"1500ms\">\r\n                                    <div class=\"image\">\r\n                                        <a href=\"https:\/\/ntpark.me\/en\/news\/potpisan-memorandum-o-saradnji-sa-inovacionim-centrom-banja-luka\/\"><img loading=\"lazy\" decoding=\"async\" width=\"1600\" height=\"914\" src=\"https:\/\/ntpark.me\/wp-content\/uploads\/2023\/02\/viber_slika_2023-02-24_14-07-43-346.jpg\" class=\"attachment-full size-full\" alt=\"\" srcset=\"https:\/\/ntpark.me\/wp-content\/uploads\/2023\/02\/viber_slika_2023-02-24_14-07-43-346.jpg 1600w, https:\/\/ntpark.me\/wp-content\/uploads\/2023\/02\/viber_slika_2023-02-24_14-07-43-346-300x171.jpg 300w, https:\/\/ntpark.me\/wp-content\/uploads\/2023\/02\/viber_slika_2023-02-24_14-07-43-346-1024x585.jpg 1024w, https:\/\/ntpark.me\/wp-content\/uploads\/2023\/02\/viber_slika_2023-02-24_14-07-43-346-768x439.jpg 768w, https:\/\/ntpark.me\/wp-content\/uploads\/2023\/02\/viber_slika_2023-02-24_14-07-43-346-1536x877.jpg 1536w\" sizes=\"(max-width: 1600px) 100vw, 1600px\" \/><\/a>\r\n                                    <\/div>\r\n                                    <div class=\"lower-content\">\r\n                                        <ul class=\"post-meta\">\r\n                                            <li><span class=\"icon fal fa-user-alt\"><\/span>editor<\/li>\r\n                                            <li><span class=\"icon fal fa-calendar-alt\"><\/span>Feb 24, 2023<\/li>\r\n                                        <\/ul>\r\n                                        <h5><a href=\"https:\/\/ntpark.me\/en\/news\/potpisan-memorandum-o-saradnji-sa-inovacionim-centrom-banja-luka\/\">A Memorandum of cooperation was signed with the innovation center Banja Luka<\/a><\/h5>\r\n                                    <\/div>\r\n                                <\/div>\r\n                            <\/div>\r\n                        \r\n                            <!-- News Block Ten -->\r\n                            <div class=\"news-block-ten col-lg-4 col-md-6 col-sm-12\">\r\n                                <div class=\"inner-box wow fadeInRight\" data-wow-delay=\"0ms\" data-wow-duration=\"1500ms\">\r\n                                    <div class=\"image\">\r\n                                        <a href=\"https:\/\/ntpark.me\/en\/news\/poziv-studentima-na-info-dan-cortex-akademije-24-februara\/\"><img loading=\"lazy\" decoding=\"async\" width=\"968\" height=\"645\" src=\"https:\/\/ntpark.me\/wp-content\/uploads\/2023\/02\/tumber.jpg\" class=\"attachment-full size-full\" alt=\"\" srcset=\"https:\/\/ntpark.me\/wp-content\/uploads\/2023\/02\/tumber.jpg 968w, https:\/\/ntpark.me\/wp-content\/uploads\/2023\/02\/tumber-300x200.jpg 300w, https:\/\/ntpark.me\/wp-content\/uploads\/2023\/02\/tumber-768x512.jpg 768w, https:\/\/ntpark.me\/wp-content\/uploads\/2023\/02\/tumber-600x400.jpg 600w, https:\/\/ntpark.me\/wp-content\/uploads\/2023\/02\/tumber-200x132.jpg 200w\" sizes=\"(max-width: 968px) 100vw, 968px\" \/><\/a>\r\n                                    <\/div>\r\n                                    <div class=\"lower-content\">\r\n                                        <ul class=\"post-meta\">\r\n                                            <li><span class=\"icon fal fa-user-alt\"><\/span>editor<\/li>\r\n                                            <li><span class=\"icon fal fa-calendar-alt\"><\/span>Feb 22, 2023<\/li>\r\n                                        <\/ul>\r\n                                        <h5><a href=\"https:\/\/ntpark.me\/en\/news\/poziv-studentima-na-info-dan-cortex-akademije-24-februara\/\">Call for students to the Info Day of the Cortex Academy on February 24<\/a><\/h5>\r\n                                    <\/div>\r\n                                <\/div>\r\n                            <\/div>\r\n                        \r\n                            <!-- News Block Ten -->\r\n                            <div class=\"news-block-ten col-lg-4 col-md-6 col-sm-12\">\r\n                                <div class=\"inner-box wow fadeInRight\" data-wow-delay=\"0ms\" data-wow-duration=\"1500ms\">\r\n                                    <div class=\"image\">\r\n                                        <a href=\"https:\/\/ntpark.me\/en\/news\/razvoj-stem-preduzetnickih-ideja\/\"><img loading=\"lazy\" decoding=\"async\" width=\"805\" height=\"536\" src=\"https:\/\/ntpark.me\/wp-content\/uploads\/2023\/02\/Trodnevna-obuka-805x536-1.jpg\" class=\"attachment-full size-full\" alt=\"\" srcset=\"https:\/\/ntpark.me\/wp-content\/uploads\/2023\/02\/Trodnevna-obuka-805x536-1.jpg 805w, https:\/\/ntpark.me\/wp-content\/uploads\/2023\/02\/Trodnevna-obuka-805x536-1-300x200.jpg 300w, https:\/\/ntpark.me\/wp-content\/uploads\/2023\/02\/Trodnevna-obuka-805x536-1-768x511.jpg 768w, https:\/\/ntpark.me\/wp-content\/uploads\/2023\/02\/Trodnevna-obuka-805x536-1-600x400.jpg 600w, https:\/\/ntpark.me\/wp-content\/uploads\/2023\/02\/Trodnevna-obuka-805x536-1-200x132.jpg 200w\" sizes=\"(max-width: 805px) 100vw, 805px\" \/><\/a>\r\n                                    <\/div>\r\n                                    <div class=\"lower-content\">\r\n                                        <ul class=\"post-meta\">\r\n                                            <li><span class=\"icon fal fa-user-alt\"><\/span>editor<\/li>\r\n                                            <li><span class=\"icon fal fa-calendar-alt\"><\/span>Feb 14, 2023<\/li>\r\n                                        <\/ul>\r\n                                        <h5><a href=\"https:\/\/ntpark.me\/en\/news\/razvoj-stem-preduzetnickih-ideja\/\">Development of STEM entrepreneurial ideas<\/a><\/h5>\r\n                                    <\/div>\r\n                                <\/div>\r\n                            <\/div>\r\n                        \r\n                            <!-- News Block Ten -->\r\n                            <div class=\"news-block-ten col-lg-4 col-md-6 col-sm-12\">\r\n                                <div class=\"inner-box wow fadeInRight\" data-wow-delay=\"0ms\" data-wow-duration=\"1500ms\">\r\n                                    <div class=\"image\">\r\n                                        <a href=\"https:\/\/ntpark.me\/en\/news\/accelerator-program-for-start-ups-in-the-field-of-agriculture\/\"><img loading=\"lazy\" decoding=\"async\" width=\"1920\" height=\"1080\" src=\"https:\/\/ntpark.me\/wp-content\/uploads\/2023\/02\/27.03-01.04.2023.png\" class=\"attachment-full size-full\" alt=\"\" srcset=\"https:\/\/ntpark.me\/wp-content\/uploads\/2023\/02\/27.03-01.04.2023.png 1920w, https:\/\/ntpark.me\/wp-content\/uploads\/2023\/02\/27.03-01.04.2023-300x169.png 300w, https:\/\/ntpark.me\/wp-content\/uploads\/2023\/02\/27.03-01.04.2023-1024x576.png 1024w, https:\/\/ntpark.me\/wp-content\/uploads\/2023\/02\/27.03-01.04.2023-768x432.png 768w, https:\/\/ntpark.me\/wp-content\/uploads\/2023\/02\/27.03-01.04.2023-1536x864.png 1536w\" sizes=\"(max-width: 1920px) 100vw, 1920px\" \/><\/a>\r\n                                    <\/div>\r\n                                    <div class=\"lower-content\">\r\n                                        <ul class=\"post-meta\">\r\n                                            <li><span class=\"icon fal fa-user-alt\"><\/span>editor<\/li>\r\n                                            <li><span class=\"icon fal fa-calendar-alt\"><\/span>Feb 13, 2023<\/li>\r\n                                        <\/ul>\r\n                                        <h5><a href=\"https:\/\/ntpark.me\/en\/news\/accelerator-program-for-start-ups-in-the-field-of-agriculture\/\">Accelerator Program for start-ups in the field of agriculture<\/a><\/h5>\r\n                                    <\/div>\r\n                                <\/div>\r\n                            <\/div>\r\n                        \r\n                            <!-- News Block Ten -->\r\n                            <div class=\"news-block-ten col-lg-4 col-md-6 col-sm-12\">\r\n                                <div class=\"inner-box wow fadeInRight\" data-wow-delay=\"0ms\" data-wow-duration=\"1500ms\">\r\n                                    <div class=\"image\">\r\n                                        <a href=\"https:\/\/ntpark.me\/en\/news\/akceleracijski-program-za-startape-u-oblasti-poljoprivrede-izmedu-kine-i-zemalja-centralne-i-istocne-evrope\/\"><img loading=\"lazy\" decoding=\"async\" width=\"1920\" height=\"1080\" src=\"https:\/\/ntpark.me\/wp-content\/uploads\/2023\/02\/27.03-01.04.2023.png\" class=\"attachment-full size-full\" alt=\"\" srcset=\"https:\/\/ntpark.me\/wp-content\/uploads\/2023\/02\/27.03-01.04.2023.png 1920w, https:\/\/ntpark.me\/wp-content\/uploads\/2023\/02\/27.03-01.04.2023-300x169.png 300w, https:\/\/ntpark.me\/wp-content\/uploads\/2023\/02\/27.03-01.04.2023-1024x576.png 1024w, https:\/\/ntpark.me\/wp-content\/uploads\/2023\/02\/27.03-01.04.2023-768x432.png 768w, https:\/\/ntpark.me\/wp-content\/uploads\/2023\/02\/27.03-01.04.2023-1536x864.png 1536w\" sizes=\"(max-width: 1920px) 100vw, 1920px\" \/><\/a>\r\n                                    <\/div>\r\n                                    <div class=\"lower-content\">\r\n                                        <ul class=\"post-meta\">\r\n                                            <li><span class=\"icon fal fa-user-alt\"><\/span>editor<\/li>\r\n                                            <li><span class=\"icon fal fa-calendar-alt\"><\/span>Feb 13, 2023<\/li>\r\n                                        <\/ul>\r\n                                        <h5><a href=\"https:\/\/ntpark.me\/en\/news\/akceleracijski-program-za-startape-u-oblasti-poljoprivrede-izmedu-kine-i-zemalja-centralne-i-istocne-evrope\/\">The Acceleration Program for Startups in the Field of Agriculture<\/a><\/h5>\r\n                                    <\/div>\r\n                                <\/div>\r\n                            <\/div>\r\n                        \r\n                            <!-- News Block Ten -->\r\n                            <div class=\"news-block-ten col-lg-4 col-md-6 col-sm-12\">\r\n                                <div class=\"inner-box wow fadeInRight\" data-wow-delay=\"0ms\" data-wow-duration=\"1500ms\">\r\n                                    <div class=\"image\">\r\n                                        <a href=\"https:\/\/ntpark.me\/en\/news\/poziv-deep-tech-startapima\/\"><img loading=\"lazy\" decoding=\"async\" width=\"747\" height=\"498\" src=\"https:\/\/ntpark.me\/wp-content\/uploads\/2023\/02\/1675849867nx2zigsu79ede2vy-i_747x498.jpg\" class=\"attachment-full size-full\" alt=\"\" srcset=\"https:\/\/ntpark.me\/wp-content\/uploads\/2023\/02\/1675849867nx2zigsu79ede2vy-i_747x498.jpg 747w, https:\/\/ntpark.me\/wp-content\/uploads\/2023\/02\/1675849867nx2zigsu79ede2vy-i_747x498-300x200.jpg 300w, https:\/\/ntpark.me\/wp-content\/uploads\/2023\/02\/1675849867nx2zigsu79ede2vy-i_747x498-600x400.jpg 600w, https:\/\/ntpark.me\/wp-content\/uploads\/2023\/02\/1675849867nx2zigsu79ede2vy-i_747x498-200x132.jpg 200w\" sizes=\"(max-width: 747px) 100vw, 747px\" \/><\/a>\r\n                                    <\/div>\r\n                                    <div class=\"lower-content\">\r\n                                        <ul class=\"post-meta\">\r\n                                            <li><span class=\"icon fal fa-user-alt\"><\/span>editor<\/li>\r\n                                            <li><span class=\"icon fal fa-calendar-alt\"><\/span>Feb 10, 2023<\/li>\r\n                                        <\/ul>\r\n                                        <h5><a href=\"https:\/\/ntpark.me\/en\/news\/poziv-deep-tech-startapima\/\">Call for deep-tech startups<\/a><\/h5>\r\n                                    <\/div>\r\n                                <\/div>\r\n                            <\/div>\r\n                        \r\n                            <!-- News Block Ten -->\r\n                            <div class=\"news-block-ten col-lg-4 col-md-6 col-sm-12\">\r\n                                <div class=\"inner-box wow fadeInRight\" data-wow-delay=\"0ms\" data-wow-duration=\"1500ms\">\r\n                                    <div class=\"image\">\r\n                                        <a href=\"https:\/\/ntpark.me\/en\/news\/glavni-grad-nastavlja-da-podrzava-razvoj-zenskog-preduzetnistva-konkurs-otvoren-do-6-marta\/\"><img loading=\"lazy\" decoding=\"async\" width=\"839\" height=\"420\" src=\"https:\/\/ntpark.me\/wp-content\/uploads\/2023\/02\/glavni-grad-zensko-pred-scaled-e1667919303320-839x420-1.jpg\" class=\"attachment-full size-full\" alt=\"\" srcset=\"https:\/\/ntpark.me\/wp-content\/uploads\/2023\/02\/glavni-grad-zensko-pred-scaled-e1667919303320-839x420-1.jpg 839w, https:\/\/ntpark.me\/wp-content\/uploads\/2023\/02\/glavni-grad-zensko-pred-scaled-e1667919303320-839x420-1-300x150.jpg 300w, https:\/\/ntpark.me\/wp-content\/uploads\/2023\/02\/glavni-grad-zensko-pred-scaled-e1667919303320-839x420-1-768x384.jpg 768w\" sizes=\"(max-width: 839px) 100vw, 839px\" \/><\/a>\r\n                                    <\/div>\r\n                                    <div class=\"lower-content\">\r\n                                        <ul class=\"post-meta\">\r\n                                            <li><span class=\"icon fal fa-user-alt\"><\/span>editor<\/li>\r\n                                            <li><span class=\"icon fal fa-calendar-alt\"><\/span>Feb 03, 2023<\/li>\r\n                                        <\/ul>\r\n                                        <h5><a href=\"https:\/\/ntpark.me\/en\/news\/glavni-grad-nastavlja-da-podrzava-razvoj-zenskog-preduzetnistva-konkurs-otvoren-do-6-marta\/\">The capital continues to support the development of women&#8217;s entrepreneurship; Competition open until March 6<\/a><\/h5>\r\n                                    <\/div>\r\n                                <\/div>\r\n                            <\/div>\r\n                        \r\n                            <!-- News Block Ten -->\r\n                            <div class=\"news-block-ten col-lg-4 col-md-6 col-sm-12\">\r\n                                <div class=\"inner-box wow fadeInRight\" data-wow-delay=\"0ms\" data-wow-duration=\"1500ms\">\r\n                                    <div class=\"image\">\r\n                                        <a href=\"https:\/\/ntpark.me\/en\/news\/obavjestenje-o-statusu-konkursa-za-sufinansiranje-inovacione-djelatnosti-u-2022-godini\/\"><img loading=\"lazy\" decoding=\"async\" width=\"1080\" height=\"1080\" src=\"https:\/\/ntpark.me\/wp-content\/uploads\/2022\/12\/image0-20.jpeg\" class=\"attachment-full size-full\" alt=\"\" srcset=\"https:\/\/ntpark.me\/wp-content\/uploads\/2022\/12\/image0-20.jpeg 1080w, https:\/\/ntpark.me\/wp-content\/uploads\/2022\/12\/image0-20-300x300.jpeg 300w, https:\/\/ntpark.me\/wp-content\/uploads\/2022\/12\/image0-20-1024x1024.jpeg 1024w, https:\/\/ntpark.me\/wp-content\/uploads\/2022\/12\/image0-20-150x150.jpeg 150w, https:\/\/ntpark.me\/wp-content\/uploads\/2022\/12\/image0-20-768x768.jpeg 768w, https:\/\/ntpark.me\/wp-content\/uploads\/2022\/12\/image0-20-600x600.jpeg 600w, https:\/\/ntpark.me\/wp-content\/uploads\/2022\/12\/image0-20-74x73.jpeg 74w, https:\/\/ntpark.me\/wp-content\/uploads\/2022\/12\/image0-20-400x400.jpeg 400w\" sizes=\"(max-width: 1080px) 100vw, 1080px\" \/><\/a>\r\n                                    <\/div>\r\n                                    <div class=\"lower-content\">\r\n                                        <ul class=\"post-meta\">\r\n                                            <li><span class=\"icon fal fa-user-alt\"><\/span>bildwpntpark<\/li>\r\n                                            <li><span class=\"icon fal fa-calendar-alt\"><\/span>Dec 07, 2022<\/li>\r\n                                        <\/ul>\r\n                                        <h5><a href=\"https:\/\/ntpark.me\/en\/news\/obavjestenje-o-statusu-konkursa-za-sufinansiranje-inovacione-djelatnosti-u-2022-godini\/\">Notification on the status of the Competition for the co-financing of innovative activities in 2022<\/a><\/h5>\r\n                                    <\/div>\r\n                                <\/div>\r\n                            <\/div>\r\n                        \r\n                            <!-- News Block Ten -->\r\n                            <div class=\"news-block-ten col-lg-4 col-md-6 col-sm-12\">\r\n                                <div class=\"inner-box wow fadeInRight\" data-wow-delay=\"0ms\" data-wow-duration=\"1500ms\">\r\n                                    <div class=\"image\">\r\n                                        <a href=\"https:\/\/ntpark.me\/en\/news\/novcane-nagrade-za-naucna-dostignuca-i-registrovane-patente-ili-ostvarena-inovativna-rjesenja-u-2022-godini\/\"><img loading=\"lazy\" decoding=\"async\" width=\"1600\" height=\"1143\" src=\"https:\/\/ntpark.me\/wp-content\/uploads\/2022\/12\/5C345879-7309-4486-9AFB-254B98F3ED4B.jpg\" class=\"attachment-full size-full\" alt=\"\" srcset=\"https:\/\/ntpark.me\/wp-content\/uploads\/2022\/12\/5C345879-7309-4486-9AFB-254B98F3ED4B.jpg 1600w, https:\/\/ntpark.me\/wp-content\/uploads\/2022\/12\/5C345879-7309-4486-9AFB-254B98F3ED4B-300x214.jpg 300w, https:\/\/ntpark.me\/wp-content\/uploads\/2022\/12\/5C345879-7309-4486-9AFB-254B98F3ED4B-1024x732.jpg 1024w, https:\/\/ntpark.me\/wp-content\/uploads\/2022\/12\/5C345879-7309-4486-9AFB-254B98F3ED4B-768x549.jpg 768w, https:\/\/ntpark.me\/wp-content\/uploads\/2022\/12\/5C345879-7309-4486-9AFB-254B98F3ED4B-1536x1097.jpg 1536w\" sizes=\"(max-width: 1600px) 100vw, 1600px\" \/><\/a>\r\n                                    <\/div>\r\n                                    <div class=\"lower-content\">\r\n                                        <ul class=\"post-meta\">\r\n                                            <li><span class=\"icon fal fa-user-alt\"><\/span>bildwpntpark<\/li>\r\n                                            <li><span class=\"icon fal fa-calendar-alt\"><\/span>Dec 02, 2022<\/li>\r\n                                        <\/ul>\r\n                                        <h5><a href=\"https:\/\/ntpark.me\/en\/news\/novcane-nagrade-za-naucna-dostignuca-i-registrovane-patente-ili-ostvarena-inovativna-rjesenja-u-2022-godini\/\">Cash prizes for scientific achievements and registered patents or realized innovative solutions in 2022<\/a><\/h5>\r\n                                    <\/div>\r\n                                <\/div>\r\n                            <\/div>\r\n                        \r\n                            <!-- News Block Ten -->\r\n                            <div class=\"news-block-ten col-lg-4 col-md-6 col-sm-12\">\r\n                                <div class=\"inner-box wow fadeInRight\" data-wow-delay=\"0ms\" data-wow-duration=\"1500ms\">\r\n                                    <div class=\"image\">\r\n                                        <a href=\"https:\/\/ntpark.me\/en\/news\/konferencija-o-plavoj-ekonomiji-blue-wawe-week-montenegro-2022\/\"><img loading=\"lazy\" decoding=\"async\" width=\"1080\" height=\"721\" src=\"https:\/\/ntpark.me\/wp-content\/uploads\/2022\/11\/viber_slika_2022-11-09_09-25-00-011.jpg\" class=\"attachment-full size-full\" alt=\"\" srcset=\"https:\/\/ntpark.me\/wp-content\/uploads\/2022\/11\/viber_slika_2022-11-09_09-25-00-011.jpg 1080w, https:\/\/ntpark.me\/wp-content\/uploads\/2022\/11\/viber_slika_2022-11-09_09-25-00-011-300x200.jpg 300w, https:\/\/ntpark.me\/wp-content\/uploads\/2022\/11\/viber_slika_2022-11-09_09-25-00-011-1024x684.jpg 1024w, https:\/\/ntpark.me\/wp-content\/uploads\/2022\/11\/viber_slika_2022-11-09_09-25-00-011-768x513.jpg 768w, https:\/\/ntpark.me\/wp-content\/uploads\/2022\/11\/viber_slika_2022-11-09_09-25-00-011-600x400.jpg 600w\" sizes=\"(max-width: 1080px) 100vw, 1080px\" \/><\/a>\r\n                                    <\/div>\r\n                                    <div class=\"lower-content\">\r\n                                        <ul class=\"post-meta\">\r\n                                            <li><span class=\"icon fal fa-user-alt\"><\/span>bildwpntpark<\/li>\r\n                                            <li><span class=\"icon fal fa-calendar-alt\"><\/span>Nov 09, 2022<\/li>\r\n                                        <\/ul>\r\n                                        <h5><a href=\"https:\/\/ntpark.me\/en\/news\/konferencija-o-plavoj-ekonomiji-blue-wawe-week-montenegro-2022\/\">Blue wawe week Montenegro 2022<\/a><\/h5>\r\n                                    <\/div>\r\n                                <\/div>\r\n                            <\/div>\r\n                        \r\n                            <!-- News Block Ten -->\r\n                            <div class=\"news-block-ten col-lg-4 col-md-6 col-sm-12\">\r\n                                <div class=\"inner-box wow fadeInRight\" data-wow-delay=\"0ms\" data-wow-duration=\"1500ms\">\r\n                                    <div class=\"image\">\r\n                                        <a href=\"https:\/\/ntpark.me\/en\/news\/sajam-s3-projekata-nauka-i-inovacije-stubovi-pametnog-rasta-u-crnoj-gori\/\"><img loading=\"lazy\" decoding=\"async\" width=\"1080\" height=\"1080\" src=\"https:\/\/ntpark.me\/wp-content\/uploads\/2022\/11\/viber_slika_2022-11-09_10-22-57-676.jpg\" class=\"attachment-full size-full\" alt=\"\" srcset=\"https:\/\/ntpark.me\/wp-content\/uploads\/2022\/11\/viber_slika_2022-11-09_10-22-57-676.jpg 1080w, https:\/\/ntpark.me\/wp-content\/uploads\/2022\/11\/viber_slika_2022-11-09_10-22-57-676-300x300.jpg 300w, https:\/\/ntpark.me\/wp-content\/uploads\/2022\/11\/viber_slika_2022-11-09_10-22-57-676-1024x1024.jpg 1024w, https:\/\/ntpark.me\/wp-content\/uploads\/2022\/11\/viber_slika_2022-11-09_10-22-57-676-150x150.jpg 150w, https:\/\/ntpark.me\/wp-content\/uploads\/2022\/11\/viber_slika_2022-11-09_10-22-57-676-768x768.jpg 768w, https:\/\/ntpark.me\/wp-content\/uploads\/2022\/11\/viber_slika_2022-11-09_10-22-57-676-600x600.jpg 600w, https:\/\/ntpark.me\/wp-content\/uploads\/2022\/11\/viber_slika_2022-11-09_10-22-57-676-74x73.jpg 74w, https:\/\/ntpark.me\/wp-content\/uploads\/2022\/11\/viber_slika_2022-11-09_10-22-57-676-400x400.jpg 400w\" sizes=\"(max-width: 1080px) 100vw, 1080px\" \/><\/a>\r\n                                    <\/div>\r\n                                    <div class=\"lower-content\">\r\n                                        <ul class=\"post-meta\">\r\n                                            <li><span class=\"icon fal fa-user-alt\"><\/span>bildwpntpark<\/li>\r\n                                            <li><span class=\"icon fal fa-calendar-alt\"><\/span>Nov 09, 2022<\/li>\r\n                                        <\/ul>\r\n                                        <h5><a href=\"https:\/\/ntpark.me\/en\/news\/sajam-s3-projekata-nauka-i-inovacije-stubovi-pametnog-rasta-u-crnoj-gori\/\">S3 Project Fair: Science and Innovation Pillars of Smart Growth in Montenegro<\/a><\/h5>\r\n                                    <\/div>\r\n                                <\/div>\r\n                            <\/div>\r\n                        \r\n                            <!-- News Block Ten -->\r\n                            <div class=\"news-block-ten col-lg-4 col-md-6 col-sm-12\">\r\n                                <div class=\"inner-box wow fadeInRight\" data-wow-delay=\"0ms\" data-wow-duration=\"1500ms\">\r\n                                    <div class=\"image\">\r\n                                        <a href=\"https:\/\/ntpark.me\/en\/news\/rise-objavljen-poziv-za-podrsku-mladim-socijalnim-preduzetnicima\/\"><img loading=\"lazy\" decoding=\"async\" width=\"1024\" height=\"768\" src=\"https:\/\/ntpark.me\/wp-content\/uploads\/2022\/11\/image-4-1024x768-1.png\" class=\"attachment-full size-full\" alt=\"\" srcset=\"https:\/\/ntpark.me\/wp-content\/uploads\/2022\/11\/image-4-1024x768-1.png 1024w, https:\/\/ntpark.me\/wp-content\/uploads\/2022\/11\/image-4-1024x768-1-300x225.png 300w, https:\/\/ntpark.me\/wp-content\/uploads\/2022\/11\/image-4-1024x768-1-768x576.png 768w\" sizes=\"(max-width: 1024px) 100vw, 1024px\" \/><\/a>\r\n                                    <\/div>\r\n                                    <div class=\"lower-content\">\r\n                                        <ul class=\"post-meta\">\r\n                                            <li><span class=\"icon fal fa-user-alt\"><\/span>bildwpntpark<\/li>\r\n                                            <li><span class=\"icon fal fa-calendar-alt\"><\/span>Oct 17, 2022<\/li>\r\n                                        <\/ul>\r\n                                        <h5><a href=\"https:\/\/ntpark.me\/en\/news\/rise-objavljen-poziv-za-podrsku-mladim-socijalnim-preduzetnicima\/\">RISE \u2013 A call has been announced for supporting young social entrepreneurs<\/a><\/h5>\r\n                                    <\/div>\r\n                                <\/div>\r\n                            <\/div>\r\n                        \r\n                            <!-- News Block Ten -->\r\n                            <div class=\"news-block-ten col-lg-4 col-md-6 col-sm-12\">\r\n                                <div class=\"inner-box wow fadeInRight\" data-wow-delay=\"0ms\" data-wow-duration=\"1500ms\">\r\n                                    <div class=\"image\">\r\n                                        <a href=\"https:\/\/ntpark.me\/en\/news\/ict-week-u-podgorici-od-3-oktobra-brojni-sadrzaji-za-ljubitelje-digitalnih-tehnologija\/\"><img loading=\"lazy\" decoding=\"async\" width=\"1200\" height=\"900\" src=\"https:\/\/ntpark.me\/wp-content\/uploads\/2022\/11\/Vizual-fb.png\" class=\"attachment-full size-full\" alt=\"\" srcset=\"https:\/\/ntpark.me\/wp-content\/uploads\/2022\/11\/Vizual-fb.png 1200w, https:\/\/ntpark.me\/wp-content\/uploads\/2022\/11\/Vizual-fb-300x225.png 300w, https:\/\/ntpark.me\/wp-content\/uploads\/2022\/11\/Vizual-fb-1024x768.png 1024w, https:\/\/ntpark.me\/wp-content\/uploads\/2022\/11\/Vizual-fb-768x576.png 768w\" sizes=\"(max-width: 1200px) 100vw, 1200px\" \/><\/a>\r\n                                    <\/div>\r\n                                    <div class=\"lower-content\">\r\n                                        <ul class=\"post-meta\">\r\n                                            <li><span class=\"icon fal fa-user-alt\"><\/span>bildwpntpark<\/li>\r\n                                            <li><span class=\"icon fal fa-calendar-alt\"><\/span>Sep 28, 2022<\/li>\r\n                                        <\/ul>\r\n                                        <h5><a href=\"https:\/\/ntpark.me\/en\/news\/ict-week-u-podgorici-od-3-oktobra-brojni-sadrzaji-za-ljubitelje-digitalnih-tehnologija\/\">ICT week in Podgorica: Numerous activities for digital technology enthusiasts starting october 3rd<\/a><\/h5>\r\n                                    <\/div>\r\n                                <\/div>\r\n                            <\/div>\r\n                        \r\n                            <!-- News Block Ten -->\r\n                            <div class=\"news-block-ten col-lg-4 col-md-6 col-sm-12\">\r\n                                <div class=\"inner-box wow fadeInRight\" data-wow-delay=\"0ms\" data-wow-duration=\"1500ms\">\r\n                                    <div class=\"image\">\r\n                                        <a href=\"https:\/\/ntpark.me\/en\/news\/posjeta-direktorke-ntp-beograd-gordane-danilovic-grkovic\/\"><img loading=\"lazy\" decoding=\"async\" width=\"1500\" height=\"1000\" src=\"https:\/\/ntpark.me\/wp-content\/uploads\/2022\/05\/DSC_3480.jpg\" class=\"attachment-full size-full\" alt=\"\" srcset=\"https:\/\/ntpark.me\/wp-content\/uploads\/2022\/05\/DSC_3480.jpg 1500w, https:\/\/ntpark.me\/wp-content\/uploads\/2022\/05\/DSC_3480-300x200.jpg 300w, https:\/\/ntpark.me\/wp-content\/uploads\/2022\/05\/DSC_3480-1024x683.jpg 1024w, https:\/\/ntpark.me\/wp-content\/uploads\/2022\/05\/DSC_3480-768x512.jpg 768w, https:\/\/ntpark.me\/wp-content\/uploads\/2022\/05\/DSC_3480-600x400.jpg 600w, https:\/\/ntpark.me\/wp-content\/uploads\/2022\/05\/DSC_3480-200x132.jpg 200w\" sizes=\"(max-width: 1500px) 100vw, 1500px\" \/><\/a>\r\n                                    <\/div>\r\n                                    <div class=\"lower-content\">\r\n                                        <ul class=\"post-meta\">\r\n                                            <li><span class=\"icon fal fa-user-alt\"><\/span>bildwpntpark<\/li>\r\n                                            <li><span class=\"icon fal fa-calendar-alt\"><\/span>May 11, 2022<\/li>\r\n                                        <\/ul>\r\n                                        <h5><a href=\"https:\/\/ntpark.me\/en\/news\/posjeta-direktorke-ntp-beograd-gordane-danilovic-grkovic\/\">Visit of the director of STP Belgrade, Gordana Danilovi\u0107 Grkovi\u0107<\/a><\/h5>\r\n                                    <\/div>\r\n                                <\/div>\r\n                            <\/div>\r\n                        \r\n                            <!-- News Block Ten -->\r\n                            <div class=\"news-block-ten col-lg-4 col-md-6 col-sm-12\">\r\n                                <div class=\"inner-box wow fadeInRight\" data-wow-delay=\"0ms\" data-wow-duration=\"1500ms\">\r\n                                    <div class=\"image\">\r\n                                        <a href=\"https:\/\/ntpark.me\/en\/news\/odrzana-radionica-pod-nazivom-predstavljanje-scenarija-o-mogucnosti-valorizacije-prostora-solane-bajo-sekulic-ulcinj-kroz-primjenu-rri-koncepta\/\"><img loading=\"lazy\" decoding=\"async\" width=\"1600\" height=\"1068\" src=\"https:\/\/ntpark.me\/wp-content\/uploads\/2022\/03\/DSC_7682-scaled-1.jpg\" class=\"attachment-full size-full\" alt=\"\" srcset=\"https:\/\/ntpark.me\/wp-content\/uploads\/2022\/03\/DSC_7682-scaled-1.jpg 1600w, https:\/\/ntpark.me\/wp-content\/uploads\/2022\/03\/DSC_7682-scaled-1-300x200.jpg 300w, https:\/\/ntpark.me\/wp-content\/uploads\/2022\/03\/DSC_7682-scaled-1-1024x684.jpg 1024w, https:\/\/ntpark.me\/wp-content\/uploads\/2022\/03\/DSC_7682-scaled-1-768x513.jpg 768w, https:\/\/ntpark.me\/wp-content\/uploads\/2022\/03\/DSC_7682-scaled-1-1536x1025.jpg 1536w, https:\/\/ntpark.me\/wp-content\/uploads\/2022\/03\/DSC_7682-scaled-1-600x401.jpg 600w\" sizes=\"(max-width: 1600px) 100vw, 1600px\" \/><\/a>\r\n                                    <\/div>\r\n                                    <div class=\"lower-content\">\r\n                                        <ul class=\"post-meta\">\r\n                                            <li><span class=\"icon fal fa-user-alt\"><\/span>bildwpntpark<\/li>\r\n                                            <li><span class=\"icon fal fa-calendar-alt\"><\/span>Mar 22, 2022<\/li>\r\n                                        <\/ul>\r\n                                        <h5><a href=\"https:\/\/ntpark.me\/en\/news\/odrzana-radionica-pod-nazivom-predstavljanje-scenarija-o-mogucnosti-valorizacije-prostora-solane-bajo-sekulic-ulcinj-kroz-primjenu-rri-koncepta\/\">The Science and technology park presented the results of the WBC-RRI.net project<\/a><\/h5>\r\n                                    <\/div>\r\n                                <\/div>\r\n                            <\/div>\r\n                        \r\n                            <!-- News Block Ten -->\r\n                            <div class=\"news-block-ten col-lg-4 col-md-6 col-sm-12\">\r\n                                <div class=\"inner-box wow fadeInRight\" data-wow-delay=\"0ms\" data-wow-duration=\"1500ms\">\r\n                                    <div class=\"image\">\r\n                                        <a href=\"https:\/\/ntpark.me\/en\/news\/predstavnici-ntp-a-u-dvodnevnoj-posjeti-zagrebu\/\"><img loading=\"lazy\" decoding=\"async\" width=\"1600\" height=\"1335\" src=\"https:\/\/ntpark.me\/wp-content\/uploads\/2022\/02\/viber_slika_2022-02-21_12-05-32-129.jpg\" class=\"attachment-full size-full\" alt=\"\" srcset=\"https:\/\/ntpark.me\/wp-content\/uploads\/2022\/02\/viber_slika_2022-02-21_12-05-32-129.jpg 1600w, https:\/\/ntpark.me\/wp-content\/uploads\/2022\/02\/viber_slika_2022-02-21_12-05-32-129-300x250.jpg 300w, https:\/\/ntpark.me\/wp-content\/uploads\/2022\/02\/viber_slika_2022-02-21_12-05-32-129-1024x854.jpg 1024w, https:\/\/ntpark.me\/wp-content\/uploads\/2022\/02\/viber_slika_2022-02-21_12-05-32-129-768x641.jpg 768w, https:\/\/ntpark.me\/wp-content\/uploads\/2022\/02\/viber_slika_2022-02-21_12-05-32-129-1536x1282.jpg 1536w, https:\/\/ntpark.me\/wp-content\/uploads\/2022\/02\/viber_slika_2022-02-21_12-05-32-129-60x51.jpg 60w, https:\/\/ntpark.me\/wp-content\/uploads\/2022\/02\/viber_slika_2022-02-21_12-05-32-129-600x501.jpg 600w\" sizes=\"(max-width: 1600px) 100vw, 1600px\" \/><\/a>\r\n                                    <\/div>\r\n                                    <div class=\"lower-content\">\r\n                                        <ul class=\"post-meta\">\r\n                                            <li><span class=\"icon fal fa-user-alt\"><\/span>bildwpntpark<\/li>\r\n                                            <li><span class=\"icon fal fa-calendar-alt\"><\/span>Feb 21, 2022<\/li>\r\n                                        <\/ul>\r\n                                        <h5><a href=\"https:\/\/ntpark.me\/en\/news\/predstavnici-ntp-a-u-dvodnevnoj-posjeti-zagrebu\/\">Representatives of the STP are on a two-day visit to Zagreb<\/a><\/h5>\r\n                                    <\/div>\r\n                                <\/div>\r\n                            <\/div>\r\n                        \r\n                            <!-- News Block Ten -->\r\n                            <div class=\"news-block-ten col-lg-4 col-md-6 col-sm-12\">\r\n                                <div class=\"inner-box wow fadeInRight\" data-wow-delay=\"0ms\" data-wow-duration=\"1500ms\">\r\n                                    <div class=\"image\">\r\n                                        <a href=\"https:\/\/ntpark.me\/en\/news\/posjeta-naucno-tehnoloskom-parku-beograd-sa-ciljem-inteziviranja-saradnje\/\"><img loading=\"lazy\" decoding=\"async\" width=\"1600\" height=\"1131\" src=\"https:\/\/ntpark.me\/wp-content\/uploads\/2021\/12\/viber_slika_2021-12-24_11-24-14-557.jpg\" class=\"attachment-full size-full\" alt=\"\" srcset=\"https:\/\/ntpark.me\/wp-content\/uploads\/2021\/12\/viber_slika_2021-12-24_11-24-14-557.jpg 1600w, https:\/\/ntpark.me\/wp-content\/uploads\/2021\/12\/viber_slika_2021-12-24_11-24-14-557-300x212.jpg 300w, https:\/\/ntpark.me\/wp-content\/uploads\/2021\/12\/viber_slika_2021-12-24_11-24-14-557-1024x724.jpg 1024w, https:\/\/ntpark.me\/wp-content\/uploads\/2021\/12\/viber_slika_2021-12-24_11-24-14-557-768x543.jpg 768w, https:\/\/ntpark.me\/wp-content\/uploads\/2021\/12\/viber_slika_2021-12-24_11-24-14-557-1536x1086.jpg 1536w, https:\/\/ntpark.me\/wp-content\/uploads\/2021\/12\/viber_slika_2021-12-24_11-24-14-557-600x424.jpg 600w\" sizes=\"(max-width: 1600px) 100vw, 1600px\" \/><\/a>\r\n                                    <\/div>\r\n                                    <div class=\"lower-content\">\r\n                                        <ul class=\"post-meta\">\r\n                                            <li><span class=\"icon fal fa-user-alt\"><\/span>bildwpntpark<\/li>\r\n                                            <li><span class=\"icon fal fa-calendar-alt\"><\/span>Dec 27, 2021<\/li>\r\n                                        <\/ul>\r\n                                        <h5><a href=\"https:\/\/ntpark.me\/en\/news\/posjeta-naucno-tehnoloskom-parku-beograd-sa-ciljem-inteziviranja-saradnje\/\">Visit to the Belgrade Science and technology park with the aim of intensifying collaboration<\/a><\/h5>\r\n                                    <\/div>\r\n                                <\/div>\r\n                            <\/div>\r\n                        \r\n                            <!-- News Block Ten -->\r\n                            <div class=\"news-block-ten col-lg-4 col-md-6 col-sm-12\">\r\n                                <div class=\"inner-box wow fadeInRight\" data-wow-delay=\"0ms\" data-wow-duration=\"1500ms\">\r\n                                    <div class=\"image\">\r\n                                        <a href=\"https:\/\/ntpark.me\/en\/news\/organizovan-forum-plavog-rasta-predstavljene-prilike-koje-nudi-plava-ekonomija\/\"><img loading=\"lazy\" decoding=\"async\" width=\"1280\" height=\"855\" src=\"https:\/\/ntpark.me\/wp-content\/uploads\/2021\/11\/wwwkima_26_i_27_11_2021_-3834.jpg\" class=\"attachment-full size-full\" alt=\"\" srcset=\"https:\/\/ntpark.me\/wp-content\/uploads\/2021\/11\/wwwkima_26_i_27_11_2021_-3834.jpg 1280w, https:\/\/ntpark.me\/wp-content\/uploads\/2021\/11\/wwwkima_26_i_27_11_2021_-3834-300x200.jpg 300w, https:\/\/ntpark.me\/wp-content\/uploads\/2021\/11\/wwwkima_26_i_27_11_2021_-3834-1024x684.jpg 1024w, https:\/\/ntpark.me\/wp-content\/uploads\/2021\/11\/wwwkima_26_i_27_11_2021_-3834-768x513.jpg 768w, https:\/\/ntpark.me\/wp-content\/uploads\/2021\/11\/wwwkima_26_i_27_11_2021_-3834-600x401.jpg 600w\" sizes=\"(max-width: 1280px) 100vw, 1280px\" \/><\/a>\r\n                                    <\/div>\r\n                                    <div class=\"lower-content\">\r\n                                        <ul class=\"post-meta\">\r\n                                            <li><span class=\"icon fal fa-user-alt\"><\/span>bildwpntpark<\/li>\r\n                                            <li><span class=\"icon fal fa-calendar-alt\"><\/span>Nov 29, 2021<\/li>\r\n                                        <\/ul>\r\n                                        <h5><a href=\"https:\/\/ntpark.me\/en\/news\/organizovan-forum-plavog-rasta-predstavljene-prilike-koje-nudi-plava-ekonomija\/\">Blue Growth Forum organized: Opportunities offered by the Blue economy presented<\/a><\/h5>\r\n                                    <\/div>\r\n                                <\/div>\r\n                            <\/div>\r\n                        \r\n                            <!-- News Block Ten -->\r\n                            <div class=\"news-block-ten col-lg-4 col-md-6 col-sm-12\">\r\n                                <div class=\"inner-box wow fadeInRight\" data-wow-delay=\"0ms\" data-wow-duration=\"1500ms\">\r\n                                    <div class=\"image\">\r\n                                        <a href=\"https:\/\/ntpark.me\/en\/news\/znanje-je-izbor-prijavi-se-na-cortex-akademiju-i-pripremi-se-za-karijeru-u-it-industriji\/\"><img loading=\"lazy\" decoding=\"async\" width=\"1024\" height=\"683\" src=\"https:\/\/ntpark.me\/wp-content\/uploads\/2021\/11\/Akademija-1024x683-1.jpeg\" class=\"attachment-full size-full\" alt=\"\" srcset=\"https:\/\/ntpark.me\/wp-content\/uploads\/2021\/11\/Akademija-1024x683-1.jpeg 1024w, https:\/\/ntpark.me\/wp-content\/uploads\/2021\/11\/Akademija-1024x683-1-300x200.jpeg 300w, https:\/\/ntpark.me\/wp-content\/uploads\/2021\/11\/Akademija-1024x683-1-768x512.jpeg 768w, https:\/\/ntpark.me\/wp-content\/uploads\/2021\/11\/Akademija-1024x683-1-600x400.jpeg 600w, https:\/\/ntpark.me\/wp-content\/uploads\/2021\/11\/Akademija-1024x683-1-200x132.jpeg 200w\" sizes=\"(max-width: 1024px) 100vw, 1024px\" \/><\/a>\r\n                                    <\/div>\r\n                                    <div class=\"lower-content\">\r\n                                        <ul class=\"post-meta\">\r\n                                            <li><span class=\"icon fal fa-user-alt\"><\/span>bildwpntpark<\/li>\r\n                                            <li><span class=\"icon fal fa-calendar-alt\"><\/span>Nov 29, 2021<\/li>\r\n                                        <\/ul>\r\n                                        <h5><a href=\"https:\/\/ntpark.me\/en\/news\/znanje-je-izbor-prijavi-se-na-cortex-akademiju-i-pripremi-se-za-karijeru-u-it-industriji\/\">Knowledge is a choice \u2013 apply for the Cortex academy and prepare for a career in the IT industry<\/a><\/h5>\r\n                                    <\/div>\r\n                                <\/div>\r\n                            <\/div>\r\n                        \r\n                            <!-- News Block Ten -->\r\n                            <div class=\"news-block-ten col-lg-4 col-md-6 col-sm-12\">\r\n                                <div class=\"inner-box wow fadeInRight\" data-wow-delay=\"0ms\" data-wow-duration=\"1500ms\">\r\n                                    <div class=\"image\">\r\n                                        <a href=\"https:\/\/ntpark.me\/en\/news\/prijave-za-drugi-krug-boostmeup-predakceleracijskog-programa-do-10-novembra\/\"><img loading=\"lazy\" decoding=\"async\" width=\"415\" height=\"300\" src=\"https:\/\/ntpark.me\/wp-content\/uploads\/2021\/10\/BMU-II-3.png\" class=\"attachment-full size-full\" alt=\"\" srcset=\"https:\/\/ntpark.me\/wp-content\/uploads\/2021\/10\/BMU-II-3.png 415w, https:\/\/ntpark.me\/wp-content\/uploads\/2021\/10\/BMU-II-3-300x217.png 300w\" sizes=\"(max-width: 415px) 100vw, 415px\" \/><\/a>\r\n                                    <\/div>\r\n                                    <div class=\"lower-content\">\r\n                                        <ul class=\"post-meta\">\r\n                                            <li><span class=\"icon fal fa-user-alt\"><\/span>bildwpntpark<\/li>\r\n                                            <li><span class=\"icon fal fa-calendar-alt\"><\/span>Oct 21, 2021<\/li>\r\n                                        <\/ul>\r\n                                        <h5><a href=\"https:\/\/ntpark.me\/en\/news\/prijave-za-drugi-krug-boostmeup-predakceleracijskog-programa-do-10-novembra\/\">Applications for the second round of the &#8220;BoostMeUp&#8221; pre-acceleration program are open until November 10<\/a><\/h5>\r\n                                    <\/div>\r\n                                <\/div>\r\n                            <\/div>\r\n                        \r\n                            <!-- News Block Ten -->\r\n                            <div class=\"news-block-ten col-lg-4 col-md-6 col-sm-12\">\r\n                                <div class=\"inner-box wow fadeInRight\" data-wow-delay=\"0ms\" data-wow-duration=\"1500ms\">\r\n                                    <div class=\"image\">\r\n                                        <a href=\"https:\/\/ntpark.me\/en\/news\/organizovana-radionica-o-znacaju-plave-biotehnoloske-zajednice-za-ekonomski-rast-cg\/\"><img loading=\"lazy\" decoding=\"async\" width=\"1600\" height=\"890\" src=\"https:\/\/ntpark.me\/wp-content\/uploads\/2021\/10\/viber_slika_2021-10-15_10-14-25-272.jpg\" class=\"attachment-full size-full\" alt=\"\" srcset=\"https:\/\/ntpark.me\/wp-content\/uploads\/2021\/10\/viber_slika_2021-10-15_10-14-25-272.jpg 1600w, https:\/\/ntpark.me\/wp-content\/uploads\/2021\/10\/viber_slika_2021-10-15_10-14-25-272-300x167.jpg 300w, https:\/\/ntpark.me\/wp-content\/uploads\/2021\/10\/viber_slika_2021-10-15_10-14-25-272-1024x570.jpg 1024w, https:\/\/ntpark.me\/wp-content\/uploads\/2021\/10\/viber_slika_2021-10-15_10-14-25-272-768x427.jpg 768w, https:\/\/ntpark.me\/wp-content\/uploads\/2021\/10\/viber_slika_2021-10-15_10-14-25-272-1536x854.jpg 1536w, https:\/\/ntpark.me\/wp-content\/uploads\/2021\/10\/viber_slika_2021-10-15_10-14-25-272-600x334.jpg 600w\" sizes=\"(max-width: 1600px) 100vw, 1600px\" \/><\/a>\r\n                                    <\/div>\r\n                                    <div class=\"lower-content\">\r\n                                        <ul class=\"post-meta\">\r\n                                            <li><span class=\"icon fal fa-user-alt\"><\/span>bildwpntpark<\/li>\r\n                                            <li><span class=\"icon fal fa-calendar-alt\"><\/span>Oct 05, 2021<\/li>\r\n                                        <\/ul>\r\n                                        <h5><a href=\"https:\/\/ntpark.me\/en\/news\/organizovana-radionica-o-znacaju-plave-biotehnoloske-zajednice-za-ekonomski-rast-cg\/\">A workshop on the importance of the blue biotechnology community for Montenegro&#8217;s economic growth was organized<\/a><\/h5>\r\n                                    <\/div>\r\n                                <\/div>\r\n                            <\/div>\r\n                        \r\n                            <!-- News Block Ten -->\r\n                            <div class=\"news-block-ten col-lg-4 col-md-6 col-sm-12\">\r\n                                <div class=\"inner-box wow fadeInRight\" data-wow-delay=\"0ms\" data-wow-duration=\"1500ms\">\r\n                                    <div class=\"image\">\r\n                                        <a href=\"https:\/\/ntpark.me\/en\/news\/rise-putovanje-poziv-za-prijavu\/\"><img loading=\"lazy\" decoding=\"async\" width=\"1423\" height=\"795\" src=\"https:\/\/ntpark.me\/wp-content\/uploads\/2021\/09\/RISE.png\" class=\"attachment-full size-full\" alt=\"\" srcset=\"https:\/\/ntpark.me\/wp-content\/uploads\/2021\/09\/RISE.png 1423w, https:\/\/ntpark.me\/wp-content\/uploads\/2021\/09\/RISE-300x168.png 300w, https:\/\/ntpark.me\/wp-content\/uploads\/2021\/09\/RISE-1024x572.png 1024w, https:\/\/ntpark.me\/wp-content\/uploads\/2021\/09\/RISE-768x429.png 768w, https:\/\/ntpark.me\/wp-content\/uploads\/2021\/09\/RISE-600x335.png 600w\" sizes=\"(max-width: 1423px) 100vw, 1423px\" \/><\/a>\r\n                                    <\/div>\r\n                                    <div class=\"lower-content\">\r\n                                        <ul class=\"post-meta\">\r\n                                            <li><span class=\"icon fal fa-user-alt\"><\/span>bildwpntpark<\/li>\r\n                                            <li><span class=\"icon fal fa-calendar-alt\"><\/span>Sep 07, 2021<\/li>\r\n                                        <\/ul>\r\n                                        <h5><a href=\"https:\/\/ntpark.me\/en\/news\/rise-putovanje-poziv-za-prijavu\/\">RISE Journey: Call for Applications<\/a><\/h5>\r\n                                    <\/div>\r\n                                <\/div>\r\n                            <\/div>\r\n                        \r\n                            <!-- News Block Ten -->\r\n                            <div class=\"news-block-ten col-lg-4 col-md-6 col-sm-12\">\r\n                                <div class=\"inner-box wow fadeInRight\" data-wow-delay=\"0ms\" data-wow-duration=\"1500ms\">\r\n                                    <div class=\"image\">\r\n                                        <a href=\"https:\/\/ntpark.me\/en\/news\/koristi-i-rizici-upotrebe-vjestacke-inteligencije\/\"><img loading=\"lazy\" decoding=\"async\" width=\"960\" height=\"480\" src=\"https:\/\/ntpark.me\/wp-content\/uploads\/2021\/07\/R738ea95d1160b216d860ebd062d9d96e.jpg\" class=\"attachment-full size-full\" alt=\"\" srcset=\"https:\/\/ntpark.me\/wp-content\/uploads\/2021\/07\/R738ea95d1160b216d860ebd062d9d96e.jpg 960w, https:\/\/ntpark.me\/wp-content\/uploads\/2021\/07\/R738ea95d1160b216d860ebd062d9d96e-300x150.jpg 300w, https:\/\/ntpark.me\/wp-content\/uploads\/2021\/07\/R738ea95d1160b216d860ebd062d9d96e-768x384.jpg 768w, https:\/\/ntpark.me\/wp-content\/uploads\/2021\/07\/R738ea95d1160b216d860ebd062d9d96e-600x300.jpg 600w\" sizes=\"(max-width: 960px) 100vw, 960px\" \/><\/a>\r\n                                    <\/div>\r\n                                    <div class=\"lower-content\">\r\n                                        <ul class=\"post-meta\">\r\n                                            <li><span class=\"icon fal fa-user-alt\"><\/span>bildwpntpark<\/li>\r\n                                            <li><span class=\"icon fal fa-calendar-alt\"><\/span>Jul 02, 2021<\/li>\r\n                                        <\/ul>\r\n                                        <h5><a href=\"https:\/\/ntpark.me\/en\/news\/koristi-i-rizici-upotrebe-vjestacke-inteligencije\/\">Benefits and risks of using artificial intelligence<\/a><\/h5>\r\n                                    <\/div>\r\n                                <\/div>\r\n                            <\/div>\r\n                        \r\n                            <!-- News Block Ten -->\r\n                            <div class=\"news-block-ten col-lg-4 col-md-6 col-sm-12\">\r\n                                <div class=\"inner-box wow fadeInRight\" data-wow-delay=\"0ms\" data-wow-duration=\"1500ms\">\r\n                                    <div class=\"image\">\r\n                                        <a href=\"https:\/\/ntpark.me\/en\/news\/gender-equality-event\/\"><img loading=\"lazy\" decoding=\"async\" width=\"1024\" height=\"512\" src=\"https:\/\/ntpark.me\/wp-content\/uploads\/2021\/06\/image.png\" class=\"attachment-full size-full\" alt=\"\" srcset=\"https:\/\/ntpark.me\/wp-content\/uploads\/2021\/06\/image.png 1024w, https:\/\/ntpark.me\/wp-content\/uploads\/2021\/06\/image-300x150.png 300w, https:\/\/ntpark.me\/wp-content\/uploads\/2021\/06\/image-768x384.png 768w, https:\/\/ntpark.me\/wp-content\/uploads\/2021\/06\/image-600x300.png 600w\" sizes=\"(max-width: 1024px) 100vw, 1024px\" \/><\/a>\r\n                                    <\/div>\r\n                                    <div class=\"lower-content\">\r\n                                        <ul class=\"post-meta\">\r\n                                            <li><span class=\"icon fal fa-user-alt\"><\/span>bildwpntpark<\/li>\r\n                                            <li><span class=\"icon fal fa-calendar-alt\"><\/span>Jun 30, 2021<\/li>\r\n                                        <\/ul>\r\n                                        <h5><a href=\"https:\/\/ntpark.me\/en\/news\/gender-equality-event\/\">Gender Equality Event<\/a><\/h5>\r\n                                    <\/div>\r\n                                <\/div>\r\n                            <\/div>\r\n                        \r\n                            <!-- News Block Ten -->\r\n                            <div class=\"news-block-ten col-lg-4 col-md-6 col-sm-12\">\r\n                                <div class=\"inner-box wow fadeInRight\" data-wow-delay=\"0ms\" data-wow-duration=\"1500ms\">\r\n                                    <div class=\"image\">\r\n                                        <a href=\"https:\/\/ntpark.me\/en\/news\/konferencija-eu-ino-net-projekta-promocija-kulture-inovacija-i-podrska-saradnji-izmedu-aktera-u-oblasti-istrazivanja-obrazovanja-i-inovacija\/\"><img loading=\"lazy\" decoding=\"async\" width=\"1600\" height=\"1068\" src=\"https:\/\/ntpark.me\/wp-content\/uploads\/2021\/06\/DSC_2738-scaled-1.jpg\" class=\"attachment-full size-full\" alt=\"\" srcset=\"https:\/\/ntpark.me\/wp-content\/uploads\/2021\/06\/DSC_2738-scaled-1.jpg 1600w, https:\/\/ntpark.me\/wp-content\/uploads\/2021\/06\/DSC_2738-scaled-1-300x200.jpg 300w, https:\/\/ntpark.me\/wp-content\/uploads\/2021\/06\/DSC_2738-scaled-1-1024x684.jpg 1024w, https:\/\/ntpark.me\/wp-content\/uploads\/2021\/06\/DSC_2738-scaled-1-768x513.jpg 768w, https:\/\/ntpark.me\/wp-content\/uploads\/2021\/06\/DSC_2738-scaled-1-1536x1025.jpg 1536w, https:\/\/ntpark.me\/wp-content\/uploads\/2021\/06\/DSC_2738-scaled-1-600x401.jpg 600w\" sizes=\"(max-width: 1600px) 100vw, 1600px\" \/><\/a>\r\n                                    <\/div>\r\n                                    <div class=\"lower-content\">\r\n                                        <ul class=\"post-meta\">\r\n                                            <li><span class=\"icon fal fa-user-alt\"><\/span>bildwpntpark<\/li>\r\n                                            <li><span class=\"icon fal fa-calendar-alt\"><\/span>Jun 28, 2021<\/li>\r\n                                        <\/ul>\r\n                                        <h5><a href=\"https:\/\/ntpark.me\/en\/news\/konferencija-eu-ino-net-projekta-promocija-kulture-inovacija-i-podrska-saradnji-izmedu-aktera-u-oblasti-istrazivanja-obrazovanja-i-inovacija\/\">EU INO NET PROJECT Conference &#8220;Promoting a culture of innovation and supporting collaboration between Stakeholders in research, education, and innovation&#8221;<\/a><\/h5>\r\n                                    <\/div>\r\n                                <\/div>\r\n                            <\/div>\r\n                        \r\n                            <!-- News Block Ten -->\r\n                            <div class=\"news-block-ten col-lg-4 col-md-6 col-sm-12\">\r\n                                <div class=\"inner-box wow fadeInRight\" data-wow-delay=\"0ms\" data-wow-duration=\"1500ms\">\r\n                                    <div class=\"image\">\r\n                                        <a href=\"https:\/\/ntpark.me\/en\/news\/sta-vjestacka-inteligencija-moze-danas\/\"><img loading=\"lazy\" decoding=\"async\" width=\"1000\" height=\"537\" src=\"https:\/\/ntpark.me\/wp-content\/uploads\/2021\/06\/the-4-top-artificial-intelligence-trends-for-20213.jpg\" class=\"attachment-full size-full\" alt=\"\" srcset=\"https:\/\/ntpark.me\/wp-content\/uploads\/2021\/06\/the-4-top-artificial-intelligence-trends-for-20213.jpg 1000w, https:\/\/ntpark.me\/wp-content\/uploads\/2021\/06\/the-4-top-artificial-intelligence-trends-for-20213-300x161.jpg 300w, https:\/\/ntpark.me\/wp-content\/uploads\/2021\/06\/the-4-top-artificial-intelligence-trends-for-20213-768x412.jpg 768w, https:\/\/ntpark.me\/wp-content\/uploads\/2021\/06\/the-4-top-artificial-intelligence-trends-for-20213-600x322.jpg 600w\" sizes=\"(max-width: 1000px) 100vw, 1000px\" \/><\/a>\r\n                                    <\/div>\r\n                                    <div class=\"lower-content\">\r\n                                        <ul class=\"post-meta\">\r\n                                            <li><span class=\"icon fal fa-user-alt\"><\/span>bildwpntpark<\/li>\r\n                                            <li><span class=\"icon fal fa-calendar-alt\"><\/span>Jun 18, 2021<\/li>\r\n                                        <\/ul>\r\n                                        <h5><a href=\"https:\/\/ntpark.me\/en\/news\/sta-vjestacka-inteligencija-moze-danas\/\">What can Artificial intelligence do today?<\/a><\/h5>\r\n                                    <\/div>\r\n                                <\/div>\r\n                            <\/div>\r\n                        \r\n                            <!-- News Block Ten -->\r\n                            <div class=\"news-block-ten col-lg-4 col-md-6 col-sm-12\">\r\n                                <div class=\"inner-box wow fadeInRight\" data-wow-delay=\"0ms\" data-wow-duration=\"1500ms\">\r\n                                    <div class=\"image\">\r\n                                        <a href=\"https:\/\/ntpark.me\/en\/news\/odrzana-konferencija-european-maritime-day-in-my-country\/\"><img loading=\"lazy\" decoding=\"async\" width=\"800\" height=\"800\" src=\"https:\/\/ntpark.me\/wp-content\/uploads\/2021\/06\/IMC-SQUARE.jpg\" class=\"attachment-full size-full\" alt=\"\" srcset=\"https:\/\/ntpark.me\/wp-content\/uploads\/2021\/06\/IMC-SQUARE.jpg 800w, https:\/\/ntpark.me\/wp-content\/uploads\/2021\/06\/IMC-SQUARE-300x300.jpg 300w, https:\/\/ntpark.me\/wp-content\/uploads\/2021\/06\/IMC-SQUARE-150x150.jpg 150w, https:\/\/ntpark.me\/wp-content\/uploads\/2021\/06\/IMC-SQUARE-768x768.jpg 768w, https:\/\/ntpark.me\/wp-content\/uploads\/2021\/06\/IMC-SQUARE-600x600.jpg 600w, https:\/\/ntpark.me\/wp-content\/uploads\/2021\/06\/IMC-SQUARE-74x73.jpg 74w\" sizes=\"(max-width: 800px) 100vw, 800px\" \/><\/a>\r\n                                    <\/div>\r\n                                    <div class=\"lower-content\">\r\n                                        <ul class=\"post-meta\">\r\n                                            <li><span class=\"icon fal fa-user-alt\"><\/span>bildwpntpark<\/li>\r\n                                            <li><span class=\"icon fal fa-calendar-alt\"><\/span>Jun 09, 2021<\/li>\r\n                                        <\/ul>\r\n                                        <h5><a href=\"https:\/\/ntpark.me\/en\/news\/odrzana-konferencija-european-maritime-day-in-my-country\/\">Conference \u201cEuropean Maritime Day in My Country\u201d held<\/a><\/h5>\r\n                                    <\/div>\r\n                                <\/div>\r\n                            <\/div>\r\n                        \r\n                            <!-- News Block Ten -->\r\n                            <div class=\"news-block-ten col-lg-4 col-md-6 col-sm-12\">\r\n                                <div class=\"inner-box wow fadeInRight\" data-wow-delay=\"0ms\" data-wow-duration=\"1500ms\">\r\n                                    <div class=\"image\">\r\n                                        <a href=\"https:\/\/ntpark.me\/en\/news\/odrzana-konferencija-primjena-inovacija-u-nauci-i-privredi-u-crnoj-gori\/\"><img loading=\"lazy\" decoding=\"async\" width=\"2560\" height=\"1505\" src=\"https:\/\/ntpark.me\/wp-content\/uploads\/2021\/06\/EKP_9646-2-scaled-1.jpg\" class=\"attachment-full size-full\" alt=\"\" srcset=\"https:\/\/ntpark.me\/wp-content\/uploads\/2021\/06\/EKP_9646-2-scaled-1.jpg 2560w, https:\/\/ntpark.me\/wp-content\/uploads\/2021\/06\/EKP_9646-2-scaled-1-300x176.jpg 300w, https:\/\/ntpark.me\/wp-content\/uploads\/2021\/06\/EKP_9646-2-scaled-1-1024x602.jpg 1024w, https:\/\/ntpark.me\/wp-content\/uploads\/2021\/06\/EKP_9646-2-scaled-1-768x452.jpg 768w, https:\/\/ntpark.me\/wp-content\/uploads\/2021\/06\/EKP_9646-2-scaled-1-1536x903.jpg 1536w, https:\/\/ntpark.me\/wp-content\/uploads\/2021\/06\/EKP_9646-2-scaled-1-2048x1204.jpg 2048w, https:\/\/ntpark.me\/wp-content\/uploads\/2021\/06\/EKP_9646-2-scaled-1-600x353.jpg 600w\" sizes=\"(max-width: 2560px) 100vw, 2560px\" \/><\/a>\r\n                                    <\/div>\r\n                                    <div class=\"lower-content\">\r\n                                        <ul class=\"post-meta\">\r\n                                            <li><span class=\"icon fal fa-user-alt\"><\/span>bildwpntpark<\/li>\r\n                                            <li><span class=\"icon fal fa-calendar-alt\"><\/span>Jun 07, 2021<\/li>\r\n                                        <\/ul>\r\n                                        <h5><a href=\"https:\/\/ntpark.me\/en\/news\/odrzana-konferencija-primjena-inovacija-u-nauci-i-privredi-u-crnoj-gori\/\">Conference held on &#8220;Application of innovations in Science and industry in Montenegro&#8221;<\/a><\/h5>\r\n                                    <\/div>\r\n                                <\/div>\r\n                            <\/div>\r\n                        \r\n                            <!-- News Block Ten -->\r\n                            <div class=\"news-block-ten col-lg-4 col-md-6 col-sm-12\">\r\n                                <div class=\"inner-box wow fadeInRight\" data-wow-delay=\"0ms\" data-wow-duration=\"1500ms\">\r\n                                    <div class=\"image\">\r\n                                        <a href=\"https:\/\/ntpark.me\/en\/news\/awe-akademija-za-preduzetnice\/\"><img loading=\"lazy\" decoding=\"async\" width=\"1080\" height=\"1071\" src=\"https:\/\/ntpark.me\/wp-content\/uploads\/2021\/04\/viber_slika_2021-04-29_12-28-28.jpg\" class=\"attachment-full size-full\" alt=\"\" srcset=\"https:\/\/ntpark.me\/wp-content\/uploads\/2021\/04\/viber_slika_2021-04-29_12-28-28.jpg 1080w, https:\/\/ntpark.me\/wp-content\/uploads\/2021\/04\/viber_slika_2021-04-29_12-28-28-300x298.jpg 300w, https:\/\/ntpark.me\/wp-content\/uploads\/2021\/04\/viber_slika_2021-04-29_12-28-28-1024x1015.jpg 1024w, https:\/\/ntpark.me\/wp-content\/uploads\/2021\/04\/viber_slika_2021-04-29_12-28-28-150x150.jpg 150w, https:\/\/ntpark.me\/wp-content\/uploads\/2021\/04\/viber_slika_2021-04-29_12-28-28-768x762.jpg 768w, https:\/\/ntpark.me\/wp-content\/uploads\/2021\/04\/viber_slika_2021-04-29_12-28-28-74x73.jpg 74w, https:\/\/ntpark.me\/wp-content\/uploads\/2021\/04\/viber_slika_2021-04-29_12-28-28-600x595.jpg 600w\" sizes=\"(max-width: 1080px) 100vw, 1080px\" \/><\/a>\r\n                                    <\/div>\r\n                                    <div class=\"lower-content\">\r\n                                        <ul class=\"post-meta\">\r\n                                            <li><span class=\"icon fal fa-user-alt\"><\/span>bildwpntpark<\/li>\r\n                                            <li><span class=\"icon fal fa-calendar-alt\"><\/span>Apr 29, 2021<\/li>\r\n                                        <\/ul>\r\n                                        <h5><a href=\"https:\/\/ntpark.me\/en\/news\/awe-akademija-za-preduzetnice\/\">&#8220;AWE Academy for Female Entrepreneurs&#8221;<\/a><\/h5>\r\n                                    <\/div>\r\n                                <\/div>\r\n                            <\/div>\r\n                        \r\n                            <!-- News Block Ten -->\r\n                            <div class=\"news-block-ten col-lg-4 col-md-6 col-sm-12\">\r\n                                <div class=\"inner-box wow fadeInRight\" data-wow-delay=\"0ms\" data-wow-duration=\"1500ms\">\r\n                                    <div class=\"image\">\r\n                                        <a href=\"https:\/\/ntpark.me\/en\/news\/eon-reality-najavio-globalni-fogadaj\/\"><img loading=\"lazy\" decoding=\"async\" width=\"600\" height=\"403\" src=\"https:\/\/ntpark.me\/wp-content\/uploads\/2021\/04\/conference2-600x403-1.jpg\" class=\"attachment-full size-full\" alt=\"\" srcset=\"https:\/\/ntpark.me\/wp-content\/uploads\/2021\/04\/conference2-600x403-1.jpg 600w, https:\/\/ntpark.me\/wp-content\/uploads\/2021\/04\/conference2-600x403-1-300x202.jpg 300w\" sizes=\"(max-width: 600px) 100vw, 600px\" \/><\/a>\r\n                                    <\/div>\r\n                                    <div class=\"lower-content\">\r\n                                        <ul class=\"post-meta\">\r\n                                            <li><span class=\"icon fal fa-user-alt\"><\/span>bildwpntpark<\/li>\r\n                                            <li><span class=\"icon fal fa-calendar-alt\"><\/span>Apr 28, 2021<\/li>\r\n                                        <\/ul>\r\n                                        <h5><a href=\"https:\/\/ntpark.me\/en\/news\/eon-reality-najavio-globalni-fogadaj\/\">EON Reality announced a global event<\/a><\/h5>\r\n                                    <\/div>\r\n                                <\/div>\r\n                            <\/div>\r\n                        \r\n                            <!-- News Block Ten -->\r\n                            <div class=\"news-block-ten col-lg-4 col-md-6 col-sm-12\">\r\n                                <div class=\"inner-box wow fadeInRight\" data-wow-delay=\"0ms\" data-wow-duration=\"1500ms\">\r\n                                    <div class=\"image\">\r\n                                        <a href=\"https:\/\/ntpark.me\/en\/news\/prijave-za-bluemed-hackathon-u-toku\/\"><img loading=\"lazy\" decoding=\"async\" width=\"1131\" height=\"1600\" src=\"https:\/\/ntpark.me\/wp-content\/uploads\/2021\/04\/BM-Hackhaton-1.png\" class=\"attachment-full size-full\" alt=\"\" srcset=\"https:\/\/ntpark.me\/wp-content\/uploads\/2021\/04\/BM-Hackhaton-1.png 1131w, https:\/\/ntpark.me\/wp-content\/uploads\/2021\/04\/BM-Hackhaton-1-212x300.png 212w, https:\/\/ntpark.me\/wp-content\/uploads\/2021\/04\/BM-Hackhaton-1-724x1024.png 724w, https:\/\/ntpark.me\/wp-content\/uploads\/2021\/04\/BM-Hackhaton-1-768x1086.png 768w, https:\/\/ntpark.me\/wp-content\/uploads\/2021\/04\/BM-Hackhaton-1-1086x1536.png 1086w, https:\/\/ntpark.me\/wp-content\/uploads\/2021\/04\/BM-Hackhaton-1-600x849.png 600w\" sizes=\"(max-width: 1131px) 100vw, 1131px\" \/><\/a>\r\n                                    <\/div>\r\n                                    <div class=\"lower-content\">\r\n                                        <ul class=\"post-meta\">\r\n                                            <li><span class=\"icon fal fa-user-alt\"><\/span>bildwpntpark<\/li>\r\n                                            <li><span class=\"icon fal fa-calendar-alt\"><\/span>Apr 26, 2021<\/li>\r\n                                        <\/ul>\r\n                                        <h5><a href=\"https:\/\/ntpark.me\/en\/news\/prijave-za-bluemed-hackathon-u-toku\/\">Registrations for the BlueMed Hackathon are now open<\/a><\/h5>\r\n                                    <\/div>\r\n                                <\/div>\r\n                            <\/div>\r\n                        \r\n                            <!-- News Block Ten -->\r\n                            <div class=\"news-block-ten col-lg-4 col-md-6 col-sm-12\">\r\n                                <div class=\"inner-box wow fadeInRight\" data-wow-delay=\"0ms\" data-wow-duration=\"1500ms\">\r\n                                    <div class=\"image\">\r\n                                        <a href=\"https:\/\/ntpark.me\/en\/news\/odrzana-online-radionica-na-temu-znacaja-plave-biotehnoloske-zajednice\/\"><img loading=\"lazy\" decoding=\"async\" width=\"1280\" height=\"720\" src=\"https:\/\/ntpark.me\/wp-content\/uploads\/2021\/04\/BBlue-Awareness-Day-22042021.png\" class=\"attachment-full size-full\" alt=\"\" srcset=\"https:\/\/ntpark.me\/wp-content\/uploads\/2021\/04\/BBlue-Awareness-Day-22042021.png 1280w, https:\/\/ntpark.me\/wp-content\/uploads\/2021\/04\/BBlue-Awareness-Day-22042021-300x169.png 300w, https:\/\/ntpark.me\/wp-content\/uploads\/2021\/04\/BBlue-Awareness-Day-22042021-1024x576.png 1024w, https:\/\/ntpark.me\/wp-content\/uploads\/2021\/04\/BBlue-Awareness-Day-22042021-768x432.png 768w, https:\/\/ntpark.me\/wp-content\/uploads\/2021\/04\/BBlue-Awareness-Day-22042021-600x338.png 600w\" sizes=\"(max-width: 1280px) 100vw, 1280px\" \/><\/a>\r\n                                    <\/div>\r\n                                    <div class=\"lower-content\">\r\n                                        <ul class=\"post-meta\">\r\n                                            <li><span class=\"icon fal fa-user-alt\"><\/span>bildwpntpark<\/li>\r\n                                            <li><span class=\"icon fal fa-calendar-alt\"><\/span>Apr 26, 2021<\/li>\r\n                                        <\/ul>\r\n                                        <h5><a href=\"https:\/\/ntpark.me\/en\/news\/odrzana-online-radionica-na-temu-znacaja-plave-biotehnoloske-zajednice\/\">An online workshop was held on the topic of the importance of the blue biotechnology community<\/a><\/h5>\r\n                                    <\/div>\r\n                                <\/div>\r\n                            <\/div>\r\n                        \r\n                            <!-- News Block Ten -->\r\n                            <div class=\"news-block-ten col-lg-4 col-md-6 col-sm-12\">\r\n                                <div class=\"inner-box wow fadeInRight\" data-wow-delay=\"0ms\" data-wow-duration=\"1500ms\">\r\n                                    <div class=\"image\">\r\n                                        <a href=\"https:\/\/ntpark.me\/en\/news\/glavni-grad-uskoro-raspisuje-javni-konkurs-besplatna-izrada-100-web-sajtova-za-sve-zainteresovane-privrednike-u-podgorici\/\"><img loading=\"lazy\" decoding=\"async\" width=\"1024\" height=\"768\" src=\"https:\/\/ntpark.me\/wp-content\/uploads\/2021\/04\/unnamed.jpg\" class=\"attachment-full size-full\" alt=\"\" srcset=\"https:\/\/ntpark.me\/wp-content\/uploads\/2021\/04\/unnamed.jpg 1024w, https:\/\/ntpark.me\/wp-content\/uploads\/2021\/04\/unnamed-300x225.jpg 300w, https:\/\/ntpark.me\/wp-content\/uploads\/2021\/04\/unnamed-768x576.jpg 768w, https:\/\/ntpark.me\/wp-content\/uploads\/2021\/04\/unnamed-600x450.jpg 600w\" sizes=\"(max-width: 1024px) 100vw, 1024px\" \/><\/a>\r\n                                    <\/div>\r\n                                    <div class=\"lower-content\">\r\n                                        <ul class=\"post-meta\">\r\n                                            <li><span class=\"icon fal fa-user-alt\"><\/span>bildwpntpark<\/li>\r\n                                            <li><span class=\"icon fal fa-calendar-alt\"><\/span>Apr 22, 2021<\/li>\r\n                                        <\/ul>\r\n                                        <h5><a href=\"https:\/\/ntpark.me\/en\/news\/glavni-grad-uskoro-raspisuje-javni-konkurs-besplatna-izrada-100-web-sajtova-za-sve-zainteresovane-privrednike-u-podgorici\/\">The capital city will soon announce a public call: Free creation of 100 websites for all interested entrepreneurs in Podgorica<\/a><\/h5>\r\n                                    <\/div>\r\n                                <\/div>\r\n                            <\/div>\r\n                        \r\n                            <!-- News Block Ten -->\r\n                            <div class=\"news-block-ten col-lg-4 col-md-6 col-sm-12\">\r\n                                <div class=\"inner-box wow fadeInRight\" data-wow-delay=\"0ms\" data-wow-duration=\"1500ms\">\r\n                                    <div class=\"image\">\r\n                                        <a href=\"https:\/\/ntpark.me\/en\/news\/odrzana-online-diskusija-povodom-svjetskog-dana-kreativnosti-i-inovacija\/\"><img loading=\"lazy\" decoding=\"async\" width=\"1600\" height=\"900\" src=\"https:\/\/ntpark.me\/wp-content\/uploads\/2021\/04\/Unleashing-Youth-Potential-and-New-Way-of-Thinking-backgrond.jpg\" class=\"attachment-full size-full\" alt=\"\" srcset=\"https:\/\/ntpark.me\/wp-content\/uploads\/2021\/04\/Unleashing-Youth-Potential-and-New-Way-of-Thinking-backgrond.jpg 1600w, https:\/\/ntpark.me\/wp-content\/uploads\/2021\/04\/Unleashing-Youth-Potential-and-New-Way-of-Thinking-backgrond-300x169.jpg 300w, https:\/\/ntpark.me\/wp-content\/uploads\/2021\/04\/Unleashing-Youth-Potential-and-New-Way-of-Thinking-backgrond-1024x576.jpg 1024w, https:\/\/ntpark.me\/wp-content\/uploads\/2021\/04\/Unleashing-Youth-Potential-and-New-Way-of-Thinking-backgrond-768x432.jpg 768w, https:\/\/ntpark.me\/wp-content\/uploads\/2021\/04\/Unleashing-Youth-Potential-and-New-Way-of-Thinking-backgrond-1536x864.jpg 1536w, https:\/\/ntpark.me\/wp-content\/uploads\/2021\/04\/Unleashing-Youth-Potential-and-New-Way-of-Thinking-backgrond-600x338.jpg 600w\" sizes=\"(max-width: 1600px) 100vw, 1600px\" \/><\/a>\r\n                                    <\/div>\r\n                                    <div class=\"lower-content\">\r\n                                        <ul class=\"post-meta\">\r\n                                            <li><span class=\"icon fal fa-user-alt\"><\/span>bildwpntpark<\/li>\r\n                                            <li><span class=\"icon fal fa-calendar-alt\"><\/span>Apr 21, 2021<\/li>\r\n                                        <\/ul>\r\n                                        <h5><a href=\"https:\/\/ntpark.me\/en\/news\/odrzana-online-diskusija-povodom-svjetskog-dana-kreativnosti-i-inovacija\/\">An online discussion was held on the occasion of the World creativity and innovation Day<\/a><\/h5>\r\n                                    <\/div>\r\n                                <\/div>\r\n                            <\/div>\r\n                        \r\n                            <!-- News Block Ten -->\r\n                            <div class=\"news-block-ten col-lg-4 col-md-6 col-sm-12\">\r\n                                <div class=\"inner-box wow fadeInRight\" data-wow-delay=\"0ms\" data-wow-duration=\"1500ms\">\r\n                                    <div class=\"image\">\r\n                                        <a href=\"https:\/\/ntpark.me\/en\/news\/besplatni-online-panel-medunarodni-dan-djevojcica-u-ict-u\/\"><img loading=\"lazy\" decoding=\"async\" width=\"1536\" height=\"1086\" src=\"https:\/\/ntpark.me\/wp-content\/uploads\/2021\/04\/ICT2-Artboard-1-1536x1086-1.jpg\" class=\"attachment-full size-full\" alt=\"\" srcset=\"https:\/\/ntpark.me\/wp-content\/uploads\/2021\/04\/ICT2-Artboard-1-1536x1086-1.jpg 1536w, https:\/\/ntpark.me\/wp-content\/uploads\/2021\/04\/ICT2-Artboard-1-1536x1086-1-300x212.jpg 300w, https:\/\/ntpark.me\/wp-content\/uploads\/2021\/04\/ICT2-Artboard-1-1536x1086-1-1024x724.jpg 1024w, https:\/\/ntpark.me\/wp-content\/uploads\/2021\/04\/ICT2-Artboard-1-1536x1086-1-768x543.jpg 768w, https:\/\/ntpark.me\/wp-content\/uploads\/2021\/04\/ICT2-Artboard-1-1536x1086-1-600x424.jpg 600w\" sizes=\"(max-width: 1536px) 100vw, 1536px\" \/><\/a>\r\n                                    <\/div>\r\n                                    <div class=\"lower-content\">\r\n                                        <ul class=\"post-meta\">\r\n                                            <li><span class=\"icon fal fa-user-alt\"><\/span>bildwpntpark<\/li>\r\n                                            <li><span class=\"icon fal fa-calendar-alt\"><\/span>Apr 20, 2021<\/li>\r\n                                        <\/ul>\r\n                                        <h5><a href=\"https:\/\/ntpark.me\/en\/news\/besplatni-online-panel-medunarodni-dan-djevojcica-u-ict-u\/\">Free online panel \u2013 &#8220;International girls in ICT day&#8221;<\/a><\/h5>\r\n                                    <\/div>\r\n                                <\/div>\r\n                            <\/div>\r\n                        \r\n                            <!-- News Block Ten -->\r\n                            <div class=\"news-block-ten col-lg-4 col-md-6 col-sm-12\">\r\n                                <div class=\"inner-box wow fadeInRight\" data-wow-delay=\"0ms\" data-wow-duration=\"1500ms\">\r\n                                    <div class=\"image\">\r\n                                        <a href=\"https:\/\/ntpark.me\/en\/news\/ict-cortex-analizirao-rezultate-poslovanja-30-najuspjesnijih-it-kompanija-u-crnoj-gori\/\"><img loading=\"lazy\" decoding=\"async\" width=\"1600\" height=\"900\" src=\"https:\/\/ntpark.me\/wp-content\/uploads\/2021\/04\/chart-1.jpg\" class=\"attachment-full size-full\" alt=\"\" srcset=\"https:\/\/ntpark.me\/wp-content\/uploads\/2021\/04\/chart-1.jpg 1600w, https:\/\/ntpark.me\/wp-content\/uploads\/2021\/04\/chart-1-300x169.jpg 300w, https:\/\/ntpark.me\/wp-content\/uploads\/2021\/04\/chart-1-1024x576.jpg 1024w, https:\/\/ntpark.me\/wp-content\/uploads\/2021\/04\/chart-1-768x432.jpg 768w, https:\/\/ntpark.me\/wp-content\/uploads\/2021\/04\/chart-1-1536x864.jpg 1536w, https:\/\/ntpark.me\/wp-content\/uploads\/2021\/04\/chart-1-600x338.jpg 600w\" sizes=\"(max-width: 1600px) 100vw, 1600px\" \/><\/a>\r\n                                    <\/div>\r\n                                    <div class=\"lower-content\">\r\n                                        <ul class=\"post-meta\">\r\n                                            <li><span class=\"icon fal fa-user-alt\"><\/span>bildwpntpark<\/li>\r\n                                            <li><span class=\"icon fal fa-calendar-alt\"><\/span>Apr 20, 2021<\/li>\r\n                                        <\/ul>\r\n                                        <h5><a href=\"https:\/\/ntpark.me\/en\/news\/ict-cortex-analizirao-rezultate-poslovanja-30-najuspjesnijih-it-kompanija-u-crnoj-gori\/\">ICT Cortex analyzes business performance of the 30 most successful IT companies in Montenegro<\/a><\/h5>\r\n                                    <\/div>\r\n                                <\/div>\r\n                            <\/div>\r\n                        \r\n                            <!-- News Block Ten -->\r\n                            <div class=\"news-block-ten col-lg-4 col-md-6 col-sm-12\">\r\n                                <div class=\"inner-box wow fadeInRight\" data-wow-delay=\"0ms\" data-wow-duration=\"1500ms\">\r\n                                    <div class=\"image\">\r\n                                        <a href=\"https:\/\/ntpark.me\/en\/news\/uskoro-dogadaj-koji-slavi-inzenjerstvo-u-crnoj-gori\/\"><img loading=\"lazy\" decoding=\"async\" width=\"1080\" height=\"1065\" src=\"https:\/\/ntpark.me\/wp-content\/uploads\/2021\/04\/viber_slika_2021-04-19_10-34-23.jpg\" class=\"attachment-full size-full\" alt=\"\" srcset=\"https:\/\/ntpark.me\/wp-content\/uploads\/2021\/04\/viber_slika_2021-04-19_10-34-23.jpg 1080w, https:\/\/ntpark.me\/wp-content\/uploads\/2021\/04\/viber_slika_2021-04-19_10-34-23-300x296.jpg 300w, https:\/\/ntpark.me\/wp-content\/uploads\/2021\/04\/viber_slika_2021-04-19_10-34-23-1024x1010.jpg 1024w, https:\/\/ntpark.me\/wp-content\/uploads\/2021\/04\/viber_slika_2021-04-19_10-34-23-768x757.jpg 768w, https:\/\/ntpark.me\/wp-content\/uploads\/2021\/04\/viber_slika_2021-04-19_10-34-23-74x73.jpg 74w, https:\/\/ntpark.me\/wp-content\/uploads\/2021\/04\/viber_slika_2021-04-19_10-34-23-600x592.jpg 600w\" sizes=\"(max-width: 1080px) 100vw, 1080px\" \/><\/a>\r\n                                    <\/div>\r\n                                    <div class=\"lower-content\">\r\n                                        <ul class=\"post-meta\">\r\n                                            <li><span class=\"icon fal fa-user-alt\"><\/span>bildwpntpark<\/li>\r\n                                            <li><span class=\"icon fal fa-calendar-alt\"><\/span>Apr 19, 2021<\/li>\r\n                                        <\/ul>\r\n                                        <h5><a href=\"https:\/\/ntpark.me\/en\/news\/uskoro-dogadaj-koji-slavi-inzenjerstvo-u-crnoj-gori\/\">Soon, an event that celebrates engineering in Montenegro<\/a><\/h5>\r\n                                    <\/div>\r\n                                <\/div>\r\n                            <\/div>\r\n                        \r\n                            <!-- News Block Ten -->\r\n                            <div class=\"news-block-ten col-lg-4 col-md-6 col-sm-12\">\r\n                                <div class=\"inner-box wow fadeInRight\" data-wow-delay=\"0ms\" data-wow-duration=\"1500ms\">\r\n                                    <div class=\"image\">\r\n                                        <a href=\"https:\/\/ntpark.me\/en\/news\/evropska-komisija-objavila-prve-pozive-evropskog-savjeta-za-inovacije-u-iznosu-od-milijardu-eura\/\"><img loading=\"lazy\" decoding=\"async\" width=\"1080\" height=\"593\" src=\"https:\/\/ntpark.me\/wp-content\/uploads\/2021\/04\/viber_slika_2021-04-16_14-37-44.jpg\" class=\"attachment-full size-full\" alt=\"\" srcset=\"https:\/\/ntpark.me\/wp-content\/uploads\/2021\/04\/viber_slika_2021-04-16_14-37-44.jpg 1080w, https:\/\/ntpark.me\/wp-content\/uploads\/2021\/04\/viber_slika_2021-04-16_14-37-44-300x165.jpg 300w, https:\/\/ntpark.me\/wp-content\/uploads\/2021\/04\/viber_slika_2021-04-16_14-37-44-1024x562.jpg 1024w, https:\/\/ntpark.me\/wp-content\/uploads\/2021\/04\/viber_slika_2021-04-16_14-37-44-768x422.jpg 768w, https:\/\/ntpark.me\/wp-content\/uploads\/2021\/04\/viber_slika_2021-04-16_14-37-44-600x329.jpg 600w\" sizes=\"(max-width: 1080px) 100vw, 1080px\" \/><\/a>\r\n                                    <\/div>\r\n                                    <div class=\"lower-content\">\r\n                                        <ul class=\"post-meta\">\r\n                                            <li><span class=\"icon fal fa-user-alt\"><\/span>bildwpntpark<\/li>\r\n                                            <li><span class=\"icon fal fa-calendar-alt\"><\/span>Apr 16, 2021<\/li>\r\n                                        <\/ul>\r\n                                        <h5><a href=\"https:\/\/ntpark.me\/en\/news\/evropska-komisija-objavila-prve-pozive-evropskog-savjeta-za-inovacije-u-iznosu-od-milijardu-eura\/\">European commission announces First calls for the European innovation council worth \u20ac1 Billion<\/a><\/h5>\r\n                                    <\/div>\r\n                                <\/div>\r\n                            <\/div>\r\n                        \r\n                            <!-- News Block Ten -->\r\n                            <div class=\"news-block-ten col-lg-4 col-md-6 col-sm-12\">\r\n                                <div class=\"inner-box wow fadeInRight\" data-wow-delay=\"0ms\" data-wow-duration=\"1500ms\">\r\n                                    <div class=\"image\">\r\n                                        <a href=\"https:\/\/ntpark.me\/en\/news\/radionica-na-temu-horizon-europe-2021-2027\/\"><img loading=\"lazy\" decoding=\"async\" width=\"1100\" height=\"733\" src=\"https:\/\/ntpark.me\/wp-content\/uploads\/2021\/04\/Horizon_Europe-1100x733-1.png\" class=\"attachment-full size-full\" alt=\"\" srcset=\"https:\/\/ntpark.me\/wp-content\/uploads\/2021\/04\/Horizon_Europe-1100x733-1.png 1100w, https:\/\/ntpark.me\/wp-content\/uploads\/2021\/04\/Horizon_Europe-1100x733-1-300x200.png 300w, https:\/\/ntpark.me\/wp-content\/uploads\/2021\/04\/Horizon_Europe-1100x733-1-1024x682.png 1024w, https:\/\/ntpark.me\/wp-content\/uploads\/2021\/04\/Horizon_Europe-1100x733-1-768x512.png 768w, https:\/\/ntpark.me\/wp-content\/uploads\/2021\/04\/Horizon_Europe-1100x733-1-600x400.png 600w, https:\/\/ntpark.me\/wp-content\/uploads\/2021\/04\/Horizon_Europe-1100x733-1-200x132.png 200w\" sizes=\"(max-width: 1100px) 100vw, 1100px\" \/><\/a>\r\n                                    <\/div>\r\n                                    <div class=\"lower-content\">\r\n                                        <ul class=\"post-meta\">\r\n                                            <li><span class=\"icon fal fa-user-alt\"><\/span>bildwpntpark<\/li>\r\n                                            <li><span class=\"icon fal fa-calendar-alt\"><\/span>Apr 15, 2021<\/li>\r\n                                        <\/ul>\r\n                                        <h5><a href=\"https:\/\/ntpark.me\/en\/news\/radionica-na-temu-horizon-europe-2021-2027\/\">Workshop on Horizon Europe 2021-2027<\/a><\/h5>\r\n                                    <\/div>\r\n                                <\/div>\r\n                            <\/div>\r\n                        \r\n                            <!-- News Block Ten -->\r\n                            <div class=\"news-block-ten col-lg-4 col-md-6 col-sm-12\">\r\n                                <div class=\"inner-box wow fadeInRight\" data-wow-delay=\"0ms\" data-wow-duration=\"1500ms\">\r\n                                    <div class=\"image\">\r\n                                        <a href=\"https:\/\/ntpark.me\/en\/news\/evropski-projekat-policy-answers-zvanicno-poceo-danas\/\"><img loading=\"lazy\" decoding=\"async\" width=\"1600\" height=\"900\" src=\"https:\/\/ntpark.me\/wp-content\/uploads\/2022\/04\/PA_news_launch-1.png\" class=\"attachment-full size-full\" alt=\"\" srcset=\"https:\/\/ntpark.me\/wp-content\/uploads\/2022\/04\/PA_news_launch-1.png 1600w, https:\/\/ntpark.me\/wp-content\/uploads\/2022\/04\/PA_news_launch-1-300x169.png 300w, https:\/\/ntpark.me\/wp-content\/uploads\/2022\/04\/PA_news_launch-1-1024x576.png 1024w, https:\/\/ntpark.me\/wp-content\/uploads\/2022\/04\/PA_news_launch-1-768x432.png 768w, https:\/\/ntpark.me\/wp-content\/uploads\/2022\/04\/PA_news_launch-1-1536x864.png 1536w, https:\/\/ntpark.me\/wp-content\/uploads\/2022\/04\/PA_news_launch-1-600x338.png 600w\" sizes=\"(max-width: 1600px) 100vw, 1600px\" \/><\/a>\r\n                                    <\/div>\r\n                                    <div class=\"lower-content\">\r\n                                        <ul class=\"post-meta\">\r\n                                            <li><span class=\"icon fal fa-user-alt\"><\/span>bildwpntpark<\/li>\r\n                                            <li><span class=\"icon fal fa-calendar-alt\"><\/span>Apr 14, 2021<\/li>\r\n                                        <\/ul>\r\n                                        <h5><a href=\"https:\/\/ntpark.me\/en\/news\/evropski-projekat-policy-answers-zvanicno-poceo-danas\/\">The European project Policy Answers officially started today<\/a><\/h5>\r\n                                    <\/div>\r\n                                <\/div>\r\n                            <\/div>\r\n                        \r\n                            <!-- News Block Ten -->\r\n                            <div class=\"news-block-ten col-lg-4 col-md-6 col-sm-12\">\r\n                                <div class=\"inner-box wow fadeInRight\" data-wow-delay=\"0ms\" data-wow-duration=\"1500ms\">\r\n                                    <div class=\"image\">\r\n                                        <a href=\"https:\/\/ntpark.me\/en\/news\/samit-eu-startapova-odrzace-se-28-aprila\/\"><img loading=\"lazy\" decoding=\"async\" width=\"969\" height=\"577\" src=\"https:\/\/ntpark.me\/wp-content\/uploads\/2021\/04\/EU-Startups-Summit-Event-Page.png\" class=\"attachment-full size-full\" alt=\"\" srcset=\"https:\/\/ntpark.me\/wp-content\/uploads\/2021\/04\/EU-Startups-Summit-Event-Page.png 969w, https:\/\/ntpark.me\/wp-content\/uploads\/2021\/04\/EU-Startups-Summit-Event-Page-300x179.png 300w, https:\/\/ntpark.me\/wp-content\/uploads\/2021\/04\/EU-Startups-Summit-Event-Page-768x457.png 768w, https:\/\/ntpark.me\/wp-content\/uploads\/2021\/04\/EU-Startups-Summit-Event-Page-600x357.png 600w\" sizes=\"(max-width: 969px) 100vw, 969px\" \/><\/a>\r\n                                    <\/div>\r\n                                    <div class=\"lower-content\">\r\n                                        <ul class=\"post-meta\">\r\n                                            <li><span class=\"icon fal fa-user-alt\"><\/span>bildwpntpark<\/li>\r\n                                            <li><span class=\"icon fal fa-calendar-alt\"><\/span>Apr 07, 2021<\/li>\r\n                                        <\/ul>\r\n                                        <h5><a href=\"https:\/\/ntpark.me\/en\/news\/samit-eu-startapova-odrzace-se-28-aprila\/\">The EU Startup summit will take place on april 28<\/a><\/h5>\r\n                                    <\/div>\r\n                                <\/div>\r\n                            <\/div>\r\n                        \r\n                            <!-- News Block Ten -->\r\n                            <div class=\"news-block-ten col-lg-4 col-md-6 col-sm-12\">\r\n                                <div class=\"inner-box wow fadeInRight\" data-wow-delay=\"0ms\" data-wow-duration=\"1500ms\">\r\n                                    <div class=\"image\">\r\n                                        <a href=\"https:\/\/ntpark.me\/en\/news\/imam-ideju-za-biznis-sta-sad\/\"><img loading=\"lazy\" decoding=\"async\" width=\"940\" height=\"788\" src=\"https:\/\/ntpark.me\/wp-content\/uploads\/2021\/04\/Blue-and-Purple-Casual-Corporate-App-Development-Startup-Facebook-Post-1.png\" class=\"attachment-full size-full\" alt=\"\" srcset=\"https:\/\/ntpark.me\/wp-content\/uploads\/2021\/04\/Blue-and-Purple-Casual-Corporate-App-Development-Startup-Facebook-Post-1.png 940w, https:\/\/ntpark.me\/wp-content\/uploads\/2021\/04\/Blue-and-Purple-Casual-Corporate-App-Development-Startup-Facebook-Post-1-300x251.png 300w, https:\/\/ntpark.me\/wp-content\/uploads\/2021\/04\/Blue-and-Purple-Casual-Corporate-App-Development-Startup-Facebook-Post-1-768x644.png 768w, https:\/\/ntpark.me\/wp-content\/uploads\/2021\/04\/Blue-and-Purple-Casual-Corporate-App-Development-Startup-Facebook-Post-1-60x51.png 60w, https:\/\/ntpark.me\/wp-content\/uploads\/2021\/04\/Blue-and-Purple-Casual-Corporate-App-Development-Startup-Facebook-Post-1-600x503.png 600w\" sizes=\"(max-width: 940px) 100vw, 940px\" \/><\/a>\r\n                                    <\/div>\r\n                                    <div class=\"lower-content\">\r\n                                        <ul class=\"post-meta\">\r\n                                            <li><span class=\"icon fal fa-user-alt\"><\/span>bildwpntpark<\/li>\r\n                                            <li><span class=\"icon fal fa-calendar-alt\"><\/span>Apr 05, 2021<\/li>\r\n                                        <\/ul>\r\n                                        <h5><a href=\"https:\/\/ntpark.me\/en\/news\/imam-ideju-za-biznis-sta-sad\/\">I have a business idea, what now?<\/a><\/h5>\r\n                                    <\/div>\r\n                                <\/div>\r\n                            <\/div>\r\n                        \r\n                            <!-- News Block Ten -->\r\n                            <div class=\"news-block-ten col-lg-4 col-md-6 col-sm-12\">\r\n                                <div class=\"inner-box wow fadeInRight\" data-wow-delay=\"0ms\" data-wow-duration=\"1500ms\">\r\n                                    <div class=\"image\">\r\n                                        <a href=\"https:\/\/ntpark.me\/en\/news\/otvorene-prijave-za-eit-jumpstarter-radionicu\/\"><img loading=\"lazy\" decoding=\"async\" width=\"1024\" height=\"576\" src=\"https:\/\/ntpark.me\/wp-content\/uploads\/2021\/04\/nn.jpg\" class=\"attachment-full size-full\" alt=\"\" srcset=\"https:\/\/ntpark.me\/wp-content\/uploads\/2021\/04\/nn.jpg 1024w, https:\/\/ntpark.me\/wp-content\/uploads\/2021\/04\/nn-300x169.jpg 300w, https:\/\/ntpark.me\/wp-content\/uploads\/2021\/04\/nn-768x432.jpg 768w, https:\/\/ntpark.me\/wp-content\/uploads\/2021\/04\/nn-600x338.jpg 600w\" sizes=\"(max-width: 1024px) 100vw, 1024px\" \/><\/a>\r\n                                    <\/div>\r\n                                    <div class=\"lower-content\">\r\n                                        <ul class=\"post-meta\">\r\n                                            <li><span class=\"icon fal fa-user-alt\"><\/span>bildwpntpark<\/li>\r\n                                            <li><span class=\"icon fal fa-calendar-alt\"><\/span>Apr 01, 2021<\/li>\r\n                                        <\/ul>\r\n                                        <h5><a href=\"https:\/\/ntpark.me\/en\/news\/otvorene-prijave-za-eit-jumpstarter-radionicu\/\">Applications are now open for the EIT Jumpstarter workshop<\/a><\/h5>\r\n                                    <\/div>\r\n                                <\/div>\r\n                            <\/div>\r\n                        \r\n                            <!-- News Block Ten -->\r\n                            <div class=\"news-block-ten col-lg-4 col-md-6 col-sm-12\">\r\n                                <div class=\"inner-box wow fadeInRight\" data-wow-delay=\"0ms\" data-wow-duration=\"1500ms\">\r\n                                    <div class=\"image\">\r\n                                        <a href=\"https:\/\/ntpark.me\/en\/news\/colosseum-sports-tech-serbia-score-day-danas-u-16h-preko-zoom-a\/\"><img loading=\"lazy\" decoding=\"async\" width=\"1280\" height=\"1280\" src=\"https:\/\/ntpark.me\/wp-content\/uploads\/2021\/02\/40a19c60-293a-4377-9ff9-4356b737e971.jpg\" class=\"attachment-full size-full\" alt=\"\" srcset=\"https:\/\/ntpark.me\/wp-content\/uploads\/2021\/02\/40a19c60-293a-4377-9ff9-4356b737e971.jpg 1280w, https:\/\/ntpark.me\/wp-content\/uploads\/2021\/02\/40a19c60-293a-4377-9ff9-4356b737e971-300x300.jpg 300w, https:\/\/ntpark.me\/wp-content\/uploads\/2021\/02\/40a19c60-293a-4377-9ff9-4356b737e971-1024x1024.jpg 1024w, https:\/\/ntpark.me\/wp-content\/uploads\/2021\/02\/40a19c60-293a-4377-9ff9-4356b737e971-150x150.jpg 150w, https:\/\/ntpark.me\/wp-content\/uploads\/2021\/02\/40a19c60-293a-4377-9ff9-4356b737e971-768x768.jpg 768w, https:\/\/ntpark.me\/wp-content\/uploads\/2021\/02\/40a19c60-293a-4377-9ff9-4356b737e971-600x600.jpg 600w, https:\/\/ntpark.me\/wp-content\/uploads\/2021\/02\/40a19c60-293a-4377-9ff9-4356b737e971-74x73.jpg 74w\" sizes=\"(max-width: 1280px) 100vw, 1280px\" \/><\/a>\r\n                                    <\/div>\r\n                                    <div class=\"lower-content\">\r\n                                        <ul class=\"post-meta\">\r\n                                            <li><span class=\"icon fal fa-user-alt\"><\/span>bildwpntpark<\/li>\r\n                                            <li><span class=\"icon fal fa-calendar-alt\"><\/span>Feb 18, 2021<\/li>\r\n                                        <\/ul>\r\n                                        <h5><a href=\"https:\/\/ntpark.me\/en\/news\/colosseum-sports-tech-serbia-score-day-danas-u-16h-preko-zoom-a\/\">Colosseum Sports Tech Serbia Score Day will take place today at 16:00 via Zoom<\/a><\/h5>\r\n                                    <\/div>\r\n                                <\/div>\r\n                            <\/div>\r\n                        \r\n                            <!-- News Block Ten -->\r\n                            <div class=\"news-block-ten col-lg-4 col-md-6 col-sm-12\">\r\n                                <div class=\"inner-box wow fadeInRight\" data-wow-delay=\"0ms\" data-wow-duration=\"1500ms\">\r\n                                    <div class=\"image\">\r\n                                        <a href=\"https:\/\/ntpark.me\/en\/news\/takmicenje-studenata-u-unapredenju-javnih-politika\/\"><img loading=\"lazy\" decoding=\"async\" width=\"950\" height=\"534\" src=\"https:\/\/ntpark.me\/wp-content\/uploads\/2021\/01\/covid-19_students_policy_challenge_image.jpg\" class=\"attachment-full size-full\" alt=\"\" srcset=\"https:\/\/ntpark.me\/wp-content\/uploads\/2021\/01\/covid-19_students_policy_challenge_image.jpg 950w, https:\/\/ntpark.me\/wp-content\/uploads\/2021\/01\/covid-19_students_policy_challenge_image-300x169.jpg 300w, https:\/\/ntpark.me\/wp-content\/uploads\/2021\/01\/covid-19_students_policy_challenge_image-768x432.jpg 768w, https:\/\/ntpark.me\/wp-content\/uploads\/2021\/01\/covid-19_students_policy_challenge_image-600x337.jpg 600w\" sizes=\"(max-width: 950px) 100vw, 950px\" \/><\/a>\r\n                                    <\/div>\r\n                                    <div class=\"lower-content\">\r\n                                        <ul class=\"post-meta\">\r\n                                            <li><span class=\"icon fal fa-user-alt\"><\/span>bildwpntpark<\/li>\r\n                                            <li><span class=\"icon fal fa-calendar-alt\"><\/span>Jan 28, 2021<\/li>\r\n                                        <\/ul>\r\n                                        <h5><a href=\"https:\/\/ntpark.me\/en\/news\/takmicenje-studenata-u-unapredenju-javnih-politika\/\">Student competition in public policy improvement<\/a><\/h5>\r\n                                    <\/div>\r\n                                <\/div>\r\n                            <\/div>\r\n                        \r\n                            <!-- News Block Ten -->\r\n                            <div class=\"news-block-ten col-lg-4 col-md-6 col-sm-12\">\r\n                                <div class=\"inner-box wow fadeInRight\" data-wow-delay=\"0ms\" data-wow-duration=\"1500ms\">\r\n                                    <div class=\"image\">\r\n                                        <a href=\"https:\/\/ntpark.me\/en\/news\/eon-xr-global-event\/\"><img loading=\"lazy\" decoding=\"async\" width=\"1536\" height=\"864\" src=\"https:\/\/ntpark.me\/wp-content\/uploads\/2021\/01\/EON-naslovna.jpg\" class=\"attachment-full size-full\" alt=\"\" srcset=\"https:\/\/ntpark.me\/wp-content\/uploads\/2021\/01\/EON-naslovna.jpg 1536w, https:\/\/ntpark.me\/wp-content\/uploads\/2021\/01\/EON-naslovna-300x169.jpg 300w, https:\/\/ntpark.me\/wp-content\/uploads\/2021\/01\/EON-naslovna-1024x576.jpg 1024w, https:\/\/ntpark.me\/wp-content\/uploads\/2021\/01\/EON-naslovna-768x432.jpg 768w, https:\/\/ntpark.me\/wp-content\/uploads\/2021\/01\/EON-naslovna-600x338.jpg 600w\" sizes=\"(max-width: 1536px) 100vw, 1536px\" \/><\/a>\r\n                                    <\/div>\r\n                                    <div class=\"lower-content\">\r\n                                        <ul class=\"post-meta\">\r\n                                            <li><span class=\"icon fal fa-user-alt\"><\/span>bildwpntpark<\/li>\r\n                                            <li><span class=\"icon fal fa-calendar-alt\"><\/span>Jan 26, 2021<\/li>\r\n                                        <\/ul>\r\n                                        <h5><a href=\"https:\/\/ntpark.me\/en\/news\/eon-xr-global-event\/\">EON-XR Global Event<\/a><\/h5>\r\n                                    <\/div>\r\n                                <\/div>\r\n                            <\/div>\r\n                        \r\n                            <!-- News Block Ten -->\r\n                            <div class=\"news-block-ten col-lg-4 col-md-6 col-sm-12\">\r\n                                <div class=\"inner-box wow fadeInRight\" data-wow-delay=\"0ms\" data-wow-duration=\"1500ms\">\r\n                                    <div class=\"image\">\r\n                                        <a href=\"https:\/\/ntpark.me\/en\/news\/izvrsni-projekti-crnogorskih-naucnika-dobijaju-valorizaciju-kroz-cost-program\/\"><img loading=\"lazy\" decoding=\"async\" width=\"2560\" height=\"1707\" src=\"https:\/\/ntpark.me\/wp-content\/uploads\/2021\/01\/9W0A9724-1-scaled-1.jpg\" class=\"attachment-full size-full\" alt=\"\" srcset=\"https:\/\/ntpark.me\/wp-content\/uploads\/2021\/01\/9W0A9724-1-scaled-1.jpg 2560w, https:\/\/ntpark.me\/wp-content\/uploads\/2021\/01\/9W0A9724-1-scaled-1-300x200.jpg 300w, https:\/\/ntpark.me\/wp-content\/uploads\/2021\/01\/9W0A9724-1-scaled-1-1024x683.jpg 1024w, https:\/\/ntpark.me\/wp-content\/uploads\/2021\/01\/9W0A9724-1-scaled-1-768x512.jpg 768w, https:\/\/ntpark.me\/wp-content\/uploads\/2021\/01\/9W0A9724-1-scaled-1-1536x1024.jpg 1536w, https:\/\/ntpark.me\/wp-content\/uploads\/2021\/01\/9W0A9724-1-scaled-1-2048x1366.jpg 2048w, https:\/\/ntpark.me\/wp-content\/uploads\/2021\/01\/9W0A9724-1-scaled-1-600x400.jpg 600w, https:\/\/ntpark.me\/wp-content\/uploads\/2021\/01\/9W0A9724-1-scaled-1-200x132.jpg 200w\" sizes=\"(max-width: 2560px) 100vw, 2560px\" \/><\/a>\r\n                                    <\/div>\r\n                                    <div class=\"lower-content\">\r\n                                        <ul class=\"post-meta\">\r\n                                            <li><span class=\"icon fal fa-user-alt\"><\/span>bildwpntpark<\/li>\r\n                                            <li><span class=\"icon fal fa-calendar-alt\"><\/span>Jan 14, 2021<\/li>\r\n                                        <\/ul>\r\n                                        <h5><a href=\"https:\/\/ntpark.me\/en\/news\/izvrsni-projekti-crnogorskih-naucnika-dobijaju-valorizaciju-kroz-cost-program\/\">Outstanding Projects by Montenegrin Scientists Gain Recognition Through the COST Program<\/a><\/h5>\r\n                                    <\/div>\r\n                                <\/div>\r\n                            <\/div>\r\n                        \r\n                            <!-- News Block Ten -->\r\n                            <div class=\"news-block-ten col-lg-4 col-md-6 col-sm-12\">\r\n                                <div class=\"inner-box wow fadeInRight\" data-wow-delay=\"0ms\" data-wow-duration=\"1500ms\">\r\n                                    <div class=\"image\">\r\n                                        <a href=\"https:\/\/ntpark.me\/en\/news\/eu4tech-poc-poziv\/\"><img loading=\"lazy\" decoding=\"async\" width=\"1295\" height=\"624\" src=\"https:\/\/ntpark.me\/wp-content\/uploads\/2021\/01\/zoombanner-kickoff-eu4techpoc-3.jpg\" class=\"attachment-full size-full\" alt=\"\" srcset=\"https:\/\/ntpark.me\/wp-content\/uploads\/2021\/01\/zoombanner-kickoff-eu4techpoc-3.jpg 1295w, https:\/\/ntpark.me\/wp-content\/uploads\/2021\/01\/zoombanner-kickoff-eu4techpoc-3-300x145.jpg 300w, https:\/\/ntpark.me\/wp-content\/uploads\/2021\/01\/zoombanner-kickoff-eu4techpoc-3-1024x493.jpg 1024w, https:\/\/ntpark.me\/wp-content\/uploads\/2021\/01\/zoombanner-kickoff-eu4techpoc-3-768x370.jpg 768w, https:\/\/ntpark.me\/wp-content\/uploads\/2021\/01\/zoombanner-kickoff-eu4techpoc-3-600x289.jpg 600w\" sizes=\"(max-width: 1295px) 100vw, 1295px\" \/><\/a>\r\n                                    <\/div>\r\n                                    <div class=\"lower-content\">\r\n                                        <ul class=\"post-meta\">\r\n                                            <li><span class=\"icon fal fa-user-alt\"><\/span>bildwpntpark<\/li>\r\n                                            <li><span class=\"icon fal fa-calendar-alt\"><\/span>Jan 12, 2021<\/li>\r\n                                        <\/ul>\r\n                                        <h5><a href=\"https:\/\/ntpark.me\/en\/news\/eu4tech-poc-poziv\/\">EU4TECH PoC Call<\/a><\/h5>\r\n                                    <\/div>\r\n                                <\/div>\r\n                            <\/div>\r\n                        \r\n                            <!-- News Block Ten -->\r\n                            <div class=\"news-block-ten col-lg-4 col-md-6 col-sm-12\">\r\n                                <div class=\"inner-box wow fadeInRight\" data-wow-delay=\"0ms\" data-wow-duration=\"1500ms\">\r\n                                    <div class=\"image\">\r\n                                        <a href=\"https:\/\/ntpark.me\/en\/news\/obuka-iz-oblasti-3d-stampe-i-modeliranja\/\"><img loading=\"lazy\" decoding=\"async\" width=\"1440\" height=\"1080\" src=\"https:\/\/ntpark.me\/wp-content\/uploads\/2020\/12\/blog_31.08.18-1440x1080-q70.jpg\" class=\"attachment-full size-full\" alt=\"\" srcset=\"https:\/\/ntpark.me\/wp-content\/uploads\/2020\/12\/blog_31.08.18-1440x1080-q70.jpg 1440w, https:\/\/ntpark.me\/wp-content\/uploads\/2020\/12\/blog_31.08.18-1440x1080-q70-300x225.jpg 300w, https:\/\/ntpark.me\/wp-content\/uploads\/2020\/12\/blog_31.08.18-1440x1080-q70-1024x768.jpg 1024w, https:\/\/ntpark.me\/wp-content\/uploads\/2020\/12\/blog_31.08.18-1440x1080-q70-768x576.jpg 768w, https:\/\/ntpark.me\/wp-content\/uploads\/2020\/12\/blog_31.08.18-1440x1080-q70-600x450.jpg 600w\" sizes=\"(max-width: 1440px) 100vw, 1440px\" \/><\/a>\r\n                                    <\/div>\r\n                                    <div class=\"lower-content\">\r\n                                        <ul class=\"post-meta\">\r\n                                            <li><span class=\"icon fal fa-user-alt\"><\/span>bildwpntpark<\/li>\r\n                                            <li><span class=\"icon fal fa-calendar-alt\"><\/span>Dec 09, 2020<\/li>\r\n                                        <\/ul>\r\n                                        <h5><a href=\"https:\/\/ntpark.me\/en\/news\/obuka-iz-oblasti-3d-stampe-i-modeliranja\/\">Training in the field of 3D printing and modeling<\/a><\/h5>\r\n                                    <\/div>\r\n                                <\/div>\r\n                            <\/div>\r\n                        \r\n                            <!-- News Block Ten -->\r\n                            <div class=\"news-block-ten col-lg-4 col-md-6 col-sm-12\">\r\n                                <div class=\"inner-box wow fadeInRight\" data-wow-delay=\"0ms\" data-wow-duration=\"1500ms\">\r\n                                    <div class=\"image\">\r\n                                        <a href=\"https:\/\/ntpark.me\/en\/news\/crnogorski-naucnici-osmislili-narukvicu-koja-mijenja-boju-kod-povisene-temperature\/\"><img loading=\"lazy\" decoding=\"async\" width=\"639\" height=\"430\" src=\"https:\/\/ntpark.me\/wp-content\/uploads\/2020\/12\/Capture-2-2.jpg\" class=\"attachment-full size-full\" alt=\"\" srcset=\"https:\/\/ntpark.me\/wp-content\/uploads\/2020\/12\/Capture-2-2.jpg 639w, https:\/\/ntpark.me\/wp-content\/uploads\/2020\/12\/Capture-2-2-300x202.jpg 300w, https:\/\/ntpark.me\/wp-content\/uploads\/2020\/12\/Capture-2-2-600x404.jpg 600w\" sizes=\"(max-width: 639px) 100vw, 639px\" \/><\/a>\r\n                                    <\/div>\r\n                                    <div class=\"lower-content\">\r\n                                        <ul class=\"post-meta\">\r\n                                            <li><span class=\"icon fal fa-user-alt\"><\/span>bildwpntpark<\/li>\r\n                                            <li><span class=\"icon fal fa-calendar-alt\"><\/span>Dec 08, 2020<\/li>\r\n                                        <\/ul>\r\n                                        <h5><a href=\"https:\/\/ntpark.me\/en\/news\/crnogorski-naucnici-osmislili-narukvicu-koja-mijenja-boju-kod-povisene-temperature\/\">Montenegrin scientists have designed a bracelet that changes color when the temperature rises<\/a><\/h5>\r\n                                    <\/div>\r\n                                <\/div>\r\n                            <\/div>\r\n                        \r\n                            <!-- News Block Ten -->\r\n                            <div class=\"news-block-ten col-lg-4 col-md-6 col-sm-12\">\r\n                                <div class=\"inner-box wow fadeInRight\" data-wow-delay=\"0ms\" data-wow-duration=\"1500ms\">\r\n                                    <div class=\"image\">\r\n                                        <a href=\"https:\/\/ntpark.me\/en\/news\/prvi-hakaton-posvecen-klimatskim-promjenama-u-crnoj-gori-2020-nije-za-bacanje\/\"><img loading=\"lazy\" decoding=\"async\" width=\"960\" height=\"960\" src=\"https:\/\/ntpark.me\/wp-content\/uploads\/2020\/11\/124794153_162806428912431_8659333197045688741_n.jpg\" class=\"attachment-full size-full\" alt=\"\" srcset=\"https:\/\/ntpark.me\/wp-content\/uploads\/2020\/11\/124794153_162806428912431_8659333197045688741_n.jpg 960w, https:\/\/ntpark.me\/wp-content\/uploads\/2020\/11\/124794153_162806428912431_8659333197045688741_n-300x300.jpg 300w, https:\/\/ntpark.me\/wp-content\/uploads\/2020\/11\/124794153_162806428912431_8659333197045688741_n-150x150.jpg 150w, https:\/\/ntpark.me\/wp-content\/uploads\/2020\/11\/124794153_162806428912431_8659333197045688741_n-768x768.jpg 768w, https:\/\/ntpark.me\/wp-content\/uploads\/2020\/11\/124794153_162806428912431_8659333197045688741_n-600x600.jpg 600w, https:\/\/ntpark.me\/wp-content\/uploads\/2020\/11\/124794153_162806428912431_8659333197045688741_n-74x73.jpg 74w\" sizes=\"(max-width: 960px) 100vw, 960px\" \/><\/a>\r\n                                    <\/div>\r\n                                    <div class=\"lower-content\">\r\n                                        <ul class=\"post-meta\">\r\n                                            <li><span class=\"icon fal fa-user-alt\"><\/span>bildwpntpark<\/li>\r\n                                            <li><span class=\"icon fal fa-calendar-alt\"><\/span>Nov 12, 2020<\/li>\r\n                                        <\/ul>\r\n                                        <h5><a href=\"https:\/\/ntpark.me\/en\/news\/prvi-hakaton-posvecen-klimatskim-promjenama-u-crnoj-gori-2020-nije-za-bacanje\/\">The first hackathon dedicated to climate change in Montenegro, &#8220;2020 is not for waste&#8221;<\/a><\/h5>\r\n                                    <\/div>\r\n                                <\/div>\r\n                            <\/div>\r\n                        \r\n                            <!-- News Block Ten -->\r\n                            <div class=\"news-block-ten col-lg-4 col-md-6 col-sm-12\">\r\n                                <div class=\"inner-box wow fadeInRight\" data-wow-delay=\"0ms\" data-wow-duration=\"1500ms\">\r\n                                    <div class=\"image\">\r\n                                        <a href=\"https:\/\/ntpark.me\/en\/news\/prijave-za-digitrening-su-pocele\/\"><img loading=\"lazy\" decoding=\"async\" width=\"1080\" height=\"1080\" src=\"https:\/\/ntpark.me\/wp-content\/uploads\/2020\/10\/Obuka-objava-1.png\" class=\"attachment-full size-full\" alt=\"\" srcset=\"https:\/\/ntpark.me\/wp-content\/uploads\/2020\/10\/Obuka-objava-1.png 1080w, https:\/\/ntpark.me\/wp-content\/uploads\/2020\/10\/Obuka-objava-1-300x300.png 300w, https:\/\/ntpark.me\/wp-content\/uploads\/2020\/10\/Obuka-objava-1-1024x1024.png 1024w, https:\/\/ntpark.me\/wp-content\/uploads\/2020\/10\/Obuka-objava-1-150x150.png 150w, https:\/\/ntpark.me\/wp-content\/uploads\/2020\/10\/Obuka-objava-1-768x768.png 768w, https:\/\/ntpark.me\/wp-content\/uploads\/2020\/10\/Obuka-objava-1-600x600.png 600w, https:\/\/ntpark.me\/wp-content\/uploads\/2020\/10\/Obuka-objava-1-74x73.png 74w\" sizes=\"(max-width: 1080px) 100vw, 1080px\" \/><\/a>\r\n                                    <\/div>\r\n                                    <div class=\"lower-content\">\r\n                                        <ul class=\"post-meta\">\r\n                                            <li><span class=\"icon fal fa-user-alt\"><\/span>bildwpntpark<\/li>\r\n                                            <li><span class=\"icon fal fa-calendar-alt\"><\/span>Oct 27, 2020<\/li>\r\n                                        <\/ul>\r\n                                        <h5><a href=\"https:\/\/ntpark.me\/en\/news\/prijave-za-digitrening-su-pocele\/\">Registration for digITraining has started<\/a><\/h5>\r\n                                    <\/div>\r\n                                <\/div>\r\n                            <\/div>\r\n                        \r\n                            <!-- News Block Ten -->\r\n                            <div class=\"news-block-ten col-lg-4 col-md-6 col-sm-12\">\r\n                                <div class=\"inner-box wow fadeInRight\" data-wow-delay=\"0ms\" data-wow-duration=\"1500ms\">\r\n                                    <div class=\"image\">\r\n                                        <a href=\"https:\/\/ntpark.me\/en\/news\/prilika-za-fintech-startape-prijavite-se-za-regionalni-elevator-lab-challenge\/\"><img loading=\"lazy\" decoding=\"async\" width=\"1600\" height=\"838\" src=\"https:\/\/ntpark.me\/wp-content\/uploads\/2020\/10\/2.2_-_fb__linkedin_-_1200x628px-2048x1072-1.png\" class=\"attachment-full size-full\" alt=\"\" srcset=\"https:\/\/ntpark.me\/wp-content\/uploads\/2020\/10\/2.2_-_fb__linkedin_-_1200x628px-2048x1072-1.png 1600w, https:\/\/ntpark.me\/wp-content\/uploads\/2020\/10\/2.2_-_fb__linkedin_-_1200x628px-2048x1072-1-300x157.png 300w, https:\/\/ntpark.me\/wp-content\/uploads\/2020\/10\/2.2_-_fb__linkedin_-_1200x628px-2048x1072-1-1024x536.png 1024w, https:\/\/ntpark.me\/wp-content\/uploads\/2020\/10\/2.2_-_fb__linkedin_-_1200x628px-2048x1072-1-768x402.png 768w, https:\/\/ntpark.me\/wp-content\/uploads\/2020\/10\/2.2_-_fb__linkedin_-_1200x628px-2048x1072-1-1536x804.png 1536w, https:\/\/ntpark.me\/wp-content\/uploads\/2020\/10\/2.2_-_fb__linkedin_-_1200x628px-2048x1072-1-600x314.png 600w\" sizes=\"(max-width: 1600px) 100vw, 1600px\" \/><\/a>\r\n                                    <\/div>\r\n                                    <div class=\"lower-content\">\r\n                                        <ul class=\"post-meta\">\r\n                                            <li><span class=\"icon fal fa-user-alt\"><\/span>bildwpntpark<\/li>\r\n                                            <li><span class=\"icon fal fa-calendar-alt\"><\/span>Oct 15, 2020<\/li>\r\n                                        <\/ul>\r\n                                        <h5><a href=\"https:\/\/ntpark.me\/en\/news\/prilika-za-fintech-startape-prijavite-se-za-regionalni-elevator-lab-challenge\/\">Opportunity for FinTech Startups \u2014 Apply for the Regional Elevator Lab Challenge<\/a><\/h5>\r\n                                    <\/div>\r\n                                <\/div>\r\n                            <\/div>\r\n                        \r\n                            <!-- News Block Ten -->\r\n                            <div class=\"news-block-ten col-lg-4 col-md-6 col-sm-12\">\r\n                                <div class=\"inner-box wow fadeInRight\" data-wow-delay=\"0ms\" data-wow-duration=\"1500ms\">\r\n                                    <div class=\"image\">\r\n                                        <a href=\"https:\/\/ntpark.me\/en\/news\/tri-crnogorska-startapa-spremna-za-lansiranje-na-globalno-trziste\/\"><img loading=\"lazy\" decoding=\"async\" width=\"1024\" height=\"672\" src=\"https:\/\/ntpark.me\/wp-content\/uploads\/2020\/10\/DSC_2180-1024x672-1.jpg\" class=\"attachment-full size-full\" alt=\"\" srcset=\"https:\/\/ntpark.me\/wp-content\/uploads\/2020\/10\/DSC_2180-1024x672-1.jpg 1024w, https:\/\/ntpark.me\/wp-content\/uploads\/2020\/10\/DSC_2180-1024x672-1-300x197.jpg 300w, https:\/\/ntpark.me\/wp-content\/uploads\/2020\/10\/DSC_2180-1024x672-1-768x504.jpg 768w, https:\/\/ntpark.me\/wp-content\/uploads\/2020\/10\/DSC_2180-1024x672-1-200x132.jpg 200w, https:\/\/ntpark.me\/wp-content\/uploads\/2020\/10\/DSC_2180-1024x672-1-600x394.jpg 600w\" sizes=\"(max-width: 1024px) 100vw, 1024px\" \/><\/a>\r\n                                    <\/div>\r\n                                    <div class=\"lower-content\">\r\n                                        <ul class=\"post-meta\">\r\n                                            <li><span class=\"icon fal fa-user-alt\"><\/span>bildwpntpark<\/li>\r\n                                            <li><span class=\"icon fal fa-calendar-alt\"><\/span>Oct 11, 2020<\/li>\r\n                                        <\/ul>\r\n                                        <h5><a href=\"https:\/\/ntpark.me\/en\/news\/tri-crnogorska-startapa-spremna-za-lansiranje-na-globalno-trziste\/\">Three Montenegrin Startups Ready for Global Market Launch<\/a><\/h5>\r\n                                    <\/div>\r\n                                <\/div>\r\n                            <\/div>\r\n                        \r\n                            <!-- News Block Ten -->\r\n                            <div class=\"news-block-ten col-lg-4 col-md-6 col-sm-12\">\r\n                                <div class=\"inner-box wow fadeInRight\" data-wow-delay=\"0ms\" data-wow-duration=\"1500ms\">\r\n                                    <div class=\"image\">\r\n                                        <a href=\"https:\/\/ntpark.me\/en\/news\/crna-gora-otvara-nove-mogucnosti\/\"><img loading=\"lazy\" decoding=\"async\" width=\"1024\" height=\"702\" src=\"https:\/\/ntpark.me\/wp-content\/uploads\/2020\/08\/ADS_0529-1024x702-1.jpg\" class=\"attachment-full size-full\" alt=\"\" srcset=\"https:\/\/ntpark.me\/wp-content\/uploads\/2020\/08\/ADS_0529-1024x702-1.jpg 1024w, https:\/\/ntpark.me\/wp-content\/uploads\/2020\/08\/ADS_0529-1024x702-1-300x206.jpg 300w, https:\/\/ntpark.me\/wp-content\/uploads\/2020\/08\/ADS_0529-1024x702-1-768x527.jpg 768w, https:\/\/ntpark.me\/wp-content\/uploads\/2020\/08\/ADS_0529-1024x702-1-600x411.jpg 600w\" sizes=\"(max-width: 1024px) 100vw, 1024px\" \/><\/a>\r\n                                    <\/div>\r\n                                    <div class=\"lower-content\">\r\n                                        <ul class=\"post-meta\">\r\n                                            <li><span class=\"icon fal fa-user-alt\"><\/span>bildwpntpark<\/li>\r\n                                            <li><span class=\"icon fal fa-calendar-alt\"><\/span>Aug 27, 2020<\/li>\r\n                                        <\/ul>\r\n                                        <h5><a href=\"https:\/\/ntpark.me\/en\/news\/crna-gora-otvara-nove-mogucnosti\/\">Montenegro opens new opportunities<\/a><\/h5>\r\n                                    <\/div>\r\n                                <\/div>\r\n                            <\/div>\r\n                        \r\n                            <!-- News Block Ten -->\r\n                            <div class=\"news-block-ten col-lg-4 col-md-6 col-sm-12\">\r\n                                <div class=\"inner-box wow fadeInRight\" data-wow-delay=\"0ms\" data-wow-duration=\"1500ms\">\r\n                                    <div class=\"image\">\r\n                                        <a href=\"https:\/\/ntpark.me\/en\/news\/it-sektor-razvojna-sansa-crne-gore\/\"><img loading=\"lazy\" decoding=\"async\" width=\"920\" height=\"615\" src=\"https:\/\/ntpark.me\/wp-content\/uploads\/2020\/08\/3.jpg\" class=\"attachment-full size-full\" alt=\"\" srcset=\"https:\/\/ntpark.me\/wp-content\/uploads\/2020\/08\/3.jpg 920w, https:\/\/ntpark.me\/wp-content\/uploads\/2020\/08\/3-300x201.jpg 300w, https:\/\/ntpark.me\/wp-content\/uploads\/2020\/08\/3-768x513.jpg 768w, https:\/\/ntpark.me\/wp-content\/uploads\/2020\/08\/3-600x401.jpg 600w\" sizes=\"(max-width: 920px) 100vw, 920px\" \/><\/a>\r\n                                    <\/div>\r\n                                    <div class=\"lower-content\">\r\n                                        <ul class=\"post-meta\">\r\n                                            <li><span class=\"icon fal fa-user-alt\"><\/span>bildwpntpark<\/li>\r\n                                            <li><span class=\"icon fal fa-calendar-alt\"><\/span>Aug 24, 2020<\/li>\r\n                                        <\/ul>\r\n                                        <h5><a href=\"https:\/\/ntpark.me\/en\/news\/it-sektor-razvojna-sansa-crne-gore\/\">The IT sector is a developmental opportunity for Montenegro<\/a><\/h5>\r\n                                    <\/div>\r\n                                <\/div>\r\n                            <\/div>\r\n                        \r\n                            <!-- News Block Ten -->\r\n                            <div class=\"news-block-ten col-lg-4 col-md-6 col-sm-12\">\r\n                                <div class=\"inner-box wow fadeInRight\" data-wow-delay=\"0ms\" data-wow-duration=\"1500ms\">\r\n                                    <div class=\"image\">\r\n                                        <a href=\"https:\/\/ntpark.me\/en\/news\/boskovic-vrata-naucno-tehnoloskog-parka-otvoricemo-u-roku-ako-ne-i-prije\/\"><img loading=\"lazy\" decoding=\"async\" width=\"1600\" height=\"907\" src=\"https:\/\/ntpark.me\/wp-content\/uploads\/2020\/03\/NTP00451.png\" class=\"attachment-full size-full\" alt=\"\" srcset=\"https:\/\/ntpark.me\/wp-content\/uploads\/2020\/03\/NTP00451.png 1600w, https:\/\/ntpark.me\/wp-content\/uploads\/2020\/03\/NTP00451-300x170.png 300w, https:\/\/ntpark.me\/wp-content\/uploads\/2020\/03\/NTP00451-1024x580.png 1024w, https:\/\/ntpark.me\/wp-content\/uploads\/2020\/03\/NTP00451-768x435.png 768w, https:\/\/ntpark.me\/wp-content\/uploads\/2020\/03\/NTP00451-1536x871.png 1536w, https:\/\/ntpark.me\/wp-content\/uploads\/2020\/03\/NTP00451-600x340.png 600w\" sizes=\"(max-width: 1600px) 100vw, 1600px\" \/><\/a>\r\n                                    <\/div>\r\n                                    <div class=\"lower-content\">\r\n                                        <ul class=\"post-meta\">\r\n                                            <li><span class=\"icon fal fa-user-alt\"><\/span>bildwpntpark<\/li>\r\n                                            <li><span class=\"icon fal fa-calendar-alt\"><\/span>Aug 04, 2020<\/li>\r\n                                        <\/ul>\r\n                                        <h5><a href=\"https:\/\/ntpark.me\/en\/news\/boskovic-vrata-naucno-tehnoloskog-parka-otvoricemo-u-roku-ako-ne-i-prije\/\">Bo\u0161kovi\u0107: We Will Open the Doors of the Science and Technology Park on time, if Not Earlier<\/a><\/h5>\r\n                                    <\/div>\r\n                                <\/div>\r\n                            <\/div>\r\n                        \r\n                            <!-- News Block Ten -->\r\n                            <div class=\"news-block-ten col-lg-4 col-md-6 col-sm-12\">\r\n                                <div class=\"inner-box wow fadeInRight\" data-wow-delay=\"0ms\" data-wow-duration=\"1500ms\">\r\n                                    <div class=\"image\">\r\n                                        <a href=\"https:\/\/ntpark.me\/en\/news\/skupstina-crne-gore-usvojila-dva-razvojna-zakona\/\"><img loading=\"lazy\" decoding=\"async\" width=\"750\" height=\"499\" src=\"https:\/\/ntpark.me\/wp-content\/uploads\/2020\/08\/917d18e541be58484f3936cadf060fdd.jpg\" class=\"attachment-full size-full\" alt=\"\" srcset=\"https:\/\/ntpark.me\/wp-content\/uploads\/2020\/08\/917d18e541be58484f3936cadf060fdd.jpg 750w, https:\/\/ntpark.me\/wp-content\/uploads\/2020\/08\/917d18e541be58484f3936cadf060fdd-300x200.jpg 300w, https:\/\/ntpark.me\/wp-content\/uploads\/2020\/08\/917d18e541be58484f3936cadf060fdd-600x399.jpg 600w, https:\/\/ntpark.me\/wp-content\/uploads\/2020\/08\/917d18e541be58484f3936cadf060fdd-200x132.jpg 200w\" sizes=\"(max-width: 750px) 100vw, 750px\" \/><\/a>\r\n                                    <\/div>\r\n                                    <div class=\"lower-content\">\r\n                                        <ul class=\"post-meta\">\r\n                                            <li><span class=\"icon fal fa-user-alt\"><\/span>bildwpntpark<\/li>\r\n                                            <li><span class=\"icon fal fa-calendar-alt\"><\/span>Aug 01, 2020<\/li>\r\n                                        <\/ul>\r\n                                        <h5><a href=\"https:\/\/ntpark.me\/en\/news\/skupstina-crne-gore-usvojila-dva-razvojna-zakona\/\">The Assembly of Montenegro adopted two development laws<\/a><\/h5>\r\n                                    <\/div>\r\n                                <\/div>\r\n                            <\/div>\r\n                        \r\n                            <!-- News Block Ten -->\r\n                            <div class=\"news-block-ten col-lg-4 col-md-6 col-sm-12\">\r\n                                <div class=\"inner-box wow fadeInRight\" data-wow-delay=\"0ms\" data-wow-duration=\"1500ms\">\r\n                                    <div class=\"image\">\r\n                                        <a href=\"https:\/\/ntpark.me\/en\/news\/usvojen-program-ostvarivanja-principa-otvorena-nauka-u-crnoj-gori\/\"><img loading=\"lazy\" decoding=\"async\" width=\"470\" height=\"440\" src=\"https:\/\/ntpark.me\/wp-content\/uploads\/2020\/07\/GetImage.jpg\" class=\"attachment-full size-full\" alt=\"\" srcset=\"https:\/\/ntpark.me\/wp-content\/uploads\/2020\/07\/GetImage.jpg 470w, https:\/\/ntpark.me\/wp-content\/uploads\/2020\/07\/GetImage-300x281.jpg 300w\" sizes=\"(max-width: 470px) 100vw, 470px\" \/><\/a>\r\n                                    <\/div>\r\n                                    <div class=\"lower-content\">\r\n                                        <ul class=\"post-meta\">\r\n                                            <li><span class=\"icon fal fa-user-alt\"><\/span>bildwpntpark<\/li>\r\n                                            <li><span class=\"icon fal fa-calendar-alt\"><\/span>Jul 29, 2020<\/li>\r\n                                        <\/ul>\r\n                                        <h5><a href=\"https:\/\/ntpark.me\/en\/news\/usvojen-program-ostvarivanja-principa-otvorena-nauka-u-crnoj-gori\/\">The &#8220;Open Science&#8221; principles implementation program has been adopted in Montenegro<\/a><\/h5>\r\n                                    <\/div>\r\n                                <\/div>\r\n                            <\/div>\r\n                        \r\n                            <!-- News Block Ten -->\r\n                            <div class=\"news-block-ten col-lg-4 col-md-6 col-sm-12\">\r\n                                <div class=\"inner-box wow fadeInRight\" data-wow-delay=\"0ms\" data-wow-duration=\"1500ms\">\r\n                                    <div class=\"image\">\r\n                                        <a href=\"https:\/\/ntpark.me\/en\/news\/vlada-ce-kreirati-it-akademiju\/\"><img loading=\"lazy\" decoding=\"async\" width=\"960\" height=\"600\" src=\"https:\/\/ntpark.me\/wp-content\/uploads\/2020\/05\/1587113552-sanja-damjanovic-ministarka-nauke-2612-2019-dragan-mijatovic-24-i_960x600.jpg\" class=\"attachment-full size-full\" alt=\"\" srcset=\"https:\/\/ntpark.me\/wp-content\/uploads\/2020\/05\/1587113552-sanja-damjanovic-ministarka-nauke-2612-2019-dragan-mijatovic-24-i_960x600.jpg 960w, https:\/\/ntpark.me\/wp-content\/uploads\/2020\/05\/1587113552-sanja-damjanovic-ministarka-nauke-2612-2019-dragan-mijatovic-24-i_960x600-300x188.jpg 300w, https:\/\/ntpark.me\/wp-content\/uploads\/2020\/05\/1587113552-sanja-damjanovic-ministarka-nauke-2612-2019-dragan-mijatovic-24-i_960x600-768x480.jpg 768w, https:\/\/ntpark.me\/wp-content\/uploads\/2020\/05\/1587113552-sanja-damjanovic-ministarka-nauke-2612-2019-dragan-mijatovic-24-i_960x600-600x375.jpg 600w\" sizes=\"(max-width: 960px) 100vw, 960px\" \/><\/a>\r\n                                    <\/div>\r\n                                    <div class=\"lower-content\">\r\n                                        <ul class=\"post-meta\">\r\n                                            <li><span class=\"icon fal fa-user-alt\"><\/span>bildwpntpark<\/li>\r\n                                            <li><span class=\"icon fal fa-calendar-alt\"><\/span>Jul 27, 2020<\/li>\r\n                                        <\/ul>\r\n                                        <h5><a href=\"https:\/\/ntpark.me\/en\/news\/vlada-ce-kreirati-it-akademiju\/\">The government will support the establishment of an IT academy<\/a><\/h5>\r\n                                    <\/div>\r\n                                <\/div>\r\n                            <\/div>\r\n                        \r\n                            <!-- News Block Ten -->\r\n                            <div class=\"news-block-ten col-lg-4 col-md-6 col-sm-12\">\r\n                                <div class=\"inner-box wow fadeInRight\" data-wow-delay=\"0ms\" data-wow-duration=\"1500ms\">\r\n                                    <div class=\"image\">\r\n                                        <a href=\"https:\/\/ntpark.me\/en\/news\/vebinar-razvoj-novih-proizvoda-i-usluga\/\"><img loading=\"lazy\" decoding=\"async\" width=\"840\" height=\"472\" src=\"https:\/\/ntpark.me\/wp-content\/uploads\/2020\/07\/webinar_23072020_0.png\" class=\"attachment-full size-full\" alt=\"\" srcset=\"https:\/\/ntpark.me\/wp-content\/uploads\/2020\/07\/webinar_23072020_0.png 840w, https:\/\/ntpark.me\/wp-content\/uploads\/2020\/07\/webinar_23072020_0-300x169.png 300w, https:\/\/ntpark.me\/wp-content\/uploads\/2020\/07\/webinar_23072020_0-768x432.png 768w, https:\/\/ntpark.me\/wp-content\/uploads\/2020\/07\/webinar_23072020_0-600x337.png 600w\" sizes=\"(max-width: 840px) 100vw, 840px\" \/><\/a>\r\n                                    <\/div>\r\n                                    <div class=\"lower-content\">\r\n                                        <ul class=\"post-meta\">\r\n                                            <li><span class=\"icon fal fa-user-alt\"><\/span>bildwpntpark<\/li>\r\n                                            <li><span class=\"icon fal fa-calendar-alt\"><\/span>Jul 23, 2020<\/li>\r\n                                        <\/ul>\r\n                                        <h5><a href=\"https:\/\/ntpark.me\/en\/news\/vebinar-razvoj-novih-proizvoda-i-usluga\/\">Webinar &#8211; Development of New Products and Services<\/a><\/h5>\r\n                                    <\/div>\r\n                                <\/div>\r\n                            <\/div>\r\n                        \r\n                            <!-- News Block Ten -->\r\n                            <div class=\"news-block-ten col-lg-4 col-md-6 col-sm-12\">\r\n                                <div class=\"inner-box wow fadeInRight\" data-wow-delay=\"0ms\" data-wow-duration=\"1500ms\">\r\n                                    <div class=\"image\">\r\n                                        <a href=\"https:\/\/ntpark.me\/en\/news\/mjesto-okupljanja-naucnika-i-kompanija\/\"><img loading=\"lazy\" decoding=\"async\" width=\"1228\" height=\"523\" src=\"https:\/\/ntpark.me\/wp-content\/uploads\/2020\/07\/NTP-PKCG.png\" class=\"attachment-full size-full\" alt=\"\" srcset=\"https:\/\/ntpark.me\/wp-content\/uploads\/2020\/07\/NTP-PKCG.png 1228w, https:\/\/ntpark.me\/wp-content\/uploads\/2020\/07\/NTP-PKCG-300x128.png 300w, https:\/\/ntpark.me\/wp-content\/uploads\/2020\/07\/NTP-PKCG-1024x436.png 1024w, https:\/\/ntpark.me\/wp-content\/uploads\/2020\/07\/NTP-PKCG-768x327.png 768w, https:\/\/ntpark.me\/wp-content\/uploads\/2020\/07\/NTP-PKCG-600x256.png 600w\" sizes=\"(max-width: 1228px) 100vw, 1228px\" \/><\/a>\r\n                                    <\/div>\r\n                                    <div class=\"lower-content\">\r\n                                        <ul class=\"post-meta\">\r\n                                            <li><span class=\"icon fal fa-user-alt\"><\/span>bildwpntpark<\/li>\r\n                                            <li><span class=\"icon fal fa-calendar-alt\"><\/span>Jul 17, 2020<\/li>\r\n                                        <\/ul>\r\n                                        <h5><a href=\"https:\/\/ntpark.me\/en\/news\/mjesto-okupljanja-naucnika-i-kompanija\/\">A gathering place for scientists and companies<\/a><\/h5>\r\n                                    <\/div>\r\n                                <\/div>\r\n                            <\/div>\r\n                        \r\n                            <!-- News Block Ten -->\r\n                            <div class=\"news-block-ten col-lg-4 col-md-6 col-sm-12\">\r\n                                <div class=\"inner-box wow fadeInRight\" data-wow-delay=\"0ms\" data-wow-duration=\"1500ms\">\r\n                                    <div class=\"image\">\r\n                                        <a href=\"https:\/\/ntpark.me\/en\/news\/naucno-tehnoloski-park-crne-gore-ing-invest\/\"><img loading=\"lazy\" decoding=\"async\" width=\"1500\" height=\"999\" src=\"https:\/\/ntpark.me\/wp-content\/uploads\/2020\/07\/R1.jpg\" class=\"attachment-full size-full\" alt=\"\" srcset=\"https:\/\/ntpark.me\/wp-content\/uploads\/2020\/07\/R1.jpg 1500w, https:\/\/ntpark.me\/wp-content\/uploads\/2020\/07\/R1-300x200.jpg 300w, https:\/\/ntpark.me\/wp-content\/uploads\/2020\/07\/R1-1024x682.jpg 1024w, https:\/\/ntpark.me\/wp-content\/uploads\/2020\/07\/R1-768x511.jpg 768w, https:\/\/ntpark.me\/wp-content\/uploads\/2020\/07\/R1-600x400.jpg 600w, https:\/\/ntpark.me\/wp-content\/uploads\/2020\/07\/R1-200x132.jpg 200w\" sizes=\"(max-width: 1500px) 100vw, 1500px\" \/><\/a>\r\n                                    <\/div>\r\n                                    <div class=\"lower-content\">\r\n                                        <ul class=\"post-meta\">\r\n                                            <li><span class=\"icon fal fa-user-alt\"><\/span>bildwpntpark<\/li>\r\n                                            <li><span class=\"icon fal fa-calendar-alt\"><\/span>Jul 06, 2020<\/li>\r\n                                        <\/ul>\r\n                                        <h5><a href=\"https:\/\/ntpark.me\/en\/news\/naucno-tehnoloski-park-crne-gore-ing-invest\/\">Science and Technology Park of Montenegro \/ Ing invest<\/a><\/h5>\r\n                                    <\/div>\r\n                                <\/div>\r\n                            <\/div>\r\n                        \r\n                            <!-- News Block Ten -->\r\n                            <div class=\"news-block-ten col-lg-4 col-md-6 col-sm-12\">\r\n                                <div class=\"inner-box wow fadeInRight\" data-wow-delay=\"0ms\" data-wow-duration=\"1500ms\">\r\n                                    <div class=\"image\">\r\n                                        <a href=\"https:\/\/ntpark.me\/en\/news\/balkathon-prvi-regionalni-dogadaj-internetskog-takmicenja\/\"><img loading=\"lazy\" decoding=\"async\" width=\"800\" height=\"450\" src=\"https:\/\/ntpark.me\/wp-content\/uploads\/2020\/07\/75cae053ebac0eecc74914b2cac3e78f.jpg\" class=\"attachment-full size-full\" alt=\"\" srcset=\"https:\/\/ntpark.me\/wp-content\/uploads\/2020\/07\/75cae053ebac0eecc74914b2cac3e78f.jpg 800w, https:\/\/ntpark.me\/wp-content\/uploads\/2020\/07\/75cae053ebac0eecc74914b2cac3e78f-300x169.jpg 300w, https:\/\/ntpark.me\/wp-content\/uploads\/2020\/07\/75cae053ebac0eecc74914b2cac3e78f-768x432.jpg 768w, https:\/\/ntpark.me\/wp-content\/uploads\/2020\/07\/75cae053ebac0eecc74914b2cac3e78f-600x338.jpg 600w\" sizes=\"(max-width: 800px) 100vw, 800px\" \/><\/a>\r\n                                    <\/div>\r\n                                    <div class=\"lower-content\">\r\n                                        <ul class=\"post-meta\">\r\n                                            <li><span class=\"icon fal fa-user-alt\"><\/span>bildwpntpark<\/li>\r\n                                            <li><span class=\"icon fal fa-calendar-alt\"><\/span>Jul 06, 2020<\/li>\r\n                                        <\/ul>\r\n                                        <h5><a href=\"https:\/\/ntpark.me\/en\/news\/balkathon-prvi-regionalni-dogadaj-internetskog-takmicenja\/\">Balkathon &#8211; the first regional online competition event<\/a><\/h5>\r\n                                    <\/div>\r\n                                <\/div>\r\n                            <\/div>\r\n                        \r\n                            <!-- News Block Ten -->\r\n                            <div class=\"news-block-ten col-lg-4 col-md-6 col-sm-12\">\r\n                                <div class=\"inner-box wow fadeInRight\" data-wow-delay=\"0ms\" data-wow-duration=\"1500ms\">\r\n                                    <div class=\"image\">\r\n                                        <a href=\"https:\/\/ntpark.me\/en\/news\/crna-gora-prvi-put-na-evropskoj-tabeli-uspjesnosti-u-inovacijama\/\"><img loading=\"lazy\" decoding=\"async\" width=\"1600\" height=\"872\" src=\"https:\/\/ntpark.me\/wp-content\/uploads\/2020\/07\/infographic-innovation-scoreboard-2017-map-full-size1.png\" class=\"attachment-full size-full\" alt=\"\" srcset=\"https:\/\/ntpark.me\/wp-content\/uploads\/2020\/07\/infographic-innovation-scoreboard-2017-map-full-size1.png 1600w, https:\/\/ntpark.me\/wp-content\/uploads\/2020\/07\/infographic-innovation-scoreboard-2017-map-full-size1-300x164.png 300w, https:\/\/ntpark.me\/wp-content\/uploads\/2020\/07\/infographic-innovation-scoreboard-2017-map-full-size1-1024x558.png 1024w, https:\/\/ntpark.me\/wp-content\/uploads\/2020\/07\/infographic-innovation-scoreboard-2017-map-full-size1-768x419.png 768w, https:\/\/ntpark.me\/wp-content\/uploads\/2020\/07\/infographic-innovation-scoreboard-2017-map-full-size1-1536x837.png 1536w, https:\/\/ntpark.me\/wp-content\/uploads\/2020\/07\/infographic-innovation-scoreboard-2017-map-full-size1-600x327.png 600w\" sizes=\"(max-width: 1600px) 100vw, 1600px\" \/><\/a>\r\n                                    <\/div>\r\n                                    <div class=\"lower-content\">\r\n                                        <ul class=\"post-meta\">\r\n                                            <li><span class=\"icon fal fa-user-alt\"><\/span>bildwpntpark<\/li>\r\n                                            <li><span class=\"icon fal fa-calendar-alt\"><\/span>Jul 02, 2020<\/li>\r\n                                        <\/ul>\r\n                                        <h5><a href=\"https:\/\/ntpark.me\/en\/news\/crna-gora-prvi-put-na-evropskoj-tabeli-uspjesnosti-u-inovacijama\/\">Montenegro First Time on the European Innovation Success Ranking<\/a><\/h5>\r\n                                    <\/div>\r\n                                <\/div>\r\n                            <\/div>\r\n                        \r\n                            <!-- News Block Ten -->\r\n                            <div class=\"news-block-ten col-lg-4 col-md-6 col-sm-12\">\r\n                                <div class=\"inner-box wow fadeInRight\" data-wow-delay=\"0ms\" data-wow-duration=\"1500ms\">\r\n                                    <div class=\"image\">\r\n                                        <a href=\"https:\/\/ntpark.me\/en\/news\/boostmeup-pred-akceleracijski-program\/\"><img loading=\"lazy\" decoding=\"async\" width=\"1600\" height=\"1020\" src=\"https:\/\/ntpark.me\/wp-content\/uploads\/2020\/06\/BoostMeUp_cover.jpg\" class=\"attachment-full size-full\" alt=\"\" srcset=\"https:\/\/ntpark.me\/wp-content\/uploads\/2020\/06\/BoostMeUp_cover.jpg 1600w, https:\/\/ntpark.me\/wp-content\/uploads\/2020\/06\/BoostMeUp_cover-300x191.jpg 300w, https:\/\/ntpark.me\/wp-content\/uploads\/2020\/06\/BoostMeUp_cover-1024x653.jpg 1024w, https:\/\/ntpark.me\/wp-content\/uploads\/2020\/06\/BoostMeUp_cover-768x490.jpg 768w, https:\/\/ntpark.me\/wp-content\/uploads\/2020\/06\/BoostMeUp_cover-1536x979.jpg 1536w, https:\/\/ntpark.me\/wp-content\/uploads\/2020\/06\/BoostMeUp_cover-600x383.jpg 600w\" sizes=\"(max-width: 1600px) 100vw, 1600px\" \/><\/a>\r\n                                    <\/div>\r\n                                    <div class=\"lower-content\">\r\n                                        <ul class=\"post-meta\">\r\n                                            <li><span class=\"icon fal fa-user-alt\"><\/span>bildwpntpark<\/li>\r\n                                            <li><span class=\"icon fal fa-calendar-alt\"><\/span>Jun 25, 2020<\/li>\r\n                                        <\/ul>\r\n                                        <h5><a href=\"https:\/\/ntpark.me\/en\/news\/boostmeup-pred-akceleracijski-program\/\">BoostMeUp pre-accelerator program<\/a><\/h5>\r\n                                    <\/div>\r\n                                <\/div>\r\n                            <\/div>\r\n                        \r\n                            <!-- News Block Ten -->\r\n                            <div class=\"news-block-ten col-lg-4 col-md-6 col-sm-12\">\r\n                                <div class=\"inner-box wow fadeInRight\" data-wow-delay=\"0ms\" data-wow-duration=\"1500ms\">\r\n                                    <div class=\"image\">\r\n                                        <a href=\"https:\/\/ntpark.me\/en\/news\/u-izradi-3d-stampane-maske-koja-ce-pokazivati-temperaturu\/\"><img loading=\"lazy\" decoding=\"async\" width=\"1000\" height=\"666\" src=\"https:\/\/ntpark.me\/wp-content\/uploads\/2020\/06\/5217455_untitled_ls.jpg\" class=\"attachment-full size-full\" alt=\"\" srcset=\"https:\/\/ntpark.me\/wp-content\/uploads\/2020\/06\/5217455_untitled_ls.jpg 1000w, https:\/\/ntpark.me\/wp-content\/uploads\/2020\/06\/5217455_untitled_ls-300x200.jpg 300w, https:\/\/ntpark.me\/wp-content\/uploads\/2020\/06\/5217455_untitled_ls-768x511.jpg 768w, https:\/\/ntpark.me\/wp-content\/uploads\/2020\/06\/5217455_untitled_ls-600x400.jpg 600w, https:\/\/ntpark.me\/wp-content\/uploads\/2020\/06\/5217455_untitled_ls-200x132.jpg 200w\" sizes=\"(max-width: 1000px) 100vw, 1000px\" \/><\/a>\r\n                                    <\/div>\r\n                                    <div class=\"lower-content\">\r\n                                        <ul class=\"post-meta\">\r\n                                            <li><span class=\"icon fal fa-user-alt\"><\/span>bildwpntpark<\/li>\r\n                                            <li><span class=\"icon fal fa-calendar-alt\"><\/span>Jun 17, 2020<\/li>\r\n                                        <\/ul>\r\n                                        <h5><a href=\"https:\/\/ntpark.me\/en\/news\/u-izradi-3d-stampane-maske-koja-ce-pokazivati-temperaturu\/\">In the development of a 3D printed mask that will display the temperature<\/a><\/h5>\r\n                                    <\/div>\r\n                                <\/div>\r\n                            <\/div>\r\n                        \r\n                            <!-- News Block Ten -->\r\n                            <div class=\"news-block-ten col-lg-4 col-md-6 col-sm-12\">\r\n                                <div class=\"inner-box wow fadeInRight\" data-wow-delay=\"0ms\" data-wow-duration=\"1500ms\">\r\n                                    <div class=\"image\">\r\n                                        <a href=\"https:\/\/ntpark.me\/en\/news\/otvoreni-radovi-na-izgradnji-prvog-naucno-tehnoloskog-parka-u-crnoj-gori\/\"><img loading=\"lazy\" decoding=\"async\" width=\"1600\" height=\"1067\" src=\"https:\/\/ntpark.me\/wp-content\/uploads\/2020\/06\/50012466977_07aa6ac487_o.jpg\" class=\"attachment-full size-full\" alt=\"\" srcset=\"https:\/\/ntpark.me\/wp-content\/uploads\/2020\/06\/50012466977_07aa6ac487_o.jpg 1600w, https:\/\/ntpark.me\/wp-content\/uploads\/2020\/06\/50012466977_07aa6ac487_o-300x200.jpg 300w, https:\/\/ntpark.me\/wp-content\/uploads\/2020\/06\/50012466977_07aa6ac487_o-1024x683.jpg 1024w, https:\/\/ntpark.me\/wp-content\/uploads\/2020\/06\/50012466977_07aa6ac487_o-768x512.jpg 768w, https:\/\/ntpark.me\/wp-content\/uploads\/2020\/06\/50012466977_07aa6ac487_o-1536x1024.jpg 1536w, https:\/\/ntpark.me\/wp-content\/uploads\/2020\/06\/50012466977_07aa6ac487_o-600x400.jpg 600w, https:\/\/ntpark.me\/wp-content\/uploads\/2020\/06\/50012466977_07aa6ac487_o-200x132.jpg 200w\" sizes=\"(max-width: 1600px) 100vw, 1600px\" \/><\/a>\r\n                                    <\/div>\r\n                                    <div class=\"lower-content\">\r\n                                        <ul class=\"post-meta\">\r\n                                            <li><span class=\"icon fal fa-user-alt\"><\/span>bildwpntpark<\/li>\r\n                                            <li><span class=\"icon fal fa-calendar-alt\"><\/span>Jun 16, 2020<\/li>\r\n                                        <\/ul>\r\n                                        <h5><a href=\"https:\/\/ntpark.me\/en\/news\/otvoreni-radovi-na-izgradnji-prvog-naucno-tehnoloskog-parka-u-crnoj-gori\/\">Open works on the construction of the first Science and technology park in Montenegro<\/a><\/h5>\r\n                                    <\/div>\r\n                                <\/div>\r\n                            <\/div>\r\n                        \r\n                            <!-- News Block Ten -->\r\n                            <div class=\"news-block-ten col-lg-4 col-md-6 col-sm-12\">\r\n                                <div class=\"inner-box wow fadeInRight\" data-wow-delay=\"0ms\" data-wow-duration=\"1500ms\">\r\n                                    <div class=\"image\">\r\n                                        <a href=\"https:\/\/ntpark.me\/en\/news\/start-up-prije-i-poslije-korone\/\"><img loading=\"lazy\" decoding=\"async\" width=\"1000\" height=\"1000\" src=\"https:\/\/ntpark.me\/wp-content\/uploads\/2020\/06\/vladimir-n.png\" class=\"attachment-full size-full\" alt=\"\" srcset=\"https:\/\/ntpark.me\/wp-content\/uploads\/2020\/06\/vladimir-n.png 1000w, https:\/\/ntpark.me\/wp-content\/uploads\/2020\/06\/vladimir-n-300x300.png 300w, https:\/\/ntpark.me\/wp-content\/uploads\/2020\/06\/vladimir-n-150x150.png 150w, https:\/\/ntpark.me\/wp-content\/uploads\/2020\/06\/vladimir-n-768x768.png 768w, https:\/\/ntpark.me\/wp-content\/uploads\/2020\/06\/vladimir-n-600x600.png 600w, https:\/\/ntpark.me\/wp-content\/uploads\/2020\/06\/vladimir-n-74x73.png 74w\" sizes=\"(max-width: 1000px) 100vw, 1000px\" \/><\/a>\r\n                                    <\/div>\r\n                                    <div class=\"lower-content\">\r\n                                        <ul class=\"post-meta\">\r\n                                            <li><span class=\"icon fal fa-user-alt\"><\/span>bildwpntpark<\/li>\r\n                                            <li><span class=\"icon fal fa-calendar-alt\"><\/span>Jun 12, 2020<\/li>\r\n                                        <\/ul>\r\n                                        <h5><a href=\"https:\/\/ntpark.me\/en\/news\/start-up-prije-i-poslije-korone\/\">Start-up before and after COVID-19<\/a><\/h5>\r\n                                    <\/div>\r\n                                <\/div>\r\n                            <\/div>\r\n                        \r\n                            <!-- News Block Ten -->\r\n                            <div class=\"news-block-ten col-lg-4 col-md-6 col-sm-12\">\r\n                                <div class=\"inner-box wow fadeInRight\" data-wow-delay=\"0ms\" data-wow-duration=\"1500ms\">\r\n                                    <div class=\"image\">\r\n                                        <a href=\"https:\/\/ntpark.me\/en\/news\/nj-e-karel-urban-u-posjeti-naucno-tehnoloskom-parku-crne-gore\/\"><img loading=\"lazy\" decoding=\"async\" width=\"1280\" height=\"720\" src=\"https:\/\/ntpark.me\/wp-content\/uploads\/2020\/06\/MNE-NTP-CZE.png\" class=\"attachment-full size-full\" alt=\"\" srcset=\"https:\/\/ntpark.me\/wp-content\/uploads\/2020\/06\/MNE-NTP-CZE.png 1280w, https:\/\/ntpark.me\/wp-content\/uploads\/2020\/06\/MNE-NTP-CZE-300x169.png 300w, https:\/\/ntpark.me\/wp-content\/uploads\/2020\/06\/MNE-NTP-CZE-1024x576.png 1024w, https:\/\/ntpark.me\/wp-content\/uploads\/2020\/06\/MNE-NTP-CZE-768x432.png 768w, https:\/\/ntpark.me\/wp-content\/uploads\/2020\/06\/MNE-NTP-CZE-600x338.png 600w\" sizes=\"(max-width: 1280px) 100vw, 1280px\" \/><\/a>\r\n                                    <\/div>\r\n                                    <div class=\"lower-content\">\r\n                                        <ul class=\"post-meta\">\r\n                                            <li><span class=\"icon fal fa-user-alt\"><\/span>bildwpntpark<\/li>\r\n                                            <li><span class=\"icon fal fa-calendar-alt\"><\/span>Jun 05, 2020<\/li>\r\n                                        <\/ul>\r\n                                        <h5><a href=\"https:\/\/ntpark.me\/en\/news\/nj-e-karel-urban-u-posjeti-naucno-tehnoloskom-parku-crne-gore\/\">His Excellency Karel Urban on a visit to the Montenegro Science and technology park<\/a><\/h5>\r\n                                    <\/div>\r\n                                <\/div>\r\n                            <\/div>\r\n                        \r\n                            <!-- News Block Ten -->\r\n                            <div class=\"news-block-ten col-lg-4 col-md-6 col-sm-12\">\r\n                                <div class=\"inner-box wow fadeInRight\" data-wow-delay=\"0ms\" data-wow-duration=\"1500ms\">\r\n                                    <div class=\"image\">\r\n                                        <a href=\"https:\/\/ntpark.me\/en\/news\/potencijal-za-razvoj-start-up-zajednice-nedovoljno-iskoriscen\/\"><img loading=\"lazy\" decoding=\"async\" width=\"1024\" height=\"619\" src=\"https:\/\/ntpark.me\/wp-content\/uploads\/2020\/05\/velibor-boskovic-1024x619-1.jpg\" class=\"attachment-full size-full\" alt=\"\" srcset=\"https:\/\/ntpark.me\/wp-content\/uploads\/2020\/05\/velibor-boskovic-1024x619-1.jpg 1024w, https:\/\/ntpark.me\/wp-content\/uploads\/2020\/05\/velibor-boskovic-1024x619-1-300x181.jpg 300w, https:\/\/ntpark.me\/wp-content\/uploads\/2020\/05\/velibor-boskovic-1024x619-1-768x464.jpg 768w, https:\/\/ntpark.me\/wp-content\/uploads\/2020\/05\/velibor-boskovic-1024x619-1-600x363.jpg 600w\" sizes=\"(max-width: 1024px) 100vw, 1024px\" \/><\/a>\r\n                                    <\/div>\r\n                                    <div class=\"lower-content\">\r\n                                        <ul class=\"post-meta\">\r\n                                            <li><span class=\"icon fal fa-user-alt\"><\/span>bildwpntpark<\/li>\r\n                                            <li><span class=\"icon fal fa-calendar-alt\"><\/span>May 16, 2020<\/li>\r\n                                        <\/ul>\r\n                                        <h5><a href=\"https:\/\/ntpark.me\/en\/news\/potencijal-za-razvoj-start-up-zajednice-nedovoljno-iskoriscen\/\">The potential for startup community development is underutilized<\/a><\/h5>\r\n                                    <\/div>\r\n                                <\/div>\r\n                            <\/div>\r\n                        \r\n                            <!-- News Block Ten -->\r\n                            <div class=\"news-block-ten col-lg-4 col-md-6 col-sm-12\">\r\n                                <div class=\"inner-box wow fadeInRight\" data-wow-delay=\"0ms\" data-wow-duration=\"1500ms\">\r\n                                    <div class=\"image\">\r\n                                        <a href=\"https:\/\/ntpark.me\/en\/news\/predlog-zakona-o-inovacionoj-djelatnosti\/\"><img loading=\"lazy\" decoding=\"async\" width=\"820\" height=\"360\" src=\"https:\/\/ntpark.me\/wp-content\/uploads\/2020\/05\/97862804_1843631235761390_3796347070680399872_n.jpg\" class=\"attachment-full size-full\" alt=\"\" srcset=\"https:\/\/ntpark.me\/wp-content\/uploads\/2020\/05\/97862804_1843631235761390_3796347070680399872_n.jpg 820w, https:\/\/ntpark.me\/wp-content\/uploads\/2020\/05\/97862804_1843631235761390_3796347070680399872_n-300x132.jpg 300w, https:\/\/ntpark.me\/wp-content\/uploads\/2020\/05\/97862804_1843631235761390_3796347070680399872_n-768x337.jpg 768w, https:\/\/ntpark.me\/wp-content\/uploads\/2020\/05\/97862804_1843631235761390_3796347070680399872_n-600x263.jpg 600w\" sizes=\"(max-width: 820px) 100vw, 820px\" \/><\/a>\r\n                                    <\/div>\r\n                                    <div class=\"lower-content\">\r\n                                        <ul class=\"post-meta\">\r\n                                            <li><span class=\"icon fal fa-user-alt\"><\/span>bildwpntpark<\/li>\r\n                                            <li><span class=\"icon fal fa-calendar-alt\"><\/span>May 15, 2020<\/li>\r\n                                        <\/ul>\r\n                                        <h5><a href=\"https:\/\/ntpark.me\/en\/news\/predlog-zakona-o-inovacionoj-djelatnosti\/\">The proposed Law on Innovation Activity<\/a><\/h5>\r\n                                    <\/div>\r\n                                <\/div>\r\n                            <\/div>\r\n                        \r\n                            <!-- News Block Ten -->\r\n                            <div class=\"news-block-ten col-lg-4 col-md-6 col-sm-12\">\r\n                                <div class=\"inner-box wow fadeInRight\" data-wow-delay=\"0ms\" data-wow-duration=\"1500ms\">\r\n                                    <div class=\"image\">\r\n                                        <a href=\"https:\/\/ntpark.me\/en\/news\/javni-poziv-za-konsultovanje-zainteresovane-javnosti\/\"><img loading=\"lazy\" decoding=\"async\" width=\"820\" height=\"360\" src=\"https:\/\/ntpark.me\/wp-content\/uploads\/2020\/05\/97862804_1843631235761390_3796347070680399872_n.jpg\" class=\"attachment-full size-full\" alt=\"\" srcset=\"https:\/\/ntpark.me\/wp-content\/uploads\/2020\/05\/97862804_1843631235761390_3796347070680399872_n.jpg 820w, https:\/\/ntpark.me\/wp-content\/uploads\/2020\/05\/97862804_1843631235761390_3796347070680399872_n-300x132.jpg 300w, https:\/\/ntpark.me\/wp-content\/uploads\/2020\/05\/97862804_1843631235761390_3796347070680399872_n-768x337.jpg 768w, https:\/\/ntpark.me\/wp-content\/uploads\/2020\/05\/97862804_1843631235761390_3796347070680399872_n-600x263.jpg 600w\" sizes=\"(max-width: 820px) 100vw, 820px\" \/><\/a>\r\n                                    <\/div>\r\n                                    <div class=\"lower-content\">\r\n                                        <ul class=\"post-meta\">\r\n                                            <li><span class=\"icon fal fa-user-alt\"><\/span>bildwpntpark<\/li>\r\n                                            <li><span class=\"icon fal fa-calendar-alt\"><\/span>May 15, 2020<\/li>\r\n                                        <\/ul>\r\n                                        <h5><a href=\"https:\/\/ntpark.me\/en\/news\/javni-poziv-za-konsultovanje-zainteresovane-javnosti\/\">The proposed Law on Incentive Measures for Research and Innovation<\/a><\/h5>\r\n                                    <\/div>\r\n                                <\/div>\r\n                            <\/div>\r\n                        \r\n                            <!-- News Block Ten -->\r\n                            <div class=\"news-block-ten col-lg-4 col-md-6 col-sm-12\">\r\n                                <div class=\"inner-box wow fadeInRight\" data-wow-delay=\"0ms\" data-wow-duration=\"1500ms\">\r\n                                    <div class=\"image\">\r\n                                        <a href=\"https:\/\/ntpark.me\/en\/news\/3d-stampa-u-borbi-protiv-koronavirusa\/\"><img loading=\"lazy\" decoding=\"async\" width=\"1600\" height=\"1200\" src=\"https:\/\/ntpark.me\/wp-content\/uploads\/2020\/05\/IMG_6529-scaled-1.jpg\" class=\"attachment-full size-full\" alt=\"\" srcset=\"https:\/\/ntpark.me\/wp-content\/uploads\/2020\/05\/IMG_6529-scaled-1.jpg 1600w, https:\/\/ntpark.me\/wp-content\/uploads\/2020\/05\/IMG_6529-scaled-1-300x225.jpg 300w, https:\/\/ntpark.me\/wp-content\/uploads\/2020\/05\/IMG_6529-scaled-1-1024x768.jpg 1024w, https:\/\/ntpark.me\/wp-content\/uploads\/2020\/05\/IMG_6529-scaled-1-768x576.jpg 768w, https:\/\/ntpark.me\/wp-content\/uploads\/2020\/05\/IMG_6529-scaled-1-1536x1152.jpg 1536w, https:\/\/ntpark.me\/wp-content\/uploads\/2020\/05\/IMG_6529-scaled-1-600x450.jpg 600w\" sizes=\"(max-width: 1600px) 100vw, 1600px\" \/><\/a>\r\n                                    <\/div>\r\n                                    <div class=\"lower-content\">\r\n                                        <ul class=\"post-meta\">\r\n                                            <li><span class=\"icon fal fa-user-alt\"><\/span>bildwpntpark<\/li>\r\n                                            <li><span class=\"icon fal fa-calendar-alt\"><\/span>May 14, 2020<\/li>\r\n                                        <\/ul>\r\n                                        <h5><a href=\"https:\/\/ntpark.me\/en\/news\/3d-stampa-u-borbi-protiv-koronavirusa\/\">3D printing in the fight against Coronavirus<\/a><\/h5>\r\n                                    <\/div>\r\n                                <\/div>\r\n                            <\/div>\r\n                        \r\n                            <!-- News Block Ten -->\r\n                            <div class=\"news-block-ten col-lg-4 col-md-6 col-sm-12\">\r\n                                <div class=\"inner-box wow fadeInRight\" data-wow-delay=\"0ms\" data-wow-duration=\"1500ms\">\r\n                                    <div class=\"image\">\r\n                                        <a href=\"https:\/\/ntpark.me\/en\/news\/eu4tech-poc-pokrece-1-na-1-zoom-konsultacije\/\"><img loading=\"lazy\" decoding=\"async\" width=\"720\" height=\"340\" src=\"https:\/\/ntpark.me\/wp-content\/uploads\/2020\/05\/200509bookings-720x340-1.jpeg\" class=\"attachment-full size-full\" alt=\"\" srcset=\"https:\/\/ntpark.me\/wp-content\/uploads\/2020\/05\/200509bookings-720x340-1.jpeg 720w, https:\/\/ntpark.me\/wp-content\/uploads\/2020\/05\/200509bookings-720x340-1-300x142.jpeg 300w, https:\/\/ntpark.me\/wp-content\/uploads\/2020\/05\/200509bookings-720x340-1-600x283.jpeg 600w\" sizes=\"(max-width: 720px) 100vw, 720px\" \/><\/a>\r\n                                    <\/div>\r\n                                    <div class=\"lower-content\">\r\n                                        <ul class=\"post-meta\">\r\n                                            <li><span class=\"icon fal fa-user-alt\"><\/span>bildwpntpark<\/li>\r\n                                            <li><span class=\"icon fal fa-calendar-alt\"><\/span>May 12, 2020<\/li>\r\n                                        <\/ul>\r\n                                        <h5><a href=\"https:\/\/ntpark.me\/en\/news\/eu4tech-poc-pokrece-1-na-1-zoom-konsultacije\/\">EU4TECH PoC launches &#8220;1-on-1&#8221; Zoom consultations<\/a><\/h5>\r\n                                    <\/div>\r\n                                <\/div>\r\n                            <\/div>\r\n                        \r\n                            <!-- News Block Ten -->\r\n                            <div class=\"news-block-ten col-lg-4 col-md-6 col-sm-12\">\r\n                                <div class=\"inner-box wow fadeInRight\" data-wow-delay=\"0ms\" data-wow-duration=\"1500ms\">\r\n                                    <div class=\"image\">\r\n                                        <a href=\"https:\/\/ntpark.me\/en\/news\/optimizam-i-energicnost-jednog-vizionara\/\"><img loading=\"lazy\" decoding=\"async\" width=\"1600\" height=\"1600\" src=\"https:\/\/ntpark.me\/wp-content\/uploads\/2020\/05\/Dragan-Lajovic-Memoriam-02.jpg\" class=\"attachment-full size-full\" alt=\"\" srcset=\"https:\/\/ntpark.me\/wp-content\/uploads\/2020\/05\/Dragan-Lajovic-Memoriam-02.jpg 1600w, https:\/\/ntpark.me\/wp-content\/uploads\/2020\/05\/Dragan-Lajovic-Memoriam-02-300x300.jpg 300w, https:\/\/ntpark.me\/wp-content\/uploads\/2020\/05\/Dragan-Lajovic-Memoriam-02-1024x1024.jpg 1024w, https:\/\/ntpark.me\/wp-content\/uploads\/2020\/05\/Dragan-Lajovic-Memoriam-02-150x150.jpg 150w, https:\/\/ntpark.me\/wp-content\/uploads\/2020\/05\/Dragan-Lajovic-Memoriam-02-768x768.jpg 768w, https:\/\/ntpark.me\/wp-content\/uploads\/2020\/05\/Dragan-Lajovic-Memoriam-02-1536x1536.jpg 1536w, https:\/\/ntpark.me\/wp-content\/uploads\/2020\/05\/Dragan-Lajovic-Memoriam-02-600x600.jpg 600w, https:\/\/ntpark.me\/wp-content\/uploads\/2020\/05\/Dragan-Lajovic-Memoriam-02-74x73.jpg 74w\" sizes=\"(max-width: 1600px) 100vw, 1600px\" \/><\/a>\r\n                                    <\/div>\r\n                                    <div class=\"lower-content\">\r\n                                        <ul class=\"post-meta\">\r\n                                            <li><span class=\"icon fal fa-user-alt\"><\/span>bildwpntpark<\/li>\r\n                                            <li><span class=\"icon fal fa-calendar-alt\"><\/span>May 09, 2020<\/li>\r\n                                        <\/ul>\r\n                                        <h5><a href=\"https:\/\/ntpark.me\/en\/news\/optimizam-i-energicnost-jednog-vizionara\/\">The optimism and energy of a visionary<\/a><\/h5>\r\n                                    <\/div>\r\n                                <\/div>\r\n                            <\/div>\r\n                        \r\n                            <!-- News Block Ten -->\r\n                            <div class=\"news-block-ten col-lg-4 col-md-6 col-sm-12\">\r\n                                <div class=\"inner-box wow fadeInRight\" data-wow-delay=\"0ms\" data-wow-duration=\"1500ms\">\r\n                                    <div class=\"image\">\r\n                                        <a href=\"https:\/\/ntpark.me\/en\/news\/odabrani-timovi-prosli-prvu-validaciju-ideja-slijedi-visemjesecni-razvoj-ideja\/\"><img loading=\"lazy\" decoding=\"async\" width=\"843\" height=\"843\" src=\"https:\/\/ntpark.me\/wp-content\/uploads\/2020\/05\/94593763_157318525817789_7664243730961924096_o.jpg\" class=\"attachment-full size-full\" alt=\"\" srcset=\"https:\/\/ntpark.me\/wp-content\/uploads\/2020\/05\/94593763_157318525817789_7664243730961924096_o.jpg 843w, https:\/\/ntpark.me\/wp-content\/uploads\/2020\/05\/94593763_157318525817789_7664243730961924096_o-300x300.jpg 300w, https:\/\/ntpark.me\/wp-content\/uploads\/2020\/05\/94593763_157318525817789_7664243730961924096_o-150x150.jpg 150w, https:\/\/ntpark.me\/wp-content\/uploads\/2020\/05\/94593763_157318525817789_7664243730961924096_o-768x768.jpg 768w, https:\/\/ntpark.me\/wp-content\/uploads\/2020\/05\/94593763_157318525817789_7664243730961924096_o-600x600.jpg 600w, https:\/\/ntpark.me\/wp-content\/uploads\/2020\/05\/94593763_157318525817789_7664243730961924096_o-74x73.jpg 74w\" sizes=\"(max-width: 843px) 100vw, 843px\" \/><\/a>\r\n                                    <\/div>\r\n                                    <div class=\"lower-content\">\r\n                                        <ul class=\"post-meta\">\r\n                                            <li><span class=\"icon fal fa-user-alt\"><\/span>bildwpntpark<\/li>\r\n                                            <li><span class=\"icon fal fa-calendar-alt\"><\/span>May 09, 2020<\/li>\r\n                                        <\/ul>\r\n                                        <h5><a href=\"https:\/\/ntpark.me\/en\/news\/odabrani-timovi-prosli-prvu-validaciju-ideja-slijedi-visemjesecni-razvoj-ideja\/\">The selected teams have passed the initial idea validation, and the multi-month development phase now follows<\/a><\/h5>\r\n                                    <\/div>\r\n                                <\/div>\r\n                            <\/div>\r\n                        \r\n                            <!-- News Block Ten -->\r\n                            <div class=\"news-block-ten col-lg-4 col-md-6 col-sm-12\">\r\n                                <div class=\"inner-box wow fadeInRight\" data-wow-delay=\"0ms\" data-wow-duration=\"1500ms\">\r\n                                    <div class=\"image\">\r\n                                        <a href=\"https:\/\/ntpark.me\/en\/news\/ko-su-pobjednici-prvog-online-hakatona-u-crnoj-gori\/\"><img loading=\"lazy\" decoding=\"async\" width=\"980\" height=\"442\" src=\"https:\/\/ntpark.me\/wp-content\/uploads\/2020\/05\/Pobjednici-980x442-1.jpg\" class=\"attachment-full size-full\" alt=\"\" srcset=\"https:\/\/ntpark.me\/wp-content\/uploads\/2020\/05\/Pobjednici-980x442-1.jpg 980w, https:\/\/ntpark.me\/wp-content\/uploads\/2020\/05\/Pobjednici-980x442-1-300x135.jpg 300w, https:\/\/ntpark.me\/wp-content\/uploads\/2020\/05\/Pobjednici-980x442-1-768x346.jpg 768w, https:\/\/ntpark.me\/wp-content\/uploads\/2020\/05\/Pobjednici-980x442-1-600x271.jpg 600w\" sizes=\"(max-width: 980px) 100vw, 980px\" \/><\/a>\r\n                                    <\/div>\r\n                                    <div class=\"lower-content\">\r\n                                        <ul class=\"post-meta\">\r\n                                            <li><span class=\"icon fal fa-user-alt\"><\/span>bildwpntpark<\/li>\r\n                                            <li><span class=\"icon fal fa-calendar-alt\"><\/span>May 08, 2020<\/li>\r\n                                        <\/ul>\r\n                                        <h5><a href=\"https:\/\/ntpark.me\/en\/news\/ko-su-pobjednici-prvog-online-hakatona-u-crnoj-gori\/\">Who are the winners of the first online hackathon in Montenegro?<\/a><\/h5>\r\n                                    <\/div>\r\n                                <\/div>\r\n                            <\/div>\r\n                        \r\n                            <!-- News Block Ten -->\r\n                            <div class=\"news-block-ten col-lg-4 col-md-6 col-sm-12\">\r\n                                <div class=\"inner-box wow fadeInRight\" data-wow-delay=\"0ms\" data-wow-duration=\"1500ms\">\r\n                                    <div class=\"image\">\r\n                                        <a href=\"https:\/\/ntpark.me\/en\/news\/pridruzite-se-tehnoloskoj-revoluciji-u-sportu\/\"><img loading=\"lazy\" decoding=\"async\" width=\"500\" height=\"190\" src=\"https:\/\/ntpark.me\/wp-content\/uploads\/2020\/05\/sportstech-webinar.jpg\" class=\"attachment-full size-full\" alt=\"\" srcset=\"https:\/\/ntpark.me\/wp-content\/uploads\/2020\/05\/sportstech-webinar.jpg 500w, https:\/\/ntpark.me\/wp-content\/uploads\/2020\/05\/sportstech-webinar-300x114.jpg 300w\" sizes=\"(max-width: 500px) 100vw, 500px\" \/><\/a>\r\n                                    <\/div>\r\n                                    <div class=\"lower-content\">\r\n                                        <ul class=\"post-meta\">\r\n                                            <li><span class=\"icon fal fa-user-alt\"><\/span>bildwpntpark<\/li>\r\n                                            <li><span class=\"icon fal fa-calendar-alt\"><\/span>May 02, 2020<\/li>\r\n                                        <\/ul>\r\n                                        <h5><a href=\"https:\/\/ntpark.me\/en\/news\/pridruzite-se-tehnoloskoj-revoluciji-u-sportu\/\">Join the technological revolution in sports<\/a><\/h5>\r\n                                    <\/div>\r\n                                <\/div>\r\n                            <\/div>\r\n                        \r\n                            <!-- News Block Ten -->\r\n                            <div class=\"news-block-ten col-lg-4 col-md-6 col-sm-12\">\r\n                                <div class=\"inner-box wow fadeInRight\" data-wow-delay=\"0ms\" data-wow-duration=\"1500ms\">\r\n                                    <div class=\"image\">\r\n                                        <a href=\"https:\/\/ntpark.me\/en\/news\/damjanovic-uz-pomoc-nauke-i-inovacija-aktivirati-tradicionalne-privredne-grane\/\"><img loading=\"lazy\" decoding=\"async\" width=\"960\" height=\"600\" src=\"https:\/\/ntpark.me\/wp-content\/uploads\/2020\/05\/1587113552-sanja-damjanovic-ministarka-nauke-2612-2019-dragan-mijatovic-24-i_960x600.jpg\" class=\"attachment-full size-full\" alt=\"\" srcset=\"https:\/\/ntpark.me\/wp-content\/uploads\/2020\/05\/1587113552-sanja-damjanovic-ministarka-nauke-2612-2019-dragan-mijatovic-24-i_960x600.jpg 960w, https:\/\/ntpark.me\/wp-content\/uploads\/2020\/05\/1587113552-sanja-damjanovic-ministarka-nauke-2612-2019-dragan-mijatovic-24-i_960x600-300x188.jpg 300w, https:\/\/ntpark.me\/wp-content\/uploads\/2020\/05\/1587113552-sanja-damjanovic-ministarka-nauke-2612-2019-dragan-mijatovic-24-i_960x600-768x480.jpg 768w, https:\/\/ntpark.me\/wp-content\/uploads\/2020\/05\/1587113552-sanja-damjanovic-ministarka-nauke-2612-2019-dragan-mijatovic-24-i_960x600-600x375.jpg 600w\" sizes=\"(max-width: 960px) 100vw, 960px\" \/><\/a>\r\n                                    <\/div>\r\n                                    <div class=\"lower-content\">\r\n                                        <ul class=\"post-meta\">\r\n                                            <li><span class=\"icon fal fa-user-alt\"><\/span>bildwpntpark<\/li>\r\n                                            <li><span class=\"icon fal fa-calendar-alt\"><\/span>May 01, 2020<\/li>\r\n                                        <\/ul>\r\n                                        <h5><a href=\"https:\/\/ntpark.me\/en\/news\/damjanovic-uz-pomoc-nauke-i-inovacija-aktivirati-tradicionalne-privredne-grane\/\">Damjanovi\u0107: Activating traditional economic sectors with the help of science and innovation<\/a><\/h5>\r\n                                    <\/div>\r\n                                <\/div>\r\n                            <\/div>\r\n                        \r\n                            <!-- News Block Ten -->\r\n                            <div class=\"news-block-ten col-lg-4 col-md-6 col-sm-12\">\r\n                                <div class=\"inner-box wow fadeInRight\" data-wow-delay=\"0ms\" data-wow-duration=\"1500ms\">\r\n                                    <div class=\"image\">\r\n                                        <a href=\"https:\/\/ntpark.me\/en\/news\/izabrani-timovi-i-ideje-za-finalnu-fazu-takmicenja\/\"><img loading=\"lazy\" decoding=\"async\" width=\"980\" height=\"442\" src=\"https:\/\/ntpark.me\/wp-content\/uploads\/2020\/04\/Blog-Post-980x442-1.jpg\" class=\"attachment-full size-full\" alt=\"\" srcset=\"https:\/\/ntpark.me\/wp-content\/uploads\/2020\/04\/Blog-Post-980x442-1.jpg 980w, https:\/\/ntpark.me\/wp-content\/uploads\/2020\/04\/Blog-Post-980x442-1-300x135.jpg 300w, https:\/\/ntpark.me\/wp-content\/uploads\/2020\/04\/Blog-Post-980x442-1-768x346.jpg 768w, https:\/\/ntpark.me\/wp-content\/uploads\/2020\/04\/Blog-Post-980x442-1-600x271.jpg 600w\" sizes=\"(max-width: 980px) 100vw, 980px\" \/><\/a>\r\n                                    <\/div>\r\n                                    <div class=\"lower-content\">\r\n                                        <ul class=\"post-meta\">\r\n                                            <li><span class=\"icon fal fa-user-alt\"><\/span>bildwpntpark<\/li>\r\n                                            <li><span class=\"icon fal fa-calendar-alt\"><\/span>Apr 23, 2020<\/li>\r\n                                        <\/ul>\r\n                                        <h5><a href=\"https:\/\/ntpark.me\/en\/news\/izabrani-timovi-i-ideje-za-finalnu-fazu-takmicenja\/\">Selected teams and ideas for the final phase of the competition<\/a><\/h5>\r\n                                    <\/div>\r\n                                <\/div>\r\n                            <\/div>\r\n                        \r\n                            <!-- News Block Ten -->\r\n                            <div class=\"news-block-ten col-lg-4 col-md-6 col-sm-12\">\r\n                                <div class=\"inner-box wow fadeInRight\" data-wow-delay=\"0ms\" data-wow-duration=\"1500ms\">\r\n                                    <div class=\"image\">\r\n                                        <a href=\"https:\/\/ntpark.me\/en\/news\/kick-off-webinar-eu4tech-poc-poziv-za-aplikacije\/\"><img loading=\"lazy\" decoding=\"async\" width=\"750\" height=\"249\" src=\"https:\/\/ntpark.me\/wp-content\/uploads\/2020\/04\/photo-1519389950473-47ba0277781c-e1583401955238.jpeg\" class=\"attachment-full size-full\" alt=\"\" srcset=\"https:\/\/ntpark.me\/wp-content\/uploads\/2020\/04\/photo-1519389950473-47ba0277781c-e1583401955238.jpeg 750w, https:\/\/ntpark.me\/wp-content\/uploads\/2020\/04\/photo-1519389950473-47ba0277781c-e1583401955238-300x100.jpeg 300w, https:\/\/ntpark.me\/wp-content\/uploads\/2020\/04\/photo-1519389950473-47ba0277781c-e1583401955238-600x199.jpeg 600w\" sizes=\"(max-width: 750px) 100vw, 750px\" \/><\/a>\r\n                                    <\/div>\r\n                                    <div class=\"lower-content\">\r\n                                        <ul class=\"post-meta\">\r\n                                            <li><span class=\"icon fal fa-user-alt\"><\/span>bildwpntpark<\/li>\r\n                                            <li><span class=\"icon fal fa-calendar-alt\"><\/span>Apr 21, 2020<\/li>\r\n                                        <\/ul>\r\n                                        <h5><a href=\"https:\/\/ntpark.me\/en\/news\/kick-off-webinar-eu4tech-poc-poziv-za-aplikacije\/\">Kick-off Webinar &#8220;EU4TECH POC &#8211; Call for Applications&#8221;<\/a><\/h5>\r\n                                    <\/div>\r\n                                <\/div>\r\n                            <\/div>\r\n                        \r\n                            <!-- News Block Ten -->\r\n                            <div class=\"news-block-ten col-lg-4 col-md-6 col-sm-12\">\r\n                                <div class=\"inner-box wow fadeInRight\" data-wow-delay=\"0ms\" data-wow-duration=\"1500ms\">\r\n                                    <div class=\"image\">\r\n                                        <a href=\"https:\/\/ntpark.me\/en\/news\/nauka-i-inovacije-da-pokrecu-razvoj-moramo-kreirati-jacu-i-otporniju-privredu\/\"><img loading=\"lazy\" decoding=\"async\" width=\"1468\" height=\"1080\" src=\"https:\/\/ntpark.me\/wp-content\/uploads\/2020\/04\/3.-sd-foto-kredit-marko-prpic-pixell.jpeg\" class=\"attachment-full size-full\" alt=\"\" srcset=\"https:\/\/ntpark.me\/wp-content\/uploads\/2020\/04\/3.-sd-foto-kredit-marko-prpic-pixell.jpeg 1468w, https:\/\/ntpark.me\/wp-content\/uploads\/2020\/04\/3.-sd-foto-kredit-marko-prpic-pixell-300x221.jpeg 300w, https:\/\/ntpark.me\/wp-content\/uploads\/2020\/04\/3.-sd-foto-kredit-marko-prpic-pixell-1024x753.jpeg 1024w, https:\/\/ntpark.me\/wp-content\/uploads\/2020\/04\/3.-sd-foto-kredit-marko-prpic-pixell-768x565.jpeg 768w, https:\/\/ntpark.me\/wp-content\/uploads\/2020\/04\/3.-sd-foto-kredit-marko-prpic-pixell-600x441.jpeg 600w\" sizes=\"(max-width: 1468px) 100vw, 1468px\" \/><\/a>\r\n                                    <\/div>\r\n                                    <div class=\"lower-content\">\r\n                                        <ul class=\"post-meta\">\r\n                                            <li><span class=\"icon fal fa-user-alt\"><\/span>bildwpntpark<\/li>\r\n                                            <li><span class=\"icon fal fa-calendar-alt\"><\/span>Apr 17, 2020<\/li>\r\n                                        <\/ul>\r\n                                        <h5><a href=\"https:\/\/ntpark.me\/en\/news\/nauka-i-inovacije-da-pokrecu-razvoj-moramo-kreirati-jacu-i-otporniju-privredu\/\">Science and innovation drive development; we must create a stronger and more resilient economy<\/a><\/h5>\r\n                                    <\/div>\r\n                                <\/div>\r\n                            <\/div>\r\n                        \r\n                            <!-- News Block Ten -->\r\n                            <div class=\"news-block-ten col-lg-4 col-md-6 col-sm-12\">\r\n                                <div class=\"inner-box wow fadeInRight\" data-wow-delay=\"0ms\" data-wow-duration=\"1500ms\">\r\n                                    <div class=\"image\">\r\n                                        <a href=\"https:\/\/ntpark.me\/en\/news\/onlajn-hakaton-za-odgovor-na-covid-19-i-oporavak-od-krize\/\"><img loading=\"lazy\" decoding=\"async\" width=\"1280\" height=\"561\" src=\"https:\/\/ntpark.me\/wp-content\/uploads\/2020\/04\/cq5dam.web_.1280.1280.jpeg\" class=\"attachment-full size-full\" alt=\"\" srcset=\"https:\/\/ntpark.me\/wp-content\/uploads\/2020\/04\/cq5dam.web_.1280.1280.jpeg 1280w, https:\/\/ntpark.me\/wp-content\/uploads\/2020\/04\/cq5dam.web_.1280.1280-300x131.jpeg 300w, https:\/\/ntpark.me\/wp-content\/uploads\/2020\/04\/cq5dam.web_.1280.1280-1024x449.jpeg 1024w, https:\/\/ntpark.me\/wp-content\/uploads\/2020\/04\/cq5dam.web_.1280.1280-768x337.jpeg 768w, https:\/\/ntpark.me\/wp-content\/uploads\/2020\/04\/cq5dam.web_.1280.1280-600x263.jpeg 600w\" sizes=\"(max-width: 1280px) 100vw, 1280px\" \/><\/a>\r\n                                    <\/div>\r\n                                    <div class=\"lower-content\">\r\n                                        <ul class=\"post-meta\">\r\n                                            <li><span class=\"icon fal fa-user-alt\"><\/span>bildwpntpark<\/li>\r\n                                            <li><span class=\"icon fal fa-calendar-alt\"><\/span>Apr 09, 2020<\/li>\r\n                                        <\/ul>\r\n                                        <h5><a href=\"https:\/\/ntpark.me\/en\/news\/onlajn-hakaton-za-odgovor-na-covid-19-i-oporavak-od-krize\/\">Online Hackathon for COVID-19 Response and crisis recovery<\/a><\/h5>\r\n                                    <\/div>\r\n                                <\/div>\r\n                            <\/div>\r\n                        \r\n                            <!-- News Block Ten -->\r\n                            <div class=\"news-block-ten col-lg-4 col-md-6 col-sm-12\">\r\n                                <div class=\"inner-box wow fadeInRight\" data-wow-delay=\"0ms\" data-wow-duration=\"1500ms\">\r\n                                    <div class=\"image\">\r\n                                        <a href=\"https:\/\/ntpark.me\/en\/news\/kako-visoko-obrazovanje-i-inovativni-projekat-pomazu-borbu-protiv-covid-19\/\"><img loading=\"lazy\" decoding=\"async\" width=\"1140\" height=\"500\" src=\"https:\/\/ntpark.me\/wp-content\/uploads\/2020\/04\/lab3.jpg\" class=\"attachment-full size-full\" alt=\"\" srcset=\"https:\/\/ntpark.me\/wp-content\/uploads\/2020\/04\/lab3.jpg 1140w, https:\/\/ntpark.me\/wp-content\/uploads\/2020\/04\/lab3-300x132.jpg 300w, https:\/\/ntpark.me\/wp-content\/uploads\/2020\/04\/lab3-1024x449.jpg 1024w, https:\/\/ntpark.me\/wp-content\/uploads\/2020\/04\/lab3-768x337.jpg 768w, https:\/\/ntpark.me\/wp-content\/uploads\/2020\/04\/lab3-600x263.jpg 600w\" sizes=\"(max-width: 1140px) 100vw, 1140px\" \/><\/a>\r\n                                    <\/div>\r\n                                    <div class=\"lower-content\">\r\n                                        <ul class=\"post-meta\">\r\n                                            <li><span class=\"icon fal fa-user-alt\"><\/span>bildwpntpark<\/li>\r\n                                            <li><span class=\"icon fal fa-calendar-alt\"><\/span>Apr 08, 2020<\/li>\r\n                                        <\/ul>\r\n                                        <h5><a href=\"https:\/\/ntpark.me\/en\/news\/kako-visoko-obrazovanje-i-inovativni-projekat-pomazu-borbu-protiv-covid-19\/\">How higher education and innovative projects help in the fight against COVID-19<\/a><\/h5>\r\n                                    <\/div>\r\n                                <\/div>\r\n                            <\/div>\r\n                        \r\n                            <!-- News Block Ten -->\r\n                            <div class=\"news-block-ten col-lg-4 col-md-6 col-sm-12\">\r\n                                <div class=\"inner-box wow fadeInRight\" data-wow-delay=\"0ms\" data-wow-duration=\"1500ms\">\r\n                                    <div class=\"image\">\r\n                                        <a href=\"https:\/\/ntpark.me\/en\/news\/prva-zajednicka-isporuka-udruzenih-proizvodaca-3d-stampanih-zastitnih-vizira\/\"><img loading=\"lazy\" decoding=\"async\" width=\"1600\" height=\"1200\" src=\"https:\/\/ntpark.me\/wp-content\/uploads\/2020\/04\/IMG_6574-scaled-1.jpg\" class=\"attachment-full size-full\" alt=\"\" srcset=\"https:\/\/ntpark.me\/wp-content\/uploads\/2020\/04\/IMG_6574-scaled-1.jpg 1600w, https:\/\/ntpark.me\/wp-content\/uploads\/2020\/04\/IMG_6574-scaled-1-300x225.jpg 300w, https:\/\/ntpark.me\/wp-content\/uploads\/2020\/04\/IMG_6574-scaled-1-1024x768.jpg 1024w, https:\/\/ntpark.me\/wp-content\/uploads\/2020\/04\/IMG_6574-scaled-1-768x576.jpg 768w, https:\/\/ntpark.me\/wp-content\/uploads\/2020\/04\/IMG_6574-scaled-1-1536x1152.jpg 1536w, https:\/\/ntpark.me\/wp-content\/uploads\/2020\/04\/IMG_6574-scaled-1-600x450.jpg 600w\" sizes=\"(max-width: 1600px) 100vw, 1600px\" \/><\/a>\r\n                                    <\/div>\r\n                                    <div class=\"lower-content\">\r\n                                        <ul class=\"post-meta\">\r\n                                            <li><span class=\"icon fal fa-user-alt\"><\/span>bildwpntpark<\/li>\r\n                                            <li><span class=\"icon fal fa-calendar-alt\"><\/span>Apr 01, 2020<\/li>\r\n                                        <\/ul>\r\n                                        <h5><a href=\"https:\/\/ntpark.me\/en\/news\/prva-zajednicka-isporuka-udruzenih-proizvodaca-3d-stampanih-zastitnih-vizira\/\">The first joint delivery of 3D printed protective visors by collaborating manufacturers<\/a><\/h5>\r\n                                    <\/div>\r\n                                <\/div>\r\n                            <\/div>\r\n                        \r\n                            <!-- News Block Ten -->\r\n                            <div class=\"news-block-ten col-lg-4 col-md-6 col-sm-12\">\r\n                                <div class=\"inner-box wow fadeInRight\" data-wow-delay=\"0ms\" data-wow-duration=\"1500ms\">\r\n                                    <div class=\"image\">\r\n                                        <a href=\"https:\/\/ntpark.me\/en\/news\/zajednickim-naporima-partnera-dajemo-podrsku-zdravstvenom-sistemu\/\"><img loading=\"lazy\" decoding=\"async\" width=\"1600\" height=\"1200\" src=\"https:\/\/ntpark.me\/wp-content\/uploads\/2020\/03\/IMG_6610-scaled-1.jpg\" class=\"attachment-full size-full\" alt=\"\" srcset=\"https:\/\/ntpark.me\/wp-content\/uploads\/2020\/03\/IMG_6610-scaled-1.jpg 1600w, https:\/\/ntpark.me\/wp-content\/uploads\/2020\/03\/IMG_6610-scaled-1-300x225.jpg 300w, https:\/\/ntpark.me\/wp-content\/uploads\/2020\/03\/IMG_6610-scaled-1-1024x768.jpg 1024w, https:\/\/ntpark.me\/wp-content\/uploads\/2020\/03\/IMG_6610-scaled-1-768x576.jpg 768w, https:\/\/ntpark.me\/wp-content\/uploads\/2020\/03\/IMG_6610-scaled-1-1536x1152.jpg 1536w, https:\/\/ntpark.me\/wp-content\/uploads\/2020\/03\/IMG_6610-scaled-1-600x450.jpg 600w\" sizes=\"(max-width: 1600px) 100vw, 1600px\" \/><\/a>\r\n                                    <\/div>\r\n                                    <div class=\"lower-content\">\r\n                                        <ul class=\"post-meta\">\r\n                                            <li><span class=\"icon fal fa-user-alt\"><\/span>bildwpntpark<\/li>\r\n                                            <li><span class=\"icon fal fa-calendar-alt\"><\/span>Mar 28, 2020<\/li>\r\n                                        <\/ul>\r\n                                        <h5><a href=\"https:\/\/ntpark.me\/en\/news\/zajednickim-naporima-partnera-dajemo-podrsku-zdravstvenom-sistemu\/\">Through the joint efforts of partners, we provide support to the healthcare system<\/a><\/h5>\r\n                                    <\/div>\r\n                                <\/div>\r\n                            <\/div>\r\n                        \r\n                            <!-- News Block Ten -->\r\n                            <div class=\"news-block-ten col-lg-4 col-md-6 col-sm-12\">\r\n                                <div class=\"inner-box wow fadeInRight\" data-wow-delay=\"0ms\" data-wow-duration=\"1500ms\">\r\n                                    <div class=\"image\">\r\n                                        <a href=\"https:\/\/ntpark.me\/en\/news\/potpisan-ugovor-za-izvodenje-radova-na-izgradnji-naucno-tehnoloskog-parka-crne-gore\/\"><img loading=\"lazy\" decoding=\"async\" width=\"1600\" height=\"907\" src=\"https:\/\/ntpark.me\/wp-content\/uploads\/2020\/03\/NTP00301.png\" class=\"attachment-full size-full\" alt=\"\" srcset=\"https:\/\/ntpark.me\/wp-content\/uploads\/2020\/03\/NTP00301.png 1600w, https:\/\/ntpark.me\/wp-content\/uploads\/2020\/03\/NTP00301-300x170.png 300w, https:\/\/ntpark.me\/wp-content\/uploads\/2020\/03\/NTP00301-1024x580.png 1024w, https:\/\/ntpark.me\/wp-content\/uploads\/2020\/03\/NTP00301-768x435.png 768w, https:\/\/ntpark.me\/wp-content\/uploads\/2020\/03\/NTP00301-1536x871.png 1536w, https:\/\/ntpark.me\/wp-content\/uploads\/2020\/03\/NTP00301-600x340.png 600w\" sizes=\"(max-width: 1600px) 100vw, 1600px\" \/><\/a>\r\n                                    <\/div>\r\n                                    <div class=\"lower-content\">\r\n                                        <ul class=\"post-meta\">\r\n                                            <li><span class=\"icon fal fa-user-alt\"><\/span>bildwpntpark<\/li>\r\n                                            <li><span class=\"icon fal fa-calendar-alt\"><\/span>Mar 27, 2020<\/li>\r\n                                        <\/ul>\r\n                                        <h5><a href=\"https:\/\/ntpark.me\/en\/news\/potpisan-ugovor-za-izvodenje-radova-na-izgradnji-naucno-tehnoloskog-parka-crne-gore\/\">The contract for the construction works of the National Technology Park of Montenegro has been signed<\/a><\/h5>\r\n                                    <\/div>\r\n                                <\/div>\r\n                            <\/div>\r\n                        \r\n                            <!-- News Block Ten -->\r\n                            <div class=\"news-block-ten col-lg-4 col-md-6 col-sm-12\">\r\n                                <div class=\"inner-box wow fadeInRight\" data-wow-delay=\"0ms\" data-wow-duration=\"1500ms\">\r\n                                    <div class=\"image\">\r\n                                        <a href=\"https:\/\/ntpark.me\/en\/news\/3d-stampa-u-funkciji-podrske-borbi-protiv-covid-19\/\"><img loading=\"lazy\" decoding=\"async\" width=\"1600\" height=\"1200\" src=\"https:\/\/ntpark.me\/wp-content\/uploads\/2020\/03\/IMG_2910-1-scaled-1.jpg\" class=\"attachment-full size-full\" alt=\"\" srcset=\"https:\/\/ntpark.me\/wp-content\/uploads\/2020\/03\/IMG_2910-1-scaled-1.jpg 1600w, https:\/\/ntpark.me\/wp-content\/uploads\/2020\/03\/IMG_2910-1-scaled-1-300x225.jpg 300w, https:\/\/ntpark.me\/wp-content\/uploads\/2020\/03\/IMG_2910-1-scaled-1-1024x768.jpg 1024w, https:\/\/ntpark.me\/wp-content\/uploads\/2020\/03\/IMG_2910-1-scaled-1-768x576.jpg 768w, https:\/\/ntpark.me\/wp-content\/uploads\/2020\/03\/IMG_2910-1-scaled-1-1536x1152.jpg 1536w, https:\/\/ntpark.me\/wp-content\/uploads\/2020\/03\/IMG_2910-1-scaled-1-600x450.jpg 600w\" sizes=\"(max-width: 1600px) 100vw, 1600px\" \/><\/a>\r\n                                    <\/div>\r\n                                    <div class=\"lower-content\">\r\n                                        <ul class=\"post-meta\">\r\n                                            <li><span class=\"icon fal fa-user-alt\"><\/span>bildwpntpark<\/li>\r\n                                            <li><span class=\"icon fal fa-calendar-alt\"><\/span>Mar 24, 2020<\/li>\r\n                                        <\/ul>\r\n                                        <h5><a href=\"https:\/\/ntpark.me\/en\/news\/3d-stampa-u-funkciji-podrske-borbi-protiv-covid-19\/\">3D Printing in Support of the Fight Against COVID-19<\/a><\/h5>\r\n                                    <\/div>\r\n                                <\/div>\r\n                            <\/div>\r\n                        \r\n                            <!-- News Block Ten -->\r\n                            <div class=\"news-block-ten col-lg-4 col-md-6 col-sm-12\">\r\n                                <div class=\"inner-box wow fadeInRight\" data-wow-delay=\"0ms\" data-wow-duration=\"1500ms\">\r\n                                    <div class=\"image\">\r\n                                        <a href=\"https:\/\/ntpark.me\/en\/news\/eudatathon\/\"><img loading=\"lazy\" decoding=\"async\" width=\"309\" height=\"205\" src=\"https:\/\/ntpark.me\/wp-content\/uploads\/2020\/03\/eud.png\" class=\"attachment-full size-full\" alt=\"\" srcset=\"https:\/\/ntpark.me\/wp-content\/uploads\/2020\/03\/eud.png 309w, https:\/\/ntpark.me\/wp-content\/uploads\/2020\/03\/eud-300x199.png 300w, https:\/\/ntpark.me\/wp-content\/uploads\/2020\/03\/eud-200x132.png 200w\" sizes=\"(max-width: 309px) 100vw, 309px\" \/><\/a>\r\n                                    <\/div>\r\n                                    <div class=\"lower-content\">\r\n                                        <ul class=\"post-meta\">\r\n                                            <li><span class=\"icon fal fa-user-alt\"><\/span>bildwpntpark<\/li>\r\n                                            <li><span class=\"icon fal fa-calendar-alt\"><\/span>Mar 18, 2020<\/li>\r\n                                        <\/ul>\r\n                                        <h5><a href=\"https:\/\/ntpark.me\/en\/news\/eudatathon\/\">EUDATATHON 2020<\/a><\/h5>\r\n                                    <\/div>\r\n                                <\/div>\r\n                            <\/div>\r\n                        \r\n                            <!-- News Block Ten -->\r\n                            <div class=\"news-block-ten col-lg-4 col-md-6 col-sm-12\">\r\n                                <div class=\"inner-box wow fadeInRight\" data-wow-delay=\"0ms\" data-wow-duration=\"1500ms\">\r\n                                    <div class=\"image\">\r\n                                        <a href=\"https:\/\/ntpark.me\/en\/news\/hitan-poziv-za-startupove-sa-rjesenjima-za-corona-virus\/\"><img loading=\"lazy\" decoding=\"async\" width=\"1024\" height=\"683\" src=\"https:\/\/ntpark.me\/wp-content\/uploads\/2020\/03\/waldemar-brandt-wRAHbIziQfg-unsplash-1024x683-1.jpg\" class=\"attachment-full size-full\" alt=\"\" srcset=\"https:\/\/ntpark.me\/wp-content\/uploads\/2020\/03\/waldemar-brandt-wRAHbIziQfg-unsplash-1024x683-1.jpg 1024w, https:\/\/ntpark.me\/wp-content\/uploads\/2020\/03\/waldemar-brandt-wRAHbIziQfg-unsplash-1024x683-1-300x200.jpg 300w, https:\/\/ntpark.me\/wp-content\/uploads\/2020\/03\/waldemar-brandt-wRAHbIziQfg-unsplash-1024x683-1-768x512.jpg 768w, https:\/\/ntpark.me\/wp-content\/uploads\/2020\/03\/waldemar-brandt-wRAHbIziQfg-unsplash-1024x683-1-600x400.jpg 600w, https:\/\/ntpark.me\/wp-content\/uploads\/2020\/03\/waldemar-brandt-wRAHbIziQfg-unsplash-1024x683-1-200x132.jpg 200w\" sizes=\"(max-width: 1024px) 100vw, 1024px\" \/><\/a>\r\n                                    <\/div>\r\n                                    <div class=\"lower-content\">\r\n                                        <ul class=\"post-meta\">\r\n                                            <li><span class=\"icon fal fa-user-alt\"><\/span>bildwpntpark<\/li>\r\n                                            <li><span class=\"icon fal fa-calendar-alt\"><\/span>Mar 16, 2020<\/li>\r\n                                        <\/ul>\r\n                                        <h5><a href=\"https:\/\/ntpark.me\/en\/news\/hitan-poziv-za-startupove-sa-rjesenjima-za-corona-virus\/\">Urgent Call for Startups with Solutions for the Coronavirus<\/a><\/h5>\r\n                                    <\/div>\r\n                                <\/div>\r\n                            <\/div>\r\n                        \r\n\r\n\r\n                                    <\/div>\r\n\r\n                <div class=\"pagination-wrapper-center-box\">\r\n                    <div class=\"pagination-wrapper\">\r\n\r\n                        \r\n                                            <\/div>\r\n                <\/div>\r\n\r\n            <\/div>\r\n        <\/section>\r\n        <!-- End News Section Ten -->\r\n\t\t<\/div>\n\t\t\t\t<\/div>\n\t\t\t\t<section data-particle_enable=\"false\" data-particle-mobile-disabled=\"false\" class=\"elementor-section elementor-inner-section elementor-element elementor-element-fc2ed50 elementor-section-full_width elementor-hidden-desktop elementor-hidden-tablet elementor-hidden-mobile elementor-section-height-default elementor-section-height-default\" data-id=\"fc2ed50\" data-element_type=\"section\">\n\t\t\t\t\t\t<div class=\"elementor-container elementor-column-gap-custom\">\n\t\t\t\t\t<div class=\"elementor-column elementor-col-33 elementor-inner-column elementor-element elementor-element-76ed0de\" data-id=\"76ed0de\" data-element_type=\"column\">\n\t\t\t<div class=\"elementor-widget-wrap elementor-element-populated\">\n\t\t\t\t\t\t<div class=\"elementor-element elementor-element-c5a3323 elementor-widget elementor-widget-post_list elh-el post_list\" data-id=\"c5a3323\" data-element_type=\"widget\" data-settings=\"{&quot;design_style&quot;:&quot;style_1&quot;}\" data-widget_type=\"post_list.default\">\n\t\t\t\t<div class=\"elementor-widget-container\">\n\t\t\tNo  post Found        \t\t<\/div>\n\t\t\t\t<\/div>\n\t\t\t\t\t<\/div>\n\t\t<\/div>\n\t\t\t\t<div class=\"elementor-column elementor-col-33 elementor-inner-column elementor-element elementor-element-64f5e82\" data-id=\"64f5e82\" data-element_type=\"column\">\n\t\t\t<div class=\"elementor-widget-wrap elementor-element-populated\">\n\t\t\t\t\t\t<div class=\"elementor-element elementor-element-3be93b6 elementor-widget elementor-widget-post_list elh-el post_list\" data-id=\"3be93b6\" data-element_type=\"widget\" data-settings=\"{&quot;design_style&quot;:&quot;style_1&quot;}\" data-widget_type=\"post_list.default\">\n\t\t\t\t<div class=\"elementor-widget-container\">\n\t\t\t            \n        <div class=\"pr-blog-inner-item\">\n                        <div class=\"pr-blog-img-item\">\n                <a href=\"https:\/\/ntpark.me\/en\/projects\/b-blue\/\">\n                    <img loading=\"lazy\" decoding=\"async\" width=\"360\" height=\"250\" src=\"https:\/\/ntpark.me\/wp-content\/uploads\/2021\/08\/inter.png\" class=\"attachment-full size-full wp-post-image\" alt=\"\" srcset=\"https:\/\/ntpark.me\/wp-content\/uploads\/2021\/08\/inter.png 360w, https:\/\/ntpark.me\/wp-content\/uploads\/2021\/08\/inter-300x208.png 300w\" sizes=\"(max-width: 360px) 100vw, 360px\" \/>                <\/a>\n            <\/div>\n                        <div class=\"pr-blog-text-item headline pera-content\">\n                                <div class=\"item-meta\">\n                    <a href=\"https:\/\/ntpark.me\/en\/projects\/b-blue\/\">\n                        <i class=\"fal fa-calendar-alt\"><\/i> Mar 16, 2020                    <\/a>\n                <\/div>\n                                                <h3>\n                    <a href=\"https:\/\/ntpark.me\/en\/projects\/b-blue\/\">\n                        B-Blue                    <\/a>\n                <\/h3>\n                                <p>The time for sustainability is now while got a everyone is looking for companies ...<\/p>\n                                                <div class=\"item-author-meta d-flex justify-content-between align-items-center\">\n                                        <div class=\"b-item-img\">\n                        <img alt='' src='https:\/\/secure.gravatar.com\/avatar\/097519bf71c2aa257209c73a8c71329229598f1734827bb07006f7972423e2f9?s=35&#038;d=mm&#038;r=g' srcset='https:\/\/secure.gravatar.com\/avatar\/097519bf71c2aa257209c73a8c71329229598f1734827bb07006f7972423e2f9?s=70&#038;d=mm&#038;r=g 2x' class='avatar avatar-35 photo media-object img-circle' height='35' width='35' \/>                        <a href=\"https:\/\/ntpark.me\/en\/author\/bildwpntpark\/\">\n                        bildwpntpark<\/a>\n                    <\/div>\n                                        <div class=\"pr-blog-more\">\n                        <a href=\"https:\/\/ntpark.me\/en\/projects\/b-blue\/\"> More Details <i class=\"fal fa-long-arrow-right\"><\/i><\/a>\n                    <\/div>\n                <\/div>\n            <\/div>\n        <\/div>\n\n        \n                    \t\t<\/div>\n\t\t\t\t<\/div>\n\t\t\t\t\t<\/div>\n\t\t<\/div>\n\t\t\t\t<div class=\"elementor-column elementor-col-33 elementor-inner-column elementor-element elementor-element-cce0fc8\" data-id=\"cce0fc8\" data-element_type=\"column\">\n\t\t\t<div class=\"elementor-widget-wrap elementor-element-populated\">\n\t\t\t\t\t\t<div class=\"elementor-element elementor-element-f1ae90e elementor-widget elementor-widget-post_list elh-el post_list\" data-id=\"f1ae90e\" data-element_type=\"widget\" data-settings=\"{&quot;design_style&quot;:&quot;style_1&quot;}\" data-widget_type=\"post_list.default\">\n\t\t\t\t<div class=\"elementor-widget-container\">\n\t\t\t            \n        <div class=\"pr-blog-inner-item\">\n                        <div class=\"pr-blog-img-item\">\n                <a href=\"https:\/\/ntpark.me\/en\/projects\/wbc-rri-net\/\">\n                    <img loading=\"lazy\" decoding=\"async\" width=\"360\" height=\"250\" src=\"https:\/\/ntpark.me\/wp-content\/uploads\/2021\/08\/wbc.png\" class=\"attachment-full size-full wp-post-image\" alt=\"\" srcset=\"https:\/\/ntpark.me\/wp-content\/uploads\/2021\/08\/wbc.png 360w, https:\/\/ntpark.me\/wp-content\/uploads\/2021\/08\/wbc-300x208.png 300w\" sizes=\"(max-width: 360px) 100vw, 360px\" \/>                <\/a>\n            <\/div>\n                        <div class=\"pr-blog-text-item headline pera-content\">\n                                <div class=\"item-meta\">\n                    <a href=\"https:\/\/ntpark.me\/en\/projects\/wbc-rri-net\/\">\n                        <i class=\"fal fa-calendar-alt\"><\/i> Mar 16, 2020                    <\/a>\n                <\/div>\n                                                <h3>\n                    <a href=\"https:\/\/ntpark.me\/en\/projects\/wbc-rri-net\/\">\n                        WBC RRI.NET                    <\/a>\n                <\/h3>\n                                <p>The time for sustainability is now while got a everyone is looking for companies ...<\/p>\n                                                <div class=\"item-author-meta d-flex justify-content-between align-items-center\">\n                                        <div class=\"b-item-img\">\n                        <img alt='' src='https:\/\/secure.gravatar.com\/avatar\/097519bf71c2aa257209c73a8c71329229598f1734827bb07006f7972423e2f9?s=35&#038;d=mm&#038;r=g' srcset='https:\/\/secure.gravatar.com\/avatar\/097519bf71c2aa257209c73a8c71329229598f1734827bb07006f7972423e2f9?s=70&#038;d=mm&#038;r=g 2x' class='avatar avatar-35 photo media-object img-circle' height='35' width='35' \/>                        <a href=\"https:\/\/ntpark.me\/en\/author\/bildwpntpark\/\">\n                        bildwpntpark<\/a>\n                    <\/div>\n                                        <div class=\"pr-blog-more\">\n                        <a href=\"https:\/\/ntpark.me\/en\/projects\/wbc-rri-net\/\"> More Details <i class=\"fal fa-long-arrow-right\"><\/i><\/a>\n                    <\/div>\n                <\/div>\n            <\/div>\n        <\/div>\n\n        \n                    \t\t<\/div>\n\t\t\t\t<\/div>\n\t\t\t\t\t<\/div>\n\t\t<\/div>\n\t\t\t\t\t<\/div>\n\t\t<\/section>\n\t\t\t\t<section data-particle_enable=\"false\" data-particle-mobile-disabled=\"false\" class=\"elementor-section elementor-inner-section elementor-element elementor-element-18514af elementor-section-full_width elementor-hidden-desktop elementor-hidden-tablet elementor-hidden-mobile elementor-section-height-default elementor-section-height-default\" data-id=\"18514af\" data-element_type=\"section\">\n\t\t\t\t\t\t<div class=\"elementor-container elementor-column-gap-custom\">\n\t\t\t\t\t<div class=\"elementor-column elementor-col-33 elementor-inner-column elementor-element elementor-element-0acf290\" data-id=\"0acf290\" data-element_type=\"column\">\n\t\t\t<div class=\"elementor-widget-wrap elementor-element-populated\">\n\t\t\t\t\t\t<div class=\"elementor-element elementor-element-2db46c7 elementor-widget elementor-widget-post_list elh-el post_list\" data-id=\"2db46c7\" data-element_type=\"widget\" data-settings=\"{&quot;design_style&quot;:&quot;style_1&quot;}\" data-widget_type=\"post_list.default\">\n\t\t\t\t<div class=\"elementor-widget-container\">\n\t\t\t            \n        <div class=\"pr-blog-inner-item\">\n                        <div class=\"pr-blog-img-item\">\n                <a href=\"https:\/\/ntpark.me\/en\/projects\/policy-answers\/\">\n                    <img loading=\"lazy\" decoding=\"async\" width=\"588\" height=\"522\" src=\"https:\/\/ntpark.me\/wp-content\/uploads\/2024\/06\/PolicyFinal.jpg\" class=\"attachment-full size-full wp-post-image\" alt=\"\" srcset=\"https:\/\/ntpark.me\/wp-content\/uploads\/2024\/06\/PolicyFinal.jpg 588w, https:\/\/ntpark.me\/wp-content\/uploads\/2024\/06\/PolicyFinal-300x266.jpg 300w\" sizes=\"(max-width: 588px) 100vw, 588px\" \/>                <\/a>\n            <\/div>\n                        <div class=\"pr-blog-text-item headline pera-content\">\n                                <div class=\"item-meta\">\n                    <a href=\"https:\/\/ntpark.me\/en\/projects\/policy-answers\/\">\n                        <i class=\"fal fa-calendar-alt\"><\/i> Mar 16, 2020                    <\/a>\n                <\/div>\n                                                <h3>\n                    <a href=\"https:\/\/ntpark.me\/en\/projects\/policy-answers\/\">\n                        POLICY ANSWERS                    <\/a>\n                <\/h3>\n                                <p>The time for sustainability is now while got a everyone is looking for companies ...<\/p>\n                                                <div class=\"item-author-meta d-flex justify-content-between align-items-center\">\n                                        <div class=\"b-item-img\">\n                        <img alt='' src='https:\/\/secure.gravatar.com\/avatar\/097519bf71c2aa257209c73a8c71329229598f1734827bb07006f7972423e2f9?s=35&#038;d=mm&#038;r=g' srcset='https:\/\/secure.gravatar.com\/avatar\/097519bf71c2aa257209c73a8c71329229598f1734827bb07006f7972423e2f9?s=70&#038;d=mm&#038;r=g 2x' class='avatar avatar-35 photo media-object img-circle' height='35' width='35' \/>                        <a href=\"https:\/\/ntpark.me\/en\/author\/bildwpntpark\/\">\n                        bildwpntpark<\/a>\n                    <\/div>\n                                        <div class=\"pr-blog-more\">\n                        <a href=\"https:\/\/ntpark.me\/en\/projects\/policy-answers\/\"> More Details <i class=\"fal fa-long-arrow-right\"><\/i><\/a>\n                    <\/div>\n                <\/div>\n            <\/div>\n        <\/div>\n\n        \n                    \t\t<\/div>\n\t\t\t\t<\/div>\n\t\t\t\t\t<\/div>\n\t\t<\/div>\n\t\t\t\t<div class=\"elementor-column elementor-col-33 elementor-inner-column elementor-element elementor-element-6260068\" data-id=\"6260068\" data-element_type=\"column\">\n\t\t\t<div class=\"elementor-widget-wrap elementor-element-populated\">\n\t\t\t\t\t\t<div class=\"elementor-element elementor-element-3c7a5ae elementor-widget elementor-widget-post_list elh-el post_list\" data-id=\"3c7a5ae\" data-element_type=\"widget\" data-settings=\"{&quot;design_style&quot;:&quot;style_1&quot;}\" data-widget_type=\"post_list.default\">\n\t\t\t\t<div class=\"elementor-widget-container\">\n\t\t\tNo  post Found        \t\t<\/div>\n\t\t\t\t<\/div>\n\t\t\t\t\t<\/div>\n\t\t<\/div>\n\t\t\t\t<div class=\"elementor-column elementor-col-33 elementor-inner-column elementor-element elementor-element-7fd2a44\" data-id=\"7fd2a44\" data-element_type=\"column\">\n\t\t\t<div class=\"elementor-widget-wrap elementor-element-populated\">\n\t\t\t\t\t\t<div class=\"elementor-element elementor-element-3c4750f elementor-widget elementor-widget-post_list elh-el post_list\" data-id=\"3c4750f\" data-element_type=\"widget\" data-settings=\"{&quot;design_style&quot;:&quot;style_1&quot;}\" data-widget_type=\"post_list.default\">\n\t\t\t\t<div class=\"elementor-widget-container\">\n\t\t\tNo  post Found        \t\t<\/div>\n\t\t\t\t<\/div>\n\t\t\t\t\t<\/div>\n\t\t<\/div>\n\t\t\t\t\t<\/div>\n\t\t<\/section>\n\t\t\t\t\t<\/div>\n\t\t<\/div>\n\t\t\t\t\t<\/div>\n\t\t<\/section>\n\t\t\t\t<\/div>\n\t\t","protected":false},"excerpt":{"rendered":"<p>Latest news Follow the updates of Science and Technology Park editor Jun 11, 2024 Grand Opening of the Science and Technology Park of Montenegro editor Jun 04, 2024<\/p>\n","protected":false},"author":1,"featured_media":0,"parent":0,"menu_order":0,"comment_status":"closed","ping_status":"closed","template":"","meta":{"_acf_changed":false,"cybocfi_hide_featured_image":"","footnotes":""},"class_list":["post-5837","page","type-page","status-publish","hentry"],"acf":[],"aioseo_notices":[],"_links":{"self":[{"href":"https:\/\/ntpark.me\/en\/wp-json\/wp\/v2\/pages\/5837","targetHints":{"allow":["GET"]}}],"collection":[{"href":"https:\/\/ntpark.me\/en\/wp-json\/wp\/v2\/pages"}],"about":[{"href":"https:\/\/ntpark.me\/en\/wp-json\/wp\/v2\/types\/page"}],"author":[{"embeddable":true,"href":"https:\/\/ntpark.me\/en\/wp-json\/wp\/v2\/users\/1"}],"replies":[{"embeddable":true,"href":"https:\/\/ntpark.me\/en\/wp-json\/wp\/v2\/comments?post=5837"}],"version-history":[{"count":0,"href":"https:\/\/ntpark.me\/en\/wp-json\/wp\/v2\/pages\/5837\/revisions"}],"wp:attachment":[{"href":"https:\/\/ntpark.me\/en\/wp-json\/wp\/v2\/media?parent=5837"}],"curies":[{"name":"wp","href":"https:\/\/api.w.org\/{rel}","templated":true}]}}